{"id":10503,"date":"2022-02-02T10:37:32","date_gmt":"2022-02-02T09:37:32","guid":{"rendered":"https:\/\/telemme.mmsh.fr\/?post_type=tribe_events&#038;p=10503"},"modified":"2022-02-02T10:37:32","modified_gmt":"2022-02-02T09:37:32","slug":"anachroniques-critiques-de-la-modernite-visuelle","status":"publish","type":"tribe_events","link":"https:\/\/telemme.mmsh.fr\/?tribe_events=anachroniques-critiques-de-la-modernite-visuelle","title":{"rendered":"[Anachroniques] Critiques de la modernit\u00e9 visuelle"},"content":{"rendered":"<div class=\"\">Saviez-vous que si quelqu\u2019un passait 80 ans de sa vie sans dormir \u00e0 visionner Instagram, il ne pourrait voir que l\u2019\u00e9quivalent de ce qui est diffus\u00e9 sur la plateforme en sept minutes?<\/div>\n<div class=\"\"><\/div>\n<div class=\"\">La vie moderne a boulevers\u00e9 nos sens. Le progr\u00e8s technique, la vie urbaine, le consum\u00e9risme ont sollicit\u00e9 la vue comme jamais auparavant. Aujourd\u2019hui, la multiplication infinie des images dans notre vie quotidienne, faisant de chaque individu un producteur et un consommateur d\u2019images, semble ouvrir un nouveau chapitre dans la longue histoire des liens entre modernit\u00e9 et culture visuelle. Quel sens donner \u00e0 ce changement? S\u2019agit-il d\u2019une nouvelle r\u00e9volution des technologies de l\u2019information, comparable \u00e0 l\u2019imprimerie, \u00e0 la photographie ou au cin\u00e9ma? S\u2019agit-il de l\u2019acc\u00e9l\u00e9ration des changements li\u00e9s \u00e0 la reproductibilit\u00e9 des images initi\u00e9e au XIXe si\u00e8cle? Ou bien, plus fondamentalement, sommes-nous face \u00e0 une transformation radicale du statut de l\u2019image qui, brouillant la fronti\u00e8re entre fiction et r\u00e9alit\u00e9, participe d\u2019un nouveau r\u00e9gime de la visibilit\u00e9?<\/div>\n<div><\/div>\n<div><a href=\"https:\/\/telemme.mmsh.fr\/?evenement=anachroniques-critiques-de-la-modernite-visuelle\"><strong>Programme complet<\/strong><\/a><\/div>\n","protected":false},"excerpt":{"rendered":"<p>Saviez-vous que si quelqu\u2019un passait 80 ans de sa vie sans dormir \u00e0 visionner Instagram, il ne pourrait voir que l\u2019\u00e9quivalent de ce qui est diffus\u00e9 sur la plateforme en&hellip;&nbsp;<a href=\"https:\/\/telemme.mmsh.fr\/?tribe_events=anachroniques-critiques-de-la-modernite-visuelle\" rel=\"bookmark\">Lire la suite &raquo;<span class=\"screen-reader-text\">[Anachroniques] Critiques de la modernit\u00e9 visuelle<\/span><\/a><\/p>\n","protected":false},"author":6,"featured_media":10488,"template":"","meta":{"neve_meta_sidebar":"","neve_meta_container":"","neve_meta_enable_content_width":"","neve_meta_content_width":0,"neve_meta_title_alignment":"","neve_meta_author_avatar":"","neve_post_elements_order":"","neve_meta_disable_header":"","neve_meta_disable_footer":"","neve_meta_disable_title":"","_tribe_events_status":"","_tribe_events_status_reason":"","footnotes":""},"tags":[],"tribe_events_cat":[2387],"class_list":["post-10503","tribe_events","type-tribe_events","status-publish","has-post-thumbnail","hentry","tribe_events_cat-seminaire-anachroniques","cat_seminaire-anachroniques","tribe-ext-events-control-list-event--live"],"yoast_head":"<!-- This site is optimized with the Yoast SEO plugin v27.4 - https:\/\/yoast.com\/product\/yoast-seo-wordpress\/ -->\n<title>[Anachroniques] Critiques de la modernit\u00e9 visuelle - TELEMMe - Temps, espaces, langages, Europe m\u00e9ridionale, M\u00e9diterran\u00e9e<\/title>\n<meta name=\"robots\" content=\"index, follow, max-snippet:-1, max-image-preview:large, max-video-preview:-1\" \/>\n<link rel=\"canonical\" href=\"https:\/\/telemme.mmsh.fr\/?tribe_events=anachroniques-critiques-de-la-modernite-visuelle\" \/>\n<meta property=\"og:locale\" content=\"fr_FR\" \/>\n<meta property=\"og:type\" content=\"article\" \/>\n<meta property=\"og:title\" content=\"[Anachroniques] Critiques de la modernit\u00e9 visuelle - TELEMMe - Temps, espaces, langages, Europe m\u00e9ridionale, M\u00e9diterran\u00e9e\" \/>\n<meta property=\"og:description\" content=\"Saviez-vous que si quelqu\u2019un passait 80 ans de sa vie sans dormir \u00e0 visionner Instagram, il ne pourrait voir que l\u2019\u00e9quivalent de ce qui est diffus\u00e9 sur la plateforme en&hellip;&nbsp;Lire la suite &raquo;[Anachroniques] Critiques de la modernit\u00e9 visuelle\" \/>\n<meta property=\"og:url\" content=\"https:\/\/telemme.mmsh.fr\/?tribe_events=anachroniques-critiques-de-la-modernite-visuelle\" \/>\n<meta property=\"og:site_name\" content=\"TELEMMe - Temps, espaces, langages, Europe m\u00e9ridionale, M\u00e9diterran\u00e9e\" \/>\n<meta property=\"og:image\" content=\"https:\/\/telemme.mmsh.fr\/wp-content\/uploads\/2022\/01\/Anachroniques_Saison6_carre.jpg\" \/>\n\t<meta property=\"og:image:width\" content=\"1773\" \/>\n\t<meta property=\"og:image:height\" content=\"1434\" \/>\n\t<meta property=\"og:image:type\" content=\"image\/jpeg\" \/>\n<meta name=\"twitter:card\" content=\"summary_large_image\" \/>\n<meta name=\"twitter:label1\" content=\"Dur\u00e9e de lecture estim\u00e9e\" \/>\n\t<meta name=\"twitter:data1\" content=\"1 minute\" \/>\n<script type=\"application\/ld+json\" class=\"yoast-schema-graph\">{\"@context\":\"https:\\\/\\\/schema.org\",\"@graph\":[{\"@type\":\"WebPage\",\"@id\":\"https:\\\/\\\/telemme.mmsh.fr\\\/?tribe_events=anachroniques-critiques-de-la-modernite-visuelle\",\"url\":\"https:\\\/\\\/telemme.mmsh.fr\\\/?tribe_events=anachroniques-critiques-de-la-modernite-visuelle\",\"name\":\"[Anachroniques] Critiques de la modernit\u00e9 visuelle - TELEMMe - Temps, espaces, langages, Europe m\u00e9ridionale, M\u00e9diterran\u00e9e\",\"isPartOf\":{\"@id\":\"https:\\\/\\\/telemme.mmsh.fr\\\/#website\"},\"primaryImageOfPage\":{\"@id\":\"https:\\\/\\\/telemme.mmsh.fr\\\/?tribe_events=anachroniques-critiques-de-la-modernite-visuelle#primaryimage\"},\"image\":{\"@id\":\"https:\\\/\\\/telemme.mmsh.fr\\\/?tribe_events=anachroniques-critiques-de-la-modernite-visuelle#primaryimage\"},\"thumbnailUrl\":\"https:\\\/\\\/telemme.mmsh.fr\\\/wp-content\\\/uploads\\\/2022\\\/01\\\/Anachroniques_Saison6_carre.jpg\",\"datePublished\":\"2022-02-02T09:37:32+00:00\",\"breadcrumb\":{\"@id\":\"https:\\\/\\\/telemme.mmsh.fr\\\/?tribe_events=anachroniques-critiques-de-la-modernite-visuelle#breadcrumb\"},\"inLanguage\":\"fr-FR\",\"potentialAction\":[{\"@type\":\"ReadAction\",\"target\":[\"https:\\\/\\\/telemme.mmsh.fr\\\/?tribe_events=anachroniques-critiques-de-la-modernite-visuelle\"]}]},{\"@type\":\"ImageObject\",\"inLanguage\":\"fr-FR\",\"@id\":\"https:\\\/\\\/telemme.mmsh.fr\\\/?tribe_events=anachroniques-critiques-de-la-modernite-visuelle#primaryimage\",\"url\":\"https:\\\/\\\/telemme.mmsh.fr\\\/wp-content\\\/uploads\\\/2022\\\/01\\\/Anachroniques_Saison6_carre.jpg\",\"contentUrl\":\"https:\\\/\\\/telemme.mmsh.fr\\\/wp-content\\\/uploads\\\/2022\\\/01\\\/Anachroniques_Saison6_carre.jpg\",\"width\":1773,\"height\":1434,\"caption\":\"Affiche du s\u00e9minaire Anachroniques, saison 6\"},{\"@type\":\"BreadcrumbList\",\"@id\":\"https:\\\/\\\/telemme.mmsh.fr\\\/?tribe_events=anachroniques-critiques-de-la-modernite-visuelle#breadcrumb\",\"itemListElement\":[{\"@type\":\"ListItem\",\"position\":1,\"name\":\"Accueil\",\"item\":\"https:\\\/\\\/telemme.mmsh.fr\\\/\"},{\"@type\":\"ListItem\",\"position\":2,\"name\":\"\u00c9v\u00e8nements\",\"item\":\"https:\\\/\\\/telemme.mmsh.fr\\\/?post_type=tribe_events\"},{\"@type\":\"ListItem\",\"position\":3,\"name\":\"S\u00e9minaire interlaboratoire\",\"item\":\"https:\\\/\\\/telemme.mmsh.fr\\\/?tribe_events_cat=seminaire-interlaboratoire\"},{\"@type\":\"ListItem\",\"position\":4,\"name\":\"S\u00e9minaire \\\"Anachroniques\\\"\",\"item\":\"https:\\\/\\\/telemme.mmsh.fr\\\/?tribe_events_cat=seminaire-anachroniques\"},{\"@type\":\"ListItem\",\"position\":5,\"name\":\"[Anachroniques] Critiques de la modernit\u00e9 visuelle\"}]},{\"@type\":\"WebSite\",\"@id\":\"https:\\\/\\\/telemme.mmsh.fr\\\/#website\",\"url\":\"https:\\\/\\\/telemme.mmsh.fr\\\/\",\"name\":\"TELEMMe - Temps, espaces, langages, Europe m\u00e9ridionale, M\u00e9diterran\u00e9e\",\"description\":\"\",\"publisher\":{\"@id\":\"https:\\\/\\\/telemme.mmsh.fr\\\/#organization\"},\"potentialAction\":[{\"@type\":\"SearchAction\",\"target\":{\"@type\":\"EntryPoint\",\"urlTemplate\":\"https:\\\/\\\/telemme.mmsh.fr\\\/?s={search_term_string}\"},\"query-input\":{\"@type\":\"PropertyValueSpecification\",\"valueRequired\":true,\"valueName\":\"search_term_string\"}}],\"inLanguage\":\"fr-FR\"},{\"@type\":\"Organization\",\"@id\":\"https:\\\/\\\/telemme.mmsh.fr\\\/#organization\",\"name\":\"TELEMMe\",\"url\":\"https:\\\/\\\/telemme.mmsh.fr\\\/\",\"logo\":{\"@type\":\"ImageObject\",\"inLanguage\":\"fr-FR\",\"@id\":\"https:\\\/\\\/telemme.mmsh.fr\\\/#\\\/schema\\\/logo\\\/image\\\/\",\"url\":\"https:\\\/\\\/telemme.mmsh.fr\\\/wp-content\\\/uploads\\\/2020\\\/03\\\/LogoTELEMMe-horizontal-fond-transparent.png\",\"contentUrl\":\"https:\\\/\\\/telemme.mmsh.fr\\\/wp-content\\\/uploads\\\/2020\\\/03\\\/LogoTELEMMe-horizontal-fond-transparent.png\",\"width\":1500,\"height\":437,\"caption\":\"TELEMMe\"},\"image\":{\"@id\":\"https:\\\/\\\/telemme.mmsh.fr\\\/#\\\/schema\\\/logo\\\/image\\\/\"}}]}<\/script>\n<!-- \/ Yoast SEO plugin. -->","yoast_head_json":{"title":"[Anachroniques] Critiques de la modernit\u00e9 visuelle - TELEMMe - Temps, espaces, langages, Europe m\u00e9ridionale, M\u00e9diterran\u00e9e","robots":{"index":"index","follow":"follow","max-snippet":"max-snippet:-1","max-image-preview":"max-image-preview:large","max-video-preview":"max-video-preview:-1"},"canonical":"https:\/\/telemme.mmsh.fr\/?tribe_events=anachroniques-critiques-de-la-modernite-visuelle","og_locale":"fr_FR","og_type":"article","og_title":"[Anachroniques] Critiques de la modernit\u00e9 visuelle - TELEMMe - Temps, espaces, langages, Europe m\u00e9ridionale, M\u00e9diterran\u00e9e","og_description":"Saviez-vous que si quelqu\u2019un passait 80 ans de sa vie sans dormir \u00e0 visionner Instagram, il ne pourrait voir que l\u2019\u00e9quivalent de ce qui est diffus\u00e9 sur la plateforme en&hellip;&nbsp;Lire la suite &raquo;[Anachroniques] Critiques de la modernit\u00e9 visuelle","og_url":"https:\/\/telemme.mmsh.fr\/?tribe_events=anachroniques-critiques-de-la-modernite-visuelle","og_site_name":"TELEMMe - Temps, espaces, langages, Europe m\u00e9ridionale, M\u00e9diterran\u00e9e","og_image":[{"width":1773,"height":1434,"url":"https:\/\/telemme.mmsh.fr\/wp-content\/uploads\/2022\/01\/Anachroniques_Saison6_carre.jpg","type":"image\/jpeg"}],"twitter_card":"summary_large_image","twitter_misc":{"Dur\u00e9e de lecture estim\u00e9e":"1 minute"},"schema":{"@context":"https:\/\/schema.org","@graph":[{"@type":"WebPage","@id":"https:\/\/telemme.mmsh.fr\/?tribe_events=anachroniques-critiques-de-la-modernite-visuelle","url":"https:\/\/telemme.mmsh.fr\/?tribe_events=anachroniques-critiques-de-la-modernite-visuelle","name":"[Anachroniques] Critiques de la modernit\u00e9 visuelle - TELEMMe - Temps, espaces, langages, Europe m\u00e9ridionale, M\u00e9diterran\u00e9e","isPartOf":{"@id":"https:\/\/telemme.mmsh.fr\/#website"},"primaryImageOfPage":{"@id":"https:\/\/telemme.mmsh.fr\/?tribe_events=anachroniques-critiques-de-la-modernite-visuelle#primaryimage"},"image":{"@id":"https:\/\/telemme.mmsh.fr\/?tribe_events=anachroniques-critiques-de-la-modernite-visuelle#primaryimage"},"thumbnailUrl":"https:\/\/telemme.mmsh.fr\/wp-content\/uploads\/2022\/01\/Anachroniques_Saison6_carre.jpg","datePublished":"2022-02-02T09:37:32+00:00","breadcrumb":{"@id":"https:\/\/telemme.mmsh.fr\/?tribe_events=anachroniques-critiques-de-la-modernite-visuelle#breadcrumb"},"inLanguage":"fr-FR","potentialAction":[{"@type":"ReadAction","target":["https:\/\/telemme.mmsh.fr\/?tribe_events=anachroniques-critiques-de-la-modernite-visuelle"]}]},{"@type":"ImageObject","inLanguage":"fr-FR","@id":"https:\/\/telemme.mmsh.fr\/?tribe_events=anachroniques-critiques-de-la-modernite-visuelle#primaryimage","url":"https:\/\/telemme.mmsh.fr\/wp-content\/uploads\/2022\/01\/Anachroniques_Saison6_carre.jpg","contentUrl":"https:\/\/telemme.mmsh.fr\/wp-content\/uploads\/2022\/01\/Anachroniques_Saison6_carre.jpg","width":1773,"height":1434,"caption":"Affiche du s\u00e9minaire Anachroniques, saison 6"},{"@type":"BreadcrumbList","@id":"https:\/\/telemme.mmsh.fr\/?tribe_events=anachroniques-critiques-de-la-modernite-visuelle#breadcrumb","itemListElement":[{"@type":"ListItem","position":1,"name":"Accueil","item":"https:\/\/telemme.mmsh.fr\/"},{"@type":"ListItem","position":2,"name":"\u00c9v\u00e8nements","item":"https:\/\/telemme.mmsh.fr\/?post_type=tribe_events"},{"@type":"ListItem","position":3,"name":"S\u00e9minaire interlaboratoire","item":"https:\/\/telemme.mmsh.fr\/?tribe_events_cat=seminaire-interlaboratoire"},{"@type":"ListItem","position":4,"name":"S\u00e9minaire \"Anachroniques\"","item":"https:\/\/telemme.mmsh.fr\/?tribe_events_cat=seminaire-anachroniques"},{"@type":"ListItem","position":5,"name":"[Anachroniques] Critiques de la modernit\u00e9 visuelle"}]},{"@type":"WebSite","@id":"https:\/\/telemme.mmsh.fr\/#website","url":"https:\/\/telemme.mmsh.fr\/","name":"TELEMMe - Temps, espaces, langages, Europe m\u00e9ridionale, M\u00e9diterran\u00e9e","description":"","publisher":{"@id":"https:\/\/telemme.mmsh.fr\/#organization"},"potentialAction":[{"@type":"SearchAction","target":{"@type":"EntryPoint","urlTemplate":"https:\/\/telemme.mmsh.fr\/?s={search_term_string}"},"query-input":{"@type":"PropertyValueSpecification","valueRequired":true,"valueName":"search_term_string"}}],"inLanguage":"fr-FR"},{"@type":"Organization","@id":"https:\/\/telemme.mmsh.fr\/#organization","name":"TELEMMe","url":"https:\/\/telemme.mmsh.fr\/","logo":{"@type":"ImageObject","inLanguage":"fr-FR","@id":"https:\/\/telemme.mmsh.fr\/#\/schema\/logo\/image\/","url":"https:\/\/telemme.mmsh.fr\/wp-content\/uploads\/2020\/03\/LogoTELEMMe-horizontal-fond-transparent.png","contentUrl":"https:\/\/telemme.mmsh.fr\/wp-content\/uploads\/2020\/03\/LogoTELEMMe-horizontal-fond-transparent.png","width":1500,"height":437,"caption":"TELEMMe"},"image":{"@id":"https:\/\/telemme.mmsh.fr\/#\/schema\/logo\/image\/"}}]}},"_links":{"self":[{"href":"https:\/\/telemme.mmsh.fr\/index.php?rest_route=\/wp\/v2\/tribe_events\/10503","targetHints":{"allow":["GET"]}}],"collection":[{"href":"https:\/\/telemme.mmsh.fr\/index.php?rest_route=\/wp\/v2\/tribe_events"}],"about":[{"href":"https:\/\/telemme.mmsh.fr\/index.php?rest_route=\/wp\/v2\/types\/tribe_events"}],"author":[{"embeddable":true,"href":"https:\/\/telemme.mmsh.fr\/index.php?rest_route=\/wp\/v2\/users\/6"}],"version-history":[{"count":1,"href":"https:\/\/telemme.mmsh.fr\/index.php?rest_route=\/wp\/v2\/tribe_events\/10503\/revisions"}],"predecessor-version":[{"id":10504,"href":"https:\/\/telemme.mmsh.fr\/index.php?rest_route=\/wp\/v2\/tribe_events\/10503\/revisions\/10504"}],"wp:featuredmedia":[{"embeddable":true,"href":"https:\/\/telemme.mmsh.fr\/index.php?rest_route=\/wp\/v2\/media\/10488"}],"wp:attachment":[{"href":"https:\/\/telemme.mmsh.fr\/index.php?rest_route=%2Fwp%2Fv2%2Fmedia&parent=10503"}],"wp:term":[{"taxonomy":"post_tag","embeddable":true,"href":"https:\/\/telemme.mmsh.fr\/index.php?rest_route=%2Fwp%2Fv2%2Ftags&post=10503"},{"taxonomy":"tribe_events_cat","embeddable":true,"href":"https:\/\/telemme.mmsh.fr\/index.php?rest_route=%2Fwp%2Fv2%2Ftribe_events_cat&post=10503"}],"curies":[{"name":"wp","href":"https:\/\/api.w.org\/{rel}","templated":true}]}}