{"id":10489,"date":"2022-01-28T16:29:27","date_gmt":"2022-01-28T15:29:27","guid":{"rendered":"https:\/\/telemme.mmsh.fr\/?post_type=tribe_events&#038;p=10489"},"modified":"2022-01-28T16:29:27","modified_gmt":"2022-01-28T15:29:27","slug":"anachroniques-parler-avec-les-morts","status":"publish","type":"tribe_events","link":"https:\/\/telemme.mmsh.fr\/?tribe_events=anachroniques-parler-avec-les-morts","title":{"rendered":"[Anachroniques] Parler avec les morts"},"content":{"rendered":"<p>Les morts sont encombrants. Ils prennent de la place, ils nous parlent, ils r\u00e9clament des soins, ils veulent continuer \u00e0 vivre \u00e0 travers nous, ils veulent qu\u2019on termine ce qu\u2019ils n\u2019ont pas fini, ils nous parlent de justice quand on voudrait les ranger au rayon des souvenirs. C\u2019est parce que les morts sont remuants que les cur\u00e9s, les hygi\u00e9nistes, et les th\u00e9rapeutes s\u2019\u00e9vertuent depuis longtemps \u00e0 les r\u00e9duire au silence. Les historiens ne sont probablement pas en reste lorsqu\u2019ils s\u2019appliquent \u00e0 ranger et \u00e0 hi\u00e9rarchiser dans l\u2019ordre du discours la m\u00e9moire vive de nos d\u00e9funts. Que serait une vie o\u00f9 on resterait en dialogue avec les morts? Que serait une op\u00e9ration historiographique qui prendrait au s\u00e9rieux les fant\u00f4mes ?<\/p>\n<p><a href=\"https:\/\/telemme.mmsh.fr\/?evenement=anachroniques-parler-avec-les-morts\"><strong>Programme complet<\/strong><\/a><\/p>\n","protected":false},"excerpt":{"rendered":"<p>Les morts sont encombrants. Ils prennent de la place, ils nous parlent, ils r\u00e9clament des soins, ils veulent continuer \u00e0 vivre \u00e0 travers nous, ils veulent qu\u2019on termine ce qu\u2019ils&hellip;&nbsp;<a href=\"https:\/\/telemme.mmsh.fr\/?tribe_events=anachroniques-parler-avec-les-morts\" rel=\"bookmark\">Lire la suite &raquo;<span class=\"screen-reader-text\">[Anachroniques] Parler avec les morts<\/span><\/a><\/p>\n","protected":false},"author":6,"featured_media":10488,"template":"","meta":{"neve_meta_sidebar":"","neve_meta_container":"","neve_meta_enable_content_width":"","neve_meta_content_width":0,"neve_meta_title_alignment":"","neve_meta_author_avatar":"","neve_post_elements_order":"","neve_meta_disable_header":"","neve_meta_disable_footer":"","neve_meta_disable_title":"","_tribe_events_status":"","_tribe_events_status_reason":"","footnotes":""},"tags":[],"tribe_events_cat":[2387],"class_list":["post-10489","tribe_events","type-tribe_events","status-publish","has-post-thumbnail","hentry","tribe_events_cat-seminaire-anachroniques","cat_seminaire-anachroniques"],"yoast_head":"<!-- This site is optimized with the Yoast SEO plugin v27.4 - https:\/\/yoast.com\/product\/yoast-seo-wordpress\/ -->\n<title>[Anachroniques] Parler avec les morts - TELEMMe - Temps, espaces, langages, Europe m\u00e9ridionale, M\u00e9diterran\u00e9e<\/title>\n<meta name=\"description\" content=\"Les morts sont encombrants. Ils prennent de la place, ils nous parlent, ils r\u00e9clament des soins, ils veulent continuer \u00e0 vivre \u00e0 travers nous, ils veulent qu\u2019on termine ce qu\u2019ils n\u2019ont pas fini, ils nous parlent de justice quand on voudrait les ranger au rayon des souvenirs. C\u2019est parce que les morts sont remuants que les cur\u00e9s, les hygi\u00e9nistes, et les th\u00e9rapeutes s\u2019\u00e9vertuent depuis longtemps \u00e0 les r\u00e9duire au silence. Les historiens ne sont probablement pas en reste lorsqu\u2019ils s\u2019appliquent \u00e0 ranger et \u00e0 hi\u00e9rarchiser dans l\u2019ordre du discours la m\u00e9moire vive de nos d\u00e9funts. Que serait une vie o\u00f9 on resterait en dialogue avec les morts? Que serait une op\u00e9ration historiographique qui prendrait au s\u00e9rieux les fant\u00f4mes ?\" \/>\n<meta name=\"robots\" content=\"index, follow, max-snippet:-1, max-image-preview:large, max-video-preview:-1\" \/>\n<link rel=\"canonical\" href=\"https:\/\/telemme.mmsh.fr\/?tribe_events=anachroniques-parler-avec-les-morts\" \/>\n<meta property=\"og:locale\" content=\"fr_FR\" \/>\n<meta property=\"og:type\" content=\"article\" \/>\n<meta property=\"og:title\" content=\"[Anachroniques] Parler avec les morts - TELEMMe - Temps, espaces, langages, Europe m\u00e9ridionale, M\u00e9diterran\u00e9e\" \/>\n<meta property=\"og:description\" content=\"Les morts sont encombrants. Ils prennent de la place, ils nous parlent, ils r\u00e9clament des soins, ils veulent continuer \u00e0 vivre \u00e0 travers nous, ils veulent qu\u2019on termine ce qu\u2019ils n\u2019ont pas fini, ils nous parlent de justice quand on voudrait les ranger au rayon des souvenirs. C\u2019est parce que les morts sont remuants que les cur\u00e9s, les hygi\u00e9nistes, et les th\u00e9rapeutes s\u2019\u00e9vertuent depuis longtemps \u00e0 les r\u00e9duire au silence. Les historiens ne sont probablement pas en reste lorsqu\u2019ils s\u2019appliquent \u00e0 ranger et \u00e0 hi\u00e9rarchiser dans l\u2019ordre du discours la m\u00e9moire vive de nos d\u00e9funts. Que serait une vie o\u00f9 on resterait en dialogue avec les morts? Que serait une op\u00e9ration historiographique qui prendrait au s\u00e9rieux les fant\u00f4mes ?\" \/>\n<meta property=\"og:url\" content=\"https:\/\/telemme.mmsh.fr\/?tribe_events=anachroniques-parler-avec-les-morts\" \/>\n<meta property=\"og:site_name\" content=\"TELEMMe - Temps, espaces, langages, Europe m\u00e9ridionale, M\u00e9diterran\u00e9e\" \/>\n<meta property=\"og:image\" content=\"https:\/\/telemme.mmsh.fr\/wp-content\/uploads\/2022\/01\/Anachroniques_Saison6_carre.jpg\" \/>\n\t<meta property=\"og:image:width\" content=\"1773\" \/>\n\t<meta property=\"og:image:height\" content=\"1434\" \/>\n\t<meta property=\"og:image:type\" content=\"image\/jpeg\" \/>\n<meta name=\"twitter:card\" content=\"summary_large_image\" \/>\n<meta name=\"twitter:label1\" content=\"Dur\u00e9e de lecture estim\u00e9e\" \/>\n\t<meta name=\"twitter:data1\" content=\"1 minute\" \/>\n<script type=\"application\/ld+json\" class=\"yoast-schema-graph\">{\"@context\":\"https:\\\/\\\/schema.org\",\"@graph\":[{\"@type\":\"WebPage\",\"@id\":\"https:\\\/\\\/telemme.mmsh.fr\\\/?tribe_events=anachroniques-parler-avec-les-morts\",\"url\":\"https:\\\/\\\/telemme.mmsh.fr\\\/?tribe_events=anachroniques-parler-avec-les-morts\",\"name\":\"[Anachroniques] Parler avec les morts - TELEMMe - Temps, espaces, langages, Europe m\u00e9ridionale, M\u00e9diterran\u00e9e\",\"isPartOf\":{\"@id\":\"https:\\\/\\\/telemme.mmsh.fr\\\/#website\"},\"primaryImageOfPage\":{\"@id\":\"https:\\\/\\\/telemme.mmsh.fr\\\/?tribe_events=anachroniques-parler-avec-les-morts#primaryimage\"},\"image\":{\"@id\":\"https:\\\/\\\/telemme.mmsh.fr\\\/?tribe_events=anachroniques-parler-avec-les-morts#primaryimage\"},\"thumbnailUrl\":\"https:\\\/\\\/telemme.mmsh.fr\\\/wp-content\\\/uploads\\\/2022\\\/01\\\/Anachroniques_Saison6_carre.jpg\",\"datePublished\":\"2022-01-28T15:29:27+00:00\",\"description\":\"Les morts sont encombrants. Ils prennent de la place, ils nous parlent, ils r\u00e9clament des soins, ils veulent continuer \u00e0 vivre \u00e0 travers nous, ils veulent qu\u2019on termine ce qu\u2019ils n\u2019ont pas fini, ils nous parlent de justice quand on voudrait les ranger au rayon des souvenirs. C\u2019est parce que les morts sont remuants que les cur\u00e9s, les hygi\u00e9nistes, et les th\u00e9rapeutes s\u2019\u00e9vertuent depuis longtemps \u00e0 les r\u00e9duire au silence. Les historiens ne sont probablement pas en reste lorsqu\u2019ils s\u2019appliquent \u00e0 ranger et \u00e0 hi\u00e9rarchiser dans l\u2019ordre du discours la m\u00e9moire vive de nos d\u00e9funts. Que serait une vie o\u00f9 on resterait en dialogue avec les morts? Que serait une op\u00e9ration historiographique qui prendrait au s\u00e9rieux les fant\u00f4mes ?\",\"breadcrumb\":{\"@id\":\"https:\\\/\\\/telemme.mmsh.fr\\\/?tribe_events=anachroniques-parler-avec-les-morts#breadcrumb\"},\"inLanguage\":\"fr-FR\",\"potentialAction\":[{\"@type\":\"ReadAction\",\"target\":[\"https:\\\/\\\/telemme.mmsh.fr\\\/?tribe_events=anachroniques-parler-avec-les-morts\"]}]},{\"@type\":\"ImageObject\",\"inLanguage\":\"fr-FR\",\"@id\":\"https:\\\/\\\/telemme.mmsh.fr\\\/?tribe_events=anachroniques-parler-avec-les-morts#primaryimage\",\"url\":\"https:\\\/\\\/telemme.mmsh.fr\\\/wp-content\\\/uploads\\\/2022\\\/01\\\/Anachroniques_Saison6_carre.jpg\",\"contentUrl\":\"https:\\\/\\\/telemme.mmsh.fr\\\/wp-content\\\/uploads\\\/2022\\\/01\\\/Anachroniques_Saison6_carre.jpg\",\"width\":1773,\"height\":1434,\"caption\":\"Affiche du s\u00e9minaire Anachroniques, saison 6\"},{\"@type\":\"BreadcrumbList\",\"@id\":\"https:\\\/\\\/telemme.mmsh.fr\\\/?tribe_events=anachroniques-parler-avec-les-morts#breadcrumb\",\"itemListElement\":[{\"@type\":\"ListItem\",\"position\":1,\"name\":\"Accueil\",\"item\":\"https:\\\/\\\/telemme.mmsh.fr\\\/\"},{\"@type\":\"ListItem\",\"position\":2,\"name\":\"\u00c9v\u00e8nements\",\"item\":\"https:\\\/\\\/telemme.mmsh.fr\\\/?post_type=tribe_events\"},{\"@type\":\"ListItem\",\"position\":3,\"name\":\"S\u00e9minaire interlaboratoire\",\"item\":\"https:\\\/\\\/telemme.mmsh.fr\\\/?tribe_events_cat=seminaire-interlaboratoire\"},{\"@type\":\"ListItem\",\"position\":4,\"name\":\"S\u00e9minaire \\\"Anachroniques\\\"\",\"item\":\"https:\\\/\\\/telemme.mmsh.fr\\\/?tribe_events_cat=seminaire-anachroniques\"},{\"@type\":\"ListItem\",\"position\":5,\"name\":\"[Anachroniques] Parler avec les morts\"}]},{\"@type\":\"WebSite\",\"@id\":\"https:\\\/\\\/telemme.mmsh.fr\\\/#website\",\"url\":\"https:\\\/\\\/telemme.mmsh.fr\\\/\",\"name\":\"TELEMMe - Temps, espaces, langages, Europe m\u00e9ridionale, M\u00e9diterran\u00e9e\",\"description\":\"\",\"publisher\":{\"@id\":\"https:\\\/\\\/telemme.mmsh.fr\\\/#organization\"},\"potentialAction\":[{\"@type\":\"SearchAction\",\"target\":{\"@type\":\"EntryPoint\",\"urlTemplate\":\"https:\\\/\\\/telemme.mmsh.fr\\\/?s={search_term_string}\"},\"query-input\":{\"@type\":\"PropertyValueSpecification\",\"valueRequired\":true,\"valueName\":\"search_term_string\"}}],\"inLanguage\":\"fr-FR\"},{\"@type\":\"Organization\",\"@id\":\"https:\\\/\\\/telemme.mmsh.fr\\\/#organization\",\"name\":\"TELEMMe\",\"url\":\"https:\\\/\\\/telemme.mmsh.fr\\\/\",\"logo\":{\"@type\":\"ImageObject\",\"inLanguage\":\"fr-FR\",\"@id\":\"https:\\\/\\\/telemme.mmsh.fr\\\/#\\\/schema\\\/logo\\\/image\\\/\",\"url\":\"https:\\\/\\\/telemme.mmsh.fr\\\/wp-content\\\/uploads\\\/2020\\\/03\\\/LogoTELEMMe-horizontal-fond-transparent.png\",\"contentUrl\":\"https:\\\/\\\/telemme.mmsh.fr\\\/wp-content\\\/uploads\\\/2020\\\/03\\\/LogoTELEMMe-horizontal-fond-transparent.png\",\"width\":1500,\"height\":437,\"caption\":\"TELEMMe\"},\"image\":{\"@id\":\"https:\\\/\\\/telemme.mmsh.fr\\\/#\\\/schema\\\/logo\\\/image\\\/\"}}]}<\/script>\n<!-- \/ Yoast SEO plugin. -->","yoast_head_json":{"title":"[Anachroniques] Parler avec les morts - TELEMMe - Temps, espaces, langages, Europe m\u00e9ridionale, M\u00e9diterran\u00e9e","description":"Les morts sont encombrants. Ils prennent de la place, ils nous parlent, ils r\u00e9clament des soins, ils veulent continuer \u00e0 vivre \u00e0 travers nous, ils veulent qu\u2019on termine ce qu\u2019ils n\u2019ont pas fini, ils nous parlent de justice quand on voudrait les ranger au rayon des souvenirs. C\u2019est parce que les morts sont remuants que les cur\u00e9s, les hygi\u00e9nistes, et les th\u00e9rapeutes s\u2019\u00e9vertuent depuis longtemps \u00e0 les r\u00e9duire au silence. Les historiens ne sont probablement pas en reste lorsqu\u2019ils s\u2019appliquent \u00e0 ranger et \u00e0 hi\u00e9rarchiser dans l\u2019ordre du discours la m\u00e9moire vive de nos d\u00e9funts. Que serait une vie o\u00f9 on resterait en dialogue avec les morts? Que serait une op\u00e9ration historiographique qui prendrait au s\u00e9rieux les fant\u00f4mes ?","robots":{"index":"index","follow":"follow","max-snippet":"max-snippet:-1","max-image-preview":"max-image-preview:large","max-video-preview":"max-video-preview:-1"},"canonical":"https:\/\/telemme.mmsh.fr\/?tribe_events=anachroniques-parler-avec-les-morts","og_locale":"fr_FR","og_type":"article","og_title":"[Anachroniques] Parler avec les morts - TELEMMe - Temps, espaces, langages, Europe m\u00e9ridionale, M\u00e9diterran\u00e9e","og_description":"Les morts sont encombrants. Ils prennent de la place, ils nous parlent, ils r\u00e9clament des soins, ils veulent continuer \u00e0 vivre \u00e0 travers nous, ils veulent qu\u2019on termine ce qu\u2019ils n\u2019ont pas fini, ils nous parlent de justice quand on voudrait les ranger au rayon des souvenirs. C\u2019est parce que les morts sont remuants que les cur\u00e9s, les hygi\u00e9nistes, et les th\u00e9rapeutes s\u2019\u00e9vertuent depuis longtemps \u00e0 les r\u00e9duire au silence. Les historiens ne sont probablement pas en reste lorsqu\u2019ils s\u2019appliquent \u00e0 ranger et \u00e0 hi\u00e9rarchiser dans l\u2019ordre du discours la m\u00e9moire vive de nos d\u00e9funts. Que serait une vie o\u00f9 on resterait en dialogue avec les morts? Que serait une op\u00e9ration historiographique qui prendrait au s\u00e9rieux les fant\u00f4mes ?","og_url":"https:\/\/telemme.mmsh.fr\/?tribe_events=anachroniques-parler-avec-les-morts","og_site_name":"TELEMMe - Temps, espaces, langages, Europe m\u00e9ridionale, M\u00e9diterran\u00e9e","og_image":[{"width":1773,"height":1434,"url":"https:\/\/telemme.mmsh.fr\/wp-content\/uploads\/2022\/01\/Anachroniques_Saison6_carre.jpg","type":"image\/jpeg"}],"twitter_card":"summary_large_image","twitter_misc":{"Dur\u00e9e de lecture estim\u00e9e":"1 minute"},"schema":{"@context":"https:\/\/schema.org","@graph":[{"@type":"WebPage","@id":"https:\/\/telemme.mmsh.fr\/?tribe_events=anachroniques-parler-avec-les-morts","url":"https:\/\/telemme.mmsh.fr\/?tribe_events=anachroniques-parler-avec-les-morts","name":"[Anachroniques] Parler avec les morts - TELEMMe - Temps, espaces, langages, Europe m\u00e9ridionale, M\u00e9diterran\u00e9e","isPartOf":{"@id":"https:\/\/telemme.mmsh.fr\/#website"},"primaryImageOfPage":{"@id":"https:\/\/telemme.mmsh.fr\/?tribe_events=anachroniques-parler-avec-les-morts#primaryimage"},"image":{"@id":"https:\/\/telemme.mmsh.fr\/?tribe_events=anachroniques-parler-avec-les-morts#primaryimage"},"thumbnailUrl":"https:\/\/telemme.mmsh.fr\/wp-content\/uploads\/2022\/01\/Anachroniques_Saison6_carre.jpg","datePublished":"2022-01-28T15:29:27+00:00","description":"Les morts sont encombrants. Ils prennent de la place, ils nous parlent, ils r\u00e9clament des soins, ils veulent continuer \u00e0 vivre \u00e0 travers nous, ils veulent qu\u2019on termine ce qu\u2019ils n\u2019ont pas fini, ils nous parlent de justice quand on voudrait les ranger au rayon des souvenirs. C\u2019est parce que les morts sont remuants que les cur\u00e9s, les hygi\u00e9nistes, et les th\u00e9rapeutes s\u2019\u00e9vertuent depuis longtemps \u00e0 les r\u00e9duire au silence. Les historiens ne sont probablement pas en reste lorsqu\u2019ils s\u2019appliquent \u00e0 ranger et \u00e0 hi\u00e9rarchiser dans l\u2019ordre du discours la m\u00e9moire vive de nos d\u00e9funts. Que serait une vie o\u00f9 on resterait en dialogue avec les morts? Que serait une op\u00e9ration historiographique qui prendrait au s\u00e9rieux les fant\u00f4mes ?","breadcrumb":{"@id":"https:\/\/telemme.mmsh.fr\/?tribe_events=anachroniques-parler-avec-les-morts#breadcrumb"},"inLanguage":"fr-FR","potentialAction":[{"@type":"ReadAction","target":["https:\/\/telemme.mmsh.fr\/?tribe_events=anachroniques-parler-avec-les-morts"]}]},{"@type":"ImageObject","inLanguage":"fr-FR","@id":"https:\/\/telemme.mmsh.fr\/?tribe_events=anachroniques-parler-avec-les-morts#primaryimage","url":"https:\/\/telemme.mmsh.fr\/wp-content\/uploads\/2022\/01\/Anachroniques_Saison6_carre.jpg","contentUrl":"https:\/\/telemme.mmsh.fr\/wp-content\/uploads\/2022\/01\/Anachroniques_Saison6_carre.jpg","width":1773,"height":1434,"caption":"Affiche du s\u00e9minaire Anachroniques, saison 6"},{"@type":"BreadcrumbList","@id":"https:\/\/telemme.mmsh.fr\/?tribe_events=anachroniques-parler-avec-les-morts#breadcrumb","itemListElement":[{"@type":"ListItem","position":1,"name":"Accueil","item":"https:\/\/telemme.mmsh.fr\/"},{"@type":"ListItem","position":2,"name":"\u00c9v\u00e8nements","item":"https:\/\/telemme.mmsh.fr\/?post_type=tribe_events"},{"@type":"ListItem","position":3,"name":"S\u00e9minaire interlaboratoire","item":"https:\/\/telemme.mmsh.fr\/?tribe_events_cat=seminaire-interlaboratoire"},{"@type":"ListItem","position":4,"name":"S\u00e9minaire \"Anachroniques\"","item":"https:\/\/telemme.mmsh.fr\/?tribe_events_cat=seminaire-anachroniques"},{"@type":"ListItem","position":5,"name":"[Anachroniques] Parler avec les morts"}]},{"@type":"WebSite","@id":"https:\/\/telemme.mmsh.fr\/#website","url":"https:\/\/telemme.mmsh.fr\/","name":"TELEMMe - Temps, espaces, langages, Europe m\u00e9ridionale, M\u00e9diterran\u00e9e","description":"","publisher":{"@id":"https:\/\/telemme.mmsh.fr\/#organization"},"potentialAction":[{"@type":"SearchAction","target":{"@type":"EntryPoint","urlTemplate":"https:\/\/telemme.mmsh.fr\/?s={search_term_string}"},"query-input":{"@type":"PropertyValueSpecification","valueRequired":true,"valueName":"search_term_string"}}],"inLanguage":"fr-FR"},{"@type":"Organization","@id":"https:\/\/telemme.mmsh.fr\/#organization","name":"TELEMMe","url":"https:\/\/telemme.mmsh.fr\/","logo":{"@type":"ImageObject","inLanguage":"fr-FR","@id":"https:\/\/telemme.mmsh.fr\/#\/schema\/logo\/image\/","url":"https:\/\/telemme.mmsh.fr\/wp-content\/uploads\/2020\/03\/LogoTELEMMe-horizontal-fond-transparent.png","contentUrl":"https:\/\/telemme.mmsh.fr\/wp-content\/uploads\/2020\/03\/LogoTELEMMe-horizontal-fond-transparent.png","width":1500,"height":437,"caption":"TELEMMe"},"image":{"@id":"https:\/\/telemme.mmsh.fr\/#\/schema\/logo\/image\/"}}]}},"_links":{"self":[{"href":"https:\/\/telemme.mmsh.fr\/index.php?rest_route=\/wp\/v2\/tribe_events\/10489","targetHints":{"allow":["GET"]}}],"collection":[{"href":"https:\/\/telemme.mmsh.fr\/index.php?rest_route=\/wp\/v2\/tribe_events"}],"about":[{"href":"https:\/\/telemme.mmsh.fr\/index.php?rest_route=\/wp\/v2\/types\/tribe_events"}],"author":[{"embeddable":true,"href":"https:\/\/telemme.mmsh.fr\/index.php?rest_route=\/wp\/v2\/users\/6"}],"version-history":[{"count":1,"href":"https:\/\/telemme.mmsh.fr\/index.php?rest_route=\/wp\/v2\/tribe_events\/10489\/revisions"}],"predecessor-version":[{"id":10490,"href":"https:\/\/telemme.mmsh.fr\/index.php?rest_route=\/wp\/v2\/tribe_events\/10489\/revisions\/10490"}],"wp:featuredmedia":[{"embeddable":true,"href":"https:\/\/telemme.mmsh.fr\/index.php?rest_route=\/wp\/v2\/media\/10488"}],"wp:attachment":[{"href":"https:\/\/telemme.mmsh.fr\/index.php?rest_route=%2Fwp%2Fv2%2Fmedia&parent=10489"}],"wp:term":[{"taxonomy":"post_tag","embeddable":true,"href":"https:\/\/telemme.mmsh.fr\/index.php?rest_route=%2Fwp%2Fv2%2Ftags&post=10489"},{"taxonomy":"tribe_events_cat","embeddable":true,"href":"https:\/\/telemme.mmsh.fr\/index.php?rest_route=%2Fwp%2Fv2%2Ftribe_events_cat&post=10489"}],"curies":[{"name":"wp","href":"https:\/\/api.w.org\/{rel}","templated":true}]}}