{"id":10436,"date":"2022-01-20T16:23:50","date_gmt":"2022-01-20T15:23:50","guid":{"rendered":"https:\/\/telemme.mmsh.fr\/?post_type=tribe_events&#038;p=10436"},"modified":"2022-02-23T16:22:39","modified_gmt":"2022-02-23T15:22:39","slug":"recit-et-mise-en-scene-de-soi-enjeux-et-problematiques","status":"publish","type":"tribe_events","link":"https:\/\/telemme.mmsh.fr\/?tribe_events=recit-et-mise-en-scene-de-soi-enjeux-et-problematiques","title":{"rendered":"R\u00e9cit et mise en sc\u00e8ne de soi : enjeux et probl\u00e9matiques"},"content":{"rendered":"<h3><strong>Colloque international organis\u00e9 par :<\/strong><\/h3>\n<ul>\n<li>UR DIRE, Universit\u00e9 de La R\u00e9union<\/li>\n<li>UMR 7303 TELEMME, Universit\u00e9 d\u2019Aix-Marseille<\/li>\n<\/ul>\n<p><strong>Modalit\u00e9 hybride: en pr\u00e9sentiel \u00e0 l&rsquo;Universit\u00e9 de la R\u00e9union et via Zoom<\/strong><\/p>\n<p><a href=\"https:\/\/telemme.mmsh.fr\/?evenement=recit-et-mise-en-scene-de-soi-enjeux-et-problematiques\"><strong>Programme complet<\/strong> <\/a><\/p>\n","protected":false},"excerpt":{"rendered":"<p>Colloque international organis\u00e9 par UR DIRE, Universit\u00e9 de La R\u00e9union et UMR 7303 TELEMME, Universit\u00e9 d\u2019Aix-Marseille.<br \/>\nModalit\u00e9 hybride: en pr\u00e9sentiel \u00e0 l&rsquo;Universit\u00e9 de la R\u00e9union et via Zoom<\/p>\n","protected":false},"author":6,"featured_media":10633,"template":"","meta":{"neve_meta_sidebar":"","neve_meta_container":"","neve_meta_enable_content_width":"","neve_meta_content_width":0,"neve_meta_title_alignment":"","neve_meta_author_avatar":"","neve_post_elements_order":"","neve_meta_disable_header":"","neve_meta_disable_footer":"","neve_meta_disable_title":"","_tribe_events_status":"","_tribe_events_status_reason":"","footnotes":""},"tags":[2383],"tribe_events_cat":[2063],"class_list":["post-10436","tribe_events","type-tribe_events","status-publish","has-post-thumbnail","hentry","tag-recit-de-soi","tribe_events_cat-colloque","cat_colloque","tribe-ext-events-control-list-event--live"],"yoast_head":"<!-- This site is optimized with the Yoast SEO plugin v27.4 - https:\/\/yoast.com\/product\/yoast-seo-wordpress\/ -->\n<title>R\u00e9cit et mise en sc\u00e8ne de soi : enjeux et probl\u00e9matiques - TELEMMe - Temps, espaces, langages, Europe m\u00e9ridionale, M\u00e9diterran\u00e9e<\/title>\n<meta name=\"robots\" content=\"index, follow, max-snippet:-1, max-image-preview:large, max-video-preview:-1\" \/>\n<link rel=\"canonical\" href=\"https:\/\/telemme.mmsh.fr\/?tribe_events=recit-et-mise-en-scene-de-soi-enjeux-et-problematiques\" \/>\n<meta property=\"og:locale\" content=\"fr_FR\" \/>\n<meta property=\"og:type\" content=\"article\" \/>\n<meta property=\"og:title\" content=\"R\u00e9cit et mise en sc\u00e8ne de soi : enjeux et probl\u00e9matiques - TELEMMe - Temps, espaces, langages, Europe m\u00e9ridionale, M\u00e9diterran\u00e9e\" \/>\n<meta property=\"og:description\" content=\"Colloque international organis\u00e9 par UR DIRE, Universit\u00e9 de La R\u00e9union et UMR 7303 TELEMME, Universit\u00e9 d\u2019Aix-Marseille.  Modalit\u00e9 hybride: en pr\u00e9sentiel \u00e0 l&#039;Universit\u00e9 de la R\u00e9union et via Zoom\" \/>\n<meta property=\"og:url\" content=\"https:\/\/telemme.mmsh.fr\/?tribe_events=recit-et-mise-en-scene-de-soi-enjeux-et-problematiques\" \/>\n<meta property=\"og:site_name\" content=\"TELEMMe - Temps, espaces, langages, Europe m\u00e9ridionale, M\u00e9diterran\u00e9e\" \/>\n<meta property=\"article:modified_time\" content=\"2022-02-23T15:22:39+00:00\" \/>\n<meta property=\"og:image\" content=\"https:\/\/telemme.mmsh.fr\/wp-content\/uploads\/2022\/01\/Affiche-juin-2022_light.jpg\" \/>\n\t<meta property=\"og:image:width\" content=\"500\" \/>\n\t<meta property=\"og:image:height\" content=\"707\" \/>\n\t<meta property=\"og:image:type\" content=\"image\/jpeg\" \/>\n<meta name=\"twitter:card\" content=\"summary_large_image\" \/>\n<meta name=\"twitter:label1\" content=\"Dur\u00e9e de lecture estim\u00e9e\" \/>\n\t<meta name=\"twitter:data1\" content=\"1 minute\" \/>\n<script type=\"application\/ld+json\" class=\"yoast-schema-graph\">{\"@context\":\"https:\\\/\\\/schema.org\",\"@graph\":[{\"@type\":\"WebPage\",\"@id\":\"https:\\\/\\\/telemme.mmsh.fr\\\/?tribe_events=recit-et-mise-en-scene-de-soi-enjeux-et-problematiques\",\"url\":\"https:\\\/\\\/telemme.mmsh.fr\\\/?tribe_events=recit-et-mise-en-scene-de-soi-enjeux-et-problematiques\",\"name\":\"R\u00e9cit et mise en sc\u00e8ne de soi : enjeux et probl\u00e9matiques - TELEMMe - Temps, espaces, langages, Europe m\u00e9ridionale, M\u00e9diterran\u00e9e\",\"isPartOf\":{\"@id\":\"https:\\\/\\\/telemme.mmsh.fr\\\/#website\"},\"primaryImageOfPage\":{\"@id\":\"https:\\\/\\\/telemme.mmsh.fr\\\/?tribe_events=recit-et-mise-en-scene-de-soi-enjeux-et-problematiques#primaryimage\"},\"image\":{\"@id\":\"https:\\\/\\\/telemme.mmsh.fr\\\/?tribe_events=recit-et-mise-en-scene-de-soi-enjeux-et-problematiques#primaryimage\"},\"thumbnailUrl\":\"https:\\\/\\\/telemme.mmsh.fr\\\/wp-content\\\/uploads\\\/2022\\\/01\\\/Affiche-juin-2022_light.jpg\",\"datePublished\":\"2022-01-20T15:23:50+00:00\",\"dateModified\":\"2022-02-23T15:22:39+00:00\",\"breadcrumb\":{\"@id\":\"https:\\\/\\\/telemme.mmsh.fr\\\/?tribe_events=recit-et-mise-en-scene-de-soi-enjeux-et-problematiques#breadcrumb\"},\"inLanguage\":\"fr-FR\",\"potentialAction\":[{\"@type\":\"ReadAction\",\"target\":[\"https:\\\/\\\/telemme.mmsh.fr\\\/?tribe_events=recit-et-mise-en-scene-de-soi-enjeux-et-problematiques\"]}]},{\"@type\":\"ImageObject\",\"inLanguage\":\"fr-FR\",\"@id\":\"https:\\\/\\\/telemme.mmsh.fr\\\/?tribe_events=recit-et-mise-en-scene-de-soi-enjeux-et-problematiques#primaryimage\",\"url\":\"https:\\\/\\\/telemme.mmsh.fr\\\/wp-content\\\/uploads\\\/2022\\\/01\\\/Affiche-juin-2022_light.jpg\",\"contentUrl\":\"https:\\\/\\\/telemme.mmsh.fr\\\/wp-content\\\/uploads\\\/2022\\\/01\\\/Affiche-juin-2022_light.jpg\",\"width\":500,\"height\":707,\"caption\":\"Affiche du colloque international R\u00e9cit et mise en sc\u00e8ne de soi : enjeux et probl\u00e9matiques\"},{\"@type\":\"BreadcrumbList\",\"@id\":\"https:\\\/\\\/telemme.mmsh.fr\\\/?tribe_events=recit-et-mise-en-scene-de-soi-enjeux-et-problematiques#breadcrumb\",\"itemListElement\":[{\"@type\":\"ListItem\",\"position\":1,\"name\":\"Accueil\",\"item\":\"https:\\\/\\\/telemme.mmsh.fr\\\/\"},{\"@type\":\"ListItem\",\"position\":2,\"name\":\"\u00c9v\u00e8nements\",\"item\":\"https:\\\/\\\/telemme.mmsh.fr\\\/?post_type=tribe_events\"},{\"@type\":\"ListItem\",\"position\":3,\"name\":\"Colloque\",\"item\":\"https:\\\/\\\/telemme.mmsh.fr\\\/?tribe_events_cat=colloque\"},{\"@type\":\"ListItem\",\"position\":4,\"name\":\"R\u00e9cit et mise en sc\u00e8ne de soi : enjeux et probl\u00e9matiques\"}]},{\"@type\":\"WebSite\",\"@id\":\"https:\\\/\\\/telemme.mmsh.fr\\\/#website\",\"url\":\"https:\\\/\\\/telemme.mmsh.fr\\\/\",\"name\":\"TELEMMe - Temps, espaces, langages, Europe m\u00e9ridionale, M\u00e9diterran\u00e9e\",\"description\":\"\",\"publisher\":{\"@id\":\"https:\\\/\\\/telemme.mmsh.fr\\\/#organization\"},\"potentialAction\":[{\"@type\":\"SearchAction\",\"target\":{\"@type\":\"EntryPoint\",\"urlTemplate\":\"https:\\\/\\\/telemme.mmsh.fr\\\/?s={search_term_string}\"},\"query-input\":{\"@type\":\"PropertyValueSpecification\",\"valueRequired\":true,\"valueName\":\"search_term_string\"}}],\"inLanguage\":\"fr-FR\"},{\"@type\":\"Organization\",\"@id\":\"https:\\\/\\\/telemme.mmsh.fr\\\/#organization\",\"name\":\"TELEMMe\",\"url\":\"https:\\\/\\\/telemme.mmsh.fr\\\/\",\"logo\":{\"@type\":\"ImageObject\",\"inLanguage\":\"fr-FR\",\"@id\":\"https:\\\/\\\/telemme.mmsh.fr\\\/#\\\/schema\\\/logo\\\/image\\\/\",\"url\":\"https:\\\/\\\/telemme.mmsh.fr\\\/wp-content\\\/uploads\\\/2020\\\/03\\\/LogoTELEMMe-horizontal-fond-transparent.png\",\"contentUrl\":\"https:\\\/\\\/telemme.mmsh.fr\\\/wp-content\\\/uploads\\\/2020\\\/03\\\/LogoTELEMMe-horizontal-fond-transparent.png\",\"width\":1500,\"height\":437,\"caption\":\"TELEMMe\"},\"image\":{\"@id\":\"https:\\\/\\\/telemme.mmsh.fr\\\/#\\\/schema\\\/logo\\\/image\\\/\"}}]}<\/script>\n<!-- \/ Yoast SEO plugin. -->","yoast_head_json":{"title":"R\u00e9cit et mise en sc\u00e8ne de soi : enjeux et probl\u00e9matiques - TELEMMe - Temps, espaces, langages, Europe m\u00e9ridionale, M\u00e9diterran\u00e9e","robots":{"index":"index","follow":"follow","max-snippet":"max-snippet:-1","max-image-preview":"max-image-preview:large","max-video-preview":"max-video-preview:-1"},"canonical":"https:\/\/telemme.mmsh.fr\/?tribe_events=recit-et-mise-en-scene-de-soi-enjeux-et-problematiques","og_locale":"fr_FR","og_type":"article","og_title":"R\u00e9cit et mise en sc\u00e8ne de soi : enjeux et probl\u00e9matiques - TELEMMe - Temps, espaces, langages, Europe m\u00e9ridionale, M\u00e9diterran\u00e9e","og_description":"Colloque international organis\u00e9 par UR DIRE, Universit\u00e9 de La R\u00e9union et UMR 7303 TELEMME, Universit\u00e9 d\u2019Aix-Marseille.  Modalit\u00e9 hybride: en pr\u00e9sentiel \u00e0 l'Universit\u00e9 de la R\u00e9union et via Zoom","og_url":"https:\/\/telemme.mmsh.fr\/?tribe_events=recit-et-mise-en-scene-de-soi-enjeux-et-problematiques","og_site_name":"TELEMMe - Temps, espaces, langages, Europe m\u00e9ridionale, M\u00e9diterran\u00e9e","article_modified_time":"2022-02-23T15:22:39+00:00","og_image":[{"width":500,"height":707,"url":"https:\/\/telemme.mmsh.fr\/wp-content\/uploads\/2022\/01\/Affiche-juin-2022_light.jpg","type":"image\/jpeg"}],"twitter_card":"summary_large_image","twitter_misc":{"Dur\u00e9e de lecture estim\u00e9e":"1 minute"},"schema":{"@context":"https:\/\/schema.org","@graph":[{"@type":"WebPage","@id":"https:\/\/telemme.mmsh.fr\/?tribe_events=recit-et-mise-en-scene-de-soi-enjeux-et-problematiques","url":"https:\/\/telemme.mmsh.fr\/?tribe_events=recit-et-mise-en-scene-de-soi-enjeux-et-problematiques","name":"R\u00e9cit et mise en sc\u00e8ne de soi : enjeux et probl\u00e9matiques - TELEMMe - Temps, espaces, langages, Europe m\u00e9ridionale, M\u00e9diterran\u00e9e","isPartOf":{"@id":"https:\/\/telemme.mmsh.fr\/#website"},"primaryImageOfPage":{"@id":"https:\/\/telemme.mmsh.fr\/?tribe_events=recit-et-mise-en-scene-de-soi-enjeux-et-problematiques#primaryimage"},"image":{"@id":"https:\/\/telemme.mmsh.fr\/?tribe_events=recit-et-mise-en-scene-de-soi-enjeux-et-problematiques#primaryimage"},"thumbnailUrl":"https:\/\/telemme.mmsh.fr\/wp-content\/uploads\/2022\/01\/Affiche-juin-2022_light.jpg","datePublished":"2022-01-20T15:23:50+00:00","dateModified":"2022-02-23T15:22:39+00:00","breadcrumb":{"@id":"https:\/\/telemme.mmsh.fr\/?tribe_events=recit-et-mise-en-scene-de-soi-enjeux-et-problematiques#breadcrumb"},"inLanguage":"fr-FR","potentialAction":[{"@type":"ReadAction","target":["https:\/\/telemme.mmsh.fr\/?tribe_events=recit-et-mise-en-scene-de-soi-enjeux-et-problematiques"]}]},{"@type":"ImageObject","inLanguage":"fr-FR","@id":"https:\/\/telemme.mmsh.fr\/?tribe_events=recit-et-mise-en-scene-de-soi-enjeux-et-problematiques#primaryimage","url":"https:\/\/telemme.mmsh.fr\/wp-content\/uploads\/2022\/01\/Affiche-juin-2022_light.jpg","contentUrl":"https:\/\/telemme.mmsh.fr\/wp-content\/uploads\/2022\/01\/Affiche-juin-2022_light.jpg","width":500,"height":707,"caption":"Affiche du colloque international R\u00e9cit et mise en sc\u00e8ne de soi : enjeux et probl\u00e9matiques"},{"@type":"BreadcrumbList","@id":"https:\/\/telemme.mmsh.fr\/?tribe_events=recit-et-mise-en-scene-de-soi-enjeux-et-problematiques#breadcrumb","itemListElement":[{"@type":"ListItem","position":1,"name":"Accueil","item":"https:\/\/telemme.mmsh.fr\/"},{"@type":"ListItem","position":2,"name":"\u00c9v\u00e8nements","item":"https:\/\/telemme.mmsh.fr\/?post_type=tribe_events"},{"@type":"ListItem","position":3,"name":"Colloque","item":"https:\/\/telemme.mmsh.fr\/?tribe_events_cat=colloque"},{"@type":"ListItem","position":4,"name":"R\u00e9cit et mise en sc\u00e8ne de soi : enjeux et probl\u00e9matiques"}]},{"@type":"WebSite","@id":"https:\/\/telemme.mmsh.fr\/#website","url":"https:\/\/telemme.mmsh.fr\/","name":"TELEMMe - Temps, espaces, langages, Europe m\u00e9ridionale, M\u00e9diterran\u00e9e","description":"","publisher":{"@id":"https:\/\/telemme.mmsh.fr\/#organization"},"potentialAction":[{"@type":"SearchAction","target":{"@type":"EntryPoint","urlTemplate":"https:\/\/telemme.mmsh.fr\/?s={search_term_string}"},"query-input":{"@type":"PropertyValueSpecification","valueRequired":true,"valueName":"search_term_string"}}],"inLanguage":"fr-FR"},{"@type":"Organization","@id":"https:\/\/telemme.mmsh.fr\/#organization","name":"TELEMMe","url":"https:\/\/telemme.mmsh.fr\/","logo":{"@type":"ImageObject","inLanguage":"fr-FR","@id":"https:\/\/telemme.mmsh.fr\/#\/schema\/logo\/image\/","url":"https:\/\/telemme.mmsh.fr\/wp-content\/uploads\/2020\/03\/LogoTELEMMe-horizontal-fond-transparent.png","contentUrl":"https:\/\/telemme.mmsh.fr\/wp-content\/uploads\/2020\/03\/LogoTELEMMe-horizontal-fond-transparent.png","width":1500,"height":437,"caption":"TELEMMe"},"image":{"@id":"https:\/\/telemme.mmsh.fr\/#\/schema\/logo\/image\/"}}]}},"_links":{"self":[{"href":"https:\/\/telemme.mmsh.fr\/index.php?rest_route=\/wp\/v2\/tribe_events\/10436","targetHints":{"allow":["GET"]}}],"collection":[{"href":"https:\/\/telemme.mmsh.fr\/index.php?rest_route=\/wp\/v2\/tribe_events"}],"about":[{"href":"https:\/\/telemme.mmsh.fr\/index.php?rest_route=\/wp\/v2\/types\/tribe_events"}],"author":[{"embeddable":true,"href":"https:\/\/telemme.mmsh.fr\/index.php?rest_route=\/wp\/v2\/users\/6"}],"version-history":[{"count":3,"href":"https:\/\/telemme.mmsh.fr\/index.php?rest_route=\/wp\/v2\/tribe_events\/10436\/revisions"}],"predecessor-version":[{"id":10634,"href":"https:\/\/telemme.mmsh.fr\/index.php?rest_route=\/wp\/v2\/tribe_events\/10436\/revisions\/10634"}],"wp:featuredmedia":[{"embeddable":true,"href":"https:\/\/telemme.mmsh.fr\/index.php?rest_route=\/wp\/v2\/media\/10633"}],"wp:attachment":[{"href":"https:\/\/telemme.mmsh.fr\/index.php?rest_route=%2Fwp%2Fv2%2Fmedia&parent=10436"}],"wp:term":[{"taxonomy":"post_tag","embeddable":true,"href":"https:\/\/telemme.mmsh.fr\/index.php?rest_route=%2Fwp%2Fv2%2Ftags&post=10436"},{"taxonomy":"tribe_events_cat","embeddable":true,"href":"https:\/\/telemme.mmsh.fr\/index.php?rest_route=%2Fwp%2Fv2%2Ftribe_events_cat&post=10436"}],"curies":[{"name":"wp","href":"https:\/\/api.w.org\/{rel}","templated":true}]}}