{"id":10410,"date":"2022-01-17T15:15:32","date_gmt":"2022-01-17T14:15:32","guid":{"rendered":"https:\/\/telemme.mmsh.fr\/?post_type=tribe_events&#038;p=10410"},"modified":"2022-02-02T17:19:22","modified_gmt":"2022-02-02T16:19:22","slug":"marseille-entre-litalie-et-la-france","status":"publish","type":"tribe_events","link":"https:\/\/telemme.mmsh.fr\/?tribe_events=marseille-entre-litalie-et-la-france","title":{"rendered":"Marseille entre l&rsquo;Italie et la France"},"content":{"rendered":"<p>Journ\u00e9e organis\u00e9e par l&rsquo;UMR TELEMMe (Aix-Marseille Universit\u00e9, CNRS) \u00a0et le <a href=\"https:\/\/centrenorbertelias.cnrs.fr\/\">Centre Norbert Elias<\/a> (Aix-Marseille Universit\u00e9, Avignon Universit\u00e9, \u00c9cole des hautes \u00e9tudes en sciences sociales, CNRS), dans le cadre du cycle <a href=\"https:\/\/telemme.mmsh.fr\/?page_id=5731\"><em>La Recherche &amp; la Cit\u00e9<\/em><\/a>.<\/p>\n<p><a href=\"https:\/\/telemme.mmsh.fr\/?evenement=marseille-entre-litalie-et-la-france\"><strong>Programme complet<\/strong><\/a><\/p>\n<p><em>Cr\u00e9dits photographiques : Eug\u00e8ne ISNARDON, Le d\u00e9barquement des oranges (AMM, 33 Fi 3944) <\/em><\/p>\n","protected":false},"excerpt":{"rendered":"<p>Journ\u00e9e organis\u00e9e par l&rsquo;UMR TELEMMe (Aix-Marseille Universit\u00e9, CNRS) \u00a0et le Centre Norbert Elias (Aix-Marseille Universit\u00e9, Avignon Universit\u00e9, \u00c9cole des hautes \u00e9tudes en sciences sociales, CNRS), dans le cadre du cycle&hellip;&nbsp;<a href=\"https:\/\/telemme.mmsh.fr\/?tribe_events=marseille-entre-litalie-et-la-france\" rel=\"bookmark\">Lire la suite &raquo;<span class=\"screen-reader-text\">Marseille entre l&rsquo;Italie et la France<\/span><\/a><\/p>\n","protected":false},"author":6,"featured_media":10534,"template":"","meta":{"neve_meta_sidebar":"","neve_meta_container":"","neve_meta_enable_content_width":"","neve_meta_content_width":0,"neve_meta_title_alignment":"","neve_meta_author_avatar":"","neve_post_elements_order":"","neve_meta_disable_header":"","neve_meta_disable_footer":"","neve_meta_disable_title":"","_tribe_events_status":"","_tribe_events_status_reason":"","footnotes":""},"tags":[1971,1926],"tribe_events_cat":[1950],"class_list":["post-10410","tribe_events","type-tribe_events","status-publish","has-post-thumbnail","hentry","tag-italie","tag-marseille","tribe_events_cat-la-recherche-la-cite","cat_la-recherche-la-cite"],"yoast_head":"<!-- This site is optimized with the Yoast SEO plugin v27.4 - https:\/\/yoast.com\/product\/yoast-seo-wordpress\/ -->\n<title>Marseille entre l&#039;Italie et la France - TELEMMe - Temps, espaces, langages, Europe m\u00e9ridionale, M\u00e9diterran\u00e9e<\/title>\n<meta name=\"robots\" content=\"index, follow, max-snippet:-1, max-image-preview:large, max-video-preview:-1\" \/>\n<link rel=\"canonical\" href=\"https:\/\/telemme.mmsh.fr\/?tribe_events=marseille-entre-litalie-et-la-france\" \/>\n<meta property=\"og:locale\" content=\"fr_FR\" \/>\n<meta property=\"og:type\" content=\"article\" \/>\n<meta property=\"og:title\" content=\"Marseille entre l&#039;Italie et la France - TELEMMe - Temps, espaces, langages, Europe m\u00e9ridionale, M\u00e9diterran\u00e9e\" \/>\n<meta property=\"og:description\" content=\"Journ\u00e9e organis\u00e9e par l&rsquo;UMR TELEMMe (Aix-Marseille Universit\u00e9, CNRS) \u00a0et le Centre Norbert Elias (Aix-Marseille Universit\u00e9, Avignon Universit\u00e9, \u00c9cole des hautes \u00e9tudes en sciences sociales, CNRS), dans le cadre du cycle&hellip;&nbsp;Lire la suite &raquo;Marseille entre l&rsquo;Italie et la France\" \/>\n<meta property=\"og:url\" content=\"https:\/\/telemme.mmsh.fr\/?tribe_events=marseille-entre-litalie-et-la-france\" \/>\n<meta property=\"og:site_name\" content=\"TELEMMe - Temps, espaces, langages, Europe m\u00e9ridionale, M\u00e9diterran\u00e9e\" \/>\n<meta property=\"article:modified_time\" content=\"2022-02-02T16:19:22+00:00\" \/>\n<meta property=\"og:image\" content=\"https:\/\/telemme.mmsh.fr\/wp-content\/uploads\/2022\/01\/AC1305501_33Fi3944_C_light.jpg\" \/>\n\t<meta property=\"og:image:width\" content=\"1000\" \/>\n\t<meta property=\"og:image:height\" content=\"849\" \/>\n\t<meta property=\"og:image:type\" content=\"image\/jpeg\" \/>\n<meta name=\"twitter:card\" content=\"summary_large_image\" \/>\n<meta name=\"twitter:label1\" content=\"Dur\u00e9e de lecture estim\u00e9e\" \/>\n\t<meta name=\"twitter:data1\" content=\"1 minute\" \/>\n<script type=\"application\/ld+json\" class=\"yoast-schema-graph\">{\"@context\":\"https:\\\/\\\/schema.org\",\"@graph\":[{\"@type\":\"WebPage\",\"@id\":\"https:\\\/\\\/telemme.mmsh.fr\\\/?tribe_events=marseille-entre-litalie-et-la-france\",\"url\":\"https:\\\/\\\/telemme.mmsh.fr\\\/?tribe_events=marseille-entre-litalie-et-la-france\",\"name\":\"Marseille entre l'Italie et la France - TELEMMe - Temps, espaces, langages, Europe m\u00e9ridionale, M\u00e9diterran\u00e9e\",\"isPartOf\":{\"@id\":\"https:\\\/\\\/telemme.mmsh.fr\\\/#website\"},\"primaryImageOfPage\":{\"@id\":\"https:\\\/\\\/telemme.mmsh.fr\\\/?tribe_events=marseille-entre-litalie-et-la-france#primaryimage\"},\"image\":{\"@id\":\"https:\\\/\\\/telemme.mmsh.fr\\\/?tribe_events=marseille-entre-litalie-et-la-france#primaryimage\"},\"thumbnailUrl\":\"https:\\\/\\\/telemme.mmsh.fr\\\/wp-content\\\/uploads\\\/2022\\\/01\\\/AC1305501_33Fi3944_C_light.jpg\",\"datePublished\":\"2022-01-17T14:15:32+00:00\",\"dateModified\":\"2022-02-02T16:19:22+00:00\",\"breadcrumb\":{\"@id\":\"https:\\\/\\\/telemme.mmsh.fr\\\/?tribe_events=marseille-entre-litalie-et-la-france#breadcrumb\"},\"inLanguage\":\"fr-FR\",\"potentialAction\":[{\"@type\":\"ReadAction\",\"target\":[\"https:\\\/\\\/telemme.mmsh.fr\\\/?tribe_events=marseille-entre-litalie-et-la-france\"]}]},{\"@type\":\"ImageObject\",\"inLanguage\":\"fr-FR\",\"@id\":\"https:\\\/\\\/telemme.mmsh.fr\\\/?tribe_events=marseille-entre-litalie-et-la-france#primaryimage\",\"url\":\"https:\\\/\\\/telemme.mmsh.fr\\\/wp-content\\\/uploads\\\/2022\\\/01\\\/AC1305501_33Fi3944_C_light.jpg\",\"contentUrl\":\"https:\\\/\\\/telemme.mmsh.fr\\\/wp-content\\\/uploads\\\/2022\\\/01\\\/AC1305501_33Fi3944_C_light.jpg\",\"width\":1000,\"height\":849,\"caption\":\"Eug\u00e8ne ISNARDON, le d\u00e9barquement des oranges (AMM, 33 Fi 3944)\"},{\"@type\":\"BreadcrumbList\",\"@id\":\"https:\\\/\\\/telemme.mmsh.fr\\\/?tribe_events=marseille-entre-litalie-et-la-france#breadcrumb\",\"itemListElement\":[{\"@type\":\"ListItem\",\"position\":1,\"name\":\"Accueil\",\"item\":\"https:\\\/\\\/telemme.mmsh.fr\\\/\"},{\"@type\":\"ListItem\",\"position\":2,\"name\":\"\u00c9v\u00e8nements\",\"item\":\"https:\\\/\\\/telemme.mmsh.fr\\\/?post_type=tribe_events\"},{\"@type\":\"ListItem\",\"position\":3,\"name\":\"La Recherche &amp; la Cit\u00e9\",\"item\":\"https:\\\/\\\/telemme.mmsh.fr\\\/?tribe_events_cat=la-recherche-la-cite\"},{\"@type\":\"ListItem\",\"position\":4,\"name\":\"Marseille entre l&#8217;Italie et la France\"}]},{\"@type\":\"WebSite\",\"@id\":\"https:\\\/\\\/telemme.mmsh.fr\\\/#website\",\"url\":\"https:\\\/\\\/telemme.mmsh.fr\\\/\",\"name\":\"TELEMMe - Temps, espaces, langages, Europe m\u00e9ridionale, M\u00e9diterran\u00e9e\",\"description\":\"\",\"publisher\":{\"@id\":\"https:\\\/\\\/telemme.mmsh.fr\\\/#organization\"},\"potentialAction\":[{\"@type\":\"SearchAction\",\"target\":{\"@type\":\"EntryPoint\",\"urlTemplate\":\"https:\\\/\\\/telemme.mmsh.fr\\\/?s={search_term_string}\"},\"query-input\":{\"@type\":\"PropertyValueSpecification\",\"valueRequired\":true,\"valueName\":\"search_term_string\"}}],\"inLanguage\":\"fr-FR\"},{\"@type\":\"Organization\",\"@id\":\"https:\\\/\\\/telemme.mmsh.fr\\\/#organization\",\"name\":\"TELEMMe\",\"url\":\"https:\\\/\\\/telemme.mmsh.fr\\\/\",\"logo\":{\"@type\":\"ImageObject\",\"inLanguage\":\"fr-FR\",\"@id\":\"https:\\\/\\\/telemme.mmsh.fr\\\/#\\\/schema\\\/logo\\\/image\\\/\",\"url\":\"https:\\\/\\\/telemme.mmsh.fr\\\/wp-content\\\/uploads\\\/2020\\\/03\\\/LogoTELEMMe-horizontal-fond-transparent.png\",\"contentUrl\":\"https:\\\/\\\/telemme.mmsh.fr\\\/wp-content\\\/uploads\\\/2020\\\/03\\\/LogoTELEMMe-horizontal-fond-transparent.png\",\"width\":1500,\"height\":437,\"caption\":\"TELEMMe\"},\"image\":{\"@id\":\"https:\\\/\\\/telemme.mmsh.fr\\\/#\\\/schema\\\/logo\\\/image\\\/\"}}]}<\/script>\n<!-- \/ Yoast SEO plugin. -->","yoast_head_json":{"title":"Marseille entre l'Italie et la France - TELEMMe - Temps, espaces, langages, Europe m\u00e9ridionale, M\u00e9diterran\u00e9e","robots":{"index":"index","follow":"follow","max-snippet":"max-snippet:-1","max-image-preview":"max-image-preview:large","max-video-preview":"max-video-preview:-1"},"canonical":"https:\/\/telemme.mmsh.fr\/?tribe_events=marseille-entre-litalie-et-la-france","og_locale":"fr_FR","og_type":"article","og_title":"Marseille entre l'Italie et la France - TELEMMe - Temps, espaces, langages, Europe m\u00e9ridionale, M\u00e9diterran\u00e9e","og_description":"Journ\u00e9e organis\u00e9e par l&rsquo;UMR TELEMMe (Aix-Marseille Universit\u00e9, CNRS) \u00a0et le Centre Norbert Elias (Aix-Marseille Universit\u00e9, Avignon Universit\u00e9, \u00c9cole des hautes \u00e9tudes en sciences sociales, CNRS), dans le cadre du cycle&hellip;&nbsp;Lire la suite &raquo;Marseille entre l&rsquo;Italie et la France","og_url":"https:\/\/telemme.mmsh.fr\/?tribe_events=marseille-entre-litalie-et-la-france","og_site_name":"TELEMMe - Temps, espaces, langages, Europe m\u00e9ridionale, M\u00e9diterran\u00e9e","article_modified_time":"2022-02-02T16:19:22+00:00","og_image":[{"width":1000,"height":849,"url":"https:\/\/telemme.mmsh.fr\/wp-content\/uploads\/2022\/01\/AC1305501_33Fi3944_C_light.jpg","type":"image\/jpeg"}],"twitter_card":"summary_large_image","twitter_misc":{"Dur\u00e9e de lecture estim\u00e9e":"1 minute"},"schema":{"@context":"https:\/\/schema.org","@graph":[{"@type":"WebPage","@id":"https:\/\/telemme.mmsh.fr\/?tribe_events=marseille-entre-litalie-et-la-france","url":"https:\/\/telemme.mmsh.fr\/?tribe_events=marseille-entre-litalie-et-la-france","name":"Marseille entre l'Italie et la France - TELEMMe - Temps, espaces, langages, Europe m\u00e9ridionale, M\u00e9diterran\u00e9e","isPartOf":{"@id":"https:\/\/telemme.mmsh.fr\/#website"},"primaryImageOfPage":{"@id":"https:\/\/telemme.mmsh.fr\/?tribe_events=marseille-entre-litalie-et-la-france#primaryimage"},"image":{"@id":"https:\/\/telemme.mmsh.fr\/?tribe_events=marseille-entre-litalie-et-la-france#primaryimage"},"thumbnailUrl":"https:\/\/telemme.mmsh.fr\/wp-content\/uploads\/2022\/01\/AC1305501_33Fi3944_C_light.jpg","datePublished":"2022-01-17T14:15:32+00:00","dateModified":"2022-02-02T16:19:22+00:00","breadcrumb":{"@id":"https:\/\/telemme.mmsh.fr\/?tribe_events=marseille-entre-litalie-et-la-france#breadcrumb"},"inLanguage":"fr-FR","potentialAction":[{"@type":"ReadAction","target":["https:\/\/telemme.mmsh.fr\/?tribe_events=marseille-entre-litalie-et-la-france"]}]},{"@type":"ImageObject","inLanguage":"fr-FR","@id":"https:\/\/telemme.mmsh.fr\/?tribe_events=marseille-entre-litalie-et-la-france#primaryimage","url":"https:\/\/telemme.mmsh.fr\/wp-content\/uploads\/2022\/01\/AC1305501_33Fi3944_C_light.jpg","contentUrl":"https:\/\/telemme.mmsh.fr\/wp-content\/uploads\/2022\/01\/AC1305501_33Fi3944_C_light.jpg","width":1000,"height":849,"caption":"Eug\u00e8ne ISNARDON, le d\u00e9barquement des oranges (AMM, 33 Fi 3944)"},{"@type":"BreadcrumbList","@id":"https:\/\/telemme.mmsh.fr\/?tribe_events=marseille-entre-litalie-et-la-france#breadcrumb","itemListElement":[{"@type":"ListItem","position":1,"name":"Accueil","item":"https:\/\/telemme.mmsh.fr\/"},{"@type":"ListItem","position":2,"name":"\u00c9v\u00e8nements","item":"https:\/\/telemme.mmsh.fr\/?post_type=tribe_events"},{"@type":"ListItem","position":3,"name":"La Recherche &amp; la Cit\u00e9","item":"https:\/\/telemme.mmsh.fr\/?tribe_events_cat=la-recherche-la-cite"},{"@type":"ListItem","position":4,"name":"Marseille entre l&#8217;Italie et la France"}]},{"@type":"WebSite","@id":"https:\/\/telemme.mmsh.fr\/#website","url":"https:\/\/telemme.mmsh.fr\/","name":"TELEMMe - Temps, espaces, langages, Europe m\u00e9ridionale, M\u00e9diterran\u00e9e","description":"","publisher":{"@id":"https:\/\/telemme.mmsh.fr\/#organization"},"potentialAction":[{"@type":"SearchAction","target":{"@type":"EntryPoint","urlTemplate":"https:\/\/telemme.mmsh.fr\/?s={search_term_string}"},"query-input":{"@type":"PropertyValueSpecification","valueRequired":true,"valueName":"search_term_string"}}],"inLanguage":"fr-FR"},{"@type":"Organization","@id":"https:\/\/telemme.mmsh.fr\/#organization","name":"TELEMMe","url":"https:\/\/telemme.mmsh.fr\/","logo":{"@type":"ImageObject","inLanguage":"fr-FR","@id":"https:\/\/telemme.mmsh.fr\/#\/schema\/logo\/image\/","url":"https:\/\/telemme.mmsh.fr\/wp-content\/uploads\/2020\/03\/LogoTELEMMe-horizontal-fond-transparent.png","contentUrl":"https:\/\/telemme.mmsh.fr\/wp-content\/uploads\/2020\/03\/LogoTELEMMe-horizontal-fond-transparent.png","width":1500,"height":437,"caption":"TELEMMe"},"image":{"@id":"https:\/\/telemme.mmsh.fr\/#\/schema\/logo\/image\/"}}]}},"_links":{"self":[{"href":"https:\/\/telemme.mmsh.fr\/index.php?rest_route=\/wp\/v2\/tribe_events\/10410","targetHints":{"allow":["GET"]}}],"collection":[{"href":"https:\/\/telemme.mmsh.fr\/index.php?rest_route=\/wp\/v2\/tribe_events"}],"about":[{"href":"https:\/\/telemme.mmsh.fr\/index.php?rest_route=\/wp\/v2\/types\/tribe_events"}],"author":[{"embeddable":true,"href":"https:\/\/telemme.mmsh.fr\/index.php?rest_route=\/wp\/v2\/users\/6"}],"version-history":[{"count":5,"href":"https:\/\/telemme.mmsh.fr\/index.php?rest_route=\/wp\/v2\/tribe_events\/10410\/revisions"}],"predecessor-version":[{"id":10536,"href":"https:\/\/telemme.mmsh.fr\/index.php?rest_route=\/wp\/v2\/tribe_events\/10410\/revisions\/10536"}],"wp:featuredmedia":[{"embeddable":true,"href":"https:\/\/telemme.mmsh.fr\/index.php?rest_route=\/wp\/v2\/media\/10534"}],"wp:attachment":[{"href":"https:\/\/telemme.mmsh.fr\/index.php?rest_route=%2Fwp%2Fv2%2Fmedia&parent=10410"}],"wp:term":[{"taxonomy":"post_tag","embeddable":true,"href":"https:\/\/telemme.mmsh.fr\/index.php?rest_route=%2Fwp%2Fv2%2Ftags&post=10410"},{"taxonomy":"tribe_events_cat","embeddable":true,"href":"https:\/\/telemme.mmsh.fr\/index.php?rest_route=%2Fwp%2Fv2%2Ftribe_events_cat&post=10410"}],"curies":[{"name":"wp","href":"https:\/\/api.w.org\/{rel}","templated":true}]}}