{"id":10394,"date":"2022-01-12T19:26:04","date_gmt":"2022-01-12T18:26:04","guid":{"rendered":"https:\/\/telemme.mmsh.fr\/?post_type=tribe_events&#038;p=10394"},"modified":"2022-03-16T17:27:15","modified_gmt":"2022-03-16T16:27:15","slug":"histoires-decoutes-seance-6-a-lecoute-de-lautre","status":"publish","type":"tribe_events","link":"https:\/\/telemme.mmsh.fr\/?tribe_events=histoires-decoutes-seance-6-a-lecoute-de-lautre","title":{"rendered":"[Histoires d\u2019\u00e9coutes] S\u00e9ance #6 : \u00c0 l\u2019\u00e9coute de l\u2019Autre"},"content":{"rendered":"<div class=\"tribe-events-single-event-description tribe-events-content\">\n<div class=\"wp-block-group__inner-container\">Les sources historiques fourmillent d\u2019indications sonores. On y d\u00e9couvre les voix du collectif, les diff\u00e9rents textures sonores ainsi que les m\u00e9canismes pens\u00e9s pour installer, optimiser voire forcer l\u2019\u00e9coute de certains individus. Les voix de Dieu, du pouvoir, du collectif, de la nature ou de la guerre r\u00e9sonnent dans les sources parce qu\u2019elles ont \u00e9t\u00e9 entendues et parce que l\u2019auteur veut les faire entendre au lecteur. Cependant, un son n\u2019existe que par l\u2019exp\u00e9rience auditive : l\u2019\u00e9coute implique un engagement du corps pour entendre, comprendre, analyser et donner sens aux sonorit\u00e9s. Restituer seulement un son ne permet pas de savoir comment celui-ci \u00e9tait per\u00e7u, esth\u00e9tis\u00e9, compris ou ressenti : la recherche d\u2019une soci\u00e9t\u00e9 sonore impose donc de retrouver son r\u00e9gime d\u2019\u00e9coute particulier. Par l\u2019exp\u00e9rience du corps, l\u2019oralit\u00e9 (ce qui est dit) peut alors devenir auralit\u00e9 (ce qui est entendu). Si l\u2019oralit\u00e9 est performance, l\u2019auralit\u00e9 est exp\u00e9rience ; cette exp\u00e9rience modulant le r\u00e9cit historique, la cr\u00e9ation artistique ou encore le r\u00e9cit de l\u2019Autre.<\/div>\n<div class=\"wp-block-group__inner-container\">De fait, l\u2019\u00e9coute appara\u00eet \u00e0 la fois comme un <em>objet historique<\/em>, un\u00a0<em>moyen d\u2019\u00e9criture du social\u00a0<\/em>et un\u00a0<em>outil\u00a0<\/em>pour l\u2019historien.\u00a0Il convient de r\u00e9fl\u00e9chir aux m\u00e9thodologies possibles pour retrouver, reconstruire et exploiter cette \u00e9coute historique tout en observant ce qu\u2019elle peut apporter \u00e0 la recherche historique. Dans cette optique, l\u2019observation des m\u00e9thodes employ\u00e9es par les sp\u00e9cialistes du sonore \u00ab audible \u00bb peut \u00eatre riche en enseignements. Par ces r\u00e9flexions crois\u00e9es, on esp\u00e8re ouvrir un laboratoire exp\u00e9rimental des m\u00e9thodologies possibles, qui servira aux chercheurs et \u00e9tudiants d\u00e9sireux d\u2019int\u00e9grer et\/ou d\u2019exploiter l\u2019auralit\u00e9 dans leur recherche.<\/div>\n<\/div>\n","protected":false},"excerpt":{"rendered":"<p>Les sources historiques fourmillent d\u2019indications sonores. On y d\u00e9couvre les voix du collectif, les diff\u00e9rents textures sonores ainsi que les m\u00e9canismes pens\u00e9s pour installer, optimiser voire forcer l\u2019\u00e9coute de certains&hellip;&nbsp;<a href=\"https:\/\/telemme.mmsh.fr\/?tribe_events=histoires-decoutes-seance-6-a-lecoute-de-lautre\" rel=\"bookmark\">Lire la suite &raquo;<span class=\"screen-reader-text\">[Histoires d\u2019\u00e9coutes] S\u00e9ance #6 : \u00c0 l\u2019\u00e9coute de l\u2019Autre<\/span><\/a><\/p>\n","protected":false},"author":6,"featured_media":10383,"template":"","meta":{"neve_meta_sidebar":"","neve_meta_container":"","neve_meta_enable_content_width":"","neve_meta_content_width":0,"neve_meta_title_alignment":"","neve_meta_author_avatar":"","neve_post_elements_order":"","neve_meta_disable_header":"","neve_meta_disable_footer":"","neve_meta_disable_title":"","_tribe_events_status":"","_tribe_events_status_reason":"","footnotes":""},"tags":[],"tribe_events_cat":[2381],"class_list":["post-10394","tribe_events","type-tribe_events","status-publish","has-post-thumbnail","hentry","tribe_events_cat-seminaire-histoires-decoutes","cat_seminaire-histoires-decoutes"],"yoast_head":"<!-- This site is optimized with the Yoast SEO plugin v27.4 - https:\/\/yoast.com\/product\/yoast-seo-wordpress\/ -->\n<title>[Histoires d\u2019\u00e9coutes] S\u00e9ance #6 : \u00c0 l\u2019\u00e9coute de l\u2019Autre - TELEMMe - Temps, espaces, langages, Europe m\u00e9ridionale, M\u00e9diterran\u00e9e<\/title>\n<meta name=\"robots\" content=\"index, follow, max-snippet:-1, max-image-preview:large, max-video-preview:-1\" \/>\n<link rel=\"canonical\" href=\"https:\/\/telemme.mmsh.fr\/?tribe_events=histoires-decoutes-seance-6-a-lecoute-de-lautre\" \/>\n<meta property=\"og:locale\" content=\"fr_FR\" \/>\n<meta property=\"og:type\" content=\"article\" \/>\n<meta property=\"og:title\" content=\"[Histoires d\u2019\u00e9coutes] S\u00e9ance #6 : \u00c0 l\u2019\u00e9coute de l\u2019Autre - TELEMMe - Temps, espaces, langages, Europe m\u00e9ridionale, M\u00e9diterran\u00e9e\" \/>\n<meta property=\"og:description\" content=\"Les sources historiques fourmillent d\u2019indications sonores. On y d\u00e9couvre les voix du collectif, les diff\u00e9rents textures sonores ainsi que les m\u00e9canismes pens\u00e9s pour installer, optimiser voire forcer l\u2019\u00e9coute de certains&hellip;&nbsp;Lire la suite &raquo;[Histoires d\u2019\u00e9coutes] S\u00e9ance #6 : \u00c0 l\u2019\u00e9coute de l\u2019Autre\" \/>\n<meta property=\"og:url\" content=\"https:\/\/telemme.mmsh.fr\/?tribe_events=histoires-decoutes-seance-6-a-lecoute-de-lautre\" \/>\n<meta property=\"og:site_name\" content=\"TELEMMe - Temps, espaces, langages, Europe m\u00e9ridionale, M\u00e9diterran\u00e9e\" \/>\n<meta property=\"article:modified_time\" content=\"2022-03-16T16:27:15+00:00\" \/>\n<meta property=\"og:image\" content=\"https:\/\/telemme.mmsh.fr\/wp-content\/uploads\/2022\/01\/histoires_ecoutes_light.png\" \/>\n\t<meta property=\"og:image:width\" content=\"500\" \/>\n\t<meta property=\"og:image:height\" content=\"331\" \/>\n\t<meta property=\"og:image:type\" content=\"image\/png\" \/>\n<meta name=\"twitter:card\" content=\"summary_large_image\" \/>\n<meta name=\"twitter:label1\" content=\"Dur\u00e9e de lecture estim\u00e9e\" \/>\n\t<meta name=\"twitter:data1\" content=\"2 minutes\" \/>\n<script type=\"application\/ld+json\" class=\"yoast-schema-graph\">{\"@context\":\"https:\\\/\\\/schema.org\",\"@graph\":[{\"@type\":\"WebPage\",\"@id\":\"https:\\\/\\\/telemme.mmsh.fr\\\/?tribe_events=histoires-decoutes-seance-6-a-lecoute-de-lautre\",\"url\":\"https:\\\/\\\/telemme.mmsh.fr\\\/?tribe_events=histoires-decoutes-seance-6-a-lecoute-de-lautre\",\"name\":\"[Histoires d\u2019\u00e9coutes] S\u00e9ance #6 : \u00c0 l\u2019\u00e9coute de l\u2019Autre - TELEMMe - Temps, espaces, langages, Europe m\u00e9ridionale, M\u00e9diterran\u00e9e\",\"isPartOf\":{\"@id\":\"https:\\\/\\\/telemme.mmsh.fr\\\/#website\"},\"primaryImageOfPage\":{\"@id\":\"https:\\\/\\\/telemme.mmsh.fr\\\/?tribe_events=histoires-decoutes-seance-6-a-lecoute-de-lautre#primaryimage\"},\"image\":{\"@id\":\"https:\\\/\\\/telemme.mmsh.fr\\\/?tribe_events=histoires-decoutes-seance-6-a-lecoute-de-lautre#primaryimage\"},\"thumbnailUrl\":\"https:\\\/\\\/telemme.mmsh.fr\\\/wp-content\\\/uploads\\\/2022\\\/01\\\/histoires_ecoutes_light.png\",\"datePublished\":\"2022-01-12T18:26:04+00:00\",\"dateModified\":\"2022-03-16T16:27:15+00:00\",\"breadcrumb\":{\"@id\":\"https:\\\/\\\/telemme.mmsh.fr\\\/?tribe_events=histoires-decoutes-seance-6-a-lecoute-de-lautre#breadcrumb\"},\"inLanguage\":\"fr-FR\",\"potentialAction\":[{\"@type\":\"ReadAction\",\"target\":[\"https:\\\/\\\/telemme.mmsh.fr\\\/?tribe_events=histoires-decoutes-seance-6-a-lecoute-de-lautre\"]}]},{\"@type\":\"ImageObject\",\"inLanguage\":\"fr-FR\",\"@id\":\"https:\\\/\\\/telemme.mmsh.fr\\\/?tribe_events=histoires-decoutes-seance-6-a-lecoute-de-lautre#primaryimage\",\"url\":\"https:\\\/\\\/telemme.mmsh.fr\\\/wp-content\\\/uploads\\\/2022\\\/01\\\/histoires_ecoutes_light.png\",\"contentUrl\":\"https:\\\/\\\/telemme.mmsh.fr\\\/wp-content\\\/uploads\\\/2022\\\/01\\\/histoires_ecoutes_light.png\",\"width\":500,\"height\":331,\"caption\":\"Bible de Maciejowski = Bible Morgan de Louis IX = Bible des Croisades, Pierpont Morgan Library, New York, Ms M. 638, f. 39v, France (ca. 1244-1254)\"},{\"@type\":\"BreadcrumbList\",\"@id\":\"https:\\\/\\\/telemme.mmsh.fr\\\/?tribe_events=histoires-decoutes-seance-6-a-lecoute-de-lautre#breadcrumb\",\"itemListElement\":[{\"@type\":\"ListItem\",\"position\":1,\"name\":\"Accueil\",\"item\":\"https:\\\/\\\/telemme.mmsh.fr\\\/\"},{\"@type\":\"ListItem\",\"position\":2,\"name\":\"\u00c9v\u00e8nements\",\"item\":\"https:\\\/\\\/telemme.mmsh.fr\\\/?post_type=tribe_events\"},{\"@type\":\"ListItem\",\"position\":3,\"name\":\"S\u00e9minaire interlaboratoire\",\"item\":\"https:\\\/\\\/telemme.mmsh.fr\\\/?tribe_events_cat=seminaire-interlaboratoire\"},{\"@type\":\"ListItem\",\"position\":4,\"name\":\"S\u00e9minaire \\\"Histoires d'\u00e9coutes\\\"\",\"item\":\"https:\\\/\\\/telemme.mmsh.fr\\\/?tribe_events_cat=seminaire-histoires-decoutes\"},{\"@type\":\"ListItem\",\"position\":5,\"name\":\"[Histoires d\u2019\u00e9coutes] S\u00e9ance #6 : \u00c0 l\u2019\u00e9coute de l\u2019Autre\"}]},{\"@type\":\"WebSite\",\"@id\":\"https:\\\/\\\/telemme.mmsh.fr\\\/#website\",\"url\":\"https:\\\/\\\/telemme.mmsh.fr\\\/\",\"name\":\"TELEMMe - Temps, espaces, langages, Europe m\u00e9ridionale, M\u00e9diterran\u00e9e\",\"description\":\"\",\"publisher\":{\"@id\":\"https:\\\/\\\/telemme.mmsh.fr\\\/#organization\"},\"potentialAction\":[{\"@type\":\"SearchAction\",\"target\":{\"@type\":\"EntryPoint\",\"urlTemplate\":\"https:\\\/\\\/telemme.mmsh.fr\\\/?s={search_term_string}\"},\"query-input\":{\"@type\":\"PropertyValueSpecification\",\"valueRequired\":true,\"valueName\":\"search_term_string\"}}],\"inLanguage\":\"fr-FR\"},{\"@type\":\"Organization\",\"@id\":\"https:\\\/\\\/telemme.mmsh.fr\\\/#organization\",\"name\":\"TELEMMe\",\"url\":\"https:\\\/\\\/telemme.mmsh.fr\\\/\",\"logo\":{\"@type\":\"ImageObject\",\"inLanguage\":\"fr-FR\",\"@id\":\"https:\\\/\\\/telemme.mmsh.fr\\\/#\\\/schema\\\/logo\\\/image\\\/\",\"url\":\"https:\\\/\\\/telemme.mmsh.fr\\\/wp-content\\\/uploads\\\/2020\\\/03\\\/LogoTELEMMe-horizontal-fond-transparent.png\",\"contentUrl\":\"https:\\\/\\\/telemme.mmsh.fr\\\/wp-content\\\/uploads\\\/2020\\\/03\\\/LogoTELEMMe-horizontal-fond-transparent.png\",\"width\":1500,\"height\":437,\"caption\":\"TELEMMe\"},\"image\":{\"@id\":\"https:\\\/\\\/telemme.mmsh.fr\\\/#\\\/schema\\\/logo\\\/image\\\/\"}}]}<\/script>\n<!-- \/ Yoast SEO plugin. -->","yoast_head_json":{"title":"[Histoires d\u2019\u00e9coutes] S\u00e9ance #6 : \u00c0 l\u2019\u00e9coute de l\u2019Autre - TELEMMe - Temps, espaces, langages, Europe m\u00e9ridionale, M\u00e9diterran\u00e9e","robots":{"index":"index","follow":"follow","max-snippet":"max-snippet:-1","max-image-preview":"max-image-preview:large","max-video-preview":"max-video-preview:-1"},"canonical":"https:\/\/telemme.mmsh.fr\/?tribe_events=histoires-decoutes-seance-6-a-lecoute-de-lautre","og_locale":"fr_FR","og_type":"article","og_title":"[Histoires d\u2019\u00e9coutes] S\u00e9ance #6 : \u00c0 l\u2019\u00e9coute de l\u2019Autre - TELEMMe - Temps, espaces, langages, Europe m\u00e9ridionale, M\u00e9diterran\u00e9e","og_description":"Les sources historiques fourmillent d\u2019indications sonores. On y d\u00e9couvre les voix du collectif, les diff\u00e9rents textures sonores ainsi que les m\u00e9canismes pens\u00e9s pour installer, optimiser voire forcer l\u2019\u00e9coute de certains&hellip;&nbsp;Lire la suite &raquo;[Histoires d\u2019\u00e9coutes] S\u00e9ance #6 : \u00c0 l\u2019\u00e9coute de l\u2019Autre","og_url":"https:\/\/telemme.mmsh.fr\/?tribe_events=histoires-decoutes-seance-6-a-lecoute-de-lautre","og_site_name":"TELEMMe - Temps, espaces, langages, Europe m\u00e9ridionale, M\u00e9diterran\u00e9e","article_modified_time":"2022-03-16T16:27:15+00:00","og_image":[{"width":500,"height":331,"url":"https:\/\/telemme.mmsh.fr\/wp-content\/uploads\/2022\/01\/histoires_ecoutes_light.png","type":"image\/png"}],"twitter_card":"summary_large_image","twitter_misc":{"Dur\u00e9e de lecture estim\u00e9e":"2 minutes"},"schema":{"@context":"https:\/\/schema.org","@graph":[{"@type":"WebPage","@id":"https:\/\/telemme.mmsh.fr\/?tribe_events=histoires-decoutes-seance-6-a-lecoute-de-lautre","url":"https:\/\/telemme.mmsh.fr\/?tribe_events=histoires-decoutes-seance-6-a-lecoute-de-lautre","name":"[Histoires d\u2019\u00e9coutes] S\u00e9ance #6 : \u00c0 l\u2019\u00e9coute de l\u2019Autre - TELEMMe - Temps, espaces, langages, Europe m\u00e9ridionale, M\u00e9diterran\u00e9e","isPartOf":{"@id":"https:\/\/telemme.mmsh.fr\/#website"},"primaryImageOfPage":{"@id":"https:\/\/telemme.mmsh.fr\/?tribe_events=histoires-decoutes-seance-6-a-lecoute-de-lautre#primaryimage"},"image":{"@id":"https:\/\/telemme.mmsh.fr\/?tribe_events=histoires-decoutes-seance-6-a-lecoute-de-lautre#primaryimage"},"thumbnailUrl":"https:\/\/telemme.mmsh.fr\/wp-content\/uploads\/2022\/01\/histoires_ecoutes_light.png","datePublished":"2022-01-12T18:26:04+00:00","dateModified":"2022-03-16T16:27:15+00:00","breadcrumb":{"@id":"https:\/\/telemme.mmsh.fr\/?tribe_events=histoires-decoutes-seance-6-a-lecoute-de-lautre#breadcrumb"},"inLanguage":"fr-FR","potentialAction":[{"@type":"ReadAction","target":["https:\/\/telemme.mmsh.fr\/?tribe_events=histoires-decoutes-seance-6-a-lecoute-de-lautre"]}]},{"@type":"ImageObject","inLanguage":"fr-FR","@id":"https:\/\/telemme.mmsh.fr\/?tribe_events=histoires-decoutes-seance-6-a-lecoute-de-lautre#primaryimage","url":"https:\/\/telemme.mmsh.fr\/wp-content\/uploads\/2022\/01\/histoires_ecoutes_light.png","contentUrl":"https:\/\/telemme.mmsh.fr\/wp-content\/uploads\/2022\/01\/histoires_ecoutes_light.png","width":500,"height":331,"caption":"Bible de Maciejowski = Bible Morgan de Louis IX = Bible des Croisades, Pierpont Morgan Library, New York, Ms M. 638, f. 39v, France (ca. 1244-1254)"},{"@type":"BreadcrumbList","@id":"https:\/\/telemme.mmsh.fr\/?tribe_events=histoires-decoutes-seance-6-a-lecoute-de-lautre#breadcrumb","itemListElement":[{"@type":"ListItem","position":1,"name":"Accueil","item":"https:\/\/telemme.mmsh.fr\/"},{"@type":"ListItem","position":2,"name":"\u00c9v\u00e8nements","item":"https:\/\/telemme.mmsh.fr\/?post_type=tribe_events"},{"@type":"ListItem","position":3,"name":"S\u00e9minaire interlaboratoire","item":"https:\/\/telemme.mmsh.fr\/?tribe_events_cat=seminaire-interlaboratoire"},{"@type":"ListItem","position":4,"name":"S\u00e9minaire \"Histoires d'\u00e9coutes\"","item":"https:\/\/telemme.mmsh.fr\/?tribe_events_cat=seminaire-histoires-decoutes"},{"@type":"ListItem","position":5,"name":"[Histoires d\u2019\u00e9coutes] S\u00e9ance #6 : \u00c0 l\u2019\u00e9coute de l\u2019Autre"}]},{"@type":"WebSite","@id":"https:\/\/telemme.mmsh.fr\/#website","url":"https:\/\/telemme.mmsh.fr\/","name":"TELEMMe - Temps, espaces, langages, Europe m\u00e9ridionale, M\u00e9diterran\u00e9e","description":"","publisher":{"@id":"https:\/\/telemme.mmsh.fr\/#organization"},"potentialAction":[{"@type":"SearchAction","target":{"@type":"EntryPoint","urlTemplate":"https:\/\/telemme.mmsh.fr\/?s={search_term_string}"},"query-input":{"@type":"PropertyValueSpecification","valueRequired":true,"valueName":"search_term_string"}}],"inLanguage":"fr-FR"},{"@type":"Organization","@id":"https:\/\/telemme.mmsh.fr\/#organization","name":"TELEMMe","url":"https:\/\/telemme.mmsh.fr\/","logo":{"@type":"ImageObject","inLanguage":"fr-FR","@id":"https:\/\/telemme.mmsh.fr\/#\/schema\/logo\/image\/","url":"https:\/\/telemme.mmsh.fr\/wp-content\/uploads\/2020\/03\/LogoTELEMMe-horizontal-fond-transparent.png","contentUrl":"https:\/\/telemme.mmsh.fr\/wp-content\/uploads\/2020\/03\/LogoTELEMMe-horizontal-fond-transparent.png","width":1500,"height":437,"caption":"TELEMMe"},"image":{"@id":"https:\/\/telemme.mmsh.fr\/#\/schema\/logo\/image\/"}}]}},"_links":{"self":[{"href":"https:\/\/telemme.mmsh.fr\/index.php?rest_route=\/wp\/v2\/tribe_events\/10394","targetHints":{"allow":["GET"]}}],"collection":[{"href":"https:\/\/telemme.mmsh.fr\/index.php?rest_route=\/wp\/v2\/tribe_events"}],"about":[{"href":"https:\/\/telemme.mmsh.fr\/index.php?rest_route=\/wp\/v2\/types\/tribe_events"}],"author":[{"embeddable":true,"href":"https:\/\/telemme.mmsh.fr\/index.php?rest_route=\/wp\/v2\/users\/6"}],"version-history":[{"count":2,"href":"https:\/\/telemme.mmsh.fr\/index.php?rest_route=\/wp\/v2\/tribe_events\/10394\/revisions"}],"predecessor-version":[{"id":10849,"href":"https:\/\/telemme.mmsh.fr\/index.php?rest_route=\/wp\/v2\/tribe_events\/10394\/revisions\/10849"}],"wp:featuredmedia":[{"embeddable":true,"href":"https:\/\/telemme.mmsh.fr\/index.php?rest_route=\/wp\/v2\/media\/10383"}],"wp:attachment":[{"href":"https:\/\/telemme.mmsh.fr\/index.php?rest_route=%2Fwp%2Fv2%2Fmedia&parent=10394"}],"wp:term":[{"taxonomy":"post_tag","embeddable":true,"href":"https:\/\/telemme.mmsh.fr\/index.php?rest_route=%2Fwp%2Fv2%2Ftags&post=10394"},{"taxonomy":"tribe_events_cat","embeddable":true,"href":"https:\/\/telemme.mmsh.fr\/index.php?rest_route=%2Fwp%2Fv2%2Ftribe_events_cat&post=10394"}],"curies":[{"name":"wp","href":"https:\/\/api.w.org\/{rel}","templated":true}]}}