{"id":10374,"date":"2022-01-12T16:23:35","date_gmt":"2022-01-12T15:23:35","guid":{"rendered":"https:\/\/telemme.mmsh.fr\/?post_type=tribe_events&#038;p=10374"},"modified":"2022-01-21T10:25:18","modified_gmt":"2022-01-21T09:25:18","slug":"histoires-decoutes-seance-1-ecoute-auralite-un-defi-pour-lhistorien","status":"publish","type":"tribe_events","link":"https:\/\/telemme.mmsh.fr\/?tribe_events=histoires-decoutes-seance-1-ecoute-auralite-un-defi-pour-lhistorien","title":{"rendered":"[Histoires d\u2019\u00e9coutes] S\u00e9ance #1 \u2013 \u00c9coute &#038; auralit\u00e9, un d\u00e9fi pour l\u2019historien ?"},"content":{"rendered":"<p>Pour cette premi\u00e8re s\u00e9ance, apr\u00e8s une courte introduction, nous r\u00e9fl\u00e9chirons aux probl\u00e8mes m\u00e9thodologiques soulev\u00e9s par la recherche de l\u2019\u00e9coute. Certaines sources refusent en effet de donner la parole \u00e0 certains groupes ou de laisser filtrer des \u00e9chos jug\u00e9s peu recommandables. La recherche de ces voix oubli\u00e9es invite \u00e0 r\u00e9fl\u00e9chir aux m\u00e9thodologies possibles pour \u00e9couter le non-dit et l\u2019inaudible.<\/p>\n<p><a href=\"https:\/\/telemme.mmsh.fr\/?evenement=histoires-decoutes-seance-1-ecoute-auralite-un-defi-pour-lhistorien\"><strong>Programme complet<\/strong><\/a><\/p>\n<p>&nbsp;<\/p>\n","protected":false},"excerpt":{"rendered":"<p>Pour cette premi\u00e8re s\u00e9ance, apr\u00e8s une courte introduction, nous r\u00e9fl\u00e9chirons aux probl\u00e8mes m\u00e9thodologiques soulev\u00e9s par la recherche de l\u2019\u00e9coute. Certaines sources refusent en effet de donner la parole \u00e0 certains&hellip;&nbsp;<a href=\"https:\/\/telemme.mmsh.fr\/?tribe_events=histoires-decoutes-seance-1-ecoute-auralite-un-defi-pour-lhistorien\" rel=\"bookmark\">Lire la suite &raquo;<span class=\"screen-reader-text\">[Histoires d\u2019\u00e9coutes] S\u00e9ance #1 \u2013 \u00c9coute &#038; auralit\u00e9, un d\u00e9fi pour l\u2019historien ?<\/span><\/a><\/p>\n","protected":false},"author":6,"featured_media":10373,"template":"","meta":{"neve_meta_sidebar":"","neve_meta_container":"","neve_meta_enable_content_width":"","neve_meta_content_width":0,"neve_meta_title_alignment":"","neve_meta_author_avatar":"","neve_post_elements_order":"","neve_meta_disable_header":"","neve_meta_disable_footer":"","neve_meta_disable_title":"","_tribe_events_status":"","_tribe_events_status_reason":"","footnotes":""},"tags":[],"tribe_events_cat":[2381],"class_list":["post-10374","tribe_events","type-tribe_events","status-publish","has-post-thumbnail","hentry","tribe_events_cat-seminaire-histoires-decoutes","cat_seminaire-histoires-decoutes"],"yoast_head":"<!-- This site is optimized with the Yoast SEO plugin v27.4 - https:\/\/yoast.com\/product\/yoast-seo-wordpress\/ -->\n<title>[Histoires d\u2019\u00e9coutes] S\u00e9ance #1 \u2013 \u00c9coute &amp; auralit\u00e9, un d\u00e9fi pour l\u2019historien ? - TELEMMe - Temps, espaces, langages, Europe m\u00e9ridionale, M\u00e9diterran\u00e9e<\/title>\n<meta name=\"description\" content=\"Pour cette premi\u00e8re s\u00e9ance, apr\u00e8s une courte introduction, nous r\u00e9fl\u00e9chirons aux probl\u00e8mes m\u00e9thodologiques soulev\u00e9s par la recherche de l\u2019\u00e9coute. Certaines sources refusent en effet de donner la parole \u00e0 certains groupes ou de laisser filtrer des \u00e9chos jug\u00e9s peu recommandables. La recherche de ces voix oubli\u00e9es invite \u00e0 r\u00e9fl\u00e9chir aux m\u00e9thodologies possibles pour \u00e9couter le non-dit et l\u2019inaudible.\" \/>\n<meta name=\"robots\" content=\"index, follow, max-snippet:-1, max-image-preview:large, max-video-preview:-1\" \/>\n<link rel=\"canonical\" href=\"https:\/\/telemme.mmsh.fr\/?tribe_events=histoires-decoutes-seance-1-ecoute-auralite-un-defi-pour-lhistorien\" \/>\n<meta property=\"og:locale\" content=\"fr_FR\" \/>\n<meta property=\"og:type\" content=\"article\" \/>\n<meta property=\"og:title\" content=\"[Histoires d\u2019\u00e9coutes] S\u00e9ance #1 \u2013 \u00c9coute &amp; auralit\u00e9, un d\u00e9fi pour l\u2019historien ? - TELEMMe - Temps, espaces, langages, Europe m\u00e9ridionale, M\u00e9diterran\u00e9e\" \/>\n<meta property=\"og:description\" content=\"Pour cette premi\u00e8re s\u00e9ance, apr\u00e8s une courte introduction, nous r\u00e9fl\u00e9chirons aux probl\u00e8mes m\u00e9thodologiques soulev\u00e9s par la recherche de l\u2019\u00e9coute. Certaines sources refusent en effet de donner la parole \u00e0 certains groupes ou de laisser filtrer des \u00e9chos jug\u00e9s peu recommandables. La recherche de ces voix oubli\u00e9es invite \u00e0 r\u00e9fl\u00e9chir aux m\u00e9thodologies possibles pour \u00e9couter le non-dit et l\u2019inaudible.\" \/>\n<meta property=\"og:url\" content=\"https:\/\/telemme.mmsh.fr\/?tribe_events=histoires-decoutes-seance-1-ecoute-auralite-un-defi-pour-lhistorien\" \/>\n<meta property=\"og:site_name\" content=\"TELEMMe - Temps, espaces, langages, Europe m\u00e9ridionale, M\u00e9diterran\u00e9e\" \/>\n<meta property=\"article:modified_time\" content=\"2022-01-21T09:25:18+00:00\" \/>\n<meta property=\"og:image\" content=\"https:\/\/telemme.mmsh.fr\/wp-content\/uploads\/2022\/01\/14768423035_50b379cf3d_o.jpg\" \/>\n\t<meta property=\"og:image:width\" content=\"890\" \/>\n\t<meta property=\"og:image:height\" content=\"901\" \/>\n\t<meta property=\"og:image:type\" content=\"image\/jpeg\" \/>\n<meta name=\"twitter:card\" content=\"summary_large_image\" \/>\n<meta name=\"twitter:label1\" content=\"Dur\u00e9e de lecture estim\u00e9e\" \/>\n\t<meta name=\"twitter:data1\" content=\"1 minute\" \/>\n<script type=\"application\/ld+json\" class=\"yoast-schema-graph\">{\"@context\":\"https:\\\/\\\/schema.org\",\"@graph\":[{\"@type\":\"WebPage\",\"@id\":\"https:\\\/\\\/telemme.mmsh.fr\\\/?tribe_events=histoires-decoutes-seance-1-ecoute-auralite-un-defi-pour-lhistorien\",\"url\":\"https:\\\/\\\/telemme.mmsh.fr\\\/?tribe_events=histoires-decoutes-seance-1-ecoute-auralite-un-defi-pour-lhistorien\",\"name\":\"[Histoires d\u2019\u00e9coutes] S\u00e9ance #1 \u2013 \u00c9coute & auralit\u00e9, un d\u00e9fi pour l\u2019historien ? - TELEMMe - Temps, espaces, langages, Europe m\u00e9ridionale, M\u00e9diterran\u00e9e\",\"isPartOf\":{\"@id\":\"https:\\\/\\\/telemme.mmsh.fr\\\/#website\"},\"primaryImageOfPage\":{\"@id\":\"https:\\\/\\\/telemme.mmsh.fr\\\/?tribe_events=histoires-decoutes-seance-1-ecoute-auralite-un-defi-pour-lhistorien#primaryimage\"},\"image\":{\"@id\":\"https:\\\/\\\/telemme.mmsh.fr\\\/?tribe_events=histoires-decoutes-seance-1-ecoute-auralite-un-defi-pour-lhistorien#primaryimage\"},\"thumbnailUrl\":\"https:\\\/\\\/telemme.mmsh.fr\\\/wp-content\\\/uploads\\\/2022\\\/01\\\/14768423035_50b379cf3d_o.jpg\",\"datePublished\":\"2022-01-12T15:23:35+00:00\",\"dateModified\":\"2022-01-21T09:25:18+00:00\",\"description\":\"Pour cette premi\u00e8re s\u00e9ance, apr\u00e8s une courte introduction, nous r\u00e9fl\u00e9chirons aux probl\u00e8mes m\u00e9thodologiques soulev\u00e9s par la recherche de l\u2019\u00e9coute. Certaines sources refusent en effet de donner la parole \u00e0 certains groupes ou de laisser filtrer des \u00e9chos jug\u00e9s peu recommandables. La recherche de ces voix oubli\u00e9es invite \u00e0 r\u00e9fl\u00e9chir aux m\u00e9thodologies possibles pour \u00e9couter le non-dit et l\u2019inaudible.\",\"breadcrumb\":{\"@id\":\"https:\\\/\\\/telemme.mmsh.fr\\\/?tribe_events=histoires-decoutes-seance-1-ecoute-auralite-un-defi-pour-lhistorien#breadcrumb\"},\"inLanguage\":\"fr-FR\",\"potentialAction\":[{\"@type\":\"ReadAction\",\"target\":[\"https:\\\/\\\/telemme.mmsh.fr\\\/?tribe_events=histoires-decoutes-seance-1-ecoute-auralite-un-defi-pour-lhistorien\"]}]},{\"@type\":\"ImageObject\",\"inLanguage\":\"fr-FR\",\"@id\":\"https:\\\/\\\/telemme.mmsh.fr\\\/?tribe_events=histoires-decoutes-seance-1-ecoute-auralite-un-defi-pour-lhistorien#primaryimage\",\"url\":\"https:\\\/\\\/telemme.mmsh.fr\\\/wp-content\\\/uploads\\\/2022\\\/01\\\/14768423035_50b379cf3d_o.jpg\",\"contentUrl\":\"https:\\\/\\\/telemme.mmsh.fr\\\/wp-content\\\/uploads\\\/2022\\\/01\\\/14768423035_50b379cf3d_o.jpg\",\"width\":890,\"height\":901,\"caption\":\"Lewis Carroll & John Tenniel, \u201cThrough the looking glass : and what Alice found there\u201d , p. 171 (d\u00e9tail)\"},{\"@type\":\"BreadcrumbList\",\"@id\":\"https:\\\/\\\/telemme.mmsh.fr\\\/?tribe_events=histoires-decoutes-seance-1-ecoute-auralite-un-defi-pour-lhistorien#breadcrumb\",\"itemListElement\":[{\"@type\":\"ListItem\",\"position\":1,\"name\":\"Accueil\",\"item\":\"https:\\\/\\\/telemme.mmsh.fr\\\/\"},{\"@type\":\"ListItem\",\"position\":2,\"name\":\"\u00c9v\u00e8nements\",\"item\":\"https:\\\/\\\/telemme.mmsh.fr\\\/?post_type=tribe_events\"},{\"@type\":\"ListItem\",\"position\":3,\"name\":\"S\u00e9minaire interlaboratoire\",\"item\":\"https:\\\/\\\/telemme.mmsh.fr\\\/?tribe_events_cat=seminaire-interlaboratoire\"},{\"@type\":\"ListItem\",\"position\":4,\"name\":\"S\u00e9minaire \\\"Histoires d'\u00e9coutes\\\"\",\"item\":\"https:\\\/\\\/telemme.mmsh.fr\\\/?tribe_events_cat=seminaire-histoires-decoutes\"},{\"@type\":\"ListItem\",\"position\":5,\"name\":\"[Histoires d\u2019\u00e9coutes] S\u00e9ance #1 \u2013 \u00c9coute &#038; auralit\u00e9, un d\u00e9fi pour l\u2019historien ?\"}]},{\"@type\":\"WebSite\",\"@id\":\"https:\\\/\\\/telemme.mmsh.fr\\\/#website\",\"url\":\"https:\\\/\\\/telemme.mmsh.fr\\\/\",\"name\":\"TELEMMe - Temps, espaces, langages, Europe m\u00e9ridionale, M\u00e9diterran\u00e9e\",\"description\":\"\",\"publisher\":{\"@id\":\"https:\\\/\\\/telemme.mmsh.fr\\\/#organization\"},\"potentialAction\":[{\"@type\":\"SearchAction\",\"target\":{\"@type\":\"EntryPoint\",\"urlTemplate\":\"https:\\\/\\\/telemme.mmsh.fr\\\/?s={search_term_string}\"},\"query-input\":{\"@type\":\"PropertyValueSpecification\",\"valueRequired\":true,\"valueName\":\"search_term_string\"}}],\"inLanguage\":\"fr-FR\"},{\"@type\":\"Organization\",\"@id\":\"https:\\\/\\\/telemme.mmsh.fr\\\/#organization\",\"name\":\"TELEMMe\",\"url\":\"https:\\\/\\\/telemme.mmsh.fr\\\/\",\"logo\":{\"@type\":\"ImageObject\",\"inLanguage\":\"fr-FR\",\"@id\":\"https:\\\/\\\/telemme.mmsh.fr\\\/#\\\/schema\\\/logo\\\/image\\\/\",\"url\":\"https:\\\/\\\/telemme.mmsh.fr\\\/wp-content\\\/uploads\\\/2020\\\/03\\\/LogoTELEMMe-horizontal-fond-transparent.png\",\"contentUrl\":\"https:\\\/\\\/telemme.mmsh.fr\\\/wp-content\\\/uploads\\\/2020\\\/03\\\/LogoTELEMMe-horizontal-fond-transparent.png\",\"width\":1500,\"height\":437,\"caption\":\"TELEMMe\"},\"image\":{\"@id\":\"https:\\\/\\\/telemme.mmsh.fr\\\/#\\\/schema\\\/logo\\\/image\\\/\"}}]}<\/script>\n<!-- \/ Yoast SEO plugin. -->","yoast_head_json":{"title":"[Histoires d\u2019\u00e9coutes] S\u00e9ance #1 \u2013 \u00c9coute & auralit\u00e9, un d\u00e9fi pour l\u2019historien ? - TELEMMe - Temps, espaces, langages, Europe m\u00e9ridionale, M\u00e9diterran\u00e9e","description":"Pour cette premi\u00e8re s\u00e9ance, apr\u00e8s une courte introduction, nous r\u00e9fl\u00e9chirons aux probl\u00e8mes m\u00e9thodologiques soulev\u00e9s par la recherche de l\u2019\u00e9coute. Certaines sources refusent en effet de donner la parole \u00e0 certains groupes ou de laisser filtrer des \u00e9chos jug\u00e9s peu recommandables. La recherche de ces voix oubli\u00e9es invite \u00e0 r\u00e9fl\u00e9chir aux m\u00e9thodologies possibles pour \u00e9couter le non-dit et l\u2019inaudible.","robots":{"index":"index","follow":"follow","max-snippet":"max-snippet:-1","max-image-preview":"max-image-preview:large","max-video-preview":"max-video-preview:-1"},"canonical":"https:\/\/telemme.mmsh.fr\/?tribe_events=histoires-decoutes-seance-1-ecoute-auralite-un-defi-pour-lhistorien","og_locale":"fr_FR","og_type":"article","og_title":"[Histoires d\u2019\u00e9coutes] S\u00e9ance #1 \u2013 \u00c9coute & auralit\u00e9, un d\u00e9fi pour l\u2019historien ? - TELEMMe - Temps, espaces, langages, Europe m\u00e9ridionale, M\u00e9diterran\u00e9e","og_description":"Pour cette premi\u00e8re s\u00e9ance, apr\u00e8s une courte introduction, nous r\u00e9fl\u00e9chirons aux probl\u00e8mes m\u00e9thodologiques soulev\u00e9s par la recherche de l\u2019\u00e9coute. Certaines sources refusent en effet de donner la parole \u00e0 certains groupes ou de laisser filtrer des \u00e9chos jug\u00e9s peu recommandables. La recherche de ces voix oubli\u00e9es invite \u00e0 r\u00e9fl\u00e9chir aux m\u00e9thodologies possibles pour \u00e9couter le non-dit et l\u2019inaudible.","og_url":"https:\/\/telemme.mmsh.fr\/?tribe_events=histoires-decoutes-seance-1-ecoute-auralite-un-defi-pour-lhistorien","og_site_name":"TELEMMe - Temps, espaces, langages, Europe m\u00e9ridionale, M\u00e9diterran\u00e9e","article_modified_time":"2022-01-21T09:25:18+00:00","og_image":[{"width":890,"height":901,"url":"https:\/\/telemme.mmsh.fr\/wp-content\/uploads\/2022\/01\/14768423035_50b379cf3d_o.jpg","type":"image\/jpeg"}],"twitter_card":"summary_large_image","twitter_misc":{"Dur\u00e9e de lecture estim\u00e9e":"1 minute"},"schema":{"@context":"https:\/\/schema.org","@graph":[{"@type":"WebPage","@id":"https:\/\/telemme.mmsh.fr\/?tribe_events=histoires-decoutes-seance-1-ecoute-auralite-un-defi-pour-lhistorien","url":"https:\/\/telemme.mmsh.fr\/?tribe_events=histoires-decoutes-seance-1-ecoute-auralite-un-defi-pour-lhistorien","name":"[Histoires d\u2019\u00e9coutes] S\u00e9ance #1 \u2013 \u00c9coute & auralit\u00e9, un d\u00e9fi pour l\u2019historien ? - TELEMMe - Temps, espaces, langages, Europe m\u00e9ridionale, M\u00e9diterran\u00e9e","isPartOf":{"@id":"https:\/\/telemme.mmsh.fr\/#website"},"primaryImageOfPage":{"@id":"https:\/\/telemme.mmsh.fr\/?tribe_events=histoires-decoutes-seance-1-ecoute-auralite-un-defi-pour-lhistorien#primaryimage"},"image":{"@id":"https:\/\/telemme.mmsh.fr\/?tribe_events=histoires-decoutes-seance-1-ecoute-auralite-un-defi-pour-lhistorien#primaryimage"},"thumbnailUrl":"https:\/\/telemme.mmsh.fr\/wp-content\/uploads\/2022\/01\/14768423035_50b379cf3d_o.jpg","datePublished":"2022-01-12T15:23:35+00:00","dateModified":"2022-01-21T09:25:18+00:00","description":"Pour cette premi\u00e8re s\u00e9ance, apr\u00e8s une courte introduction, nous r\u00e9fl\u00e9chirons aux probl\u00e8mes m\u00e9thodologiques soulev\u00e9s par la recherche de l\u2019\u00e9coute. Certaines sources refusent en effet de donner la parole \u00e0 certains groupes ou de laisser filtrer des \u00e9chos jug\u00e9s peu recommandables. La recherche de ces voix oubli\u00e9es invite \u00e0 r\u00e9fl\u00e9chir aux m\u00e9thodologies possibles pour \u00e9couter le non-dit et l\u2019inaudible.","breadcrumb":{"@id":"https:\/\/telemme.mmsh.fr\/?tribe_events=histoires-decoutes-seance-1-ecoute-auralite-un-defi-pour-lhistorien#breadcrumb"},"inLanguage":"fr-FR","potentialAction":[{"@type":"ReadAction","target":["https:\/\/telemme.mmsh.fr\/?tribe_events=histoires-decoutes-seance-1-ecoute-auralite-un-defi-pour-lhistorien"]}]},{"@type":"ImageObject","inLanguage":"fr-FR","@id":"https:\/\/telemme.mmsh.fr\/?tribe_events=histoires-decoutes-seance-1-ecoute-auralite-un-defi-pour-lhistorien#primaryimage","url":"https:\/\/telemme.mmsh.fr\/wp-content\/uploads\/2022\/01\/14768423035_50b379cf3d_o.jpg","contentUrl":"https:\/\/telemme.mmsh.fr\/wp-content\/uploads\/2022\/01\/14768423035_50b379cf3d_o.jpg","width":890,"height":901,"caption":"Lewis Carroll & John Tenniel, \u201cThrough the looking glass : and what Alice found there\u201d , p. 171 (d\u00e9tail)"},{"@type":"BreadcrumbList","@id":"https:\/\/telemme.mmsh.fr\/?tribe_events=histoires-decoutes-seance-1-ecoute-auralite-un-defi-pour-lhistorien#breadcrumb","itemListElement":[{"@type":"ListItem","position":1,"name":"Accueil","item":"https:\/\/telemme.mmsh.fr\/"},{"@type":"ListItem","position":2,"name":"\u00c9v\u00e8nements","item":"https:\/\/telemme.mmsh.fr\/?post_type=tribe_events"},{"@type":"ListItem","position":3,"name":"S\u00e9minaire interlaboratoire","item":"https:\/\/telemme.mmsh.fr\/?tribe_events_cat=seminaire-interlaboratoire"},{"@type":"ListItem","position":4,"name":"S\u00e9minaire \"Histoires d'\u00e9coutes\"","item":"https:\/\/telemme.mmsh.fr\/?tribe_events_cat=seminaire-histoires-decoutes"},{"@type":"ListItem","position":5,"name":"[Histoires d\u2019\u00e9coutes] S\u00e9ance #1 \u2013 \u00c9coute &#038; auralit\u00e9, un d\u00e9fi pour l\u2019historien ?"}]},{"@type":"WebSite","@id":"https:\/\/telemme.mmsh.fr\/#website","url":"https:\/\/telemme.mmsh.fr\/","name":"TELEMMe - Temps, espaces, langages, Europe m\u00e9ridionale, M\u00e9diterran\u00e9e","description":"","publisher":{"@id":"https:\/\/telemme.mmsh.fr\/#organization"},"potentialAction":[{"@type":"SearchAction","target":{"@type":"EntryPoint","urlTemplate":"https:\/\/telemme.mmsh.fr\/?s={search_term_string}"},"query-input":{"@type":"PropertyValueSpecification","valueRequired":true,"valueName":"search_term_string"}}],"inLanguage":"fr-FR"},{"@type":"Organization","@id":"https:\/\/telemme.mmsh.fr\/#organization","name":"TELEMMe","url":"https:\/\/telemme.mmsh.fr\/","logo":{"@type":"ImageObject","inLanguage":"fr-FR","@id":"https:\/\/telemme.mmsh.fr\/#\/schema\/logo\/image\/","url":"https:\/\/telemme.mmsh.fr\/wp-content\/uploads\/2020\/03\/LogoTELEMMe-horizontal-fond-transparent.png","contentUrl":"https:\/\/telemme.mmsh.fr\/wp-content\/uploads\/2020\/03\/LogoTELEMMe-horizontal-fond-transparent.png","width":1500,"height":437,"caption":"TELEMMe"},"image":{"@id":"https:\/\/telemme.mmsh.fr\/#\/schema\/logo\/image\/"}}]}},"_links":{"self":[{"href":"https:\/\/telemme.mmsh.fr\/index.php?rest_route=\/wp\/v2\/tribe_events\/10374","targetHints":{"allow":["GET"]}}],"collection":[{"href":"https:\/\/telemme.mmsh.fr\/index.php?rest_route=\/wp\/v2\/tribe_events"}],"about":[{"href":"https:\/\/telemme.mmsh.fr\/index.php?rest_route=\/wp\/v2\/types\/tribe_events"}],"author":[{"embeddable":true,"href":"https:\/\/telemme.mmsh.fr\/index.php?rest_route=\/wp\/v2\/users\/6"}],"version-history":[{"count":2,"href":"https:\/\/telemme.mmsh.fr\/index.php?rest_route=\/wp\/v2\/tribe_events\/10374\/revisions"}],"predecessor-version":[{"id":10376,"href":"https:\/\/telemme.mmsh.fr\/index.php?rest_route=\/wp\/v2\/tribe_events\/10374\/revisions\/10376"}],"wp:featuredmedia":[{"embeddable":true,"href":"https:\/\/telemme.mmsh.fr\/index.php?rest_route=\/wp\/v2\/media\/10373"}],"wp:attachment":[{"href":"https:\/\/telemme.mmsh.fr\/index.php?rest_route=%2Fwp%2Fv2%2Fmedia&parent=10374"}],"wp:term":[{"taxonomy":"post_tag","embeddable":true,"href":"https:\/\/telemme.mmsh.fr\/index.php?rest_route=%2Fwp%2Fv2%2Ftags&post=10374"},{"taxonomy":"tribe_events_cat","embeddable":true,"href":"https:\/\/telemme.mmsh.fr\/index.php?rest_route=%2Fwp%2Fv2%2Ftribe_events_cat&post=10374"}],"curies":[{"name":"wp","href":"https:\/\/api.w.org\/{rel}","templated":true}]}}