{"id":10359,"date":"2022-01-12T12:48:36","date_gmt":"2022-01-12T11:48:36","guid":{"rendered":"https:\/\/telemme.mmsh.fr\/?post_type=tribe_events&#038;p=10359"},"modified":"2022-02-16T16:11:47","modified_gmt":"2022-02-16T15:11:47","slug":"museo-polis-3rd-session-museum-citizenship-community","status":"publish","type":"tribe_events","link":"https:\/\/telemme.mmsh.fr\/?tribe_events=museo-polis-3rd-session-museum-citizenship-community","title":{"rendered":"[Museo-Polis] 3rd Session: Museum, Citizenship, Community"},"content":{"rendered":"<p>Following an interdisciplinary approach, this permanent seminars, articulated in 8 monthly virtual sessions during the academic year 2021-2022, envisages experimenting with a new transversal training, based on research in the Humanities and Social Sciences, by proposing to students of the CIVIS Consortium (bachelor\u2019s, master\u2019s, doctorate) to analyze the contemporary history of the relationship between museums and democracy, and in particular the processes of representation and legitimization of democratic identities under construction or in crisis since the emergence of the European project in the 20th century, from very diverse disciplinary fields, such as political history, history of cultural institutions, political science, art history, sociology, law, anthropology, and philosophy.<br \/>\nEnglish and the natural language of the participants (French, Spanish, Italian) will be used to promote multilingualism.<\/p>\n<h2>3rd Session: Museum, Citizenship, Community<\/h2>\n<p><a href=\"https:\/\/telemme.mmsh.fr\/?evenement=museo-polis-3rd-session-museum-citizenship-community\"><strong>Programme complet<\/strong><\/a><\/p>\n<p><em>Illustration : Mucem \u00a9Cyril Weiner, architectes\u00a0Rudy Ricciotti\u00a0et\u00a0Roland Carta<\/em><\/p>\n","protected":false},"excerpt":{"rendered":"<p>Following an interdisciplinary approach, this permanent seminars, articulated in 8 monthly virtual sessions during the academic year 2021-2022, envisages experimenting with a new transversal training, based on research in the&hellip;&nbsp;<a href=\"https:\/\/telemme.mmsh.fr\/?tribe_events=museo-polis-3rd-session-museum-citizenship-community\" rel=\"bookmark\">Lire la suite &raquo;<span class=\"screen-reader-text\">[Museo-Polis] 3rd Session: Museum, Citizenship, Community<\/span><\/a><\/p>\n","protected":false},"author":6,"featured_media":10417,"template":"","meta":{"neve_meta_sidebar":"","neve_meta_container":"","neve_meta_enable_content_width":"","neve_meta_content_width":0,"neve_meta_title_alignment":"","neve_meta_author_avatar":"","neve_post_elements_order":"","neve_meta_disable_header":"","neve_meta_disable_footer":"","neve_meta_disable_title":"","_tribe_events_status":"","_tribe_events_status_reason":"","footnotes":""},"tags":[2372],"tribe_events_cat":[2379],"class_list":["post-10359","tribe_events","type-tribe_events","status-publish","has-post-thumbnail","hentry","tag-musees","tribe_events_cat-seminaire-interlaboratoire-museo-polis","cat_seminaire-interlaboratoire-museo-polis"],"yoast_head":"<!-- This site is optimized with the Yoast SEO plugin v27.4 - https:\/\/yoast.com\/product\/yoast-seo-wordpress\/ -->\n<title>[Museo-Polis] 3rd Session: Museum, Citizenship, Community - TELEMMe - Temps, espaces, langages, Europe m\u00e9ridionale, M\u00e9diterran\u00e9e<\/title>\n<meta name=\"robots\" content=\"index, follow, max-snippet:-1, max-image-preview:large, max-video-preview:-1\" \/>\n<link rel=\"canonical\" href=\"https:\/\/telemme.mmsh.fr\/?tribe_events=museo-polis-3rd-session-museum-citizenship-community\" \/>\n<meta property=\"og:locale\" content=\"fr_FR\" \/>\n<meta property=\"og:type\" content=\"article\" \/>\n<meta property=\"og:title\" content=\"[Museo-Polis] 3rd Session: Museum, Citizenship, Community - TELEMMe - Temps, espaces, langages, Europe m\u00e9ridionale, M\u00e9diterran\u00e9e\" \/>\n<meta property=\"og:description\" content=\"Following an interdisciplinary approach, this permanent seminars, articulated in 8 monthly virtual sessions during the academic year 2021-2022, envisages experimenting with a new transversal training, based on research in the&hellip;&nbsp;Lire la suite &raquo;[Museo-Polis] 3rd Session: Museum, Citizenship, Community\" \/>\n<meta property=\"og:url\" content=\"https:\/\/telemme.mmsh.fr\/?tribe_events=museo-polis-3rd-session-museum-citizenship-community\" \/>\n<meta property=\"og:site_name\" content=\"TELEMMe - Temps, espaces, langages, Europe m\u00e9ridionale, M\u00e9diterran\u00e9e\" \/>\n<meta property=\"article:modified_time\" content=\"2022-02-16T15:11:47+00:00\" \/>\n<meta property=\"og:image\" content=\"https:\/\/telemme.mmsh.fr\/wp-content\/uploads\/2022\/01\/cyrille_weiner_mucem_1.jpg\" \/>\n\t<meta property=\"og:image:width\" content=\"500\" \/>\n\t<meta property=\"og:image:height\" content=\"750\" \/>\n\t<meta property=\"og:image:type\" content=\"image\/jpeg\" \/>\n<meta name=\"twitter:card\" content=\"summary_large_image\" \/>\n<meta name=\"twitter:label1\" content=\"Dur\u00e9e de lecture estim\u00e9e\" \/>\n\t<meta name=\"twitter:data1\" content=\"1 minute\" \/>\n<script type=\"application\/ld+json\" class=\"yoast-schema-graph\">{\"@context\":\"https:\\\/\\\/schema.org\",\"@graph\":[{\"@type\":\"WebPage\",\"@id\":\"https:\\\/\\\/telemme.mmsh.fr\\\/?tribe_events=museo-polis-3rd-session-museum-citizenship-community\",\"url\":\"https:\\\/\\\/telemme.mmsh.fr\\\/?tribe_events=museo-polis-3rd-session-museum-citizenship-community\",\"name\":\"[Museo-Polis] 3rd Session: Museum, Citizenship, Community - TELEMMe - Temps, espaces, langages, Europe m\u00e9ridionale, M\u00e9diterran\u00e9e\",\"isPartOf\":{\"@id\":\"https:\\\/\\\/telemme.mmsh.fr\\\/#website\"},\"primaryImageOfPage\":{\"@id\":\"https:\\\/\\\/telemme.mmsh.fr\\\/?tribe_events=museo-polis-3rd-session-museum-citizenship-community#primaryimage\"},\"image\":{\"@id\":\"https:\\\/\\\/telemme.mmsh.fr\\\/?tribe_events=museo-polis-3rd-session-museum-citizenship-community#primaryimage\"},\"thumbnailUrl\":\"https:\\\/\\\/telemme.mmsh.fr\\\/wp-content\\\/uploads\\\/2022\\\/01\\\/cyrille_weiner_mucem_1.jpg\",\"datePublished\":\"2022-01-12T11:48:36+00:00\",\"dateModified\":\"2022-02-16T15:11:47+00:00\",\"breadcrumb\":{\"@id\":\"https:\\\/\\\/telemme.mmsh.fr\\\/?tribe_events=museo-polis-3rd-session-museum-citizenship-community#breadcrumb\"},\"inLanguage\":\"fr-FR\",\"potentialAction\":[{\"@type\":\"ReadAction\",\"target\":[\"https:\\\/\\\/telemme.mmsh.fr\\\/?tribe_events=museo-polis-3rd-session-museum-citizenship-community\"]}]},{\"@type\":\"ImageObject\",\"inLanguage\":\"fr-FR\",\"@id\":\"https:\\\/\\\/telemme.mmsh.fr\\\/?tribe_events=museo-polis-3rd-session-museum-citizenship-community#primaryimage\",\"url\":\"https:\\\/\\\/telemme.mmsh.fr\\\/wp-content\\\/uploads\\\/2022\\\/01\\\/cyrille_weiner_mucem_1.jpg\",\"contentUrl\":\"https:\\\/\\\/telemme.mmsh.fr\\\/wp-content\\\/uploads\\\/2022\\\/01\\\/cyrille_weiner_mucem_1.jpg\",\"width\":500,\"height\":750,\"caption\":\"Mucem \u00a9Cyril Weiner, architectes Rudy Ricciotti et Roland Carta\"},{\"@type\":\"BreadcrumbList\",\"@id\":\"https:\\\/\\\/telemme.mmsh.fr\\\/?tribe_events=museo-polis-3rd-session-museum-citizenship-community#breadcrumb\",\"itemListElement\":[{\"@type\":\"ListItem\",\"position\":1,\"name\":\"Accueil\",\"item\":\"https:\\\/\\\/telemme.mmsh.fr\\\/\"},{\"@type\":\"ListItem\",\"position\":2,\"name\":\"\u00c9v\u00e8nements\",\"item\":\"https:\\\/\\\/telemme.mmsh.fr\\\/?post_type=tribe_events\"},{\"@type\":\"ListItem\",\"position\":3,\"name\":\"S\u00e9minaire interlaboratoire\",\"item\":\"https:\\\/\\\/telemme.mmsh.fr\\\/?tribe_events_cat=seminaire-interlaboratoire\"},{\"@type\":\"ListItem\",\"position\":4,\"name\":\"S\u00e9minaire interlaboratoire \\\"Museo-Polis\\\"\",\"item\":\"https:\\\/\\\/telemme.mmsh.fr\\\/?tribe_events_cat=seminaire-interlaboratoire-museo-polis\"},{\"@type\":\"ListItem\",\"position\":5,\"name\":\"[Museo-Polis] 3rd Session: Museum, Citizenship, Community\"}]},{\"@type\":\"WebSite\",\"@id\":\"https:\\\/\\\/telemme.mmsh.fr\\\/#website\",\"url\":\"https:\\\/\\\/telemme.mmsh.fr\\\/\",\"name\":\"TELEMMe - Temps, espaces, langages, Europe m\u00e9ridionale, M\u00e9diterran\u00e9e\",\"description\":\"\",\"publisher\":{\"@id\":\"https:\\\/\\\/telemme.mmsh.fr\\\/#organization\"},\"potentialAction\":[{\"@type\":\"SearchAction\",\"target\":{\"@type\":\"EntryPoint\",\"urlTemplate\":\"https:\\\/\\\/telemme.mmsh.fr\\\/?s={search_term_string}\"},\"query-input\":{\"@type\":\"PropertyValueSpecification\",\"valueRequired\":true,\"valueName\":\"search_term_string\"}}],\"inLanguage\":\"fr-FR\"},{\"@type\":\"Organization\",\"@id\":\"https:\\\/\\\/telemme.mmsh.fr\\\/#organization\",\"name\":\"TELEMMe\",\"url\":\"https:\\\/\\\/telemme.mmsh.fr\\\/\",\"logo\":{\"@type\":\"ImageObject\",\"inLanguage\":\"fr-FR\",\"@id\":\"https:\\\/\\\/telemme.mmsh.fr\\\/#\\\/schema\\\/logo\\\/image\\\/\",\"url\":\"https:\\\/\\\/telemme.mmsh.fr\\\/wp-content\\\/uploads\\\/2020\\\/03\\\/LogoTELEMMe-horizontal-fond-transparent.png\",\"contentUrl\":\"https:\\\/\\\/telemme.mmsh.fr\\\/wp-content\\\/uploads\\\/2020\\\/03\\\/LogoTELEMMe-horizontal-fond-transparent.png\",\"width\":1500,\"height\":437,\"caption\":\"TELEMMe\"},\"image\":{\"@id\":\"https:\\\/\\\/telemme.mmsh.fr\\\/#\\\/schema\\\/logo\\\/image\\\/\"}}]}<\/script>\n<!-- \/ Yoast SEO plugin. -->","yoast_head_json":{"title":"[Museo-Polis] 3rd Session: Museum, Citizenship, Community - TELEMMe - Temps, espaces, langages, Europe m\u00e9ridionale, M\u00e9diterran\u00e9e","robots":{"index":"index","follow":"follow","max-snippet":"max-snippet:-1","max-image-preview":"max-image-preview:large","max-video-preview":"max-video-preview:-1"},"canonical":"https:\/\/telemme.mmsh.fr\/?tribe_events=museo-polis-3rd-session-museum-citizenship-community","og_locale":"fr_FR","og_type":"article","og_title":"[Museo-Polis] 3rd Session: Museum, Citizenship, Community - TELEMMe - Temps, espaces, langages, Europe m\u00e9ridionale, M\u00e9diterran\u00e9e","og_description":"Following an interdisciplinary approach, this permanent seminars, articulated in 8 monthly virtual sessions during the academic year 2021-2022, envisages experimenting with a new transversal training, based on research in the&hellip;&nbsp;Lire la suite &raquo;[Museo-Polis] 3rd Session: Museum, Citizenship, Community","og_url":"https:\/\/telemme.mmsh.fr\/?tribe_events=museo-polis-3rd-session-museum-citizenship-community","og_site_name":"TELEMMe - Temps, espaces, langages, Europe m\u00e9ridionale, M\u00e9diterran\u00e9e","article_modified_time":"2022-02-16T15:11:47+00:00","og_image":[{"width":500,"height":750,"url":"https:\/\/telemme.mmsh.fr\/wp-content\/uploads\/2022\/01\/cyrille_weiner_mucem_1.jpg","type":"image\/jpeg"}],"twitter_card":"summary_large_image","twitter_misc":{"Dur\u00e9e de lecture estim\u00e9e":"1 minute"},"schema":{"@context":"https:\/\/schema.org","@graph":[{"@type":"WebPage","@id":"https:\/\/telemme.mmsh.fr\/?tribe_events=museo-polis-3rd-session-museum-citizenship-community","url":"https:\/\/telemme.mmsh.fr\/?tribe_events=museo-polis-3rd-session-museum-citizenship-community","name":"[Museo-Polis] 3rd Session: Museum, Citizenship, Community - TELEMMe - Temps, espaces, langages, Europe m\u00e9ridionale, M\u00e9diterran\u00e9e","isPartOf":{"@id":"https:\/\/telemme.mmsh.fr\/#website"},"primaryImageOfPage":{"@id":"https:\/\/telemme.mmsh.fr\/?tribe_events=museo-polis-3rd-session-museum-citizenship-community#primaryimage"},"image":{"@id":"https:\/\/telemme.mmsh.fr\/?tribe_events=museo-polis-3rd-session-museum-citizenship-community#primaryimage"},"thumbnailUrl":"https:\/\/telemme.mmsh.fr\/wp-content\/uploads\/2022\/01\/cyrille_weiner_mucem_1.jpg","datePublished":"2022-01-12T11:48:36+00:00","dateModified":"2022-02-16T15:11:47+00:00","breadcrumb":{"@id":"https:\/\/telemme.mmsh.fr\/?tribe_events=museo-polis-3rd-session-museum-citizenship-community#breadcrumb"},"inLanguage":"fr-FR","potentialAction":[{"@type":"ReadAction","target":["https:\/\/telemme.mmsh.fr\/?tribe_events=museo-polis-3rd-session-museum-citizenship-community"]}]},{"@type":"ImageObject","inLanguage":"fr-FR","@id":"https:\/\/telemme.mmsh.fr\/?tribe_events=museo-polis-3rd-session-museum-citizenship-community#primaryimage","url":"https:\/\/telemme.mmsh.fr\/wp-content\/uploads\/2022\/01\/cyrille_weiner_mucem_1.jpg","contentUrl":"https:\/\/telemme.mmsh.fr\/wp-content\/uploads\/2022\/01\/cyrille_weiner_mucem_1.jpg","width":500,"height":750,"caption":"Mucem \u00a9Cyril Weiner, architectes Rudy Ricciotti et Roland Carta"},{"@type":"BreadcrumbList","@id":"https:\/\/telemme.mmsh.fr\/?tribe_events=museo-polis-3rd-session-museum-citizenship-community#breadcrumb","itemListElement":[{"@type":"ListItem","position":1,"name":"Accueil","item":"https:\/\/telemme.mmsh.fr\/"},{"@type":"ListItem","position":2,"name":"\u00c9v\u00e8nements","item":"https:\/\/telemme.mmsh.fr\/?post_type=tribe_events"},{"@type":"ListItem","position":3,"name":"S\u00e9minaire interlaboratoire","item":"https:\/\/telemme.mmsh.fr\/?tribe_events_cat=seminaire-interlaboratoire"},{"@type":"ListItem","position":4,"name":"S\u00e9minaire interlaboratoire \"Museo-Polis\"","item":"https:\/\/telemme.mmsh.fr\/?tribe_events_cat=seminaire-interlaboratoire-museo-polis"},{"@type":"ListItem","position":5,"name":"[Museo-Polis] 3rd Session: Museum, Citizenship, Community"}]},{"@type":"WebSite","@id":"https:\/\/telemme.mmsh.fr\/#website","url":"https:\/\/telemme.mmsh.fr\/","name":"TELEMMe - Temps, espaces, langages, Europe m\u00e9ridionale, M\u00e9diterran\u00e9e","description":"","publisher":{"@id":"https:\/\/telemme.mmsh.fr\/#organization"},"potentialAction":[{"@type":"SearchAction","target":{"@type":"EntryPoint","urlTemplate":"https:\/\/telemme.mmsh.fr\/?s={search_term_string}"},"query-input":{"@type":"PropertyValueSpecification","valueRequired":true,"valueName":"search_term_string"}}],"inLanguage":"fr-FR"},{"@type":"Organization","@id":"https:\/\/telemme.mmsh.fr\/#organization","name":"TELEMMe","url":"https:\/\/telemme.mmsh.fr\/","logo":{"@type":"ImageObject","inLanguage":"fr-FR","@id":"https:\/\/telemme.mmsh.fr\/#\/schema\/logo\/image\/","url":"https:\/\/telemme.mmsh.fr\/wp-content\/uploads\/2020\/03\/LogoTELEMMe-horizontal-fond-transparent.png","contentUrl":"https:\/\/telemme.mmsh.fr\/wp-content\/uploads\/2020\/03\/LogoTELEMMe-horizontal-fond-transparent.png","width":1500,"height":437,"caption":"TELEMMe"},"image":{"@id":"https:\/\/telemme.mmsh.fr\/#\/schema\/logo\/image\/"}}]}},"_links":{"self":[{"href":"https:\/\/telemme.mmsh.fr\/index.php?rest_route=\/wp\/v2\/tribe_events\/10359","targetHints":{"allow":["GET"]}}],"collection":[{"href":"https:\/\/telemme.mmsh.fr\/index.php?rest_route=\/wp\/v2\/tribe_events"}],"about":[{"href":"https:\/\/telemme.mmsh.fr\/index.php?rest_route=\/wp\/v2\/types\/tribe_events"}],"author":[{"embeddable":true,"href":"https:\/\/telemme.mmsh.fr\/index.php?rest_route=\/wp\/v2\/users\/6"}],"version-history":[{"count":3,"href":"https:\/\/telemme.mmsh.fr\/index.php?rest_route=\/wp\/v2\/tribe_events\/10359\/revisions"}],"predecessor-version":[{"id":10599,"href":"https:\/\/telemme.mmsh.fr\/index.php?rest_route=\/wp\/v2\/tribe_events\/10359\/revisions\/10599"}],"wp:featuredmedia":[{"embeddable":true,"href":"https:\/\/telemme.mmsh.fr\/index.php?rest_route=\/wp\/v2\/media\/10417"}],"wp:attachment":[{"href":"https:\/\/telemme.mmsh.fr\/index.php?rest_route=%2Fwp%2Fv2%2Fmedia&parent=10359"}],"wp:term":[{"taxonomy":"post_tag","embeddable":true,"href":"https:\/\/telemme.mmsh.fr\/index.php?rest_route=%2Fwp%2Fv2%2Ftags&post=10359"},{"taxonomy":"tribe_events_cat","embeddable":true,"href":"https:\/\/telemme.mmsh.fr\/index.php?rest_route=%2Fwp%2Fv2%2Ftribe_events_cat&post=10359"}],"curies":[{"name":"wp","href":"https:\/\/api.w.org\/{rel}","templated":true}]}}