{"id":10156,"date":"2021-12-09T10:23:22","date_gmt":"2021-12-09T09:23:22","guid":{"rendered":"https:\/\/telemme.mmsh.fr\/?post_type=tribe_events&#038;p=10156"},"modified":"2022-06-14T16:18:27","modified_gmt":"2022-06-14T14:18:27","slug":"balkans-connectes-quatriemes-rencontres-detudes-balkaniques","status":"publish","type":"tribe_events","link":"https:\/\/telemme.mmsh.fr\/?tribe_events=balkans-connectes-quatriemes-rencontres-detudes-balkaniques","title":{"rendered":"Balkans connect\u00e9s | Connected Balkans. Quatri\u00e8mes rencontres d\u2019\u00e9tudes balkaniques | The Fourth Conference in Balkan Studies"},"content":{"rendered":"<p><em>Ce colloque est organis\u00e9 par l\u2019Association fran\u00e7aise d\u2019\u00e9tudes sur les Balkans (AFEBalk), avec le soutien de l\u2019\u00c9cole fran\u00e7aise d\u2019Ath\u00e8nes<\/em>\u00a0et\u00a0<em>des laboratoires de recherche Centre Andr\u00e9 Chastel (CNRS, Sorbonne Universit\u00e9, Minist\u00e8re de la Culture), CETOBaC (CNRS, EHESS, Coll\u00e8ge de France), IDEMEC (CNRS, AMU),\u00a0MESOPOLHIS (CNRS, AMU, Sciences Po Aix)\u00a0et TELEMMe (CNRS, AMU), de l\u2019Institut fran\u00e7ais de g\u00e9opolitique (Paris VIII), de l\u2019Universit\u00e9 de Lorraine, en collaboration avec le MuCEM.<\/em><\/p>\n<ul>\n<li>Le site du colloque : <a href=\"https:\/\/etudesbalk4.sciencesconf.org\/\">https:\/\/etudesbalk4.sciencesconf.org\/<\/a><\/li>\n<li>Association fran\u00e7aise d\u2019\u00e9tudes sur les Balkans (AFEBalk):\u00a0<a href=\"https:\/\/afebalk.hypotheses.org\/\">https:\/\/afebalk.hypotheses.org\/<\/a><\/li>\n<\/ul>\n<p>Organis\u00e9es par l\u2019AFEBalk, les \u00ab Quatri\u00e8mes rencontres d\u2019\u00e9tudes balkaniques \u00bb se tiendront au Mucem de Marseille entre le 30 juin et le 2 juillet 2022. Dans le prolongement des rencontres pr\u00e9c\u00e9dentes, l\u2019\u00e9v\u00e9nement de 2022 vise \u00e0 rassembler les forces vives de la recherche sur les Balkans autour d\u2019un th\u00e8me transversal. Cette ann\u00e9e, la th\u00e9matique \u00ab Balkans connect\u00e9s \/ <em>connected Balkans<\/em> \u00bb permettra la tenue d\u2019un colloque g\u00e9n\u00e9raliste d\u2019<em>area studies<\/em> ouvert \u00e0 toutes les disciplines des sciences humaines et sociales, tout en invitant \u00e0 une r\u00e9flexion critique sur ce type d\u2019approche et sur l\u2019organisation des savoirs, en encourageant tout autant la comparaison que les jeux d\u2019\u00e9chelle.<\/p>\n<p><a href=\"https:\/\/telemme.mmsh.fr\/?evenement=balkans-connectes-connected-balkans\"><strong>Programme complet<\/strong><\/a><\/p>\n<p>&nbsp;<\/p>\n","protected":false},"excerpt":{"rendered":"<p>Ce colloque est organis\u00e9 par l\u2019Association fran\u00e7aise d\u2019\u00e9tudes sur les Balkans (AFEBalk), avec le soutien de l\u2019\u00c9cole fran\u00e7aise d\u2019Ath\u00e8nes\u00a0et\u00a0des laboratoires de recherche Centre Andr\u00e9 Chastel (CNRS, Sorbonne Universit\u00e9, Minist\u00e8re de&hellip;&nbsp;<a href=\"https:\/\/telemme.mmsh.fr\/?tribe_events=balkans-connectes-quatriemes-rencontres-detudes-balkaniques\" rel=\"bookmark\">Lire la suite &raquo;<span class=\"screen-reader-text\">Balkans connect\u00e9s | Connected Balkans. Quatri\u00e8mes rencontres d\u2019\u00e9tudes balkaniques | The Fourth Conference in Balkan Studies<\/span><\/a><\/p>\n","protected":false},"author":6,"featured_media":11217,"template":"","meta":{"neve_meta_sidebar":"","neve_meta_container":"","neve_meta_enable_content_width":"","neve_meta_content_width":0,"neve_meta_title_alignment":"","neve_meta_author_avatar":"","neve_post_elements_order":"","neve_meta_disable_header":"","neve_meta_disable_footer":"","neve_meta_disable_title":"","_tribe_events_status":"","_tribe_events_status_reason":"","footnotes":""},"tags":[1931],"tribe_events_cat":[2063],"class_list":["post-10156","tribe_events","type-tribe_events","status-publish","has-post-thumbnail","hentry","tag-balkans","tribe_events_cat-colloque","cat_colloque"],"yoast_head":"<!-- This site is optimized with the Yoast SEO plugin v27.4 - https:\/\/yoast.com\/product\/yoast-seo-wordpress\/ -->\n<title>Balkans connect\u00e9s | Connected Balkans. Quatri\u00e8mes rencontres d\u2019\u00e9tudes balkaniques | The Fourth Conference in Balkan Studies - TELEMMe - Temps, espaces, langages, Europe m\u00e9ridionale, M\u00e9diterran\u00e9e<\/title>\n<meta name=\"description\" content=\"Organis\u00e9es par l\u2019AFEBalk, les \u00ab Quatri\u00e8mes rencontres d\u2019\u00e9tudes balkaniques \u00bb se tiendront au Mucem de Marseille entre le 30 juin et le 2 juillet 2022. Dans le prolongement des rencontres pr\u00e9c\u00e9dentes, l\u2019\u00e9v\u00e9nement de 2022 vise \u00e0 rassembler les forces vives de la recherche sur les Balkans autour d\u2019un th\u00e8me transversal. Cette ann\u00e9e, la th\u00e9matique \u00ab Balkans connect\u00e9s \/ connected Balkans \u00bb permettra la tenue d\u2019un colloque g\u00e9n\u00e9raliste d\u2019area studies ouvert \u00e0 toutes les disciplines des sciences humaines et sociales, tout en invitant \u00e0 une r\u00e9flexion critique sur ce type d\u2019approche et sur l\u2019organisation des savoirs, en encourageant tout autant la comparaison que les jeux d\u2019\u00e9chelle.\" \/>\n<meta name=\"robots\" content=\"index, follow, max-snippet:-1, max-image-preview:large, max-video-preview:-1\" \/>\n<link rel=\"canonical\" href=\"https:\/\/telemme.mmsh.fr\/?tribe_events=balkans-connectes-quatriemes-rencontres-detudes-balkaniques\" \/>\n<meta property=\"og:locale\" content=\"fr_FR\" \/>\n<meta property=\"og:type\" content=\"article\" \/>\n<meta property=\"og:title\" content=\"Balkans connect\u00e9s | Connected Balkans. Quatri\u00e8mes rencontres d\u2019\u00e9tudes balkaniques | The Fourth Conference in Balkan Studies - TELEMMe - Temps, espaces, langages, Europe m\u00e9ridionale, M\u00e9diterran\u00e9e\" \/>\n<meta property=\"og:description\" content=\"Organis\u00e9es par l\u2019AFEBalk, les \u00ab Quatri\u00e8mes rencontres d\u2019\u00e9tudes balkaniques \u00bb se tiendront au Mucem de Marseille entre le 30 juin et le 2 juillet 2022. Dans le prolongement des rencontres pr\u00e9c\u00e9dentes, l\u2019\u00e9v\u00e9nement de 2022 vise \u00e0 rassembler les forces vives de la recherche sur les Balkans autour d\u2019un th\u00e8me transversal. Cette ann\u00e9e, la th\u00e9matique \u00ab Balkans connect\u00e9s \/ connected Balkans \u00bb permettra la tenue d\u2019un colloque g\u00e9n\u00e9raliste d\u2019area studies ouvert \u00e0 toutes les disciplines des sciences humaines et sociales, tout en invitant \u00e0 une r\u00e9flexion critique sur ce type d\u2019approche et sur l\u2019organisation des savoirs, en encourageant tout autant la comparaison que les jeux d\u2019\u00e9chelle.\" \/>\n<meta property=\"og:url\" content=\"https:\/\/telemme.mmsh.fr\/?tribe_events=balkans-connectes-quatriemes-rencontres-detudes-balkaniques\" \/>\n<meta property=\"og:site_name\" content=\"TELEMMe - Temps, espaces, langages, Europe m\u00e9ridionale, M\u00e9diterran\u00e9e\" \/>\n<meta property=\"article:modified_time\" content=\"2022-06-14T14:18:27+00:00\" \/>\n<meta property=\"og:image\" content=\"https:\/\/telemme.mmsh.fr\/wp-content\/uploads\/2021\/12\/Balkans-connectes-FB.png\" \/>\n\t<meta property=\"og:image:width\" content=\"1640\" \/>\n\t<meta property=\"og:image:height\" content=\"924\" \/>\n\t<meta property=\"og:image:type\" content=\"image\/png\" \/>\n<meta name=\"twitter:card\" content=\"summary_large_image\" \/>\n<meta name=\"twitter:label1\" content=\"Dur\u00e9e de lecture estim\u00e9e\" \/>\n\t<meta name=\"twitter:data1\" content=\"1 minute\" \/>\n<script type=\"application\/ld+json\" class=\"yoast-schema-graph\">{\"@context\":\"https:\\\/\\\/schema.org\",\"@graph\":[{\"@type\":\"WebPage\",\"@id\":\"https:\\\/\\\/telemme.mmsh.fr\\\/?tribe_events=balkans-connectes-quatriemes-rencontres-detudes-balkaniques\",\"url\":\"https:\\\/\\\/telemme.mmsh.fr\\\/?tribe_events=balkans-connectes-quatriemes-rencontres-detudes-balkaniques\",\"name\":\"Balkans connect\u00e9s | Connected Balkans. Quatri\u00e8mes rencontres d\u2019\u00e9tudes balkaniques | The Fourth Conference in Balkan Studies - TELEMMe - Temps, espaces, langages, Europe m\u00e9ridionale, M\u00e9diterran\u00e9e\",\"isPartOf\":{\"@id\":\"https:\\\/\\\/telemme.mmsh.fr\\\/#website\"},\"primaryImageOfPage\":{\"@id\":\"https:\\\/\\\/telemme.mmsh.fr\\\/?tribe_events=balkans-connectes-quatriemes-rencontres-detudes-balkaniques#primaryimage\"},\"image\":{\"@id\":\"https:\\\/\\\/telemme.mmsh.fr\\\/?tribe_events=balkans-connectes-quatriemes-rencontres-detudes-balkaniques#primaryimage\"},\"thumbnailUrl\":\"https:\\\/\\\/telemme.mmsh.fr\\\/wp-content\\\/uploads\\\/2021\\\/12\\\/Balkans-connectes-FB.png\",\"datePublished\":\"2021-12-09T09:23:22+00:00\",\"dateModified\":\"2022-06-14T14:18:27+00:00\",\"description\":\"Organis\u00e9es par l\u2019AFEBalk, les \u00ab Quatri\u00e8mes rencontres d\u2019\u00e9tudes balkaniques \u00bb se tiendront au Mucem de Marseille entre le 30 juin et le 2 juillet 2022. Dans le prolongement des rencontres pr\u00e9c\u00e9dentes, l\u2019\u00e9v\u00e9nement de 2022 vise \u00e0 rassembler les forces vives de la recherche sur les Balkans autour d\u2019un th\u00e8me transversal. Cette ann\u00e9e, la th\u00e9matique \u00ab Balkans connect\u00e9s \\\/ connected Balkans \u00bb permettra la tenue d\u2019un colloque g\u00e9n\u00e9raliste d\u2019area studies ouvert \u00e0 toutes les disciplines des sciences humaines et sociales, tout en invitant \u00e0 une r\u00e9flexion critique sur ce type d\u2019approche et sur l\u2019organisation des savoirs, en encourageant tout autant la comparaison que les jeux d\u2019\u00e9chelle.\",\"breadcrumb\":{\"@id\":\"https:\\\/\\\/telemme.mmsh.fr\\\/?tribe_events=balkans-connectes-quatriemes-rencontres-detudes-balkaniques#breadcrumb\"},\"inLanguage\":\"fr-FR\",\"potentialAction\":[{\"@type\":\"ReadAction\",\"target\":[\"https:\\\/\\\/telemme.mmsh.fr\\\/?tribe_events=balkans-connectes-quatriemes-rencontres-detudes-balkaniques\"]}]},{\"@type\":\"ImageObject\",\"inLanguage\":\"fr-FR\",\"@id\":\"https:\\\/\\\/telemme.mmsh.fr\\\/?tribe_events=balkans-connectes-quatriemes-rencontres-detudes-balkaniques#primaryimage\",\"url\":\"https:\\\/\\\/telemme.mmsh.fr\\\/wp-content\\\/uploads\\\/2021\\\/12\\\/Balkans-connectes-FB.png\",\"contentUrl\":\"https:\\\/\\\/telemme.mmsh.fr\\\/wp-content\\\/uploads\\\/2021\\\/12\\\/Balkans-connectes-FB.png\",\"width\":1640,\"height\":924},{\"@type\":\"BreadcrumbList\",\"@id\":\"https:\\\/\\\/telemme.mmsh.fr\\\/?tribe_events=balkans-connectes-quatriemes-rencontres-detudes-balkaniques#breadcrumb\",\"itemListElement\":[{\"@type\":\"ListItem\",\"position\":1,\"name\":\"Accueil\",\"item\":\"https:\\\/\\\/telemme.mmsh.fr\\\/\"},{\"@type\":\"ListItem\",\"position\":2,\"name\":\"\u00c9v\u00e8nements\",\"item\":\"https:\\\/\\\/telemme.mmsh.fr\\\/?post_type=tribe_events\"},{\"@type\":\"ListItem\",\"position\":3,\"name\":\"Colloque\",\"item\":\"https:\\\/\\\/telemme.mmsh.fr\\\/?tribe_events_cat=colloque\"},{\"@type\":\"ListItem\",\"position\":4,\"name\":\"Balkans connect\u00e9s | Connected Balkans. Quatri\u00e8mes rencontres d\u2019\u00e9tudes balkaniques | The Fourth Conference in Balkan Studies\"}]},{\"@type\":\"WebSite\",\"@id\":\"https:\\\/\\\/telemme.mmsh.fr\\\/#website\",\"url\":\"https:\\\/\\\/telemme.mmsh.fr\\\/\",\"name\":\"TELEMMe - Temps, espaces, langages, Europe m\u00e9ridionale, M\u00e9diterran\u00e9e\",\"description\":\"\",\"publisher\":{\"@id\":\"https:\\\/\\\/telemme.mmsh.fr\\\/#organization\"},\"potentialAction\":[{\"@type\":\"SearchAction\",\"target\":{\"@type\":\"EntryPoint\",\"urlTemplate\":\"https:\\\/\\\/telemme.mmsh.fr\\\/?s={search_term_string}\"},\"query-input\":{\"@type\":\"PropertyValueSpecification\",\"valueRequired\":true,\"valueName\":\"search_term_string\"}}],\"inLanguage\":\"fr-FR\"},{\"@type\":\"Organization\",\"@id\":\"https:\\\/\\\/telemme.mmsh.fr\\\/#organization\",\"name\":\"TELEMMe\",\"url\":\"https:\\\/\\\/telemme.mmsh.fr\\\/\",\"logo\":{\"@type\":\"ImageObject\",\"inLanguage\":\"fr-FR\",\"@id\":\"https:\\\/\\\/telemme.mmsh.fr\\\/#\\\/schema\\\/logo\\\/image\\\/\",\"url\":\"https:\\\/\\\/telemme.mmsh.fr\\\/wp-content\\\/uploads\\\/2020\\\/03\\\/LogoTELEMMe-horizontal-fond-transparent.png\",\"contentUrl\":\"https:\\\/\\\/telemme.mmsh.fr\\\/wp-content\\\/uploads\\\/2020\\\/03\\\/LogoTELEMMe-horizontal-fond-transparent.png\",\"width\":1500,\"height\":437,\"caption\":\"TELEMMe\"},\"image\":{\"@id\":\"https:\\\/\\\/telemme.mmsh.fr\\\/#\\\/schema\\\/logo\\\/image\\\/\"}}]}<\/script>\n<!-- \/ Yoast SEO plugin. -->","yoast_head_json":{"title":"Balkans connect\u00e9s | Connected Balkans. Quatri\u00e8mes rencontres d\u2019\u00e9tudes balkaniques | The Fourth Conference in Balkan Studies - TELEMMe - Temps, espaces, langages, Europe m\u00e9ridionale, M\u00e9diterran\u00e9e","description":"Organis\u00e9es par l\u2019AFEBalk, les \u00ab Quatri\u00e8mes rencontres d\u2019\u00e9tudes balkaniques \u00bb se tiendront au Mucem de Marseille entre le 30 juin et le 2 juillet 2022. Dans le prolongement des rencontres pr\u00e9c\u00e9dentes, l\u2019\u00e9v\u00e9nement de 2022 vise \u00e0 rassembler les forces vives de la recherche sur les Balkans autour d\u2019un th\u00e8me transversal. Cette ann\u00e9e, la th\u00e9matique \u00ab Balkans connect\u00e9s \/ connected Balkans \u00bb permettra la tenue d\u2019un colloque g\u00e9n\u00e9raliste d\u2019area studies ouvert \u00e0 toutes les disciplines des sciences humaines et sociales, tout en invitant \u00e0 une r\u00e9flexion critique sur ce type d\u2019approche et sur l\u2019organisation des savoirs, en encourageant tout autant la comparaison que les jeux d\u2019\u00e9chelle.","robots":{"index":"index","follow":"follow","max-snippet":"max-snippet:-1","max-image-preview":"max-image-preview:large","max-video-preview":"max-video-preview:-1"},"canonical":"https:\/\/telemme.mmsh.fr\/?tribe_events=balkans-connectes-quatriemes-rencontres-detudes-balkaniques","og_locale":"fr_FR","og_type":"article","og_title":"Balkans connect\u00e9s | Connected Balkans. Quatri\u00e8mes rencontres d\u2019\u00e9tudes balkaniques | The Fourth Conference in Balkan Studies - TELEMMe - Temps, espaces, langages, Europe m\u00e9ridionale, M\u00e9diterran\u00e9e","og_description":"Organis\u00e9es par l\u2019AFEBalk, les \u00ab Quatri\u00e8mes rencontres d\u2019\u00e9tudes balkaniques \u00bb se tiendront au Mucem de Marseille entre le 30 juin et le 2 juillet 2022. Dans le prolongement des rencontres pr\u00e9c\u00e9dentes, l\u2019\u00e9v\u00e9nement de 2022 vise \u00e0 rassembler les forces vives de la recherche sur les Balkans autour d\u2019un th\u00e8me transversal. Cette ann\u00e9e, la th\u00e9matique \u00ab Balkans connect\u00e9s \/ connected Balkans \u00bb permettra la tenue d\u2019un colloque g\u00e9n\u00e9raliste d\u2019area studies ouvert \u00e0 toutes les disciplines des sciences humaines et sociales, tout en invitant \u00e0 une r\u00e9flexion critique sur ce type d\u2019approche et sur l\u2019organisation des savoirs, en encourageant tout autant la comparaison que les jeux d\u2019\u00e9chelle.","og_url":"https:\/\/telemme.mmsh.fr\/?tribe_events=balkans-connectes-quatriemes-rencontres-detudes-balkaniques","og_site_name":"TELEMMe - Temps, espaces, langages, Europe m\u00e9ridionale, M\u00e9diterran\u00e9e","article_modified_time":"2022-06-14T14:18:27+00:00","og_image":[{"width":1640,"height":924,"url":"https:\/\/telemme.mmsh.fr\/wp-content\/uploads\/2021\/12\/Balkans-connectes-FB.png","type":"image\/png"}],"twitter_card":"summary_large_image","twitter_misc":{"Dur\u00e9e de lecture estim\u00e9e":"1 minute"},"schema":{"@context":"https:\/\/schema.org","@graph":[{"@type":"WebPage","@id":"https:\/\/telemme.mmsh.fr\/?tribe_events=balkans-connectes-quatriemes-rencontres-detudes-balkaniques","url":"https:\/\/telemme.mmsh.fr\/?tribe_events=balkans-connectes-quatriemes-rencontres-detudes-balkaniques","name":"Balkans connect\u00e9s | Connected Balkans. Quatri\u00e8mes rencontres d\u2019\u00e9tudes balkaniques | The Fourth Conference in Balkan Studies - TELEMMe - Temps, espaces, langages, Europe m\u00e9ridionale, M\u00e9diterran\u00e9e","isPartOf":{"@id":"https:\/\/telemme.mmsh.fr\/#website"},"primaryImageOfPage":{"@id":"https:\/\/telemme.mmsh.fr\/?tribe_events=balkans-connectes-quatriemes-rencontres-detudes-balkaniques#primaryimage"},"image":{"@id":"https:\/\/telemme.mmsh.fr\/?tribe_events=balkans-connectes-quatriemes-rencontres-detudes-balkaniques#primaryimage"},"thumbnailUrl":"https:\/\/telemme.mmsh.fr\/wp-content\/uploads\/2021\/12\/Balkans-connectes-FB.png","datePublished":"2021-12-09T09:23:22+00:00","dateModified":"2022-06-14T14:18:27+00:00","description":"Organis\u00e9es par l\u2019AFEBalk, les \u00ab Quatri\u00e8mes rencontres d\u2019\u00e9tudes balkaniques \u00bb se tiendront au Mucem de Marseille entre le 30 juin et le 2 juillet 2022. Dans le prolongement des rencontres pr\u00e9c\u00e9dentes, l\u2019\u00e9v\u00e9nement de 2022 vise \u00e0 rassembler les forces vives de la recherche sur les Balkans autour d\u2019un th\u00e8me transversal. Cette ann\u00e9e, la th\u00e9matique \u00ab Balkans connect\u00e9s \/ connected Balkans \u00bb permettra la tenue d\u2019un colloque g\u00e9n\u00e9raliste d\u2019area studies ouvert \u00e0 toutes les disciplines des sciences humaines et sociales, tout en invitant \u00e0 une r\u00e9flexion critique sur ce type d\u2019approche et sur l\u2019organisation des savoirs, en encourageant tout autant la comparaison que les jeux d\u2019\u00e9chelle.","breadcrumb":{"@id":"https:\/\/telemme.mmsh.fr\/?tribe_events=balkans-connectes-quatriemes-rencontres-detudes-balkaniques#breadcrumb"},"inLanguage":"fr-FR","potentialAction":[{"@type":"ReadAction","target":["https:\/\/telemme.mmsh.fr\/?tribe_events=balkans-connectes-quatriemes-rencontres-detudes-balkaniques"]}]},{"@type":"ImageObject","inLanguage":"fr-FR","@id":"https:\/\/telemme.mmsh.fr\/?tribe_events=balkans-connectes-quatriemes-rencontres-detudes-balkaniques#primaryimage","url":"https:\/\/telemme.mmsh.fr\/wp-content\/uploads\/2021\/12\/Balkans-connectes-FB.png","contentUrl":"https:\/\/telemme.mmsh.fr\/wp-content\/uploads\/2021\/12\/Balkans-connectes-FB.png","width":1640,"height":924},{"@type":"BreadcrumbList","@id":"https:\/\/telemme.mmsh.fr\/?tribe_events=balkans-connectes-quatriemes-rencontres-detudes-balkaniques#breadcrumb","itemListElement":[{"@type":"ListItem","position":1,"name":"Accueil","item":"https:\/\/telemme.mmsh.fr\/"},{"@type":"ListItem","position":2,"name":"\u00c9v\u00e8nements","item":"https:\/\/telemme.mmsh.fr\/?post_type=tribe_events"},{"@type":"ListItem","position":3,"name":"Colloque","item":"https:\/\/telemme.mmsh.fr\/?tribe_events_cat=colloque"},{"@type":"ListItem","position":4,"name":"Balkans connect\u00e9s | Connected Balkans. Quatri\u00e8mes rencontres d\u2019\u00e9tudes balkaniques | The Fourth Conference in Balkan Studies"}]},{"@type":"WebSite","@id":"https:\/\/telemme.mmsh.fr\/#website","url":"https:\/\/telemme.mmsh.fr\/","name":"TELEMMe - Temps, espaces, langages, Europe m\u00e9ridionale, M\u00e9diterran\u00e9e","description":"","publisher":{"@id":"https:\/\/telemme.mmsh.fr\/#organization"},"potentialAction":[{"@type":"SearchAction","target":{"@type":"EntryPoint","urlTemplate":"https:\/\/telemme.mmsh.fr\/?s={search_term_string}"},"query-input":{"@type":"PropertyValueSpecification","valueRequired":true,"valueName":"search_term_string"}}],"inLanguage":"fr-FR"},{"@type":"Organization","@id":"https:\/\/telemme.mmsh.fr\/#organization","name":"TELEMMe","url":"https:\/\/telemme.mmsh.fr\/","logo":{"@type":"ImageObject","inLanguage":"fr-FR","@id":"https:\/\/telemme.mmsh.fr\/#\/schema\/logo\/image\/","url":"https:\/\/telemme.mmsh.fr\/wp-content\/uploads\/2020\/03\/LogoTELEMMe-horizontal-fond-transparent.png","contentUrl":"https:\/\/telemme.mmsh.fr\/wp-content\/uploads\/2020\/03\/LogoTELEMMe-horizontal-fond-transparent.png","width":1500,"height":437,"caption":"TELEMMe"},"image":{"@id":"https:\/\/telemme.mmsh.fr\/#\/schema\/logo\/image\/"}}]}},"_links":{"self":[{"href":"https:\/\/telemme.mmsh.fr\/index.php?rest_route=\/wp\/v2\/tribe_events\/10156","targetHints":{"allow":["GET"]}}],"collection":[{"href":"https:\/\/telemme.mmsh.fr\/index.php?rest_route=\/wp\/v2\/tribe_events"}],"about":[{"href":"https:\/\/telemme.mmsh.fr\/index.php?rest_route=\/wp\/v2\/types\/tribe_events"}],"author":[{"embeddable":true,"href":"https:\/\/telemme.mmsh.fr\/index.php?rest_route=\/wp\/v2\/users\/6"}],"version-history":[{"count":5,"href":"https:\/\/telemme.mmsh.fr\/index.php?rest_route=\/wp\/v2\/tribe_events\/10156\/revisions"}],"predecessor-version":[{"id":11229,"href":"https:\/\/telemme.mmsh.fr\/index.php?rest_route=\/wp\/v2\/tribe_events\/10156\/revisions\/11229"}],"wp:featuredmedia":[{"embeddable":true,"href":"https:\/\/telemme.mmsh.fr\/index.php?rest_route=\/wp\/v2\/media\/11217"}],"wp:attachment":[{"href":"https:\/\/telemme.mmsh.fr\/index.php?rest_route=%2Fwp%2Fv2%2Fmedia&parent=10156"}],"wp:term":[{"taxonomy":"post_tag","embeddable":true,"href":"https:\/\/telemme.mmsh.fr\/index.php?rest_route=%2Fwp%2Fv2%2Ftags&post=10156"},{"taxonomy":"tribe_events_cat","embeddable":true,"href":"https:\/\/telemme.mmsh.fr\/index.php?rest_route=%2Fwp%2Fv2%2Ftribe_events_cat&post=10156"}],"curies":[{"name":"wp","href":"https:\/\/api.w.org\/{rel}","templated":true}]}}