{"id":10096,"date":"2021-11-26T17:01:06","date_gmt":"2021-11-26T16:01:06","guid":{"rendered":"https:\/\/telemme.mmsh.fr\/?post_type=tribe_events&#038;p=10096"},"modified":"2021-11-26T17:01:06","modified_gmt":"2021-11-26T16:01:06","slug":"cadavres-anonymes","status":"publish","type":"tribe_events","link":"https:\/\/telemme.mmsh.fr\/?tribe_events=cadavres-anonymes","title":{"rendered":"Cadavres anonymes"},"content":{"rendered":"<p>La prochaine s\u00e9ance du s\u00e9minaire interlaboratoire AMU \u00a0ADES \u2013 TELEMMe\u00a0<strong><em>Histoire et anthropologie de la mort<\/em><\/strong>\u00a0se tiendra le 3 d\u00e9cembre\u00a0prochain, de 10 h \u00e0 12 h 30 et de 14 h \u00e0 16 h 30.<br \/>\nElle aura lieu \u00a0<b class=\"\">en mode hybride : en\u00a0<\/b><b class=\"\">pr\u00e9sentiel \u00e0 la Facult\u00e9 de m\u00e9decine de la Timone \u00e0 Marseille, et via Zoom<\/b>.<\/p>\n<p>Elle portera sur le th\u00e8me\u00a0<em><b class=\"\">Cadavres anonymes<\/b><\/em>\u00a0:<br \/>\nLa question des corps non-identifi\u00e9s se rencontre dans les conditions de d\u00e9c\u00e8s solitaires engendr\u00e9es par l\u2019anonymat urbain, dans tous les contextes marqu\u00e9s par les violences de masse ou lors des catastrophes qu\u2019elles soient sanitaires, \u00ab naturelles \u00bb ou industrielles\u00a0 lorsqu\u2019un grand nombre de d\u00e9c\u00e8s interviennent simultan\u00e9ment ; cette situation se traduit alors par la pr\u00e9sence persistante et probl\u00e9matique de corps anonymes ou de restes humains qui demeurent parfois non-identifi\u00e9s durant une p\u00e9riode de temps extr\u00eamement longue. La simple pr\u00e9sence de ces cadavres anonymes, tout autant que leur prise en charge mortuaire et fun\u00e9raire, pose alors aux soci\u00e9t\u00e9s comme aux individus de nombreuses questions (d\u2019ordre techniques, juridiques, morales ou politiques) que cette journ\u00e9e de pr\u00e9sentations et de discussion entend pr\u00e9cis\u00e9ment aborder.<br \/>\nNous entendrons le matin\u00a0Bruno Bertherat (Universit\u00e9 d\u2019Avignon) sur la gestion des corps \u00e0 la morgue au XIXe si\u00e8cle et Jean-Marc Dreyfus (Universit\u00e9 de Manchester) sur le cas des corps des camps d\u2019extermination de la Deuxi\u00e8me guerre mondiale ; l\u2019apr\u00e8s-midi\u00a0Elisabeth\u00a0Anstett (CNRS) \u00a0sur la prise en charge fun\u00e9raire des d\u00e9pouilles en contexte de violence de masse\u00a0et Pascal Adalian (AMU) sur les proc\u00e9dures d\u2019identification des corps en\u00a0anthropologie\u00a0m\u00e9dico-l\u00e9gale.<\/p>\n<p><a href=\"https:\/\/telemme.mmsh.fr\/?evenement=cadavres-anonymes\"><strong>Plus d&rsquo;informations<\/strong><\/a><\/p>\n","protected":false},"excerpt":{"rendered":"<p>La prochaine s\u00e9ance du s\u00e9minaire interlaboratoire AMU \u00a0ADES \u2013 TELEMMe\u00a0Histoire et anthropologie de la mort\u00a0se tiendra le 3 d\u00e9cembre\u00a0prochain, de 10 h \u00e0 12 h 30 et de 14 h&hellip;&nbsp;<a href=\"https:\/\/telemme.mmsh.fr\/?tribe_events=cadavres-anonymes\" rel=\"bookmark\">Lire la suite &raquo;<span class=\"screen-reader-text\">Cadavres anonymes<\/span><\/a><\/p>\n","protected":false},"author":6,"featured_media":9267,"template":"","meta":{"neve_meta_sidebar":"","neve_meta_container":"","neve_meta_enable_content_width":"","neve_meta_content_width":0,"neve_meta_title_alignment":"","neve_meta_author_avatar":"","neve_post_elements_order":"","neve_meta_disable_header":"","neve_meta_disable_footer":"","neve_meta_disable_title":"","_tribe_events_status":"","_tribe_events_status_reason":"","footnotes":""},"tags":[2083],"tribe_events_cat":[2308],"class_list":["post-10096","tribe_events","type-tribe_events","status-publish","has-post-thumbnail","hentry","tag-cadavre","tribe_events_cat-seminaire-histoire-et-anthropologie-de-la-mort","cat_seminaire-histoire-et-anthropologie-de-la-mort"],"yoast_head":"<!-- This site is optimized with the Yoast SEO plugin v27.4 - https:\/\/yoast.com\/product\/yoast-seo-wordpress\/ -->\n<title>Cadavres anonymes - TELEMMe - Temps, espaces, langages, Europe m\u00e9ridionale, M\u00e9diterran\u00e9e<\/title>\n<meta name=\"description\" content=\"La prochaine s\u00e9ance du s\u00e9minaire interlaboratoire AMU ADES \u2013 TELEMMe Histoire et anthropologie de la mort se tiendra le 3 d\u00e9cembre prochain, de 10 h \u00e0 12 h 30 et de 14 h \u00e0 16 h 30.Elle aura lieu en mode hybride : en pr\u00e9sentiel \u00e0 la Facult\u00e9 de m\u00e9decine de la Timone \u00e0 Marseille, et via Zoom.Elle portera sur le th\u00e8me Cadavres anonymes :La question des corps non-identifi\u00e9s se rencontre dans les conditions de d\u00e9c\u00e8s solitaires engendr\u00e9es par l\u2019anonymat urbain, dans tous les contextes marqu\u00e9s par les violences de masse ou lors des catastrophes qu\u2019elles soient sanitaires, \u00ab naturelles \u00bb ou industrielles lorsqu\u2019un grand nombre de d\u00e9c\u00e8s interviennent simultan\u00e9ment ; cette situation se traduit alors par la pr\u00e9sence persistante et probl\u00e9matique de corps anonymes ou de restes humains qui demeurent parfois non-identifi\u00e9s durant une p\u00e9riode de temps extr\u00eamement longue. La simple pr\u00e9sence de ces cadavres anonymes, tout autant que leur prise en charge mortuaire et fun\u00e9raire, pose alors aux soci\u00e9t\u00e9s comme aux individus de nombreuses questions (d\u2019ordre techniques, juridiques, morales ou politiques) que cette journ\u00e9e de pr\u00e9sentations et de discussion entend pr\u00e9cis\u00e9ment aborder.\" \/>\n<meta name=\"robots\" content=\"index, follow, max-snippet:-1, max-image-preview:large, max-video-preview:-1\" \/>\n<link rel=\"canonical\" href=\"https:\/\/telemme.mmsh.fr\/?tribe_events=cadavres-anonymes\" \/>\n<meta property=\"og:locale\" content=\"fr_FR\" \/>\n<meta property=\"og:type\" content=\"article\" \/>\n<meta property=\"og:title\" content=\"Cadavres anonymes - TELEMMe - Temps, espaces, langages, Europe m\u00e9ridionale, M\u00e9diterran\u00e9e\" \/>\n<meta property=\"og:description\" content=\"La prochaine s\u00e9ance du s\u00e9minaire interlaboratoire AMU ADES \u2013 TELEMMe Histoire et anthropologie de la mort se tiendra le 3 d\u00e9cembre prochain, de 10 h \u00e0 12 h 30 et de 14 h \u00e0 16 h 30.Elle aura lieu en mode hybride : en pr\u00e9sentiel \u00e0 la Facult\u00e9 de m\u00e9decine de la Timone \u00e0 Marseille, et via Zoom.Elle portera sur le th\u00e8me Cadavres anonymes :La question des corps non-identifi\u00e9s se rencontre dans les conditions de d\u00e9c\u00e8s solitaires engendr\u00e9es par l\u2019anonymat urbain, dans tous les contextes marqu\u00e9s par les violences de masse ou lors des catastrophes qu\u2019elles soient sanitaires, \u00ab naturelles \u00bb ou industrielles lorsqu\u2019un grand nombre de d\u00e9c\u00e8s interviennent simultan\u00e9ment ; cette situation se traduit alors par la pr\u00e9sence persistante et probl\u00e9matique de corps anonymes ou de restes humains qui demeurent parfois non-identifi\u00e9s durant une p\u00e9riode de temps extr\u00eamement longue. La simple pr\u00e9sence de ces cadavres anonymes, tout autant que leur prise en charge mortuaire et fun\u00e9raire, pose alors aux soci\u00e9t\u00e9s comme aux individus de nombreuses questions (d\u2019ordre techniques, juridiques, morales ou politiques) que cette journ\u00e9e de pr\u00e9sentations et de discussion entend pr\u00e9cis\u00e9ment aborder.\" \/>\n<meta property=\"og:url\" content=\"https:\/\/telemme.mmsh.fr\/?tribe_events=cadavres-anonymes\" \/>\n<meta property=\"og:site_name\" content=\"TELEMMe - Temps, espaces, langages, Europe m\u00e9ridionale, M\u00e9diterran\u00e9e\" \/>\n<meta property=\"og:image\" content=\"https:\/\/telemme.mmsh.fr\/wp-content\/uploads\/2021\/04\/Hist-anthropo-mort.jpg\" \/>\n\t<meta property=\"og:image:width\" content=\"839\" \/>\n\t<meta property=\"og:image:height\" content=\"1191\" \/>\n\t<meta property=\"og:image:type\" content=\"image\/jpeg\" \/>\n<meta name=\"twitter:card\" content=\"summary_large_image\" \/>\n<meta name=\"twitter:label1\" content=\"Dur\u00e9e de lecture estim\u00e9e\" \/>\n\t<meta name=\"twitter:data1\" content=\"2 minutes\" \/>\n<script type=\"application\/ld+json\" class=\"yoast-schema-graph\">{\"@context\":\"https:\\\/\\\/schema.org\",\"@graph\":[{\"@type\":\"WebPage\",\"@id\":\"https:\\\/\\\/telemme.mmsh.fr\\\/?tribe_events=cadavres-anonymes\",\"url\":\"https:\\\/\\\/telemme.mmsh.fr\\\/?tribe_events=cadavres-anonymes\",\"name\":\"Cadavres anonymes - TELEMMe - Temps, espaces, langages, Europe m\u00e9ridionale, M\u00e9diterran\u00e9e\",\"isPartOf\":{\"@id\":\"https:\\\/\\\/telemme.mmsh.fr\\\/#website\"},\"primaryImageOfPage\":{\"@id\":\"https:\\\/\\\/telemme.mmsh.fr\\\/?tribe_events=cadavres-anonymes#primaryimage\"},\"image\":{\"@id\":\"https:\\\/\\\/telemme.mmsh.fr\\\/?tribe_events=cadavres-anonymes#primaryimage\"},\"thumbnailUrl\":\"https:\\\/\\\/telemme.mmsh.fr\\\/wp-content\\\/uploads\\\/2021\\\/04\\\/Hist-anthropo-mort.jpg\",\"datePublished\":\"2021-11-26T16:01:06+00:00\",\"description\":\"La prochaine s\u00e9ance du s\u00e9minaire interlaboratoire AMU ADES \u2013 TELEMMe Histoire et anthropologie de la mort se tiendra le 3 d\u00e9cembre prochain, de 10 h \u00e0 12 h 30 et de 14 h \u00e0 16 h 30.Elle aura lieu en mode hybride : en pr\u00e9sentiel \u00e0 la Facult\u00e9 de m\u00e9decine de la Timone \u00e0 Marseille, et via Zoom.Elle portera sur le th\u00e8me Cadavres anonymes :La question des corps non-identifi\u00e9s se rencontre dans les conditions de d\u00e9c\u00e8s solitaires engendr\u00e9es par l\u2019anonymat urbain, dans tous les contextes marqu\u00e9s par les violences de masse ou lors des catastrophes qu\u2019elles soient sanitaires, \u00ab naturelles \u00bb ou industrielles lorsqu\u2019un grand nombre de d\u00e9c\u00e8s interviennent simultan\u00e9ment ; cette situation se traduit alors par la pr\u00e9sence persistante et probl\u00e9matique de corps anonymes ou de restes humains qui demeurent parfois non-identifi\u00e9s durant une p\u00e9riode de temps extr\u00eamement longue. La simple pr\u00e9sence de ces cadavres anonymes, tout autant que leur prise en charge mortuaire et fun\u00e9raire, pose alors aux soci\u00e9t\u00e9s comme aux individus de nombreuses questions (d\u2019ordre techniques, juridiques, morales ou politiques) que cette journ\u00e9e de pr\u00e9sentations et de discussion entend pr\u00e9cis\u00e9ment aborder.\",\"breadcrumb\":{\"@id\":\"https:\\\/\\\/telemme.mmsh.fr\\\/?tribe_events=cadavres-anonymes#breadcrumb\"},\"inLanguage\":\"fr-FR\",\"potentialAction\":[{\"@type\":\"ReadAction\",\"target\":[\"https:\\\/\\\/telemme.mmsh.fr\\\/?tribe_events=cadavres-anonymes\"]}]},{\"@type\":\"ImageObject\",\"inLanguage\":\"fr-FR\",\"@id\":\"https:\\\/\\\/telemme.mmsh.fr\\\/?tribe_events=cadavres-anonymes#primaryimage\",\"url\":\"https:\\\/\\\/telemme.mmsh.fr\\\/wp-content\\\/uploads\\\/2021\\\/04\\\/Hist-anthropo-mort.jpg\",\"contentUrl\":\"https:\\\/\\\/telemme.mmsh.fr\\\/wp-content\\\/uploads\\\/2021\\\/04\\\/Hist-anthropo-mort.jpg\",\"width\":839,\"height\":1191,\"caption\":\"Affiche du s\u00e9minaire interlaboratoire \\\"Autour du cadavre\\\"\"},{\"@type\":\"BreadcrumbList\",\"@id\":\"https:\\\/\\\/telemme.mmsh.fr\\\/?tribe_events=cadavres-anonymes#breadcrumb\",\"itemListElement\":[{\"@type\":\"ListItem\",\"position\":1,\"name\":\"Accueil\",\"item\":\"https:\\\/\\\/telemme.mmsh.fr\\\/\"},{\"@type\":\"ListItem\",\"position\":2,\"name\":\"\u00c9v\u00e8nements\",\"item\":\"https:\\\/\\\/telemme.mmsh.fr\\\/?post_type=tribe_events\"},{\"@type\":\"ListItem\",\"position\":3,\"name\":\"S\u00e9minaire interlaboratoire\",\"item\":\"https:\\\/\\\/telemme.mmsh.fr\\\/?tribe_events_cat=seminaire-interlaboratoire\"},{\"@type\":\"ListItem\",\"position\":4,\"name\":\"S\u00e9minaire \\\"Histoire et anthropologie de la mort\\\"\",\"item\":\"https:\\\/\\\/telemme.mmsh.fr\\\/?tribe_events_cat=seminaire-histoire-et-anthropologie-de-la-mort\"},{\"@type\":\"ListItem\",\"position\":5,\"name\":\"Cadavres anonymes\"}]},{\"@type\":\"WebSite\",\"@id\":\"https:\\\/\\\/telemme.mmsh.fr\\\/#website\",\"url\":\"https:\\\/\\\/telemme.mmsh.fr\\\/\",\"name\":\"TELEMMe - Temps, espaces, langages, Europe m\u00e9ridionale, M\u00e9diterran\u00e9e\",\"description\":\"\",\"publisher\":{\"@id\":\"https:\\\/\\\/telemme.mmsh.fr\\\/#organization\"},\"potentialAction\":[{\"@type\":\"SearchAction\",\"target\":{\"@type\":\"EntryPoint\",\"urlTemplate\":\"https:\\\/\\\/telemme.mmsh.fr\\\/?s={search_term_string}\"},\"query-input\":{\"@type\":\"PropertyValueSpecification\",\"valueRequired\":true,\"valueName\":\"search_term_string\"}}],\"inLanguage\":\"fr-FR\"},{\"@type\":\"Organization\",\"@id\":\"https:\\\/\\\/telemme.mmsh.fr\\\/#organization\",\"name\":\"TELEMMe\",\"url\":\"https:\\\/\\\/telemme.mmsh.fr\\\/\",\"logo\":{\"@type\":\"ImageObject\",\"inLanguage\":\"fr-FR\",\"@id\":\"https:\\\/\\\/telemme.mmsh.fr\\\/#\\\/schema\\\/logo\\\/image\\\/\",\"url\":\"https:\\\/\\\/telemme.mmsh.fr\\\/wp-content\\\/uploads\\\/2020\\\/03\\\/LogoTELEMMe-horizontal-fond-transparent.png\",\"contentUrl\":\"https:\\\/\\\/telemme.mmsh.fr\\\/wp-content\\\/uploads\\\/2020\\\/03\\\/LogoTELEMMe-horizontal-fond-transparent.png\",\"width\":1500,\"height\":437,\"caption\":\"TELEMMe\"},\"image\":{\"@id\":\"https:\\\/\\\/telemme.mmsh.fr\\\/#\\\/schema\\\/logo\\\/image\\\/\"}}]}<\/script>\n<!-- \/ Yoast SEO plugin. -->","yoast_head_json":{"title":"Cadavres anonymes - TELEMMe - Temps, espaces, langages, Europe m\u00e9ridionale, M\u00e9diterran\u00e9e","description":"La prochaine s\u00e9ance du s\u00e9minaire interlaboratoire AMU ADES \u2013 TELEMMe Histoire et anthropologie de la mort se tiendra le 3 d\u00e9cembre prochain, de 10 h \u00e0 12 h 30 et de 14 h \u00e0 16 h 30.Elle aura lieu en mode hybride : en pr\u00e9sentiel \u00e0 la Facult\u00e9 de m\u00e9decine de la Timone \u00e0 Marseille, et via Zoom.Elle portera sur le th\u00e8me Cadavres anonymes :La question des corps non-identifi\u00e9s se rencontre dans les conditions de d\u00e9c\u00e8s solitaires engendr\u00e9es par l\u2019anonymat urbain, dans tous les contextes marqu\u00e9s par les violences de masse ou lors des catastrophes qu\u2019elles soient sanitaires, \u00ab naturelles \u00bb ou industrielles lorsqu\u2019un grand nombre de d\u00e9c\u00e8s interviennent simultan\u00e9ment ; cette situation se traduit alors par la pr\u00e9sence persistante et probl\u00e9matique de corps anonymes ou de restes humains qui demeurent parfois non-identifi\u00e9s durant une p\u00e9riode de temps extr\u00eamement longue. La simple pr\u00e9sence de ces cadavres anonymes, tout autant que leur prise en charge mortuaire et fun\u00e9raire, pose alors aux soci\u00e9t\u00e9s comme aux individus de nombreuses questions (d\u2019ordre techniques, juridiques, morales ou politiques) que cette journ\u00e9e de pr\u00e9sentations et de discussion entend pr\u00e9cis\u00e9ment aborder.","robots":{"index":"index","follow":"follow","max-snippet":"max-snippet:-1","max-image-preview":"max-image-preview:large","max-video-preview":"max-video-preview:-1"},"canonical":"https:\/\/telemme.mmsh.fr\/?tribe_events=cadavres-anonymes","og_locale":"fr_FR","og_type":"article","og_title":"Cadavres anonymes - TELEMMe - Temps, espaces, langages, Europe m\u00e9ridionale, M\u00e9diterran\u00e9e","og_description":"La prochaine s\u00e9ance du s\u00e9minaire interlaboratoire AMU ADES \u2013 TELEMMe Histoire et anthropologie de la mort se tiendra le 3 d\u00e9cembre prochain, de 10 h \u00e0 12 h 30 et de 14 h \u00e0 16 h 30.Elle aura lieu en mode hybride : en pr\u00e9sentiel \u00e0 la Facult\u00e9 de m\u00e9decine de la Timone \u00e0 Marseille, et via Zoom.Elle portera sur le th\u00e8me Cadavres anonymes :La question des corps non-identifi\u00e9s se rencontre dans les conditions de d\u00e9c\u00e8s solitaires engendr\u00e9es par l\u2019anonymat urbain, dans tous les contextes marqu\u00e9s par les violences de masse ou lors des catastrophes qu\u2019elles soient sanitaires, \u00ab naturelles \u00bb ou industrielles lorsqu\u2019un grand nombre de d\u00e9c\u00e8s interviennent simultan\u00e9ment ; cette situation se traduit alors par la pr\u00e9sence persistante et probl\u00e9matique de corps anonymes ou de restes humains qui demeurent parfois non-identifi\u00e9s durant une p\u00e9riode de temps extr\u00eamement longue. La simple pr\u00e9sence de ces cadavres anonymes, tout autant que leur prise en charge mortuaire et fun\u00e9raire, pose alors aux soci\u00e9t\u00e9s comme aux individus de nombreuses questions (d\u2019ordre techniques, juridiques, morales ou politiques) que cette journ\u00e9e de pr\u00e9sentations et de discussion entend pr\u00e9cis\u00e9ment aborder.","og_url":"https:\/\/telemme.mmsh.fr\/?tribe_events=cadavres-anonymes","og_site_name":"TELEMMe - Temps, espaces, langages, Europe m\u00e9ridionale, M\u00e9diterran\u00e9e","og_image":[{"width":839,"height":1191,"url":"https:\/\/telemme.mmsh.fr\/wp-content\/uploads\/2021\/04\/Hist-anthropo-mort.jpg","type":"image\/jpeg"}],"twitter_card":"summary_large_image","twitter_misc":{"Dur\u00e9e de lecture estim\u00e9e":"2 minutes"},"schema":{"@context":"https:\/\/schema.org","@graph":[{"@type":"WebPage","@id":"https:\/\/telemme.mmsh.fr\/?tribe_events=cadavres-anonymes","url":"https:\/\/telemme.mmsh.fr\/?tribe_events=cadavres-anonymes","name":"Cadavres anonymes - TELEMMe - Temps, espaces, langages, Europe m\u00e9ridionale, M\u00e9diterran\u00e9e","isPartOf":{"@id":"https:\/\/telemme.mmsh.fr\/#website"},"primaryImageOfPage":{"@id":"https:\/\/telemme.mmsh.fr\/?tribe_events=cadavres-anonymes#primaryimage"},"image":{"@id":"https:\/\/telemme.mmsh.fr\/?tribe_events=cadavres-anonymes#primaryimage"},"thumbnailUrl":"https:\/\/telemme.mmsh.fr\/wp-content\/uploads\/2021\/04\/Hist-anthropo-mort.jpg","datePublished":"2021-11-26T16:01:06+00:00","description":"La prochaine s\u00e9ance du s\u00e9minaire interlaboratoire AMU ADES \u2013 TELEMMe Histoire et anthropologie de la mort se tiendra le 3 d\u00e9cembre prochain, de 10 h \u00e0 12 h 30 et de 14 h \u00e0 16 h 30.Elle aura lieu en mode hybride : en pr\u00e9sentiel \u00e0 la Facult\u00e9 de m\u00e9decine de la Timone \u00e0 Marseille, et via Zoom.Elle portera sur le th\u00e8me Cadavres anonymes :La question des corps non-identifi\u00e9s se rencontre dans les conditions de d\u00e9c\u00e8s solitaires engendr\u00e9es par l\u2019anonymat urbain, dans tous les contextes marqu\u00e9s par les violences de masse ou lors des catastrophes qu\u2019elles soient sanitaires, \u00ab naturelles \u00bb ou industrielles lorsqu\u2019un grand nombre de d\u00e9c\u00e8s interviennent simultan\u00e9ment ; cette situation se traduit alors par la pr\u00e9sence persistante et probl\u00e9matique de corps anonymes ou de restes humains qui demeurent parfois non-identifi\u00e9s durant une p\u00e9riode de temps extr\u00eamement longue. La simple pr\u00e9sence de ces cadavres anonymes, tout autant que leur prise en charge mortuaire et fun\u00e9raire, pose alors aux soci\u00e9t\u00e9s comme aux individus de nombreuses questions (d\u2019ordre techniques, juridiques, morales ou politiques) que cette journ\u00e9e de pr\u00e9sentations et de discussion entend pr\u00e9cis\u00e9ment aborder.","breadcrumb":{"@id":"https:\/\/telemme.mmsh.fr\/?tribe_events=cadavres-anonymes#breadcrumb"},"inLanguage":"fr-FR","potentialAction":[{"@type":"ReadAction","target":["https:\/\/telemme.mmsh.fr\/?tribe_events=cadavres-anonymes"]}]},{"@type":"ImageObject","inLanguage":"fr-FR","@id":"https:\/\/telemme.mmsh.fr\/?tribe_events=cadavres-anonymes#primaryimage","url":"https:\/\/telemme.mmsh.fr\/wp-content\/uploads\/2021\/04\/Hist-anthropo-mort.jpg","contentUrl":"https:\/\/telemme.mmsh.fr\/wp-content\/uploads\/2021\/04\/Hist-anthropo-mort.jpg","width":839,"height":1191,"caption":"Affiche du s\u00e9minaire interlaboratoire \"Autour du cadavre\""},{"@type":"BreadcrumbList","@id":"https:\/\/telemme.mmsh.fr\/?tribe_events=cadavres-anonymes#breadcrumb","itemListElement":[{"@type":"ListItem","position":1,"name":"Accueil","item":"https:\/\/telemme.mmsh.fr\/"},{"@type":"ListItem","position":2,"name":"\u00c9v\u00e8nements","item":"https:\/\/telemme.mmsh.fr\/?post_type=tribe_events"},{"@type":"ListItem","position":3,"name":"S\u00e9minaire interlaboratoire","item":"https:\/\/telemme.mmsh.fr\/?tribe_events_cat=seminaire-interlaboratoire"},{"@type":"ListItem","position":4,"name":"S\u00e9minaire \"Histoire et anthropologie de la mort\"","item":"https:\/\/telemme.mmsh.fr\/?tribe_events_cat=seminaire-histoire-et-anthropologie-de-la-mort"},{"@type":"ListItem","position":5,"name":"Cadavres anonymes"}]},{"@type":"WebSite","@id":"https:\/\/telemme.mmsh.fr\/#website","url":"https:\/\/telemme.mmsh.fr\/","name":"TELEMMe - Temps, espaces, langages, Europe m\u00e9ridionale, M\u00e9diterran\u00e9e","description":"","publisher":{"@id":"https:\/\/telemme.mmsh.fr\/#organization"},"potentialAction":[{"@type":"SearchAction","target":{"@type":"EntryPoint","urlTemplate":"https:\/\/telemme.mmsh.fr\/?s={search_term_string}"},"query-input":{"@type":"PropertyValueSpecification","valueRequired":true,"valueName":"search_term_string"}}],"inLanguage":"fr-FR"},{"@type":"Organization","@id":"https:\/\/telemme.mmsh.fr\/#organization","name":"TELEMMe","url":"https:\/\/telemme.mmsh.fr\/","logo":{"@type":"ImageObject","inLanguage":"fr-FR","@id":"https:\/\/telemme.mmsh.fr\/#\/schema\/logo\/image\/","url":"https:\/\/telemme.mmsh.fr\/wp-content\/uploads\/2020\/03\/LogoTELEMMe-horizontal-fond-transparent.png","contentUrl":"https:\/\/telemme.mmsh.fr\/wp-content\/uploads\/2020\/03\/LogoTELEMMe-horizontal-fond-transparent.png","width":1500,"height":437,"caption":"TELEMMe"},"image":{"@id":"https:\/\/telemme.mmsh.fr\/#\/schema\/logo\/image\/"}}]}},"_links":{"self":[{"href":"https:\/\/telemme.mmsh.fr\/index.php?rest_route=\/wp\/v2\/tribe_events\/10096","targetHints":{"allow":["GET"]}}],"collection":[{"href":"https:\/\/telemme.mmsh.fr\/index.php?rest_route=\/wp\/v2\/tribe_events"}],"about":[{"href":"https:\/\/telemme.mmsh.fr\/index.php?rest_route=\/wp\/v2\/types\/tribe_events"}],"author":[{"embeddable":true,"href":"https:\/\/telemme.mmsh.fr\/index.php?rest_route=\/wp\/v2\/users\/6"}],"version-history":[{"count":1,"href":"https:\/\/telemme.mmsh.fr\/index.php?rest_route=\/wp\/v2\/tribe_events\/10096\/revisions"}],"predecessor-version":[{"id":10097,"href":"https:\/\/telemme.mmsh.fr\/index.php?rest_route=\/wp\/v2\/tribe_events\/10096\/revisions\/10097"}],"wp:featuredmedia":[{"embeddable":true,"href":"https:\/\/telemme.mmsh.fr\/index.php?rest_route=\/wp\/v2\/media\/9267"}],"wp:attachment":[{"href":"https:\/\/telemme.mmsh.fr\/index.php?rest_route=%2Fwp%2Fv2%2Fmedia&parent=10096"}],"wp:term":[{"taxonomy":"post_tag","embeddable":true,"href":"https:\/\/telemme.mmsh.fr\/index.php?rest_route=%2Fwp%2Fv2%2Ftags&post=10096"},{"taxonomy":"tribe_events_cat","embeddable":true,"href":"https:\/\/telemme.mmsh.fr\/index.php?rest_route=%2Fwp%2Fv2%2Ftribe_events_cat&post=10096"}],"curies":[{"name":"wp","href":"https:\/\/api.w.org\/{rel}","templated":true}]}}