{"id":9863,"date":"2021-10-19T14:15:19","date_gmt":"2021-10-19T12:15:19","guid":{"rendered":"https:\/\/telemme.mmsh.fr\/?page_id=9863"},"modified":"2021-10-19T14:18:29","modified_gmt":"2021-10-19T12:18:29","slug":"seminaires-interlaboratoires","status":"publish","type":"page","link":"https:\/\/telemme.mmsh.fr\/?page_id=9863","title":{"rendered":"S\u00e9minaires interlaboratoires"},"content":{"rendered":"\n<p><\/p>\n\n\n      <div id=\"post-grid-lazy-9862\" class=\"post-grid-lazy\"><img decoding=\"async\" alt=\"\" src=\"\" \/><\/div>\n    <script>\n      jQuery('#post-grid-lazy-9862').ready(function($) {\n        $('#post-grid-lazy-9862').fadeOut();\n        $('#post-grid-9862   ').fadeIn();\n      })\n    <\/script>\n    <style type=\"text\/css\">\n      #post-grid-9862 {\n        display: none;\n      }\n\n      .post-grid-lazy {\n        text-align: center;\n      }\n    <\/style>\n    <div data-options='{&quot;id&quot;:&quot;9862&quot;,&quot;lazy_load&quot;:&quot;yes&quot;,&quot;masonry_enable&quot;:&quot;no&quot;,&quot;view_type&quot;:&quot;grid&quot;}' id=\"post-grid-9862\" class=\"post-grid grid\">\n    \n\n\n    <div class=\"grid-items\">\n      <div class=\"item item-16504 skin flat even 0 \">\n        <div class=\"layer-wrapper layout-5815\">\n          <div class=\" element_1624268456791\"\r\n        id=\"\">\r\n        <div class=\"element element_1624268458890  thumb \">\r\n                    <img decoding=\"async\" alt=\"Edvard Munch, &quot;Consolation&quot;, 1907, Munch Museum, Oslo. Wikimedia Commons : https:\/\/commons.wikimedia.org\/wiki\/File:Edvard_Munch_-_Consolation_-_MM.M.00045_-_Munch_Museum.jpg\" src=\"https:\/\/telemme.mmsh.fr\/wp-content\/uploads\/2026\/02\/Edvard_Munch_-_Consolation_-_MM.M.00045_-_Munch_Museum.jpg\">\r\n            <\/div>\r\n    <div class=\"element element_1624268460479  title \">\r\n                    <a target=\"_self\"\r\n                href=\"https:\/\/telemme.mmsh.fr\/?evenement=consolation-et-soin\">Consolation et soin<\/a>\r\n            <\/div>\r\n    <div class=\"element element_1767692457771  excerpt \">\r\n        Premi\u00e8re s\u00e9ance du s\u00e9minaire transversal Consolatio, soutenu par la Maison m\u00e9diterran\u00e9enne des sciences humaines et sociales, pour l'ann\u00e9e 2026.            <\/div>\r\n    <\/div>\r\n    <\/div>\n  <\/div><div class=\"item item-14704 skin flat odd 1 \">\n        <div class=\"layer-wrapper layout-5815\">\n          <div class=\" element_1624268456791\"\r\n        id=\"\">\r\n        <div class=\"element element_1624268458890  thumb \">\r\n                    <img decoding=\"async\" alt=\"Affiche du s\u00e9minaire Anachroniques, saison 6\" src=\"https:\/\/telemme.mmsh.fr\/wp-content\/uploads\/2022\/01\/Anachroniques_Saison6_carre-1024x828.jpg\">\r\n            <\/div>\r\n    <div class=\"element element_1624268460479  title \">\r\n                    <a target=\"_self\"\r\n                href=\"https:\/\/telemme.mmsh.fr\/?evenement=surplombs\">Surplombs<\/a>\r\n            <\/div>\r\n    <div class=\"element element_1767692457771  excerpt \">\r\n        S\u00e9ance 3 du s\u00e9minaire Anachroniques 2024-2025, consacr\u00e9e aux Surplombs.            <\/div>\r\n    <\/div>\r\n    <\/div>\n  <\/div><div class=\"item item-14665 skin flat even 2 \">\n        <div class=\"layer-wrapper layout-5815\">\n          <div class=\" element_1624268456791\"\r\n        id=\"\">\r\n        <div class=\"element element_1624268458890  thumb \">\r\n                    <img decoding=\"async\" alt=\"Affiche du s\u00e9minaire Anachroniques, saison 6\" src=\"https:\/\/telemme.mmsh.fr\/wp-content\/uploads\/2022\/01\/Anachroniques_Saison6_carre-1024x828.jpg\">\r\n            <\/div>\r\n    <div class=\"element element_1624268460479  title \">\r\n                    <a target=\"_self\"\r\n                href=\"https:\/\/telemme.mmsh.fr\/?evenement=loeil-de-la-camera\">L\u2019\u0153il de la cam\u00e9ra<\/a>\r\n            <\/div>\r\n    <div class=\"element element_1767692457771  excerpt \">\r\n        Cin\u00e9ma, genre et race dans l\u2019oeil de la cam\u00e9ra            <\/div>\r\n    <\/div>\r\n    <\/div>\n  <\/div><div class=\"item item-14581 skin flat odd 3 \">\n        <div class=\"layer-wrapper layout-5815\">\n          <div class=\" element_1624268456791\"\r\n        id=\"\">\r\n        <div class=\"element element_1624268458890  thumb \">\r\n                    <img decoding=\"async\" alt=\"Cr\u00e2nes conserv\u00e9s\" src=\"https:\/\/telemme.mmsh.fr\/wp-content\/uploads\/2024\/10\/Cranes.jpg\">\r\n            <\/div>\r\n    <div class=\"element element_1624268460479  title \">\r\n                    <a target=\"_self\"\r\n                href=\"https:\/\/telemme.mmsh.fr\/?evenement=les-collections-de-restes-humains-histoire-modalites-de-conservation-et-enjeux\">Les collections de restes humains. Histoire, modalit\u00e9s de conservation et enjeux<\/a>\r\n            <\/div>\r\n    <div class=\"element element_1767692457771  excerpt \">\r\n        Journ\u00e9e d\u2019\u00e9tude organis\u00e9e avec le concours de la Mission interdisciplinarit\u00e9(s) d'AMU par E. Anstett (CNRS, ADES) et A. Carol (AMU, TELEMMe)            <\/div>\r\n    <\/div>\r\n    <\/div>\n  <\/div><div class=\"item item-14668 skin flat even 4 \">\n        <div class=\"layer-wrapper layout-5815\">\n          <div class=\" element_1624268456791\"\r\n        id=\"\">\r\n        <div class=\"element element_1624268458890  thumb \">\r\n                    <img decoding=\"async\" alt=\"Affiche du s\u00e9minaire Anachroniques, saison 6\" src=\"https:\/\/telemme.mmsh.fr\/wp-content\/uploads\/2022\/01\/Anachroniques_Saison6_carre-1024x828.jpg\">\r\n            <\/div>\r\n    <div class=\"element element_1624268460479  title \">\r\n                    <a target=\"_self\"\r\n                href=\"https:\/\/telemme.mmsh.fr\/?evenement=savoirs-situes\">Savoirs situ\u00e9s<\/a>\r\n            <\/div>\r\n    <div class=\"element element_1767692457771  excerpt \">\r\n        \u00c9pist\u00e9mologies f\u00e9ministes, critique des savoirs surplombants, n\u00e9cessit\u00e9 d\u2019identifier le coin de la pi\u00e8ce depuis lequel on parle.            <\/div>\r\n    <\/div>\r\n    <\/div>\n  <\/div><div class=\"item item-14065 skin flat odd 5 \">\n        <div class=\"layer-wrapper layout-5815\">\n          <div class=\" element_1624268456791\"\r\n        id=\"\">\r\n        <div class=\"element element_1624268458890  thumb \">\r\n                    <img decoding=\"async\" alt=\"Affiche du s\u00e9minaire Anachroniques, saison 6\" src=\"https:\/\/telemme.mmsh.fr\/wp-content\/uploads\/2022\/01\/Anachroniques_Saison6_carre-1024x828.jpg\">\r\n            <\/div>\r\n    <div class=\"element element_1624268460479  title \">\r\n                    <a target=\"_self\"\r\n                href=\"https:\/\/telemme.mmsh.fr\/?evenement=vous-avez-dit-populaire\">Vous avez dit populaire?<\/a>\r\n            <\/div>\r\n    <div class=\"element element_1767692457771  excerpt \">\r\n                    <\/div>\r\n    <\/div>\r\n    <\/div>\n  <\/div><div class=\"item item-13937 skin flat even 6 \">\n        <div class=\"layer-wrapper layout-5815\">\n          <div class=\" element_1624268456791\"\r\n        id=\"\">\r\n        <div class=\"element element_1624268458890  thumb \">\r\n                    <img decoding=\"async\" alt=\"Affiche du s\u00e9minaire Anachroniques, saison 6\" src=\"https:\/\/telemme.mmsh.fr\/wp-content\/uploads\/2022\/01\/Anachroniques_Saison6_carre-1024x828.jpg\">\r\n            <\/div>\r\n    <div class=\"element element_1624268460479  title \">\r\n                    <a target=\"_self\"\r\n                href=\"https:\/\/telemme.mmsh.fr\/?evenement=une-autre-histoire-du-monde-est-possible\">[Annul\u00e9e] Une autre histoire du monde est possible<\/a>\r\n            <\/div>\r\n    <div class=\"element element_1767692457771  excerpt \">\r\n        Comment \u00e9crire une histoire \u00e0 l\u2019\u00e9chelle de la plan\u00e8te ? Nagu\u00e8re nationale ou locale, l\u2019histoire ne doit-elle pas se hisser \u00e0 ce niveau pour \u00e9clairer les d\u00e9fis de notre monde au prisme de la longue dur\u00e9e de l\u2019histoire humaine, naturelle et g\u00e9ologique ?            <\/div>\r\n    <\/div>\r\n    <\/div>\n  <\/div><div class=\"item item-13787 skin flat odd 7 \">\n        <div class=\"layer-wrapper layout-5815\">\n          <div class=\" element_1624268456791\"\r\n        id=\"\">\r\n        <div class=\"element element_1624268458890  thumb \">\r\n                    <img decoding=\"async\" alt=\"Affiche du s\u00e9minaire Anachroniques, saison 6\" src=\"https:\/\/telemme.mmsh.fr\/wp-content\/uploads\/2022\/01\/Anachroniques_Saison6_carre-1024x828.jpg\">\r\n            <\/div>\r\n    <div class=\"element element_1624268460479  title \">\r\n                    <a target=\"_self\"\r\n                href=\"https:\/\/telemme.mmsh.fr\/?evenement=aux-extremes\">Aux extr\u00eames<\/a>\r\n            <\/div>\r\n    <div class=\"element element_1767692457771  excerpt \">\r\n        Une gueule de bois en plomb. En ce d\u00e9but d\u2019ann\u00e9e, on s\u2019est r\u00e9veill\u00e9 avec l\u2019une de celles qui ne vous l\u00e2chent pas, qui frappent aux tempes, et vous entortillent les tripes. On aurait d\u00fb pourtant la voir venir, l\u2019humeur \u00e9tait maussade et personne n\u2019avait vraiment le c\u0153ur \u00e0 la f\u00eate.            <\/div>\r\n    <\/div>\r\n    <\/div>\n  <\/div><div class=\"item item-13407 skin flat even 8 \">\n        <div class=\"layer-wrapper layout-5815\">\n          <div class=\" element_1624268456791\"\r\n        id=\"\">\r\n        <div class=\"element element_1624268458890  thumb \">\r\n                    <img decoding=\"async\" alt=\"Affiche du s\u00e9minaire Anachroniques, saison 6\" src=\"https:\/\/telemme.mmsh.fr\/wp-content\/uploads\/2022\/01\/Anachroniques_Saison6_carre-1024x828.jpg\">\r\n            <\/div>\r\n    <div class=\"element element_1624268460479  title \">\r\n                    <a target=\"_self\"\r\n                href=\"https:\/\/telemme.mmsh.fr\/?evenement=dominations-domestiques\">Dominations domestiques<\/a>\r\n            <\/div>\r\n    <div class=\"element element_1767692457771  excerpt \">\r\n        Et si le foyer de la domination masculine se logeait dans le secret des alc\u00f4ves\u00a0?            <\/div>\r\n    <\/div>\r\n    <\/div>\n  <\/div><div class=\"item item-13401 skin flat odd 9 \">\n        <div class=\"layer-wrapper layout-5815\">\n          <div class=\" element_1624268456791\"\r\n        id=\"\">\r\n        <div class=\"element element_1624268458890  thumb \">\r\n                    <img decoding=\"async\" alt=\"Affiche du s\u00e9minaire Anachroniques, saison 6\" src=\"https:\/\/telemme.mmsh.fr\/wp-content\/uploads\/2022\/01\/Anachroniques_Saison6_carre-1024x828.jpg\">\r\n            <\/div>\r\n    <div class=\"element element_1624268460479  title \">\r\n                    <a target=\"_self\"\r\n                href=\"https:\/\/telemme.mmsh.fr\/?evenement=absences\">Absences<\/a>\r\n            <\/div>\r\n    <div class=\"element element_1767692457771  excerpt \">\r\n        Autour de Anouche Kunth, Au bord de l\u2019effacement. Sur les pas d\u2019exil\u00e9s arm\u00e9niens dans l\u2019entre-deux-guerres e Daniel Heller-Roazen, Compter pour personne. Un trait\u00e9 des absents.            <\/div>\r\n    <\/div>\r\n    <\/div>\n  <\/div><div class=\"item item-13087 skin flat even 10 \">\n        <div class=\"layer-wrapper layout-5815\">\n          <div class=\" element_1624268456791\"\r\n        id=\"\">\r\n        <div class=\"element element_1624268458890  thumb \">\r\n                    <img decoding=\"async\" alt=\"\" src=\"https:\/\/telemme.mmsh.fr\/wp-content\/uploads\/2023\/09\/affiche_6octobre2023.jpg\">\r\n            <\/div>\r\n    <div class=\"element element_1624268460479  title \">\r\n                    <a target=\"_self\"\r\n                href=\"https:\/\/telemme.mmsh.fr\/?evenement=autorites-et-participation-des-habitants-au-gouvernement-de-la-ville\">Autorit\u00e9(s) et participation des habitants au gouvernement de la ville<\/a>\r\n            <\/div>\r\n    <div class=\"element element_1767692457771  excerpt \">\r\n        Autorit\u00e9(s) et participation des habitants au gouvernement de la ville            <\/div>\r\n    <\/div>\r\n    <\/div>\n  <\/div><div class=\"item item-12900 skin flat odd 11 \">\n        <div class=\"layer-wrapper layout-5815\">\n          <div class=\" element_1624268456791\"\r\n        id=\"\">\r\n        <div class=\"element element_1624268458890  thumb \">\r\n                    <img decoding=\"async\" alt=\"\" src=\"https:\/\/telemme.mmsh.fr\/wp-content\/uploads\/2023\/06\/Conseil-des-Romains-pour-letablissement-de-la-Republique.png\">\r\n            <\/div>\r\n    <div class=\"element element_1624268460479  title \">\r\n                    <a target=\"_self\"\r\n                href=\"https:\/\/telemme.mmsh.fr\/?evenement=seances-medievales-daix-marseille-seminaire-pluridisciplinaire-sur-le-moyen-age-annee-2022-2023\">S\u00c9ANCES M\u00c9DI\u00c9VALES D\u2019AIX-MARSEILLE S\u00e9minaire pluridisciplinaire sur le Moyen \u00c2ge Ann\u00e9e 2022-2023<\/a>\r\n            <\/div>\r\n    <div class=\"element element_1767692457771  excerpt \">\r\n        S\u00e9ance \u00ab carte blanche \u00bb aux doctorants organis\u00e9e par Vivien BARRO (AMU Telemme), Vincent CAVALLO (AMU Telemme), Giovanni ZIGGIOTTO (AMU Telemme-Universit\u00e9 de Milan)            <\/div>\r\n    <\/div>\r\n    <\/div>\n  <\/div><div class=\"item item-12689 skin flat even 12 \">\n        <div class=\"layer-wrapper layout-5815\">\n          <div class=\" element_1624268456791\"\r\n        id=\"\">\r\n        <div class=\"element element_1624268458890  thumb \">\r\n                    <img decoding=\"async\" alt=\"Affiche du s\u00e9minaire Anachroniques, saison 6\" src=\"https:\/\/telemme.mmsh.fr\/wp-content\/uploads\/2022\/01\/Anachroniques_Saison6_carre-1024x828.jpg\">\r\n            <\/div>\r\n    <div class=\"element element_1624268460479  title \">\r\n                    <a target=\"_self\"\r\n                href=\"https:\/\/telemme.mmsh.fr\/?evenement=anachroniques-retour-aux-sources\">[Anachroniques] Retour aux sources<\/a>\r\n            <\/div>\r\n    <div class=\"element element_1767692457771  excerpt \">\r\n        Autour de Bruno Karsenti, L\u2019homme total. Sociologie, anthropologie et philosophie chez Marcel Mauss et Edward Ewan Evans-Pritchard, Les Anthropologues face \u00e0 l\u2019histoire et \u00e0 la religion.            <\/div>\r\n    <\/div>\r\n    <\/div>\n  <\/div><div class=\"item item-12592 skin flat odd 13 \">\n        <div class=\"layer-wrapper layout-5815\">\n          <div class=\" element_1624268456791\"\r\n        id=\"\">\r\n        <div class=\"element element_1624268458890  thumb \">\r\n                    <img decoding=\"async\" alt=\"Affiche du s\u00e9minaire Anachroniques, saison 6\" src=\"https:\/\/telemme.mmsh.fr\/wp-content\/uploads\/2022\/01\/Anachroniques_Saison6_carre-1024x828.jpg\">\r\n            <\/div>\r\n    <div class=\"element element_1624268460479  title \">\r\n                    <a target=\"_self\"\r\n                href=\"https:\/\/telemme.mmsh.fr\/?evenement=anachroniques-levi-strauss\">[Anachroniques] L\u00e9vi-Strauss<\/a>\r\n            <\/div>\r\n    <div class=\"element element_1767692457771  excerpt \">\r\n        Anachroniques revient ce vendredi pour discuter de l\u2019oeuvre de L\u00e9vi-Strauss (rien de moins!) \u00e0 travers le bilan critique dress\u00e9 par deux \u00e9minents anthropologues, Maurice Godelier et Alban Bensa.            <\/div>\r\n    <\/div>\r\n    <\/div>\n  <\/div><div class=\"item item-12498 skin flat even 14 \">\n        <div class=\"layer-wrapper layout-5815\">\n          <div class=\" element_1624268456791\"\r\n        id=\"\">\r\n        <div class=\"element element_1624268458890  thumb \">\r\n                    <img decoding=\"async\" alt=\"Affiche du s\u00e9minaire Anachroniques, saison 6\" src=\"https:\/\/telemme.mmsh.fr\/wp-content\/uploads\/2022\/01\/Anachroniques_Saison6_carre-1024x828.jpg\">\r\n            <\/div>\r\n    <div class=\"element element_1624268460479  title \">\r\n                    <a target=\"_self\"\r\n                href=\"https:\/\/telemme.mmsh.fr\/?evenement=anachroniques-anthropologie-et-litterature\">[Anachroniques] Anthropologie et litt\u00e9rature<\/a>\r\n            <\/div>\r\n    <div class=\"element element_1767692457771  excerpt \">\r\n        [Anachroniques] Anthropologie et litt\u00e9rature            <\/div>\r\n    <\/div>\r\n    <\/div>\n  <\/div><div class=\"item item-12310 skin flat odd 15 \">\n        <div class=\"layer-wrapper layout-5815\">\n          <div class=\" element_1624268456791\"\r\n        id=\"\">\r\n        <div class=\"element element_1624268458890  thumb \">\r\n                    <img decoding=\"async\" alt=\"\" src=\"https:\/\/telemme.mmsh.fr\/wp-content\/uploads\/2023\/01\/pieds-Anne-Carol-1024x768.jpg\">\r\n            <\/div>\r\n    <div class=\"element element_1624268460479  title \">\r\n                    <a target=\"_self\"\r\n                href=\"https:\/\/telemme.mmsh.fr\/?evenement=histoire-et-anthropologie-de-la-mort\">Histoire et anthropologie de la mort<\/a>\r\n            <\/div>\r\n    <div class=\"element element_1767692457771  excerpt \">\r\n        Le s\u00e9minaire interlaboratoire Aix-Marseille Universit\u00e9 Histoire et anthropologie de la mort, organis\u00e9 conjointement par E. Anstett (ADES) et A. Carol (TELEMMe) reprend ses activit\u00e9s. Le programme pour 2023 pr\u00e9voit deux journ\u00e9es et un colloque.            <\/div>\r\n    <\/div>\r\n    <\/div>\n  <\/div><div class=\"item item-12261 skin flat even 16 \">\n        <div class=\"layer-wrapper layout-5815\">\n          <div class=\" element_1624268456791\"\r\n        id=\"\">\r\n        <div class=\"element element_1624268458890  thumb \">\r\n                    <img decoding=\"async\" alt=\"\" src=\"https:\/\/telemme.mmsh.fr\/wp-content\/uploads\/2023\/01\/Marmoutier-1024x818.jpg\">\r\n            <\/div>\r\n    <div class=\"element element_1624268460479  title \">\r\n                    <a target=\"_self\"\r\n                href=\"https:\/\/telemme.mmsh.fr\/?evenement=eglise-societe-et-pouvoir-dans-la-chretiente-latine-autour-de-la-reforme-gregorienne-nouvelles-perspectives\">\u00c9glise, soci\u00e9t\u00e9 et pouvoir dans la chr\u00e9tient\u00e9 latine. Autour de la r\u00e9forme gr\u00e9gorienne, nouvelles perspectives ?<\/a>\r\n            <\/div>\r\n    <div class=\"element element_1767692457771  excerpt \">\r\n        \u00c9glise, soci\u00e9t\u00e9 et pouvoir dans la chr\u00e9tient\u00e9 latine. Autour de la r\u00e9forme gr\u00e9gorienne, nouvelles perspectives ? Avec Nicolangelo D'Acunto (Universit\u00e0 Cattolica del Sacro Cuore di Milano), Jean-Herv\u00e9 Foulon (AMU\/TELEMMe), Elisabeth Lorans (Universit\u00e9 de Tours\/UMR 7324 CITERES\/Institut Universitaire de France) Aix-en-Provence, MMSH, salle Georges Duby Vendredi 20 Janvier 2023, 14h-17h            <\/div>\r\n    <\/div>\r\n    <\/div>\n  <\/div><div class=\"item item-11943 skin flat odd 17 \">\n        <div class=\"layer-wrapper layout-5815\">\n          <div class=\" element_1624268456791\"\r\n        id=\"\">\r\n        <div class=\"element element_1624268458890  thumb \">\r\n                    <img decoding=\"async\" alt=\"\" src=\"https:\/\/telemme.mmsh.fr\/wp-content\/uploads\/2022\/10\/gallica-web-1024x706.jpg\">\r\n            <\/div>\r\n    <div class=\"element element_1624268460479  title \">\r\n                    <a target=\"_self\"\r\n                href=\"https:\/\/telemme.mmsh.fr\/?evenement=la-justice-contestee-2-lautorite-dans-la-ville-de-lantiquite-a-nos-jours\">La justice contest\u00e9e (2)<\/a>\r\n            <\/div>\r\n    <div class=\"element element_1767692457771  excerpt \">\r\n        S\u00e9minaire \u00ab L\u2019autorit\u00e9 dans la ville de l\u2019Antiquit\u00e9 \u00e0 nos jours \u00bb Coordonn\u00e9 par Nicolas Vidoni (AMU, UMR TELEMMe) et H\u00e9l\u00e8ne M\u00e9nard (UPVM3, CRISES)            <\/div>\r\n    <\/div>\r\n    <\/div>\n  <\/div><div class=\"item item-11198 skin flat even 18 \">\n        <div class=\"layer-wrapper layout-5815\">\n          <div class=\" element_1624268456791\"\r\n        id=\"\">\r\n        <div class=\"element element_1624268458890  thumb \">\r\n                    <img decoding=\"async\" alt=\"Mucem \u00a9Cyril Weiner, architectes Rudy Ricciotti et Roland Carta\" src=\"https:\/\/telemme.mmsh.fr\/wp-content\/uploads\/2022\/01\/cyrille_weiner_mucem_1.jpg\">\r\n            <\/div>\r\n    <div class=\"element element_1624268460479  title \">\r\n                    <a target=\"_self\"\r\n                href=\"https:\/\/telemme.mmsh.fr\/?evenement=conferences-publiques-de-lecole-dete-de-museo-polis\">Conf\u00e9rences publiques de l\u2019\u00e9cole d\u2019\u00e9t\u00e9 de MUSEO-POLIS<\/a>\r\n            <\/div>\r\n    <div class=\"element element_1767692457771  excerpt \">\r\n        Cycle de 3 conf\u00e9rences, ouvert au public, dans le cadre de l\u2019\u00e9cole d\u2019\u00e9t\u00e9 MUSEO-POLIS, qui propose aux \u00e9tudiants de l\u2019Universit\u00e9 europ\u00e9enne CIVIS d\u2019analyser l\u2019histoire contemporaine des rapports entre mus\u00e9e et d\u00e9mocratie, et notamment les processus de repr\u00e9sentation et de l\u00e9gitimation des identit\u00e9s d\u00e9mocratiques en construction ou en crise depuis l\u2019\u00e9mergence            <\/div>\r\n    <\/div>\r\n    <\/div>\n  <\/div><div class=\"item item-12507 skin flat odd 19 \">\n        <div class=\"layer-wrapper layout-5815\">\n          <div class=\" element_1624268456791\"\r\n        id=\"\">\r\n        <div class=\"element element_1624268458890  thumb \">\r\n                    <img decoding=\"async\" alt=\"Copenhague, biblioth\u00e8que royale. Almanach portable, 1513. Graphisme : Laurent Maggiori, LA3M\" src=\"https:\/\/telemme.mmsh.fr\/wp-content\/uploads\/2022\/03\/2022.03.22_EcritEcran_seance6-1.png\">\r\n            <\/div>\r\n    <div class=\"element element_1624268460479  title \">\r\n                    <a target=\"_self\"\r\n                href=\"https:\/\/telemme.mmsh.fr\/?evenement=de-lecrit-a-lecran-nous-avons-les-moyens-de-vous-faire-parler-silences-du-document-silences-du-numerique\">[De l\u2019\u00e9crit \u00e0 l\u2019\u00e9cran] Nous avons les moyens de vous faire parler ! Silences du document, silences du num\u00e9rique<\/a>\r\n            <\/div>\r\n    <div class=\"element element_1767692457771  excerpt \">\r\n        Cette derni\u00e8re s\u00e9ance abordera, sous forme de table-ronde, la question des silences des documents \u00e9crits (folios vierges et \u00e9gar\u00e9s, pages arrach\u00e9es, mais aussi coins corn\u00e9es, marques \u00e0 la pointe s\u00e8che) et la mani\u00e8re dont les outils num\u00e9riques permettent de les identifier, de les interpr\u00e9ter ou conduisent au contraire \u00e0 les            <\/div>\r\n    <\/div>\r\n    <\/div>\n  <\/div><div class=\"item item-11086 skin flat even 20 \">\n        <div class=\"layer-wrapper layout-5815\">\n          <div class=\" element_1624268456791\"\r\n        id=\"\">\r\n        <div class=\"element element_1624268458890  thumb \">\r\n                    <img decoding=\"async\" alt=\"Anonyme, d\u2019apr\u00e8s Du\u0308rer, Fr\u00e8re hi\u00e9ronymite \u00e0 son \u00e9tude, 1514-1599, gravure, 239 x 285 mm, Amsterdam, Rijksmuseum\" src=\"https:\/\/telemme.mmsh.fr\/wp-content\/uploads\/2022\/03\/RP-P-OB-115.938.jpg\">\r\n            <\/div>\r\n    <div class=\"element element_1624268460479  title \">\r\n                    <a target=\"_self\"\r\n                href=\"https:\/\/telemme.mmsh.fr\/?evenement=ecrits-savants-ecrits-techniques-recettes-et-secrets-dateliers\">[\u00c9crits savants] \u00c9crits techniques, recettes et \u00ab secrets d\u2019ateliers \u00bb<\/a>\r\n            <\/div>\r\n    <div class=\"element element_1767692457771  excerpt \">\r\n        Le s\u00e9minaire \u00c9crits savants et sources des savoirs en M\u00e9diterran\u00e9e \u00e0 l'\u00e9poque moderne (CAER, LA3M, TELEMMe) poursuit ses travaux. Le jeudi 12 mai, C\u00e9line Ventura Teixeira (AMU, LA3M) pr\u00e9sentera \u00ab \u00c9crits techniques, recettes et \u00ab secrets d\u2019ateliers \u00bb : proc\u00e9d\u00e9s et savoir-faire c\u00e9ramiques dans la p\u00e9ninsule ib\u00e9rique \u00e0 l\u2019\u00e9poque moderne            <\/div>\r\n    <\/div>\r\n    <\/div>\n  <\/div><div class=\"item item-11082 skin flat odd 21 \">\n        <div class=\"layer-wrapper layout-5815\">\n          <div class=\" element_1624268456791\"\r\n        id=\"\">\r\n        <div class=\"element element_1624268458890  thumb \">\r\n                    <img decoding=\"async\" alt=\"Affiche du s\u00e9minaire Anachroniques, saison 6\" src=\"https:\/\/telemme.mmsh.fr\/wp-content\/uploads\/2022\/01\/Anachroniques_Saison6_carre-1024x828.jpg\">\r\n            <\/div>\r\n    <div class=\"element element_1624268460479  title \">\r\n                    <a target=\"_self\"\r\n                href=\"https:\/\/telemme.mmsh.fr\/?evenement=anachroniques-the-1619-project\">[Anachroniques] The 1619 Project<\/a>\r\n            <\/div>\r\n    <div class=\"element element_1767692457771  excerpt \">\r\n        L\u2019histoire figure dans tous les manuels scolaires: en 1620, le Mayflower quittait Plymouth en Angleterre avec \u00e0 son bord des protestants puritains, les\u00a0pilgrim Fathers, fuyant les pers\u00e9cutions et cherchant un lieu pour pratiquer librement leur religion. Ils abordaient quelques semaines plus tard les rivages de l\u2019actuel Massachusetts et fondaient la            <\/div>\r\n    <\/div>\r\n    <\/div>\n  <\/div><div class=\"item item-11072 skin flat even 22 \">\n        <div class=\"layer-wrapper layout-5815\">\n          <div class=\" element_1624268456791\"\r\n        id=\"\">\r\n        <div class=\"element element_1624268458890  thumb \">\r\n                    <img decoding=\"async\" alt=\"Mucem \u00a9Cyril Weiner, architectes Rudy Ricciotti et Roland Carta\" src=\"https:\/\/telemme.mmsh.fr\/wp-content\/uploads\/2022\/01\/cyrille_weiner_mucem_1.jpg\">\r\n            <\/div>\r\n    <div class=\"element element_1624268460479  title \">\r\n                    <a target=\"_self\"\r\n                href=\"https:\/\/telemme.mmsh.fr\/?evenement=museo-polis-8th-session-museum-and-knowledge-ii\">[Museo-Polis] 8th Session: Museum and Knowledge (II)<\/a>\r\n            <\/div>\r\n    <div class=\"element element_1767692457771  excerpt \">\r\n        Following an interdisciplinary approach, this permanent seminars, articulated in 8 monthly virtual sessions during the academic year 2021-2022, envisages experimenting with a new transversal training, based on research in the Humanities and Social Sciences, by proposing to students of the CIVIS Consortium (bachelor\u2019s, master\u2019s, doctorate) to analyze the contemporary history            <\/div>\r\n    <\/div>\r\n    <\/div>\n  <\/div><div class=\"item item-11070 skin flat odd 23 \">\n        <div class=\"layer-wrapper layout-5815\">\n          <div class=\" element_1624268456791\"\r\n        id=\"\">\r\n        <div class=\"element element_1624268458890  thumb \">\r\n                    <img decoding=\"async\" alt=\"Mucem \u00a9Cyril Weiner, architectes Rudy Ricciotti et Roland Carta\" src=\"https:\/\/telemme.mmsh.fr\/wp-content\/uploads\/2022\/01\/cyrille_weiner_mucem_1.jpg\">\r\n            <\/div>\r\n    <div class=\"element element_1624268460479  title \">\r\n                    <a target=\"_self\"\r\n                href=\"https:\/\/telemme.mmsh.fr\/?evenement=museo-polis-7th-session-museum-and-knowledge-i\">[Museo-Polis] 7th Session: Museum and Knowledge (I)<\/a>\r\n            <\/div>\r\n    <div class=\"element element_1767692457771  excerpt \">\r\n        Following an interdisciplinary approach, this permanent seminars, articulated in 8 monthly virtual sessions during the academic year 2021-2022, envisages experimenting with a new transversal training, based on research in the Humanities and Social Sciences, by proposing to students of the CIVIS Consortium (bachelor\u2019s, master\u2019s, doctorate) to analyze the contemporary history            <\/div>\r\n    <\/div>\r\n    <\/div>\n  <\/div><div class=\"item item-11063 skin flat even 24 \">\n        <div class=\"layer-wrapper layout-5815\">\n          <div class=\" element_1624268456791\"\r\n        id=\"\">\r\n        <div class=\"element element_1624268458890  thumb \">\r\n                    <img decoding=\"async\" alt=\"Illustrations de Voyages pittoresque de Naples et de Sicile, gravure de Berthaut, t. I, 1781, Biblioth\u00e8que nationale de France\" src=\"https:\/\/telemme.mmsh.fr\/wp-content\/uploads\/2022\/05\/Illustrations_de_Voyages_pittoresques_de_...Saint-Non_Jean-Claude_btv1b20000478-1024x705.jpeg\">\r\n            <\/div>\r\n    <div class=\"element element_1624268460479  title \">\r\n                    <a target=\"_self\"\r\n                href=\"https:\/\/telemme.mmsh.fr\/?evenement=gouverner-la-ville-en-temps-de-crise\">Gouverner la ville en temps de crise<\/a>\r\n            <\/div>\r\n    <div class=\"element element_1767692457771  excerpt \">\r\n        S\u00e9minaire \u00ab L\u2019autorit\u00e9 dans la ville de l\u2019Antiquit\u00e9 \u00e0 nos jours \u00bb, coordonn\u00e9 par Nicolas Vidoni (AMU, UMR TELEMMe) et H\u00e9l\u00e8ne M\u00e9nard (UPVM3, CRISES)            <\/div>\r\n    <\/div>\r\n    <\/div>\n  <\/div><div class=\"item item-11054 skin flat odd 25 \">\n        <div class=\"layer-wrapper layout-5815\">\n          <div class=\" element_1624268456791\"\r\n        id=\"\">\r\n        <div class=\"element element_1624268458890  thumb \">\r\n                    <img decoding=\"async\" alt=\"Couverture de Historicising Ancient Slavery, Kostas Vlassopoulos, University Press Scholarship Online\" src=\"https:\/\/telemme.mmsh.fr\/wp-content\/uploads\/2022\/04\/9781474487221.jpg\">\r\n            <\/div>\r\n    <div class=\"element element_1624268460479  title \">\r\n                    <a target=\"_self\"\r\n                href=\"https:\/\/telemme.mmsh.fr\/?evenement=esclavages-en-mediterranee-historicising-ancient-slavery\">[Esclavages en M\u00e9diterran\u00e9e] Historicising Ancient Slavery<\/a>\r\n            <\/div>\r\n    <div class=\"element element_1767692457771  excerpt \">\r\n        Le s\u00e9minaire inter-labos Les Esclavages en M\u00e9diterran\u00e9e aura le plaisir d'accueillir le 4 mai Kostas Vlassopoulos\u00a0(universit\u00e9 de Cr\u00e8te) qui nous pr\u00e9sentera son livre Historicising Ancient Slavery, \u00c9dimbourg, Edinburg University Press, 2021.            <\/div>\r\n    <\/div>\r\n    <\/div>\n  <\/div><div class=\"item item-11016 skin flat even 26 \">\n        <div class=\"layer-wrapper layout-5815\">\n          <div class=\" element_1624268456791\"\r\n        id=\"\">\r\n        <div class=\"element element_1624268458890  thumb \">\r\n                    <img decoding=\"async\" alt=\"Mucem \u00a9Cyril Weiner, architectes Rudy Ricciotti et Roland Carta\" src=\"https:\/\/telemme.mmsh.fr\/wp-content\/uploads\/2022\/01\/cyrille_weiner_mucem_1.jpg\">\r\n            <\/div>\r\n    <div class=\"element element_1624268460479  title \">\r\n                    <a target=\"_self\"\r\n                href=\"https:\/\/telemme.mmsh.fr\/?evenement=museo-polis-6th-session-museum-memory-and-democracy-ii\">[Museo-Polis] 6th Session: Museum, Memory and Democracy (II)<\/a>\r\n            <\/div>\r\n    <div class=\"element element_1767692457771  excerpt \">\r\n        Following an interdisciplinary approach, this permanent seminars, articulated in 8 monthly virtual sessions during the academic year 2021-2022, envisages experimenting with a new transversal training, based on research in the Humanities and Social Sciences, by proposing to students of the CIVIS Consortium (bachelor\u2019s, master\u2019s, doctorate) to analyze the contemporary history            <\/div>\r\n    <\/div>\r\n    <\/div>\n  <\/div><div class=\"item item-10997 skin flat odd 27 \">\n        <div class=\"layer-wrapper layout-5815\">\n          <div class=\" element_1624268456791\"\r\n        id=\"\">\r\n        <div class=\"element element_1624268458890  thumb \">\r\n                    <img decoding=\"async\" alt=\"\u00a9 Noureddine Chenoud\" src=\"https:\/\/telemme.mmsh.fr\/wp-content\/uploads\/2022\/04\/illustration_maghreb_amazigh_graphies_berberes.png\">\r\n            <\/div>\r\n    <div class=\"element element_1624268460479  title \">\r\n                    <a target=\"_self\"\r\n                href=\"https:\/\/telemme.mmsh.fr\/?evenement=atelier-maghreb-amazigh-graphies-berberes\">Atelier Maghreb Amazigh \u2013 Graphies berb\u00e8res<\/a>\r\n            <\/div>\r\n    <div class=\"element element_1767692457771  excerpt \">\r\n        En amazighe (berb\u00e8re), l\u2019\u00e9criture se dit tirra ou tira. Preuve que cette langue r\u00e9put\u00e9e pour son caract\u00e8re oral a bien connu une tradition scripturaire. On a attribu\u00e9 \u00e0 cette graphie dite \u00ab numidique \u00bb, \u00ab libyque \u00bb, \u00ab libyco-berb\u00e8re \u00bb ou encore \u00ab tifinagh \u00bb toutes sortes d\u2019origines. Depuis plus            <\/div>\r\n    <\/div>\r\n    <\/div>\n  <\/div><div class=\"item item-10985 skin flat even 28 \">\n        <div class=\"layer-wrapper layout-5815\">\n          <div class=\" element_1624268456791\"\r\n        id=\"\">\r\n        <div class=\"element element_1624268458890  thumb \">\r\n                    <img decoding=\"async\" alt=\"Valle ca&#039;Zane, SEA b.149\" src=\"https:\/\/telemme.mmsh.fr\/wp-content\/uploads\/2022\/04\/Rivoal-valle-caZane-SEA-b.149.jpeg\">\r\n            <\/div>\r\n    <div class=\"element element_1624268460479  title \">\r\n                    <a target=\"_self\"\r\n                href=\"https:\/\/telemme.mmsh.fr\/?evenement=ecrits-savants-les-savoirs-de-la-peche-dans-la-republique-de-venise-au-xviiie-siecle\">[S\u00e9ance report\u00e9e] [\u00c9crits savants] Les savoirs de la p\u00eache dans la R\u00e9publique de Venise au XVIIIe si\u00e8cle<\/a>\r\n            <\/div>\r\n    <div class=\"element element_1767692457771  excerpt \">\r\n        Le jeudi 14 avril, nous accueillerons Sol\u00e8ne Rivoal (Institut national universitaire Champollion, Albi \u2013 FRAMESPA) \u00ab Les savoirs de la p\u00eache dans la R\u00e9publique de Venise au XVIIIe si\u00e8cle : des expertises profanes aux trait\u00e9s savants \u00bb. Avez-vous envie de devenir auto-entrepreneur au ch\u00f4mage en pisciculture ? Peu importe votre            <\/div>\r\n    <\/div>\r\n    <\/div>\n  <\/div><div class=\"item item-10980 skin flat odd 29 \">\n        <div class=\"layer-wrapper layout-5815\">\n          <div class=\" element_1624268456791\"\r\n        id=\"\">\r\n        <div class=\"element element_1624268458890  thumb \">\r\n                    <img decoding=\"async\" alt=\"Affiche du s\u00e9minaire Anachroniques, saison 6\" src=\"https:\/\/telemme.mmsh.fr\/wp-content\/uploads\/2022\/01\/Anachroniques_Saison6_carre-1024x828.jpg\">\r\n            <\/div>\r\n    <div class=\"element element_1624268460479  title \">\r\n                    <a target=\"_self\"\r\n                href=\"https:\/\/telemme.mmsh.fr\/?evenement=anachroniques-le-genre-des-mots\">[Anachroniques] Le genre des mots<\/a>\r\n            <\/div>\r\n    <div class=\"element element_1767692457771  excerpt \">\r\n        Aucune r\u00e9volution n\u2019a triomph\u00e9 sans avoir livr\u00e9 la bataille de la langue. Prendre d\u2019assaut les dictionnaires, dresser des barricades contre le sens commun, ouvrir les possibles en r\u00e9inventant le lexique, \u00e9branler \u00e0 coups de points des dominations mill\u00e9naires. La r\u00e9volution f\u00e9ministe en cours m\u00e8ne cette bataille sur le front de            <\/div>\r\n    <\/div>\r\n    <\/div>\n  <\/div><div class=\"item item-10937 skin flat even 30 \">\n        <div class=\"layer-wrapper layout-5815\">\n          <div class=\" element_1624268456791\"\r\n        id=\"\">\r\n        <div class=\"element element_1624268458890  thumb \">\r\n                    <img decoding=\"async\" alt=\"Anonyme, d\u2019apr\u00e8s Du\u0308rer, Fr\u00e8re hi\u00e9ronymite \u00e0 son \u00e9tude, 1514-1599, gravure, 239 x 285 mm, Amsterdam, Rijksmuseum\" src=\"https:\/\/telemme.mmsh.fr\/wp-content\/uploads\/2022\/03\/RP-P-OB-115.938.jpg\">\r\n            <\/div>\r\n    <div class=\"element element_1624268460479  title \">\r\n                    <a target=\"_self\"\r\n                href=\"https:\/\/telemme.mmsh.fr\/?evenement=ecrits-savants-entre-geometrie-et-justice\">[\u00c9crits savants] Entre g\u00e9om\u00e9trie et justice<\/a>\r\n            <\/div>\r\n    <div class=\"element element_1767692457771  excerpt \">\r\n        Le s\u00e9minaire inter-labos \u00c9crits savants et sources des savoirs en M\u00e9diterran\u00e9e \u00e0 l'\u00e9poque moderne (CAER, LA3M, TELEMMe) a le plaisir de vous annoncer la suite de ses travaux.            <\/div>\r\n    <\/div>\r\n    <\/div>\n  <\/div><div class=\"item item-10914 skin flat odd 31 \">\n        <div class=\"layer-wrapper layout-5815\">\n          <div class=\" element_1624268456791\"\r\n        id=\"\">\r\n        <div class=\"element element_1624268458890  thumb \">\r\n                    <img decoding=\"async\" alt=\"Mucem \u00a9Cyril Weiner, architectes Rudy Ricciotti et Roland Carta\" src=\"https:\/\/telemme.mmsh.fr\/wp-content\/uploads\/2022\/01\/cyrille_weiner_mucem_1.jpg\">\r\n            <\/div>\r\n    <div class=\"element element_1624268460479  title \">\r\n                    <a target=\"_self\"\r\n                href=\"https:\/\/telemme.mmsh.fr\/?evenement=museo-polis-5th-session-museum-memory-and-democracy-i\">[Museo-Polis] 5th Session: Museum, Memory and Democracy (I)<\/a>\r\n            <\/div>\r\n    <div class=\"element element_1767692457771  excerpt \">\r\n        Following an interdisciplinary approach, this permanent seminars, articulated in 8 monthly virtual sessions during the academic year 2021-2022, envisages experimenting with a new transversal training, based on research in the Humanities and Social Sciences, by proposing to students of the CIVIS Consortium (bachelor\u2019s, master\u2019s, doctorate) to analyze the contemporary history            <\/div>\r\n    <\/div>\r\n    <\/div>\n  <\/div><div class=\"item item-10897 skin flat even 32 \">\n        <div class=\"layer-wrapper layout-5815\">\n          <div class=\" element_1624268456791\"\r\n        id=\"\">\r\n        <div class=\"element element_1624268458890  thumb \">\r\n                    <img decoding=\"async\" alt=\"Copenhague, biblioth\u00e8que royale. Almanach portable, 1513. Graphisme : Laurent Maggiori, LA3M\" src=\"https:\/\/telemme.mmsh.fr\/wp-content\/uploads\/2022\/03\/2022.03.22_EcritEcran_seance6-1.png\">\r\n            <\/div>\r\n    <div class=\"element element_1624268460479  title \">\r\n                    <a target=\"_self\"\r\n                href=\"https:\/\/telemme.mmsh.fr\/?evenement=de-lecrit-a-lecran-qui-peut-le-plus-peut-le-moins-les-sites-agregateurs-de-donnees\">[De l\u2019\u00e9crit \u00e0 l\u2019\u00e9cran] Qui peut le plus peut le moins ? Les sites agr\u00e9gateurs de donn\u00e9es<\/a>\r\n            <\/div>\r\n    <div class=\"element element_1767692457771  excerpt \">\r\n        Depuis une d\u00e9cennie, le d\u00e9veloppement de donn\u00e9es num\u00e9riques et de leur mise en ligne de plus en plus croissante a pouss\u00e9 \u00e0 l\u2019\u00e9mergence de m\u00e9ta-sites ou m\u00e9ta-bases de donn\u00e9es num\u00e9riques dont le r\u00f4le est d\u2019agr\u00e9ger des contenus h\u00e9t\u00e9rog\u00e8nes par leur nature (objets textuels, graphiques, glyptiques, etc.) et par leurs caract\u00e9ristiques            <\/div>\r\n    <\/div>\r\n    <\/div>\n  <\/div><div class=\"item item-10868 skin flat odd 33 \">\n        <div class=\"layer-wrapper layout-5815\">\n          <div class=\" element_1624268456791\"\r\n        id=\"\">\r\n        <div class=\"element element_1624268458890  thumb \">\r\n                    <img decoding=\"async\" alt=\"\" src=\"https:\/\/telemme.mmsh.fr\/wp-content\/uploads\/2022\/03\/illustration_maghreb_amazigh_seance_5.png\">\r\n            <\/div>\r\n    <div class=\"element element_1624268460479  title \">\r\n                    <a target=\"_self\"\r\n                href=\"https:\/\/telemme.mmsh.fr\/?evenement=nouveaux-medias-transnationalisme-et-creation-la-recherche-sur-les-sites-web-amazighs\">Nouveaux m\u00e9dias, transnationalisme et cr\u00e9ation : la recherche sur les sites web amazighs<\/a>\r\n            <\/div>\r\n    <div class=\"element element_1767692457771  excerpt \">\r\n        L\u2019expansion vertigineuse d\u2019Internet ces derni\u00e8res ann\u00e9es a renouvel\u00e9 et d\u00e9velopp\u00e9 les discours portant sur les identit\u00e9s. De nouvelles possibilit\u00e9s de communications, de prises de contacts et d\u2019\u00e9changes s\u2019offrent aux individus et aux minorit\u00e9s actifs au-del\u00e0 des fronti\u00e8res nationales. Les populations amazighes tant sur leurs territoires d\u2019origine que dans la diaspora            <\/div>\r\n    <\/div>\r\n    <\/div>\n  <\/div><div class=\"item item-10852 skin flat even 34 \">\n        <div class=\"layer-wrapper layout-5815\">\n          <div class=\" element_1624268456791\"\r\n        id=\"\">\r\n        <div class=\"element element_1624268458890  thumb \">\r\n                    <img decoding=\"async\" alt=\"Verdun, ms. 107, f. 12 vie\u0300le copie\" src=\"https:\/\/telemme.mmsh.fr\/wp-content\/uploads\/2022\/03\/Verdun-ms.-107-f.-12-vie\u0300le-copie.jpg\">\r\n            <\/div>\r\n    <div class=\"element element_1624268460479  title \">\r\n                    <a target=\"_self\"\r\n                href=\"https:\/\/telemme.mmsh.fr\/?evenement=histoires-decoutes-seance-3-des-objets-sonores-silencieux-redonner-du-corps-a-lecoute\">[Histoires d\u2019\u00e9coutes] S\u00e9ance #3 | Des objets sonores silencieux ? Redonner du corps \u00e0 l\u2019\u00e9coute<\/a>\r\n            <\/div>\r\n    <div class=\"element element_1767692457771  excerpt \">\r\n        Dans cette troisi\u00e8me s\u00e9ance, nous nous pencherons sur le cas des objets non sonnants, tels que les images, inscriptions, sculptures, objets\u2026. M\u00eame si ceux-ci ne sont pas destin\u00e9s (ni m\u00eame d\u00e9tourn\u00e9s) pour produire des sons et cr\u00e9er une \u00e9coute directe, ils peuvent instiller une certaine \u00e9coute \u00ab virtuelle \u00bb chez            <\/div>\r\n    <\/div>\r\n    <\/div>\n  <\/div><div class=\"item item-10837 skin flat odd 35 \">\n        <div class=\"layer-wrapper layout-5815\">\n          <div class=\" element_1624268456791\"\r\n        id=\"\">\r\n        <div class=\"element element_1624268458890  thumb \">\r\n                    <img decoding=\"async\" alt=\"Anonyme, d\u2019apr\u00e8s Du\u0308rer, Fr\u00e8re hi\u00e9ronymite \u00e0 son \u00e9tude, 1514-1599, gravure, 239 x 285 mm, Amsterdam, Rijksmuseum\" src=\"https:\/\/telemme.mmsh.fr\/wp-content\/uploads\/2022\/03\/RP-P-OB-115.938.jpg\">\r\n            <\/div>\r\n    <div class=\"element element_1624268460479  title \">\r\n                    <a target=\"_self\"\r\n                href=\"https:\/\/telemme.mmsh.fr\/?evenement=seance-inaugurale-du-seminaire-ecrits-savants-et-sources-des-savoirs-en-mediterranee-a-lepoque-moderne\">S\u00e9ance inaugurale du s\u00e9minaire \u00c9crits savants et sources des savoirs en M\u00e9diterran\u00e9e \u00e0 l\u2019\u00e9poque moderne<\/a>\r\n            <\/div>\r\n    <div class=\"element element_1767692457771  excerpt \">\r\n        Le s\u00e9minaire inter-labos \u00c9crits savants et sources des savoirs en M\u00e9diterran\u00e9e \u00e0 l'\u00e9poque moderne (CAER, LA3M, TELEMMe) lance ses travaux dans des conditions normales. S\u00e9minaire pour l'heure uniquement soutenu et financ\u00e9 par TELEMMe. La premi\u00e8re s\u00e9ance aura lieu \u00e0 la Biblioth\u00e8que Universitaire des Fenouill\u00e8res. Estelle Dumont, charg\u00e9e du fonds patrimonial,            <\/div>\r\n    <\/div>\r\n    <\/div>\n  <\/div><div class=\"item item-10760 skin flat even 36 \">\n        <div class=\"layer-wrapper layout-5815\">\n          <div class=\" element_1624268456791\"\r\n        id=\"\">\r\n        <div class=\"element element_1624268458890  thumb \">\r\n                    <img decoding=\"async\" alt=\"Gilles Rousselet, Les glorieuses ann\u00e9es de Louis XIV, 1687 (BnF, Gallica, d\u00e9tail)\" src=\"https:\/\/telemme.mmsh.fr\/wp-content\/uploads\/2022\/03\/rousselet.png\">\r\n            <\/div>\r\n    <div class=\"element element_1624268460479  title \">\r\n                    <a target=\"_self\"\r\n                href=\"https:\/\/telemme.mmsh.fr\/?evenement=la-justice-contestee-seminaire-lautorite-dans-la-ville-de-lantiquite-a-nos-jours\">La justice contest\u00e9e. S\u00e9minaire L\u2019autorit\u00e9 dans la ville de l\u2019Antiquit\u00e9 \u00e0 nos jours<\/a>\r\n            <\/div>\r\n    <div class=\"element element_1767692457771  excerpt \">\r\n        S\u00e9minaire coordonn\u00e9 par H\u00e9l\u00e8ne M\u00e9nard (UPVM3, CRISES) et Nicolas Vidoni (AMU, UMR TELEMMe)            <\/div>\r\n    <\/div>\r\n    <\/div>\n  <\/div><div class=\"item item-10756 skin flat odd 37 \">\n        <div class=\"layer-wrapper layout-5815\">\n          <div class=\" element_1624268456791\"\r\n        id=\"\">\r\n        <div class=\"element element_1624268458890  thumb \">\r\n                    <img decoding=\"async\" alt=\"Couverture de Les mondes de l&#039;esclavage. Une histoire compar\u00e9e, dir. Paulin Ismard, Le Seuil, 2021\" src=\"https:\/\/telemme.mmsh.fr\/wp-content\/uploads\/2022\/02\/Les-Mondes-de-l-esclavage-Une-histoire-comparee.jpg\">\r\n            <\/div>\r\n    <div class=\"element element_1624268460479  title \">\r\n                    <a target=\"_self\"\r\n                href=\"https:\/\/telemme.mmsh.fr\/?evenement=sixieme-seance-du-seminaire-esclavages-en-mediterranee-lesclavage-a-credit-dans-lespagne-dancien-regime\">Sixi\u00e8me s\u00e9ance du s\u00e9minaire Esclavages en M\u00e9diterran\u00e9e : \u00ab L\u2019esclavage \u00e0 cr\u00e9dit dans l\u2019Espagne d\u2019Ancien R\u00e9gime \u00bb<\/a>\r\n            <\/div>\r\n    <div class=\"element element_1767692457771  excerpt \">\r\n        Le s\u00e9minaire inter-labos Les Esclavages en M\u00e9diterran\u00e9e accueillera la semaine prochaine Thomas Glesener (AMU, TELEMMe), \u00ab Horros, cortados y libertinos. L\u2019esclavage \u00e0 cr\u00e9dit dans l\u2019Espagne d\u2019Ancien R\u00e9gime \u00bb.            <\/div>\r\n    <\/div>\r\n    <\/div>\n  <\/div><div class=\"item item-10715 skin flat even 38 \">\n        <div class=\"layer-wrapper layout-5815\">\n          <div class=\" element_1624268456791\"\r\n        id=\"\">\r\n        <div class=\"element element_1624268458890  thumb \">\r\n                    <img decoding=\"async\" alt=\"Mucem \u00a9Cyril Weiner, architectes Rudy Ricciotti et Roland Carta\" src=\"https:\/\/telemme.mmsh.fr\/wp-content\/uploads\/2022\/01\/cyrille_weiner_mucem_1.jpg\">\r\n            <\/div>\r\n    <div class=\"element element_1624268460479  title \">\r\n                    <a target=\"_self\"\r\n                href=\"https:\/\/telemme.mmsh.fr\/?evenement=museo-polis-4th-session-museum-and-religion\">[Museo-Polis] 4th Session: Museum and Religion<\/a>\r\n            <\/div>\r\n    <div class=\"element element_1767692457771  excerpt \">\r\n        Following an interdisciplinary approach, this permanent seminars, articulated in 8 monthly virtual sessions during the academic year 2021-2022, envisages experimenting with a new transversal training, based on research in the Humanities and Social Sciences, by proposing to students of the CIVIS Consortium (bachelor\u2019s, master\u2019s, doctorate) to analyze the contemporary history            <\/div>\r\n    <\/div>\r\n    <\/div>\n  <\/div><div class=\"item item-10660 skin flat odd 39 \">\n        <div class=\"layer-wrapper layout-5815\">\n          <div class=\" element_1624268456791\"\r\n        id=\"\">\r\n        <div class=\"element element_1624268458890  thumb \">\r\n                    <img decoding=\"async\" alt=\"Affiche du s\u00e9minaire interlaboratoire &quot;Autour du cadavre&quot;\" src=\"https:\/\/telemme.mmsh.fr\/wp-content\/uploads\/2021\/04\/Hist-anthropo-mort-721x1024.jpg\">\r\n            <\/div>\r\n    <div class=\"element element_1624268460479  title \">\r\n                    <a target=\"_self\"\r\n                href=\"https:\/\/telemme.mmsh.fr\/?evenement=medecins-et-cadavres\">M\u00e9decins et cadavres<\/a>\r\n            <\/div>\r\n    <div class=\"element element_1767692457771  excerpt \">\r\n        Les transformations contemporaines du traitement des morts ordinaires (gestion des cimeti\u00e8res, essor de la cr\u00e9mation ou de la thanatopraxie) et les probl\u00e8mes soulev\u00e9s par les r\u00e9centes crises de mortalit\u00e9 (migrants, canicule, \u00e9pid\u00e9mies, guerre, etc.) incitent en effet \u00e0 engager une r\u00e9flexion pluridisciplinaire et internationale sur le fait mortuaire. (...)            <\/div>\r\n    <\/div>\r\n    <\/div>\n  <\/div><div class=\"item item-10656 skin flat even 40 \">\n        <div class=\"layer-wrapper layout-5815\">\n          <div class=\" element_1624268456791\"\r\n        id=\"\">\r\n        <div class=\"element element_1624268458890  thumb \">\r\n                    <img decoding=\"async\" alt=\"Couverture de Les mondes de l&#039;esclavage. Une histoire compar\u00e9e, dir. Paulin Ismard, Le Seuil, 2021\" src=\"https:\/\/telemme.mmsh.fr\/wp-content\/uploads\/2022\/02\/Les-Mondes-de-l-esclavage-Une-histoire-comparee.jpg\">\r\n            <\/div>\r\n    <div class=\"element element_1624268460479  title \">\r\n                    <a target=\"_self\"\r\n                href=\"https:\/\/telemme.mmsh.fr\/?evenement=cinquieme-seance-du-seminaire-esclavages-en-mediterranee\">Cinqui\u00e8me s\u00e9ance du s\u00e9minaire Esclavages en M\u00e9diterran\u00e9e<\/a>\r\n            <\/div>\r\n    <div class=\"element element_1767692457771  excerpt \">\r\n        Le s\u00e9minaire Les Esclavages en M\u00e9diterran\u00e9e accueillera la semaine prochaine Juliane Schiel, professeure \u00e0 l'universit\u00e9 de Vienne et m\u00e9di\u00e9viste de marque qui fera ce d\u00e9placement transfrontalier de son plein gr\u00e9.            <\/div>\r\n    <\/div>\r\n    <\/div>\n  <\/div><div class=\"item item-10598 skin flat odd 41 \">\n        <div class=\"layer-wrapper layout-5815\">\n          <div class=\" element_1624268456791\"\r\n        id=\"\">\r\n        <div class=\"element element_1624268458890  thumb \">\r\n                    <img decoding=\"async\" alt=\"Mucem \u00a9Cyril Weiner, architectes Rudy Ricciotti et Roland Carta\" src=\"https:\/\/telemme.mmsh.fr\/wp-content\/uploads\/2022\/01\/cyrille_weiner_mucem_1.jpg\">\r\n            <\/div>\r\n    <div class=\"element element_1624268460479  title \">\r\n                    <a target=\"_self\"\r\n                href=\"https:\/\/telemme.mmsh.fr\/?evenement=museo-polis-3rd-session-museum-citizenship-community\">[Museo-Polis] 3rd Session: Museum, Citizenship, Community<\/a>\r\n            <\/div>\r\n    <div class=\"element element_1767692457771  excerpt \">\r\n        Following an interdisciplinary approach, this permanent seminars, articulated in 8 monthly virtual sessions during the academic year 2021-2022, envisages experimenting with a new transversal training, based on research in the Humanities and Social Sciences, by proposing to students of the CIVIS Consortium (bachelor\u2019s, master\u2019s, doctorate) to analyze the contemporary history            <\/div>\r\n    <\/div>\r\n    <\/div>\n  <\/div><div class=\"item item-10502 skin flat even 42 \">\n        <div class=\"layer-wrapper layout-5815\">\n          <div class=\" element_1624268456791\"\r\n        id=\"\">\r\n        <div class=\"element element_1624268458890  thumb \">\r\n                    <img decoding=\"async\" alt=\"Affiche du s\u00e9minaire Anachroniques, saison 6\" src=\"https:\/\/telemme.mmsh.fr\/wp-content\/uploads\/2022\/01\/Anachroniques_Saison6_carre-1024x828.jpg\">\r\n            <\/div>\r\n    <div class=\"element element_1624268460479  title \">\r\n                    <a target=\"_self\"\r\n                href=\"https:\/\/telemme.mmsh.fr\/?evenement=anachroniques-critiques-de-la-modernite-visuelle\">[Anachroniques] Critiques de la modernit\u00e9 visuelle<\/a>\r\n            <\/div>\r\n    <div class=\"element element_1767692457771  excerpt \">\r\n        La vie moderne a boulevers\u00e9 nos sens. Le progr\u00e8s technique, la vie urbaine, le consum\u00e9risme ont sollicit\u00e9 la vue comme jamais auparavant. Aujourd\u2019hui, la multiplication infinie des images dans notre vie quotidienne, faisant de chaque individu un producteur et un consommateur d\u2019images, semble ouvrir un nouveau chapitre dans la longue            <\/div>\r\n    <\/div>\r\n    <\/div>\n  <\/div><div class=\"item item-10498 skin flat odd 43 \">\n        <div class=\"layer-wrapper layout-5815\">\n          <div class=\" element_1624268456791\"\r\n        id=\"\">\r\n        <div class=\"element element_1624268458890  thumb \">\r\n                    <img decoding=\"async\" alt=\"Couverture de Les mondes de l&#039;esclavage. Une histoire compar\u00e9e, dir. Paulin Ismard, Le Seuil, 2021\" src=\"https:\/\/telemme.mmsh.fr\/wp-content\/uploads\/2022\/02\/Les-Mondes-de-l-esclavage-Une-histoire-comparee.jpg\">\r\n            <\/div>\r\n    <div class=\"element element_1624268460479  title \">\r\n                    <a target=\"_self\"\r\n                href=\"https:\/\/telemme.mmsh.fr\/?evenement=les-esclavages-en-mediterranee\">Quatri\u00e8me s\u00e9ance du s\u00e9minaire Esclavages en M\u00e9diterran\u00e9e<\/a>\r\n            <\/div>\r\n    <div class=\"element element_1767692457771  excerpt \">\r\n        Prochaine s\u00e9ance du s\u00e9minaire inter-laboratoires MMSH \u00ab Les Esclavages en M\u00e9diterran\u00e9e \u00bb, mercredi 2 f\u00e9vrier, 14h00-17h00, salle Paul-Albert F\u00e9vrier (PAF)            <\/div>\r\n    <\/div>\r\n    <\/div>\n  <\/div><div class=\"item item-10426 skin flat even 44 \">\n        <div class=\"layer-wrapper layout-5815\">\n          <div class=\" element_1624268456791\"\r\n        id=\"\">\r\n        <div class=\"element element_1624268458890  thumb \">\r\n                    <img decoding=\"async\" alt=\"Couverture de Les mondes de l&#039;esclavage. Une histoire compar\u00e9e, dir. Paulin Ismard, Le Seuil, 2021\" src=\"https:\/\/telemme.mmsh.fr\/wp-content\/uploads\/2022\/02\/Les-Mondes-de-l-esclavage-Une-histoire-comparee.jpg\">\r\n            <\/div>\r\n    <div class=\"element element_1624268460479  title \">\r\n                    <a target=\"_self\"\r\n                href=\"https:\/\/telemme.mmsh.fr\/?evenement=troisieme-seance-du-seminaire-esclavages-en-mediterranee\">Troisi\u00e8me s\u00e9ance du s\u00e9minaire Esclavages en M\u00e9diterran\u00e9e<\/a>\r\n            <\/div>\r\n    <div class=\"element element_1767692457771  excerpt \">\r\n        Troisi\u00e8me s\u00e9ance du s\u00e9minaire Esclavages en M\u00e9diterran\u00e9e avec Mohamed Ouerfelli (IREMAM) et Henri Medard (IMAF).            <\/div>\r\n    <\/div>\r\n    <\/div>\n  <\/div><div class=\"item item-10496 skin flat odd 45 \">\n        <div class=\"layer-wrapper layout-5815\">\n          <div class=\" element_1624268456791\"\r\n        id=\"\">\r\n        <div class=\"element element_1624268458890  thumb \">\r\n                    <img decoding=\"async\" alt=\"Affiche du s\u00e9minaire Anachroniques, saison 6\" src=\"https:\/\/telemme.mmsh.fr\/wp-content\/uploads\/2022\/01\/Anachroniques_Saison6_carre-1024x828.jpg\">\r\n            <\/div>\r\n    <div class=\"element element_1624268460479  title \">\r\n                    <a target=\"_self\"\r\n                href=\"https:\/\/telemme.mmsh.fr\/?evenement=anachroniques-lecriture-anthropologique\">[Anachroniques] L'\u00e9criture anthropologique<\/a>\r\n            <\/div>\r\n    <div class=\"element element_1767692457771  excerpt \">\r\n        Comment \u00e9crit-on l\u2019anthropologie? Il y a longtemps que les anthropologues ont renonc\u00e9 au mirage de l\u2019ext\u00e9riorit\u00e9 que leur procure leur position d\u2019observateur. Ils assument aujourd\u2019hui que leur pr\u00e9sence participe pleinement pleinement \u00e0 la formalisation des situations qu\u2019ils observent. Quelle place d\u00e8s lors pour l\u2019enqu\u00eateur dans le r\u00e9cit de l\u2019enqu\u00eate? Que            <\/div>\r\n    <\/div>\r\n    <\/div>\n  <\/div><div class=\"item item-10387 skin flat even 46 \">\n        <div class=\"layer-wrapper layout-5815\">\n          <div class=\" element_1624268456791\"\r\n        id=\"\">\r\n        <div class=\"element element_1624268458890  thumb \">\r\n                    <img decoding=\"async\" alt=\"William Schwenck Gilbert, \u201cThe Bab Ballads, with which are included Songs of a Savoyard\u201d , London ; New York, Routledge, 1898, p. 206\" src=\"https:\/\/telemme.mmsh.fr\/wp-content\/uploads\/2022\/01\/2022-histoire-ecoute-4.jpg\">\r\n            <\/div>\r\n    <div class=\"element element_1624268460479  title \">\r\n                    <a target=\"_self\"\r\n                href=\"https:\/\/telemme.mmsh.fr\/?evenement=histoires-decoutes-seance-3-recomposer-lecoute-quelles-approches-pour-le-chercheur\">[Histoires d\u2019\u00e9coutes] S\u00e9ance #2 | Recomposer l\u2019\u00e9coute : quelles approches pour le chercheur ?<\/a>\r\n            <\/div>\r\n    <div class=\"element element_1767692457771  excerpt \">\r\n        Dans cette deuxi\u00e8me s\u00e9ance, nous nous pencherons sur trois approches permettant de retrouver des traces d\u2019auralit\u00e9. La plus intuitive est s\u00fbrement l\u2019\u00e9coute directe, \u00e0 partir d\u2019enregistrements sonores, qu\u2019il faut cependant aussi \u00e9couter, analyser et transcrire en mots pour l\u2019Autre lecteur. D\u2019une certaine fa\u00e7on, ce travail rejoint celui des chroniqueurs et            <\/div>\r\n    <\/div>\r\n    <\/div>\n  <\/div><div class=\"item item-10382 skin flat odd 47 \">\n        <div class=\"layer-wrapper layout-5815\">\n          <div class=\" element_1624268456791\"\r\n        id=\"\">\r\n        <div class=\"element element_1624268458890  thumb \">\r\n                    <img decoding=\"async\" alt=\"Bible de Maciejowski = Bible Morgan de Louis IX = Bible des Croisades, Pierpont Morgan Library, New York, Ms M. 638, f. 39v, France (ca. 1244-1254)\" src=\"https:\/\/telemme.mmsh.fr\/wp-content\/uploads\/2022\/01\/histoires_ecoutes_light.png\">\r\n            <\/div>\r\n    <div class=\"element element_1624268460479  title \">\r\n                    <a target=\"_self\"\r\n                href=\"https:\/\/telemme.mmsh.fr\/?evenement=histoires-decoutes-seance-2-ecoute-o-mon-fils-lecoute-dans-le-christianisme\">[Histoires d\u2019\u00e9coutes] S\u00e9ance #2 : \u00c9coute \u00f4 mon fils\u2026 L\u2019\u00e9coute dans le christianisme<\/a>\r\n            <\/div>\r\n    <div class=\"element element_1767692457771  excerpt \">\r\n        S\u00e9ance report\u00e9e            <\/div>\r\n    <\/div>\r\n    <\/div>\n  <\/div><div class=\"item item-10346 skin flat even 48 \">\n        <div class=\"layer-wrapper layout-5815\">\n          <div class=\" element_1624268456791\"\r\n        id=\"\">\r\n        <div class=\"element element_1624268458890  thumb \">\r\n                    <img decoding=\"async\" alt=\"Mucem \u00a9Cyril Weiner, architectes Rudy Ricciotti et Roland Carta\" src=\"https:\/\/telemme.mmsh.fr\/wp-content\/uploads\/2022\/01\/cyrille_weiner_mucem_1.jpg\">\r\n            <\/div>\r\n    <div class=\"element element_1624268460479  title \">\r\n                    <a target=\"_self\"\r\n                href=\"https:\/\/telemme.mmsh.fr\/?evenement=museo-polis-2nd-session-museum-and-national-history\">[Museo-Polis] 2nd Session: Museum and National History<\/a>\r\n            <\/div>\r\n    <div class=\"element element_1767692457771  excerpt \">\r\n        Following an interdisciplinary approach, this permanent seminars, articulated in 8 monthly virtual sessions during the academic year 2021-2022, envisages experimenting with a new transversal training, based on research in the Humanities and Social Sciences, by proposing to students of the CIVIS Consortium (bachelor\u2019s, master\u2019s, doctorate) to analyze the contemporary history            <\/div>\r\n    <\/div>\r\n    <\/div>\n  <\/div><div class=\"item item-10486 skin flat odd 49 \">\n        <div class=\"layer-wrapper layout-5815\">\n          <div class=\" element_1624268456791\"\r\n        id=\"\">\r\n        <div class=\"element element_1624268458890  thumb \">\r\n                    <img decoding=\"async\" alt=\"Affiche du s\u00e9minaire Anachroniques, saison 6\" src=\"https:\/\/telemme.mmsh.fr\/wp-content\/uploads\/2022\/01\/Anachroniques_Saison6_carre-1024x828.jpg\">\r\n            <\/div>\r\n    <div class=\"element element_1624268460479  title \">\r\n                    <a target=\"_self\"\r\n                href=\"https:\/\/telemme.mmsh.fr\/?evenement=anachroniques-parler-avec-les-morts\">[Anachroniques] Parler avec les morts<\/a>\r\n            <\/div>\r\n    <div class=\"element element_1767692457771  excerpt \">\r\n        Les morts sont encombrants. Ils prennent de la place, ils nous parlent, ils r\u00e9clament des soins, ils veulent continuer \u00e0 vivre \u00e0 travers nous, ils veulent qu\u2019on termine ce qu\u2019ils n\u2019ont pas fini, ils nous parlent de justice quand on voudrait les ranger au rayon des souvenirs. C\u2019est parce que            <\/div>\r\n    <\/div>\r\n    <\/div>\n  <\/div>    <\/div>\n    <div class=\"pagination\">\n      <div class=\"paginate\">\n    <span aria-current=\"page\" class=\"page-numbers current\">1<\/span>\n<a class=\"page-numbers\" href=\"https:\/\/telemme.mmsh.fr\/index.php?rest_route=%2Fwp%2Fv2%2Fpages%2F9863&#038;paged=2\">2<\/a>\n<a class=\"next page-numbers\" href=\"https:\/\/telemme.mmsh.fr\/index.php?rest_route=%2Fwp%2Fv2%2Fpages%2F9863&#038;paged=2\">Next \u00bb<\/a>  <\/div>\n  <style type=\"text\/css\">\n    #post-grid-9862 .pagination .page-numbers {\n      font-size: 16px;\n      color: #fff;\n      background: #646464;\n    }\n\n    #post-grid-9862 .pagination .page-numbers:hover,\n    #post-grid-9862 .pagination .page-numbers.current {\n      background: #4b4b4b;\n    }\n  <\/style>\n  <\/div>\n        <style type=\"text\/css\">\r\n            .layout-5815 .element_1624268456791 {\r\n                            }\r\n\r\n                    <\/style>\r\n        <style type=\"text\/css\">\r\n        .layout-5815 .element_1624268458890 {\r\n            overflow: hidden;\r\n                    }\r\n\r\n        .layout-5815 .element_1624268458890 img {\r\n            max-width: 100%;\r\n            height: auto;\r\n        }\r\n\r\n        @media only screen and (min-width: 1024px) {\r\n            .layout-5815 .element_1624268458890 {\r\n                            }\r\n        }\r\n\r\n        @media only screen and (min-width: 768px) and (max-width: 1023px) {\r\n            .layout-5815 .element_1624268458890 {\r\n                            }\r\n        }\r\n\r\n        @media only screen and (min-width: 0px) and (max-width: 767px) {\r\n            .layout-5815 .element_1624268458890 {\r\n                            }\r\n        }\r\n    <\/style>\r\n    <style type=\"text\/css\">\r\n        .layout-5815 .element_1624268460479 {\r\n            color: #000000;\r\n            font-size: 20px;\r\n            font-family: Alata;\r\n            margin: 10px 0;\r\n            text-align: left;\r\n            font-weight:bold;        }\r\n\r\n        .layout-5815 .element_1624268460479 a {\r\n            color: #000000;\r\n            font-size: 20px;\r\n            font-family: Alata;\r\n            margin: 10px 0;\r\n            text-align: left;\r\n            font-weight:bold;        }\r\n    <\/style>\r\n    <style type=\"text\/css\">\r\n        .layout-5815 .element_1767692457771 {\r\n            text-align: left;\r\n                    }\r\n\r\n        .layout-5815 .element_1767692457771 a {\r\n                    }\r\n    <\/style>\r\n      <script>\n          <\/script>\n    <style type=\"text\/css\">\n    #post-grid-9862 {\n      padding: 10px;\n          }\n\n    #post-grid-9862 .item {\n      padding: 0px;\n      background: #fff;\n          }\n\n    #post-grid-9862 .item .layer-media {\n      height:auto;    }\n\n    @media only screen and (min-width: 0px) and (max-width: 767px) {\n      #post-grid-9862 .grid-items {\n        text-align: center;\n              }\n\n      #post-grid-9862 .item {\n        width: 90%;\n        margin: 10px;\n        display: inline-block;\n        vertical-align: top;\n        height:auto;      }\n    }\n\n    @media only screen and (min-width: 768px) and (max-width: 1023px) {\n      #post-grid-9862 .grid-items {\n        text-align: center;\n              }\n\n      #post-grid-9862 .item {\n        width: 280px;\n        margin: 10px;\n        display: inline-block;\n        vertical-align: top;\n        max-height:auto;      }\n    }\n\n    @media only screen and (min-width: 1024px) {\n      #post-grid-9862 .grid-items {\n        text-align: center;\n              }\n\n      #post-grid-9862 .item {\n        width: 280px;\n        display: inline-block;\n        margin: 10px;\n        vertical-align: top;\n        height:auto;      }\n    }\n\n      <\/style>\n  <\/div>\n\n","protected":false},"excerpt":{"rendered":"","protected":false},"author":6,"featured_media":0,"parent":3679,"menu_order":60,"comment_status":"closed","ping_status":"closed","template":"","meta":{"neve_meta_sidebar":"full-width","neve_meta_container":"","neve_meta_enable_content_width":"on","neve_meta_content_width":100,"neve_meta_title_alignment":"","neve_meta_author_avatar":"","neve_post_elements_order":"","neve_meta_disable_header":"","neve_meta_disable_footer":"","neve_meta_disable_title":"","footnotes":""},"class_list":["post-9863","page","type-page","status-publish","hentry"],"yoast_head":"<!-- This site is optimized with the Yoast SEO plugin v27.4 - https:\/\/yoast.com\/product\/yoast-seo-wordpress\/ -->\n<title>S\u00e9minaires interlaboratoires - TELEMMe - Temps, espaces, langages, Europe m\u00e9ridionale, M\u00e9diterran\u00e9e<\/title>\n<meta name=\"robots\" content=\"index, follow, max-snippet:-1, max-image-preview:large, max-video-preview:-1\" \/>\n<link rel=\"canonical\" href=\"https:\/\/telemme.mmsh.fr\/?page_id=9863\" \/>\n<meta property=\"og:locale\" content=\"fr_FR\" \/>\n<meta property=\"og:type\" content=\"article\" \/>\n<meta property=\"og:title\" content=\"S\u00e9minaires interlaboratoires - TELEMMe - Temps, espaces, langages, Europe m\u00e9ridionale, M\u00e9diterran\u00e9e\" \/>\n<meta property=\"og:url\" content=\"https:\/\/telemme.mmsh.fr\/?page_id=9863\" \/>\n<meta property=\"og:site_name\" content=\"TELEMMe - Temps, espaces, langages, Europe m\u00e9ridionale, M\u00e9diterran\u00e9e\" \/>\n<meta property=\"article:modified_time\" content=\"2021-10-19T12:18:29+00:00\" \/>\n<meta name=\"twitter:card\" content=\"summary_large_image\" \/>\n<meta name=\"twitter:label1\" content=\"Dur\u00e9e de lecture estim\u00e9e\" \/>\n\t<meta name=\"twitter:data1\" content=\"1 minute\" \/>\n<script type=\"application\/ld+json\" class=\"yoast-schema-graph\">{\"@context\":\"https:\\\/\\\/schema.org\",\"@graph\":[{\"@type\":\"WebPage\",\"@id\":\"https:\\\/\\\/telemme.mmsh.fr\\\/?page_id=9863\",\"url\":\"https:\\\/\\\/telemme.mmsh.fr\\\/?page_id=9863\",\"name\":\"S\u00e9minaires interlaboratoires - TELEMMe - Temps, espaces, langages, Europe m\u00e9ridionale, M\u00e9diterran\u00e9e\",\"isPartOf\":{\"@id\":\"https:\\\/\\\/telemme.mmsh.fr\\\/#website\"},\"datePublished\":\"2021-10-19T12:15:19+00:00\",\"dateModified\":\"2021-10-19T12:18:29+00:00\",\"breadcrumb\":{\"@id\":\"https:\\\/\\\/telemme.mmsh.fr\\\/?page_id=9863#breadcrumb\"},\"inLanguage\":\"fr-FR\",\"potentialAction\":[{\"@type\":\"ReadAction\",\"target\":[\"https:\\\/\\\/telemme.mmsh.fr\\\/?page_id=9863\"]}]},{\"@type\":\"BreadcrumbList\",\"@id\":\"https:\\\/\\\/telemme.mmsh.fr\\\/?page_id=9863#breadcrumb\",\"itemListElement\":[{\"@type\":\"ListItem\",\"position\":1,\"name\":\"Accueil\",\"item\":\"https:\\\/\\\/telemme.mmsh.fr\\\/\"},{\"@type\":\"ListItem\",\"position\":2,\"name\":\"\u00c9v\u00e9nements\",\"item\":\"https:\\\/\\\/telemme.mmsh.fr\\\/?page_id=2324\"},{\"@type\":\"ListItem\",\"position\":3,\"name\":\"S\u00e9minaires\",\"item\":\"https:\\\/\\\/telemme.mmsh.fr\\\/?page_id=3679\"},{\"@type\":\"ListItem\",\"position\":4,\"name\":\"S\u00e9minaires interlaboratoires\"}]},{\"@type\":\"WebSite\",\"@id\":\"https:\\\/\\\/telemme.mmsh.fr\\\/#website\",\"url\":\"https:\\\/\\\/telemme.mmsh.fr\\\/\",\"name\":\"TELEMMe - Temps, espaces, langages, Europe m\u00e9ridionale, M\u00e9diterran\u00e9e\",\"description\":\"\",\"publisher\":{\"@id\":\"https:\\\/\\\/telemme.mmsh.fr\\\/#organization\"},\"potentialAction\":[{\"@type\":\"SearchAction\",\"target\":{\"@type\":\"EntryPoint\",\"urlTemplate\":\"https:\\\/\\\/telemme.mmsh.fr\\\/?s={search_term_string}\"},\"query-input\":{\"@type\":\"PropertyValueSpecification\",\"valueRequired\":true,\"valueName\":\"search_term_string\"}}],\"inLanguage\":\"fr-FR\"},{\"@type\":\"Organization\",\"@id\":\"https:\\\/\\\/telemme.mmsh.fr\\\/#organization\",\"name\":\"TELEMMe\",\"url\":\"https:\\\/\\\/telemme.mmsh.fr\\\/\",\"logo\":{\"@type\":\"ImageObject\",\"inLanguage\":\"fr-FR\",\"@id\":\"https:\\\/\\\/telemme.mmsh.fr\\\/#\\\/schema\\\/logo\\\/image\\\/\",\"url\":\"https:\\\/\\\/telemme.mmsh.fr\\\/wp-content\\\/uploads\\\/2020\\\/03\\\/LogoTELEMMe-horizontal-fond-transparent.png\",\"contentUrl\":\"https:\\\/\\\/telemme.mmsh.fr\\\/wp-content\\\/uploads\\\/2020\\\/03\\\/LogoTELEMMe-horizontal-fond-transparent.png\",\"width\":1500,\"height\":437,\"caption\":\"TELEMMe\"},\"image\":{\"@id\":\"https:\\\/\\\/telemme.mmsh.fr\\\/#\\\/schema\\\/logo\\\/image\\\/\"}}]}<\/script>\n<!-- \/ Yoast SEO plugin. -->","yoast_head_json":{"title":"S\u00e9minaires interlaboratoires - TELEMMe - Temps, espaces, langages, Europe m\u00e9ridionale, M\u00e9diterran\u00e9e","robots":{"index":"index","follow":"follow","max-snippet":"max-snippet:-1","max-image-preview":"max-image-preview:large","max-video-preview":"max-video-preview:-1"},"canonical":"https:\/\/telemme.mmsh.fr\/?page_id=9863","og_locale":"fr_FR","og_type":"article","og_title":"S\u00e9minaires interlaboratoires - TELEMMe - Temps, espaces, langages, Europe m\u00e9ridionale, M\u00e9diterran\u00e9e","og_url":"https:\/\/telemme.mmsh.fr\/?page_id=9863","og_site_name":"TELEMMe - Temps, espaces, langages, Europe m\u00e9ridionale, M\u00e9diterran\u00e9e","article_modified_time":"2021-10-19T12:18:29+00:00","twitter_card":"summary_large_image","twitter_misc":{"Dur\u00e9e de lecture estim\u00e9e":"1 minute"},"schema":{"@context":"https:\/\/schema.org","@graph":[{"@type":"WebPage","@id":"https:\/\/telemme.mmsh.fr\/?page_id=9863","url":"https:\/\/telemme.mmsh.fr\/?page_id=9863","name":"S\u00e9minaires interlaboratoires - TELEMMe - Temps, espaces, langages, Europe m\u00e9ridionale, M\u00e9diterran\u00e9e","isPartOf":{"@id":"https:\/\/telemme.mmsh.fr\/#website"},"datePublished":"2021-10-19T12:15:19+00:00","dateModified":"2021-10-19T12:18:29+00:00","breadcrumb":{"@id":"https:\/\/telemme.mmsh.fr\/?page_id=9863#breadcrumb"},"inLanguage":"fr-FR","potentialAction":[{"@type":"ReadAction","target":["https:\/\/telemme.mmsh.fr\/?page_id=9863"]}]},{"@type":"BreadcrumbList","@id":"https:\/\/telemme.mmsh.fr\/?page_id=9863#breadcrumb","itemListElement":[{"@type":"ListItem","position":1,"name":"Accueil","item":"https:\/\/telemme.mmsh.fr\/"},{"@type":"ListItem","position":2,"name":"\u00c9v\u00e9nements","item":"https:\/\/telemme.mmsh.fr\/?page_id=2324"},{"@type":"ListItem","position":3,"name":"S\u00e9minaires","item":"https:\/\/telemme.mmsh.fr\/?page_id=3679"},{"@type":"ListItem","position":4,"name":"S\u00e9minaires interlaboratoires"}]},{"@type":"WebSite","@id":"https:\/\/telemme.mmsh.fr\/#website","url":"https:\/\/telemme.mmsh.fr\/","name":"TELEMMe - Temps, espaces, langages, Europe m\u00e9ridionale, M\u00e9diterran\u00e9e","description":"","publisher":{"@id":"https:\/\/telemme.mmsh.fr\/#organization"},"potentialAction":[{"@type":"SearchAction","target":{"@type":"EntryPoint","urlTemplate":"https:\/\/telemme.mmsh.fr\/?s={search_term_string}"},"query-input":{"@type":"PropertyValueSpecification","valueRequired":true,"valueName":"search_term_string"}}],"inLanguage":"fr-FR"},{"@type":"Organization","@id":"https:\/\/telemme.mmsh.fr\/#organization","name":"TELEMMe","url":"https:\/\/telemme.mmsh.fr\/","logo":{"@type":"ImageObject","inLanguage":"fr-FR","@id":"https:\/\/telemme.mmsh.fr\/#\/schema\/logo\/image\/","url":"https:\/\/telemme.mmsh.fr\/wp-content\/uploads\/2020\/03\/LogoTELEMMe-horizontal-fond-transparent.png","contentUrl":"https:\/\/telemme.mmsh.fr\/wp-content\/uploads\/2020\/03\/LogoTELEMMe-horizontal-fond-transparent.png","width":1500,"height":437,"caption":"TELEMMe"},"image":{"@id":"https:\/\/telemme.mmsh.fr\/#\/schema\/logo\/image\/"}}]}},"_links":{"self":[{"href":"https:\/\/telemme.mmsh.fr\/index.php?rest_route=\/wp\/v2\/pages\/9863","targetHints":{"allow":["GET"]}}],"collection":[{"href":"https:\/\/telemme.mmsh.fr\/index.php?rest_route=\/wp\/v2\/pages"}],"about":[{"href":"https:\/\/telemme.mmsh.fr\/index.php?rest_route=\/wp\/v2\/types\/page"}],"author":[{"embeddable":true,"href":"https:\/\/telemme.mmsh.fr\/index.php?rest_route=\/wp\/v2\/users\/6"}],"replies":[{"embeddable":true,"href":"https:\/\/telemme.mmsh.fr\/index.php?rest_route=%2Fwp%2Fv2%2Fcomments&post=9863"}],"version-history":[{"count":2,"href":"https:\/\/telemme.mmsh.fr\/index.php?rest_route=\/wp\/v2\/pages\/9863\/revisions"}],"predecessor-version":[{"id":9865,"href":"https:\/\/telemme.mmsh.fr\/index.php?rest_route=\/wp\/v2\/pages\/9863\/revisions\/9865"}],"up":[{"embeddable":true,"href":"https:\/\/telemme.mmsh.fr\/index.php?rest_route=\/wp\/v2\/pages\/3679"}],"wp:attachment":[{"href":"https:\/\/telemme.mmsh.fr\/index.php?rest_route=%2Fwp%2Fv2%2Fmedia&parent=9863"}],"curies":[{"name":"wp","href":"https:\/\/api.w.org\/{rel}","templated":true}]}}