{"id":8797,"date":"2021-07-15T15:35:52","date_gmt":"2021-07-15T13:35:52","guid":{"rendered":"https:\/\/telemme.mmsh.fr\/?page_id=8797"},"modified":"2025-09-15T11:03:47","modified_gmt":"2025-09-15T09:03:47","slug":"accueil-bis","status":"publish","type":"page","link":"https:\/\/telemme.mmsh.fr\/","title":{"rendered":"Accueil"},"content":{"rendered":"\n<hr class=\"wp-block-separator has-text-color has-neve-link-color-color has-css-opacity has-neve-link-color-background-color has-background is-style-wide\"\/>\n\n\n<div id=\"pl-gb8797-69f1be03756c6\"  class=\"panel-layout wp-block-siteorigin-panels-layout-block\" ><div id=\"pg-gb8797-69f1be03756c6-0\"  class=\"panel-grid panel-no-style\" ><div id=\"pgc-gb8797-69f1be03756c6-0-0\"  class=\"panel-grid-cell\" ><div id=\"panel-gb8797-69f1be03756c6-0-0-0\" class=\"so-panel widget widget_metaslider_widget panel-first-child panel-last-child\" data-index=\"0\" ><div id=\"metaslider-id-8817\" style=\"width: 100%; margin: 0 auto;\" class=\"ml-slider-3-108-0 metaslider metaslider-flex metaslider-8817 ml-slider has-dots-nav ms-theme-highway\" role=\"region\" aria-label=\"En une\" data-height=\"500\" data-width=\"1500\">\n    <div id=\"metaslider_container_8817\">\n        <div id=\"metaslider_8817\" class=\"flexslider\">\n            <ul class='slides'>\n                <li style=\"display: block; width: 100%;\" class=\"slide-16826 ms-image \" aria-roledescription=\"slide\" data-date=\"2026-04-08 16:39:08\" data-filename=\"260331_ER_A5Flyer-599x199.png\" data-slide-type=\"image\"><a href=\"https:\/\/telemme.mmsh.fr\/?p=16819\" target=\"_self\" aria-label=\"Voir les d\u00e9tails de la diapositive\" class=\"metaslider_image_link\"><img loading=\"lazy\" decoding=\"async\" src=\"https:\/\/telemme.mmsh.fr\/wp-content\/uploads\/2026\/04\/260331_ER_A5Flyer-599x199.png\" height=\"500\" width=\"1500\" alt=\"Affiche du festival Effets r\u00e9els\" class=\"slider-8817 slide-16826 msDefaultImage\" title=\"Affiche du festival Effets r\u00e9els\" \/><\/a><div class=\"caption-wrap\"><div class=\"caption\"><p>Effets R\u00e9els. Festival des histoires vraies<\/p><\/div><\/div><\/li>\n                <li style=\"display: none; width: 100%;\" class=\"slide-16477 ms-image \" aria-roledescription=\"slide\" data-date=\"2026-01-23 10:15:47\" data-filename=\"Image-ACC_bandeau-1070x356.jpg\" data-slide-type=\"image\"><a href=\"https:\/\/telemme.mmsh.fr\/?p=16469\" target=\"_self\" aria-label=\"Voir les d\u00e9tails de la diapositive\" class=\"metaslider_image_link\"><img loading=\"lazy\" decoding=\"async\" src=\"https:\/\/telemme.mmsh.fr\/wp-content\/uploads\/2026\/01\/Image-ACC_bandeau-1070x356.jpg\" height=\"500\" width=\"1500\" alt=\"Attachement. Montage par Valentine Bessieux, TELEMMe\" class=\"slider-8817 slide-16477 msDefaultImage\" title=\"Attachement. Montage par Valentine Bessieux, TELEMMe\" \/><\/a><div class=\"caption-wrap\"><div class=\"caption\"><div>[AAC] Les formes de l\u2019attachement : territoires, liens et sensibilit\u00e9s<\/div><\/div><\/div><\/li>\n                <li style=\"display: none; width: 100%;\" class=\"slide-16385 ms-image \" aria-roledescription=\"slide\" data-date=\"2026-01-05 09:50:19\" data-filename=\"TELEMMe_CarteVoeux2026_LD-1000x333.png\" data-slide-type=\"image\"><a href=\"https:\/\/telemme.mmsh.fr\/?p=16341\" target=\"_self\" aria-label=\"Voir les d\u00e9tails de la diapositive\" class=\"metaslider_image_link\"><img loading=\"lazy\" decoding=\"async\" src=\"https:\/\/telemme.mmsh.fr\/wp-content\/uploads\/2025\/12\/TELEMMe_CarteVoeux2026_LD-1000x333.png\" height=\"500\" width=\"1500\" alt=\"\u00ab Du XVIIIe si\u00e8cle \u00e0 nos jours, 300 ans d\u2019\u00e9ducation en M\u00e9diterran\u00e9e \u00bb, aquarelle, 2025, Marius Collin pour TELEMMe (AMU, CNRS)\" class=\"slider-8817 slide-16385 msDefaultImage\" title=\"\u00ab Du XVIIIe si\u00e8cle \u00e0 nos jours, 300 ans d\u2019\u00e9ducation en M\u00e9diterran\u00e9e \u00bb, aquarelle, 2025, Marius Collin pour TELEMMe (AMU, CNRS)\" \/><\/a><div class=\"caption-wrap\"><div class=\"caption\"><div>TELEMMe vous adresse ses meilleurs v\u0153ux pour 2026<\/div><\/div><\/div><\/li>\n                <li style=\"display: none; width: 100%;\" class=\"slide-16046 ms-image \" aria-roledescription=\"slide\" data-date=\"2025-10-21 11:52:38\" data-filename=\"LOGO_CNRS_BLEU-875x291.gif\" data-slide-type=\"image\"><a href=\"https:\/\/telemme.mmsh.fr\/?p=16041\" target=\"_self\" aria-label=\"Voir les d\u00e9tails de la diapositive\" class=\"metaslider_image_link\"><img loading=\"lazy\" decoding=\"async\" src=\"https:\/\/telemme.mmsh.fr\/wp-content\/uploads\/2023\/11\/LOGO_CNRS_BLEU-875x291.gif\" height=\"500\" width=\"1500\" alt=\"Logo du CNRS\" class=\"slider-8817 slide-16046 msDefaultImage\" title=\"Logo du CNRS\" \/><\/a><div class=\"caption-wrap\"><div class=\"caption\"><div>Soutien de TELEMMe aux concours CNRS<\/div><\/div><\/div><\/li>\n                <li style=\"display: none; width: 100%;\" class=\"slide-16047 ms-image \" aria-roledescription=\"slide\" data-date=\"2025-10-21 11:56:04\" data-filename=\"Colloque-Bandeau_AvecLogos-773x257.jpg\" data-slide-type=\"image\"><a href=\"https:\/\/telemme.mmsh.fr\/?evenement=ports-et-territoires-mediterraneens-circulation-des-biens-culturels-constitution-des-collections-extra-europeennes-xviie-xxie-siecles\" target=\"_self\" aria-label=\"Voir les d\u00e9tails de la diapositive\" class=\"metaslider_image_link\"><img loading=\"lazy\" decoding=\"async\" src=\"https:\/\/telemme.mmsh.fr\/wp-content\/uploads\/2025\/07\/Colloque-Bandeau_AvecLogos-773x257.jpg\" height=\"500\" width=\"1500\" alt=\"Bandeau colloque Ports et territoires m\u00e9diterran\u00e9ennes\" class=\"slider-8817 slide-16047 msDefaultImage\" title=\"Bandeau colloque Ports et territoires m\u00e9diterran\u00e9ennes\" \/><\/a><div class=\"caption-wrap\"><div class=\"caption\"><div> <div class=\"_rp_k allowTextSelection scrollContainer\" style=\"height:auto;width:auto;\"> <div> <div class=\"_rp_l\"> <div class=\"ms-font-color-neutralPrimary ms-font-xl ms-fwt-r _rp_m\"><span class=\"rpHighlightAllClass rpHighlightSubjectClass\" title=\"\">Colloque international \u00ab\u00a0Ports et territoires m\u00e9diterran\u00e9ens : circulation des biens culturels, constitution des collections extra-europ\u00e9ennes (XVIIe-XXIe si\u00e8cle)\u00a0\u00bb<\/span><\/div> <\/div> <\/div> <\/div> <\/div><\/div><\/div><\/li>\n                <li style=\"display: none; width: 100%;\" class=\"slide-15859 ms-image \" aria-roledescription=\"slide\" data-date=\"2025-09-08 15:53:48\" data-filename=\"Logo_AIXOPERA_bandeau-1349x449.png\" data-slide-type=\"image\"><a href=\"https:\/\/telemme.mmsh.fr\/?p=15843\" target=\"_self\" aria-label=\"Voir les d\u00e9tails de la diapositive\" class=\"metaslider_image_link\"><img loading=\"lazy\" decoding=\"async\" src=\"https:\/\/telemme.mmsh.fr\/wp-content\/uploads\/2025\/09\/Logo_AIXOPERA_bandeau-1349x449.png\" height=\"500\" width=\"1500\" alt=\"Logo AixOPERA\" class=\"slider-8817 slide-15859 msDefaultImage\" title=\"Logo AixOPERA\" \/><\/a><\/li>\n                <li style=\"display: none; width: 100%;\" class=\"slide-15639 ms-image \" aria-roledescription=\"slide\" data-date=\"2025-06-19 17:48:07\" data-filename=\"Guillon_LegionHonneur-1500x500.jpeg\" data-slide-type=\"image\"><a href=\"https:\/\/telemme.mmsh.fr\/?p=15631\" target=\"_self\" aria-label=\"Voir les d\u00e9tails de la diapositive\" class=\"metaslider_image_link\"><img loading=\"lazy\" decoding=\"async\" src=\"https:\/\/telemme.mmsh.fr\/wp-content\/uploads\/2025\/06\/Guillon_LegionHonneur-1500x500.jpeg\" height=\"500\" width=\"1500\" alt=\"Jean-Marie Guillon recevant les insignes de chevalier de la L\u00e9gion d\u2019honneur des mains de Madame la ministre Patricia Miralles\" class=\"slider-8817 slide-15639 msDefaultImage\" title=\"Jean-Marie Guillon recevant  les insignes de chevalier de la L\u00e9gion d\u2019honneur des mains de Madame la ministre Patricia Miralles\" \/><\/a><div class=\"caption-wrap\"><div class=\"caption\"><div>Jean-Marie Guillon chevalier de la L\u00e9gion d&rsquo;honneur<\/div><\/div><\/div><\/li>\n                <li style=\"display: none; width: 100%;\" class=\"slide-15602 ms-image \" aria-roledescription=\"slide\" data-date=\"2025-06-05 08:36:12\" data-filename=\"Recco_Pesci-e-Molluschi-760x253.jpg\" data-slide-type=\"image\"><a href=\"https:\/\/telemme.mmsh.fr\/?p=15595\" target=\"_self\" aria-label=\"Voir les d\u00e9tails de la diapositive\" class=\"metaslider_image_link\"><img loading=\"lazy\" decoding=\"async\" src=\"https:\/\/telemme.mmsh.fr\/wp-content\/uploads\/2022\/10\/Recco_Pesci-e-Molluschi-760x253.jpg\" height=\"500\" width=\"1500\" alt=\"Recco, Giuseppe [Naples, 1634 \u2013 Alicante, 1695], Natura morta con pesci e molluschi (1675-1680). Collezione Intesa Sanpaolo, Gallerie d\u2019Italia (Naples); image courtesy of the Archivio Patrimonio Artistico Intesa Sanpaolo, photographic credit: Luciano Pedicini, Naples.\" class=\"slider-8817 slide-15602 msDefaultImage\" title=\"Recco_Pesci e Molluschi\" \/><\/a><div class=\"caption-wrap\"><div class=\"caption\"><div>TELEMMe \u00e0 la Conf\u00e9rence des Nations-unies sur l\u2019oc\u00e9an (UNOC3)<\/div><\/div><\/div><\/li>\n                <li style=\"display: none; width: 100%;\" class=\"slide-15536 ms-image \" aria-roledescription=\"slide\" data-date=\"2025-05-09 16:46:07\" data-filename=\"mecherini_bandeau-641x213.jpeg\" data-slide-type=\"image\"><a href=\"https:\/\/telemme.mmsh.fr\/?p=15524\" target=\"_self\" aria-label=\"Voir les d\u00e9tails de la diapositive\" class=\"metaslider_image_link\"><img loading=\"lazy\" decoding=\"async\" src=\"https:\/\/telemme.mmsh.fr\/wp-content\/uploads\/2025\/05\/mecherini_bandeau-641x213.jpeg\" height=\"500\" width=\"1500\" alt=\"Deux photos de Robert Mencherini, par DR\" class=\"slider-8817 slide-15536 msDefaultImage\" title=\"Deux photos de Robert Mencherini, par DR\" \/><\/a><div class=\"caption-wrap\"><div class=\"caption\"><div>Hommage \u00e0 Robert Mencherini<\/div><\/div><\/div><\/li>\n            <\/ul>\n        <\/div>\n        \n    <\/div>\n<\/div><\/div><\/div><div id=\"pgc-gb8797-69f1be03756c6-0-1\"  class=\"panel-grid-cell panel-grid-cell-empty\" ><\/div><div id=\"pgc-gb8797-69f1be03756c6-0-2\"  class=\"panel-grid-cell\" ><div id=\"panel-gb8797-69f1be03756c6-0-2-0\" class=\"so-panel widget widget_nav_menu panel-first-child panel-last-child\" data-index=\"1\" ><div class=\"menu-menu-secondaire-container\"><ul id=\"menu-menu-secondaire\" class=\"menu\"><li id=\"menu-item-8812\" class=\"menu-item menu-item-type-custom menu-item-object-custom menu-item-8812\"><a href=\"https:\/\/telemme.mmsh.fr\/?post_type=tribe_events\">Prochains \u00e9v\u00e9nements<\/a><\/li>\n<li id=\"menu-item-8804\" class=\"menu-item menu-item-type-taxonomy menu-item-object-tribe_events_cat menu-item-8804\"><a href=\"https:\/\/telemme.mmsh.fr\/?tribe_events_cat=seminaire\">S\u00e9minaires<\/a><\/li>\n<li id=\"menu-item-10506\" class=\"menu-item menu-item-type-taxonomy menu-item-object-tribe_events_cat menu-item-10506\"><a href=\"https:\/\/telemme.mmsh.fr\/?tribe_events_cat=seminaire-interlaboratoire\">S\u00e9minaires interlaboratoires<\/a><\/li>\n<li id=\"menu-item-8805\" class=\"menu-item menu-item-type-post_type menu-item-object-page menu-item-8805\"><a href=\"https:\/\/telemme.mmsh.fr\/?page_id=5817\">Colloques<\/a><\/li>\n<li id=\"menu-item-8806\" class=\"menu-item menu-item-type-post_type menu-item-object-page menu-item-8806\"><a href=\"https:\/\/telemme.mmsh.fr\/?page_id=5847\">Journ\u00e9es d\u2019\u00e9tudes<\/a><\/li>\n<li id=\"menu-item-8810\" class=\"menu-item menu-item-type-post_type menu-item-object-page menu-item-8810\"><a href=\"https:\/\/telemme.mmsh.fr\/?page_id=6021\">Interventions externes<\/a><\/li>\n<li id=\"menu-item-8814\" class=\"menu-item menu-item-type-post_type menu-item-object-page menu-item-8814\"><a href=\"https:\/\/telemme.mmsh.fr\/?page_id=8679\">Soutenances de th\u00e8ses<\/a><\/li>\n<li id=\"menu-item-8850\" class=\"menu-item menu-item-type-post_type menu-item-object-page current_page_parent menu-item-8850\"><a href=\"https:\/\/telemme.mmsh.fr\/?page_id=53\">Toutes les actualit\u00e9s<\/a><\/li>\n<\/ul><\/div><\/div><\/div><\/div><\/div>\n\n\n<hr class=\"wp-block-separator has-text-color has-neve-link-color-color has-css-opacity has-neve-link-color-background-color has-background is-style-wide\"\/>\n\n\n\n<p><div style=\"line-height: 140%\"><strong>TELEMMe <\/strong>\u2013 Temps, espaces, langages, Europe m\u00e9ridionale, M\u00e9diterran\u00e9e \u2013 est une unit\u00e9 mixte de recherche de l&rsquo;<a href=\"http:\/\/www.univ-amu.fr\/\">Universit\u00e9 d&rsquo;Aix-Marseille<\/a> et du <a href=\"http:\/\/www.cnrs.fr\/\">CNRS<\/a>, compos\u00e9e d\u2019<strong>historiens<\/strong> (du <strong><a href=\"https:\/\/telemme.mmsh.fr\/?discipline=histoire-medievale\">Moyen \u00c2ge<\/a> <\/strong>\u00e0 l\u2019<a href=\"https:\/\/telemme.mmsh.fr\/?discipline=histoire-contemporaine\"><strong>\u00e9poque contemporaine<\/strong><\/a> en passant par l&rsquo;<a href=\"https:\/\/telemme.mmsh.fr\/?discipline=histoire-moderne\"><strong>\u00e9poque moderne<\/strong><\/a>), d\u2019<strong><a href=\"https:\/\/telemme.mmsh.fr\/?discipline=histoire-de-l-art\">historiens de l\u2019art<\/a><\/strong>, d\u2019<strong><a href=\"https:\/\/telemme.mmsh.fr\/?discipline=etudes-romanes\">hispanistes<\/a><\/strong> et de <strong><a href=\"https:\/\/telemme.mmsh.fr\/?discipline=geographie\">g\u00e9ographes<\/a><\/strong>. Depuis plus de 20 ans, c\u2019est \u00e0 la compr\u00e9hension des enjeux de soci\u00e9t\u00e9 en Europe m\u00e9ridionale et en M\u00e9diterran\u00e9e que travaillent les membres titulaires et les doctorants de l\u2019unit\u00e9. L\u2019expertise de ce laboratoire s\u2019est forg\u00e9e par des \u00e9tudes prospectives int\u00e9ressant les mouvements migratoires, les modalit\u00e9s de production et d\u2019\u00e9change, la fabrique des villes, les circulations culturelles et m\u00e9morielles, les espaces du politique, le corps, le genre ou encore la fabrique des identit\u00e9s des soci\u00e9t\u00e9s des rives nord de la M\u00e9diterran\u00e9e. De l\u2019individu au territoire, en passant par la communaut\u00e9, c\u2019est ainsi la totalit\u00e9 des liens qui forment le \u00ab&nbsp;vivre ensemble&nbsp;\u00bb que les chercheurs s\u2019attachent \u00e0 restituer.<\/div><\/p>\n\n\n\n<hr class=\"wp-block-separator has-text-color has-neve-link-color-color has-css-opacity has-neve-link-color-background-color has-background is-style-wide\"\/>\n\n\n<div id=\"pl-gb8797-69f1be03a2c25\"  class=\"panel-layout wp-block-siteorigin-panels-layout-block\" ><div id=\"pg-gb8797-69f1be03a2c25-0\"  class=\"panel-grid panel-no-style\" ><div id=\"pgc-gb8797-69f1be03a2c25-0-0\"  class=\"panel-grid-cell\" ><div id=\"panel-gb8797-69f1be03a2c25-0-0-0\" class=\"so-panel widget widget_sow-headline panel-first-child\" data-index=\"0\" ><div\n\t\t\t\n\t\t\tclass=\"so-widget-sow-headline so-widget-sow-headline-default-eb58c90b4a68-8797\"\n\t\t\t\n\t\t><div class=\"sow-headline-container \">\n\t\t\t\t\t\t\t<h2 class=\"sow-headline\">\n\t\t\t\t\t\tDerni\u00e8res actualit\u00e9s\t\t\t\t\t\t<\/h2>\n\t\t\t\t\t\t\t\t\t\t\t<div class=\"decoration\">\n\t\t\t\t\t\t<div class=\"decoration-inside\"><\/div>\n\t\t\t\t\t<\/div>\n\t\t\t\t\t<\/div>\n<\/div><\/div><div id=\"panel-gb8797-69f1be03a2c25-0-0-1\" class=\"so-panel widget widget_sow-post-carousel panel-last-child\" data-index=\"1\" ><div\n\t\t\t\n\t\t\tclass=\"so-widget-sow-post-carousel so-widget-sow-post-carousel-base-fff1a8fb3cca-8797\"\n\t\t\t\n\t\t>\t<div\n\t\tclass=\"sow-post-carousel-wrapper sow-post-carousel-theme-base\"\n\t\tstyle=\"overflow: hidden; max-width: 100%; min-height: 150px\"\n\t>\n\t\t<div class=\"sow-carousel-title\">\n\t\t\t<div class=\"sow-carousel-navigation \">\n\t\t\t\t\t\t<a href=\"#\" class=\"sow-carousel-next\" title=\"Suivant\" aria-label=\"Next Posts\" role=\"button\"><\/a>\n\t\t\t\t\t\t<a href=\"#\" class=\"sow-carousel-previous\" title=\"Pr\u00e9c\u00e9dent\" aria-label=\"Previous Posts\" role=\"button\"><\/a>\n\t\t\t\t\t<\/div>\n\t<\/div>\n\n<div class=\"sow-carousel-container \">\n\t\t<div class=\"sow-carousel-wrapper\"\n\t\tdata-dir=\"ltr\"\n\t\tstyle=\"opacity: 0;\"\n\t\tdata-widget=\"post\" data-fetching=\"false\" data-page=\"1\" data-ajax-url=\"https:\/\/telemme.mmsh.fr\/wp-admin\/admin-ajax.php?_widgets_nonce=3e539dcbe9\" data-item_count=\"155\" data-carousel_settings=\"{&quot;loop&quot;:true,&quot;animation&quot;:&quot;Ease&quot;,&quot;animation_speed&quot;:400,&quot;autoplay&quot;:&quot;&quot;,&quot;pauseOnHover&quot;:&quot;&quot;,&quot;autoplaySpeed&quot;:8000,&quot;item_overflow&quot;:true,&quot;autoplay_continuous_scroll&quot;:false}\" data-responsive=\"{&quot;desktop_slides_to_scroll&quot;:1,&quot;tablet_landscape_breakpoint&quot;:1366,&quot;tablet_landscape_slides_to_scroll&quot;:2,&quot;tablet_portrait_breakpoint&quot;:1025,&quot;tablet_portrait_slides_to_scroll&quot;:2,&quot;mobile_breakpoint&quot;:480,&quot;mobile_slides_to_scroll&quot;:1}\" data-variable_width=\"true\" \t>\n\t\t<div\n\t\t\tclass=\"sow-carousel-items\"\n\t\t\t\t\t>\n\t\t\t\t<div class=\"sow-carousel-item\" tabindex=\"-1\" style=\"float: left;\">\n\t\t<div class=\"sow-carousel-thumbnail\">\n\t\t\t\t\t\t\t<a\n\t\t\t\t\thref=\"https:\/\/telemme.mmsh.fr\/?p=16819\"\n\t\t\t\t\t\t\t\t\t\tstyle=\"background-image: url( https:\/\/telemme.mmsh.fr\/wp-content\/uploads\/2026\/04\/260331_ER_A5Flyer-150x150.png )\"\n\t\t\t\t\taria-labelledby=\"sow-carousel-id-16819\"\n\t\t\t\t\ttabindex=\"-1\"\n\t\t\t\t>\n\t\t\t\t\t<span class=\"overlay\"><\/span>\n\t\t\t\t<\/a>\n\t\t\t\t\t<\/div>\n\t\t<h3 class=\"sow-carousel-item-title\">\n\t\t\t<a\n\t\t\t\thref=\"https:\/\/telemme.mmsh.fr\/?p=16819\"\n\t\t\t\tid=\"sow-carousel-id-16819\"\n\t\t\t\t\t\t\t\ttabindex=\"-1\"\n\t\t\t>\n\n\t\t\t\tEffets R\u00e9els. Festival des histoires vraies\t\t\t<\/a>\n\t\t<\/h3>\n\t<\/div>\n\t\t<div class=\"sow-carousel-item\" tabindex=\"-1\" style=\"float: left;\">\n\t\t<div class=\"sow-carousel-thumbnail\">\n\t\t\t\t\t\t\t<a\n\t\t\t\t\thref=\"https:\/\/telemme.mmsh.fr\/?p=16724\"\n\t\t\t\t\t\t\t\t\t\tstyle=\"background-image: url( https:\/\/telemme.mmsh.fr\/wp-content\/uploads\/2026\/03\/HDR_Cadoret-150x150.jpg )\"\n\t\t\t\t\taria-labelledby=\"sow-carousel-id-16724\"\n\t\t\t\t\ttabindex=\"-1\"\n\t\t\t\t>\n\t\t\t\t\t<span class=\"overlay\"><\/span>\n\t\t\t\t<\/a>\n\t\t\t\t\t<\/div>\n\t\t<h3 class=\"sow-carousel-item-title\">\n\t\t\t<a\n\t\t\t\thref=\"https:\/\/telemme.mmsh.fr\/?p=16724\"\n\t\t\t\tid=\"sow-carousel-id-16724\"\n\t\t\t\t\t\t\t\ttabindex=\"-1\"\n\t\t\t>\n\n\t\t\t\t[HDR] Anne Cadoret : Lecture syst\u00e9mique des conflits li\u00e9s \u00e0 l\u2019environnement en contexte littoral\t\t\t<\/a>\n\t\t<\/h3>\n\t<\/div>\n\t\t<div class=\"sow-carousel-item\" tabindex=\"-1\" style=\"float: left;\">\n\t\t<div class=\"sow-carousel-thumbnail\">\n\t\t\t\t\t\t\t<a\n\t\t\t\t\thref=\"https:\/\/telemme.mmsh.fr\/?p=16607\"\n\t\t\t\t\t\t\t\t\t\tstyle=\"background-image: url( https:\/\/telemme.mmsh.fr\/wp-content\/uploads\/2026\/02\/Affiche-jouabilite-des-ville-conf-10-mars-150x150.jpg )\"\n\t\t\t\t\taria-labelledby=\"sow-carousel-id-16607\"\n\t\t\t\t\ttabindex=\"-1\"\n\t\t\t\t>\n\t\t\t\t\t<span class=\"overlay\"><\/span>\n\t\t\t\t<\/a>\n\t\t\t\t\t<\/div>\n\t\t<h3 class=\"sow-carousel-item-title\">\n\t\t\t<a\n\t\t\t\thref=\"https:\/\/telemme.mmsh.fr\/?p=16607\"\n\t\t\t\tid=\"sow-carousel-id-16607\"\n\t\t\t\t\t\t\t\ttabindex=\"-1\"\n\t\t\t>\n\n\t\t\t\tFaire, donner ou prendre place ? De la jouabilit\u00e9 des villes. Conf\u00e9rences et projection\t\t\t<\/a>\n\t\t<\/h3>\n\t<\/div>\n\t\t<div class=\"sow-carousel-item\" tabindex=\"-1\" style=\"float: left;\">\n\t\t<div class=\"sow-carousel-thumbnail\">\n\t\t\t\t\t\t\t<a\n\t\t\t\t\thref=\"https:\/\/telemme.mmsh.fr\/?p=16499\"\n\t\t\t\t\t\t\t\t\t\tstyle=\"background-image: url( https:\/\/telemme.mmsh.fr\/wp-content\/uploads\/2026\/02\/Photo-Rujula-150x150.jpg )\"\n\t\t\t\t\taria-labelledby=\"sow-carousel-id-16499\"\n\t\t\t\t\ttabindex=\"-1\"\n\t\t\t\t>\n\t\t\t\t\t<span class=\"overlay\"><\/span>\n\t\t\t\t<\/a>\n\t\t\t\t\t<\/div>\n\t\t<h3 class=\"sow-carousel-item-title\">\n\t\t\t<a\n\t\t\t\thref=\"https:\/\/telemme.mmsh.fr\/?p=16499\"\n\t\t\t\tid=\"sow-carousel-id-16499\"\n\t\t\t\t\t\t\t\ttabindex=\"-1\"\n\t\t\t>\n\n\t\t\t\tTELEMMe accueille Pedro R\u00fajula\t\t\t<\/a>\n\t\t<\/h3>\n\t<\/div>\n\t\t<div class=\"sow-carousel-item\" tabindex=\"-1\" style=\"float: left;\">\n\t\t<div class=\"sow-carousel-thumbnail\">\n\t\t\t\t\t\t\t<a\n\t\t\t\t\thref=\"https:\/\/telemme.mmsh.fr\/?p=16469\"\n\t\t\t\t\t\t\t\t\t\tstyle=\"background-image: url( https:\/\/telemme.mmsh.fr\/wp-content\/uploads\/2026\/01\/Image-ACC_small-150x150.jpg )\"\n\t\t\t\t\taria-labelledby=\"sow-carousel-id-16469\"\n\t\t\t\t\ttabindex=\"-1\"\n\t\t\t\t>\n\t\t\t\t\t<span class=\"overlay\"><\/span>\n\t\t\t\t<\/a>\n\t\t\t\t\t<\/div>\n\t\t<h3 class=\"sow-carousel-item-title\">\n\t\t\t<a\n\t\t\t\thref=\"https:\/\/telemme.mmsh.fr\/?p=16469\"\n\t\t\t\tid=\"sow-carousel-id-16469\"\n\t\t\t\t\t\t\t\ttabindex=\"-1\"\n\t\t\t>\n\n\t\t\t\t[AAC] Les formes de l\u2019attachement : territoires, liens et sensibilit\u00e9s\t\t\t<\/a>\n\t\t<\/h3>\n\t<\/div>\n\t\t<div class=\"sow-carousel-item\" tabindex=\"-1\" style=\"float: left;\">\n\t\t<div class=\"sow-carousel-thumbnail\">\n\t\t\t\t\t\t\t<a\n\t\t\t\t\thref=\"https:\/\/telemme.mmsh.fr\/?p=16388\"\n\t\t\t\t\t\t\t\t\t\tstyle=\"background-image: url( https:\/\/telemme.mmsh.fr\/wp-content\/uploads\/2026\/01\/imperialseas-150x150.png )\"\n\t\t\t\t\taria-labelledby=\"sow-carousel-id-16388\"\n\t\t\t\t\ttabindex=\"-1\"\n\t\t\t\t>\n\t\t\t\t\t<span class=\"overlay\"><\/span>\n\t\t\t\t<\/a>\n\t\t\t\t\t<\/div>\n\t\t<h3 class=\"sow-carousel-item-title\">\n\t\t\t<a\n\t\t\t\thref=\"https:\/\/telemme.mmsh.fr\/?p=16388\"\n\t\t\t\tid=\"sow-carousel-id-16388\"\n\t\t\t\t\t\t\t\ttabindex=\"-1\"\n\t\t\t>\n\n\t\t\t\t[AAC] Imperial Seas\t\t\t<\/a>\n\t\t<\/h3>\n\t<\/div>\n\t\t<div class=\"sow-carousel-item\" tabindex=\"-1\" style=\"float: left;\">\n\t\t<div class=\"sow-carousel-thumbnail\">\n\t\t\t\t\t\t\t<a\n\t\t\t\t\thref=\"https:\/\/telemme.mmsh.fr\/?p=16341\"\n\t\t\t\t\tclass=\"sow-carousel-default-thumbnail\"\n\t\t\t\t\t\t\t\t\t\t\t\t\t\t\taria-labelledby=\"sow-carousel-id-16341\"\n\t\t\t\t\ttabindex=\"-1\"\n\t\t\t\t>\n\t\t\t\t\t<span class=\"overlay\"><\/span>\n\t\t\t\t<\/a>\n\t\t\t\t\t<\/div>\n\t\t<h3 class=\"sow-carousel-item-title\">\n\t\t\t<a\n\t\t\t\thref=\"https:\/\/telemme.mmsh.fr\/?p=16341\"\n\t\t\t\tid=\"sow-carousel-id-16341\"\n\t\t\t\t\t\t\t\ttabindex=\"-1\"\n\t\t\t>\n\n\t\t\t\tTELEMMe vous adresse ses meilleurs v\u0153ux pour 2026\t\t\t<\/a>\n\t\t<\/h3>\n\t<\/div>\n\t\t<div class=\"sow-carousel-item\" tabindex=\"-1\" style=\"float: left;\">\n\t\t<div class=\"sow-carousel-thumbnail\">\n\t\t\t\t\t\t\t<a\n\t\t\t\t\thref=\"https:\/\/telemme.mmsh.fr\/?p=16279\"\n\t\t\t\t\t\t\t\t\t\tstyle=\"background-image: url( https:\/\/telemme.mmsh.fr\/wp-content\/uploads\/2023\/11\/avis-soutenance.jpg )\"\n\t\t\t\t\taria-labelledby=\"sow-carousel-id-16279\"\n\t\t\t\t\ttabindex=\"-1\"\n\t\t\t\t>\n\t\t\t\t\t<span class=\"overlay\"><\/span>\n\t\t\t\t<\/a>\n\t\t\t\t\t<\/div>\n\t\t<h3 class=\"sow-carousel-item-title\">\n\t\t\t<a\n\t\t\t\thref=\"https:\/\/telemme.mmsh.fr\/?p=16279\"\n\t\t\t\tid=\"sow-carousel-id-16279\"\n\t\t\t\t\t\t\t\ttabindex=\"-1\"\n\t\t\t>\n\n\t\t\t\tRepr\u00e9senter et utiliser les espaces urbains dans l\u2019art : fragments des histoires des subalternes en M\u00e9diterran\u00e9e de 1960 \u00e0 aujourd\u2019hui\t\t\t<\/a>\n\t\t<\/h3>\n\t<\/div>\n\t\t\t<\/div>\n\t\t\t<\/div>\n\n\t<\/div>\n\t\t<input type=\"hidden\" name=\"instance_hash\" value=\"94f453d6\"\/>\n\t<\/div>\n<\/div><\/div><\/div><div id=\"pgc-gb8797-69f1be03a2c25-0-1\"  class=\"panel-grid-cell\" ><div id=\"panel-gb8797-69f1be03a2c25-0-1-0\" class=\"so-panel widget widget_sow-headline panel-first-child\" data-index=\"2\" ><div\n\t\t\t\n\t\t\tclass=\"so-widget-sow-headline so-widget-sow-headline-default-eb58c90b4a68-16279\"\n\t\t\t\n\t\t><div class=\"sow-headline-container \">\n\t\t\t\t\t\t\t<h2 class=\"sow-headline\">\n\t\t\t\t\t\tDerni\u00e8res publications\t\t\t\t\t\t<\/h2>\n\t\t\t\t\t\t\t\t\t\t\t<div class=\"decoration\">\n\t\t\t\t\t\t<div class=\"decoration-inside\"><\/div>\n\t\t\t\t\t<\/div>\n\t\t\t\t\t<\/div>\n<\/div><\/div><div id=\"panel-gb8797-69f1be03a2c25-0-1-1\" class=\"so-panel widget widget_sow-post-carousel panel-last-child\" data-index=\"3\" ><div\n\t\t\t\n\t\t\tclass=\"so-widget-sow-post-carousel so-widget-sow-post-carousel-base-fff1a8fb3cca-16279\"\n\t\t\t\n\t\t>\t<div\n\t\tclass=\"sow-post-carousel-wrapper sow-post-carousel-theme-base\"\n\t\tstyle=\"overflow: hidden; max-width: 100%; min-height: 150px\"\n\t>\n\t\t<div class=\"sow-carousel-title\">\n\t\t\t<div class=\"sow-carousel-navigation \">\n\t\t\t\t\t\t<a href=\"#\" class=\"sow-carousel-next\" title=\"Suivant\" aria-label=\"Next Posts\" role=\"button\"><\/a>\n\t\t\t\t\t\t<a href=\"#\" class=\"sow-carousel-previous\" title=\"Pr\u00e9c\u00e9dent\" aria-label=\"Previous Posts\" role=\"button\"><\/a>\n\t\t\t\t\t<\/div>\n\t<\/div>\n\n<div class=\"sow-carousel-container \">\n\t\t<div class=\"sow-carousel-wrapper\"\n\t\tdata-dir=\"ltr\"\n\t\tstyle=\"opacity: 0;\"\n\t\tdata-widget=\"post\" data-fetching=\"false\" data-page=\"1\" data-ajax-url=\"https:\/\/telemme.mmsh.fr\/wp-admin\/admin-ajax.php?_widgets_nonce=3e539dcbe9\" data-item_count=\"105\" data-carousel_settings=\"{&quot;loop&quot;:true,&quot;animation&quot;:&quot;Ease&quot;,&quot;animation_speed&quot;:400,&quot;autoplay&quot;:&quot;&quot;,&quot;pauseOnHover&quot;:&quot;&quot;,&quot;autoplaySpeed&quot;:8000,&quot;item_overflow&quot;:true,&quot;autoplay_continuous_scroll&quot;:false}\" data-responsive=\"{&quot;desktop_slides_to_scroll&quot;:1,&quot;tablet_landscape_breakpoint&quot;:1366,&quot;tablet_landscape_slides_to_scroll&quot;:2,&quot;tablet_portrait_breakpoint&quot;:1025,&quot;tablet_portrait_slides_to_scroll&quot;:2,&quot;mobile_breakpoint&quot;:480,&quot;mobile_slides_to_scroll&quot;:1}\" data-variable_width=\"true\" \t>\n\t\t<div\n\t\t\tclass=\"sow-carousel-items\"\n\t\t\t\t\t>\n\t\t\t\t<div class=\"sow-carousel-item\" tabindex=\"-1\" style=\"float: left;\">\n\t\t<div class=\"sow-carousel-thumbnail\">\n\t\t\t\t\t\t\t<a\n\t\t\t\t\thref=\"https:\/\/telemme.mmsh.fr\/?p=16741\"\n\t\t\t\t\t\t\t\t\t\tstyle=\"background-image: url( https:\/\/telemme.mmsh.fr\/wp-content\/uploads\/2026\/03\/pastedImage-150x150.png )\"\n\t\t\t\t\taria-labelledby=\"sow-carousel-id-16741\"\n\t\t\t\t\ttabindex=\"-1\"\n\t\t\t\t>\n\t\t\t\t\t<span class=\"overlay\"><\/span>\n\t\t\t\t<\/a>\n\t\t\t\t\t<\/div>\n\t\t<h3 class=\"sow-carousel-item-title\">\n\t\t\t<a\n\t\t\t\thref=\"https:\/\/telemme.mmsh.fr\/?p=16741\"\n\t\t\t\tid=\"sow-carousel-id-16741\"\n\t\t\t\t\t\t\t\ttabindex=\"-1\"\n\t\t\t>\n\n\t\t\t\tLe racisme scientifique et m\u00e9dical du XIXe si\u00e8cle \u00e0 nos jours\t\t\t<\/a>\n\t\t<\/h3>\n\t<\/div>\n\t\t<div class=\"sow-carousel-item\" tabindex=\"-1\" style=\"float: left;\">\n\t\t<div class=\"sow-carousel-thumbnail\">\n\t\t\t\t\t\t\t<a\n\t\t\t\t\thref=\"https:\/\/telemme.mmsh.fr\/?p=16600\"\n\t\t\t\t\t\t\t\t\t\tstyle=\"background-image: url( https:\/\/telemme.mmsh.fr\/wp-content\/uploads\/2026\/02\/CouvRives68PSI-150x150.jpg )\"\n\t\t\t\t\taria-labelledby=\"sow-carousel-id-16600\"\n\t\t\t\t\ttabindex=\"-1\"\n\t\t\t\t>\n\t\t\t\t\t<span class=\"overlay\"><\/span>\n\t\t\t\t<\/a>\n\t\t\t\t\t<\/div>\n\t\t<h3 class=\"sow-carousel-item-title\">\n\t\t\t<a\n\t\t\t\thref=\"https:\/\/telemme.mmsh.fr\/?p=16600\"\n\t\t\t\tid=\"sow-carousel-id-16600\"\n\t\t\t\t\t\t\t\ttabindex=\"-1\"\n\t\t\t>\n\n\t\t\t\tFaire, donner ou prendre place ?\t\t\t<\/a>\n\t\t<\/h3>\n\t<\/div>\n\t\t<div class=\"sow-carousel-item\" tabindex=\"-1\" style=\"float: left;\">\n\t\t<div class=\"sow-carousel-thumbnail\">\n\t\t\t\t\t\t\t<a\n\t\t\t\t\thref=\"https:\/\/telemme.mmsh.fr\/?p=16563\"\n\t\t\t\t\t\t\t\t\t\tstyle=\"background-image: url( https:\/\/telemme.mmsh.fr\/wp-content\/uploads\/2026\/02\/VIVRE-AU-XVI-SIECLE-CV-1-3-Couverture-1-150x150.jpg )\"\n\t\t\t\t\taria-labelledby=\"sow-carousel-id-16563\"\n\t\t\t\t\ttabindex=\"-1\"\n\t\t\t\t>\n\t\t\t\t\t<span class=\"overlay\"><\/span>\n\t\t\t\t<\/a>\n\t\t\t\t\t<\/div>\n\t\t<h3 class=\"sow-carousel-item-title\">\n\t\t\t<a\n\t\t\t\thref=\"https:\/\/telemme.mmsh.fr\/?p=16563\"\n\t\t\t\tid=\"sow-carousel-id-16563\"\n\t\t\t\t\t\t\t\ttabindex=\"-1\"\n\t\t\t>\n\n\t\t\t\tLa vie quotidienne au XVIe si\u00e8cle\t\t\t<\/a>\n\t\t<\/h3>\n\t<\/div>\n\t\t<div class=\"sow-carousel-item\" tabindex=\"-1\" style=\"float: left;\">\n\t\t<div class=\"sow-carousel-thumbnail\">\n\t\t\t\t\t\t\t<a\n\t\t\t\t\thref=\"https:\/\/telemme.mmsh.fr\/?p=16436\"\n\t\t\t\t\t\t\t\t\t\tstyle=\"background-image: url( https:\/\/telemme.mmsh.fr\/wp-content\/uploads\/2026\/01\/espacessociete-neoliberalisation-educ-150x150.webp )\"\n\t\t\t\t\taria-labelledby=\"sow-carousel-id-16436\"\n\t\t\t\t\ttabindex=\"-1\"\n\t\t\t\t>\n\t\t\t\t\t<span class=\"overlay\"><\/span>\n\t\t\t\t<\/a>\n\t\t\t\t\t<\/div>\n\t\t<h3 class=\"sow-carousel-item-title\">\n\t\t\t<a\n\t\t\t\thref=\"https:\/\/telemme.mmsh.fr\/?p=16436\"\n\t\t\t\tid=\"sow-carousel-id-16436\"\n\t\t\t\t\t\t\t\ttabindex=\"-1\"\n\t\t\t>\n\n\t\t\t\tN\u00e9olib\u00e9ralisation de l&rsquo;\u00e9ducation et fabrique des territoires\t\t\t<\/a>\n\t\t<\/h3>\n\t<\/div>\n\t\t<div class=\"sow-carousel-item\" tabindex=\"-1\" style=\"float: left;\">\n\t\t<div class=\"sow-carousel-thumbnail\">\n\t\t\t\t\t\t\t<a\n\t\t\t\t\thref=\"https:\/\/telemme.mmsh.fr\/?p=16300\"\n\t\t\t\t\t\t\t\t\t\tstyle=\"background-image: url( https:\/\/telemme.mmsh.fr\/wp-content\/uploads\/2025\/12\/Vol35-1-150x150.jpg )\"\n\t\t\t\t\taria-labelledby=\"sow-carousel-id-16300\"\n\t\t\t\t\ttabindex=\"-1\"\n\t\t\t\t>\n\t\t\t\t\t<span class=\"overlay\"><\/span>\n\t\t\t\t<\/a>\n\t\t\t\t\t<\/div>\n\t\t<h3 class=\"sow-carousel-item-title\">\n\t\t\t<a\n\t\t\t\thref=\"https:\/\/telemme.mmsh.fr\/?p=16300\"\n\t\t\t\tid=\"sow-carousel-id-16300\"\n\t\t\t\t\t\t\t\ttabindex=\"-1\"\n\t\t\t>\n\n\t\t\t\tL\u2019Alg\u00e9rie contemporaine au prisme de ses marges\t\t\t<\/a>\n\t\t<\/h3>\n\t<\/div>\n\t\t<div class=\"sow-carousel-item\" tabindex=\"-1\" style=\"float: left;\">\n\t\t<div class=\"sow-carousel-thumbnail\">\n\t\t\t\t\t\t\t<a\n\t\t\t\t\thref=\"https:\/\/telemme.mmsh.fr\/?p=16171\"\n\t\t\t\t\t\t\t\t\t\tstyle=\"background-image: url( https:\/\/telemme.mmsh.fr\/wp-content\/uploads\/2025\/11\/20250821_061014_10339e7c3d780bfe05095ddcad4c6b3b71e09699f2cccc298898e75dd25a9603-1-150x150.jpg )\"\n\t\t\t\t\taria-labelledby=\"sow-carousel-id-16171\"\n\t\t\t\t\ttabindex=\"-1\"\n\t\t\t\t>\n\t\t\t\t\t<span class=\"overlay\"><\/span>\n\t\t\t\t<\/a>\n\t\t\t\t\t<\/div>\n\t\t<h3 class=\"sow-carousel-item-title\">\n\t\t\t<a\n\t\t\t\thref=\"https:\/\/telemme.mmsh.fr\/?p=16171\"\n\t\t\t\tid=\"sow-carousel-id-16171\"\n\t\t\t\t\t\t\t\ttabindex=\"-1\"\n\t\t\t>\n\n\t\t\t\tR\u00e9cit et mise en sc\u00e8ne de soi\t\t\t<\/a>\n\t\t<\/h3>\n\t<\/div>\n\t\t<div class=\"sow-carousel-item\" tabindex=\"-1\" style=\"float: left;\">\n\t\t<div class=\"sow-carousel-thumbnail\">\n\t\t\t\t\t\t\t<a\n\t\t\t\t\thref=\"https:\/\/telemme.mmsh.fr\/?p=16156\"\n\t\t\t\t\t\t\t\t\t\tstyle=\"background-image: url( https:\/\/telemme.mmsh.fr\/wp-content\/uploads\/2025\/11\/Une_Corsaires_Marseille-1-150x150.jpg )\"\n\t\t\t\t\taria-labelledby=\"sow-carousel-id-16156\"\n\t\t\t\t\ttabindex=\"-1\"\n\t\t\t\t>\n\t\t\t\t\t<span class=\"overlay\"><\/span>\n\t\t\t\t<\/a>\n\t\t\t\t\t<\/div>\n\t\t<h3 class=\"sow-carousel-item-title\">\n\t\t\t<a\n\t\t\t\thref=\"https:\/\/telemme.mmsh.fr\/?p=16156\"\n\t\t\t\tid=\"sow-carousel-id-16156\"\n\t\t\t\t\t\t\t\ttabindex=\"-1\"\n\t\t\t>\n\n\t\t\t\tCorsaires \u00e0 Marseille\t\t\t<\/a>\n\t\t<\/h3>\n\t<\/div>\n\t\t<div class=\"sow-carousel-item\" tabindex=\"-1\" style=\"float: left;\">\n\t\t<div class=\"sow-carousel-thumbnail\">\n\t\t\t\t\t\t\t<a\n\t\t\t\t\thref=\"https:\/\/telemme.mmsh.fr\/?p=16151\"\n\t\t\t\t\t\t\t\t\t\tstyle=\"background-image: url( https:\/\/telemme.mmsh.fr\/wp-content\/uploads\/2025\/11\/Cadavres-et-pauvrete-150x150.jpg )\"\n\t\t\t\t\taria-labelledby=\"sow-carousel-id-16151\"\n\t\t\t\t\ttabindex=\"-1\"\n\t\t\t\t>\n\t\t\t\t\t<span class=\"overlay\"><\/span>\n\t\t\t\t<\/a>\n\t\t\t\t\t<\/div>\n\t\t<h3 class=\"sow-carousel-item-title\">\n\t\t\t<a\n\t\t\t\thref=\"https:\/\/telemme.mmsh.fr\/?p=16151\"\n\t\t\t\tid=\"sow-carousel-id-16151\"\n\t\t\t\t\t\t\t\ttabindex=\"-1\"\n\t\t\t>\n\n\t\t\t\tCadavres et pauvret\u00e9\t\t\t<\/a>\n\t\t<\/h3>\n\t<\/div>\n\t\t<div class=\"sow-carousel-item\" tabindex=\"-1\" style=\"float: left;\">\n\t\t<div class=\"sow-carousel-thumbnail\">\n\t\t\t\t\t\t\t<a\n\t\t\t\t\thref=\"https:\/\/telemme.mmsh.fr\/?p=15960\"\n\t\t\t\t\t\t\t\t\t\tstyle=\"background-image: url( https:\/\/telemme.mmsh.fr\/wp-content\/uploads\/2025\/09\/GaoMS07b-150x150.png )\"\n\t\t\t\t\taria-labelledby=\"sow-carousel-id-15960\"\n\t\t\t\t\ttabindex=\"-1\"\n\t\t\t\t>\n\t\t\t\t\t<span class=\"overlay\"><\/span>\n\t\t\t\t<\/a>\n\t\t\t\t\t<\/div>\n\t\t<h3 class=\"sow-carousel-item-title\">\n\t\t\t<a\n\t\t\t\thref=\"https:\/\/telemme.mmsh.fr\/?p=15960\"\n\t\t\t\tid=\"sow-carousel-id-15960\"\n\t\t\t\t\t\t\t\ttabindex=\"-1\"\n\t\t\t>\n\n\t\t\t\tAutopsie d&rsquo;une inquisition. Provence (1530-1533)\t\t\t<\/a>\n\t\t<\/h3>\n\t<\/div>\n\t\t<div class=\"sow-carousel-item\" tabindex=\"-1\" style=\"float: left;\">\n\t\t<div class=\"sow-carousel-thumbnail\">\n\t\t\t\t\t\t\t<a\n\t\t\t\t\thref=\"https:\/\/telemme.mmsh.fr\/?p=15873\"\n\t\t\t\t\t\t\t\t\t\tstyle=\"background-image: url( https:\/\/telemme.mmsh.fr\/wp-content\/uploads\/2025\/09\/thumbnail-150x150.webp )\"\n\t\t\t\t\taria-labelledby=\"sow-carousel-id-15873\"\n\t\t\t\t\ttabindex=\"-1\"\n\t\t\t\t>\n\t\t\t\t\t<span class=\"overlay\"><\/span>\n\t\t\t\t<\/a>\n\t\t\t\t\t<\/div>\n\t\t<h3 class=\"sow-carousel-item-title\">\n\t\t\t<a\n\t\t\t\thref=\"https:\/\/telemme.mmsh.fr\/?p=15873\"\n\t\t\t\tid=\"sow-carousel-id-15873\"\n\t\t\t\t\t\t\t\ttabindex=\"-1\"\n\t\t\t>\n\n\t\t\t\tFractures \u00e9ducatives aux \u00c9tats-Unis\t\t\t<\/a>\n\t\t<\/h3>\n\t<\/div>\n\t\t\t<\/div>\n\t\t\t<\/div>\n\n\t<\/div>\n\t\t<input type=\"hidden\" name=\"instance_hash\" value=\"f0bb6347\"\/>\n\t<\/div>\n<\/div><\/div><\/div><\/div><\/div>\n\n\n<hr class=\"wp-block-separator has-text-color has-neve-link-color-color has-css-opacity has-neve-link-color-background-color has-background is-style-wide\"\/>\n\n\n\n<div class=\"wp-block-columns is-layout-flex wp-container-core-columns-is-layout-9d6595d7 wp-block-columns-is-layout-flex\">\n<div class=\"wp-block-column is-layout-flow wp-block-column-is-layout-flow\">\n<h3 class=\"wp-block-heading has-text-align-center\" id=\"prochains-evenements-de-telemme\">Prochains \u00e9v\u00e9nements de TELEMMe<\/h3>\n\n\n\n<hr class=\"wp-block-separator has-text-color has-nv-light-bg-color has-css-opacity has-nv-light-bg-background-color has-background\"\/>\n\n\n\n<div class=\"wp-block-group\"><div class=\"wp-block-group__inner-container is-layout-flow wp-block-group-is-layout-flow\"><div id=\"pl-gb8797-69f1be03b3e42\"  class=\"panel-layout wp-block-siteorigin-panels-layout-block\" ><div id=\"pg-gb8797-69f1be03b3e42-0\"  class=\"panel-grid panel-no-style\" ><div id=\"pgc-gb8797-69f1be03b3e42-0-0\"  class=\"panel-grid-cell\" ><div  class=\"tribe-compatibility-container\" >\n\t<div\n\t\t class=\"tribe-common tribe-events tribe-events-view tribe-events-view--widget-events-list tribe-events-widget\" \t\tdata-js=\"tribe-events-view\"\n\t\tdata-view-rest-url=\"https:\/\/telemme.mmsh.fr\/index.php?rest_route=\/tribe\/views\/v2\/html\"\n\t\tdata-view-manage-url=\"1\"\n\t\t\t\t\t\t\tdata-view-breakpoint-pointer=\"aeb9ec9b-e2c8-40c3-a792-9af6315433b2\"\n\t\t\t>\n\t\t<div class=\"tribe-events-widget-events-list\">\n\n\t\t\t<script type=\"application\/ld+json\">\r\n[{\"@context\":\"http:\/\/schema.org\",\"@type\":\"Event\",\"name\":\"La vie des biblioth\\u00e8ques publiques\",\"description\":\"&lt;p&gt;L\\u2019\\u00e9quipe du\\u00a0projet ANR\\u00a0Biblioth\\u00e8ques publiques dans la France des Lumi\\u00e8res\\u00a0organisera sa deuxi\\u00e8me journ\\u00e9e d\\u2019\\u00e9tudes\\u00a0\\u00e0 Aix-en-Provence (biblioth\\u00e8que et archives municipales Michel-Vovelle) les 6 et 7 mai prochains,\\u00a0\\u00e0 la fois en pr\\u00e9sentiel et&hellip;&nbsp;&lt;a href=&quot;https:\/\/telemme.mmsh.fr\/?tribe_events=la-vie-de-la-bibliotheque-publique&quot; rel=&quot;bookmark&quot;&gt;Lire la suite &raquo;&lt;span class=&quot;screen-reader-text&quot;&gt;La vie des biblioth\\u00e8ques publiques&lt;\/span&gt;&lt;\/a&gt;&lt;\/p&gt;\\\\n\",\"image\":\"https:\/\/telemme.mmsh.fr\/wp-content\/uploads\/2024\/07\/bookshop2.jpg\",\"url\":\"https:\/\/telemme.mmsh.fr\/?tribe_events=la-vie-de-la-bibliotheque-publique\",\"eventAttendanceMode\":\"https:\/\/schema.org\/OfflineEventAttendanceMode\",\"eventStatus\":\"https:\/\/schema.org\/EventScheduled\",\"startDate\":\"2026-05-06T00:00:00+02:00\",\"endDate\":\"2026-05-07T23:59:59+02:00\",\"location\":{\"@type\":\"Place\",\"name\":\"Biblioth\\u00e8que et archives M\\u00e9janes \\u2013 Michel Vovelle\",\"description\":\"\",\"url\":\"\",\"address\":{\"@type\":\"PostalAddress\",\"streetAddress\":\"25 All. de Philadelphie\",\"addressLocality\":\"Aix-en-Provence\",\"postalCode\":\"13100\",\"addressCountry\":\"France\"},\"telephone\":\"\",\"sameAs\":\"\"},\"organizer\":{\"@type\":\"Person\",\"name\":\"Emmanuelle Chapron\",\"description\":\"\",\"url\":\"https:\/\/telemme.mmsh.fr\/?membres=emmanuelle-chapron\",\"telephone\":\"\",\"email\":\"\",\"sameAs\":\"https:\/\/telemme.mmsh.fr\/?membres=emmanuelle-chapron\"},\"performer\":\"Organization\"},{\"@context\":\"http:\/\/schema.org\",\"@type\":\"Event\",\"name\":\"S\\u00e9minaire histoire de la sant\\u00e9\",\"description\":\"&lt;p&gt;Programme d\\u00e9taill\\u00e9 \\u00e0 venir&lt;\/p&gt;\\\\n\",\"url\":\"https:\/\/telemme.mmsh.fr\/?tribe_events=seminaire-histoire-de-la-sante\",\"eventAttendanceMode\":\"https:\/\/schema.org\/OfflineEventAttendanceMode\",\"eventStatus\":\"https:\/\/schema.org\/EventScheduled\",\"startDate\":\"2026-05-06T09:30:00+02:00\",\"endDate\":\"2026-05-06T12:30:00+02:00\",\"location\":{\"@type\":\"Place\",\"name\":\"MMSH, Aix en Provence\",\"description\":\"\",\"url\":\"\",\"address\":{\"@type\":\"PostalAddress\"},\"telephone\":\"\",\"sameAs\":\"\"},\"organizer\":{\"@type\":\"Person\",\"name\":\"Delphine Peiretti-Courtis\",\"description\":\"\",\"url\":\"\",\"telephone\":\"\",\"email\":\"\",\"sameAs\":\"\"},\"performer\":\"Organization\"},{\"@context\":\"http:\/\/schema.org\",\"@type\":\"Event\",\"name\":\"Pluralit\\u00e9 des r\\u00e9gimes d\\u2019esclavage en M\\u00e9diterran\\u00e9e \\u00e0 l\\u2019\\u00e9poque Moderne\",\"description\":\"&lt;p&gt;Dans les soci\\u00e9t\\u00e9s m\\u00e9diterran\\u00e9ennes de l\\u2019\\u00e9poque moderne, des personnes esclavis\\u00e9es pouvaient vivre, travailler et circuler avec une relative autonomie. Loin d\\u2019\\u00eatre informelles, ces situations r\\u00e9v\\u00e8lent la pluralit\\u00e9 des r\\u00e9gimes juridiques&hellip;&nbsp;&lt;a href=&quot;https:\/\/telemme.mmsh.fr\/?tribe_events=regime-desclavage-et-conflits-de-juridiction-en-mediterranee-a-lepoque-moderne&quot; rel=&quot;bookmark&quot;&gt;Lire la suite &raquo;&lt;span class=&quot;screen-reader-text&quot;&gt;Pluralit\\u00e9 des r\\u00e9gimes d\\u2019esclavage en M\\u00e9diterran\\u00e9e \\u00e0 l\\u2019\\u00e9poque Moderne&lt;\/span&gt;&lt;\/a&gt;&lt;\/p&gt;\\\\n\",\"image\":\"https:\/\/telemme.mmsh.fr\/wp-content\/uploads\/2026\/04\/glesener-extrait-abraham-storck-seaport.png.webp\",\"url\":\"https:\/\/telemme.mmsh.fr\/?tribe_events=regime-desclavage-et-conflits-de-juridiction-en-mediterranee-a-lepoque-moderne\",\"eventAttendanceMode\":\"https:\/\/schema.org\/OfflineEventAttendanceMode\",\"eventStatus\":\"https:\/\/schema.org\/EventScheduled\",\"startDate\":\"2026-05-12T09:00:00+02:00\",\"endDate\":\"2026-05-12T17:30:00+02:00\",\"location\":{\"@type\":\"Place\",\"name\":\"Im\\u00e9ra\",\"description\":\"\",\"url\":\"\",\"address\":{\"@type\":\"PostalAddress\",\"streetAddress\":\"2 Place Leverrier\",\"addressLocality\":\"Marseille\",\"postalCode\":\"13004\",\"addressCountry\":\"France\"},\"telephone\":\"\",\"sameAs\":\"\"},\"organizer\":{\"@type\":\"Person\",\"name\":\"Thomas Glesener\",\"description\":\"\",\"url\":\"https:\/\/telemme.mmsh.fr\/?membres=thomas-glesener\",\"telephone\":\"\",\"email\":\"\",\"sameAs\":\"https:\/\/telemme.mmsh.fr\/?membres=thomas-glesener\"},\"performer\":\"Organization\"},{\"@context\":\"http:\/\/schema.org\",\"@type\":\"Event\",\"name\":\"S\\u00e9minaire environnement\",\"description\":\"&lt;p&gt;Programme d\\u00e9taill\\u00e9 \\u00e0 venir&lt;\/p&gt;\\\\n\",\"url\":\"https:\/\/telemme.mmsh.fr\/?tribe_events=seminaire-environnement-3\",\"eventAttendanceMode\":\"https:\/\/schema.org\/OfflineEventAttendanceMode\",\"eventStatus\":\"https:\/\/schema.org\/EventScheduled\",\"startDate\":\"2026-05-13T09:30:00+02:00\",\"endDate\":\"2026-05-13T12:30:00+02:00\",\"location\":{\"@type\":\"Place\",\"name\":\"MMSH, Aix en Provence\",\"description\":\"\",\"url\":\"\",\"address\":{\"@type\":\"PostalAddress\"},\"telephone\":\"\",\"sameAs\":\"\"},\"organizer\":{\"@type\":\"Person\",\"name\":\"B\\u00e9atrice Mesini\",\"description\":\"\",\"url\":\"https:\/\/telemme.mmsh.fr\/?membres=beatrice-mesini\",\"telephone\":\"\",\"email\":\"\",\"sameAs\":\"https:\/\/telemme.mmsh.fr\/?membres=beatrice-mesini\"},\"performer\":\"Organization\"},{\"@context\":\"http:\/\/schema.org\",\"@type\":\"Event\",\"name\":\"ALTER M\\u00e9diterran\\u00e9e\",\"description\":\"&lt;p&gt;Ce rendez-vous coop\\u00e9ratif, culturel et scientifique de deux jours, con\\u00e7u comme une travers\\u00e9e collective des fronti\\u00e8res disciplinaires, culturelles et identitaires, rassemble des \\u00e9tudiants venus d\\u2019institutions universitaires du pourtour m\\u00e9diterran\\u00e9en (France, Liban, \\u00c9gypte, Maroc,Alg\\u00e9rie, Tunisie) et d\\u2019Aix-Marseille Universit\\u00e9.&lt;\/p&gt;\\\\n\",\"url\":\"https:\/\/telemme.mmsh.fr\/?tribe_events=alter-mediterranee\",\"eventAttendanceMode\":\"https:\/\/schema.org\/OfflineEventAttendanceMode\",\"eventStatus\":\"https:\/\/schema.org\/EventScheduled\",\"startDate\":\"2026-05-18T00:00:00+02:00\",\"endDate\":\"2026-05-20T23:59:59+02:00\",\"location\":{\"@type\":\"Place\",\"name\":\"MucemLab\",\"description\":\"\",\"url\":\"\",\"address\":{\"@type\":\"PostalAddress\",\"streetAddress\":\"201 Quai du Port\",\"addressLocality\":\"Marseille\",\"postalCode\":\"13002\",\"addressCountry\":\"France\"},\"telephone\":\"\",\"sameAs\":\"\"},\"organizer\":{\"@type\":\"Person\",\"name\":\"Maryline Crivello\",\"description\":\"\",\"url\":\"https:\/\/telemme.mmsh.fr\/?membres=maryline-crivello\",\"telephone\":\"\",\"email\":\"\",\"sameAs\":\"https:\/\/telemme.mmsh.fr\/?membres=maryline-crivello\"},\"performer\":\"Organization\"},{\"@context\":\"http:\/\/schema.org\",\"@type\":\"Event\",\"name\":\"Subir et investir l\\u2019administration coloniale en France pendant l\\u2019entre-deux-guerres\",\"description\":\"&lt;p&gt;Programme complet&lt;\/p&gt;\\\\n\",\"image\":\"https:\/\/telemme.mmsh.fr\/wp-content\/uploads\/2023\/11\/AD13_6fi04338-copie.jpg\",\"url\":\"https:\/\/telemme.mmsh.fr\/?tribe_events=subir-et-investir-ladministration-coloniale-en-france-pendant-lentre-deux-guerres\",\"eventAttendanceMode\":\"https:\/\/schema.org\/OfflineEventAttendanceMode\",\"eventStatus\":\"https:\/\/schema.org\/EventScheduled\",\"startDate\":\"2026-05-20T14:00:00+02:00\",\"endDate\":\"2026-05-20T16:30:00+02:00\",\"location\":{\"@type\":\"Place\",\"name\":\"Salle No\\u00ebl Coulet (A113)\",\"description\":\"\",\"url\":\"\",\"address\":{\"@type\":\"PostalAddress\",\"streetAddress\":\"MMSH, 5 rue du Ch\\u00e2teau de l&#039;Horloge\",\"addressLocality\":\"Aix-en-Provence\",\"postalCode\":\"13090\",\"addressCountry\":\"France\"},\"telephone\":\"\",\"sameAs\":\"\"},\"organizer\":{\"@type\":\"Person\",\"name\":\"C\\u00e9line Regnard\",\"description\":\"\",\"url\":\"http:\/\/telemme.mmsh.univ-aix.fr\/membres\/celine-regnard\/\",\"telephone\":\"\",\"email\":\"\",\"sameAs\":\"http:\/\/telemme.mmsh.univ-aix.fr\/membres\/celine-regnard\/\"},\"performer\":\"Organization\"},{\"@context\":\"http:\/\/schema.org\",\"@type\":\"Event\",\"name\":\"Imaginaires connect\\u00e9s. Art, num\\u00e9rique et r\\u00e9seaux en M\\u00e9diterran\\u00e9e contemporaine\",\"description\":\"&lt;p&gt;Organisation\\u00a0 Jean-Paul Fourmentraux \\u2014 Professeur des universit\\u00e9s, Centre Norbert Elias Mathilde Nourisson-Moncey \\u2014 ATER, Laboratoire TELEMMe Partenariat :\\u00a0 Structure CHRONIQUES Pr\\u00e9sentation La M\\u00e9diterran\\u00e9e, en tant que carrefour d\\\\'\\u00e9changes, a toujours&hellip;&nbsp;&lt;a href=&quot;https:\/\/telemme.mmsh.fr\/?tribe_events=imaginaires-connectes&quot; rel=&quot;bookmark&quot;&gt;Lire la suite &raquo;&lt;span class=&quot;screen-reader-text&quot;&gt;Imaginaires connect\\u00e9s. Art, num\\u00e9rique et r\\u00e9seaux en M\\u00e9diterran\\u00e9e contemporaine&lt;\/span&gt;&lt;\/a&gt;&lt;\/p&gt;\\\\n\",\"url\":\"https:\/\/telemme.mmsh.fr\/?tribe_events=imaginaires-connectes\",\"eventAttendanceMode\":\"https:\/\/schema.org\/OfflineEventAttendanceMode\",\"eventStatus\":\"https:\/\/schema.org\/EventScheduled\",\"startDate\":\"2026-05-22T09:00:00+02:00\",\"endDate\":\"2026-05-22T17:00:00+02:00\",\"location\":{\"@type\":\"Place\",\"name\":\"Im\\u00e9ra\",\"description\":\"\",\"url\":\"\",\"address\":{\"@type\":\"PostalAddress\",\"streetAddress\":\"2 Place Leverrier\",\"addressLocality\":\"Marseille\",\"postalCode\":\"13004\",\"addressCountry\":\"France\"},\"telephone\":\"\",\"sameAs\":\"\"},\"organizer\":{\"@type\":\"Person\",\"name\":\"Mathilde Nourrison\",\"description\":\"\",\"url\":\"\",\"telephone\":\"\",\"email\":\"\",\"sameAs\":\"\"},\"performer\":\"Organization\"},{\"@context\":\"http:\/\/schema.org\",\"@type\":\"Event\",\"name\":\"Les formes de l\\u2019attachement : territoires, liens et sensibilit\\u00e9s\",\"description\":\"&lt;p&gt;Journ\\u00e9e d\\u2019\\u00e9tudes des Jeunes chercheur\\u00b7euse\\u00b7s de l\\u2019UMR 7303 TELEMMe Programme \\u00e0 venir&lt;\/p&gt;\\\\n\",\"image\":\"https:\/\/telemme.mmsh.fr\/wp-content\/uploads\/2026\/01\/Image-ACC_small.jpg\",\"url\":\"https:\/\/telemme.mmsh.fr\/?tribe_events=les-formes-de-lattachement-territoires-liens-et-sensibilites\",\"eventAttendanceMode\":\"https:\/\/schema.org\/OfflineEventAttendanceMode\",\"eventStatus\":\"https:\/\/schema.org\/EventScheduled\",\"startDate\":\"2026-05-27T09:00:00+02:00\",\"endDate\":\"2026-05-27T17:00:00+02:00\",\"location\":{\"@type\":\"Place\",\"name\":\"MMSH, Aix en Provence\",\"description\":\"\",\"url\":\"\",\"address\":{\"@type\":\"PostalAddress\"},\"telephone\":\"\",\"sameAs\":\"\"},\"organizer\":{\"@type\":\"Person\",\"name\":\"Rocco Boero\",\"description\":\"\",\"url\":\"https:\/\/telemme.mmsh.fr\/?membres=rocco-boero\",\"telephone\":\"\",\"email\":\"\",\"sameAs\":\"https:\/\/telemme.mmsh.fr\/?membres=rocco-boero\"},\"performer\":\"Organization\"}]\r\n<\/script>\n\t\t\t<script data-js=\"tribe-events-view-data\" type=\"application\/json\">\n\t{\"slug\":\"widget-events-list\",\"prev_url\":\"\",\"next_url\":\"https:\\\/\\\/telemme.mmsh.fr\\\/?post_type=tribe_events&eventDisplay=widget-events-list&page=2\",\"view_class\":\"Tribe\\\\Events\\\\Views\\\\V2\\\\Views\\\\Widgets\\\\Widget_List_View\",\"view_slug\":\"widget-events-list\",\"view_label\":\"View\",\"view\":null,\"should_manage_url\":true,\"id\":null,\"alias-slugs\":null,\"title\":\"\\u00c9v\\u00e8nements depuis 29 avril \\u2013 27 mai \\u2013 TELEMMe \\u2013 Temps, espaces, langages, Europe m\\u00e9ridionale, M\\u00e9diterran\\u00e9e\",\"limit\":\"8\",\"no_upcoming_events\":false,\"featured_events_only\":false,\"jsonld_enable\":true,\"tribe_is_list_widget\":false,\"admin_fields\":{\"title\":{\"label\":\"Titre\\u00a0:\",\"type\":\"text\",\"parent_classes\":\"\",\"classes\":\"\",\"dependency\":\"\",\"id\":\"widget-tribe-widget-events-list-3-title\",\"name\":\"widget-tribe-widget-events-list[3][title]\",\"options\":[],\"placeholder\":\"\",\"value\":null},\"limit\":{\"label\":\"Afficher\\u00a0:\",\"type\":\"number\",\"default\":5,\"min\":1,\"max\":10,\"step\":1,\"parent_classes\":\"\",\"classes\":\"\",\"dependency\":\"\",\"id\":\"widget-tribe-widget-events-list-3-limit\",\"name\":\"widget-tribe-widget-events-list[3][limit]\",\"options\":[],\"placeholder\":\"\",\"value\":null},\"no_upcoming_events\":{\"label\":\"Cacher ce widget s\\u2019il n\\u2019y a pas d\\u2019\\u00e9v\\u00e8nements \\u00e0 venir.\",\"type\":\"checkbox\",\"parent_classes\":\"\",\"classes\":\"\",\"dependency\":\"\",\"id\":\"widget-tribe-widget-events-list-3-no_upcoming_events\",\"name\":\"widget-tribe-widget-events-list[3][no_upcoming_events]\",\"options\":[],\"placeholder\":\"\",\"value\":null},\"featured_events_only\":{\"label\":\"Limiter uniquement pour les \\u00e9v\\u00e8nements mis en avant\",\"type\":\"checkbox\",\"parent_classes\":\"\",\"classes\":\"\",\"dependency\":\"\",\"id\":\"widget-tribe-widget-events-list-3-featured_events_only\",\"name\":\"widget-tribe-widget-events-list[3][featured_events_only]\",\"options\":[],\"placeholder\":\"\",\"value\":null},\"jsonld_enable\":{\"label\":\"G\\u00e9n\\u00e9rer les donn\\u00e9es JSON-LD\",\"type\":\"checkbox\",\"parent_classes\":\"\",\"classes\":\"\",\"dependency\":\"\",\"id\":\"widget-tribe-widget-events-list-3-jsonld_enable\",\"name\":\"widget-tribe-widget-events-list[3][jsonld_enable]\",\"options\":[],\"placeholder\":\"\",\"value\":null}},\"panels_info\":{\"class\":\"Tribe\\\\\\\\Events\\\\\\\\Views\\\\\\\\V2\\\\\\\\Widgets\\\\\\\\Widget_List\",\"grid\":0,\"cell\":0,\"id\":0,\"widget_id\":\"bbd96ae1-40a2-4de7-839a-2bc32d191e08\",\"style\":{\"background_image_attachment\":false,\"background_display\":\"tile\",\"background_image_size\":\"full\",\"border_thickness\":\"1px\"},\"cell_index\":0,\"widget_index\":0},\"events\":[16450,15735,16447,15737,16429,16360,16802,16622],\"url\":\"https:\\\/\\\/telemme.mmsh.fr\\\/?post_type=tribe_events&eventDisplay=widget-events-list\",\"url_event_date\":false,\"bar\":{\"keyword\":\"\",\"date\":\"\"},\"today\":\"2026-04-29 00:00:00\",\"now\":\"2026-04-29 10:14:59\",\"home_url\":\"https:\\\/\\\/telemme.mmsh.fr\",\"rest_url\":\"https:\\\/\\\/telemme.mmsh.fr\\\/index.php?rest_route=\\\/tribe\\\/views\\\/v2\\\/html\",\"rest_method\":\"GET\",\"rest_nonce\":\"\",\"today_url\":\"https:\\\/\\\/telemme.mmsh.fr\\\/?post_type=tribe_events&eventDisplay=widget-events-list\",\"today_title\":\"Cliquer pour s\\u00e9lectionner la date du jour\",\"today_label\":\"Aujourd\\u2019hui\",\"prev_label\":\"\",\"next_label\":\"\",\"date_formats\":{\"compact\":\"d\\\/m\\\/Y\",\"month_and_year_compact\":\"m\\\/Y\",\"month_and_year\":\"F Y\",\"time_range_separator\":\" - \",\"date_time_separator\":\" | \"},\"messages\":[],\"start_of_week\":\"1\",\"header_title\":\"\",\"header_title_element\":\"h1\",\"content_title\":\"\",\"show_content_title\":false,\"breadcrumbs\":[],\"backlink\":false,\"before_events\":\"\",\"after_events\":\"\\n<!--\\nThis calendar is powered by The Events Calendar.\\nhttp:\\\/\\\/evnt.is\\\/18wn\\n-->\\n\",\"display_events_bar\":false,\"disable_event_search\":false,\"live_refresh\":true,\"ical\":{\"display_link\":true,\"link\":{\"url\":\"https:\\\/\\\/telemme.mmsh.fr\\\/?post_type=tribe_events&#038;eventDisplay=widget-events-list&#038;ical=1\",\"text\":\"Exporter \\u00c9v\\u00e8nements\",\"title\":\"Utilisez ceci pour partager les donn\\u00e9es de calendrier avec Google Calendar, Apple iCal et d\\u2019autres applications compatibles\"}},\"container_classes\":[\"tribe-common\",\"tribe-events\",\"tribe-events-view\",\"tribe-events-view--widget-events-list\",\"tribe-events-widget\"],\"container_data\":[],\"is_past\":false,\"breakpoints\":{\"xsmall\":500,\"medium\":768,\"full\":960},\"breakpoint_pointer\":\"aeb9ec9b-e2c8-40c3-a792-9af6315433b2\",\"is_initial_load\":false,\"public_views\":{\"list\":{\"view_class\":\"Tribe\\\\Events\\\\Views\\\\V2\\\\Views\\\\List_View\",\"view_url\":\"https:\\\/\\\/telemme.mmsh.fr\\\/?post_type=tribe_events&eventDisplay=list\",\"view_label\":\"Liste\",\"aria_label\":\"Display \\u00c9v\\u00e8nements in Liste View\"},\"month\":{\"view_class\":\"Tribe\\\\Events\\\\Views\\\\V2\\\\Views\\\\Month_View\",\"view_url\":\"https:\\\/\\\/telemme.mmsh.fr\\\/?post_type=tribe_events&eventDisplay=month\",\"view_label\":\"Mois\",\"aria_label\":\"Display \\u00c9v\\u00e8nements in Mois View\"},\"day\":{\"view_class\":\"Tribe\\\\Events\\\\Views\\\\V2\\\\Views\\\\Day_View\",\"view_url\":\"https:\\\/\\\/telemme.mmsh.fr\\\/?post_type=tribe_events&eventDisplay=day\",\"view_label\":\"Jour\",\"aria_label\":\"Display \\u00c9v\\u00e8nements in Jour View\"}},\"show_latest_past\":false,\"past\":false,\"compatibility_classes\":[\"tribe-compatibility-container\"],\"view_more_text\":\"Voir le calendrier\",\"view_more_title\":\"Voir plus d\\u2019\\u00e9v\\u00e8nements.\",\"view_more_link\":\"https:\\\/\\\/telemme.mmsh.fr\",\"widget_title\":\"\",\"hide_if_no_upcoming_events\":false,\"display\":[],\"subscribe_links\":{\"gcal\":{\"label\":\"Google Agenda\",\"single_label\":\"Ajouter \\u00e0 Google Agenda\",\"visible\":true,\"block_slug\":\"hasGoogleCalendar\"},\"ical\":{\"label\":\"iCalendar\",\"single_label\":\"Ajouter \\u00e0 iCalendar\",\"visible\":true,\"block_slug\":\"hasiCal\"},\"outlook-365\":{\"label\":\"Outlook 365\",\"single_label\":\"Outlook 365\",\"visible\":true,\"block_slug\":\"hasOutlook365\"},\"outlook-live\":{\"label\":\"Outlook Live\",\"single_label\":\"Outlook Live\",\"visible\":true,\"block_slug\":\"hasOutlookLive\"},\"ics\":{\"label\":\"Exporter le fichier .ics\",\"single_label\":\"Exporter le fichier .ics\",\"visible\":true,\"block_slug\":null},\"outlook-ics\":{\"label\":\"Exporter le fichier Outlook .ics\",\"single_label\":\"Exporter le fichier Outlook .ics\",\"visible\":true,\"block_slug\":null}},\"_context\":{\"slug\":\"widget-events-list\"}}<\/script>\n\n\t\t\t\n\t\t\t\n\t\t\t\t<div class=\"tribe-events-widget-events-list__events\">\n\t\t\t\t\t\t\t\t\t\t\t<div  class=\"tribe-common-g-row tribe-events-widget-events-list__event-row\" >\n\n\t<div class=\"tribe-events-widget-events-list__event-date-tag tribe-common-g-col\">\n\t<time class=\"tribe-events-widget-events-list__event-date-tag-datetime\" datetime=\"2026-05-06\">\n\t\t<span class=\"tribe-events-widget-events-list__event-date-tag-month\">\n\t\t\tMai\t\t<\/span>\n\t\t<span class=\"tribe-events-widget-events-list__event-date-tag-daynum tribe-common-h2 tribe-common-h4--min-medium\">\n\t\t\t6\t\t<\/span>\n\t<\/time>\n<\/div>\n\n\t<div class=\"tribe-events-widget-events-list__event-wrapper tribe-common-g-col\">\n\t\t<article  class=\"tribe-events-widget-events-list__event post-16450 tribe_events type-tribe_events status-publish has-post-thumbnail hentry tag-bipulum tribe_events_cat-journee-detudes\" >\n\t\t\t<div class=\"tribe-events-widget-events-list__event-details\">\n\n\t\t\t\t<header class=\"tribe-events-widget-events-list__event-header\">\n\t\t\t\t\t<div class=\"tribe-events-widget-events-list__event-datetime-wrapper tribe-common-b2 tribe-common-b3--min-medium\">\n\t\t<time class=\"tribe-events-widget-events-list__event-datetime\" datetime=\"2026-05-06\">\n\t\t<span class=\"tribe-event-date-start\">6 mai<\/span> &#8211; <span class=\"tribe-event-date-end\">7 mai<\/span>\t<\/time>\n\t<\/div>\n\t\t\t\t\t<h3 class=\"tribe-events-widget-events-list__event-title tribe-common-h7\">\n\t<a\n\t\thref=\"https:\/\/telemme.mmsh.fr\/?tribe_events=la-vie-de-la-bibliotheque-publique\"\n\t\ttitle=\"La vie des biblioth\u00e8ques publiques\"\n\t\trel=\"bookmark\"\n\t\tclass=\"tribe-events-widget-events-list__event-title-link tribe-common-anchor-thin\"\n\t>\n\t\tLa vie des biblioth\u00e8ques publiques\t<\/a>\n<\/h3>\n\t\t\t\t<\/header>\n\n\t\t\t\t\n\t\t\t<\/div>\n\t\t<\/article>\n\t<\/div>\n\n<\/div>\n\t\t\t\t\t\t\t\t\t\t\t<div  class=\"tribe-common-g-row tribe-events-widget-events-list__event-row\" >\n\n\t<div class=\"tribe-events-widget-events-list__event-date-tag tribe-common-g-col\">\n\t<time class=\"tribe-events-widget-events-list__event-date-tag-datetime\" datetime=\"2026-05-06\">\n\t\t<span class=\"tribe-events-widget-events-list__event-date-tag-month\">\n\t\t\tMai\t\t<\/span>\n\t\t<span class=\"tribe-events-widget-events-list__event-date-tag-daynum tribe-common-h2 tribe-common-h4--min-medium\">\n\t\t\t6\t\t<\/span>\n\t<\/time>\n<\/div>\n\n\t<div class=\"tribe-events-widget-events-list__event-wrapper tribe-common-g-col\">\n\t\t<article  class=\"tribe-events-widget-events-list__event post-15735 tribe_events type-tribe_events status-publish hentry tag-3-3-histoire-de-la-sante tribe_events_cat-seminaire\" >\n\t\t\t<div class=\"tribe-events-widget-events-list__event-details\">\n\n\t\t\t\t<header class=\"tribe-events-widget-events-list__event-header\">\n\t\t\t\t\t<div class=\"tribe-events-widget-events-list__event-datetime-wrapper tribe-common-b2 tribe-common-b3--min-medium\">\n\t\t<time class=\"tribe-events-widget-events-list__event-datetime\" datetime=\"2026-05-06\">\n\t\t<span class=\"tribe-event-date-start\">9 h 30<\/span> &#8211; <span class=\"tribe-event-time\">12 h 30<\/span>\t<\/time>\n\t<\/div>\n\t\t\t\t\t<h3 class=\"tribe-events-widget-events-list__event-title tribe-common-h7\">\n\t<a\n\t\thref=\"https:\/\/telemme.mmsh.fr\/?tribe_events=seminaire-histoire-de-la-sante\"\n\t\ttitle=\"S\u00e9minaire histoire de la sant\u00e9\"\n\t\trel=\"bookmark\"\n\t\tclass=\"tribe-events-widget-events-list__event-title-link tribe-common-anchor-thin\"\n\t>\n\t\tS\u00e9minaire histoire de la sant\u00e9\t<\/a>\n<\/h3>\n\t\t\t\t<\/header>\n\n\t\t\t\t\n\t\t\t<\/div>\n\t\t<\/article>\n\t<\/div>\n\n<\/div>\n\t\t\t\t\t\t\t\t\t\t\t<div  class=\"tribe-common-g-row tribe-events-widget-events-list__event-row\" >\n\n\t<div class=\"tribe-events-widget-events-list__event-date-tag tribe-common-g-col\">\n\t<time class=\"tribe-events-widget-events-list__event-date-tag-datetime\" datetime=\"2026-05-12\">\n\t\t<span class=\"tribe-events-widget-events-list__event-date-tag-month\">\n\t\t\tMai\t\t<\/span>\n\t\t<span class=\"tribe-events-widget-events-list__event-date-tag-daynum tribe-common-h2 tribe-common-h4--min-medium\">\n\t\t\t12\t\t<\/span>\n\t<\/time>\n<\/div>\n\n\t<div class=\"tribe-events-widget-events-list__event-wrapper tribe-common-g-col\">\n\t\t<article  class=\"tribe-events-widget-events-list__event post-16447 tribe_events type-tribe_events status-publish has-post-thumbnail hentry tag-esclavage tribe_events_cat-atelier\" >\n\t\t\t<div class=\"tribe-events-widget-events-list__event-details\">\n\n\t\t\t\t<header class=\"tribe-events-widget-events-list__event-header\">\n\t\t\t\t\t<div class=\"tribe-events-widget-events-list__event-datetime-wrapper tribe-common-b2 tribe-common-b3--min-medium\">\n\t\t<time class=\"tribe-events-widget-events-list__event-datetime\" datetime=\"2026-05-12\">\n\t\t<span class=\"tribe-event-date-start\">9 h 00<\/span> &#8211; <span class=\"tribe-event-time\">17 h 30<\/span>\t<\/time>\n\t<\/div>\n\t\t\t\t\t<h3 class=\"tribe-events-widget-events-list__event-title tribe-common-h7\">\n\t<a\n\t\thref=\"https:\/\/telemme.mmsh.fr\/?tribe_events=regime-desclavage-et-conflits-de-juridiction-en-mediterranee-a-lepoque-moderne\"\n\t\ttitle=\"Pluralit\u00e9 des r\u00e9gimes d\u2019esclavage en M\u00e9diterran\u00e9e \u00e0 l\u2019\u00e9poque Moderne\"\n\t\trel=\"bookmark\"\n\t\tclass=\"tribe-events-widget-events-list__event-title-link tribe-common-anchor-thin\"\n\t>\n\t\tPluralit\u00e9 des r\u00e9gimes d\u2019esclavage en M\u00e9diterran\u00e9e \u00e0 l\u2019\u00e9poque Moderne\t<\/a>\n<\/h3>\n\t\t\t\t<\/header>\n\n\t\t\t\t\n\t\t\t<\/div>\n\t\t<\/article>\n\t<\/div>\n\n<\/div>\n\t\t\t\t\t\t\t\t\t\t\t<div  class=\"tribe-common-g-row tribe-events-widget-events-list__event-row\" >\n\n\t<div class=\"tribe-events-widget-events-list__event-date-tag tribe-common-g-col\">\n\t<time class=\"tribe-events-widget-events-list__event-date-tag-datetime\" datetime=\"2026-05-13\">\n\t\t<span class=\"tribe-events-widget-events-list__event-date-tag-month\">\n\t\t\tMai\t\t<\/span>\n\t\t<span class=\"tribe-events-widget-events-list__event-date-tag-daynum tribe-common-h2 tribe-common-h4--min-medium\">\n\t\t\t13\t\t<\/span>\n\t<\/time>\n<\/div>\n\n\t<div class=\"tribe-events-widget-events-list__event-wrapper tribe-common-g-col\">\n\t\t<article  class=\"tribe-events-widget-events-list__event post-15737 tribe_events type-tribe_events status-publish hentry tag-3-1-geo-histoire-de-lenvironnement-en-mediterranee tribe_events_cat-seminaire\" >\n\t\t\t<div class=\"tribe-events-widget-events-list__event-details\">\n\n\t\t\t\t<header class=\"tribe-events-widget-events-list__event-header\">\n\t\t\t\t\t<div class=\"tribe-events-widget-events-list__event-datetime-wrapper tribe-common-b2 tribe-common-b3--min-medium\">\n\t\t<time class=\"tribe-events-widget-events-list__event-datetime\" datetime=\"2026-05-13\">\n\t\t<span class=\"tribe-event-date-start\">9 h 30<\/span> &#8211; <span class=\"tribe-event-time\">12 h 30<\/span>\t<\/time>\n\t<\/div>\n\t\t\t\t\t<h3 class=\"tribe-events-widget-events-list__event-title tribe-common-h7\">\n\t<a\n\t\thref=\"https:\/\/telemme.mmsh.fr\/?tribe_events=seminaire-environnement-3\"\n\t\ttitle=\"S\u00e9minaire environnement\"\n\t\trel=\"bookmark\"\n\t\tclass=\"tribe-events-widget-events-list__event-title-link tribe-common-anchor-thin\"\n\t>\n\t\tS\u00e9minaire environnement\t<\/a>\n<\/h3>\n\t\t\t\t<\/header>\n\n\t\t\t\t\n\t\t\t<\/div>\n\t\t<\/article>\n\t<\/div>\n\n<\/div>\n\t\t\t\t\t\t\t\t\t\t\t<div  class=\"tribe-common-g-row tribe-events-widget-events-list__event-row\" >\n\n\t<div class=\"tribe-events-widget-events-list__event-date-tag tribe-common-g-col\">\n\t<time class=\"tribe-events-widget-events-list__event-date-tag-datetime\" datetime=\"2026-05-18\">\n\t\t<span class=\"tribe-events-widget-events-list__event-date-tag-month\">\n\t\t\tMai\t\t<\/span>\n\t\t<span class=\"tribe-events-widget-events-list__event-date-tag-daynum tribe-common-h2 tribe-common-h4--min-medium\">\n\t\t\t18\t\t<\/span>\n\t<\/time>\n<\/div>\n\n\t<div class=\"tribe-events-widget-events-list__event-wrapper tribe-common-g-col\">\n\t\t<article  class=\"tribe-events-widget-events-list__event post-16429 tribe_events type-tribe_events status-publish hentry tag-3-2-altermetropolisation tribe_events_cat-atelier tribe_events_cat-table-ronde\" >\n\t\t\t<div class=\"tribe-events-widget-events-list__event-details\">\n\n\t\t\t\t<header class=\"tribe-events-widget-events-list__event-header\">\n\t\t\t\t\t<div class=\"tribe-events-widget-events-list__event-datetime-wrapper tribe-common-b2 tribe-common-b3--min-medium\">\n\t\t<time class=\"tribe-events-widget-events-list__event-datetime\" datetime=\"2026-05-18\">\n\t\t<span class=\"tribe-event-date-start\">18 mai<\/span> &#8211; <span class=\"tribe-event-date-end\">20 mai<\/span>\t<\/time>\n\t<\/div>\n\t\t\t\t\t<h3 class=\"tribe-events-widget-events-list__event-title tribe-common-h7\">\n\t<a\n\t\thref=\"https:\/\/telemme.mmsh.fr\/?tribe_events=alter-mediterranee\"\n\t\ttitle=\"ALTER M\u00e9diterran\u00e9e\"\n\t\trel=\"bookmark\"\n\t\tclass=\"tribe-events-widget-events-list__event-title-link tribe-common-anchor-thin\"\n\t>\n\t\tALTER M\u00e9diterran\u00e9e\t<\/a>\n<\/h3>\n\t\t\t\t<\/header>\n\n\t\t\t\t\n\t\t\t<\/div>\n\t\t<\/article>\n\t<\/div>\n\n<\/div>\n\t\t\t\t\t\t\t\t\t\t\t<div  class=\"tribe-common-g-row tribe-events-widget-events-list__event-row\" >\n\n\t<div class=\"tribe-events-widget-events-list__event-date-tag tribe-common-g-col\">\n\t<time class=\"tribe-events-widget-events-list__event-date-tag-datetime\" datetime=\"2026-05-20\">\n\t\t<span class=\"tribe-events-widget-events-list__event-date-tag-month\">\n\t\t\tMai\t\t<\/span>\n\t\t<span class=\"tribe-events-widget-events-list__event-date-tag-daynum tribe-common-h2 tribe-common-h4--min-medium\">\n\t\t\t20\t\t<\/span>\n\t<\/time>\n<\/div>\n\n\t<div class=\"tribe-events-widget-events-list__event-wrapper tribe-common-g-col\">\n\t\t<article  class=\"tribe-events-widget-events-list__event post-16360 tribe_events type-tribe_events status-publish has-post-thumbnail hentry tag-2-1-entre-deux-terres-migrations-et-mobilites-xviie-xxie-siecles tribe_events_cat-seminaire\" >\n\t\t\t<div class=\"tribe-events-widget-events-list__event-details\">\n\n\t\t\t\t<header class=\"tribe-events-widget-events-list__event-header\">\n\t\t\t\t\t<div class=\"tribe-events-widget-events-list__event-datetime-wrapper tribe-common-b2 tribe-common-b3--min-medium\">\n\t\t<time class=\"tribe-events-widget-events-list__event-datetime\" datetime=\"2026-05-20\">\n\t\t<span class=\"tribe-event-date-start\">14 h 00<\/span> &#8211; <span class=\"tribe-event-time\">16 h 30<\/span>\t<\/time>\n\t<\/div>\n\t\t\t\t\t<h3 class=\"tribe-events-widget-events-list__event-title tribe-common-h7\">\n\t<a\n\t\thref=\"https:\/\/telemme.mmsh.fr\/?tribe_events=subir-et-investir-ladministration-coloniale-en-france-pendant-lentre-deux-guerres\"\n\t\ttitle=\"Subir et investir l\u2019administration coloniale en France pendant l\u2019entre-deux-guerres\"\n\t\trel=\"bookmark\"\n\t\tclass=\"tribe-events-widget-events-list__event-title-link tribe-common-anchor-thin\"\n\t>\n\t\tSubir et investir l\u2019administration coloniale en France pendant l\u2019entre-deux-guerres\t<\/a>\n<\/h3>\n\t\t\t\t<\/header>\n\n\t\t\t\t\n\t\t\t<\/div>\n\t\t<\/article>\n\t<\/div>\n\n<\/div>\n\t\t\t\t\t\t\t\t\t\t\t<div  class=\"tribe-common-g-row tribe-events-widget-events-list__event-row\" >\n\n\t<div class=\"tribe-events-widget-events-list__event-date-tag tribe-common-g-col\">\n\t<time class=\"tribe-events-widget-events-list__event-date-tag-datetime\" datetime=\"2026-05-22\">\n\t\t<span class=\"tribe-events-widget-events-list__event-date-tag-month\">\n\t\t\tMai\t\t<\/span>\n\t\t<span class=\"tribe-events-widget-events-list__event-date-tag-daynum tribe-common-h2 tribe-common-h4--min-medium\">\n\t\t\t22\t\t<\/span>\n\t<\/time>\n<\/div>\n\n\t<div class=\"tribe-events-widget-events-list__event-wrapper tribe-common-g-col\">\n\t\t<article  class=\"tribe-events-widget-events-list__event post-16802 tribe_events type-tribe_events status-publish hentry tag-1-1-objets-et-savoirs-collections-et-patrimoine-dans-lespace-mediterraneen-xvie-xxie-siecles tribe_events_cat-journee-detudes\" >\n\t\t\t<div class=\"tribe-events-widget-events-list__event-details\">\n\n\t\t\t\t<header class=\"tribe-events-widget-events-list__event-header\">\n\t\t\t\t\t<div class=\"tribe-events-widget-events-list__event-datetime-wrapper tribe-common-b2 tribe-common-b3--min-medium\">\n\t\t<time class=\"tribe-events-widget-events-list__event-datetime\" datetime=\"2026-05-22\">\n\t\t<span class=\"tribe-event-date-start\">9 h 00<\/span> &#8211; <span class=\"tribe-event-time\">17 h 00<\/span>\t<\/time>\n\t<\/div>\n\t\t\t\t\t<h3 class=\"tribe-events-widget-events-list__event-title tribe-common-h7\">\n\t<a\n\t\thref=\"https:\/\/telemme.mmsh.fr\/?tribe_events=imaginaires-connectes\"\n\t\ttitle=\"Imaginaires connect\u00e9s. Art, num\u00e9rique et r\u00e9seaux en M\u00e9diterran\u00e9e contemporaine\"\n\t\trel=\"bookmark\"\n\t\tclass=\"tribe-events-widget-events-list__event-title-link tribe-common-anchor-thin\"\n\t>\n\t\tImaginaires connect\u00e9s. Art, num\u00e9rique et r\u00e9seaux en M\u00e9diterran\u00e9e contemporaine\t<\/a>\n<\/h3>\n\t\t\t\t<\/header>\n\n\t\t\t\t\n\t\t\t<\/div>\n\t\t<\/article>\n\t<\/div>\n\n<\/div>\n\t\t\t\t\t\t\t\t\t\t\t<div  class=\"tribe-common-g-row tribe-events-widget-events-list__event-row\" >\n\n\t<div class=\"tribe-events-widget-events-list__event-date-tag tribe-common-g-col\">\n\t<time class=\"tribe-events-widget-events-list__event-date-tag-datetime\" datetime=\"2026-05-27\">\n\t\t<span class=\"tribe-events-widget-events-list__event-date-tag-month\">\n\t\t\tMai\t\t<\/span>\n\t\t<span class=\"tribe-events-widget-events-list__event-date-tag-daynum tribe-common-h2 tribe-common-h4--min-medium\">\n\t\t\t27\t\t<\/span>\n\t<\/time>\n<\/div>\n\n\t<div class=\"tribe-events-widget-events-list__event-wrapper tribe-common-g-col\">\n\t\t<article  class=\"tribe-events-widget-events-list__event post-16622 tribe_events type-tribe_events status-publish has-post-thumbnail hentry tag-jeunes-chercheurseuses-telemme tribe_events_cat-journee-jeunes-chercheureuses-telemme\" >\n\t\t\t<div class=\"tribe-events-widget-events-list__event-details\">\n\n\t\t\t\t<header class=\"tribe-events-widget-events-list__event-header\">\n\t\t\t\t\t<div class=\"tribe-events-widget-events-list__event-datetime-wrapper tribe-common-b2 tribe-common-b3--min-medium\">\n\t\t<time class=\"tribe-events-widget-events-list__event-datetime\" datetime=\"2026-05-27\">\n\t\t<span class=\"tribe-event-date-start\">9 h 00<\/span> &#8211; <span class=\"tribe-event-time\">17 h 00<\/span>\t<\/time>\n\t<\/div>\n\t\t\t\t\t<h3 class=\"tribe-events-widget-events-list__event-title tribe-common-h7\">\n\t<a\n\t\thref=\"https:\/\/telemme.mmsh.fr\/?tribe_events=les-formes-de-lattachement-territoires-liens-et-sensibilites\"\n\t\ttitle=\"Les formes de l\u2019attachement : territoires, liens et sensibilit\u00e9s\"\n\t\trel=\"bookmark\"\n\t\tclass=\"tribe-events-widget-events-list__event-title-link tribe-common-anchor-thin\"\n\t>\n\t\tLes formes de l\u2019attachement : territoires, liens et sensibilit\u00e9s\t<\/a>\n<\/h3>\n\t\t\t\t<\/header>\n\n\t\t\t\t\n\t\t\t<\/div>\n\t\t<\/article>\n\t<\/div>\n\n<\/div>\n\t\t\t\t\t\t\t\t\t<\/div>\n\n\t\t\t\t<div class=\"tribe-events-widget-events-list__view-more tribe-common-b1 tribe-common-b2--min-medium\">\n\t<a\n\t\thref=\"https:\/\/telemme.mmsh.fr\"\n\t\tclass=\"tribe-events-widget-events-list__view-more-link tribe-common-anchor-thin\"\n\t\ttitle=\"Voir plus d\u2019\u00e9v\u00e8nements.\"\n\t>\n\t\tVoir le calendrier\t<\/a>\n<\/div>\n\n\t\t\t\t\t<\/div>\n\t<\/div>\n<\/div>\n<script data-js='tribe-events-view-nonce-data' type='application\/json'>{\"tvn1\":\"a4bd55bba8\",\"tvn2\":\"\"}<\/script><\/div><\/div><\/div>\n\n\n<div class=\"wp-block-buttons is-horizontal is-content-justification-right is-layout-flex wp-container-core-buttons-is-layout-ae2fe186 wp-block-buttons-is-layout-flex\">\n<div class=\"wp-block-button is-style-secondary\"><a class=\"wp-block-button__link wp-element-button\" href=\"https:\/\/telemme.mmsh.fr\/?post_type=tribe_events\">TOUS LES \u00c9V\u00c9NEMENTS \u00c0 VENIR \u2794<\/a><\/div>\n<\/div>\n<\/div><\/div>\n<\/div>\n\n\n\n<div class=\"wp-block-column is-layout-flow wp-block-column-is-layout-flow\">\n<div class=\"wp-block-group\"><div class=\"wp-block-group__inner-container is-layout-flow wp-block-group-is-layout-flow\">\n<h3 class=\"wp-block-heading has-text-align-center\" id=\"prochaines-interventions-externes\">Prochaines interventions externes<\/h3>\n\n\n\n<hr class=\"wp-block-separator has-text-color has-nv-light-bg-color has-css-opacity has-nv-light-bg-background-color has-background is-style-default\"\/>\n<\/div><\/div>\n\n\n\n<div class=\"wp-block-group\"><div class=\"wp-block-group__inner-container is-layout-flow wp-block-group-is-layout-flow\"><div id=\"pl-gb8797-69f1be03d851c\"  class=\"panel-layout wp-block-siteorigin-panels-layout-block\" ><div id=\"pg-gb8797-69f1be03d851c-0\"  class=\"panel-grid panel-no-style\" ><div id=\"pgc-gb8797-69f1be03d851c-0-0\"  class=\"panel-grid-cell\" ><div id=\"panel-gb8797-69f1be03d851c-0-0-0\" class=\"so-panel widget widget_pods_widget_list pods_widget_list panel-first-child panel-last-child\" data-index=\"0\"><div style=\"line-height: 120%\">\r\n\t<font size=\"-1\"> \r\n\t<ul>\r\n6 mai 2026 |\r\n\t<strong>\r\n\t\r\n\t\t\r\n\tAnne Carol |\r\n\t\t\r\n\t\r\n\t\r\n\t<\/strong> \u00ab&nbsp;<a href=\"https:\/\/telemme.mmsh.fr\/?post_type=intervention_externe&#038;p=16287\">Les mises en sc\u00e8nes des morts dans les Catacombes de Paris (XIXe-XXe si\u00e8cle) <\/a>&nbsp;\u00bb\r\n\t\r\n<\/ul>\r\n\t<\/font>\r\n\t<\/div><div style=\"line-height: 120%\">\r\n\t<font size=\"-1\"> \r\n\t<ul>\r\n30 mai 2026 |\r\n\t<strong>\r\n\t\r\n\t\t\r\n\tAnne Carol |\r\n\t\t\r\n\t\r\n\t\r\n\t<\/strong> \u00ab&nbsp;<a href=\"https:\/\/telemme.mmsh.fr\/?post_type=intervention_externe&#038;p=16837\">Combien co\u00fbte un corps ?<\/a>&nbsp;\u00bb\r\n\t\r\n<\/ul>\r\n\t<\/font>\r\n\t<\/div><div style=\"line-height: 120%\">\r\n\t<font size=\"-1\"> \r\n\t<ul>\r\n10 juin 2026 |\r\n\t<strong>\r\n\t\r\n\t\t\r\n\tMarcos Vinicius Marinho Fernandes |\r\n\t\t\r\n\t\r\n\t\r\n\t<\/strong> \u00ab&nbsp;<a href=\"https:\/\/telemme.mmsh.fr\/?post_type=intervention_externe&#038;p=16554\">La diplomatie des comuneros : des rebelles contre un roi absent (1520-1522)<\/a>&nbsp;\u00bb\r\n\t\r\n<\/ul>\r\n\t<\/font>\r\n\t<\/div><div style=\"line-height: 120%\">\r\n\t<font size=\"-1\"> \r\n\t<ul>\r\n16 juin 2026 |\r\n\t<strong>\r\n\t\r\n\t\t\r\n\tMarcos Vinicius Marinho Fernandes |\r\n\t\t\r\n\t\r\n\t\r\n\t<\/strong> \u00ab&nbsp;<a href=\"https:\/\/telemme.mmsh.fr\/?post_type=intervention_externe&#038;p=16845\">Comparing Royal Matrimonial Diplomatic Strategies between Portugal, Spain, France, and the Habsburgs, 1490-1519 <\/a>&nbsp;\u00bb\r\n\t\r\n<\/ul>\r\n\t<\/font>\r\n\t<\/div><\/div><\/div><\/div><\/div>\n\n\n<div class=\"wp-block-buttons is-horizontal is-content-justification-right is-layout-flex wp-container-core-buttons-is-layout-ae2fe186 wp-block-buttons-is-layout-flex\">\n<div class=\"wp-block-button is-style-secondary\"><a class=\"wp-block-button__link wp-element-button\" href=\"https:\/\/telemme.mmsh.fr\/?page_id=6021\">TOUTES LES INTERVENTIONS EXTERNES \u2794<\/a><\/div>\n<\/div>\n\n\n\n<p><\/p>\n<\/div><\/div>\n\n\n\n<div class=\"wp-block-buttons is-horizontal is-content-justification-right is-layout-flex wp-container-core-buttons-is-layout-ae2fe186 wp-block-buttons-is-layout-flex\"><\/div>\n\n\n\n<div class=\"wp-block-buttons is-horizontal is-content-justification-right is-layout-flex wp-container-core-buttons-is-layout-ae2fe186 wp-block-buttons-is-layout-flex\"><\/div>\n<\/div>\n<\/div>\n\n\n\n<hr class=\"wp-block-separator has-text-color has-neve-link-color-color has-css-opacity has-neve-link-color-background-color has-background is-style-wide\"\/>\n\n\n\n<div class=\"wp-block-columns is-layout-flex wp-container-core-columns-is-layout-9d6595d7 wp-block-columns-is-layout-flex\">\n<div class=\"wp-block-column is-layout-flow wp-block-column-is-layout-flow\"><div id=\"pl-gb8797-69f1be03f25cd\"  class=\"panel-layout wp-block-siteorigin-panels-layout-block\" ><div id=\"pg-gb8797-69f1be03f25cd-0\"  class=\"panel-grid panel-no-style\" ><div id=\"pgc-gb8797-69f1be03f25cd-0-0\"  class=\"panel-grid-cell\" ><div id=\"panel-gb8797-69f1be03f25cd-0-0-0\" class=\"so-panel widget widget_sow-headline panel-first-child\" data-index=\"0\" ><div\n\t\t\t\n\t\t\tclass=\"so-widget-sow-headline so-widget-sow-headline-default-eb58c90b4a68-8797\"\n\t\t\t\n\t\t><div class=\"sow-headline-container \">\n\t\t\t\t\t\t\t<h2 class=\"sow-headline\">\n\t\t\t\t\t\tRevues\t\t\t\t\t\t<\/h2>\n\t\t\t\t\t\t\t\t\t\t\t<div class=\"decoration\">\n\t\t\t\t\t\t<div class=\"decoration-inside\"><\/div>\n\t\t\t\t\t<\/div>\n\t\t\t\t\t<\/div>\n<\/div><\/div><div id=\"panel-gb8797-69f1be03f25cd-0-0-1\" class=\"so-panel widget widget_sow-accordion panel-last-child\" data-index=\"1\" ><div\n\t\t\t\n\t\t\tclass=\"so-widget-sow-accordion so-widget-sow-accordion-default-a060b014ddc0-8797\"\n\t\t\t\n\t\t><div>\n\t<div class=\"sow-accordion\">\n\t\t\t<div class=\"sow-accordion-panel\n\t\t\t\t\t\"\n\t\t\t\tdata-anchor-id=\"rives-mediterraneennes\">\n\t\t\t\t\t<div class=\"sow-accordion-panel-header-container\" role=\"heading\" aria-level=\"2\">\n\t\t\t\t\t<div class=\"sow-accordion-panel-header\" tabindex=\"0\" role=\"button\" id=\"accordion-label-rives-m%c3%a9diterran%c3%a9ennes\" aria-controls=\"accordion-content-rives-m%c3%a9diterran%c3%a9ennes\" aria-expanded=\"false\">\n\t\t\t\t\t\t<div class=\"sow-accordion-title sow-accordion-title-icon-left\">\n\t\t\t\t\t\t\t\t\t\t\t\t\t\t<strong>Rives m\u00e9diterran\u00e9ennes<\/strong>\t\t\t\t\t\t\t\t\t\t\t\t\t<\/div>\n\t\t\t\t\t\t<div class=\"sow-accordion-open-close-button\">\n\t\t\t\t\t\t\t<div class=\"sow-accordion-open-button\">\n\t\t\t\t\t\t\t\t<span class=\"sow-icon-ionicons\" data-sow-icon=\"&#xf218;\"\n\t\t \n\t\taria-hidden=\"true\"><\/span>\t\t\t\t\t\t\t<\/div>\n\t\t\t\t\t\t\t<div class=\"sow-accordion-close-button\">\n\t\t\t\t\t\t\t\t<span class=\"sow-icon-ionicons\" data-sow-icon=\"&#xf209;\"\n\t\t \n\t\taria-hidden=\"true\"><\/span>\t\t\t\t\t\t\t<\/div>\n\t\t\t\t\t\t<\/div>\n\t\t\t\t\t<\/div>\n\t\t\t\t<\/div>\n\n\t\t\t<div\n\t\t\t\tclass=\"sow-accordion-panel-content\"\n\t\t\t\trole=\"region\"\n\t\t\t\taria-labelledby=\"accordion-label-rives-m%c3%a9diterran%c3%a9ennes\"\n\t\t\t\tid=\"accordion-content-rives-m%c3%a9diterran%c3%a9ennes\"\n\t\t\t\tstyle=\"display: none;\"\t\t\t>\n\t\t\t\t<div class=\"sow-accordion-panel-border\">\n\t\t\t\t\t<p><em>Rives m\u00e9diterran\u00e9ennes\u00a0<\/em>ouvre sa ligne \u00e9ditoriale \u00e0 des dossiers th\u00e9matiques propos\u00e9s par un.e ou deux chercheur.e.s qui en assurent la coordination. La revue est plus particuli\u00e8rement tourn\u00e9e vers la connaissance historique et g\u00e9ographique du monde m\u00e9diterran\u00e9en. Elle entend encourager le lancement de projets scientifiques nouveaux sur des th\u00e9matiques originales et transversales \u00e0 son aire de sp\u00e9cialisation. La revue d\u00e9finit la M\u00e9diterran\u00e9e comme une aire g\u00e9ographique, une projection de la M\u00e9diterran\u00e9e ailleurs et l\u2019ailleurs en M\u00e9diterran\u00e9e, et l\u2019envisage dans une vision comparatiste.\u00a0<a href=\"https:\/\/journals.openedition.org\/rives\/445\" target=\"_blank\" rel=\"noreferrer noopener\">En savoir plus\u2026<\/a><\/p>\n\t\t\t\t<\/div>\n\t\t\t<\/div>\n\t\t<\/div>\n\t\t\t<div class=\"sow-accordion-panel\n\t\t\t\t\t\"\n\t\t\t\tdata-anchor-id=\"balkanologie\">\n\t\t\t\t\t<div class=\"sow-accordion-panel-header-container\" role=\"heading\" aria-level=\"2\">\n\t\t\t\t\t<div class=\"sow-accordion-panel-header\" tabindex=\"0\" role=\"button\" id=\"accordion-label-balkanologie\" aria-controls=\"accordion-content-balkanologie\" aria-expanded=\"false\">\n\t\t\t\t\t\t<div class=\"sow-accordion-title sow-accordion-title-icon-left\">\n\t\t\t\t\t\t\t\t\t\t\t\t\t\t<strong>Balkanologie<\/strong>\t\t\t\t\t\t\t\t\t\t\t\t\t<\/div>\n\t\t\t\t\t\t<div class=\"sow-accordion-open-close-button\">\n\t\t\t\t\t\t\t<div class=\"sow-accordion-open-button\">\n\t\t\t\t\t\t\t\t<span class=\"sow-icon-ionicons\" data-sow-icon=\"&#xf218;\"\n\t\t \n\t\taria-hidden=\"true\"><\/span>\t\t\t\t\t\t\t<\/div>\n\t\t\t\t\t\t\t<div class=\"sow-accordion-close-button\">\n\t\t\t\t\t\t\t\t<span class=\"sow-icon-ionicons\" data-sow-icon=\"&#xf209;\"\n\t\t \n\t\taria-hidden=\"true\"><\/span>\t\t\t\t\t\t\t<\/div>\n\t\t\t\t\t\t<\/div>\n\t\t\t\t\t<\/div>\n\t\t\t\t<\/div>\n\n\t\t\t<div\n\t\t\t\tclass=\"sow-accordion-panel-content\"\n\t\t\t\trole=\"region\"\n\t\t\t\taria-labelledby=\"accordion-label-balkanologie\"\n\t\t\t\tid=\"accordion-content-balkanologie\"\n\t\t\t\tstyle=\"display: none;\"\t\t\t>\n\t\t\t\t<div class=\"sow-accordion-panel-border\">\n\t\t\t\t\t<p>Fond\u00e9e en 1997, la revue\u00a0<em>Balkanologie\u00a0<\/em>est \u00e9dit\u00e9e par l\u2019<a href=\"https:\/\/afebalk.hypotheses.org\/\">Association fran\u00e7aise d\u2019\u00e9tudes sur les Balkans<\/a>. Elle publie deux fois par an des travaux de recherche en sciences humaines et sociales portant sur l\u2019Europe du Sud-Est, espace entendu au sens large comme s\u2019\u00e9tendant de la Hongrie \u00e0 la Turquie, depuis l\u2019\u00e9poque ottomane jusqu\u2019\u00e0 nos jours.\u00a0<a href=\"https:\/\/journals.openedition.org\/balkanologie\/307\" target=\"_blank\" rel=\"noreferrer noopener\">En savoir plus\u2026<\/a><\/p>\n\t\t\t\t<\/div>\n\t\t\t<\/div>\n\t\t<\/div>\n\t\t\t<div class=\"sow-accordion-panel\n\t\t\t\t\t\"\n\t\t\t\tdata-anchor-id=\"el-argonauta-espanol\">\n\t\t\t\t\t<div class=\"sow-accordion-panel-header-container\" role=\"heading\" aria-level=\"2\">\n\t\t\t\t\t<div class=\"sow-accordion-panel-header\" tabindex=\"0\" role=\"button\" id=\"accordion-label-el-argonauta-espa%c3%b1ol\" aria-controls=\"accordion-content-el-argonauta-espa%c3%b1ol\" aria-expanded=\"false\">\n\t\t\t\t\t\t<div class=\"sow-accordion-title sow-accordion-title-icon-left\">\n\t\t\t\t\t\t\t\t\t\t\t\t\t\t<strong>El Argonauta Espa\u00f1ol<\/strong>\t\t\t\t\t\t\t\t\t\t\t\t\t<\/div>\n\t\t\t\t\t\t<div class=\"sow-accordion-open-close-button\">\n\t\t\t\t\t\t\t<div class=\"sow-accordion-open-button\">\n\t\t\t\t\t\t\t\t<span class=\"sow-icon-ionicons\" data-sow-icon=\"&#xf218;\"\n\t\t \n\t\taria-hidden=\"true\"><\/span>\t\t\t\t\t\t\t<\/div>\n\t\t\t\t\t\t\t<div class=\"sow-accordion-close-button\">\n\t\t\t\t\t\t\t\t<span class=\"sow-icon-ionicons\" data-sow-icon=\"&#xf209;\"\n\t\t \n\t\taria-hidden=\"true\"><\/span>\t\t\t\t\t\t\t<\/div>\n\t\t\t\t\t\t<\/div>\n\t\t\t\t\t<\/div>\n\t\t\t\t<\/div>\n\n\t\t\t<div\n\t\t\t\tclass=\"sow-accordion-panel-content\"\n\t\t\t\trole=\"region\"\n\t\t\t\taria-labelledby=\"accordion-label-el-argonauta-espa%c3%b1ol\"\n\t\t\t\tid=\"accordion-content-el-argonauta-espa%c3%b1ol\"\n\t\t\t\tstyle=\"display: none;\"\t\t\t>\n\t\t\t\t<div class=\"sow-accordion-panel-border\">\n\t\t\t\t\t<p>Fond\u00e9e en 2004, dans le cadre de l\u2019UMR Telemme,\u00a0<em>El Argonauta espa\u00f1ol\u00a0<\/em>est une revue bilingue, franco-espagnole, d\u2019histoire moderne et contemporaine consacr\u00e9e \u00e0 l\u2019\u00e9tude de la presse espagnole de ses origines \u00e0 nos jours (XVII<sup>e<\/sup>-XXI<sup>e<\/sup> si\u00e8cles). La revue publie chaque ann\u00e9e un num\u00e9ro comportant deux livraisons (l\u2019une en janvier, l\u2019autre en juin). Depuis 2008, chaque num\u00e9ro comporte une livraison sur un th\u00e8me monographique et une autre de miscellan\u00e9es.\u00a0 <a href=\"https:\/\/journals.openedition.org\/argonauta\/301\" target=\"_blank\" rel=\"noreferrer noopener\">En savoir plus\u2026.<\/a><\/p>\n\t\t\t\t<\/div>\n\t\t\t<\/div>\n\t\t<\/div>\n\t\t\t<div class=\"sow-accordion-panel\n\t\t\t\t\t\"\n\t\t\t\tdata-anchor-id=\"amnis\">\n\t\t\t\t\t<div class=\"sow-accordion-panel-header-container\" role=\"heading\" aria-level=\"2\">\n\t\t\t\t\t<div class=\"sow-accordion-panel-header\" tabindex=\"0\" role=\"button\" id=\"accordion-label-amnis\" aria-controls=\"accordion-content-amnis\" aria-expanded=\"false\">\n\t\t\t\t\t\t<div class=\"sow-accordion-title sow-accordion-title-icon-left\">\n\t\t\t\t\t\t\t\t\t\t\t\t\t\t<strong>AMNIS<\/strong>\t\t\t\t\t\t\t\t\t\t\t\t\t<\/div>\n\t\t\t\t\t\t<div class=\"sow-accordion-open-close-button\">\n\t\t\t\t\t\t\t<div class=\"sow-accordion-open-button\">\n\t\t\t\t\t\t\t\t<span class=\"sow-icon-ionicons\" data-sow-icon=\"&#xf218;\"\n\t\t \n\t\taria-hidden=\"true\"><\/span>\t\t\t\t\t\t\t<\/div>\n\t\t\t\t\t\t\t<div class=\"sow-accordion-close-button\">\n\t\t\t\t\t\t\t\t<span class=\"sow-icon-ionicons\" data-sow-icon=\"&#xf209;\"\n\t\t \n\t\taria-hidden=\"true\"><\/span>\t\t\t\t\t\t\t<\/div>\n\t\t\t\t\t\t<\/div>\n\t\t\t\t\t<\/div>\n\t\t\t\t<\/div>\n\n\t\t\t<div\n\t\t\t\tclass=\"sow-accordion-panel-content\"\n\t\t\t\trole=\"region\"\n\t\t\t\taria-labelledby=\"accordion-label-amnis\"\n\t\t\t\tid=\"accordion-content-amnis\"\n\t\t\t\tstyle=\"display: none;\"\t\t\t>\n\t\t\t\t<div class=\"sow-accordion-panel-border\">\n\t\t\t\t\t<p><em>Amnis\u00a0<\/em>est une revue fran\u00e7aise \u00e0 comit\u00e9 de lecture international. Son objectif est de mettre \u00e0 la disposition des chercheurs un outil qui contribue \u00e0 une r\u00e9flexion approfondie et diversifi\u00e9e sur le pass\u00e9 r\u00e9cent, le pr\u00e9sent et l\u2019avenir des soci\u00e9t\u00e9s europ\u00e9ennes et am\u00e9ricaines (XIX<sup>e<\/sup>-XXI<sup>e<\/sup>\u00a0si\u00e8cles).\u00a0<a href=\"https:\/\/journals.openedition.org\/amnis\/377\" target=\"_blank\" rel=\"noreferrer noopener\">En savoir plus\u2026<\/a><\/p>\n\t\t\t\t<\/div>\n\t\t\t<\/div>\n\t\t<\/div>\n\t\t\t<div class=\"sow-accordion-panel\n\t\t\t\t\t\"\n\t\t\t\tdata-anchor-id=\"bulletin-dhistoire-contemporaine-de-lespagne\">\n\t\t\t\t\t<div class=\"sow-accordion-panel-header-container\" role=\"heading\" aria-level=\"2\">\n\t\t\t\t\t<div class=\"sow-accordion-panel-header\" tabindex=\"0\" role=\"button\" id=\"accordion-label-bulletin-d%e2%80%99histoire-contemporaine-de-l%e2%80%99espagne\" aria-controls=\"accordion-content-bulletin-d%e2%80%99histoire-contemporaine-de-l%e2%80%99espagne\" aria-expanded=\"false\">\n\t\t\t\t\t\t<div class=\"sow-accordion-title sow-accordion-title-icon-left\">\n\t\t\t\t\t\t\t\t\t\t\t\t\t\t<strong>Bulletin d\u2019histoire contemporaine de l\u2019Espagne<\/strong>\t\t\t\t\t\t\t\t\t\t\t\t\t<\/div>\n\t\t\t\t\t\t<div class=\"sow-accordion-open-close-button\">\n\t\t\t\t\t\t\t<div class=\"sow-accordion-open-button\">\n\t\t\t\t\t\t\t\t<span class=\"sow-icon-ionicons\" data-sow-icon=\"&#xf218;\"\n\t\t \n\t\taria-hidden=\"true\"><\/span>\t\t\t\t\t\t\t<\/div>\n\t\t\t\t\t\t\t<div class=\"sow-accordion-close-button\">\n\t\t\t\t\t\t\t\t<span class=\"sow-icon-ionicons\" data-sow-icon=\"&#xf209;\"\n\t\t \n\t\taria-hidden=\"true\"><\/span>\t\t\t\t\t\t\t<\/div>\n\t\t\t\t\t\t<\/div>\n\t\t\t\t\t<\/div>\n\t\t\t\t<\/div>\n\n\t\t\t<div\n\t\t\t\tclass=\"sow-accordion-panel-content\"\n\t\t\t\trole=\"region\"\n\t\t\t\taria-labelledby=\"accordion-label-bulletin-d%e2%80%99histoire-contemporaine-de-l%e2%80%99espagne\"\n\t\t\t\tid=\"accordion-content-bulletin-d%e2%80%99histoire-contemporaine-de-l%e2%80%99espagne\"\n\t\t\t\tstyle=\"display: none;\"\t\t\t>\n\t\t\t\t<div class=\"sow-accordion-panel-border\">\n\t\t\t\t\t<p>Le\u00a0<em>Bulletin d\u2019histoire contemporaine de l\u2019Espagne<\/em>\u00a0a pris la suite du\u00a0<em>Bulletin du D\u00e9partement de recherches hispaniques<\/em>\u00a0de l\u2019Universit\u00e9 de Pau en 1985. Les objectifs de cette publication sont\u00a0: proposer une r\u00e9flexion sur un th\u00e8me monographique ouvrant sur de nouvelles perspectives, rendre compte des recherches les plus r\u00e9centes, et fournir des informations aux chercheurs int\u00e9ress\u00e9s par le domaine hispanique.\u00a0<a href=\"https:\/\/journals.openedition.org\/bhce\/267\" target=\"_blank\" rel=\"noreferrer noopener\">En savoir plus\u2026<\/a><\/p>\n\t\t\t\t<\/div>\n\t\t\t<\/div>\n\t\t<\/div>\n\t\t\t<div class=\"sow-accordion-panel\n\t\t\t\t\t\"\n\t\t\t\tdata-anchor-id=\"histoire-medecine-et-sante\">\n\t\t\t\t\t<div class=\"sow-accordion-panel-header-container\" role=\"heading\" aria-level=\"2\">\n\t\t\t\t\t<div class=\"sow-accordion-panel-header\" tabindex=\"0\" role=\"button\" id=\"accordion-label-histoire-m%c3%a9decine-et-sant%c3%a9\" aria-controls=\"accordion-content-histoire-m%c3%a9decine-et-sant%c3%a9\" aria-expanded=\"false\">\n\t\t\t\t\t\t<div class=\"sow-accordion-title sow-accordion-title-icon-left\">\n\t\t\t\t\t\t\t\t\t\t\t\t\t\t<strong>Histoire, m\u00e9decine et sant\u00e9<\/strong>\t\t\t\t\t\t\t\t\t\t\t\t\t<\/div>\n\t\t\t\t\t\t<div class=\"sow-accordion-open-close-button\">\n\t\t\t\t\t\t\t<div class=\"sow-accordion-open-button\">\n\t\t\t\t\t\t\t\t<span class=\"sow-icon-ionicons\" data-sow-icon=\"&#xf218;\"\n\t\t \n\t\taria-hidden=\"true\"><\/span>\t\t\t\t\t\t\t<\/div>\n\t\t\t\t\t\t\t<div class=\"sow-accordion-close-button\">\n\t\t\t\t\t\t\t\t<span class=\"sow-icon-ionicons\" data-sow-icon=\"&#xf209;\"\n\t\t \n\t\taria-hidden=\"true\"><\/span>\t\t\t\t\t\t\t<\/div>\n\t\t\t\t\t\t<\/div>\n\t\t\t\t\t<\/div>\n\t\t\t\t<\/div>\n\n\t\t\t<div\n\t\t\t\tclass=\"sow-accordion-panel-content\"\n\t\t\t\trole=\"region\"\n\t\t\t\taria-labelledby=\"accordion-label-histoire-m%c3%a9decine-et-sant%c3%a9\"\n\t\t\t\tid=\"accordion-content-histoire-m%c3%a9decine-et-sant%c3%a9\"\n\t\t\t\tstyle=\"display: none;\"\t\t\t>\n\t\t\t\t<div class=\"sow-accordion-panel-border\">\n\t\t\t\t\t<p><em>Histoire, m\u00e9decine et sant\u00e9<\/em>\u00a0 est une revue semestrielle d\u2019histoire socioculturelle de la m\u00e9decine, de la sant\u00e9 et du corps cr\u00e9\u00e9e en 2012 par le laboratoire Framespa (Universit\u00e9 Toulouse Jean-Jaur\u00e8s). La revue, disponible en \u00e9dition papier et num\u00e9rique en libre acc\u00e8s (\u00e9dition par les <a href=\"https:\/\/pum.univ-tlse2.fr\/\">Presses universitaires du Midi<\/a>), publie en fran\u00e7ais, en anglais et en espagnol des contributions en histoire sociale et culturelle : histoire antique, m\u00e9di\u00e9vale, moderne et contemporaine ; toutes aires culturelles. <a href=\"https:\/\/journals.openedition.org\/hms\/1640\">En savoir plus&#8230;<\/a><\/p>\n\t\t\t\t<\/div>\n\t\t\t<\/div>\n\t\t<\/div>\n\t\t<\/div>\n<\/div>\n<\/div><\/div><\/div><\/div><\/div>\n\n\n<div class=\"wp-block-buttons is-horizontal is-content-justification-right is-layout-flex wp-container-core-buttons-is-layout-ae2fe186 wp-block-buttons-is-layout-flex\">\n<div class=\"wp-block-button is-style-secondary\"><a class=\"wp-block-button__link wp-element-button\" href=\"https:\/\/telemme.mmsh.fr\/?page_id=3726\">Les revues de TELEMMe -&gt;<\/a><\/div>\n<\/div>\n<\/div>\n\n\n\n<div class=\"wp-block-column is-layout-flow wp-block-column-is-layout-flow\"><div id=\"pl-gb8797-69f1be03f36e2\"  class=\"panel-layout wp-block-siteorigin-panels-layout-block\" ><div id=\"pg-gb8797-69f1be03f36e2-0\"  class=\"panel-grid panel-no-style\" ><div id=\"pgc-gb8797-69f1be03f36e2-0-0\"  class=\"panel-grid-cell\" ><div id=\"panel-gb8797-69f1be03f36e2-0-0-0\" class=\"so-panel widget widget_sow-headline panel-first-child\" data-index=\"0\" ><div\n\t\t\t\n\t\t\tclass=\"so-widget-sow-headline so-widget-sow-headline-default-eb58c90b4a68-8797\"\n\t\t\t\n\t\t><div class=\"sow-headline-container \">\n\t\t\t\t\t\t\t<h2 class=\"sow-headline\">\n\t\t\t\t\t\tM\u00e9diation et diffusion\t\t\t\t\t\t<\/h2>\n\t\t\t\t\t\t\t\t\t\t\t<div class=\"decoration\">\n\t\t\t\t\t\t<div class=\"decoration-inside\"><\/div>\n\t\t\t\t\t<\/div>\n\t\t\t\t\t<\/div>\n<\/div><\/div><div id=\"panel-gb8797-69f1be03f36e2-0-0-1\" class=\"so-panel widget widget_sow-accordion panel-last-child\" data-index=\"1\" ><div\n\t\t\t\n\t\t\tclass=\"so-widget-sow-accordion so-widget-sow-accordion-default-a060b014ddc0-8797\"\n\t\t\t\n\t\t><div>\n\t<div class=\"sow-accordion\">\n\t\t\t<div class=\"sow-accordion-panel\n\t\t\t\t\t\"\n\t\t\t\tdata-anchor-id=\"les-rencontres-mediterraneennes-de-telemme\">\n\t\t\t\t\t<div class=\"sow-accordion-panel-header-container\" role=\"heading\" aria-level=\"2\">\n\t\t\t\t\t<div class=\"sow-accordion-panel-header\" tabindex=\"0\" role=\"button\" id=\"accordion-label-les-rencontres-m%c3%a9diterran%c3%a9ennes-de-telemme\" aria-controls=\"accordion-content-les-rencontres-m%c3%a9diterran%c3%a9ennes-de-telemme\" aria-expanded=\"false\">\n\t\t\t\t\t\t<div class=\"sow-accordion-title sow-accordion-title-icon-left\">\n\t\t\t\t\t\t\t\t\t\t\t\t\t\t<strong>Les Rencontres m\u00e9diterran\u00e9ennes de TELEMMe<\/strong>\t\t\t\t\t\t\t\t\t\t\t\t\t<\/div>\n\t\t\t\t\t\t<div class=\"sow-accordion-open-close-button\">\n\t\t\t\t\t\t\t<div class=\"sow-accordion-open-button\">\n\t\t\t\t\t\t\t\t<span class=\"sow-icon-ionicons\" data-sow-icon=\"&#xf218;\"\n\t\t \n\t\taria-hidden=\"true\"><\/span>\t\t\t\t\t\t\t<\/div>\n\t\t\t\t\t\t\t<div class=\"sow-accordion-close-button\">\n\t\t\t\t\t\t\t\t<span class=\"sow-icon-ionicons\" data-sow-icon=\"&#xf209;\"\n\t\t \n\t\taria-hidden=\"true\"><\/span>\t\t\t\t\t\t\t<\/div>\n\t\t\t\t\t\t<\/div>\n\t\t\t\t\t<\/div>\n\t\t\t\t<\/div>\n\n\t\t\t<div\n\t\t\t\tclass=\"sow-accordion-panel-content\"\n\t\t\t\trole=\"region\"\n\t\t\t\taria-labelledby=\"accordion-label-les-rencontres-m%c3%a9diterran%c3%a9ennes-de-telemme\"\n\t\t\t\tid=\"accordion-content-les-rencontres-m%c3%a9diterran%c3%a9ennes-de-telemme\"\n\t\t\t\tstyle=\"display: none;\"\t\t\t>\n\t\t\t\t<div class=\"sow-accordion-panel-border\">\n\t\t\t\t\t<p>Ouvertes au grand public, les <em>Rencontres m\u00e9diterran\u00e9ennes de TELEMMe<\/em> r\u00e9unissent chaque ann\u00e9e l\u2019ensemble des membres du laboratoire. Elles valorisent une th\u00e9matique commune \u00e0 diff\u00e9rentes groupes de recherche de l\u2019unit\u00e9, selon une forme et un angle pens\u00e9s pour faire dialoguer les disciplines, les objets et les terrains repr\u00e9sent\u00e9s au sein de TELEMMe. <a href=\"https:\/\/telemme.mmsh.fr\/?page_id=5748\" target=\"_blank\" rel=\"noreferrer noopener\">En savoir plus\u2026<\/a><\/p>\n\t\t\t\t<\/div>\n\t\t\t<\/div>\n\t\t<\/div>\n\t\t\t<div class=\"sow-accordion-panel\n\t\t\t\t\t\"\n\t\t\t\tdata-anchor-id=\"la-recherche-la-cite\">\n\t\t\t\t\t<div class=\"sow-accordion-panel-header-container\" role=\"heading\" aria-level=\"2\">\n\t\t\t\t\t<div class=\"sow-accordion-panel-header\" tabindex=\"0\" role=\"button\" id=\"accordion-label-la-recherche-la-cit%c3%a9\" aria-controls=\"accordion-content-la-recherche-la-cit%c3%a9\" aria-expanded=\"false\">\n\t\t\t\t\t\t<div class=\"sow-accordion-title sow-accordion-title-icon-left\">\n\t\t\t\t\t\t\t\t\t\t\t\t\t\t<strong>La Recherche &amp; la Cit\u00e9<\/strong>\t\t\t\t\t\t\t\t\t\t\t\t\t<\/div>\n\t\t\t\t\t\t<div class=\"sow-accordion-open-close-button\">\n\t\t\t\t\t\t\t<div class=\"sow-accordion-open-button\">\n\t\t\t\t\t\t\t\t<span class=\"sow-icon-ionicons\" data-sow-icon=\"&#xf218;\"\n\t\t \n\t\taria-hidden=\"true\"><\/span>\t\t\t\t\t\t\t<\/div>\n\t\t\t\t\t\t\t<div class=\"sow-accordion-close-button\">\n\t\t\t\t\t\t\t\t<span class=\"sow-icon-ionicons\" data-sow-icon=\"&#xf209;\"\n\t\t \n\t\taria-hidden=\"true\"><\/span>\t\t\t\t\t\t\t<\/div>\n\t\t\t\t\t\t<\/div>\n\t\t\t\t\t<\/div>\n\t\t\t\t<\/div>\n\n\t\t\t<div\n\t\t\t\tclass=\"sow-accordion-panel-content\"\n\t\t\t\trole=\"region\"\n\t\t\t\taria-labelledby=\"accordion-label-la-recherche-la-cit%c3%a9\"\n\t\t\t\tid=\"accordion-content-la-recherche-la-cit%c3%a9\"\n\t\t\t\tstyle=\"display: none;\"\t\t\t>\n\t\t\t\t<div class=\"sow-accordion-panel-border\">\n\t\t\t\t\t<p>La <em>Recherche &amp; la Cit\u00e9 <\/em>a pour objectif de d\u00e9cloisonner la recherche en valorisant les travaux de TELEMMe dans leur originalit\u00e9, hors les murs. Ce dispositif permet d\u2019\u00e9changer avec un large public et avec nos partenaires r\u00e9gionaux, et de croiser les points de vue sur des enjeux de soci\u00e9t\u00e9. Les th\u00e8mes pr\u00e9sent\u00e9s sous ce label montrent la vari\u00e9t\u00e9 des recherches r\u00e9alis\u00e9es au sein du laboratoire. <a href=\"https:\/\/telemme.mmsh.fr\/?page_id=5731\" target=\"_blank\" rel=\"noreferrer noopener\">En savoir plus\u2026<\/a><\/p>\n\t\t\t\t<\/div>\n\t\t\t<\/div>\n\t\t<\/div>\n\t\t\t<div class=\"sow-accordion-panel\n\t\t\t\t\t\"\n\t\t\t\tdata-anchor-id=\"journees-rectorat\">\n\t\t\t\t\t<div class=\"sow-accordion-panel-header-container\" role=\"heading\" aria-level=\"2\">\n\t\t\t\t\t<div class=\"sow-accordion-panel-header\" tabindex=\"0\" role=\"button\" id=\"accordion-label-journ%c3%a9es-rectorat\" aria-controls=\"accordion-content-journ%c3%a9es-rectorat\" aria-expanded=\"false\">\n\t\t\t\t\t\t<div class=\"sow-accordion-title sow-accordion-title-icon-left\">\n\t\t\t\t\t\t\t\t\t\t\t\t\t\t<strong>Journ\u00e9es Rectorat<\/strong>\t\t\t\t\t\t\t\t\t\t\t\t\t<\/div>\n\t\t\t\t\t\t<div class=\"sow-accordion-open-close-button\">\n\t\t\t\t\t\t\t<div class=\"sow-accordion-open-button\">\n\t\t\t\t\t\t\t\t<span class=\"sow-icon-ionicons\" data-sow-icon=\"&#xf218;\"\n\t\t \n\t\taria-hidden=\"true\"><\/span>\t\t\t\t\t\t\t<\/div>\n\t\t\t\t\t\t\t<div class=\"sow-accordion-close-button\">\n\t\t\t\t\t\t\t\t<span class=\"sow-icon-ionicons\" data-sow-icon=\"&#xf209;\"\n\t\t \n\t\taria-hidden=\"true\"><\/span>\t\t\t\t\t\t\t<\/div>\n\t\t\t\t\t\t<\/div>\n\t\t\t\t\t<\/div>\n\t\t\t\t<\/div>\n\n\t\t\t<div\n\t\t\t\tclass=\"sow-accordion-panel-content\"\n\t\t\t\trole=\"region\"\n\t\t\t\taria-labelledby=\"accordion-label-journ%c3%a9es-rectorat\"\n\t\t\t\tid=\"accordion-content-journ%c3%a9es-rectorat\"\n\t\t\t\tstyle=\"display: none;\"\t\t\t>\n\t\t\t\t<div class=\"sow-accordion-panel-border\">\n\t\t\t\t\t<p>Les journ\u00e9es Rectorat sont organis\u00e9es par TELEMMe en partenariat avec le Rectorat de l\u2019<a href=\"https:\/\/www.ac-aix-marseille.fr\/\">Acad\u00e9mie Aix-Marseille<\/a>. Elles permettent de pr\u00e9senter l\u2019actualit\u00e9 des recherches de TELEMMe aux enseignants et enseignantes du secondaire, autour de sujets r\u00e9sonnant avec les programmes de coll\u00e8ges et lyc\u00e9es. <a href=\"https:\/\/telemme.mmsh.fr\/?page_id=5762\" target=\"_blank\" rel=\"noreferrer noopener\">En savoir plus\u2026.<\/a><\/p>\n\t\t\t\t<\/div>\n\t\t\t<\/div>\n\t\t<\/div>\n\t\t\t<div class=\"sow-accordion-panel\n\t\t\t\t\t\"\n\t\t\t\tdata-anchor-id=\"expositions\">\n\t\t\t\t\t<div class=\"sow-accordion-panel-header-container\" role=\"heading\" aria-level=\"2\">\n\t\t\t\t\t<div class=\"sow-accordion-panel-header\" tabindex=\"0\" role=\"button\" id=\"accordion-label-expositions\" aria-controls=\"accordion-content-expositions\" aria-expanded=\"false\">\n\t\t\t\t\t\t<div class=\"sow-accordion-title sow-accordion-title-icon-left\">\n\t\t\t\t\t\t\t\t\t\t\t\t\t\t<strong>Expositions<\/strong>\t\t\t\t\t\t\t\t\t\t\t\t\t<\/div>\n\t\t\t\t\t\t<div class=\"sow-accordion-open-close-button\">\n\t\t\t\t\t\t\t<div class=\"sow-accordion-open-button\">\n\t\t\t\t\t\t\t\t<span class=\"sow-icon-ionicons\" data-sow-icon=\"&#xf218;\"\n\t\t \n\t\taria-hidden=\"true\"><\/span>\t\t\t\t\t\t\t<\/div>\n\t\t\t\t\t\t\t<div class=\"sow-accordion-close-button\">\n\t\t\t\t\t\t\t\t<span class=\"sow-icon-ionicons\" data-sow-icon=\"&#xf209;\"\n\t\t \n\t\taria-hidden=\"true\"><\/span>\t\t\t\t\t\t\t<\/div>\n\t\t\t\t\t\t<\/div>\n\t\t\t\t\t<\/div>\n\t\t\t\t<\/div>\n\n\t\t\t<div\n\t\t\t\tclass=\"sow-accordion-panel-content\"\n\t\t\t\trole=\"region\"\n\t\t\t\taria-labelledby=\"accordion-label-expositions\"\n\t\t\t\tid=\"accordion-content-expositions\"\n\t\t\t\tstyle=\"display: none;\"\t\t\t>\n\t\t\t\t<div class=\"sow-accordion-panel-border\">\n\t\t\t\t\t<p>Les membres de TELEMMe participent r\u00e9guli\u00e8rement \u00e0 la conception d\u2019expositions avec nos partenaires culturels. <a href=\"https:\/\/telemme.mmsh.fr\/?page_id=5776\" target=\"_blank\" rel=\"noreferrer noopener\">En savoir plus\u2026<\/a><\/p>\n\t\t\t\t<\/div>\n\t\t\t<\/div>\n\t\t<\/div>\n\t\t\t<div class=\"sow-accordion-panel\n\t\t\t\t\t\"\n\t\t\t\tdata-anchor-id=\"webdocumentaires\">\n\t\t\t\t\t<div class=\"sow-accordion-panel-header-container\" role=\"heading\" aria-level=\"2\">\n\t\t\t\t\t<div class=\"sow-accordion-panel-header\" tabindex=\"0\" role=\"button\" id=\"accordion-label-webdocumentaires\" aria-controls=\"accordion-content-webdocumentaires\" aria-expanded=\"false\">\n\t\t\t\t\t\t<div class=\"sow-accordion-title sow-accordion-title-icon-left\">\n\t\t\t\t\t\t\t\t\t\t\t\t\t\t<strong>Webdocumentaires<\/strong>\t\t\t\t\t\t\t\t\t\t\t\t\t<\/div>\n\t\t\t\t\t\t<div class=\"sow-accordion-open-close-button\">\n\t\t\t\t\t\t\t<div class=\"sow-accordion-open-button\">\n\t\t\t\t\t\t\t\t<span class=\"sow-icon-ionicons\" data-sow-icon=\"&#xf218;\"\n\t\t \n\t\taria-hidden=\"true\"><\/span>\t\t\t\t\t\t\t<\/div>\n\t\t\t\t\t\t\t<div class=\"sow-accordion-close-button\">\n\t\t\t\t\t\t\t\t<span class=\"sow-icon-ionicons\" data-sow-icon=\"&#xf209;\"\n\t\t \n\t\taria-hidden=\"true\"><\/span>\t\t\t\t\t\t\t<\/div>\n\t\t\t\t\t\t<\/div>\n\t\t\t\t\t<\/div>\n\t\t\t\t<\/div>\n\n\t\t\t<div\n\t\t\t\tclass=\"sow-accordion-panel-content\"\n\t\t\t\trole=\"region\"\n\t\t\t\taria-labelledby=\"accordion-label-webdocumentaires\"\n\t\t\t\tid=\"accordion-content-webdocumentaires\"\n\t\t\t\tstyle=\"display: none;\"\t\t\t>\n\t\t\t\t<div class=\"sow-accordion-panel-border\">\n\t\t\t\t\t<p>Exp\u00e9rimenter de nouvelles formes d\u2019\u00e9critures autour des recherches de TELEMMe avec les acteurs et actrices, des cin\u00e9astes, des concepteurs web, des documentalistes et archivistes. <a href=\"https:\/\/telemme.mmsh.fr\/?page_id=8569\" target=\"_blank\" rel=\"noreferrer noopener\">En savoir plus\u2026<\/a><\/p>\n\t\t\t\t<\/div>\n\t\t\t<\/div>\n\t\t<\/div>\n\t\t\t<div class=\"sow-accordion-panel\n\t\t\t\t\t\"\n\t\t\t\tdata-anchor-id=\"films\">\n\t\t\t\t\t<div class=\"sow-accordion-panel-header-container\" role=\"heading\" aria-level=\"2\">\n\t\t\t\t\t<div class=\"sow-accordion-panel-header\" tabindex=\"0\" role=\"button\" id=\"accordion-label-films\" aria-controls=\"accordion-content-films\" aria-expanded=\"false\">\n\t\t\t\t\t\t<div class=\"sow-accordion-title sow-accordion-title-icon-left\">\n\t\t\t\t\t\t\t\t\t\t\t\t\t\t<strong>Films<\/strong>\t\t\t\t\t\t\t\t\t\t\t\t\t<\/div>\n\t\t\t\t\t\t<div class=\"sow-accordion-open-close-button\">\n\t\t\t\t\t\t\t<div class=\"sow-accordion-open-button\">\n\t\t\t\t\t\t\t\t<span class=\"sow-icon-ionicons\" data-sow-icon=\"&#xf218;\"\n\t\t \n\t\taria-hidden=\"true\"><\/span>\t\t\t\t\t\t\t<\/div>\n\t\t\t\t\t\t\t<div class=\"sow-accordion-close-button\">\n\t\t\t\t\t\t\t\t<span class=\"sow-icon-ionicons\" data-sow-icon=\"&#xf209;\"\n\t\t \n\t\taria-hidden=\"true\"><\/span>\t\t\t\t\t\t\t<\/div>\n\t\t\t\t\t\t<\/div>\n\t\t\t\t\t<\/div>\n\t\t\t\t<\/div>\n\n\t\t\t<div\n\t\t\t\tclass=\"sow-accordion-panel-content\"\n\t\t\t\trole=\"region\"\n\t\t\t\taria-labelledby=\"accordion-label-films\"\n\t\t\t\tid=\"accordion-content-films\"\n\t\t\t\tstyle=\"display: none;\"\t\t\t>\n\t\t\t\t<div class=\"sow-accordion-panel-border\">\n\t\t\t\t\t<p>TELEMMe promeut la diffusion des recherches de ses membres gr\u00e2ce \u00e0 la r\u00e9alisation de films s&rsquo;adressant \u00e0 un large public. <a href=\"https:\/\/telemme.mmsh.fr\/?page_id=7241\">En savoir plus&#8230;<\/a><\/p>\n\t\t\t\t<\/div>\n\t\t\t<\/div>\n\t\t<\/div>\n\t\t<\/div>\n<\/div>\n<\/div><\/div><\/div><\/div><\/div><\/div>\n\n\n\n<div class=\"wp-block-column is-layout-flow wp-block-column-is-layout-flow\"><div id=\"pl-gb8797-69f1be03f3c1f\"  class=\"panel-layout wp-block-siteorigin-panels-layout-block\" ><div id=\"pg-gb8797-69f1be03f3c1f-0\"  class=\"panel-grid panel-no-style\" ><div id=\"pgc-gb8797-69f1be03f3c1f-0-0\"  class=\"panel-grid-cell\" ><div id=\"panel-gb8797-69f1be03f3c1f-0-0-0\" class=\"so-panel widget widget_sow-headline panel-first-child\" data-index=\"0\" ><div\n\t\t\t\n\t\t\tclass=\"so-widget-sow-headline so-widget-sow-headline-default-eafff46c4538-8797\"\n\t\t\t\n\t\t><div class=\"sow-headline-container \">\n\t\t\t\t\t\t\t<h2 class=\"sow-headline\">\n\t\t\t\t\t\tDans les m\u00e9dias\t\t\t\t\t\t<\/h2>\n\t\t\t\t\t\t\t\t\t\t\t<div class=\"decoration\">\n\t\t\t\t\t\t<div class=\"decoration-inside\"><\/div>\n\t\t\t\t\t<\/div>\n\t\t\t\t\t<\/div>\n<\/div><\/div><div id=\"panel-gb8797-69f1be03f3c1f-0-0-1\" class=\"so-panel widget widget_sow-accordion panel-last-child\" data-index=\"1\" ><div\n\t\t\t\n\t\t\tclass=\"so-widget-sow-accordion so-widget-sow-accordion-default-4272c4e4b3d1-8797\"\n\t\t\t\n\t\t><div>\n\t<div class=\"sow-accordion\">\n\t\t\t<div class=\"sow-accordion-panel\n\t\t\t\t\t\"\n\t\t\t\tdata-anchor-id=\"anne-montenach-a-la-radio-television-suisse\">\n\t\t\t\t\t<div class=\"sow-accordion-panel-header-container\" role=\"heading\" aria-level=\"2\">\n\t\t\t\t\t<div class=\"sow-accordion-panel-header\" tabindex=\"0\" role=\"button\" id=\"accordion-label-anne-montenach-%c3%a0-la-radio-t%c3%a9l%c3%a9vision-suisse\" aria-controls=\"accordion-content-anne-montenach-%c3%a0-la-radio-t%c3%a9l%c3%a9vision-suisse\" aria-expanded=\"false\">\n\t\t\t\t\t\t<div class=\"sow-accordion-title sow-accordion-title-icon-left\">\n\t\t\t\t\t\t\t\t\t\t\t\t\t\t<strong>Anne Montenach \u00e0 la Radio t\u00e9l\u00e9vision suisse<\/strong>\t\t\t\t\t\t\t\t\t\t\t\t\t<\/div>\n\t\t\t\t\t\t<div class=\"sow-accordion-open-close-button\">\n\t\t\t\t\t\t\t<div class=\"sow-accordion-open-button\">\n\t\t\t\t\t\t\t\t<span class=\"sow-icon-ionicons\" data-sow-icon=\"&#xf218;\"\n\t\t \n\t\taria-hidden=\"true\"><\/span>\t\t\t\t\t\t\t<\/div>\n\t\t\t\t\t\t\t<div class=\"sow-accordion-close-button\">\n\t\t\t\t\t\t\t\t<span class=\"sow-icon-ionicons\" data-sow-icon=\"&#xf209;\"\n\t\t \n\t\taria-hidden=\"true\"><\/span>\t\t\t\t\t\t\t<\/div>\n\t\t\t\t\t\t<\/div>\n\t\t\t\t\t<\/div>\n\t\t\t\t<\/div>\n\n\t\t\t<div\n\t\t\t\tclass=\"sow-accordion-panel-content\"\n\t\t\t\trole=\"region\"\n\t\t\t\taria-labelledby=\"accordion-label-anne-montenach-%c3%a0-la-radio-t%c3%a9l%c3%a9vision-suisse\"\n\t\t\t\tid=\"accordion-content-anne-montenach-%c3%a0-la-radio-t%c3%a9l%c3%a9vision-suisse\"\n\t\t\t\tstyle=\"display: none;\"\t\t\t>\n\t\t\t\t<div class=\"sow-accordion-panel-border\">\n\t\t\t\t\t<p>Au XVIIIe si\u00e8cle, les \u00ab\u00a0indiennes\u00a0\u00bb, ces tissus imprim\u00e9s prohib\u00e9s en France mais tr\u00e8s pris\u00e9s, font l&rsquo;objet d&rsquo;un trafic intense entre la Suisse, la France et l&rsquo;Italie. La Suisse devient la plaque tournante de ce commerce illicite o\u00f9 les femmes jouent un r\u00f4le crucial mais m\u00e9connu. (&#8230;)<\/p>\n<p>Pour \u00e9couter l&rsquo;\u00e9mission <a href=\"https:\/\/www.rts.ch\/audio-podcast\/2025\/audio\/la-contrebande-5-5-indiennes-et-contrebandieres-28991739.html\"><strong>en ligne<\/strong><\/a><\/p>\n\t\t\t\t<\/div>\n\t\t\t<\/div>\n\t\t<\/div>\n\t\t\t<div class=\"sow-accordion-panel\n\t\t\t\t\t\"\n\t\t\t\tdata-anchor-id=\"alexandre-grondeau-dans-les-medias\">\n\t\t\t\t\t<div class=\"sow-accordion-panel-header-container\" role=\"heading\" aria-level=\"2\">\n\t\t\t\t\t<div class=\"sow-accordion-panel-header\" tabindex=\"0\" role=\"button\" id=\"accordion-label-alexandre-grondeau-dans-les-m%c3%a9dias\" aria-controls=\"accordion-content-alexandre-grondeau-dans-les-m%c3%a9dias\" aria-expanded=\"false\">\n\t\t\t\t\t\t<div class=\"sow-accordion-title sow-accordion-title-icon-left\">\n\t\t\t\t\t\t\t\t\t\t\t\t\t\t<strong>Alexandre Grondeau dans les m\u00e9dias<\/strong>\t\t\t\t\t\t\t\t\t\t\t\t\t<\/div>\n\t\t\t\t\t\t<div class=\"sow-accordion-open-close-button\">\n\t\t\t\t\t\t\t<div class=\"sow-accordion-open-button\">\n\t\t\t\t\t\t\t\t<span class=\"sow-icon-ionicons\" data-sow-icon=\"&#xf218;\"\n\t\t \n\t\taria-hidden=\"true\"><\/span>\t\t\t\t\t\t\t<\/div>\n\t\t\t\t\t\t\t<div class=\"sow-accordion-close-button\">\n\t\t\t\t\t\t\t\t<span class=\"sow-icon-ionicons\" data-sow-icon=\"&#xf209;\"\n\t\t \n\t\taria-hidden=\"true\"><\/span>\t\t\t\t\t\t\t<\/div>\n\t\t\t\t\t\t<\/div>\n\t\t\t\t\t<\/div>\n\t\t\t\t<\/div>\n\n\t\t\t<div\n\t\t\t\tclass=\"sow-accordion-panel-content\"\n\t\t\t\trole=\"region\"\n\t\t\t\taria-labelledby=\"accordion-label-alexandre-grondeau-dans-les-m%c3%a9dias\"\n\t\t\t\tid=\"accordion-content-alexandre-grondeau-dans-les-m%c3%a9dias\"\n\t\t\t\tstyle=\"display: none;\"\t\t\t>\n\t\t\t\t<div class=\"sow-accordion-panel-border\">\n\t\t\t\t\t<p>Alexandre Grondeau a particip\u00e9 cet \u00e9t\u00e9 \u00e0 deux \u00e9missions radiophoniques, <em>Questions du soir<\/em> sur France culture autour de la question \u00ab\u00a0<a href=\"https:\/\/www.radiofrance.fr\/franceculture\/podcasts\/questions-du-soir-d-ete\/ou-va-la-fete-2723650\">O\u00f9 va la f\u00eate ?<\/a>\u00ab\u00a0, et le <em>17\/20<\/em> de France info \u00e0 propos des <a href=\"https:\/\/www.facebook.com\/watch\/?v=1248760920331222\">Free parties<\/a>. Il a \u00e9galement publi\u00e9 <a href=\"https:\/\/www.lemonde.fr\/series-d-ete\/article\/2025\/08\/08\/pour-les-jeunes-amateurs-de-free-party-paris-est-un-terrain-de-jeu-en-mouvement_6627363_3451060.html\">un article sur ce m\u00eame sujet<\/a> dans <span class=\"x193iq5w xeuugli x13faqbe x1vvkbs x1xmvt09 x1lliihq x1s928wv xhkezso x1gmr53x x1cpjm7i x1fgarty x1943h6x xudqn12 x3x7a5m x6prxxf xvq8zen xo1l8bm xzsf02u x1yc453h\" dir=\"auto\"> la s\u00e9rie \u00ab\u00a0Le sens de la f\u00eate\u00a0\u00bb du <em>Monde<\/em>.<\/span><\/p>\n\t\t\t\t<\/div>\n\t\t\t<\/div>\n\t\t<\/div>\n\t\t\t<div class=\"sow-accordion-panel\n\t\t\t\t\t\"\n\t\t\t\tdata-anchor-id=\"jeremie-foa-dans-28-minutes-sur-arte\">\n\t\t\t\t\t<div class=\"sow-accordion-panel-header-container\" role=\"heading\" aria-level=\"2\">\n\t\t\t\t\t<div class=\"sow-accordion-panel-header\" tabindex=\"0\" role=\"button\" id=\"accordion-label-j%c3%a9r%c3%a9mie-foa-dans-28-minutes-sur-arte\" aria-controls=\"accordion-content-j%c3%a9r%c3%a9mie-foa-dans-28-minutes-sur-arte\" aria-expanded=\"false\">\n\t\t\t\t\t\t<div class=\"sow-accordion-title sow-accordion-title-icon-left\">\n\t\t\t\t\t\t\t\t\t\t\t\t\t\t<strong>J\u00e9r\u00e9mie Foa dans 28 minutes sur Arte<\/strong>\t\t\t\t\t\t\t\t\t\t\t\t\t<\/div>\n\t\t\t\t\t\t<div class=\"sow-accordion-open-close-button\">\n\t\t\t\t\t\t\t<div class=\"sow-accordion-open-button\">\n\t\t\t\t\t\t\t\t<span class=\"sow-icon-ionicons\" data-sow-icon=\"&#xf218;\"\n\t\t \n\t\taria-hidden=\"true\"><\/span>\t\t\t\t\t\t\t<\/div>\n\t\t\t\t\t\t\t<div class=\"sow-accordion-close-button\">\n\t\t\t\t\t\t\t\t<span class=\"sow-icon-ionicons\" data-sow-icon=\"&#xf209;\"\n\t\t \n\t\taria-hidden=\"true\"><\/span>\t\t\t\t\t\t\t<\/div>\n\t\t\t\t\t\t<\/div>\n\t\t\t\t\t<\/div>\n\t\t\t\t<\/div>\n\n\t\t\t<div\n\t\t\t\tclass=\"sow-accordion-panel-content\"\n\t\t\t\trole=\"region\"\n\t\t\t\taria-labelledby=\"accordion-label-j%c3%a9r%c3%a9mie-foa-dans-28-minutes-sur-arte\"\n\t\t\t\tid=\"accordion-content-j%c3%a9r%c3%a9mie-foa-dans-28-minutes-sur-arte\"\n\t\t\t\tstyle=\"display: none;\"\t\t\t>\n\t\t\t\t<div class=\"sow-accordion-panel-border\">\n\t\t\t\t\t<p>Dans \u201cSurvivre\u201d, paru au Seuil, J\u00e9r\u00e9mie Foa nous immerge au 16e si\u00e8cle, dans le quotidien des guerres de religion. Cet historien \u00e0 l&rsquo;Universit\u00e9 d&rsquo;Aix-Marseille bouleverse notre perception de ces conflits en adoptant une approche de \u201cmicrohistoire\u201d, qui met l\u2019accent sur les v\u00e9cus individuels. Un ouvrage qui fait \u00e9cho \u00e0 notre p\u00e9riode contemporaine et \u00e0 ses r\u00e9alit\u00e9s. (&#8230;)<\/p>\n<p>Regardez l&rsquo;\u00e9mission<a href=\"https:\/\/www.arte.tv\/fr\/videos\/128199-001-A\/guerres-de-religion-petit-manuel-de-survie\/\"> en ligne<\/a><\/p>\n\t\t\t\t<\/div>\n\t\t\t<\/div>\n\t\t<\/div>\n\t\t\t<div class=\"sow-accordion-panel\n\t\t\t\t\t\"\n\t\t\t\tdata-anchor-id=\"hugo-vermeren-dans-lemission-le-cours-de-lhistoire-sur-france-culture\">\n\t\t\t\t\t<div class=\"sow-accordion-panel-header-container\" role=\"heading\" aria-level=\"2\">\n\t\t\t\t\t<div class=\"sow-accordion-panel-header\" tabindex=\"0\" role=\"button\" id=\"accordion-label-hugo-vermeren-dans-l%c3%a9mission-le-cours-de-lhistoire-sur-france-culture\" aria-controls=\"accordion-content-hugo-vermeren-dans-l%c3%a9mission-le-cours-de-lhistoire-sur-france-culture\" aria-expanded=\"false\">\n\t\t\t\t\t\t<div class=\"sow-accordion-title sow-accordion-title-icon-left\">\n\t\t\t\t\t\t\t\t\t\t\t\t\t\t<strong>Hugo Vermeren dans l&rsquo;\u00e9mission \u00ab\u00a0Le cours de l&rsquo;histoire\u00a0\u00bb sur France Culture<\/strong>\t\t\t\t\t\t\t\t\t\t\t\t\t<\/div>\n\t\t\t\t\t\t<div class=\"sow-accordion-open-close-button\">\n\t\t\t\t\t\t\t<div class=\"sow-accordion-open-button\">\n\t\t\t\t\t\t\t\t<span class=\"sow-icon-ionicons\" data-sow-icon=\"&#xf218;\"\n\t\t \n\t\taria-hidden=\"true\"><\/span>\t\t\t\t\t\t\t<\/div>\n\t\t\t\t\t\t\t<div class=\"sow-accordion-close-button\">\n\t\t\t\t\t\t\t\t<span class=\"sow-icon-ionicons\" data-sow-icon=\"&#xf209;\"\n\t\t \n\t\taria-hidden=\"true\"><\/span>\t\t\t\t\t\t\t<\/div>\n\t\t\t\t\t\t<\/div>\n\t\t\t\t\t<\/div>\n\t\t\t\t<\/div>\n\n\t\t\t<div\n\t\t\t\tclass=\"sow-accordion-panel-content\"\n\t\t\t\trole=\"region\"\n\t\t\t\taria-labelledby=\"accordion-label-hugo-vermeren-dans-l%c3%a9mission-le-cours-de-lhistoire-sur-france-culture\"\n\t\t\t\tid=\"accordion-content-hugo-vermeren-dans-l%c3%a9mission-le-cours-de-lhistoire-sur-france-culture\"\n\t\t\t\tstyle=\"display: none;\"\t\t\t>\n\t\t\t\t<div class=\"sow-accordion-panel-border\">\n\t\t\t\t\t<p>Des c\u00f4tes normandes de Dieppe sous l&rsquo;Ancien R\u00e9gime aux r\u00e9cifs coralliens de l&rsquo;Alg\u00e9rie coloniale, qu&rsquo;est-ce que le travail de la p\u00eache et de ses acteurs, des matelots aux administrateurs, nous apprennent de l&rsquo;histoire environnementale de la mer ? (&#8230;)<\/p>\n<p>\u00c9coutez le podcast par <a href=\"https:\/\/www.radiofrance.fr\/franceculture\/podcasts\/le-cours-de-l-histoire\/sous-les-mers-l-histoire-a-la-peche-2477953\">ici<\/a>.<\/p>\n\t\t\t\t<\/div>\n\t\t\t<\/div>\n\t\t<\/div>\n\t\t\t<div class=\"sow-accordion-panel\n\t\t\t\t\t\"\n\t\t\t\tdata-anchor-id=\"aziza-gril-mariotte-dans-lemission-le-cours-de-lhistoire-sur-france-culture\">\n\t\t\t\t\t<div class=\"sow-accordion-panel-header-container\" role=\"heading\" aria-level=\"2\">\n\t\t\t\t\t<div class=\"sow-accordion-panel-header\" tabindex=\"0\" role=\"button\" id=\"accordion-label-aziza-gril-mariotte-dans-l%c3%a9mission-le-cours-de-lhistoire-sur-france-culture\" aria-controls=\"accordion-content-aziza-gril-mariotte-dans-l%c3%a9mission-le-cours-de-lhistoire-sur-france-culture\" aria-expanded=\"false\">\n\t\t\t\t\t\t<div class=\"sow-accordion-title sow-accordion-title-icon-left\">\n\t\t\t\t\t\t\t\t\t\t\t\t\t\t<strong>Aziza Gril-Mariotte dans l&rsquo;\u00e9mission \u00ab\u00a0Le cours de l&rsquo;histoire\u00a0\u00bb sur France Culture<\/strong>\t\t\t\t\t\t\t\t\t\t\t\t\t<\/div>\n\t\t\t\t\t\t<div class=\"sow-accordion-open-close-button\">\n\t\t\t\t\t\t\t<div class=\"sow-accordion-open-button\">\n\t\t\t\t\t\t\t\t<span class=\"sow-icon-ionicons\" data-sow-icon=\"&#xf218;\"\n\t\t \n\t\taria-hidden=\"true\"><\/span>\t\t\t\t\t\t\t<\/div>\n\t\t\t\t\t\t\t<div class=\"sow-accordion-close-button\">\n\t\t\t\t\t\t\t\t<span class=\"sow-icon-ionicons\" data-sow-icon=\"&#xf209;\"\n\t\t \n\t\taria-hidden=\"true\"><\/span>\t\t\t\t\t\t\t<\/div>\n\t\t\t\t\t\t<\/div>\n\t\t\t\t\t<\/div>\n\t\t\t\t<\/div>\n\n\t\t\t<div\n\t\t\t\tclass=\"sow-accordion-panel-content\"\n\t\t\t\trole=\"region\"\n\t\t\t\taria-labelledby=\"accordion-label-aziza-gril-mariotte-dans-l%c3%a9mission-le-cours-de-lhistoire-sur-france-culture\"\n\t\t\t\tid=\"accordion-content-aziza-gril-mariotte-dans-l%c3%a9mission-le-cours-de-lhistoire-sur-france-culture\"\n\t\t\t\tstyle=\"display: none;\"\t\t\t>\n\t\t\t\t<div class=\"sow-accordion-panel-border\">\n\t\t\t\t\t<p>Pris\u00e9es par les \u00e9lites, les \u00ab\u00a0indiennes\u00a0\u00bb, toiles de coton color\u00e9es import\u00e9es des Indes, sont pourtant longtemps prohib\u00e9es par le roi. C\u2019est \u00e0 partir du 18\u1d49 si\u00e8cle que les manufactures fran\u00e7aises investissent le march\u00e9 de l\u2019imprim\u00e9, qui s&rsquo;\u00e9tend des motifs v\u00e9g\u00e9taux aux sc\u00e8nes de la vie pastorale.(&#8230;)<\/p>\n<p>\u00c9coutez le podcast par <a href=\"https:\/\/www.radiofrance.fr\/franceculture\/podcasts\/le-cours-de-l-histoire\/indiennes-et-toile-de-jouy-l-histoire-file-un-bon-coton-3221987\">ici<\/a>.<\/p>\n\t\t\t\t<\/div>\n\t\t\t<\/div>\n\t\t<\/div>\n\t\t\t<div class=\"sow-accordion-panel\n\t\t\t\t\t\"\n\t\t\t\tdata-anchor-id=\"intervention-de-anne-cadoret-a-telematin\">\n\t\t\t\t\t<div class=\"sow-accordion-panel-header-container\" role=\"heading\" aria-level=\"2\">\n\t\t\t\t\t<div class=\"sow-accordion-panel-header\" tabindex=\"0\" role=\"button\" id=\"accordion-label-intervention-de-anne-cadoret-%c3%a0-t%c3%a9l%c3%a9matin\" aria-controls=\"accordion-content-intervention-de-anne-cadoret-%c3%a0-t%c3%a9l%c3%a9matin\" aria-expanded=\"false\">\n\t\t\t\t\t\t<div class=\"sow-accordion-title sow-accordion-title-icon-left\">\n\t\t\t\t\t\t\t\t\t\t\t\t\t\t<strong>Intervention de Anne Cadoret \u00e0 T\u00e9l\u00e9matin<\/strong>\t\t\t\t\t\t\t\t\t\t\t\t\t<\/div>\n\t\t\t\t\t\t<div class=\"sow-accordion-open-close-button\">\n\t\t\t\t\t\t\t<div class=\"sow-accordion-open-button\">\n\t\t\t\t\t\t\t\t<span class=\"sow-icon-ionicons\" data-sow-icon=\"&#xf218;\"\n\t\t \n\t\taria-hidden=\"true\"><\/span>\t\t\t\t\t\t\t<\/div>\n\t\t\t\t\t\t\t<div class=\"sow-accordion-close-button\">\n\t\t\t\t\t\t\t\t<span class=\"sow-icon-ionicons\" data-sow-icon=\"&#xf209;\"\n\t\t \n\t\taria-hidden=\"true\"><\/span>\t\t\t\t\t\t\t<\/div>\n\t\t\t\t\t\t<\/div>\n\t\t\t\t\t<\/div>\n\t\t\t\t<\/div>\n\n\t\t\t<div\n\t\t\t\tclass=\"sow-accordion-panel-content\"\n\t\t\t\trole=\"region\"\n\t\t\t\taria-labelledby=\"accordion-label-intervention-de-anne-cadoret-%c3%a0-t%c3%a9l%c3%a9matin\"\n\t\t\t\tid=\"accordion-content-intervention-de-anne-cadoret-%c3%a0-t%c3%a9l%c3%a9matin\"\n\t\t\t\tstyle=\"display: none;\"\t\t\t>\n\t\t\t\t<div class=\"sow-accordion-panel-border\">\n\t\t\t\t\t<p>Anne Cadoret intervient dans le 7h15 sur : \u00c9rosion &#8211; Les calanques en p\u00e9ril ? En replay par<a href=\"https:\/\/www.france.tv\/france-2\/telematin\/5935908-en-direct-de-marseille.html#section-about\"> ici. <\/a><\/p>\n\t\t\t\t<\/div>\n\t\t\t<\/div>\n\t\t<\/div>\n\t\t<\/div>\n<\/div>\n<\/div><\/div><\/div><\/div><\/div><\/div>\n<\/div>\n\n\n\n<p><\/p>\n","protected":false},"excerpt":{"rendered":"<p>TELEMMe \u2013 Temps, espaces, langages, Europe m\u00e9ridionale, M\u00e9diterran\u00e9e \u2013 est une unit\u00e9 mixte de recherche de l&rsquo;Universit\u00e9 d&rsquo;Aix-Marseille et du CNRS, compos\u00e9e d\u2019historiens (du Moyen \u00c2ge \u00e0 l\u2019\u00e9poque contemporaine en&hellip;&nbsp;<a href=\"https:\/\/telemme.mmsh.fr\/\" rel=\"bookmark\">Lire la suite &raquo;<span class=\"screen-reader-text\">Accueil<\/span><\/a><\/p>\n","protected":false},"author":6,"featured_media":0,"parent":0,"menu_order":0,"comment_status":"closed","ping_status":"closed","template":"","meta":{"neve_meta_sidebar":"full-width","neve_meta_container":"","neve_meta_enable_content_width":"on","neve_meta_content_width":90,"neve_meta_title_alignment":"","neve_meta_author_avatar":"","neve_post_elements_order":"","neve_meta_disable_header":"","neve_meta_disable_footer":"","neve_meta_disable_title":"on","footnotes":""},"class_list":["post-8797","page","type-page","status-publish","hentry"],"yoast_head":"<!-- This site is optimized with the Yoast SEO plugin v27.4 - https:\/\/yoast.com\/product\/yoast-seo-wordpress\/ -->\n<title>Accueil - TELEMMe - Temps, espaces, langages, Europe m\u00e9ridionale, M\u00e9diterran\u00e9e<\/title>\n<meta name=\"robots\" content=\"index, follow, max-snippet:-1, max-image-preview:large, max-video-preview:-1\" \/>\n<link rel=\"canonical\" href=\"https:\/\/telemme.mmsh.fr\/\" \/>\n<meta property=\"og:locale\" content=\"fr_FR\" \/>\n<meta property=\"og:type\" content=\"article\" \/>\n<meta property=\"og:title\" content=\"Accueil - TELEMMe - Temps, espaces, langages, Europe m\u00e9ridionale, M\u00e9diterran\u00e9e\" \/>\n<meta property=\"og:description\" content=\"TELEMMe \u2013 Temps, espaces, langages, Europe m\u00e9ridionale, M\u00e9diterran\u00e9e \u2013 est une unit\u00e9 mixte de recherche de l&rsquo;Universit\u00e9 d&rsquo;Aix-Marseille et du CNRS, compos\u00e9e d\u2019historiens (du Moyen \u00c2ge \u00e0 l\u2019\u00e9poque contemporaine en&hellip;&nbsp;Lire la suite &raquo;Accueil\" \/>\n<meta property=\"og:url\" content=\"https:\/\/telemme.mmsh.fr\/\" \/>\n<meta property=\"og:site_name\" content=\"TELEMMe - Temps, espaces, langages, Europe m\u00e9ridionale, M\u00e9diterran\u00e9e\" \/>\n<meta property=\"article:modified_time\" content=\"2025-09-15T09:03:47+00:00\" \/>\n<meta name=\"twitter:card\" content=\"summary_large_image\" \/>\n<meta name=\"twitter:label1\" content=\"Dur\u00e9e de lecture estim\u00e9e\" \/>\n\t<meta name=\"twitter:data1\" content=\"17 minutes\" \/>\n<script type=\"application\/ld+json\" class=\"yoast-schema-graph\">{\"@context\":\"https:\\\/\\\/schema.org\",\"@graph\":[{\"@type\":\"WebPage\",\"@id\":\"https:\\\/\\\/telemme.mmsh.fr\\\/\",\"url\":\"https:\\\/\\\/telemme.mmsh.fr\\\/\",\"name\":\"Accueil - TELEMMe - Temps, espaces, langages, Europe m\u00e9ridionale, M\u00e9diterran\u00e9e\",\"isPartOf\":{\"@id\":\"https:\\\/\\\/telemme.mmsh.fr\\\/#website\"},\"datePublished\":\"2021-07-15T13:35:52+00:00\",\"dateModified\":\"2025-09-15T09:03:47+00:00\",\"breadcrumb\":{\"@id\":\"https:\\\/\\\/telemme.mmsh.fr\\\/#breadcrumb\"},\"inLanguage\":\"fr-FR\",\"potentialAction\":[{\"@type\":\"ReadAction\",\"target\":[\"https:\\\/\\\/telemme.mmsh.fr\\\/\"]}]},{\"@type\":\"BreadcrumbList\",\"@id\":\"https:\\\/\\\/telemme.mmsh.fr\\\/#breadcrumb\",\"itemListElement\":[{\"@type\":\"ListItem\",\"position\":1,\"name\":\"Accueil\",\"item\":\"https:\\\/\\\/telemme.mmsh.fr\\\/\"},{\"@type\":\"ListItem\",\"position\":2,\"name\":\"Accueil\"}]},{\"@type\":\"WebSite\",\"@id\":\"https:\\\/\\\/telemme.mmsh.fr\\\/#website\",\"url\":\"https:\\\/\\\/telemme.mmsh.fr\\\/\",\"name\":\"TELEMMe - Temps, espaces, langages, Europe m\u00e9ridionale, M\u00e9diterran\u00e9e\",\"description\":\"\",\"publisher\":{\"@id\":\"https:\\\/\\\/telemme.mmsh.fr\\\/#organization\"},\"potentialAction\":[{\"@type\":\"SearchAction\",\"target\":{\"@type\":\"EntryPoint\",\"urlTemplate\":\"https:\\\/\\\/telemme.mmsh.fr\\\/?s={search_term_string}\"},\"query-input\":{\"@type\":\"PropertyValueSpecification\",\"valueRequired\":true,\"valueName\":\"search_term_string\"}}],\"inLanguage\":\"fr-FR\"},{\"@type\":\"Organization\",\"@id\":\"https:\\\/\\\/telemme.mmsh.fr\\\/#organization\",\"name\":\"TELEMMe\",\"url\":\"https:\\\/\\\/telemme.mmsh.fr\\\/\",\"logo\":{\"@type\":\"ImageObject\",\"inLanguage\":\"fr-FR\",\"@id\":\"https:\\\/\\\/telemme.mmsh.fr\\\/#\\\/schema\\\/logo\\\/image\\\/\",\"url\":\"https:\\\/\\\/telemme.mmsh.fr\\\/wp-content\\\/uploads\\\/2020\\\/03\\\/LogoTELEMMe-horizontal-fond-transparent.png\",\"contentUrl\":\"https:\\\/\\\/telemme.mmsh.fr\\\/wp-content\\\/uploads\\\/2020\\\/03\\\/LogoTELEMMe-horizontal-fond-transparent.png\",\"width\":1500,\"height\":437,\"caption\":\"TELEMMe\"},\"image\":{\"@id\":\"https:\\\/\\\/telemme.mmsh.fr\\\/#\\\/schema\\\/logo\\\/image\\\/\"}}]}<\/script>\n<!-- \/ Yoast SEO plugin. -->","yoast_head_json":{"title":"Accueil - TELEMMe - Temps, espaces, langages, Europe m\u00e9ridionale, M\u00e9diterran\u00e9e","robots":{"index":"index","follow":"follow","max-snippet":"max-snippet:-1","max-image-preview":"max-image-preview:large","max-video-preview":"max-video-preview:-1"},"canonical":"https:\/\/telemme.mmsh.fr\/","og_locale":"fr_FR","og_type":"article","og_title":"Accueil - TELEMMe - Temps, espaces, langages, Europe m\u00e9ridionale, M\u00e9diterran\u00e9e","og_description":"TELEMMe \u2013 Temps, espaces, langages, Europe m\u00e9ridionale, M\u00e9diterran\u00e9e \u2013 est une unit\u00e9 mixte de recherche de l&rsquo;Universit\u00e9 d&rsquo;Aix-Marseille et du CNRS, compos\u00e9e d\u2019historiens (du Moyen \u00c2ge \u00e0 l\u2019\u00e9poque contemporaine en&hellip;&nbsp;Lire la suite &raquo;Accueil","og_url":"https:\/\/telemme.mmsh.fr\/","og_site_name":"TELEMMe - Temps, espaces, langages, Europe m\u00e9ridionale, M\u00e9diterran\u00e9e","article_modified_time":"2025-09-15T09:03:47+00:00","twitter_card":"summary_large_image","twitter_misc":{"Dur\u00e9e de lecture estim\u00e9e":"17 minutes"},"schema":{"@context":"https:\/\/schema.org","@graph":[{"@type":"WebPage","@id":"https:\/\/telemme.mmsh.fr\/","url":"https:\/\/telemme.mmsh.fr\/","name":"Accueil - TELEMMe - Temps, espaces, langages, Europe m\u00e9ridionale, M\u00e9diterran\u00e9e","isPartOf":{"@id":"https:\/\/telemme.mmsh.fr\/#website"},"datePublished":"2021-07-15T13:35:52+00:00","dateModified":"2025-09-15T09:03:47+00:00","breadcrumb":{"@id":"https:\/\/telemme.mmsh.fr\/#breadcrumb"},"inLanguage":"fr-FR","potentialAction":[{"@type":"ReadAction","target":["https:\/\/telemme.mmsh.fr\/"]}]},{"@type":"BreadcrumbList","@id":"https:\/\/telemme.mmsh.fr\/#breadcrumb","itemListElement":[{"@type":"ListItem","position":1,"name":"Accueil","item":"https:\/\/telemme.mmsh.fr\/"},{"@type":"ListItem","position":2,"name":"Accueil"}]},{"@type":"WebSite","@id":"https:\/\/telemme.mmsh.fr\/#website","url":"https:\/\/telemme.mmsh.fr\/","name":"TELEMMe - Temps, espaces, langages, Europe m\u00e9ridionale, M\u00e9diterran\u00e9e","description":"","publisher":{"@id":"https:\/\/telemme.mmsh.fr\/#organization"},"potentialAction":[{"@type":"SearchAction","target":{"@type":"EntryPoint","urlTemplate":"https:\/\/telemme.mmsh.fr\/?s={search_term_string}"},"query-input":{"@type":"PropertyValueSpecification","valueRequired":true,"valueName":"search_term_string"}}],"inLanguage":"fr-FR"},{"@type":"Organization","@id":"https:\/\/telemme.mmsh.fr\/#organization","name":"TELEMMe","url":"https:\/\/telemme.mmsh.fr\/","logo":{"@type":"ImageObject","inLanguage":"fr-FR","@id":"https:\/\/telemme.mmsh.fr\/#\/schema\/logo\/image\/","url":"https:\/\/telemme.mmsh.fr\/wp-content\/uploads\/2020\/03\/LogoTELEMMe-horizontal-fond-transparent.png","contentUrl":"https:\/\/telemme.mmsh.fr\/wp-content\/uploads\/2020\/03\/LogoTELEMMe-horizontal-fond-transparent.png","width":1500,"height":437,"caption":"TELEMMe"},"image":{"@id":"https:\/\/telemme.mmsh.fr\/#\/schema\/logo\/image\/"}}]}},"_links":{"self":[{"href":"https:\/\/telemme.mmsh.fr\/index.php?rest_route=\/wp\/v2\/pages\/8797","targetHints":{"allow":["GET"]}}],"collection":[{"href":"https:\/\/telemme.mmsh.fr\/index.php?rest_route=\/wp\/v2\/pages"}],"about":[{"href":"https:\/\/telemme.mmsh.fr\/index.php?rest_route=\/wp\/v2\/types\/page"}],"author":[{"embeddable":true,"href":"https:\/\/telemme.mmsh.fr\/index.php?rest_route=\/wp\/v2\/users\/6"}],"replies":[{"embeddable":true,"href":"https:\/\/telemme.mmsh.fr\/index.php?rest_route=%2Fwp%2Fv2%2Fcomments&post=8797"}],"version-history":[{"count":147,"href":"https:\/\/telemme.mmsh.fr\/index.php?rest_route=\/wp\/v2\/pages\/8797\/revisions"}],"predecessor-version":[{"id":16452,"href":"https:\/\/telemme.mmsh.fr\/index.php?rest_route=\/wp\/v2\/pages\/8797\/revisions\/16452"}],"wp:attachment":[{"href":"https:\/\/telemme.mmsh.fr\/index.php?rest_route=%2Fwp%2Fv2%2Fmedia&parent=8797"}],"curies":[{"name":"wp","href":"https:\/\/api.w.org\/{rel}","templated":true}]}}