{"id":61,"date":"2017-09-26T13:25:08","date_gmt":"2017-09-26T11:25:08","guid":{"rendered":"http:\/\/0"},"modified":"2023-09-25T11:17:01","modified_gmt":"2023-09-25T09:17:01","slug":"direction","status":"publish","type":"page","link":"https:\/\/telemme.mmsh.fr\/?page_id=61","title":{"rendered":"Direction de TELEMMe"},"content":{"rendered":"\n<p>Depuis le 1<sup>er<\/sup> septembre 2023,  la direction de l\u2019UMR TELEMMe est assur\u00e9e par Isabelle Renaudet, directrice, et Alexandre Grondeau, directeur adjoint. Ce dernier est plus particuli\u00e8rement responsable de la politique doctorale&nbsp;et des relations avec les mondes socio-\u00e9conomiques (MSE)&nbsp;de l\u2019unit\u00e9.<\/p>\n\n\n\n<div class=\"wp-block-columns is-layout-flex wp-container-core-columns-is-layout-9d6595d7 wp-block-columns-is-layout-flex\">\n<div class=\"wp-block-column is-layout-flow wp-block-column-is-layout-flow\"><div class=\"wp-block-image\">\n<figure class=\"aligncenter size-full\"><img loading=\"lazy\" decoding=\"async\" width=\"269\" height=\"300\" src=\"https:\/\/telemme.mmsh.fr\/wp-content\/uploads\/2020\/11\/Isabelle_Renaudet.png\" alt=\"Isabelle Renaudet, TELEMMe (AMU-CNRS)\" class=\"wp-image-5310\"\/><\/figure>\n<\/div>\n\n\n<h3 class=\"wp-block-heading has-text-align-center\"><a href=\"https:\/\/telemme.mmsh.fr\/?membres=isabelle-renaudet\">Isabelle RENAUDET, directrice<\/a><\/h3>\n<\/div>\n\n\n\n<div class=\"wp-block-column is-layout-flow wp-block-column-is-layout-flow\"><div class=\"wp-block-image\">\n<figure class=\"aligncenter size-full is-resized\"><img decoding=\"async\" src=\"https:\/\/telemme.mmsh.fr\/wp-content\/uploads\/2023\/09\/grondeau_vignette.jpg\" alt=\"\" class=\"wp-image-13279\" style=\"aspect-ratio:1;object-fit:contain;width:301px\" width=\"301\" srcset=\"https:\/\/telemme.mmsh.fr\/wp-content\/uploads\/2023\/09\/grondeau_vignette.jpg 300w, https:\/\/telemme.mmsh.fr\/wp-content\/uploads\/2023\/09\/grondeau_vignette-262x300.jpg 262w\" sizes=\"(max-width: 300px) 100vw, 300px\" \/><\/figure>\n<\/div>\n\n\n<h3 class=\"wp-block-heading has-text-align-center\"><a href=\"https:\/\/telemme.mmsh.fr\/?membres=alexandre-grondeau\">Alexandre GRONDEAU, directeur adjoint<\/a><\/h3>\n<\/div>\n<\/div>\n\n\n\n<hr class=\"wp-block-separator has-alpha-channel-opacity\"\/>\n\n\n\n<div style=\"height:20px\" aria-hidden=\"true\" class=\"wp-block-spacer\"><\/div>\n\n\n\n<h2 class=\"wp-block-heading\">2018-2023<\/h2>\n\n\n\n<p>De janvier 2018 \u00e0 ao\u00fbt 2023, la direction de l\u2019UMR TELEMMe \u00e9tait assur\u00e9e par Xavier Daumalin, directeur, et Anne-Montenach, directrice adjointe.<\/p>\n\n\n<div id=\"pl-gb61-69f766a99b24c\"  class=\"panel-layout\" ><div id=\"pg-gb61-69f766a99b24c-0\"  class=\"panel-grid panel-no-style\" ><div id=\"pgc-gb61-69f766a99b24c-0-0\"  class=\"panel-grid-cell\" ><div id=\"panel-gb61-69f766a99b24c-0-0-0\" class=\"so-panel widget widget_sow-image panel-first-child panel-last-child\" data-index=\"0\" ><div\n\t\t\t\n\t\t\tclass=\"so-widget-sow-image so-widget-sow-image-default-113ccd71f3e6-61\"\n\t\t\t\n\t\t>\n<div class=\"sow-image-container\">\n\t\t\t<a href=\"https:\/\/telemme.mmsh.fr\/?membres=xavier-daumalin\"\n\t\t\t\t\t>\n\t\t\t<img \n\tsrc=\"https:\/\/telemme.mmsh.fr\/wp-content\/uploads\/2020\/11\/XD-1-NB-225x300.jpg\" width=\"225\" height=\"300\" srcset=\"https:\/\/telemme.mmsh.fr\/wp-content\/uploads\/2020\/11\/XD-1-NB-225x300.jpg 225w, https:\/\/telemme.mmsh.fr\/wp-content\/uploads\/2020\/11\/XD-1-NB.jpg 500w\" sizes=\"(max-width: 225px) 100vw, 225px\" title=\"&lt;a href=&quot;https:\/\/telemme.mmsh.fr\/?membres=xavier-daumalin&quot;&gt;Xavier DAUMALIN, directeur&lt;\/a&gt;\" alt=\"Xavier DAUMALIN, directeur\" \t\tclass=\"so-widget-image\"\/>\n\t\t\t<\/a><\/div>\n\n<h3 class=\"widget-title\"><a href=\"https:\/\/telemme.mmsh.fr\/?membres=xavier-daumalin\">Xavier DAUMALIN, directeur<\/a><\/h3><\/div><\/div><\/div><div id=\"pgc-gb61-69f766a99b24c-0-1\"  class=\"panel-grid-cell\" ><div id=\"panel-gb61-69f766a99b24c-0-1-0\" class=\"so-panel widget widget_sow-image panel-first-child panel-last-child\" data-index=\"1\" ><div\n\t\t\t\n\t\t\tclass=\"so-widget-sow-image so-widget-sow-image-default-113ccd71f3e6-61\"\n\t\t\t\n\t\t>\n<div class=\"sow-image-container\">\n\t\t\t<a href=\"https:\/\/telemme.mmsh.fr\/?membres=anne-montenach\"\n\t\t\t\t\t>\n\t\t\t<img \n\tsrc=\"https:\/\/telemme.mmsh.fr\/wp-content\/uploads\/2020\/11\/Anne_Montenach-300x225.png\" width=\"300\" height=\"225\" srcset=\"https:\/\/telemme.mmsh.fr\/wp-content\/uploads\/2020\/11\/Anne_Montenach-300x225.png 300w, https:\/\/telemme.mmsh.fr\/wp-content\/uploads\/2020\/11\/Anne_Montenach.png 400w\" sizes=\"(max-width: 300px) 100vw, 300px\" title=\"&lt;a href=&quot;https:\/\/telemme.mmsh.fr\/?membres=anne-montenach&quot;&gt;Anne MONTENACH, directrice adjointe&lt;\/a&gt;\" alt=\"Anne MONTENACH, directrice adjointe\" \t\tclass=\"so-widget-image\"\/>\n\t\t\t<\/a><\/div>\n\n<h3 class=\"widget-title\"><a href=\"https:\/\/telemme.mmsh.fr\/?membres=anne-montenach\">Anne MONTENACH, directrice adjointe<\/a><\/h3><\/div><\/div><\/div><\/div><\/div>\n\n\n<div style=\"height:50px\" aria-hidden=\"true\" class=\"wp-block-spacer\"><\/div>\n","protected":false},"excerpt":{"rendered":"<p>Depuis le 1er septembre 2023, la direction de l\u2019UMR TELEMMe est assur\u00e9e par Isabelle Renaudet, directrice, et Alexandre Grondeau, directeur adjoint. Ce dernier est plus particuli\u00e8rement responsable de la politique&hellip;&nbsp;<a href=\"https:\/\/telemme.mmsh.fr\/?page_id=61\" rel=\"bookmark\">Lire la suite &raquo;<span class=\"screen-reader-text\">Direction de TELEMMe<\/span><\/a><\/p>\n","protected":false},"author":1,"featured_media":0,"parent":57,"menu_order":1,"comment_status":"closed","ping_status":"closed","template":"","meta":{"neve_meta_sidebar":"","neve_meta_container":"","neve_meta_enable_content_width":"off","neve_meta_content_width":0,"neve_meta_title_alignment":"","neve_meta_author_avatar":"","neve_post_elements_order":"","neve_meta_disable_header":"","neve_meta_disable_footer":"","neve_meta_disable_title":"","footnotes":""},"class_list":["post-61","page","type-page","status-publish","hentry"],"yoast_head":"<!-- This site is optimized with the Yoast SEO plugin v27.4 - https:\/\/yoast.com\/product\/yoast-seo-wordpress\/ -->\n<title>Direction de TELEMMe - TELEMMe - Temps, espaces, langages, Europe m\u00e9ridionale, M\u00e9diterran\u00e9e<\/title>\n<meta name=\"robots\" content=\"index, follow, max-snippet:-1, max-image-preview:large, max-video-preview:-1\" \/>\n<link rel=\"canonical\" href=\"https:\/\/telemme.mmsh.fr\/?page_id=61\" \/>\n<meta property=\"og:locale\" content=\"fr_FR\" \/>\n<meta property=\"og:type\" content=\"article\" \/>\n<meta property=\"og:title\" content=\"Direction de TELEMMe - TELEMMe - Temps, espaces, langages, Europe m\u00e9ridionale, M\u00e9diterran\u00e9e\" \/>\n<meta property=\"og:description\" content=\"Depuis le 1er septembre 2023, la direction de l\u2019UMR TELEMMe est assur\u00e9e par Isabelle Renaudet, directrice, et Alexandre Grondeau, directeur adjoint. Ce dernier est plus particuli\u00e8rement responsable de la politique&hellip;&nbsp;Lire la suite &raquo;Direction de TELEMMe\" \/>\n<meta property=\"og:url\" content=\"https:\/\/telemme.mmsh.fr\/?page_id=61\" \/>\n<meta property=\"og:site_name\" content=\"TELEMMe - Temps, espaces, langages, Europe m\u00e9ridionale, M\u00e9diterran\u00e9e\" \/>\n<meta property=\"article:modified_time\" content=\"2023-09-25T09:17:01+00:00\" \/>\n<meta property=\"og:image\" content=\"https:\/\/telemme.mmsh.fr\/wp-content\/uploads\/2020\/11\/Isabelle_Renaudet.png\" \/>\n<meta name=\"twitter:card\" content=\"summary_large_image\" \/>\n<meta name=\"twitter:label1\" content=\"Dur\u00e9e de lecture estim\u00e9e\" \/>\n\t<meta name=\"twitter:data1\" content=\"1 minute\" \/>\n<script type=\"application\/ld+json\" class=\"yoast-schema-graph\">{\"@context\":\"https:\\\/\\\/schema.org\",\"@graph\":[{\"@type\":\"WebPage\",\"@id\":\"https:\\\/\\\/telemme.mmsh.fr\\\/?page_id=61\",\"url\":\"https:\\\/\\\/telemme.mmsh.fr\\\/?page_id=61\",\"name\":\"Direction de TELEMMe - TELEMMe - Temps, espaces, langages, Europe m\u00e9ridionale, M\u00e9diterran\u00e9e\",\"isPartOf\":{\"@id\":\"https:\\\/\\\/telemme.mmsh.fr\\\/#website\"},\"primaryImageOfPage\":{\"@id\":\"https:\\\/\\\/telemme.mmsh.fr\\\/?page_id=61#primaryimage\"},\"image\":{\"@id\":\"https:\\\/\\\/telemme.mmsh.fr\\\/?page_id=61#primaryimage\"},\"thumbnailUrl\":\"https:\\\/\\\/telemme.mmsh.fr\\\/wp-content\\\/uploads\\\/2020\\\/11\\\/Isabelle_Renaudet.png\",\"datePublished\":\"2017-09-26T11:25:08+00:00\",\"dateModified\":\"2023-09-25T09:17:01+00:00\",\"breadcrumb\":{\"@id\":\"https:\\\/\\\/telemme.mmsh.fr\\\/?page_id=61#breadcrumb\"},\"inLanguage\":\"fr-FR\",\"potentialAction\":[{\"@type\":\"ReadAction\",\"target\":[\"https:\\\/\\\/telemme.mmsh.fr\\\/?page_id=61\"]}]},{\"@type\":\"ImageObject\",\"inLanguage\":\"fr-FR\",\"@id\":\"https:\\\/\\\/telemme.mmsh.fr\\\/?page_id=61#primaryimage\",\"url\":\"https:\\\/\\\/telemme.mmsh.fr\\\/wp-content\\\/uploads\\\/2020\\\/11\\\/Isabelle_Renaudet.png\",\"contentUrl\":\"https:\\\/\\\/telemme.mmsh.fr\\\/wp-content\\\/uploads\\\/2020\\\/11\\\/Isabelle_Renaudet.png\",\"width\":269,\"height\":300,\"caption\":\"Isabelle Renaudet, TELEMMe (AMU-CNRS)\"},{\"@type\":\"BreadcrumbList\",\"@id\":\"https:\\\/\\\/telemme.mmsh.fr\\\/?page_id=61#breadcrumb\",\"itemListElement\":[{\"@type\":\"ListItem\",\"position\":1,\"name\":\"Accueil\",\"item\":\"https:\\\/\\\/telemme.mmsh.fr\\\/\"},{\"@type\":\"ListItem\",\"position\":2,\"name\":\"Le Laboratoire\",\"item\":\"https:\\\/\\\/telemme.mmsh.fr\\\/?page_id=57\"},{\"@type\":\"ListItem\",\"position\":3,\"name\":\"Direction de TELEMMe\"}]},{\"@type\":\"WebSite\",\"@id\":\"https:\\\/\\\/telemme.mmsh.fr\\\/#website\",\"url\":\"https:\\\/\\\/telemme.mmsh.fr\\\/\",\"name\":\"TELEMMe - Temps, espaces, langages, Europe m\u00e9ridionale, M\u00e9diterran\u00e9e\",\"description\":\"\",\"publisher\":{\"@id\":\"https:\\\/\\\/telemme.mmsh.fr\\\/#organization\"},\"potentialAction\":[{\"@type\":\"SearchAction\",\"target\":{\"@type\":\"EntryPoint\",\"urlTemplate\":\"https:\\\/\\\/telemme.mmsh.fr\\\/?s={search_term_string}\"},\"query-input\":{\"@type\":\"PropertyValueSpecification\",\"valueRequired\":true,\"valueName\":\"search_term_string\"}}],\"inLanguage\":\"fr-FR\"},{\"@type\":\"Organization\",\"@id\":\"https:\\\/\\\/telemme.mmsh.fr\\\/#organization\",\"name\":\"TELEMMe\",\"url\":\"https:\\\/\\\/telemme.mmsh.fr\\\/\",\"logo\":{\"@type\":\"ImageObject\",\"inLanguage\":\"fr-FR\",\"@id\":\"https:\\\/\\\/telemme.mmsh.fr\\\/#\\\/schema\\\/logo\\\/image\\\/\",\"url\":\"https:\\\/\\\/telemme.mmsh.fr\\\/wp-content\\\/uploads\\\/2020\\\/03\\\/LogoTELEMMe-horizontal-fond-transparent.png\",\"contentUrl\":\"https:\\\/\\\/telemme.mmsh.fr\\\/wp-content\\\/uploads\\\/2020\\\/03\\\/LogoTELEMMe-horizontal-fond-transparent.png\",\"width\":1500,\"height\":437,\"caption\":\"TELEMMe\"},\"image\":{\"@id\":\"https:\\\/\\\/telemme.mmsh.fr\\\/#\\\/schema\\\/logo\\\/image\\\/\"}}]}<\/script>\n<!-- \/ Yoast SEO plugin. -->","yoast_head_json":{"title":"Direction de TELEMMe - TELEMMe - Temps, espaces, langages, Europe m\u00e9ridionale, M\u00e9diterran\u00e9e","robots":{"index":"index","follow":"follow","max-snippet":"max-snippet:-1","max-image-preview":"max-image-preview:large","max-video-preview":"max-video-preview:-1"},"canonical":"https:\/\/telemme.mmsh.fr\/?page_id=61","og_locale":"fr_FR","og_type":"article","og_title":"Direction de TELEMMe - TELEMMe - Temps, espaces, langages, Europe m\u00e9ridionale, M\u00e9diterran\u00e9e","og_description":"Depuis le 1er septembre 2023, la direction de l\u2019UMR TELEMMe est assur\u00e9e par Isabelle Renaudet, directrice, et Alexandre Grondeau, directeur adjoint. Ce dernier est plus particuli\u00e8rement responsable de la politique&hellip;&nbsp;Lire la suite &raquo;Direction de TELEMMe","og_url":"https:\/\/telemme.mmsh.fr\/?page_id=61","og_site_name":"TELEMMe - Temps, espaces, langages, Europe m\u00e9ridionale, M\u00e9diterran\u00e9e","article_modified_time":"2023-09-25T09:17:01+00:00","og_image":[{"url":"https:\/\/telemme.mmsh.fr\/wp-content\/uploads\/2020\/11\/Isabelle_Renaudet.png","type":"","width":"","height":""}],"twitter_card":"summary_large_image","twitter_misc":{"Dur\u00e9e de lecture estim\u00e9e":"1 minute"},"schema":{"@context":"https:\/\/schema.org","@graph":[{"@type":"WebPage","@id":"https:\/\/telemme.mmsh.fr\/?page_id=61","url":"https:\/\/telemme.mmsh.fr\/?page_id=61","name":"Direction de TELEMMe - TELEMMe - Temps, espaces, langages, Europe m\u00e9ridionale, M\u00e9diterran\u00e9e","isPartOf":{"@id":"https:\/\/telemme.mmsh.fr\/#website"},"primaryImageOfPage":{"@id":"https:\/\/telemme.mmsh.fr\/?page_id=61#primaryimage"},"image":{"@id":"https:\/\/telemme.mmsh.fr\/?page_id=61#primaryimage"},"thumbnailUrl":"https:\/\/telemme.mmsh.fr\/wp-content\/uploads\/2020\/11\/Isabelle_Renaudet.png","datePublished":"2017-09-26T11:25:08+00:00","dateModified":"2023-09-25T09:17:01+00:00","breadcrumb":{"@id":"https:\/\/telemme.mmsh.fr\/?page_id=61#breadcrumb"},"inLanguage":"fr-FR","potentialAction":[{"@type":"ReadAction","target":["https:\/\/telemme.mmsh.fr\/?page_id=61"]}]},{"@type":"ImageObject","inLanguage":"fr-FR","@id":"https:\/\/telemme.mmsh.fr\/?page_id=61#primaryimage","url":"https:\/\/telemme.mmsh.fr\/wp-content\/uploads\/2020\/11\/Isabelle_Renaudet.png","contentUrl":"https:\/\/telemme.mmsh.fr\/wp-content\/uploads\/2020\/11\/Isabelle_Renaudet.png","width":269,"height":300,"caption":"Isabelle Renaudet, TELEMMe (AMU-CNRS)"},{"@type":"BreadcrumbList","@id":"https:\/\/telemme.mmsh.fr\/?page_id=61#breadcrumb","itemListElement":[{"@type":"ListItem","position":1,"name":"Accueil","item":"https:\/\/telemme.mmsh.fr\/"},{"@type":"ListItem","position":2,"name":"Le Laboratoire","item":"https:\/\/telemme.mmsh.fr\/?page_id=57"},{"@type":"ListItem","position":3,"name":"Direction de TELEMMe"}]},{"@type":"WebSite","@id":"https:\/\/telemme.mmsh.fr\/#website","url":"https:\/\/telemme.mmsh.fr\/","name":"TELEMMe - Temps, espaces, langages, Europe m\u00e9ridionale, M\u00e9diterran\u00e9e","description":"","publisher":{"@id":"https:\/\/telemme.mmsh.fr\/#organization"},"potentialAction":[{"@type":"SearchAction","target":{"@type":"EntryPoint","urlTemplate":"https:\/\/telemme.mmsh.fr\/?s={search_term_string}"},"query-input":{"@type":"PropertyValueSpecification","valueRequired":true,"valueName":"search_term_string"}}],"inLanguage":"fr-FR"},{"@type":"Organization","@id":"https:\/\/telemme.mmsh.fr\/#organization","name":"TELEMMe","url":"https:\/\/telemme.mmsh.fr\/","logo":{"@type":"ImageObject","inLanguage":"fr-FR","@id":"https:\/\/telemme.mmsh.fr\/#\/schema\/logo\/image\/","url":"https:\/\/telemme.mmsh.fr\/wp-content\/uploads\/2020\/03\/LogoTELEMMe-horizontal-fond-transparent.png","contentUrl":"https:\/\/telemme.mmsh.fr\/wp-content\/uploads\/2020\/03\/LogoTELEMMe-horizontal-fond-transparent.png","width":1500,"height":437,"caption":"TELEMMe"},"image":{"@id":"https:\/\/telemme.mmsh.fr\/#\/schema\/logo\/image\/"}}]}},"_links":{"self":[{"href":"https:\/\/telemme.mmsh.fr\/index.php?rest_route=\/wp\/v2\/pages\/61","targetHints":{"allow":["GET"]}}],"collection":[{"href":"https:\/\/telemme.mmsh.fr\/index.php?rest_route=\/wp\/v2\/pages"}],"about":[{"href":"https:\/\/telemme.mmsh.fr\/index.php?rest_route=\/wp\/v2\/types\/page"}],"author":[{"embeddable":true,"href":"https:\/\/telemme.mmsh.fr\/index.php?rest_route=\/wp\/v2\/users\/1"}],"replies":[{"embeddable":true,"href":"https:\/\/telemme.mmsh.fr\/index.php?rest_route=%2Fwp%2Fv2%2Fcomments&post=61"}],"version-history":[{"count":19,"href":"https:\/\/telemme.mmsh.fr\/index.php?rest_route=\/wp\/v2\/pages\/61\/revisions"}],"predecessor-version":[{"id":13302,"href":"https:\/\/telemme.mmsh.fr\/index.php?rest_route=\/wp\/v2\/pages\/61\/revisions\/13302"}],"up":[{"embeddable":true,"href":"https:\/\/telemme.mmsh.fr\/index.php?rest_route=\/wp\/v2\/pages\/57"}],"wp:attachment":[{"href":"https:\/\/telemme.mmsh.fr\/index.php?rest_route=%2Fwp%2Fv2%2Fmedia&parent=61"}],"curies":[{"name":"wp","href":"https:\/\/api.w.org\/{rel}","templated":true}]}}