{"id":6021,"date":"2021-04-01T18:51:04","date_gmt":"2021-04-01T16:51:04","guid":{"rendered":"http:\/\/telemme.mmsh.fr\/?page_id=6021"},"modified":"2022-03-16T17:48:19","modified_gmt":"2022-03-16T16:48:19","slug":"interventions-externes","status":"publish","type":"page","link":"https:\/\/telemme.mmsh.fr\/?page_id=6021","title":{"rendered":"Interventions externes des membres de TELEMMe"},"content":{"rendered":"\n<p id=\"haut-interventions-externes\">Les membres de l&rsquo;UMR TELEMME interviennent dans de nombreuses circonstances \u00e0 l&rsquo;ext\u00e9rieur du laboratoire.<br>Ces interventions peuvent \u00eatre scientifiques lors de colloques, de journ\u00e9es d&rsquo;\u00e9tudes ou de s\u00e9minaires, elles peuvent aussi \u00eatre m\u00e9diatiques ou m\u00eame citoyennes.<\/p>\n\n\n\n<div class=\"wp-block-buttons is-layout-flex wp-block-buttons-is-layout-flex\">\n<div class=\"wp-block-button is-style-primary\"><a class=\"wp-block-button__link\" href=\"#interventions-a-venir\">Interventions \u00e0 venir<\/a><\/div>\n\n\n\n<div class=\"wp-block-button is-style-primary\"><a class=\"wp-block-button__link\" href=\"#interventions-passees\">Interventions pass\u00e9es<\/a><\/div>\n<\/div>\n\n\n\n<hr class=\"wp-block-separator has-text-color has-background has-neve-text-color-background-color has-neve-text-color-color is-style-wide\"\/>\n\n\n\n<h2 class=\"wp-block-heading\" id=\"interventions-a-venir\">Interventions \u00e0 venir<\/h2>\n\n\n<div id=\"pl-gb6021-69f766df40678\"  class=\"panel-layout\" ><div id=\"pg-gb6021-69f766df40678-0\"  class=\"panel-grid panel-no-style\" ><div id=\"pgc-gb6021-69f766df40678-0-0\"  class=\"panel-grid-cell\" ><div id=\"panel-gb6021-69f766df40678-0-0-0\" class=\"so-panel widget widget_pods_widget_list pods_widget_list panel-first-child panel-last-child\" data-index=\"0\"><ul>\r\n<hr>\r\n<strong>6 mai 2026 |<\/strong>\r\n\t<strong>\r\n\t\r\n\t\t\r\n\t<a href=\"https:\/\/telemme.mmsh.fr\/?post_type=page_de_membres_test&#038;p=977\">Anne Carol<\/a> |\r\n\t\t\r\n\t\r\n\t\r\n\t<\/strong> \u00ab&nbsp;<a href=\"https:\/\/telemme.mmsh.fr\/?post_type=intervention_externe&#038;p=16287\">Les mises en sc\u00e8nes des morts dans les Catacombes de Paris (XIXe-XXe si\u00e8cle) <\/a>&nbsp;\u00bb, colloque&nbsp;: <em> Mort et Dispositifs sc\u00e9niques<\/em>, org.&nbsp;: Universit\u00e9 de Lorraine, Nancy, France\r\n<\/ul><ul>\r\n<hr>\r\n<strong>30 mai 2026 |<\/strong>\r\n\t<strong>\r\n\t\r\n\t\t\r\n\t<a href=\"https:\/\/telemme.mmsh.fr\/?post_type=page_de_membres_test&#038;p=977\">Anne Carol<\/a> |\r\n\t\t\r\n\t\r\n\t\r\n\t<\/strong> \u00ab&nbsp;<a href=\"https:\/\/telemme.mmsh.fr\/?post_type=intervention_externe&#038;p=16837\">Combien co\u00fbte un corps ?<\/a>&nbsp;\u00bb, table-ronde&nbsp;: <em> Histoire du corps, Festival d&rsquo;histoire populaire<\/em>, org.&nbsp;: Universit\u00e9 de Paris-Cr\u00e9teil, Cr\u00e9teil, France\r\n<\/ul><ul>\r\n<hr>\r\n<strong>10 juin 2026 |<\/strong>\r\n\t<strong>\r\n\t\r\n\t\t\r\n\t<a href=\"https:\/\/telemme.mmsh.fr\/?post_type=page_de_membres&#038;p=5167\">Marcos Vinicius Marinho Fernandes<\/a> |\r\n\t\t\r\n\t\r\n\t\r\n\t<\/strong> \u00ab&nbsp;<a href=\"https:\/\/telemme.mmsh.fr\/?post_type=intervention_externe&#038;p=16554\">La diplomatie des comuneros : des rebelles contre un roi absent (1520-1522)<\/a>&nbsp;\u00bb, Colloque&nbsp;: <em> Rebelles en diplomatie<\/em>, org.&nbsp;: Matthieu Gellard et Fabrice Micallef, MSH Ange Gu\u00e9pin, Nantes, France\r\n<\/ul><ul>\r\n<hr>\r\n<strong>16 juin 2026 |<\/strong>\r\n\t<strong>\r\n\t\r\n\t\t\r\n\t<a href=\"https:\/\/telemme.mmsh.fr\/?post_type=page_de_membres&#038;p=5167\">Marcos Vinicius Marinho Fernandes<\/a> |\r\n\t\t\r\n\t\r\n\t\r\n\t<\/strong> \u00ab&nbsp;<a href=\"https:\/\/telemme.mmsh.fr\/?post_type=intervention_externe&#038;p=16845\">Comparing Royal Matrimonial Diplomatic Strategies between Portugal, Spain, France, and the Habsburgs, 1490-1519 <\/a>&nbsp;\u00bb, S\u00e9minaire&nbsp;: <em> Early Modern Diplomacy Seminar 1400-1800<\/em>, org.&nbsp;: Tracey Sowerby &#038; Antonio Pattori, Oxford, Angleterre\r\n<\/ul><\/div><\/div><\/div><\/div>\n\n\n<hr class=\"wp-block-separator has-text-color has-background has-neve-text-color-background-color has-neve-text-color-color is-style-wide\"\/>\n\n\n\n<div class=\"wp-block-columns is-layout-flex wp-container-core-columns-is-layout-9d6595d7 wp-block-columns-is-layout-flex\">\n<div class=\"wp-block-column is-layout-flow wp-block-column-is-layout-flow\" style=\"flex-basis:66.66%\">\n<h2 class=\"wp-block-heading\" id=\"interventions-passees\">Interventions pass\u00e9es<\/h2>\n<\/div>\n\n\n\n<div class=\"wp-block-column is-layout-flow wp-block-column-is-layout-flow\" style=\"flex-basis:33.33%\">\n<div class=\"wp-block-buttons is-horizontal is-content-justification-right is-layout-flex wp-container-core-buttons-is-layout-ae2fe186 wp-block-buttons-is-layout-flex\">\n<div class=\"wp-block-button is-style-secondary\"><a class=\"wp-block-button__link\" href=\"#haut-interventions-externes\">HAUt de page<\/a><\/div>\n<\/div>\n<\/div>\n<\/div>\n\n\n<div id=\"pl-gb6021-69f766df5f890\"  class=\"panel-layout\" ><div id=\"pg-gb6021-69f766df5f890-0\"  class=\"panel-grid panel-no-style\" ><div id=\"pgc-gb6021-69f766df5f890-0-0\"  class=\"panel-grid-cell\" ><div id=\"panel-gb6021-69f766df5f890-0-0-0\" class=\"so-panel widget widget_pods_widget_list pods_widget_list panel-first-child panel-last-child\" data-index=\"0\"><ul>\r\n<hr>\r\n<strong>18 avril 2026 |<\/strong>\r\n\t<strong>\r\n\t\r\n\t\t\r\n\t<a href=\"https:\/\/telemme.mmsh.fr\/?post_type=page_de_membres_test&#038;p=1154\">Nicole Cad\u00e8ne<\/a> |\r\n\t\t\r\n\t\r\n\t\r\n\t<\/strong> \u00ab&nbsp;<a href=\"https:\/\/telemme.mmsh.fr\/?post_type=intervention_externe&#038;p=16249\">Hubertine Auclert, une femme affranchie<\/a>&nbsp;\u00bb, Conf\u00e9rence&nbsp;: <em> Premier jour du timbre Hubertine Auclert<\/em>, org.&nbsp;: Association philat\u00e9lique de Moulins, Collectif Hubertine Auclert, Moulins, salle des f\u00eates, France\r\n<\/ul><ul>\r\n<hr>\r\n<strong>31 mars 2026 |<\/strong>\r\n\t<strong>\r\n\t\r\n\t\t\r\n\t<a href=\"https:\/\/telemme.mmsh.fr\/?post_type=membres&#038;p=14910\">Maxime Bernard<\/a> |\r\n\t\t\r\n\t\r\n\t\r\n\t<\/strong> \u00ab&nbsp;<a href=\"https:\/\/telemme.mmsh.fr\/?post_type=intervention_externe&#038;p=16647\">Abattoirs et abattage animal dans les Bouches-du-Rh\u00f4ne (1791-1965)<\/a>&nbsp;\u00bb, conf\u00e9rence&nbsp;: <em> RAM\u00c8NE TA SCIENCE<\/em>, org.&nbsp;: Un Pr\u00e9texte, Comit\u00e9 du Vieux Marseille, Comit\u00e9 du Vieux Marseille\r\n<\/ul><ul>\r\n<hr>\r\n<strong>26 mars 2026 |<\/strong>\r\n\t<strong>\r\n\t\r\n\t\t\r\n\t<a href=\"https:\/\/telemme.mmsh.fr\/?post_type=page_de_membres_test&#038;p=977\">Anne Carol<\/a> |\r\n\t\t\r\n\t\r\n\t\r\n\t<\/strong> \u00ab&nbsp;<a href=\"https:\/\/telemme.mmsh.fr\/?post_type=intervention_externe&#038;p=16530\">De l\u2019ossuaire au dispositif d\u2019attraction : les enjeux de l\u2019exposition des morts aux Catacombes de Paris<\/a>&nbsp;\u00bb, colloque&nbsp;: <em> Montrer la mort au XIXe si\u00e8cle : Corps, mati\u00e8res, repr\u00e9sentations<\/em>, org.&nbsp;: Acad\u00e9mie de m\u00e9decine &#8211; Centre Alexandre Koyr\u00e9, Acad\u00e9mie de m\u00e9decine, France\r\n<\/ul><ul>\r\n<hr>\r\n<strong>20 mars 2026 |<\/strong>\r\n\t<strong>\r\n\t\r\n\t\t\r\n\t<a href=\"https:\/\/telemme.mmsh.fr\/?post_type=page_de_membres&#038;p=5167\">Marcos Vinicius Marinho Fernandes<\/a> |\r\n\t\t\r\n\t\r\n\t\r\n\t<\/strong> \u00ab&nbsp;<a href=\"https:\/\/telemme.mmsh.fr\/?post_type=intervention_externe&#038;p=15948\">Un refuge familial : les r\u00e9sidences de campagne et la protection des enfants royaux (XVe-XVIe si\u00e8cles)<\/a>&nbsp;\u00bb, Colloque&nbsp;: <em> La cour se met au vert (II). Arts, diplomatie et politique \u00e0 la campagne (Europe XVe-XVIIe si\u00e8cles)<\/em>, org.&nbsp;: Elodie Lecuppre-Desjardin, Gilles Docquier, Mathieu Vivas, Mariemont, Belgique\r\n<\/ul><ul>\r\n<hr>\r\n<strong>19 mars 2026 |<\/strong>\r\n\t<strong>\r\n\t\r\n\t\t\r\n\t<a href=\"https:\/\/telemme.mmsh.fr\/?post_type=page_de_membres_test&#038;p=1154\">Nicole Cad\u00e8ne<\/a> |\r\n\t\t\r\n\t\r\n\t\r\n\t<\/strong> \u00ab&nbsp;<a href=\"https:\/\/telemme.mmsh.fr\/?post_type=intervention_externe&#038;p=16244\">Hubertine Auclert<\/a>&nbsp;\u00bb, conf\u00e9rence&nbsp;: <em> conf\u00e9rence<\/em>, org.&nbsp;: patronage la\u00efque Jules Vall\u00e8s, 72 avenue F\u00e9lix Faure, 75015 Paris, France\r\n<\/ul><ul>\r\n<hr>\r\n<strong>19 mars 2026 |<\/strong>\r\n\t<strong>\r\n\t\r\n\t\t\r\n\t<a href=\"https:\/\/telemme.mmsh.fr\/?post_type=page_de_membres&#038;p=5167\">Marcos Vinicius Marinho Fernandes<\/a> |\r\n\t\t\r\n\t\r\n\t\r\n\t<\/strong> \u00ab&nbsp;<a href=\"https:\/\/telemme.mmsh.fr\/?post_type=intervention_externe&#038;p=15932\">Fractured Kinship, Fractured Realm: Factional Discourse and Political Legitimacy in Castile\u2019s  Succession Crisis (1504-1506)<\/a>&nbsp;\u00bb, Colloque&nbsp;: <em> Unsagbare Konflikte? Parteikonflikte und Konfliktkommunikation in Vormoderne und Moderne<\/em>, org.&nbsp;: Olivier Canteaut, Georg Jostkleigrewe, Halle (Saale), Allemagne\r\n<\/ul><ul>\r\n<hr>\r\n<strong>9 mars 2026 |<\/strong>\r\n\t<strong>\r\n\t\r\n\t\t\r\n\t<a href=\"https:\/\/telemme.mmsh.fr\/?post_type=page_de_membres_test&#038;p=977\">Anne Carol<\/a> |\r\n\t\t\r\n\t\r\n\t\r\n\t<\/strong> \u00ab&nbsp;<a href=\"https:\/\/telemme.mmsh.fr\/?post_type=intervention_externe&#038;p=16531\">Les modes de traitement des d\u00e9pouilles humaines et l&rsquo;\u00e9cologie : une mise en contexte historique<\/a>&nbsp;\u00bb, Table ronde lancement ANR&nbsp;: <em> Dispositifs techniques \u00e9cologiques et transition fun\u00e9raire : questionner les normes du traitement des d\u00e9pouilles humaines en France, Suisse &#038; Belgique <\/em>, org.&nbsp;: ANR ECO-FUNERAIRE , Lyon, France\r\n<\/ul><ul>\r\n<hr>\r\n<strong>6 mars 2026 |<\/strong>\r\n\t<strong>\r\n\t\r\n\t\t\r\n\t<a href=\"https:\/\/telemme.mmsh.fr\/?post_type=page_de_membres_test&#038;p=1154\">Nicole Cad\u00e8ne<\/a> |\r\n\t\t\r\n\t\r\n\t\r\n\t<\/strong> \u00ab&nbsp;<a href=\"https:\/\/telemme.mmsh.fr\/?post_type=intervention_externe&#038;p=16655\">H\u00e9ro\u00efnes de l&rsquo;histoire. A travers le fonds Cad\u00e8ne<\/a>&nbsp;\u00bb, Conf\u00e9rence&nbsp;: <em> Journ\u00e9e internationale des femmes<\/em>, org.&nbsp;: Biblioth\u00e8que chevalier de Cessole, Biblioth\u00e8que chevalier de Cessole, Nice, France\r\n<\/ul><ul>\r\n<hr>\r\n<strong>20 f\u00e9vrier 2026 |<\/strong>\r\n\t<strong>\r\n\t\r\n\t\t\r\n\t<a href=\"https:\/\/telemme.mmsh.fr\/?post_type=page_de_membres&#038;p=5167\">Marcos Vinicius Marinho Fernandes<\/a> |\r\n\t\t\r\n\t\r\n\t\r\n\t<\/strong> \u00ab&nbsp;<a href=\"https:\/\/telemme.mmsh.fr\/?post_type=intervention_externe&#038;p=15828\">Diplomacy to Procure Marriages, Marriages to Expand Diplomacy: Analyzing Matrimonial Embassies Dynamics (1490-1520)<\/a>&nbsp;\u00bb, Conf\u00e9rence&nbsp;: <em> Renaissance Society of America 72nd Annual Meeting<\/em>, org.&nbsp;: Renaissance Society of America, San Francisco, \u00c9tats-Unis\r\n<\/ul><ul>\r\n<hr>\r\n<strong>19 f\u00e9vrier 2026 |<\/strong>\r\n\t<strong>\r\n\t\r\n\t\t\r\n\t<a href=\"https:\/\/telemme.mmsh.fr\/?post_type=page_de_membres_test&#038;p=977\">Anne Carol<\/a> |\r\n\t\t\r\n\t\r\n\t\r\n\t<\/strong> \u00ab&nbsp;<a href=\"https:\/\/telemme.mmsh.fr\/?post_type=intervention_externe&#038;p=16089\">Le corps mort comme objet de recherche<\/a>&nbsp;\u00bb, s\u00e9minaire&nbsp;: <em> s\u00e9minaire EHESS Corps, m\u00e9decine sant\u00e9 : histoire et sciences sociales<\/em>, org.&nbsp;: Anne Rasmussen et Rafael Mandressi, Paris, campus Condorcet, France\r\n<\/ul><ul>\r\n<hr>\r\n<strong>13 f\u00e9vrier 2026 |<\/strong>\r\n\t<strong>\r\n\t\r\n\t\t\r\n\t<a href=\"https:\/\/telemme.mmsh.fr\/?post_type=page_de_membres_test&#038;p=1040\">Isabelle Renaudet<\/a> |\r\n\t\t\r\n\t\r\n\t\r\n\t<\/strong> \u00ab&nbsp;<a href=\"https:\/\/telemme.mmsh.fr\/?post_type=intervention_externe&#038;p=16552\">Autour de l&rsquo;ouvrage La mobilisation comme gouvernement de soi. Devenir victime du franquisme aujourd&rsquo;hui de S\u00e9lim Smaoui<\/a>&nbsp;\u00bb, Table ronde&nbsp;: <em> Conf\u00e9rence-d\u00e9bat, Les victimes du franquisme et les formes de l\u2019engagement au nom du pass\u00e9<\/em>, org.&nbsp;: UMR Mesopolhis, MMSH, salle G .Duby, France\r\n<\/ul><ul>\r\n<hr>\r\n<strong>13 janvier 2026 |<\/strong>\r\n\t<strong>\r\n\t\r\n\t\t\r\n\t<a href=\"https:\/\/telemme.mmsh.fr\/?post_type=page_de_membres_test&#038;p=1003\">Sophie Gebeil<\/a> |\r\n\t\t\r\n\t\r\n\t\r\n\t<\/strong> \u00ab&nbsp;<a href=\"https:\/\/telemme.mmsh.fr\/?post_type=intervention_externe&#038;p=16435\">\u00ab\u00a0La race existe\u00a0\u00bb : le tournant postcolonial de 2005 en ligne<\/a>&nbsp;\u00bb, table ronde&nbsp;: <em> <\/em>, org.&nbsp;: Itay Lotem, IMERA, IMERA, Marseille, France\r\n<\/ul><ul>\r\n<hr>\r\n<strong>7 janvier 2026 |<\/strong>\r\n\t<strong>\r\n\t\r\n\t\t\r\n\t<a href=\"https:\/\/telemme.mmsh.fr\/?post_type=membres&#038;p=13607\">Nora Nafaa<\/a> |\r\n\t\t\r\n\t\r\n\t\r\n\t<\/strong> \u00ab&nbsp;<a href=\"https:\/\/telemme.mmsh.fr\/?post_type=intervention_externe&#038;p=16327\">Pr\u00e9sentation de l&rsquo;ouvrage As Public As Possible. Radical Finance for America&rsquo;s Public Schools<\/a>&nbsp;\u00bb, S\u00e9minaire&nbsp;: <em> Capitalisme &#038; Education<\/em>, org.&nbsp;: Esther Cyna, Marie M\u00e9nard, Nora Nafaa, MMSH, Aix-en-Provence, France\r\n<\/ul><ul>\r\n<hr>\r\n<strong>7 janvier 2026 |<\/strong>\r\n\t<strong>\r\n\t\r\n\t\t\r\n\t<a href=\"https:\/\/telemme.mmsh.fr\/?post_type=page_de_membres_test&#038;p=1023\">Nicolas Morales<\/a> |\r\n\t\t\r\n\t\r\n\t\r\n\t<\/strong> \u00ab&nbsp;<a href=\"https:\/\/telemme.mmsh.fr\/?post_type=intervention_externe&#038;p=16273\">\u201cLe retour du dernier des exil\u00e9s\u201d : usages politiques et m\u00e9moriels du Guernica de Picasso dans l\u2019Espagne d\u00e9mocratique<\/a>&nbsp;\u00bb, Journ\u00e9e d&rsquo;\u00e9tude&nbsp;: <em> L\u2019exil r\u00e9publicain espagnol : \u00ab strat\u00e9gies d\u2019effacement \u00bb, transmission et r\u00e9cup\u00e9ration des m\u00e9moires<\/em>, org.&nbsp;: M\u00e9lanie Tr\u00e9dez-Lopez (Universit\u00e9 d&rsquo;Artois, CoTraLIS), Arras. Universit\u00e9 d&rsquo;Artois, Maison de la Recherche, salle des colloques, France\r\n<\/ul><ul>\r\n<hr>\r\n<strong>17 d\u00e9cembre 2025 |<\/strong>\r\n\t<strong>\r\n\t\r\n\t\t\r\n\t<a href=\"https:\/\/telemme.mmsh.fr\/?post_type=page_de_membres_test&#038;p=996\">Daniel Faget<\/a> |\r\n\t\t\r\n\t<a href=\"https:\/\/telemme.mmsh.fr\/?post_type=membres&#038;p=10316\">Anne-Sophie Tribot<\/a> |\r\n\t\t\r\n\t<a href=\"https:\/\/telemme.mmsh.fr\/?post_type=membres&#038;p=11603\">Hugo Vermeren<\/a> |\r\n\t\t\r\n\t\r\n\t\r\n\t<\/strong> \u00ab&nbsp;<a href=\"https:\/\/telemme.mmsh.fr\/?post_type=intervention_externe&#038;p=16330\">Phoque moine de M\u00e9diterran\u00e9e, le retour ?<\/a>&nbsp;\u00bb, conf\u00e9rence&nbsp;: <em> Pression Hyperbar <\/em>, org.&nbsp;: OSU PYTHEAS, Brasserie Zou Ma\u00ef Marseille, France\r\n<\/ul><ul>\r\n<hr>\r\n<strong>11 d\u00e9cembre 2025 |<\/strong>\r\n\t<strong>\r\n\t\r\n\t\t\r\n\t<a href=\"https:\/\/telemme.mmsh.fr\/?post_type=page_de_membres_test&#038;p=1046\">Nicolas Vidoni<\/a> |\r\n\t\t\r\n\t\r\n\t\r\n\t<\/strong> \u00ab&nbsp;<a href=\"https:\/\/telemme.mmsh.fr\/?post_type=intervention_externe&#038;p=16310\">Mettre en mots un monde polic\u00e9. Dire le monde social avec des mots policiers : le cas du Journal de Paris, 1777-1799<\/a>&nbsp;\u00bb, Colloque international&nbsp;: <em> Ordre et d\u00e9sordres dans la presse. <\/em>, org.&nbsp;: Universit\u00e9 de Pise-Universit\u00e9 C\u00f4te d&rsquo;Azur, Universit\u00e9 de Pise, Italie\r\n<\/ul><ul>\r\n<hr>\r\n<strong>8 d\u00e9cembre 2025 |<\/strong>\r\n\t<strong>\r\n\t\r\n\t\t\r\n\t<a href=\"https:\/\/telemme.mmsh.fr\/?post_type=membres&#038;p=16184\">Valentine Bessieux<\/a> |\r\n\t\t\r\n\t\r\n\t\r\n\t<\/strong> \u00ab&nbsp;<a href=\"https:\/\/telemme.mmsh.fr\/?post_type=intervention_externe&#038;p=16368\">\u00ab\u00a0Le d\u00e9but de l&rsquo;aventure doctorale\u00a0\u00bb <\/a>&nbsp;\u00bb, Atelier de recherche&nbsp;: <em> Atelier de recherche des Master LLCER<\/em>, org.&nbsp;: Elisabel Larriba , Aix Marseille universit\u00e9 &#8211; campus Schuman, France\r\n<\/ul><ul>\r\n<hr>\r\n<strong>8 d\u00e9cembre 2025 |<\/strong>\r\n\t<strong>\r\n\t\r\n\t\r\n\t<\/strong> \u00ab&nbsp;<a href=\"https:\/\/telemme.mmsh.fr\/?post_type=intervention_externe&#038;p=16366\">Le d\u00e9but de l&rsquo;aventure doctorale <\/a>&nbsp;\u00bb, Atelier de recherche&nbsp;: <em> Atelier de recherche des Master LLCER <\/em>, org.&nbsp;: Elisabel Larriba , Aix Marseille Universit\u00e9 &#8211; campus Schuman, France\r\n<\/ul><ul>\r\n<hr>\r\n<strong>4 d\u00e9cembre 2025 |<\/strong>\r\n\t<strong>\r\n\t\r\n\t\t\r\n\t<a href=\"https:\/\/telemme.mmsh.fr\/?post_type=page_de_membres_test&#038;p=1045\">Laure Verdon<\/a> |\r\n\t\t\r\n\t\r\n\t\r\n\t<\/strong> \u00ab&nbsp;<a href=\"https:\/\/telemme.mmsh.fr\/?post_type=intervention_externe&#038;p=16317\">Les transactions seigneuriales de Guillaume IV de Forcalquier (fin du XIIe si\u00e8cle).<\/a>&nbsp;\u00bb, Atelier&nbsp;: <em> Les relations seigneuriales \u00e0 l&rsquo;aune des contrats portant sur la terre (Moyen \u00c2ge-XIXe si\u00e8cle).<\/em>, org.&nbsp;: Elie Haddad (CNRS-EHESS), Antoine Roullet (CNRS-EHESS), EHESS (CRH), 54 boulevard Raspail, 75006 Paris, France\r\n<\/ul><ul>\r\n<hr>\r\n<strong>21 novembre 2025 |<\/strong>\r\n\t<strong>\r\n\t\r\n\t\t\r\n\t<a href=\"https:\/\/telemme.mmsh.fr\/?post_type=page_de_membres_test&#038;p=1088\">Romain Facchini<\/a> |\r\n\t\t\r\n\t\r\n\t\r\n\t<\/strong> \u00ab&nbsp;<a href=\"https:\/\/telemme.mmsh.fr\/?post_type=intervention_externe&#038;p=16162\">Gouverner les \u00e9changes et occuper la ville : les mobilit\u00e9s marchandes f\u00e9minines et la ma\u00eetrise de l\u2019espace urbain \u00e0 Marseille au XVIIIe si\u00e8cle<\/a>&nbsp;\u00bb, Colloque&nbsp;: <em> De ville en ville. Retracer les circulations et r\u00e9seaux urbains au prisme des mobilit\u00e9s f\u00e9minines<\/em>, org.&nbsp;: Claire Delahaye, Marta Francia, Philippe Gambette, Mathilde Larr\u00e8re, Mari Oiry-Varacca, Caroline Trotot, Universit\u00e9 Gustave Eiffel, France\r\n<\/ul><ul>\r\n<hr>\r\n<strong>18 novembre 2025 |<\/strong>\r\n\t<strong>\r\n\t\r\n\t\t\r\n\t<a href=\"https:\/\/telemme.mmsh.fr\/?post_type=membres&#038;p=11603\">Hugo Vermeren<\/a> |\r\n\t\t\r\n\t\r\n\t\r\n\t<\/strong> \u00ab&nbsp;<a href=\"https:\/\/telemme.mmsh.fr\/?post_type=intervention_externe&#038;p=15953\">\u00ab\u00a0Historical Perspectives on a Bioinvasion: The Blue Crab in the Kerkennah Islands\u00a0\u00bb<\/a>&nbsp;\u00bb, Ecole de terrain&nbsp;: <em> \u00ab\u00a0Taxonomy-based Early Detection of Alien Invasive Species in the Mediterranean Marinas,\u00a0\u00bb<\/em>, org.&nbsp;: Institut National Agronomique de Tunis, Tunis, Tunisie\r\n<\/ul><ul>\r\n<hr>\r\n<strong>18 novembre 2025 |<\/strong>\r\n\t<strong>\r\n\t\r\n\t\t\r\n\t<a href=\"https:\/\/telemme.mmsh.fr\/?post_type=page_de_membres_test&#038;p=977\">Anne Carol<\/a> |\r\n\t\t\r\n\t\r\n\t\r\n\t<\/strong> \u00ab&nbsp;<a href=\"https:\/\/telemme.mmsh.fr\/?post_type=intervention_externe&#038;p=15888\">Secrets et mensonges en m\u00e9decine<\/a>&nbsp;\u00bb, conf\u00e9rence &#8211; caf\u00e9 d&rsquo;histoire&nbsp;: <em> Secrets et mensonges<\/em>, org.&nbsp;: Festival du film d&rsquo;histoire, Pessac, France\r\n<\/ul><ul>\r\n<hr>\r\n<strong>18 novembre 2025 |<\/strong>\r\n\t<strong>\r\n\t\r\n\t\t\r\n\t<a href=\"https:\/\/telemme.mmsh.fr\/?post_type=page_de_membres_test&#038;p=1003\">Sophie Gebeil<\/a> |\r\n\t\t\r\n\t\r\n\t\r\n\t<\/strong> \u00ab&nbsp;<a href=\"https:\/\/telemme.mmsh.fr\/?post_type=intervention_externe&#038;p=16118\">Les grands d\u00e9fis contemporains et leurs r\u00e9percussions sociopolitiques et culturelles et le r\u00f4le des universit\u00e9s pour les g\u00e9n\u00e9rations \u00e0 venir<\/a>&nbsp;\u00bb, Table ronde&nbsp;: <em> Construire un espace public en M\u00e9diterran\u00e9e port\u00e9 par la jeunesse<\/em>, org.&nbsp;: Transmed Politique de la jeunesse , Marseille, France\r\n<\/ul><ul>\r\n<hr>\r\n<strong>15 novembre 2025 |<\/strong>\r\n\t<strong>\r\n\t\r\n\t\t\r\n\t<a href=\"https:\/\/telemme.mmsh.fr\/?post_type=page_de_membres_test&#038;p=1088\">Romain Facchini<\/a> |\r\n\t\t\r\n\t\r\n\t\r\n\t<\/strong> \u00ab&nbsp;<a href=\"https:\/\/telemme.mmsh.fr\/?post_type=intervention_externe&#038;p=16102\">Le ventre du port : repr\u00e9sentations et r\u00e9alit\u00e9s des poissonni\u00e8res \u00e0 Marseille au XVIIIe si\u00e8cle<\/a>&nbsp;\u00bb, Journ\u00e9e d&rsquo;\u00e9tude&nbsp;: <em> Marsiho e la mar<\/em>, org.&nbsp;: , Marseille &#8211; Ch\u00e2teau de La Buzine, France\r\n<\/ul><ul>\r\n<hr>\r\n<strong>15 novembre 2025 |<\/strong>\r\n\t<strong>\r\n\t\r\n\t\t\r\n\t<a href=\"https:\/\/telemme.mmsh.fr\/?post_type=page_de_membres_test&#038;p=996\">Daniel Faget<\/a> |\r\n\t\t\r\n\t\r\n\t\r\n\t<\/strong> \u00ab&nbsp;<a href=\"https:\/\/telemme.mmsh.fr\/?post_type=intervention_externe&#038;p=15951\">NIS and cultural mutations in the Mediterranean<\/a>&nbsp;\u00bb, conf\u00e9rence&nbsp;: <em> International Field Training School \u201cTaxonomy-based early detection of Alien Invasive Species (AIS) in the Mediterranean marinas<\/em>, org.&nbsp;: A*Midex-IRMC-INAT Tunis, Tunis, Tunisie\r\n<\/ul><ul>\r\n<hr>\r\n<strong>15 novembre 2025 |<\/strong>\r\n\t<strong>\r\n\t\r\n\t\t\r\n\t<a href=\"https:\/\/telemme.mmsh.fr\/?post_type=page_de_membres&#038;p=5167\">Marcos Vinicius Marinho Fernandes<\/a> |\r\n\t\t\r\n\t\r\n\t\r\n\t<\/strong> \u00ab&nbsp;<a href=\"https:\/\/telemme.mmsh.fr\/?post_type=intervention_externe&#038;p=15751\">Princesses en qu\u00eate d\u2019amour : mod\u00e8les matrimoniaux et de pouvoir en tension (1490-1520)<\/a>&nbsp;\u00bb, Journ\u00e9e d&rsquo;\u00e9tudes&nbsp;: <em> Des pratiques affectives au service du lien social : amiti\u00e9, amour et charit\u00e9<\/em>, org.&nbsp;: Centre Roland Mousnier, Sorbonne Universit\u00e9, Paris, France\r\n<\/ul><ul>\r\n<hr>\r\n<strong>14 novembre 2025 |<\/strong>\r\n\t<strong>\r\n\t\r\n\t\t\r\n\t<a href=\"https:\/\/telemme.mmsh.fr\/?post_type=page_de_membres_test&#038;p=1012\">Karine Lambert<\/a> |\r\n\t\t\r\n\t\r\n\t\r\n\t<\/strong> \u00ab&nbsp;<a href=\"https:\/\/telemme.mmsh.fr\/?post_type=intervention_externe&#038;p=16086\">BRISER LE SILENCE DES MORTES ANATOMIE DE CRIMES- SEXOSP\u00c9CIFIQUES<\/a>&nbsp;\u00bb, Conf\u00e9rence&nbsp;: <em> BRISER LE SILENCE DES MORTES ANATOMIE DE CRIMES- SEXOSP\u00c9CIFIQUES<\/em>, org.&nbsp;: Laboratoire Philab. Facult\u00e9 des sciences humaines et sociales de Tunis, Tunis, Tunisie\r\n<\/ul><ul>\r\n<hr>\r\n<strong>14 novembre 2025 |<\/strong>\r\n\t<strong>\r\n\t\r\n\t\t\r\n\t<a href=\"https:\/\/telemme.mmsh.fr\/?post_type=page_de_membres_test&#038;p=1045\">Laure Verdon<\/a> |\r\n\t\t\r\n\t\r\n\t\r\n\t<\/strong> \u00ab&nbsp;<a href=\"https:\/\/telemme.mmsh.fr\/?post_type=intervention_externe&#038;p=16122\"> \u201csans intention de se s\u00e9parer du corps de l&rsquo;universitas&rsquo;. Quand le quartier s&rsquo;oppose \u00e0 la communaut\u00e9. Le cas de la rue Franche \u00e0 Hy\u00e8res (Basse Provence), 1399-1547&Prime;.<\/a>&nbsp;\u00bb, Colloque international&nbsp;: <em> La construcci\u00f3n de la ciudadan\u00eda en La Edad Media (II) Imaginarios, consensos y conflictos<\/em>, org.&nbsp;: Proyecto de investigaci\u00f3n: La construcci\u00f3n de la ciudadan\u00eda: discursos, pr\u00e1cticas, din\u00e1micas c\u00edvico-pol\u00edticas y conflicto a fines de la Edad Media (PID2022- 142392NB-I00), Facultad de Filosof\u00eda y Letras &#8211; Universidad de Valladolid, Espagne\r\n<\/ul><ul>\r\n<hr>\r\n<strong>13 novembre 2025 |<\/strong>\r\n\t<strong>\r\n\t\r\n\t\r\n\t\t\r\n\t<a href=\"https:\/\/telemme.mmsh.fr\/?post_type=page_membres_equipe&#038;p=6167\">Delphine Cavallo<\/a> |\r\n\t\t\r\n\t\r\n\t<\/strong> \u00ab&nbsp;<a href=\"https:\/\/telemme.mmsh.fr\/?post_type=intervention_externe&#038;p=15829\">Mars Imperium : exposer les donn\u00e9es de l&rsquo;histoire coloniale et post-coloniale de Marseille entre recherche et institutions culturelles et patrimoniales<\/a>&nbsp;\u00bb, Colloque&nbsp;: <em> DHNord 2025: Valoriser les donn\u00e9es de recherche en humanit\u00e9s num\u00e9riques, enjeux, pratiques, perspectives<\/em>, org.&nbsp;: MESHS Lille, Uuniversit\u00e9 de Lille (F\u00e9d\u00e9ration de Recherche &#8211; Sciences des Cultures et du Visuel), France\r\n<\/ul><ul>\r\n<hr>\r\n<strong>8 novembre 2025 |<\/strong>\r\n\t<strong>\r\n\t\r\n\t\t\r\n\t<a href=\"https:\/\/telemme.mmsh.fr\/?post_type=page_de_membres_test&#038;p=977\">Anne Carol<\/a> |\r\n\t\t\r\n\t\r\n\t\r\n\t<\/strong> \u00ab&nbsp;<a href=\"https:\/\/telemme.mmsh.fr\/?post_type=intervention_externe&#038;p=16036\">Prendre soin de nos chairs mortes<\/a>&nbsp;\u00bb, Table- ronde autour d&rsquo;un spectacle&nbsp;: <em> Les corps incorruptibles<\/em>, org.&nbsp;: Th\u00e9\u00e2tre de la Bastille, Paris, France\r\n<\/ul><ul>\r\n<hr>\r\n<strong>8 novembre 2025 |<\/strong>\r\n\t<strong>\r\n\t\r\n\t\t\r\n\t<a href=\"https:\/\/telemme.mmsh.fr\/?post_type=page_de_membres_test&#038;p=1012\">Karine Lambert<\/a> |\r\n\t\t\r\n\t\r\n\t\r\n\t<\/strong> \u00ab&nbsp;<a href=\"https:\/\/telemme.mmsh.fr\/?post_type=intervention_externe&#038;p=16084\">Femmes criminelles<\/a>&nbsp;\u00bb, table ronde&nbsp;: <em> AUX MARGES DE LA SOCI\u00c9T\u00c9, SORCI\u00c8RES, CRIMINELLES, FEMMES HYST\u00c9RIQUES : DES FEMMES D\u00c9VIANTES ?<\/em>, org.&nbsp;: Archives d\u00e9partementales des Bouches du Rh\u00f4ne, Marseille, France\r\n<\/ul><ul>\r\n<hr>\r\n<strong>21 octobre 2025 |<\/strong>\r\n\t<strong>\r\n\t\r\n\t\t\r\n\t<a href=\"https:\/\/telemme.mmsh.fr\/?post_type=membres&#038;p=16219\">Lou Laval Matip<\/a> |\r\n\t\t\r\n\t\r\n\t\r\n\t<\/strong> \u00ab&nbsp;<a href=\"https:\/\/telemme.mmsh.fr\/?post_type=intervention_externe&#038;p=16231\">M\u00e8res et enfants esclavis\u00e9\u00b7es, des malades n\u00e9glig\u00e9\u00b7es : l\u2019insucc\u00e8s d\u2019une politique nataliste coloniale (Cara\u00efbes fran\u00e7aises, XVIIIe si\u00e8cle)<\/a>&nbsp;\u00bb, Journ\u00e9e d&rsquo;\u00e9tude&nbsp;: <em> Malades et maladies n\u00e9glig\u00e9\u00b7es, perspectives (post-coloniales)<\/em>, org.&nbsp;: Ali ALRIFAE (IHM, CHUV-UNIL) et Guillaume LINTE (CNRS, MESOPOLHIS, amU), Institut des Humanit\u00e9s M\u00e9dicales &#8211; Lausanne, Suisse\r\n<\/ul><ul>\r\n<hr>\r\n<strong>21 octobre 2025 |<\/strong>\r\n\t<strong>\r\n\t\r\n\t\t\r\n\t<a href=\"https:\/\/telemme.mmsh.fr\/?post_type=page_de_membres_test&#038;p=1003\">Sophie Gebeil<\/a> |\r\n\t\t\r\n\t\r\n\t\r\n\t<\/strong> \u00ab&nbsp;<a href=\"https:\/\/telemme.mmsh.fr\/?post_type=intervention_externe&#038;p=16025\">Web Archives as a Source of Data for Critical and Inclusive Uses of AI in History<\/a>&nbsp;\u00bb, conf\u00e9rence&nbsp;: <em> Oberseminar Series 25\/26<\/em>, org.&nbsp;: Dr. Nadezhda Povroznik, Dr. Julianne Nyhan, Nathali Grund, Chair of Humanities Data Science and Methodology , Institute of History at the Technische Universit\u00e4t  Darmstadt (TU Darmstadt), Allemagne\r\n<\/ul><ul>\r\n<hr>\r\n<strong>18 octobre 2025 |<\/strong>\r\n\t<strong>\r\n\t\r\n\t\t\r\n\t<a href=\"https:\/\/telemme.mmsh.fr\/?post_type=page_de_membres_test&#038;p=996\">Daniel Faget<\/a> |\r\n\t\t\r\n\t\r\n\t\r\n\t<\/strong> \u00ab&nbsp;<a href=\"https:\/\/telemme.mmsh.fr\/?post_type=intervention_externe&#038;p=15974\">Changer pour mieux demeurer soi-m\u00eame : la cuisine m\u00e9diterran\u00e9enne<\/a>&nbsp;\u00bb, table ronde&nbsp;: <em> Salon du livre m\u00e9tropolitain PACA<\/em>, org.&nbsp;: M\u00e9tropole Aix-Marseille, Citadelle Saint-Nicolas Marseille, France\r\n<\/ul><ul>\r\n<hr>\r\n<strong>18 octobre 2025 |<\/strong>\r\n\t<strong>\r\n\t\r\n\t\t\r\n\t<a href=\"https:\/\/telemme.mmsh.fr\/?post_type=page_de_membres_test&#038;p=996\">Daniel Faget<\/a> |\r\n\t\t\r\n\t\r\n\t\r\n\t<\/strong> \u00ab&nbsp;<a href=\"https:\/\/telemme.mmsh.fr\/?post_type=intervention_externe&#038;p=15973\">Yannis Y\u00e9rakis. P\u00eacheurs d&rsquo;\u00e9ponges<\/a>&nbsp;\u00bb, conf\u00e9rence&nbsp;: <em> Salon du livre m\u00e9tropolitain PACA<\/em>, org.&nbsp;: M\u00e9tropole Aix-Marseille, Citadelle Saint-Nicolas Marseille, France\r\n<\/ul><ul>\r\n<hr>\r\n<strong>17 octobre 2025 |<\/strong>\r\n\t<strong>\r\n\t\r\n\t\t\r\n\t<a href=\"https:\/\/telemme.mmsh.fr\/?post_type=page_de_membres_test&#038;p=996\">Daniel Faget<\/a> |\r\n\t\t\r\n\t\r\n\t\r\n\t<\/strong> \u00ab&nbsp;<a href=\"https:\/\/telemme.mmsh.fr\/?post_type=intervention_externe&#038;p=15972\">Eloge vagabond de la m\u00e9diterran\u00e9e: un essai \u00e9co-po\u00e9tique<\/a>&nbsp;\u00bb, conf\u00e9rence&nbsp;: <em> Salon du livre m\u00e9tropolitain PACA<\/em>, org.&nbsp;: M\u00e9tropole Aix-Marseille, Citadelle Saint-Nicolas Marseille, France\r\n<\/ul><ul>\r\n<hr>\r\n<strong>16 octobre 2025 |<\/strong>\r\n\t<strong>\r\n\t\r\n\t\t\r\n\t<a href=\"https:\/\/telemme.mmsh.fr\/?post_type=membres&#038;p=13581\">Rocco Boero<\/a> |\r\n\t\t\r\n\t\r\n\t\r\n\t<\/strong> \u00ab&nbsp;<a href=\"https:\/\/telemme.mmsh.fr\/?post_type=intervention_externe&#038;p=16039\">La circulation de l&rsquo;information sanitaire et des savoirs administratifs dans l&rsquo;espace m\u00e9diterran\u00e9en. Le cas des bureaux de sant\u00e9 de Marseille, de G\u00eanes et de Livourne (1780-1830).<\/a>&nbsp;\u00bb, Colloque&nbsp;: <em> Les Hommes et la peste. 5O ans plus tard que sait-on ? Hommage \u00e0 Jean-No\u00ebl Biraben.<\/em>, org.&nbsp;: , Bordeaux- Espace Beaulieu, France\r\n<\/ul><ul>\r\n<hr>\r\n<strong>12 octobre 2025 |<\/strong>\r\n\t<strong>\r\n\t\r\n\t\t\r\n\t<a href=\"https:\/\/telemme.mmsh.fr\/?post_type=page_de_membres_test&#038;p=977\">Anne Carol<\/a> |\r\n\t\t\r\n\t\r\n\t\r\n\t<\/strong> \u00ab&nbsp;<a href=\"https:\/\/telemme.mmsh.fr\/?post_type=intervention_externe&#038;p=15799\">Table-ronde RV Histoire Blois<\/a>&nbsp;\u00bb, table-ronde&nbsp;: <em> Autour du livre d\u2019Olivier Christin et Fran\u00e7ois Zanetti De l\u2019Estomac. Controverses sur un organe (1709-1712)<\/em>, org.&nbsp;: Editions BHMS \/ Institut des Humanit\u00e9s m\u00e9dicales Lausanne, Blois, France\r\n<\/ul><ul>\r\n<hr>\r\n<strong>12 octobre 2025 |<\/strong>\r\n\t<strong>\r\n\t\r\n\t\t\r\n\t<a href=\"https:\/\/telemme.mmsh.fr\/?post_type=membres&#038;p=13581\">Rocco Boero<\/a> |\r\n\t\t\r\n\t\r\n\t\r\n\t<\/strong> \u00ab&nbsp;<a href=\"https:\/\/telemme.mmsh.fr\/?post_type=intervention_externe&#038;p=16016\">Tracer la fi\u00e8vre jaune. Dynamiques m\u00e9diterran\u00e9ennes face \u00e0 une nouvelle menace sanitaire<\/a>&nbsp;\u00bb, Atelier doctoral&nbsp;: <em> \u201cVous avez dit \u201ccirculations\u201d ? Espaces connect\u00e9s, espaces cloisonn\u00e9s dans une M\u00e9diterran\u00e9e globale de la Pr\u00e9histoire \u00e0 nos jours\u201d.<\/em>, org.&nbsp;: GlobalMed, H\u00f4tel Belv\u00e9d\u00e8re, Tunis\r\n<\/ul><ul>\r\n<hr>\r\n<strong>11 octobre 2025 |<\/strong>\r\n\t<strong>\r\n\t\r\n\t\t\r\n\t<a href=\"https:\/\/telemme.mmsh.fr\/?post_type=page_de_membres_test&#038;p=977\">Anne Carol<\/a> |\r\n\t\t\r\n\t\r\n\t\r\n\t<\/strong> \u00ab&nbsp;<a href=\"https:\/\/telemme.mmsh.fr\/?post_type=intervention_externe&#038;p=15620\">Histoire de la fin de vie depuis trois si\u00e8cles<\/a>&nbsp;\u00bb, colloque&nbsp;: <em> Regards crois\u00e9s sur la fin de vie<\/em>, org.&nbsp;: Universit\u00e9 populaire de Poissy, Poissy, France\r\n<\/ul><ul>\r\n<hr>\r\n<strong>10 octobre 2025 |<\/strong>\r\n\t<strong>\r\n\t\r\n\t\t\r\n\t<a href=\"https:\/\/telemme.mmsh.fr\/?post_type=page_de_membres_test&#038;p=1088\">Romain Facchini<\/a> |\r\n\t\t\r\n\t\r\n\t\r\n\t<\/strong> \u00ab&nbsp;<a href=\"https:\/\/telemme.mmsh.fr\/?post_type=intervention_externe&#038;p=15987\">\u00ab \u00c9pouse libre dans ses actions \u00bb : famille, droit et agentivit\u00e9 f\u00e9minine dans le commerce marseillais (XVIIe-XVIIIe si\u00e8cles)<\/a>&nbsp;\u00bb, S\u00e9minaire&nbsp;: <em> S\u00e9minaire d\u2019histoire de la famille et des populations : Soci\u00e9t\u00e9s, parent\u00e9, migrations, enfance, genre, sexualit\u00e9, sant\u00e9<\/em>, org.&nbsp;: Claire Chatelain, Corinne Gomez\u2010Le Chevanton, Vincent Gourdon, St\u00e9phane Jettot, Doriane Hare, Isabelle Robin, Fran\u00e7ois\u2010Joseph Ruggiu, Paris Sorbonne Centre Roland Mousnier, France\r\n<\/ul><ul>\r\n<hr>\r\n<strong>24 septembre 2025 |<\/strong>\r\n\t<strong>\r\n\t\r\n\t\t\r\n\t<a href=\"https:\/\/telemme.mmsh.fr\/?post_type=page_de_membres_test&#038;p=1003\">Sophie Gebeil<\/a> |\r\n\t\t\r\n\t\r\n\t\r\n\t<\/strong> \u00ab&nbsp;<a href=\"https:\/\/telemme.mmsh.fr\/?post_type=intervention_externe&#038;p=15943\">Archives et ethnographie du Web <\/a>&nbsp;\u00bb, s\u00e9minaire&nbsp;: <em> S\u00e9minaire PredicMO<\/em>, org.&nbsp;: ANR PREDICMO, MMSH, France\r\n<\/ul><ul>\r\n<hr>\r\n<strong>17 septembre 2025 |<\/strong>\r\n\t<strong>\r\n\t\r\n\t\t\r\n\t<a href=\"https:\/\/telemme.mmsh.fr\/?post_type=page_de_membres_test&#038;p=1003\">Sophie Gebeil<\/a> |\r\n\t\t\r\n\t\r\n\t\r\n\t<\/strong> \u00ab&nbsp;<a href=\"https:\/\/telemme.mmsh.fr\/?post_type=intervention_externe&#038;p=15927\">La recherche en histoire face \u00e0 la profusion des images num\u00e9riques et \u00e0 l&rsquo;IA g\u00e9n\u00e9rative <\/a>&nbsp;\u00bb, Table ronde&nbsp;: <em> La v\u00e9rit\u00e9 des images, table ronde organis\u00e9e par Louis Dieuzayde dans le cadre du Festival des Sciences et des Arts d&rsquo;Aix-Marseille Universit\u00e9 <\/em>, org.&nbsp;: Aix Marseille Universit\u00e9 , Le Cube, campus Schuman, 29 Av. Robert Schuman, 13100 Aix-en-Provence, France\r\n<\/ul><ul>\r\n<hr>\r\n<strong>11 septembre 2025 |<\/strong>\r\n\t<strong>\r\n\t\r\n\t\t\r\n\t<a href=\"https:\/\/telemme.mmsh.fr\/?post_type=page_de_membres_test&#038;p=996\">Daniel Faget<\/a> |\r\n\t\t\r\n\t\r\n\t\r\n\t<\/strong> \u00ab&nbsp;<a href=\"https:\/\/telemme.mmsh.fr\/?post_type=intervention_externe&#038;p=15759\">Le souffle et le trident  Diaspora halieutique grecque dans la M\u00e9diterran\u00e9e contemporaine<\/a>&nbsp;\u00bb, Colloque&nbsp;: <em> Les enfants de la M\u00e9diterran\u00e9e\u00a0: voyages, partages, naufrages et autres r\u00e9cits.<\/em>, org.&nbsp;: Association des Amis de la Villa K\u00e9rylos, Beaulieu-sur-Mer, France\r\n<\/ul><ul>\r\n<hr>\r\n<strong>11 septembre 2025 |<\/strong>\r\n\t<strong>\r\n\t\r\n\t\t\r\n\t<a href=\"https:\/\/telemme.mmsh.fr\/?post_type=page_de_membres_test&#038;p=1040\">Isabelle Renaudet<\/a> |\r\n\t\t\r\n\t\r\n\t\r\n\t<\/strong> \u00ab&nbsp;<a href=\"https:\/\/telemme.mmsh.fr\/?post_type=intervention_externe&#038;p=15893\">Session Fleurir les morts, mod\u00e9ration<\/a>&nbsp;\u00bb, Colloque&nbsp;: <em> Les plantes, les morts et les vivants.<\/em>, org.&nbsp;: Universit\u00e9 d&rsquo;Avignon, Campus Hannah Arendt, France\r\n<\/ul><ul>\r\n<hr>\r\n<strong>19 juin 2025 |<\/strong>\r\n\t<strong>\r\n\t\r\n\t\t\r\n\t<a href=\"https:\/\/telemme.mmsh.fr\/?post_type=page_de_membres_test&#038;p=1086\">Camille Caparos<\/a> |\r\n\t\t\r\n\t\r\n\t\r\n\t<\/strong> \u00ab&nbsp;<a href=\"https:\/\/telemme.mmsh.fr\/?post_type=intervention_externe&#038;p=15517\">Des chiffres qui donnent du pouvoir :  l\u2019\u00e9criture comptable des nobles proven\u00e7ales (XVIIIe-d\u00e9but du XIXe s.)<\/a>&nbsp;\u00bb, Journ\u00e9e d&rsquo;\u00e9tude&nbsp;: <em> \u00ab\u00a0Genre et argent\u00a0\u00bb<\/em>, org.&nbsp;: Anais Albert, Christopher Fletcher, Marianne Thivend et Valentina Toneatto, Paris-Sorbonne, France\r\n<\/ul><ul>\r\n<hr>\r\n<strong>19 juin 2025 |<\/strong>\r\n\t<strong>\r\n\t\r\n\t\t\r\n\t<a href=\"https:\/\/telemme.mmsh.fr\/?post_type=membres&#038;p=11904\">Claire Huet<\/a> |\r\n\t\t\r\n\t\r\n\t\r\n\t<\/strong> \u00ab&nbsp;<a href=\"https:\/\/telemme.mmsh.fr\/?post_type=intervention_externe&#038;p=15647\">Le couple et l\u2019\u00e9conomie quotidienne : la place des femmes mari\u00e9es dans le petit cr\u00e9dit au XVIIIe si\u00e8cle (Marseille et Montpellier)<\/a>&nbsp;\u00bb, Atelier de recherche&nbsp;: <em> Genre et argent<\/em>, org.&nbsp;: Ana\u00efs Albert, Christopher Fletcher, Julie Marfany, Marianne Thivend, Valentina Toneatto, Paris Cit\u00e9, France\r\n<\/ul><ul>\r\n<hr>\r\n<strong>19 juin 2025 |<\/strong>\r\n\t<strong>\r\n\t\r\n\t\t\r\n\t<a href=\"https:\/\/telemme.mmsh.fr\/?post_type=page_de_membres_test&#038;p=996\">Daniel Faget<\/a> |\r\n\t\t\r\n\t\r\n\t\r\n\t<\/strong> \u00ab&nbsp;<a href=\"https:\/\/telemme.mmsh.fr\/?post_type=intervention_externe&#038;p=15612\">L\u2019adaptabilit\u00e9 des p\u00eaches artisanales \u00e0 l\u2019arriv\u00e9e en M\u00e9diterran\u00e9e des esp\u00e8ces exotiques envahissantes. Le cas des crabes bleus en Tunisie (2015-2025)<\/a>&nbsp;\u00bb, conf\u00e9rence&nbsp;: <em> ACTUALIT\u00c9 DE LA RECHERCHE SUR LA P\u00caCHE<\/em>, org.&nbsp;: Mus\u00e9e National de la Marine Paris Trocadero, Palais de Chaillot Paris, France\r\n<\/ul><ul>\r\n<hr>\r\n<strong>13 juin 2025 |<\/strong>\r\n\t<strong>\r\n\t\r\n\t\t\r\n\t<a href=\"https:\/\/telemme.mmsh.fr\/?post_type=page_de_membres_test&#038;p=1088\">Romain Facchini<\/a> |\r\n\t\t\r\n\t\r\n\t\r\n\t<\/strong> \u00ab&nbsp;<a href=\"https:\/\/telemme.mmsh.fr\/?post_type=intervention_externe&#038;p=15567\">Voir ce qui n\u2019est pas visible : les repr\u00e9sentations du travail des femmes marchandes \u00e0 Marseille au XVIIIe si\u00e8cle<\/a>&nbsp;\u00bb, Colloque international&nbsp;: <em> Le commerce et ses repr\u00e9sentations. L\u2019activit\u00e9 marchande dans les arts et l\u2019architecture aux XVIIe et XVIIIe si\u00e8cles<\/em>, org.&nbsp;: \u00c9lisa B\u00e9rard, Maxime Bray, Justine Cardoletti, Florence Fesneau, Barbara Jouves-Hann, Maxime-Georges M\u00e9traux, Alice Ottazzi, Ma\u00ebl Tauzi\u00e8de-Espariat, Cl\u00e9mence Pau, Jean Potel, Universit\u00e9 Paris 1\/INHA, France\r\n<\/ul><ul>\r\n<hr>\r\n<strong>12 juin 2025 |<\/strong>\r\n\t<strong>\r\n\t\r\n\t\t\r\n\t<a href=\"https:\/\/telemme.mmsh.fr\/?post_type=page_de_membres_test&#038;p=996\">Daniel Faget<\/a> |\r\n\t\t\r\n\t\r\n\t\r\n\t<\/strong> \u00ab&nbsp;<a href=\"https:\/\/telemme.mmsh.fr\/?post_type=intervention_externe&#038;p=15611\">Entre subir et choisir. Esp\u00e8ces marines introduites et fabrique d\u2019une identit\u00e9 m\u00e9diterran\u00e9enne<\/a>&nbsp;\u00bb, Journ\u00e9e d&rsquo;\u00e9tudes&nbsp;: <em> Philosophie de terrain. Les EEExotiquEEEs en pEEErspEEEctivEEE<\/em>, org.&nbsp;: Centre Gilles Gaston Granger UMR 7304, Maison de la Recherche Aix-en-Provence, France\r\n<\/ul><ul>\r\n<hr>\r\n<strong>12 juin 2025 |<\/strong>\r\n\t<strong>\r\n\t\r\n\t\t\r\n\t<a href=\"https:\/\/telemme.mmsh.fr\/?post_type=page_de_membres_test&#038;p=1003\">Sophie Gebeil<\/a> |\r\n\t\t\r\n\t\r\n\t\r\n\t<\/strong> \u00ab&nbsp;<a href=\"https:\/\/telemme.mmsh.fr\/?post_type=intervention_externe&#038;p=15616\">Web Archives as Historical Sources: Challenges, Responsibilities, and Pedagogical Opportunities in the Digital Age<\/a>&nbsp;\u00bb, Forum &#8211; Conseil de l&rsquo;Europe&nbsp;: <em> O\u00f9 les apprenants rencontrent l&rsquo;histoire : R\u00e9affirmer le r\u00f4le de l&rsquo;enseignement de l&rsquo;histoire au XXI\u00e8me si\u00e8cle<\/em>, org.&nbsp;: le programme intergouvernemental sur l\u2019enseignement de l\u2019histoire du Conseil de l\u2019Europe, Budapest, Hongrie\r\n<\/ul><ul>\r\n<hr>\r\n<strong>11 juin 2025 |<\/strong>\r\n\t<strong>\r\n\t\r\n\t\t\r\n\t<a href=\"https:\/\/telemme.mmsh.fr\/?post_type=page_de_membres_test&#038;p=996\">Daniel Faget<\/a> |\r\n\t\t\r\n\t<a href=\"https:\/\/telemme.mmsh.fr\/?post_type=membres&#038;p=11603\">Hugo Vermeren<\/a> |\r\n\t\t\r\n\t\r\n\t\r\n\t<\/strong> \u00ab&nbsp;<a href=\"https:\/\/telemme.mmsh.fr\/?post_type=intervention_externe&#038;p=15610\">La discorde d\u2019El Bahira (\u0627\u0644\u0628\u0627\u0647\u064a\u0631\u0629). Une \u00e9co-histoire des p\u00eaches lagunaires en Tunisie (milieu XIXe-ann\u00e9es 1950)<\/a>&nbsp;\u00bb, colloque&nbsp;: <em> L\u2019empire colonial fran\u00e7ais et l\u2019environnement (XVIe \u2013 XXe si\u00e8cles)<\/em>, org.&nbsp;: IHMC- ANOM (Archives nationales d\u2019outre-mer), ANOM Aix-en-Provence, France\r\n<\/ul><ul>\r\n<hr>\r\n<strong>11 juin 2025 |<\/strong>\r\n\t<strong>\r\n\t\r\n\t\t\r\n\t<a href=\"https:\/\/telemme.mmsh.fr\/?post_type=page_de_membres_test&#038;p=1001\">Eve Fourmont Giustiniani<\/a> |\r\n\t\t\r\n\t\r\n\t\r\n\t<\/strong> \u00ab&nbsp;<a href=\"https:\/\/telemme.mmsh.fr\/?post_type=intervention_externe&#038;p=15586\">Traducciones y recepciones internacionales de \u00abLa deshumanizaci\u00f3n del arte\u00bb e \u00abIdeas sobre la novela\u00bb<\/a>&nbsp;\u00bb, table-ronde&nbsp;: <em> Congreso internacional \u00ab\u00a0La deshumanizaci\u00f3n del arte, 100 a\u00f1os despu\u00e9s\u00a0\u00bb<\/em>, org.&nbsp;: CSIC, Fundaci\u00f3n Ortega\u2013Gregorio Mara\u00f1\u00f3n, Universidad San Pablo-CEU, Madrid, Espagne\r\n<\/ul><ul>\r\n<hr>\r\n<strong>6 juin 2025 |<\/strong>\r\n\t<strong>\r\n\t\r\n\t\t\r\n\t<a href=\"https:\/\/telemme.mmsh.fr\/?post_type=page_de_membres_test&#038;p=1003\">Sophie Gebeil<\/a> |\r\n\t\t\r\n\t\r\n\t\r\n\t<\/strong> \u00ab&nbsp;<a href=\"https:\/\/telemme.mmsh.fr\/?post_type=intervention_externe&#038;p=15607\">AI: A Lever for \u2018Decolonizing\u2019 Archives? Web Archives as a Datafield for Critical and Inclusive Uses of AI in History<\/a>&nbsp;\u00bb, Conf\u00e9rence internationale&nbsp;: <em> RESASW 2025 &#8211; The Datafied Web<\/em>, org.&nbsp;: Marcus Burkhardt, CRC, Siegen University, GE Carolin Gerlitz, Media Studies, Speaker CRC Media of Cooperation (DFG), Siegen University, GE Sebastian Gie\u00dfmann, CRC, Siegen University, GE Val\u00e9rie Schafer, C\u00b2DH, University of Luxembourg Inga Schuppener, CRC,, Siegen, Allemagne\r\n<\/ul><ul>\r\n<hr>\r\n<strong>5 juin 2025 |<\/strong>\r\n\t<strong>\r\n\t\r\n\t\t\r\n\t<a href=\"https:\/\/telemme.mmsh.fr\/?post_type=membres&#038;p=13581\">Rocco Boero<\/a> |\r\n\t\t\r\n\t\r\n\t\r\n\t<\/strong> \u00ab&nbsp;<a href=\"https:\/\/telemme.mmsh.fr\/?post_type=intervention_externe&#038;p=15622\">La contribution de Gaetano Palloni au d\u00e9bat scientifique sur la contagiosit\u00e9 de la fi\u00e8vre jaune \u00e0 partir de l&rsquo;\u00e9pid\u00e9mie de Livourne de 1804.<\/a>&nbsp;\u00bb, Congr\u00e8s international&nbsp;: <em> Epidemics : contacts and contagions, reactions and emotions<\/em>, org.&nbsp;: CNR &#8211; ISEM &#8211; Ined, Polo Umanistico CNR &#8211; Napoli, Italie\r\n<\/ul><ul>\r\n<hr>\r\n<strong>5 juin 2025 |<\/strong>\r\n\t<strong>\r\n\t\r\n\t\t\r\n\t<a href=\"https:\/\/telemme.mmsh.fr\/?post_type=page_de_membres_test&#038;p=1003\">Sophie Gebeil<\/a> |\r\n\t\t\r\n\t\r\n\t\r\n\t<\/strong> \u00ab&nbsp;<a href=\"https:\/\/telemme.mmsh.fr\/?post_type=intervention_externe&#038;p=15604\">Archiving and Researching the Datafied Web: Creating an  Internal Web Archiving Service and the WebLab at the Mediterranean House of Human Sciences <\/a>&nbsp;\u00bb, Conf\u00e9rence internationale&nbsp;: <em> RESAW 2025 &#8211; The Datafied Web<\/em>, org.&nbsp;: WMarcus Burkhardt, CRC, Siegen University, GE Carolin Gerlitz, Media Studies, Speaker CRC Media of Cooperation (DFG), Siegen University, GE Sebastian Gie\u00dfmann, CRC, Siegen University, GE Val\u00e9rie Schafer, C\u00b2DH, University of Luxembourg Inga Schuppener, CRC, Siegen, Allemagne\r\n<\/ul><ul>\r\n<hr>\r\n<strong>5 juin 2025 |<\/strong>\r\n\t<strong>\r\n\t\r\n\t\t\r\n\t<a href=\"https:\/\/telemme.mmsh.fr\/?post_type=page_de_membres_test&#038;p=1086\">Camille Caparos<\/a> |\r\n\t\t\r\n\t\r\n\t\r\n\t<\/strong> \u00ab&nbsp;<a href=\"https:\/\/telemme.mmsh.fr\/?post_type=intervention_externe&#038;p=15516\">L\u2019\u00e9criture de l\u2019\u00ab honneste femme \u00bb : expression f\u00e9minine de la noblesse en contexte priv\u00e9 (Provence-Languedoc, XVIIIe-d\u00e9but du XIXe si\u00e8cle) <\/a>&nbsp;\u00bb, Colloque&nbsp;: <em> VOIX DE FEMMES SUR LA NOBLESSE &#8211; COLLOQUE INTERNATIONAL, 5-6 JUIN 2025<\/em>, org.&nbsp;: Bertrand GOUJON (Universit\u00e9 de Reims Champagne-Ardenne), Camille POLLET (CRHIA \u2013 CRH) et Cl\u00e9ment de VASSELOT DE REGNE (Institut catholique de Rennes), Institut catholique de Rennes, Ker Lann, France\r\n<\/ul><ul>\r\n<hr>\r\n<strong>5 juin 2025 |<\/strong>\r\n\t<strong>\r\n\t\r\n\t\t\r\n\t<a href=\"https:\/\/telemme.mmsh.fr\/?post_type=page_de_membres_test&#038;p=1003\">Sophie Gebeil<\/a> |\r\n\t\t\r\n\t\r\n\t\r\n\t<\/strong> \u00ab&nbsp;<a href=\"https:\/\/telemme.mmsh.fr\/?post_type=intervention_externe&#038;p=15605\">Presentation of the RESAW 2023 Proceedings &#8211; Exploring the Archived Web during a Highly Transformative Age<\/a>&nbsp;\u00bb, Conf\u00e9rence internationale&nbsp;: <em> RESAW 2025 &#8211; The Datafied Web<\/em>, org.&nbsp;: WMarcus Burkhardt, CRC, Siegen University, GE Carolin Gerlitz, Media Studies, Speaker CRC Media of Cooperation (DFG), Siegen University, GE Sebastian Gie\u00dfmann, CRC, Siegen University, GE Val\u00e9rie Schafer, C\u00b2DH, University of Luxembourg Inga Schuppener, CRC, Siegen, Allemagne\r\n<\/ul><ul>\r\n<hr>\r\n<strong>5 juin 2025 |<\/strong>\r\n\t<strong>\r\n\t\r\n\t\t\r\n\t<a href=\"https:\/\/telemme.mmsh.fr\/?post_type=page_de_membres&#038;p=5167\">Marcos Vinicius Marinho Fernandes<\/a> |\r\n\t\t\r\n\t\r\n\t\r\n\t<\/strong> \u00ab&nbsp;<a href=\"https:\/\/telemme.mmsh.fr\/?post_type=intervention_externe&#038;p=15282\">To Marry or Not to Marry: Serving the Dynastic Interest (1490\u20131520)<\/a>&nbsp;\u00bb, Conf\u00e9rence&nbsp;: <em> Beyond the King: Diplomacy, Social Roles and Family Dynamics of Monarchies<\/em>, org.&nbsp;: Royal Studies Network, Court Studies and Diplomacy Research Group, Centre for History of the University of Lisbon, Lisbonne, Portugal\r\n<\/ul><ul>\r\n<hr>\r\n<strong>5 juin 2025 |<\/strong>\r\n\t<strong>\r\n\t\r\n\t\t\r\n\t<a href=\"https:\/\/telemme.mmsh.fr\/?post_type=page_de_membres_test&#038;p=1017\">Isabelle Luciani<\/a> |\r\n\t\t\r\n\t\r\n\t\r\n\t<\/strong> \u00ab&nbsp;<a href=\"https:\/\/telemme.mmsh.fr\/?post_type=intervention_externe&#038;p=15522\">Vieillissement, \u00e9criture et rem\u00e9diation m\u00e9morielle. L&rsquo;apport des sources manuscrites de la p\u00e9riode moderne. <\/a>&nbsp;\u00bb, Table-ronde&nbsp;: <em> Laboratoire, Histoire &#038; Cit\u00e9. M\u00e9moire et \u00e9criture : de la plume au clavier.<\/em>, org.&nbsp;: Sylvie Moret P\u00e9trini, Lausanne, Suisse\r\n<\/ul><ul>\r\n<hr>\r\n<strong>3 juin 2025 |<\/strong>\r\n\t<strong>\r\n\t\r\n\t\t\r\n\t<a href=\"https:\/\/telemme.mmsh.fr\/?post_type=page_de_membres_test&#038;p=1088\">Romain Facchini<\/a> |\r\n\t\t\r\n\t\r\n\t\r\n\t<\/strong> \u00ab&nbsp;<a href=\"https:\/\/telemme.mmsh.fr\/?post_type=intervention_externe&#038;p=15566\">Sans r\u00e9putation point de commerce ? Approche structurelle de la vie quotidienne des femmes marchandes \u00e0 Marseille au XVIIIe si\u00e8cle<\/a>&nbsp;\u00bb, Colloque&nbsp;: <em> Femmes illustres, femmes inf\u00e2mes. La r\u00e9putation f\u00e9minine en France (1550-1750)<\/em>, org.&nbsp;: Delphine Amstutz, Aur\u00e9lie Bonnefoy, Catherine Pascal, L\u00e9o Stambul, Universit\u00e9 Paul-Val\u00e9ry, Montpellier, France\r\n<\/ul><ul>\r\n<hr>\r\n<strong>23 mai 2025 |<\/strong>\r\n\t<strong>\r\n\t\r\n\t\t\r\n\t<a href=\"https:\/\/telemme.mmsh.fr\/?post_type=page_de_membres_test&#038;p=1017\">Isabelle Luciani<\/a> |\r\n\t\t\r\n\t\r\n\t\r\n\t<\/strong> \u00ab&nbsp;<a href=\"https:\/\/telemme.mmsh.fr\/?post_type=intervention_externe&#038;p=15521\">\u00ab \u00c9critures quotidiennes et geste m\u00e9moriel : les livres de raison proven\u00e7aux de la p\u00e9riode moderne \u00bb<\/a>&nbsp;\u00bb, Colloque&nbsp;: <em> Usages des m\u00e9moires. De la Renaissance \u00e0 nos jours. <\/em>, org.&nbsp;: Yohann Deguin, Cyril Frances, Sylvain Ledda, Rouen, France\r\n<\/ul><ul>\r\n<hr>\r\n<strong>23 mai 2025 |<\/strong>\r\n\t<strong>\r\n\t\r\n\t\t\r\n\t<a href=\"https:\/\/telemme.mmsh.fr\/?post_type=page_de_membres_test&#038;p=1003\">Sophie Gebeil<\/a> |\r\n\t\t\r\n\t\r\n\t\r\n\t<\/strong> \u00ab&nbsp;<a href=\"https:\/\/telemme.mmsh.fr\/?post_type=intervention_externe&#038;p=15544\"> Using born digital sources for diplomatic history &#8211; Round Table<\/a>&nbsp;\u00bb, Conference internationale&nbsp;: <em> New Diplomatic History 2025 Sciences po Aix<\/em>, org.&nbsp;: Nicolas Badalassi, Sciences po Aix, Mesopolhis, AMUS, CNRS, Sciences Po Aix, Aix-en-Provence, France\r\n<\/ul><ul>\r\n<hr>\r\n<strong>23 mai 2025 |<\/strong>\r\n\t<strong>\r\n\t\r\n\t\t\r\n\t<a href=\"https:\/\/telemme.mmsh.fr\/?post_type=page_de_membres_test&#038;p=1003\">Sophie Gebeil<\/a> |\r\n\t\t\r\n\t\r\n\t\r\n\t<\/strong> \u00ab&nbsp;<a href=\"https:\/\/telemme.mmsh.fr\/?post_type=intervention_externe&#038;p=15384\">Using born digital sources for diplomatic history <\/a>&nbsp;\u00bb, Conference internationale&nbsp;: <em> The World and Europe: Diplomatic Transfers, Networks, Representations and Practices. New Diplomatic History 2025<\/em>, org.&nbsp;: New Diplomatic History, Sciences Po Aix, Aix-en-Provence, France\r\n<\/ul><ul>\r\n<hr>\r\n<strong>22 mai 2025 |<\/strong>\r\n\t<strong>\r\n\t\r\n\t\t\r\n\t<a href=\"https:\/\/telemme.mmsh.fr\/?post_type=page_de_membres&#038;p=5167\">Marcos Vinicius Marinho Fernandes<\/a> |\r\n\t\t\r\n\t\r\n\t\r\n\t<\/strong> \u00ab&nbsp;<a href=\"https:\/\/telemme.mmsh.fr\/?post_type=intervention_externe&#038;p=15214\">Noces \u00e0 Milan : diplomaties matrimoniales royales et le partage de l\u2019Italie (1494-1528)<\/a>&nbsp;\u00bb, Colloque&nbsp;: <em> La diplomatie de la France en Italie, de la fin du XVe si\u00e8cle au Second Empire<\/em>, org.&nbsp;: Karine Deharbe, St\u00e9phanie Maccagnan,  Marc Ortolani, Jean-Pierre Pantalacci , Universit\u00e9 C\u00f4te d&rsquo;Azur- Facult\u00e9 de droit et Science politique, France\r\n<\/ul><ul>\r\n<hr>\r\n<strong>22 mai 2025 |<\/strong>\r\n\t<strong>\r\n\t\r\n\t\t\r\n\t<a href=\"https:\/\/telemme.mmsh.fr\/?post_type=page_de_membres_test&#038;p=1001\">Eve Fourmont Giustiniani<\/a> |\r\n\t\t\r\n\t\r\n\t\r\n\t<\/strong> \u00ab&nbsp;<a href=\"https:\/\/telemme.mmsh.fr\/?post_type=intervention_externe&#038;p=15627\">Ortega y Gasset y los artistas de vanguardia<\/a>&nbsp;\u00bb, universit\u00e9 d&rsquo;\u00e9t\u00e9&nbsp;: <em>  Ortega y el arte. A prop\u00f3sito del centenario de &lsquo;La deshumanizaci\u00f3n del arte&rsquo;<\/em>, org.&nbsp;: Institut d\u2019Humanitats, Centre de Cultura Contempor\u00e0nea de Barcelona \/ Centro de Estudios Orteguianos, Fundaci\u00f3n Ortega-Mara\u00f1\u00f3n, Madrid, Barcelone \/ Madrid, Espagne\r\n<\/ul><ul>\r\n<hr>\r\n<strong>13 mai 2025 |<\/strong>\r\n\t<strong>\r\n\t\r\n\t\t\r\n\t<a href=\"https:\/\/telemme.mmsh.fr\/?post_type=page_de_membres_test&#038;p=977\">Anne Carol<\/a> |\r\n\t\t\r\n\t\r\n\t\r\n\t<\/strong> \u00ab&nbsp;<a href=\"https:\/\/telemme.mmsh.fr\/?post_type=intervention_externe&#038;p=15420\">Les corps incorruptibles<\/a>&nbsp;\u00bb, Table ronde&nbsp;: <em> Carte blanche<\/em>, org.&nbsp;: Th\u00e9\u00e2tre de la Joliette, Marseille, France\r\n<\/ul><ul>\r\n<hr>\r\n<strong>30 avril 2025 |<\/strong>\r\n\t<strong>\r\n\t\r\n\t\t\r\n\t<a href=\"https:\/\/telemme.mmsh.fr\/?post_type=membres&#038;p=11904\">Claire Huet<\/a> |\r\n\t\t\r\n\t\r\n\t\r\n\t<\/strong> \u00ab&nbsp;<a href=\"https:\/\/telemme.mmsh.fr\/?post_type=intervention_externe&#038;p=15646\">Credit, Gender and Household Economies : Women&rsquo;s Role in Family Financial Strategies<\/a>&nbsp;\u00bb, Webinar&nbsp;: <em> <\/em>, org.&nbsp;: European Labour History Network &#8211; Labour and Family Economy Working Group, En ligne\r\n<\/ul><ul>\r\n<hr>\r\n<strong>30 avril 2025 |<\/strong>\r\n\t<strong>\r\n\t\r\n\t\t\r\n\t<a href=\"https:\/\/telemme.mmsh.fr\/?post_type=page_de_membres_test&#038;p=1001\">Eve Fourmont Giustiniani<\/a> |\r\n\t\t\r\n\t\r\n\t\r\n\t<\/strong> \u00ab&nbsp;<a href=\"https:\/\/telemme.mmsh.fr\/?post_type=intervention_externe&#038;p=15584\">Dans l&rsquo;engrenage de la pers\u00e9cution: les exil\u00e9s r\u00e9publicains espagnols entre r\u00e9pression franquiste et internement fran\u00e7ais. M\u00e9caniques de l&rsquo;oppression, fabrique de l\u2019ennemi et voies de r\u00e9sistance<\/a>&nbsp;\u00bb, Rencontres Enseignants-Chercheurs&nbsp;: <em> Journ\u00e9e d\u2019\u00e9tudes \u00ab\u00a0Exil et r\u00e9pression: la fabrique de l&rsquo;ennemi\u00a0\u00bb<\/em>, org.&nbsp;: Fondation du Camp des Milles \/ Rectorat de l\u2019Acad\u00e9mie d\u2019Aix-Marseille, Aix-en-Provence, France\r\n<\/ul><ul>\r\n<hr>\r\n<strong>24 avril 2025 |<\/strong>\r\n\t<strong>\r\n\t\r\n\t\t\r\n\t<a href=\"https:\/\/telemme.mmsh.fr\/?post_type=page_de_membres_test&#038;p=1001\">Eve Fourmont Giustiniani<\/a> |\r\n\t\t\r\n\t\r\n\t\r\n\t<\/strong> \u00ab&nbsp;<a href=\"https:\/\/telemme.mmsh.fr\/?post_type=intervention_externe&#038;p=15585\">El ensayismo republicano exiliado en la Espan\u0303a de la Transicio\u0301n : la compleja repatriacio\u0301n de un pensamiento internacionalizado<\/a>&nbsp;\u00bb, colloque international&nbsp;: <em> Encrucijadas internacionales en la filosof\u00eda y el ensayo: Espa\u00f1a (1976-1992)<\/em>, org.&nbsp;: AMERIBER (Universit\u00e9 Bordeaux III) \/ 3L.AM (Universit\u00e9 du Maine), Facultad de Filosof\u00eda, UNED, Madrid, Espagne\r\n<\/ul><ul>\r\n<hr>\r\n<strong>23 avril 2025 |<\/strong>\r\n\t<strong>\r\n\t\r\n\t\t\r\n\t<a href=\"https:\/\/telemme.mmsh.fr\/?post_type=page_de_membres_test&#038;p=1154\">Nicole Cad\u00e8ne<\/a> |\r\n\t\t\r\n\t\r\n\t\r\n\t<\/strong> \u00ab&nbsp;<a href=\"https:\/\/telemme.mmsh.fr\/?post_type=intervention_externe&#038;p=15470\">Des candidates ill\u00e9gales mais des candidates<\/a>&nbsp;\u00bb, Interview media&nbsp;: <em> LSD &#8211; S\u00e9rie le droit de vote des femmes. 150 ans de combats<\/em>, org.&nbsp;: France Culture, \r\n<\/ul><ul>\r\n<hr>\r\n<strong>16 avril 2025 |<\/strong>\r\n\t<strong>\r\n\t\r\n\t\t\r\n\t<a href=\"https:\/\/telemme.mmsh.fr\/?post_type=page_de_membres_test&#038;p=1021\">Paul Minvielle<\/a> |\r\n\t\t\r\n\t\r\n\t\r\n\t<\/strong> \u00ab&nbsp;<a href=\"https:\/\/telemme.mmsh.fr\/?post_type=intervention_externe&#038;p=15453\">La mise en place d\u2019un observatoire du foncier agricole dans la m\u00e9tropole AMP, Aix-Marseille-Provence<\/a>&nbsp;\u00bb, Journ\u00e9e scientifique internationale&nbsp;: <em> Foncier agricole en ville : enjeux, adaptations et perspectives<\/em>, org.&nbsp;: Agritakhh, Campus Condorcet &#8211; Centre des colloques, France\r\n<\/ul><ul>\r\n<hr>\r\n<strong>11 avril 2025 |<\/strong>\r\n\t<strong>\r\n\t\r\n\t\t\r\n\t<a href=\"https:\/\/telemme.mmsh.fr\/?post_type=page_de_membres_test&#038;p=977\">Anne Carol<\/a> |\r\n\t\t\r\n\t\r\n\t\r\n\t<\/strong> \u00ab&nbsp;<a href=\"https:\/\/telemme.mmsh.fr\/?post_type=intervention_externe&#038;p=15262\">Fournir des corps \u00e0 la m\u00e9decine, Paris, XIXe si\u00e8cle<\/a>&nbsp;\u00bb, s\u00e9minaire EHESS&nbsp;: <em> Histoire de la m\u00e9decine, des favoris sur le corps et de la mort<\/em>, org.&nbsp;: EHESS, Paris, France\r\n<\/ul><ul>\r\n<hr>\r\n<strong>10 avril 2025 |<\/strong>\r\n\t<strong>\r\n\t\r\n\t\t\r\n\t<a href=\"https:\/\/telemme.mmsh.fr\/?post_type=page_de_membres_test&#038;p=1084\">Fabien Bartolotti<\/a> |\r\n\t\t\r\n\t\r\n\t\r\n\t<\/strong> \u00ab&nbsp;<a href=\"https:\/\/telemme.mmsh.fr\/?post_type=intervention_externe&#038;p=15403\"> Les pollutions industrialo-portuaires dans la r\u00e9gion marseillaise du XIXe si\u00e8cle \u00e0 nos jours<\/a>&nbsp;\u00bb, Conf\u00e9rence&nbsp;: <em> <\/em>, org.&nbsp;: ISF Provence, Centrale M\u00e9diterran\u00e9e\r\n<\/ul><ul>\r\n<hr>\r\n<strong>9 avril 2025 |<\/strong>\r\n\t<strong>\r\n\t\r\n\t\t\r\n\t<a href=\"https:\/\/telemme.mmsh.fr\/?post_type=page_de_membres_test&#038;p=977\">Anne Carol<\/a> |\r\n\t\t\r\n\t\r\n\t\r\n\t<\/strong> \u00ab&nbsp;<a href=\"https:\/\/telemme.mmsh.fr\/?post_type=intervention_externe&#038;p=15388\">Les catacombes de Paris : du d\u00e9potoir \u00e0 l&rsquo;attraction<\/a>&nbsp;\u00bb, communication&nbsp;: <em> S\u00e9minaire d&rsquo;arch\u00e9ologie fun\u00e9raire : Placer et d\u00e9placer les morts<\/em>, org.&nbsp;: Mus\u00e9um d&rsquo;histoire naturelle &#8211; Paris I, Paris, Institut d&rsquo;art et d&rsquo;arch\u00e9ologie, France\r\n<\/ul><ul>\r\n<hr>\r\n<strong>3 avril 2025 |<\/strong>\r\n\t<strong>\r\n\t\r\n\t\t\r\n\t<a href=\"https:\/\/telemme.mmsh.fr\/?post_type=page_de_membres_test&#038;p=1082\">Virginie Tisserant<\/a> |\r\n\t\t\r\n\t\r\n\t\r\n\t<\/strong> \u00ab&nbsp;<a href=\"https:\/\/telemme.mmsh.fr\/?post_type=intervention_externe&#038;p=15370\">Occidentaliser l\u2019Ib\u00e9ro-Am\u00e9rique par l\u2019Ib\u00e9rosph\u00e8re: comment le parti politique Vox tente de r\u00e9\u00e9crire les relations bilat\u00e9rales et la m\u00e9moire des empires ib\u00e9riques<\/a>&nbsp;\u00bb, Colloque&nbsp;: <em> \u201cRelecture des empires ib\u00e9riques : Espagne, Portugal, Am\u00e9rique de 1890 \u00e0 nos jours\u201d<\/em>, org.&nbsp;: Universit\u00e9 Angers, Angers, France\r\n<\/ul><ul>\r\n<hr>\r\n<strong>3 avril 2025 |<\/strong>\r\n\t<strong>\r\n\t\r\n\t\t\r\n\t<a href=\"https:\/\/telemme.mmsh.fr\/?post_type=page_de_membres_test&#038;p=1003\">Sophie Gebeil<\/a> |\r\n\t\t\r\n\t\r\n\t\r\n\t<\/strong> \u00ab&nbsp;<a href=\"https:\/\/telemme.mmsh.fr\/?post_type=intervention_externe&#038;p=15331\">Web archives and their contemporary socio-technical contexts: new challenges and perspectives<\/a>&nbsp;\u00bb, Colloque&nbsp;: <em> Born-Digital Collections, Archives and Memory<\/em>, org.&nbsp;: London School University, Senate House, London School University, Royaume-Uni\r\n<\/ul><ul>\r\n<hr>\r\n<strong>31 mars 2025 |<\/strong>\r\n\t<strong>\r\n\t\r\n\t\t\r\n\t<a href=\"https:\/\/telemme.mmsh.fr\/?post_type=membres&#038;p=13581\">Rocco Boero<\/a> |\r\n\t\t\r\n\t\r\n\t\r\n\t<\/strong> \u00ab&nbsp;<a href=\"https:\/\/telemme.mmsh.fr\/?post_type=intervention_externe&#038;p=15414\">Il porto come \u201cdata hub\u201d dell\u2019informazione sanitaria. Il caso del capitano ragusano Matteo Millich nella corrispondenza degli uffici di sanit\u00e0 di Marsiglia, Genova e Livorno (1784)<\/a>&nbsp;\u00bb, colloque&nbsp;: <em> I Porti. Persone, economia, fortificazioni e ruolo strategico<\/em>, org.&nbsp;: Laboratorio di Storia Marittima e Navale (NavLab) &#8211; Centro di ricerca Fernand Braudel, Aula Magna &#8211; Scuola di scienze umanistiche &#8211; Via Balbi 2 &#8211; Genova, Italie\r\n<\/ul><ul>\r\n<hr>\r\n<strong>28 mars 2025 |<\/strong>\r\n\t<strong>\r\n\t\r\n\t\t\r\n\t<a href=\"https:\/\/telemme.mmsh.fr\/?post_type=page_de_membres_test&#038;p=1084\">Fabien Bartolotti<\/a> |\r\n\t\t\r\n\t\r\n\t\r\n\t<\/strong> \u00ab&nbsp;<a href=\"https:\/\/telemme.mmsh.fr\/?post_type=intervention_externe&#038;p=15393\">Entre coop\u00e9ration et comp\u00e9tition : naissance et diffusion de l\u2019expertise environnementale dans les ports m\u00e9diterran\u00e9ens (ann\u00e9es 1950-2000)<\/a>&nbsp;\u00bb, Colloque&nbsp;: <em> La M\u00e9diterran\u00e9e \u00e0 l\u2019\u00e9preuve de l\u2019histoire environnementale (XVIe-XXIe si\u00e8cle)<\/em>, org.&nbsp;: Simon Dolet, L\u00e9onie Boissi\u00e8re, MSHS Nice\r\n<\/ul><ul>\r\n<hr>\r\n<strong>27 mars 2025 |<\/strong>\r\n\t<strong>\r\n\t\r\n\t\t\r\n\t<a href=\"https:\/\/telemme.mmsh.fr\/?post_type=page_de_membres_test&#038;p=1130\">Sonia Zerbib<\/a> |\r\n\t\t\r\n\t\r\n\t\r\n\t<\/strong> \u00ab&nbsp;<a href=\"https:\/\/telemme.mmsh.fr\/?post_type=intervention_externe&#038;p=15386\">A la table des dieux : les banquets nuptiaux m\u00e9dic\u00e9ens (1539-1608)<\/a>&nbsp;\u00bb, S\u00e9minaire&nbsp;: <em> \u00ab\u00a0A table !\u00a0\u00bb<\/em>, org.&nbsp;: SIER, Universit\u00e9 Paul Valery Montpellier III- Site Saint-Charles, France\r\n<\/ul><ul>\r\n<hr>\r\n<strong>27 mars 2025 |<\/strong>\r\n\t<strong>\r\n\t\r\n\t\t\r\n\t<a href=\"https:\/\/telemme.mmsh.fr\/?post_type=page_de_membres_test&#038;p=1084\">Fabien Bartolotti<\/a> |\r\n\t\t\r\n\t\r\n\t\r\n\t<\/strong> \u00ab&nbsp;<a href=\"https:\/\/telemme.mmsh.fr\/?post_type=intervention_externe&#038;p=15392\">Les compagnies p\u00e9troli\u00e8res et le march\u00e9 de la d\u00e9pollution maritime en France (ann\u00e9es 1950-1980)<\/a>&nbsp;\u00bb, Colloque&nbsp;: <em> Journ\u00e9es d&rsquo;Histoire du Management et des Organisations &#8211; Les effets des entreprises capitalistes sur l&rsquo;environnement en zone littorale<\/em>, org.&nbsp;: Pierre Labardin, Eve Lamendour, Bruno Marnot, Soumaya El Hayek Sfeir, Rose Toki, La Rochelle\r\n<\/ul><ul>\r\n<hr>\r\n<strong>22 mars 2025 |<\/strong>\r\n\t<strong>\r\n\t\r\n\t\t\r\n\t<a href=\"https:\/\/telemme.mmsh.fr\/?post_type=page_de_membres_test&#038;p=1084\">Fabien Bartolotti<\/a> |\r\n\t\t\r\n\t\r\n\t\r\n\t<\/strong> \u00ab&nbsp;<a href=\"https:\/\/telemme.mmsh.fr\/?post_type=intervention_externe&#038;p=15327\">Pr\u00e9sentation de l&rsquo;ouvrage \u00ab\u00a0Ecumeurs des quais\u00a0\u00bb<\/a>&nbsp;\u00bb, Conf\u00e9rence&nbsp;: <em> <\/em>, org.&nbsp;: Mus\u00e9e Regards de Provence, Marseille\r\n<\/ul><ul>\r\n<hr>\r\n<strong>20 mars 2025 |<\/strong>\r\n\t<strong>\r\n\t\r\n\t\t\r\n\t<a href=\"https:\/\/telemme.mmsh.fr\/?post_type=page_de_membres_test&#038;p=1084\">Fabien Bartolotti<\/a> |\r\n\t\t\r\n\t<a href=\"https:\/\/telemme.mmsh.fr\/?post_type=page_de_membres_test&#038;p=929\">Xavier Daumalin<\/a> |\r\n\t\t\r\n\t\r\n\t\r\n\t<\/strong> \u00ab&nbsp;<a href=\"https:\/\/telemme.mmsh.fr\/?post_type=intervention_externe&#038;p=15326\">Gustave Fayet : de la viticulture \u00e0 l\u2019industrie<\/a>&nbsp;\u00bb, Conf\u00e9rence&nbsp;: <em> Saison Fayet 2025<\/em>, org.&nbsp;: Soci\u00e9t\u00e9 arch\u00e9ologique, scientifique et litt\u00e9raire de B\u00e9ziers, B\u00e9ziers\r\n<\/ul><ul>\r\n<hr>\r\n<strong>19 mars 2025 |<\/strong>\r\n\t<strong>\r\n\t\r\n\t\t\r\n\t<a href=\"https:\/\/telemme.mmsh.fr\/?post_type=page_de_membres_test&#038;p=1082\">Virginie Tisserant<\/a> |\r\n\t\t\r\n\t\r\n\t\r\n\t<\/strong> \u00ab&nbsp;<a href=\"https:\/\/telemme.mmsh.fr\/?post_type=intervention_externe&#038;p=14752\">Le rapport aux institutions de Vox : discours et pratiques du pouvoir 2019-2023<\/a>&nbsp;\u00bb, LES POPULISMES EUROP\u00c9ENS : IDENTIT\u00c9S, PRATIQUES, DISCOURS ET R\u00c9SISTANCES DANS LES D\u00c9MOCRATIES OCCIDENTALES ACTUELLES&nbsp;: <em> <\/em>, org.&nbsp;: , UNIVERSIT\u00c9 LYON 3 &#8211; JEAN MOULIN, France\r\n<\/ul><ul>\r\n<hr>\r\n<strong>13 mars 2025 |<\/strong>\r\n\t<strong>\r\n\t\r\n\t\t\r\n\t<a href=\"https:\/\/telemme.mmsh.fr\/?post_type=page_de_membres_test&#038;p=976\">Mauve Carbonell<\/a> |\r\n\t\t\r\n\t\r\n\t\r\n\t<\/strong> \u00ab&nbsp;<a href=\"https:\/\/telemme.mmsh.fr\/?post_type=intervention_externe&#038;p=16229\">La relation Monnet &#8211; Schuman vue par leurs biographes<\/a>&nbsp;\u00bb, Colloque&nbsp;: <em> Jean Monnet et Robert Schuman, visions et m\u00e9thodes pour l\u2019Europe d\u2019hier et de demain<\/em>, org.&nbsp;: Institut Jean Monnet, Paris, France\r\n<\/ul><ul>\r\n<hr>\r\n<strong>12 mars 2025 |<\/strong>\r\n\t<strong>\r\n\t\r\n\t\t\r\n\t<a href=\"https:\/\/telemme.mmsh.fr\/?post_type=page_de_membres_test&#038;p=1023\">Nicolas Morales<\/a> |\r\n\t\t\r\n\t\r\n\t\r\n\t<\/strong> \u00ab&nbsp;<a href=\"https:\/\/telemme.mmsh.fr\/?post_type=intervention_externe&#038;p=15334\">De quoi l&rsquo;Espagne est-elle le nom ? Gen\u00e8se d&rsquo;un \u00ab\u00a0\u00c9tat-R\u00e9gions\u00a0\u00bb dans l&rsquo;Europe contemporaine<\/a>&nbsp;\u00bb, Conf\u00e9rence&nbsp;: <em> Conf\u00e9rences de l&rsquo;Institut Portalis, Facult\u00e9 de Droit et de Science Politique. Aix-Marseille Universit\u00e9<\/em>, org.&nbsp;: Alexandre Ferraci, Facult\u00e9 de Droit et de Science Politique, Aix-Marseille Universit\u00e9, Facult\u00e9 de Droit, B\u00e2timent principal &#8211; Pouillon &#8211; Amphi MISTRAL &#8211; 19h00-20h00, France\r\n<\/ul><ul>\r\n<hr>\r\n<strong>10 mars 2025 |<\/strong>\r\n\t<strong>\r\n\t\r\n\t\t\r\n\t<a href=\"https:\/\/telemme.mmsh.fr\/?post_type=page_de_membres_test&#038;p=1154\">Nicole Cad\u00e8ne<\/a> |\r\n\t\t\r\n\t\r\n\t\r\n\t<\/strong> \u00ab&nbsp;<a href=\"https:\/\/telemme.mmsh.fr\/?post_type=intervention_externe&#038;p=15311\">Olympe de Gouges, une femme dans la R\u00e9volution<\/a>&nbsp;\u00bb, D\u00e9bat&nbsp;: <em> 6e Semaine internationale du droit des femmes<\/em>, org.&nbsp;: Ville de Mouans-Sartoux, Cin\u00e9ma la Strada, Mouans-Sartoux, France\r\n<\/ul><ul>\r\n<hr>\r\n<strong>8 mars 2025 |<\/strong>\r\n\t<strong>\r\n\t\r\n\t\t\r\n\t<a href=\"https:\/\/telemme.mmsh.fr\/?post_type=page_de_membres_test&#038;p=1154\">Nicole Cad\u00e8ne<\/a> |\r\n\t\t\r\n\t\r\n\t\r\n\t<\/strong> \u00ab&nbsp;<a href=\"https:\/\/telemme.mmsh.fr\/?post_type=intervention_externe&#038;p=15255\">Hubertine Auclert, les voies de l&rsquo;affranchissement <\/a>&nbsp;\u00bb, Conf\u00e9rence&nbsp;: <em> <\/em>, org.&nbsp;: M\u00e9diath\u00e8que Samuel Paty, Collectif Hubertine Auclert, m\u00e9diath\u00e8que Samuel Paty, Moulins, France\r\n<\/ul><ul>\r\n<hr>\r\n<strong>4 mars 2025 |<\/strong>\r\n\t<strong>\r\n\t\r\n\t\t\r\n\t<a href=\"https:\/\/telemme.mmsh.fr\/?post_type=page_de_membres_test&#038;p=1039\">C\u00e9line Regnard<\/a> |\r\n\t\t\r\n\t<a href=\"https:\/\/telemme.mmsh.fr\/?post_type=page_de_membres_test&#038;p=1084\">Fabien Bartolotti<\/a> |\r\n\t\t\r\n\t\r\n\t\r\n\t<\/strong> \u00ab&nbsp;<a href=\"https:\/\/telemme.mmsh.fr\/?post_type=intervention_externe&#038;p=15325\">Penser l\u2019h\u00e9ritage colonial de Marseille : les apports du programme Mars Imperium<\/a>&nbsp;\u00bb, S\u00e9minaire&nbsp;: <em> Mani\u00e8res d&rsquo;h\u00e9riter<\/em>, org.&nbsp;: Muriel Girard, Matthieu Duperrex (INAMA\/ENSAM), IMVT-Marseille\r\n<\/ul><ul>\r\n<hr>\r\n<strong>16 f\u00e9vrier 2025 |<\/strong>\r\n\t<strong>\r\n\t\r\n\t\t\r\n\t<a href=\"https:\/\/telemme.mmsh.fr\/?post_type=page_de_membres_test&#038;p=1003\">Sophie Gebeil<\/a> |\r\n\t\t\r\n\t\r\n\t\r\n\t<\/strong> \u00ab&nbsp;<a href=\"https:\/\/telemme.mmsh.fr\/?post_type=intervention_externe&#038;p=15330\">L\u2019archivage du web : enjeux et opportunit\u00e9s pour d\u00e9velopper une culture de l\u2019information et des m\u00e9dias <\/a>&nbsp;\u00bb, conf\u00e9rence&nbsp;: <em> Les Caf\u00e9s SIC. Plan Acad\u00e9mique de Formation &#8211; Professeurs documentaliste &#8211; Acad\u00e9mie de Dijon<\/em>, org.&nbsp;: Acad\u00e9mie de Dijon &#8211; Johann Jambu , Dijon, France\r\n<\/ul><ul>\r\n<hr>\r\n<strong>8 f\u00e9vrier 2025 |<\/strong>\r\n\t<strong>\r\n\t\r\n\t\t\r\n\t<a href=\"https:\/\/telemme.mmsh.fr\/?post_type=page_de_membres_test&#038;p=1084\">Fabien Bartolotti<\/a> |\r\n\t\t\r\n\t\r\n\t\r\n\t<\/strong> \u00ab&nbsp;<a href=\"https:\/\/telemme.mmsh.fr\/?post_type=intervention_externe&#038;p=15269\">De Marseille au golfe de Fos : deux si\u00e8cles de pollutions industrialo-portuaires<\/a>&nbsp;\u00bb, Conf\u00e9rence&nbsp;: <em> Vers une durabilit\u00e9 n\u00e9cessaire : la M\u00e9diterran\u00e9e en crise<\/em>, org.&nbsp;: COP4 \u00c9tudiante, Marseille\r\n<\/ul><ul>\r\n<hr>\r\n<strong>7 f\u00e9vrier 2025 |<\/strong>\r\n\t<strong>\r\n\t\r\n\t\t\r\n\t<a href=\"https:\/\/telemme.mmsh.fr\/?post_type=page_de_membres_test&#038;p=976\">Mauve Carbonell<\/a> |\r\n\t\t\r\n\t\r\n\t\r\n\t<\/strong> \u00ab&nbsp;<a href=\"https:\/\/telemme.mmsh.fr\/?post_type=intervention_externe&#038;p=16228\">Alumine et environnement en Europe, les conflits autour des usines d&rsquo;Aughinish (Irlande) et Stade (Allemagne), ann\u00e9es 1970-2000<\/a>&nbsp;\u00bb, Conf\u00e9rence&nbsp;: <em> Acier et Aluminium face aux d\u00e9fis du \u00abd\u00e9veloppement durable\u00bb<\/em>, org.&nbsp;: Universit\u00e9 Grenoble Alpes, Universit\u00e9 Grenoble Alpes, France\r\n<\/ul><ul>\r\n<hr>\r\n<strong>6 f\u00e9vrier 2025 |<\/strong>\r\n\t<strong>\r\n\t\r\n\t\t\r\n\t<a href=\"https:\/\/telemme.mmsh.fr\/?post_type=page_de_membres_test&#038;p=1084\">Fabien Bartolotti<\/a> |\r\n\t\t\r\n\t\r\n\t\r\n\t<\/strong> \u00ab&nbsp;<a href=\"https:\/\/telemme.mmsh.fr\/?post_type=intervention_externe&#038;p=15280\">Pr\u00e9sentation de l&rsquo;ouvrage \u00ab\u00a0Ecumeurs des quais\u00a0\u00bb<\/a>&nbsp;\u00bb, Table ronde&nbsp;: <em> <\/em>, org.&nbsp;: Librairie L&rsquo;\u00eele aux mots, Marseille\r\n<\/ul><ul>\r\n<hr>\r\n<strong>5 f\u00e9vrier 2025 |<\/strong>\r\n\t<strong>\r\n\t\r\n\t\t\r\n\t<a href=\"https:\/\/telemme.mmsh.fr\/?post_type=page_de_membres_test&#038;p=1003\">Sophie Gebeil<\/a> |\r\n\t\t\r\n\t\r\n\t\r\n\t<\/strong> \u00ab&nbsp;<a href=\"https:\/\/telemme.mmsh.fr\/?post_type=intervention_externe&#038;p=15167\">Pr\u00e9sentation de la cartographie contributive des acteurs et actrices engag\u00e9s dans l&rsquo;\u00e9ducation \u00e0 la citoyennet\u00e9 num\u00e9rique<\/a>&nbsp;\u00bb, Journ\u00e9e d&rsquo;\u00e9tudes&nbsp;: <em> S\u00e9ance d\u2019ouverture &#8211; Cycle de Rencontres Citoyennet\u00e9 Num\u00e9rique et Diversit\u00e9<\/em>, org.&nbsp;: Perrine Martin et Julien Garric, INSP\u00e9, 2 av. Jules Isaac, Aix-en-Provence\r\n<\/ul><ul>\r\n<hr>\r\n<strong>29 janvier 2025 |<\/strong>\r\n\t<strong>\r\n\t\r\n\t\t\r\n\t<a href=\"https:\/\/telemme.mmsh.fr\/?post_type=page_de_membres_test&#038;p=1084\">Fabien Bartolotti<\/a> |\r\n\t\t\r\n\t\r\n\t\r\n\t<\/strong> \u00ab&nbsp;<a href=\"https:\/\/telemme.mmsh.fr\/?post_type=intervention_externe&#038;p=15211\">Le port de Marseille du XVIIIe si\u00e8cle \u00e0 nos jours\u00a0: espaces, acteurs, fonctions<\/a>&nbsp;\u00bb, S\u00e9minaire&nbsp;: <em> Enqu\u00eate collective du master RCAHS \u00ab\u00a0conflits de m\u00e9moire et usages du territoire\u00a0\u00bb<\/em>, org.&nbsp;: Eleonora Canepari, Thomas Langlois, \u00c9loi Ficquet, EHESS Marseille\r\n<\/ul><ul>\r\n<hr>\r\n<strong>20 janvier 2025 |<\/strong>\r\n\t<strong>\r\n\t\r\n\t\t\r\n\t<a href=\"https:\/\/telemme.mmsh.fr\/?post_type=page_de_membres_test&#038;p=996\">Daniel Faget<\/a> |\r\n\t\t\r\n\t<a href=\"https:\/\/telemme.mmsh.fr\/?post_type=membres&#038;p=10316\">Anne-Sophie Tribot<\/a> |\r\n\t\t\r\n\t\r\n\t\r\n\t<\/strong> \u00ab&nbsp;<a href=\"https:\/\/telemme.mmsh.fr\/?post_type=intervention_externe&#038;p=15081\">La biodiversit\u00e9 aquatique d\u00e9crypt\u00e9e par l&rsquo;art<\/a>&nbsp;\u00bb, Webinaire&nbsp;: <em> Les mus\u00e9ums et la recherche en r\u00e9gion PACA : \u00e9changer pour mieux collaborer<\/em>, org.&nbsp;: Mus\u00e9um d\u2019Histoire naturelle de Marseille &#8211; C.BORRELY, A. MEFFRAY Aix Marseille Universit\u00e9 &#8211; CNRS &#8211; Institut M\u00e9diterran\u00e9en d&rsquo;Oc\u00e9anologie &#8211; V. GROSSI, Marseille, France\r\n<\/ul><ul>\r\n<hr>\r\n<strong>16 janvier 2025 |<\/strong>\r\n\t<strong>\r\n\t\r\n\t\t\r\n\t<a href=\"https:\/\/telemme.mmsh.fr\/?post_type=page_de_membres_test&#038;p=1088\">Romain Facchini<\/a> |\r\n\t\t\r\n\t\r\n\t\r\n\t<\/strong> \u00ab&nbsp;<a href=\"https:\/\/telemme.mmsh.fr\/?post_type=intervention_externe&#038;p=14831\">\u2018Les ma\u00eetresses de la place\u2019 : l\u2019activit\u00e9 marchande des Marseillaises dans l\u2019espace urbain au XVIIIe si\u00e8cle<\/a>&nbsp;\u00bb, S\u00e9minaire&nbsp;: <em> S\u00e9minaire Entreprises, March\u00e9s, R\u00e9gulation<\/em>, org.&nbsp;: Natacha Coquery, Anne Dalmasso, Guillaume Garner, Camille Cordier, Antoine Ropion, Bastien Tourenc, J\u00e9r\u00f4me Blanc, Herv\u00e9 Joly, Fran\u00e7ois Robert, Antoine Vernet, MSH Lyon, France\r\n<\/ul><ul>\r\n<hr>\r\n<strong>19 d\u00e9cembre 2024 |<\/strong>\r\n\t<strong>\r\n\t\r\n\t\t\r\n\t<a href=\"https:\/\/telemme.mmsh.fr\/?post_type=page_de_membres_test&#038;p=1084\">Fabien Bartolotti<\/a> |\r\n\t\t\r\n\t\r\n\t\r\n\t<\/strong> \u00ab&nbsp;<a href=\"https:\/\/telemme.mmsh.fr\/?post_type=intervention_externe&#038;p=15279\">Une guerre des chiffres. Marseille, l\u2019AOF et le march\u00e9 des ol\u00e9agineux au temps de l\u2019Union fran\u00e7aise (1946-1958)<\/a>&nbsp;\u00bb, Colloque&nbsp;: <em> Ce que compter veut dire en situation imp\u00e9riale et coloniale<\/em>, org.&nbsp;: B\u00e9atrice Touchelay, Fabien Cardoni, IGPDE, minist\u00e8re de l\u2019\u00c9conomie et des Finances\r\n<\/ul><ul>\r\n<hr>\r\n<strong>17 d\u00e9cembre 2024 |<\/strong>\r\n\t<strong>\r\n\t\r\n\t\t\r\n\t<a href=\"https:\/\/telemme.mmsh.fr\/?post_type=page_de_membres_test&#038;p=1084\">Fabien Bartolotti<\/a> |\r\n\t\t\r\n\t\r\n\t\r\n\t<\/strong> \u00ab&nbsp;<a href=\"https:\/\/telemme.mmsh.fr\/?post_type=intervention_externe&#038;p=15278\">Le patrimoine portuaire marseillais<\/a>&nbsp;\u00bb, Conf\u00e9rence&nbsp;: <em> S\u00e9jour de recherche du master \u00ab\u00a0Patrimoine\u00a0\u00bb de l\u2019EHESS Paris<\/em>, org.&nbsp;: Liliane Hilaire-Perez, Marseille\r\n<\/ul><ul>\r\n<hr>\r\n<strong>13 d\u00e9cembre 2024 |<\/strong>\r\n\t<strong>\r\n\t\r\n\t\r\n\t\t\r\n\t<a href=\"https:\/\/telemme.mmsh.fr\/?post_type=page_membres_equipe&#038;p=6167\">Delphine Cavallo<\/a> |\r\n\t\t\r\n\t\r\n\t<\/strong> \u00ab&nbsp;<a href=\"https:\/\/telemme.mmsh.fr\/?post_type=intervention_externe&#038;p=14728\">Formation-atelier \u00e0 l&rsquo;\u00e9criture num\u00e9rique<\/a>&nbsp;\u00bb, Formation&nbsp;: <em> Cycle de conf\u00e9rences et de formations m\u00e9thodologiques en sciences humaines et sociales<\/em>, org.&nbsp;: IRMC \/ MADAR, IRMC et ISSHT, Tunisie\r\n<\/ul><\/div><\/div><\/div><\/div>","protected":false},"excerpt":{"rendered":"<p>Les membres de l&rsquo;UMR TELEMME interviennent dans de nombreuses circonstances \u00e0 l&rsquo;ext\u00e9rieur du laboratoire.Ces interventions peuvent \u00eatre scientifiques lors de colloques, de journ\u00e9es d&rsquo;\u00e9tudes ou de s\u00e9minaires, elles peuvent aussi&hellip;&nbsp;<a href=\"https:\/\/telemme.mmsh.fr\/?page_id=6021\" rel=\"bookmark\">Lire la suite &raquo;<span class=\"screen-reader-text\">Interventions externes des membres de TELEMMe<\/span><\/a><\/p>\n","protected":false},"author":6,"featured_media":0,"parent":2324,"menu_order":8,"comment_status":"closed","ping_status":"closed","template":"","meta":{"neve_meta_sidebar":"full-width","neve_meta_container":"default","neve_meta_enable_content_width":"on","neve_meta_content_width":90,"neve_meta_title_alignment":"","neve_meta_author_avatar":"","neve_post_elements_order":"","neve_meta_disable_header":"","neve_meta_disable_footer":"","neve_meta_disable_title":"","footnotes":""},"class_list":["post-6021","page","type-page","status-publish","hentry"],"yoast_head":"<!-- This site is optimized with the Yoast SEO plugin v27.4 - https:\/\/yoast.com\/product\/yoast-seo-wordpress\/ -->\n<title>Interventions externes des membres de TELEMMe - TELEMMe - Temps, espaces, langages, Europe m\u00e9ridionale, M\u00e9diterran\u00e9e<\/title>\n<meta name=\"robots\" content=\"index, follow, max-snippet:-1, max-image-preview:large, max-video-preview:-1\" \/>\n<link rel=\"canonical\" href=\"https:\/\/telemme.mmsh.fr\/?page_id=6021\" \/>\n<meta property=\"og:locale\" content=\"fr_FR\" \/>\n<meta property=\"og:type\" content=\"article\" \/>\n<meta property=\"og:title\" content=\"Interventions externes des membres de TELEMMe - TELEMMe - Temps, espaces, langages, Europe m\u00e9ridionale, M\u00e9diterran\u00e9e\" \/>\n<meta property=\"og:description\" content=\"Les membres de l&rsquo;UMR TELEMME interviennent dans de nombreuses circonstances \u00e0 l&rsquo;ext\u00e9rieur du laboratoire.Ces interventions peuvent \u00eatre scientifiques lors de colloques, de journ\u00e9es d&rsquo;\u00e9tudes ou de s\u00e9minaires, elles peuvent aussi&hellip;&nbsp;Lire la suite &raquo;Interventions externes des membres de TELEMMe\" \/>\n<meta property=\"og:url\" content=\"https:\/\/telemme.mmsh.fr\/?page_id=6021\" \/>\n<meta property=\"og:site_name\" content=\"TELEMMe - Temps, espaces, langages, Europe m\u00e9ridionale, M\u00e9diterran\u00e9e\" \/>\n<meta property=\"article:modified_time\" content=\"2022-03-16T16:48:19+00:00\" \/>\n<meta name=\"twitter:card\" content=\"summary_large_image\" \/>\n<meta name=\"twitter:label1\" content=\"Dur\u00e9e de lecture estim\u00e9e\" \/>\n\t<meta name=\"twitter:data1\" content=\"22 minutes\" \/>\n<script type=\"application\/ld+json\" class=\"yoast-schema-graph\">{\"@context\":\"https:\\\/\\\/schema.org\",\"@graph\":[{\"@type\":\"WebPage\",\"@id\":\"https:\\\/\\\/telemme.mmsh.fr\\\/?page_id=6021\",\"url\":\"https:\\\/\\\/telemme.mmsh.fr\\\/?page_id=6021\",\"name\":\"Interventions externes des membres de TELEMMe - TELEMMe - Temps, espaces, langages, Europe m\u00e9ridionale, M\u00e9diterran\u00e9e\",\"isPartOf\":{\"@id\":\"https:\\\/\\\/telemme.mmsh.fr\\\/#website\"},\"datePublished\":\"2021-04-01T16:51:04+00:00\",\"dateModified\":\"2022-03-16T16:48:19+00:00\",\"breadcrumb\":{\"@id\":\"https:\\\/\\\/telemme.mmsh.fr\\\/?page_id=6021#breadcrumb\"},\"inLanguage\":\"fr-FR\",\"potentialAction\":[{\"@type\":\"ReadAction\",\"target\":[\"https:\\\/\\\/telemme.mmsh.fr\\\/?page_id=6021\"]}]},{\"@type\":\"BreadcrumbList\",\"@id\":\"https:\\\/\\\/telemme.mmsh.fr\\\/?page_id=6021#breadcrumb\",\"itemListElement\":[{\"@type\":\"ListItem\",\"position\":1,\"name\":\"Accueil\",\"item\":\"https:\\\/\\\/telemme.mmsh.fr\\\/\"},{\"@type\":\"ListItem\",\"position\":2,\"name\":\"\u00c9v\u00e9nements\",\"item\":\"https:\\\/\\\/telemme.mmsh.fr\\\/?page_id=2324\"},{\"@type\":\"ListItem\",\"position\":3,\"name\":\"Interventions externes des membres de TELEMMe\"}]},{\"@type\":\"WebSite\",\"@id\":\"https:\\\/\\\/telemme.mmsh.fr\\\/#website\",\"url\":\"https:\\\/\\\/telemme.mmsh.fr\\\/\",\"name\":\"TELEMMe - Temps, espaces, langages, Europe m\u00e9ridionale, M\u00e9diterran\u00e9e\",\"description\":\"\",\"publisher\":{\"@id\":\"https:\\\/\\\/telemme.mmsh.fr\\\/#organization\"},\"potentialAction\":[{\"@type\":\"SearchAction\",\"target\":{\"@type\":\"EntryPoint\",\"urlTemplate\":\"https:\\\/\\\/telemme.mmsh.fr\\\/?s={search_term_string}\"},\"query-input\":{\"@type\":\"PropertyValueSpecification\",\"valueRequired\":true,\"valueName\":\"search_term_string\"}}],\"inLanguage\":\"fr-FR\"},{\"@type\":\"Organization\",\"@id\":\"https:\\\/\\\/telemme.mmsh.fr\\\/#organization\",\"name\":\"TELEMMe\",\"url\":\"https:\\\/\\\/telemme.mmsh.fr\\\/\",\"logo\":{\"@type\":\"ImageObject\",\"inLanguage\":\"fr-FR\",\"@id\":\"https:\\\/\\\/telemme.mmsh.fr\\\/#\\\/schema\\\/logo\\\/image\\\/\",\"url\":\"https:\\\/\\\/telemme.mmsh.fr\\\/wp-content\\\/uploads\\\/2020\\\/03\\\/LogoTELEMMe-horizontal-fond-transparent.png\",\"contentUrl\":\"https:\\\/\\\/telemme.mmsh.fr\\\/wp-content\\\/uploads\\\/2020\\\/03\\\/LogoTELEMMe-horizontal-fond-transparent.png\",\"width\":1500,\"height\":437,\"caption\":\"TELEMMe\"},\"image\":{\"@id\":\"https:\\\/\\\/telemme.mmsh.fr\\\/#\\\/schema\\\/logo\\\/image\\\/\"}}]}<\/script>\n<!-- \/ Yoast SEO plugin. -->","yoast_head_json":{"title":"Interventions externes des membres de TELEMMe - TELEMMe - Temps, espaces, langages, Europe m\u00e9ridionale, M\u00e9diterran\u00e9e","robots":{"index":"index","follow":"follow","max-snippet":"max-snippet:-1","max-image-preview":"max-image-preview:large","max-video-preview":"max-video-preview:-1"},"canonical":"https:\/\/telemme.mmsh.fr\/?page_id=6021","og_locale":"fr_FR","og_type":"article","og_title":"Interventions externes des membres de TELEMMe - TELEMMe - Temps, espaces, langages, Europe m\u00e9ridionale, M\u00e9diterran\u00e9e","og_description":"Les membres de l&rsquo;UMR TELEMME interviennent dans de nombreuses circonstances \u00e0 l&rsquo;ext\u00e9rieur du laboratoire.Ces interventions peuvent \u00eatre scientifiques lors de colloques, de journ\u00e9es d&rsquo;\u00e9tudes ou de s\u00e9minaires, elles peuvent aussi&hellip;&nbsp;Lire la suite &raquo;Interventions externes des membres de TELEMMe","og_url":"https:\/\/telemme.mmsh.fr\/?page_id=6021","og_site_name":"TELEMMe - Temps, espaces, langages, Europe m\u00e9ridionale, M\u00e9diterran\u00e9e","article_modified_time":"2022-03-16T16:48:19+00:00","twitter_card":"summary_large_image","twitter_misc":{"Dur\u00e9e de lecture estim\u00e9e":"22 minutes"},"schema":{"@context":"https:\/\/schema.org","@graph":[{"@type":"WebPage","@id":"https:\/\/telemme.mmsh.fr\/?page_id=6021","url":"https:\/\/telemme.mmsh.fr\/?page_id=6021","name":"Interventions externes des membres de TELEMMe - TELEMMe - Temps, espaces, langages, Europe m\u00e9ridionale, M\u00e9diterran\u00e9e","isPartOf":{"@id":"https:\/\/telemme.mmsh.fr\/#website"},"datePublished":"2021-04-01T16:51:04+00:00","dateModified":"2022-03-16T16:48:19+00:00","breadcrumb":{"@id":"https:\/\/telemme.mmsh.fr\/?page_id=6021#breadcrumb"},"inLanguage":"fr-FR","potentialAction":[{"@type":"ReadAction","target":["https:\/\/telemme.mmsh.fr\/?page_id=6021"]}]},{"@type":"BreadcrumbList","@id":"https:\/\/telemme.mmsh.fr\/?page_id=6021#breadcrumb","itemListElement":[{"@type":"ListItem","position":1,"name":"Accueil","item":"https:\/\/telemme.mmsh.fr\/"},{"@type":"ListItem","position":2,"name":"\u00c9v\u00e9nements","item":"https:\/\/telemme.mmsh.fr\/?page_id=2324"},{"@type":"ListItem","position":3,"name":"Interventions externes des membres de TELEMMe"}]},{"@type":"WebSite","@id":"https:\/\/telemme.mmsh.fr\/#website","url":"https:\/\/telemme.mmsh.fr\/","name":"TELEMMe - Temps, espaces, langages, Europe m\u00e9ridionale, M\u00e9diterran\u00e9e","description":"","publisher":{"@id":"https:\/\/telemme.mmsh.fr\/#organization"},"potentialAction":[{"@type":"SearchAction","target":{"@type":"EntryPoint","urlTemplate":"https:\/\/telemme.mmsh.fr\/?s={search_term_string}"},"query-input":{"@type":"PropertyValueSpecification","valueRequired":true,"valueName":"search_term_string"}}],"inLanguage":"fr-FR"},{"@type":"Organization","@id":"https:\/\/telemme.mmsh.fr\/#organization","name":"TELEMMe","url":"https:\/\/telemme.mmsh.fr\/","logo":{"@type":"ImageObject","inLanguage":"fr-FR","@id":"https:\/\/telemme.mmsh.fr\/#\/schema\/logo\/image\/","url":"https:\/\/telemme.mmsh.fr\/wp-content\/uploads\/2020\/03\/LogoTELEMMe-horizontal-fond-transparent.png","contentUrl":"https:\/\/telemme.mmsh.fr\/wp-content\/uploads\/2020\/03\/LogoTELEMMe-horizontal-fond-transparent.png","width":1500,"height":437,"caption":"TELEMMe"},"image":{"@id":"https:\/\/telemme.mmsh.fr\/#\/schema\/logo\/image\/"}}]}},"_links":{"self":[{"href":"https:\/\/telemme.mmsh.fr\/index.php?rest_route=\/wp\/v2\/pages\/6021","targetHints":{"allow":["GET"]}}],"collection":[{"href":"https:\/\/telemme.mmsh.fr\/index.php?rest_route=\/wp\/v2\/pages"}],"about":[{"href":"https:\/\/telemme.mmsh.fr\/index.php?rest_route=\/wp\/v2\/types\/page"}],"author":[{"embeddable":true,"href":"https:\/\/telemme.mmsh.fr\/index.php?rest_route=\/wp\/v2\/users\/6"}],"replies":[{"embeddable":true,"href":"https:\/\/telemme.mmsh.fr\/index.php?rest_route=%2Fwp%2Fv2%2Fcomments&post=6021"}],"version-history":[{"count":27,"href":"https:\/\/telemme.mmsh.fr\/index.php?rest_route=\/wp\/v2\/pages\/6021\/revisions"}],"predecessor-version":[{"id":10856,"href":"https:\/\/telemme.mmsh.fr\/index.php?rest_route=\/wp\/v2\/pages\/6021\/revisions\/10856"}],"up":[{"embeddable":true,"href":"https:\/\/telemme.mmsh.fr\/index.php?rest_route=\/wp\/v2\/pages\/2324"}],"wp:attachment":[{"href":"https:\/\/telemme.mmsh.fr\/index.php?rest_route=%2Fwp%2Fv2%2Fmedia&parent=6021"}],"curies":[{"name":"wp","href":"https:\/\/api.w.org\/{rel}","templated":true}]}}