{"id":5853,"date":"2021-03-30T16:06:01","date_gmt":"2021-03-30T14:06:01","guid":{"rendered":"http:\/\/telemme.mmsh.fr\/?page_id=5853"},"modified":"2021-06-02T16:39:59","modified_gmt":"2021-06-02T14:39:59","slug":"ateliers","status":"publish","type":"page","link":"https:\/\/telemme.mmsh.fr\/?page_id=5853","title":{"rendered":"Ateliers"},"content":{"rendered":"      <div id=\"post-grid-lazy-5854\" class=\"post-grid-lazy\"><img decoding=\"async\" alt=\"\" src=\"\" \/><\/div>\n    <script>\n      jQuery('#post-grid-lazy-5854').ready(function($) {\n        $('#post-grid-lazy-5854').fadeOut();\n        $('#post-grid-5854   ').fadeIn();\n      })\n    <\/script>\n    <style type=\"text\/css\">\n      #post-grid-5854 {\n        display: none;\n      }\n\n      .post-grid-lazy {\n        text-align: center;\n      }\n    <\/style>\n    <div data-options='{&quot;id&quot;:&quot;5854&quot;,&quot;lazy_load&quot;:&quot;yes&quot;,&quot;masonry_enable&quot;:&quot;no&quot;,&quot;view_type&quot;:&quot;grid&quot;}' id=\"post-grid-5854\" class=\"post-grid grid\">\n    \n\n\n    <div class=\"grid-items\">\n      <div class=\"item item-16849 skin flat even 0 \">\n        <div class=\"layer-wrapper layout-5815\">\n          <div class=\" element_1624268456791\"\r\n        id=\"\">\r\n        <div class=\"element element_1624268458890  thumb \">\r\n                    <img decoding=\"async\" alt=\"Extrait du tableau \u00ab View of a seaport \u00bb d\u2019Abraham Storck, domaine public \u2013 WikiCommons\" src=\"https:\/\/telemme.mmsh.fr\/wp-content\/uploads\/2026\/04\/glesener-extrait-abraham-storck-seaport.png-1024x1024.webp\">\r\n            <\/div>\r\n    <div class=\"element element_1624268460479  title \">\r\n                    <a target=\"_self\"\r\n                href=\"https:\/\/telemme.mmsh.fr\/?evenement=pluralite-des-regimes-desclavage-en-mediterranee-a-lepoque-moderne\">Pluralit\u00e9 des r\u00e9gimes d\u2019esclavage en M\u00e9diterran\u00e9e \u00e0 l\u2019\u00e9poque Moderne<\/a>\r\n            <\/div>\r\n    <div class=\"element element_1767692457771  excerpt \">\r\n        Dans les soci\u00e9t\u00e9s m\u00e9diterran\u00e9ennes de l\u2019\u00e9poque moderne, des personnes esclavis\u00e9es pouvaient vivre, travailler et circuler avec une relative autonomie. Loin d\u2019\u00eatre informelles, ces situations r\u00e9v\u00e8lent la pluralit\u00e9 des r\u00e9gimes juridiques qui encadraient la condition servile.            <\/div>\r\n    <\/div>\r\n    <\/div>\n  <\/div><div class=\"item item-16533 skin flat odd 1 \">\n        <div class=\"layer-wrapper layout-5815\">\n          <div class=\" element_1624268456791\"\r\n        id=\"\">\r\n        <div class=\"element element_1624268458890  thumb \">\r\n                    <img decoding=\"async\" alt=\"Marseille, Liminal Water\" src=\"https:\/\/telemme.mmsh.fr\/wp-content\/uploads\/2026\/02\/Liminal_Marseille.jpeg\">\r\n            <\/div>\r\n    <div class=\"element element_1624268460479  title \">\r\n                    <a target=\"_self\"\r\n                href=\"https:\/\/telemme.mmsh.fr\/?evenement=fuites-ou-debordements\">Fuites ou d\u00e9bordements ? Penser la marge par les eaux dans les m\u00e9tropoles m\u00e9diterran\u00e9ennes (Marseille, Ath\u00e8nes)<\/a>\r\n            <\/div>\r\n    <div class=\"element element_1767692457771  excerpt \">\r\n        Cette journ\u00e9e d\u2019\u00e9tudes, con\u00e7ue comme un atelier de recherche-cr\u00e9ation, se tiendra le 13 f\u00e9vrier 2026 \u00e0 partir de 9h30, \u00e0 l\u2019\u00c9cole nationale sup\u00e9rieure d\u2019architecture de Marseille (laboratoire INAMA).            <\/div>\r\n    <\/div>\r\n    <\/div>\n  <\/div><div class=\"item item-16214 skin flat even 2 \">\n        <div class=\"layer-wrapper layout-5815\">\n          <div class=\" element_1624268456791\"\r\n        id=\"\">\r\n        <div class=\"element element_1624268458890  thumb \">\r\n                    <img decoding=\"async\" alt=\"Cr\u00e9dits de l&#039;illustration : Libert\u00e9 ou servitude, affiche de propagande du minist\u00e8re fran\u00e7ais de l&#039;Information, Seconde Guerre mondiale, Archives d\u2019\u00c9tat du Bade-Wurtemberg, fonds 10618, image n\u00b0 3011139,\u00a0http:\/\/www.landesarchiv-bw.de\/plink\/?f=5-851831\u00a0\" src=\"https:\/\/telemme.mmsh.fr\/wp-content\/uploads\/2025\/11\/telechargement-1024x492.png\">\r\n            <\/div>\r\n    <div class=\"element element_1624268460479  title \">\r\n                    <a target=\"_self\"\r\n                href=\"https:\/\/telemme.mmsh.fr\/?evenement=lemi-un-imperatif-democratique-pour-eduquer-a-la-citoyennete-a-lere-de-lia-generative\">L'EMI, un imp\u00e9ratif d\u00e9mocratique pour \u00e9duquer \u00e0 la citoyennet\u00e9 \u00e0 l'\u00e8re de l'IA g\u00e9n\u00e9rative<\/a>\r\n            <\/div>\r\n    <div class=\"element element_1767692457771  excerpt \">\r\n        Cette journ\u00e9e met l'accent sur le caract\u00e8re incontournable de l'EMI face aux d\u00e9fis d\u00e9mocratiques impos\u00e9s par la g\u00e9n\u00e9ralisation des IA et des IA g\u00e9n\u00e9ratives.            <\/div>\r\n    <\/div>\r\n    <\/div>\n  <\/div><div class=\"item item-16009 skin flat odd 3 \">\n        <div class=\"layer-wrapper layout-5815\">\n          <div class=\" element_1624268456791\"\r\n        id=\"\">\r\n        <div class=\"element element_1624268458890  thumb \">\r\n                    <img decoding=\"async\" alt=\"Irene Pittatore, avec l&#039;aimable autorisation de l&#039;artiste. Tous droits r\u00e9serv\u00e9s.\" src=\"https:\/\/telemme.mmsh.fr\/wp-content\/uploads\/2025\/07\/2025.12.18_FLYER-Workshop-GEEM_IrenePittatore.jpg\">\r\n            <\/div>\r\n    <div class=\"element element_1624268460479  title \">\r\n                    <a target=\"_self\"\r\n                href=\"https:\/\/telemme.mmsh.fr\/?evenement=green-garden-danger-genre\">Green Garden \/ Danger Genre<\/a>\r\n            <\/div>\r\n    <div class=\"element element_1767692457771  excerpt \">\r\n        Atelier exp\u00e9rimental arts et sciences humaines            <\/div>\r\n    <\/div>\r\n    <\/div>\n  <\/div><div class=\"item item-15914 skin flat even 4 \">\n        <div class=\"layer-wrapper layout-5815\">\n          <div class=\" element_1624268456791\"\r\n        id=\"\">\r\n        <div class=\"element element_1624268458890  thumb \">\r\n                    <img decoding=\"async\" alt=\"Textile, Balkans\" src=\"https:\/\/telemme.mmsh.fr\/wp-content\/uploads\/2025\/09\/Balkans4-1024x640.webp\">\r\n            <\/div>\r\n    <div class=\"element element_1624268460479  title \">\r\n                    <a target=\"_self\"\r\n                href=\"https:\/\/telemme.mmsh.fr\/?evenement=enjeux-des-patrimoines-materiels-et-immateriels-pour-la-protection-de-lenvironnement\">Enjeux des patrimoines mat\u00e9riels et immat\u00e9riels pour la protection de l'environnement<\/a>\r\n            <\/div>\r\n    <div class=\"element element_1767692457771  excerpt \">\r\n        Le prochain s\u00e9minaire du groupe G\u00e9ohistoire, coanim\u00e9e par Orianne Crouteix, Fran\u00e7ois L\u00e9rin et Sylvain Guyot, se tiendra le vendredi 26 septembre de 15h45 \u00e0 17h45 au MUCEM \u00e0 Marseille, en salle Khamsin. Cette s\u00e9ance intiitul\u00e9e \"Enjeux des patrimoines mat\u00e9riels et immat\u00e9riels pour la protection de l'environnement\" s'inscrit dans le cadre            <\/div>\r\n    <\/div>\r\n    <\/div>\n  <\/div><div class=\"item item-14904 skin flat odd 5 \">\n        <div class=\"layer-wrapper layout-5815\">\n          <div class=\" element_1624268456791\"\r\n        id=\"\">\r\n        <div class=\"element element_1624268458890  thumb \">\r\n                    <img decoding=\"async\" alt=\"Cartographier le genre\" src=\"https:\/\/telemme.mmsh.fr\/wp-content\/uploads\/2025\/01\/cartogenre.png\">\r\n            <\/div>\r\n    <div class=\"element element_1624268460479  title \">\r\n                    <a target=\"_self\"\r\n                href=\"https:\/\/telemme.mmsh.fr\/?evenement=cartographier-le-genre\">Cartographier le genre. Enjeux m\u00e9thodologiques et exp\u00e9rimentations<\/a>\r\n            <\/div>\r\n    <div class=\"element element_1767692457771  excerpt \">\r\n                    <\/div>\r\n    <\/div>\r\n    <\/div>\n  <\/div><div class=\"item item-14658 skin flat even 6 \">\n        <div class=\"layer-wrapper layout-5815\">\n          <div class=\" element_1624268456791\"\r\n        id=\"\">\r\n        <div class=\"element element_1624268458890  thumb \">\r\n                    <img decoding=\"async\" alt=\"Cr\u00e9dit illustration : g\u00e9n\u00e9r\u00e9 avec l\u2019IA, 12 novembre 2024, Copilot\" src=\"https:\/\/telemme.mmsh.fr\/wp-content\/uploads\/2024\/11\/Illustration.png\">\r\n            <\/div>\r\n    <div class=\"element element_1624268460479  title \">\r\n                    <a target=\"_self\"\r\n                href=\"https:\/\/telemme.mmsh.fr\/?evenement=apprendre-a-sinformer-pour-faire-societe\">Apprendre \u00e0 s\u2019informer pour faire soci\u00e9t\u00e9<\/a>\r\n            <\/div>\r\n    <div class=\"element element_1767692457771  excerpt \">\r\n        Si les IA g\u00e9n\u00e9ratives occupent le devant de la sc\u00e8ne m\u00e9diatique lorsqu\u2019il s\u2019agit de d\u00e9crire les bouleversements induits par la g\u00e9n\u00e9ralisation des outils num\u00e9riques, la lutte contre la d\u00e9sinformation demeure un facteur puissant de motivation dans le renforcement d\u2019une prescription en faveur d\u2019une \u00e9ducation aux m\u00e9dias et \u00e0 l\u2019information, en            <\/div>\r\n    <\/div>\r\n    <\/div>\n  <\/div><div class=\"item item-14546 skin flat odd 7 \">\n        <div class=\"layer-wrapper layout-5815\">\n          <div class=\" element_1624268456791\"\r\n        id=\"\">\r\n        <div class=\"element element_1624268458890  thumb \">\r\n                    <img decoding=\"async\" alt=\"Place Philippe Franceschetti, Marseille. Juillet 2021. Tous droits r\u00e9serv\u00e9s Irene Pittatore\" src=\"https:\/\/telemme.mmsh.fr\/wp-content\/uploads\/2024\/10\/GEEM_2021_MurMarseille_Pittatore.png\">\r\n            <\/div>\r\n    <div class=\"element element_1624268460479  title \">\r\n                    <a target=\"_self\"\r\n                href=\"https:\/\/telemme.mmsh.fr\/?evenement=le-genre-entre-arts-et-sciences\">Le genre entre arts et sciences<\/a>\r\n            <\/div>\r\n    <div class=\"element element_1767692457771  excerpt \">\r\n        GEEM propose le d\u00e9veloppement et les analyses de croisements interdisciplinaires autour de recherches sp\u00e9cifiques sur le genre. \u00c0 partir de la pr\u00e9sentation de r\u00e9alisations artistiques produites avec les sciences sociales, nous r\u00e9fl\u00e9chirons sur les possibilit\u00e9s, les outils et les modalit\u00e9s de r\u00e9alisation commune sur la th\u00e9matique de la place des            <\/div>\r\n    <\/div>\r\n    <\/div>\n  <\/div><div class=\"item item-12757 skin flat even 8 \">\n        <div class=\"layer-wrapper layout-5815\">\n          <div class=\" element_1624268456791\"\r\n        id=\"\">\r\n        <div class=\"element element_1624268458890  thumb \">\r\n                    <img decoding=\"async\" alt=\"\" src=\"https:\/\/telemme.mmsh.fr\/wp-content\/uploads\/2023\/04\/ouvrage.png\">\r\n            <\/div>\r\n    <div class=\"element element_1624268460479  title \">\r\n                    <a target=\"_self\"\r\n                href=\"https:\/\/telemme.mmsh.fr\/?evenement=telemme-organise-avec-lidemec-et-liremam-une-rencontre-autour-de-deux-collegues-tunisiens-qui-viennent-presenter-leurs-deux-ouvrages-vulnerabilites-portraits-sociologiques-imed-melliti-paru-e\">Pr\u00e9sentation de deux ouvrages<\/a>\r\n            <\/div>\r\n    <div class=\"element element_1767692457771  excerpt \">\r\n        TELEMMe organise avec l'IDEMEC et l'IREMAM une rencontre autour de deux coll\u00e8gues tunisiens qui viennent pr\u00e9senter leurs deux ouvrages : Vuln\u00e9rabilit\u00e9s. Portraits sociologiques Imed Melliti, paru en 2023 aux Editions tunisiennes Nachaz et \u00a0\u00c9conomies morales de l'injustice. Terrains maghr\u00e9bins et fran\u00e7ais Hicham Abdessamad, paru en 2022 Chez Karthala            <\/div>\r\n    <\/div>\r\n    <\/div>\n  <\/div><div class=\"item item-11129 skin flat odd 9 \">\n        <div class=\"layer-wrapper layout-5815\">\n          <div class=\" element_1624268456791\"\r\n        id=\"\">\r\n        <div class=\"element element_1624268458890  thumb \">\r\n                    <img decoding=\"async\" alt=\"Logo de l&#039;ANR PICCH\" src=\"https:\/\/telemme.mmsh.fr\/wp-content\/uploads\/2021\/09\/logo_PICCH_2.jpg\">\r\n            <\/div>\r\n    <div class=\"element element_1624268460479  title \">\r\n                    <a target=\"_self\"\r\n                href=\"https:\/\/telemme.mmsh.fr\/?evenement=presentation-of-the-french-teams-research-picch\">Presentation of the French team's research - PICCH<\/a>\r\n            <\/div>\r\n    <div class=\"element element_1767692457771  excerpt \">\r\n        During this workshop, the members of the French team will present to international researchers involved in the project the work undertaken within the framework of the ANR Polyvocal (PICCH).            <\/div>\r\n    <\/div>\r\n    <\/div>\n  <\/div><div class=\"item item-11004 skin flat even 10 \">\n        <div class=\"layer-wrapper layout-5815\">\n          <div class=\" element_1624268456791\"\r\n        id=\"\">\r\n        <div class=\"element element_1624268458890  thumb \">\r\n                    <img decoding=\"async\" alt=\"Logo de l&#039;ANR PICCH\" src=\"https:\/\/telemme.mmsh.fr\/wp-content\/uploads\/2021\/09\/logo_PICCH_2.jpg\">\r\n            <\/div>\r\n    <div class=\"element element_1624268460479  title \">\r\n                    <a target=\"_self\"\r\n                href=\"https:\/\/telemme.mmsh.fr\/?evenement=workshop-de-lanr-polyvocal-picch\">Workshop de l'ANR Polyvocal (PICCH)<\/a>\r\n            <\/div>\r\n    <div class=\"element element_1767692457771  excerpt \">\r\n        Workshop de l'ANR Polyvocal (PICCH)            <\/div>\r\n    <\/div>\r\n    <\/div>\n  <\/div><div class=\"item item-10673 skin flat odd 11 \">\n        <div class=\"layer-wrapper layout-5815\">\n          <div class=\" element_1624268456791\"\r\n        id=\"\">\r\n        <div class=\"element element_1624268458890  thumb \">\r\n                    <img decoding=\"async\" alt=\"Logo programme COST WORCK\" src=\"https:\/\/telemme.mmsh.fr\/wp-content\/uploads\/2022\/03\/logo-WORCK.png\">\r\n            <\/div>\r\n    <div class=\"element element_1624268460479  title \">\r\n                    <a target=\"_self\"\r\n                href=\"https:\/\/telemme.mmsh.fr\/?evenement=wg1-writers-workshop-oezg-special-issue-programme-cost-worlds-of-related-coercions-in-work-worck\">WG1 Writers\u2019 workshop \u2013 OeZG Special Issue - programme COST \u201cWorlds of Related Coercions in worK\u201d (WORCK)<\/a>\r\n            <\/div>\r\n    <div class=\"element element_1767692457771  excerpt \">\r\n        Atelier d'\u00e9criture doctorale du programme COST \u201cWorlds of Related Coercions in worK\u201d (WORCK).            <\/div>\r\n    <\/div>\r\n    <\/div>\n  <\/div><div class=\"item item-9718 skin flat even 12 \">\n        <div class=\"layer-wrapper layout-5815\">\n          <div class=\" element_1624268456791\"\r\n        id=\"\">\r\n        <div class=\"element element_1624268458890  thumb \">\r\n                    <img decoding=\"async\" alt=\"Affiche du Workshop 3 de SfaxForward : Le patrimoine face \u00e0 la pollution - Heritage faced with pollution\" src=\"https:\/\/telemme.mmsh.fr\/wp-content\/uploads\/2021\/09\/2021.10.04_SfaxForward_WS3.png\">\r\n            <\/div>\r\n    <div class=\"element element_1624268460479  title \">\r\n                    <a target=\"_self\"\r\n                href=\"https:\/\/telemme.mmsh.fr\/?evenement=le-patrimoine-face-a-la-pollution-approche-multidisciplinaire-et-comparative-de-la-gestion-des-pollutions-industrielles-heritees-en-mediterranee\">Le patrimoine face \u00e0 la pollution - Heritage faced with pollution<\/a>\r\n            <\/div>\r\n    <div class=\"element element_1767692457771  excerpt \">\r\n        Troisi\u00e8me Workshop du projet Twinning SfaxForward - 4-5 octobre 2021 \u00e0 la MMSH (Aix-en-Provence)            <\/div>\r\n    <\/div>\r\n    <\/div>\n  <\/div><div class=\"item item-7179 skin flat odd 13 \">\n        <div class=\"layer-wrapper layout-5815\">\n          <div class=\" element_1624268456791\"\r\n        id=\"\">\r\n        <div class=\"element element_1624268458890  thumb \">\r\n                    <img decoding=\"async\" alt=\"Affiche de Rue d&#039;Alger\" src=\"https:\/\/telemme.mmsh.fr\/wp-content\/uploads\/2020\/12\/RuedAlger-Flyer-presentation-v4-light_Page_1-725x1024.jpg\">\r\n            <\/div>\r\n    <div class=\"element element_1624268460479  title \">\r\n                    <a target=\"_self\"\r\n                href=\"https:\/\/telemme.mmsh.fr\/?evenement=ouverture-de-rue-dalger-manifesta-13-dans-le-cadre-des-paralleles-du-sud\">Ouverture de \"Rue d'Alger\" - Manifesta 13, dans le cadre des Parall\u00e8les du Sud<\/a>\r\n            <\/div>\r\n    <div class=\"element element_1767692457771  excerpt \">\r\n        Rue d\u2019Alger propose la r\u00e9interpr\u00e9tation d\u2019\u00e9l\u00e9ments urbains marseillais renvoyant aux histoires coloniales, \u00e0 partir du croisement des perspectives artistiques et de la recherche acad\u00e9mique. Le projet investit l\u2019Institut culturel italien (ex Casa d\u2019Italia), exemple embl\u00e9matique de l\u2019architecture fasciste sur le sol fran\u00e7ais, en ouvrant les portes d\u2019un lieu \u00ab dissonant            <\/div>\r\n    <\/div>\r\n    <\/div>\n  <\/div><div class=\"item item-1396 skin flat even 14 \">\n        <div class=\"layer-wrapper layout-5815\">\n          <div class=\" element_1624268456791\"\r\n        id=\"\">\r\n        <div class=\"element element_1624268458890  thumb \">\r\n                    <img decoding=\"async\" alt=\"Affiche de Rue d&#039;Alger\" src=\"https:\/\/telemme.mmsh.fr\/wp-content\/uploads\/2020\/12\/RuedAlger-Flyer-presentation-v4-light_Page_1-725x1024.jpg\">\r\n            <\/div>\r\n    <div class=\"element element_1624268460479  title \">\r\n                    <a target=\"_self\"\r\n                href=\"https:\/\/telemme.mmsh.fr\/?evenement=finissage-lart-pour-comprendre-la-societe\">Finissage | L'art pour comprendre la soci\u00e9t\u00e9<\/a>\r\n            <\/div>\r\n    <div class=\"element element_1767692457771  excerpt \">\r\n                    <\/div>\r\n    <\/div>\r\n    <\/div>\n  <\/div><div class=\"item item-1397 skin flat odd 15 \">\n        <div class=\"layer-wrapper layout-5815\">\n          <div class=\" element_1624268456791\"\r\n        id=\"\">\r\n        <div class=\"element element_1624268458890  thumb \">\r\n                    <img decoding=\"async\" alt=\"Affiche de Rue d&#039;Alger\" src=\"https:\/\/telemme.mmsh.fr\/wp-content\/uploads\/2020\/12\/RuedAlger-Flyer-presentation-v4-light_Page_1-725x1024.jpg\">\r\n            <\/div>\r\n    <div class=\"element element_1624268460479  title \">\r\n                    <a target=\"_self\"\r\n                href=\"https:\/\/telemme.mmsh.fr\/?evenement=memoire-s-en-question\">M\u00e9moire-s en question<\/a>\r\n            <\/div>\r\n    <div class=\"element element_1767692457771  excerpt \">\r\n        Rencontres et d\u00e9bats organis\u00e9s dans le cadre de Rue d'Alger, \u00e9v\u00e9nement Manifesta 13 - Les Parall\u00e8les du Sud.            <\/div>\r\n    <\/div>\r\n    <\/div>\n  <\/div><div class=\"item item-1400 skin flat even 16 \">\n        <div class=\"layer-wrapper layout-5815\">\n          <div class=\" element_1624268456791\"\r\n        id=\"\">\r\n        <div class=\"element element_1624268458890  thumb \">\r\n                    <img decoding=\"async\" alt=\"Duel de femmes, SaSa, d\u2019apr\u00e8s Bayard, 2017. Avec l\u2019aimable autorisation de l\u2019artiste\" src=\"https:\/\/telemme.mmsh.fr\/wp-content\/uploads\/2021\/01\/GRAVURE-FOND-VIOLET-light.jpg\">\r\n            <\/div>\r\n    <div class=\"element element_1624268460479  title \">\r\n                    <a target=\"_self\"\r\n                href=\"https:\/\/telemme.mmsh.fr\/?evenement=workshop-penser-le-genre-et-systemes-judiciaires-xviie-debut-xx-e-siecles-exemples-provencaux-lorrains-ottomans-safavides\">Workshop | Penser le genre et syst\u00e8mes judiciaires XVIIe-d\u00e9but XXe si\u00e8cle : exemples proven\u00e7aux, lorrains, ottomans, safavides<\/a>\r\n            <\/div>\r\n    <div class=\"element element_1767692457771  excerpt \">\r\n        D\u2019une perspective comparative, volontairement diverse, prenant en compte des exemples europ\u00e9ens, moyen-orientaux et m\u00e9sopotamiens, du XVIIe au d\u00e9but du XXe si\u00e8cle, ce workshop explore l\u2019impact et l\u2019influence des pratiques soci\u00e9tales du genre sur les syst\u00e8mes judiciaires. Pour ce faire, l\u2019approche est double : d\u2019une part, elle porte sur l\u2019\u00e9tude de            <\/div>\r\n    <\/div>\r\n    <\/div>\n  <\/div><div class=\"item item-1410 skin flat odd 17 \">\n        <div class=\"layer-wrapper layout-5815\">\n          <div class=\" element_1624268456791\"\r\n        id=\"\">\r\n        <div class=\"element element_1624268458890  thumb \">\r\n                    <img decoding=\"async\" alt=\"\u03a6\u03c9\u03c4\u03bf-\u039e\u03b5\u03bd\u03b1\u03b3h\u03c3\u03b5\u03b9\u03c2 \u03c3\u03c4\u03bf \u039c\u03bf\u03c5\u03c3\u03b5i\u03bf \u039a\u03b9\u03bd\u03b7\u03bc\u03b1\u03c4\u03bf\u03b3\u03c1a\u03c6\u03bf\u03c5 \u0398\u03b5\u03c3\u03c3\u03b1\u03bb\u03bf\u03bdi\u03ba\u03b7\u03c2 - \u0394\u03b9\u03b5\u03b8\u03bdh\u03c2 \u0397\u03bce\u03c1\u03b1 \u039c\u03bf\u03c5\u03c3\u03b5i\u03c9\u03bd 2016 \/ The monument of Alexander the Great, Evangelos Moustakas, 1974 (c. Pierre Sint\u00e8s)\" src=\"https:\/\/telemme.mmsh.fr\/wp-content\/uploads\/2019\/12\/2019-Creabalkv3.jpg\">\r\n            <\/div>\r\n    <div class=\"element element_1624268460479  title \">\r\n                    <a target=\"_self\"\r\n                href=\"https:\/\/telemme.mmsh.fr\/?evenement=showing-seeing-hearing-balkan-cities-seminar-creabalk-2\">Showing, Seeing, Hearing Balkan Cities. Seminar CREABALK #2<\/a>\r\n            <\/div>\r\n    <div class=\"element element_1767692457771  excerpt \">\r\n        This second CREABALK seminar proposes to explore fiction as well as documentary images and sounds of the Balkan city. Films and soundscapes are matters of sensory perception and social imagination, depiction and creation, narration and performance. How urban experiences look like and sound like? We will also put the accent            <\/div>\r\n    <\/div>\r\n    <\/div>\n  <\/div><div class=\"item item-1423 skin flat even 18 \">\n        <div class=\"layer-wrapper layout-5815\">\n          <div class=\" element_1624268456791\"\r\n        id=\"\">\r\n        <div class=\"element element_1624268458890  thumb \">\r\n                    <img decoding=\"async\" alt=\"\" src=\"http:\/\/telemme.mmsh.fr\/wp-content\/uploads\/2020\/03\/LogoTELEMMe-horizontal-fond-transparent.png\">\r\n            <\/div>\r\n    <div class=\"element element_1624268460479  title \">\r\n                    <a target=\"_self\"\r\n                href=\"https:\/\/telemme.mmsh.fr\/?evenement=le-grand-chambardement-regards-croises-sur-la-construction-de-la-zone-industrielle-de-fos-photojournaliste-scientifiques-acteurs-et-habitants\">Le grand chambardement. Regards crois\u00e9s sur la construction de la zone industrielle de Fos. Photojournaliste, scientifiques, acteurs et habitants<\/a>\r\n            <\/div>\r\n    <div class=\"element element_1767692457771  excerpt \">\r\n        Au tournant des ann\u00e9es 1970, le territoire de Fos-sur-Mer connait un grand bouleversement : en l\u2019espace de quelques ann\u00e9es, une des plus grandes zones industrialo-portuaires d\u2019Europe est b\u00e2tie de toute pi\u00e8ce sur des rivages vou\u00e9s jusque-l\u00e0 \u00e0 la r\u00e9colte du sel, \u00e0 la chasse, \u00e0 la p\u00eache, \u00e0 l\u2019\u00e9levage et            <\/div>\r\n    <\/div>\r\n    <\/div>\n  <\/div><div class=\"item item-1433 skin flat odd 19 \">\n        <div class=\"layer-wrapper layout-5815\">\n          <div class=\" element_1624268456791\"\r\n        id=\"\">\r\n        <div class=\"element element_1624268458890  thumb \">\r\n                    <img decoding=\"async\" alt=\"\" src=\"http:\/\/telemme.mmsh.fr\/wp-content\/uploads\/2020\/03\/LogoTELEMMe-horizontal-fond-transparent.png\">\r\n            <\/div>\r\n    <div class=\"element element_1624268460479  title \">\r\n                    <a target=\"_self\"\r\n                href=\"https:\/\/telemme.mmsh.fr\/?evenement=la-memoire-a-lepreuve-de-linterdisciplinarite-vers-une-nouvelle-approche-de-recits-memoriels-xve-xxie-s\">La m\u00e9moire \u00e0 l\u2019\u00e9preuve de l\u2019interdisciplinarit\u00e9. Vers une nouvelle approche de r\u00e9cits m\u00e9moriels ? \u2013 XVe-XXIe s.<\/a>\r\n            <\/div>\r\n    <div class=\"element element_1767692457771  excerpt \">\r\n        Cette rencontre constitue le premier workshop interdisciplinaire organis\u00e9 sous le label scientifique du \u00a0Groupement de recherche (GDR) \u00a0CNRS \u00a02013 \u00a0\u00ab M\u00e9moire \u00bb \u00a0(https:\/\/gdrmemoire.com\/). Cr\u00e9\u00e9 \u00a0en \u00a0janvier \u00a02018 \u00a0sous \u00a0la \u00a0double tutelle de l\u2019INSB (Institut des sciences biologiques) et de l\u2019INSHS, ce GDR met en r\u00e9seau plus d\u2019une centaine d\u2019\u00e9quipes de            <\/div>\r\n    <\/div>\r\n    <\/div>\n  <\/div><div class=\"item item-1449 skin flat even 20 \">\n        <div class=\"layer-wrapper layout-5815\">\n          <div class=\" element_1624268456791\"\r\n        id=\"\">\r\n        <div class=\"element element_1624268458890  thumb \">\r\n                    <img decoding=\"async\" alt=\"\" src=\"http:\/\/telemme.mmsh.fr\/wp-content\/uploads\/2020\/03\/LogoTELEMMe-horizontal-fond-transparent.png\">\r\n            <\/div>\r\n    <div class=\"element element_1624268460479  title \">\r\n                    <a target=\"_self\"\r\n                href=\"https:\/\/telemme.mmsh.fr\/?evenement=hospitalites\">Hospitalit\u00e9s<\/a>\r\n            <\/div>\r\n    <div class=\"element element_1767692457771  excerpt \">\r\n                    <\/div>\r\n    <\/div>\r\n    <\/div>\n  <\/div><div class=\"item item-1450 skin flat odd 21 \">\n        <div class=\"layer-wrapper layout-5815\">\n          <div class=\" element_1624268456791\"\r\n        id=\"\">\r\n        <div class=\"element element_1624268458890  thumb \">\r\n                    <img decoding=\"async\" alt=\"\" src=\"http:\/\/telemme.mmsh.fr\/wp-content\/uploads\/2020\/03\/LogoTELEMMe-horizontal-fond-transparent.png\">\r\n            <\/div>\r\n    <div class=\"element element_1624268460479  title \">\r\n                    <a target=\"_self\"\r\n                href=\"https:\/\/telemme.mmsh.fr\/?evenement=conference-leconomie-politique-du-cannabis-au-maroc\">Conf\u00e9rence \"L'\u00e9conomie politique du cannabis au Maroc\"<\/a>\r\n            <\/div>\r\n    <div class=\"element element_1767692457771  excerpt \">\r\n                    <\/div>\r\n    <\/div>\r\n    <\/div>\n  <\/div><div class=\"item item-1462 skin flat even 22 \">\n        <div class=\"layer-wrapper layout-5815\">\n          <div class=\" element_1624268456791\"\r\n        id=\"\">\r\n        <div class=\"element element_1624268458890  thumb \">\r\n                    <img decoding=\"async\" alt=\"\" src=\"http:\/\/telemme.mmsh.fr\/wp-content\/uploads\/2020\/03\/LogoTELEMMe-horizontal-fond-transparent.png\">\r\n            <\/div>\r\n    <div class=\"element element_1624268460479  title \">\r\n                    <a target=\"_self\"\r\n                href=\"https:\/\/telemme.mmsh.fr\/?evenement=lhospitalite-a-lepoque-moderne\">L'hospitalit\u00e9 \u00e0 l\u2019\u00e9poque moderne<\/a>\r\n            <\/div>\r\n    <div class=\"element element_1767692457771  excerpt \">\r\n                    <\/div>\r\n    <\/div>\r\n    <\/div>\n  <\/div><div class=\"item item-1370 skin flat odd 23 \">\n        <div class=\"layer-wrapper layout-5815\">\n          <div class=\" element_1624268456791\"\r\n        id=\"\">\r\n        <div class=\"element element_1624268458890  thumb \">\r\n                    <img decoding=\"async\" alt=\"Les parapluies, G. Zongolopoulos, Thessalonique, 1997 - photo P. Sint\u00e8s, avril 2015. Droits r\u00e9serv\u00e9s\" src=\"https:\/\/telemme.mmsh.fr\/wp-content\/uploads\/2018\/11\/DSCF4612_light.jpg\">\r\n            <\/div>\r\n    <div class=\"element element_1624268460479  title \">\r\n                    <a target=\"_self\"\r\n                href=\"https:\/\/telemme.mmsh.fr\/?evenement=faire-ville-faire-la-ville-monumentalisations-politisations-experimentations\">Faire ville, faire la ville. Monumentalisations, politisations, exp\u00e9rimentations<\/a>\r\n            <\/div>\r\n    <div class=\"element element_1767692457771  excerpt \">\r\n        De par sa densit\u00e9 historique et m\u00e9morielle, ainsi que son positionnement dans le voisinage tant m\u00e9diterran\u00e9en que balkanique, Thessalonique constitue une m\u00e9tropole r\u00e9gionale de premier plan \u00e0 l\u2019\u00e9chelle du sud-est europ\u00e9en. Les mutations et les transformations qu\u2019a connue cette ville au cours de son histoire tant ancienne que r\u00e9cente (...)            <\/div>\r\n    <\/div>\r\n    <\/div>\n  <\/div><div class=\"item item-1476 skin flat even 24 \">\n        <div class=\"layer-wrapper layout-5815\">\n          <div class=\" element_1624268456791\"\r\n        id=\"\">\r\n        <div class=\"element element_1624268458890  thumb \">\r\n                    <img decoding=\"async\" alt=\"\" src=\"http:\/\/telemme.mmsh.fr\/wp-content\/uploads\/2020\/03\/LogoTELEMMe-horizontal-fond-transparent.png\">\r\n            <\/div>\r\n    <div class=\"element element_1624268460479  title \">\r\n                    <a target=\"_self\"\r\n                href=\"https:\/\/telemme.mmsh.fr\/?evenement=regarder-archiver-la-guerre\">Regarder\/Archiver la guerre<\/a>\r\n            <\/div>\r\n    <div class=\"element element_1767692457771  excerpt \">\r\n        Depuis 2016, le P\u00f4le Images\/sons, pratiques du num\u00e9rique en SHS, l\u2019UMR TELEMMe et Ina M\u00e9diterran\u00e9e organisent un atelier professionnel sur le th\u00e8me\u00a0Visual studies\u00a0et M\u00e9diterran\u00e9e. Anim\u00e9 par des chercheurs et des professionnels de l\u2019information impliqu\u00e9s sur les questions des Visual studies, rattach\u00e9 \u00e0 des pratiques de recherche autour des postes de            <\/div>\r\n    <\/div>\r\n    <\/div>\n  <\/div><div class=\"item item-1477 skin flat odd 25 \">\n        <div class=\"layer-wrapper layout-5815\">\n          <div class=\" element_1624268456791\"\r\n        id=\"\">\r\n        <div class=\"element element_1624268458890  thumb \">\r\n                    <img decoding=\"async\" alt=\"\" src=\"http:\/\/telemme.mmsh.fr\/wp-content\/uploads\/2020\/03\/LogoTELEMMe-horizontal-fond-transparent.png\">\r\n            <\/div>\r\n    <div class=\"element element_1624268460479  title \">\r\n                    <a target=\"_self\"\r\n                href=\"https:\/\/telemme.mmsh.fr\/?evenement=habiter-le-mouvement-xvie-xxie-siecles-atelier-detudes-doctorales\">Habiter le mouvement XVIe-XXIe si\u00e8cle. Atelier d'\u00e9tudes doctorales<\/a>\r\n            <\/div>\r\n    <div class=\"element element_1767692457771  excerpt \">\r\n        Inscrit dans le cadre des activit\u00e9s du Laboratoire International Associ\u00e9 MEDITERRAPOLIS, l\u2019atelier th\u00e9matique a pour objet la relation entre mobilit\u00e9 et modes d\u2019habiter l\u2019espace, selon une perspective interdisciplinaire et de longue dur\u00e9e. Le choix de cette th\u00e9matique puise ses racines dans plusieurs projets collectifs et recherches individuelles men\u00e9es au sein            <\/div>\r\n    <\/div>\r\n    <\/div>\n  <\/div><div class=\"item item-1570 skin flat even 26 \">\n        <div class=\"layer-wrapper layout-5815\">\n          <div class=\" element_1624268456791\"\r\n        id=\"\">\r\n        <div class=\"element element_1624268458890  thumb \">\r\n                    <img decoding=\"async\" alt=\"\" src=\"http:\/\/telemme.mmsh.fr\/wp-content\/uploads\/2020\/03\/LogoTELEMMe-horizontal-fond-transparent.png\">\r\n            <\/div>\r\n    <div class=\"element element_1624268460479  title \">\r\n                    <a target=\"_self\"\r\n                href=\"https:\/\/telemme.mmsh.fr\/?evenement=visual-studies-et-mediterranee-le-chercheur-connecte-entre-pratiques-et-methodes\">Visual studies et M\u00e9diterran\u00e9e. Le chercheur connect\u00e9 : entre pratiques et m\u00e9thodes<\/a>\r\n            <\/div>\r\n    <div class=\"element element_1767692457771  excerpt \">\r\n        Atelier professionnel annuel du P\u00f4le Image-Son, pratiques du num\u00e9rique en SHS organis\u00e9 en collaboration avec le laboratoire TELEMMe, l\u2019Ina M\u00e9diterran\u00e9e \u00a0et le Master \" m\u00e9tiers des archives et biblioth\u00e8ques. M\u00e9diation de l'histoire et humanit\u00e9s num\u00e9riques\".            <\/div>\r\n    <\/div>\r\n    <\/div>\n  <\/div><div class=\"item item-1724 skin flat odd 27 \">\n        <div class=\"layer-wrapper layout-5815\">\n          <div class=\" element_1624268456791\"\r\n        id=\"\">\r\n        <div class=\"element element_1624268458890  thumb \">\r\n                    <img decoding=\"async\" alt=\"\" src=\"http:\/\/telemme.mmsh.fr\/wp-content\/uploads\/2020\/03\/LogoTELEMMe-horizontal-fond-transparent.png\">\r\n            <\/div>\r\n    <div class=\"element element_1624268460479  title \">\r\n                    <a target=\"_self\"\r\n                href=\"https:\/\/telemme.mmsh.fr\/?evenement=atelier-doctoral-du-rusemeg\">Atelier doctoral du RUSEMEG<\/a>\r\n            <\/div>\r\n    <div class=\"element element_1767692457771  excerpt \">\r\n                    <\/div>\r\n    <\/div>\r\n    <\/div>\n  <\/div><div class=\"item item-1756 skin flat even 28 \">\n        <div class=\"layer-wrapper layout-5815\">\n          <div class=\" element_1624268456791\"\r\n        id=\"\">\r\n        <div class=\"element element_1624268458890  thumb \">\r\n                    <img decoding=\"async\" alt=\"\" src=\"http:\/\/telemme.mmsh.fr\/wp-content\/uploads\/2020\/03\/LogoTELEMMe-horizontal-fond-transparent.png\">\r\n            <\/div>\r\n    <div class=\"element element_1624268460479  title \">\r\n                    <a target=\"_self\"\r\n                href=\"https:\/\/telemme.mmsh.fr\/?evenement=presentation-eccorev-et-labex-driihm\">Pr\u00e9sentation ECCOREV et labex DRIIHM<\/a>\r\n            <\/div>\r\n    <div class=\"element element_1767692457771  excerpt \">\r\n        L\u2019objectif de la pr\u00e9sentation des th\u00e9matiques de recherche d\u2019Eccorev et du Labex DRIIHM est d\u2019int\u00e9resser les chercheurs des unit\u00e9s en Sciences Humaines et Sociales aixoises aux possibilit\u00e9s de r\u00e9ponse aux Appels \u00e0 Projets de Recherche de ces structures dans une perspective d\u2019interdisciplinarit\u00e9. Ces APR sont un bon moyen de faire            <\/div>\r\n    <\/div>\r\n    <\/div>\n  <\/div><div class=\"item item-1777 skin flat odd 29 \">\n        <div class=\"layer-wrapper layout-5815\">\n          <div class=\" element_1624268456791\"\r\n        id=\"\">\r\n        <div class=\"element element_1624268458890  thumb \">\r\n                    <img decoding=\"async\" alt=\"\" src=\"http:\/\/telemme.mmsh.fr\/wp-content\/uploads\/2020\/03\/LogoTELEMMe-horizontal-fond-transparent.png\">\r\n            <\/div>\r\n    <div class=\"element element_1624268460479  title \">\r\n                    <a target=\"_self\"\r\n                href=\"https:\/\/telemme.mmsh.fr\/?evenement=environnement\">Environnement<\/a>\r\n            <\/div>\r\n    <div class=\"element element_1767692457771  excerpt \">\r\n        Port-Miou, 13 mars 1910 : pr\u00e8s de 2000 personnes sont rassembl\u00e9es \u00e0 proximit\u00e9 de la carri\u00e8re Solvay pour participer \u00e0 ce qui est probablement une des premi\u00e8res grandes manifestations en faveur de la d\u00e9fense des \u00ab beaut\u00e9s naturelles \u00bb du littoral proven\u00e7al contre les agressions de l\u2019industrie. Comment en est-on            <\/div>\r\n    <\/div>\r\n    <\/div>\n  <\/div><div class=\"item item-1786 skin flat even 30 \">\n        <div class=\"layer-wrapper layout-5815\">\n          <div class=\" element_1624268456791\"\r\n        id=\"\">\r\n        <div class=\"element element_1624268458890  thumb \">\r\n                    <img decoding=\"async\" alt=\"\" src=\"http:\/\/telemme.mmsh.fr\/wp-content\/uploads\/2020\/03\/LogoTELEMMe-horizontal-fond-transparent.png\">\r\n            <\/div>\r\n    <div class=\"element element_1624268460479  title \">\r\n                    <a target=\"_self\"\r\n                href=\"https:\/\/telemme.mmsh.fr\/?evenement=histoire-de-lenvironnement\">Histoire de l'environnement<\/a>\r\n            <\/div>\r\n    <div class=\"element element_1767692457771  excerpt \">\r\n        Exploit\u00e9es depuis l\u2019Antiquit\u00e9 et jusqu\u2019au milieu du XXe si\u00e8cle pour leurs ressources halieutiques, les fontaines de Salses participent \u00e0 l\u2019\u00e9poque moderne d\u2019une \u00e9conomie des p\u00eaches d\u00e9velopp\u00e9e sur l\u2019ensemble des rives nord-occidentales du bassin m\u00e9diterran\u00e9en. Ces p\u00eacheries pr\u00e9sentent deux particularit\u00e9s originales. Elles permettent d\u2019une part la capture d\u2019esp\u00e8ces amphihalines, partageant leur            <\/div>\r\n    <\/div>\r\n    <\/div>\n  <\/div><div class=\"item item-1794 skin flat odd 31 \">\n        <div class=\"layer-wrapper layout-5815\">\n          <div class=\" element_1624268456791\"\r\n        id=\"\">\r\n        <div class=\"element element_1624268458890  thumb \">\r\n                    <img decoding=\"async\" alt=\"\" src=\"http:\/\/telemme.mmsh.fr\/wp-content\/uploads\/2020\/03\/LogoTELEMMe-horizontal-fond-transparent.png\">\r\n            <\/div>\r\n    <div class=\"element element_1624268460479  title \">\r\n                    <a target=\"_self\"\r\n                href=\"https:\/\/telemme.mmsh.fr\/?evenement=environnement-2\">Environnement<\/a>\r\n            <\/div>\r\n    <div class=\"element element_1767692457771  excerpt \">\r\n                    <\/div>\r\n    <\/div>\r\n    <\/div>\n  <\/div><div class=\"item item-1796 skin flat even 32 \">\n        <div class=\"layer-wrapper layout-5815\">\n          <div class=\" element_1624268456791\"\r\n        id=\"\">\r\n        <div class=\"element element_1624268458890  thumb \">\r\n                    <img decoding=\"async\" alt=\"\" src=\"http:\/\/telemme.mmsh.fr\/wp-content\/uploads\/2020\/03\/LogoTELEMMe-horizontal-fond-transparent.png\">\r\n            <\/div>\r\n    <div class=\"element element_1624268460479  title \">\r\n                    <a target=\"_self\"\r\n                href=\"https:\/\/telemme.mmsh.fr\/?evenement=ce-que-la-societe-punitive-nous-fait-elaboration-collective-autour-dun-cours-de-michel-foucault\">Ce que La soci\u00e9t\u00e9 punitive nous fait : \u00e9laboration collective autour d\u2019un cours de Michel Foucault<\/a>\r\n            <\/div>\r\n    <div class=\"element element_1767692457771  excerpt \">\r\n        La soci\u00e9t\u00e9 punitive\u00a0est un des derniers cours de Michel Foucault \u00e0 para\u00eetre. Consid\u00e9r\u00e9 comme pr\u00e9paratoire \u00e0\u00a0Surveiller et punir, l\u2019ouvrage qui le suivra deux ans apr\u00e8s, il est cependant bien plus que cela : une archive. Il donne \u00e0 voir une pens\u00e9e au travail, aborde des pistes qui ne seront pas            <\/div>\r\n    <\/div>\r\n    <\/div>\n  <\/div><div class=\"item item-1802 skin flat odd 33 \">\n        <div class=\"layer-wrapper layout-5815\">\n          <div class=\" element_1624268456791\"\r\n        id=\"\">\r\n        <div class=\"element element_1624268458890  thumb \">\r\n                    <img decoding=\"async\" alt=\"\" src=\"http:\/\/telemme.mmsh.fr\/wp-content\/uploads\/2020\/03\/LogoTELEMMe-horizontal-fond-transparent.png\">\r\n            <\/div>\r\n    <div class=\"element element_1624268460479  title \">\r\n                    <a target=\"_self\"\r\n                href=\"https:\/\/telemme.mmsh.fr\/?evenement=cultiver-le-parc-habite-quelle-agriculture-urbaine-pour-euromediterranee-2\">Cultiver le parc habit\u00e9 : quelle agriculture urbaine pour Eurom\u00e9diterran\u00e9e 2 ?<\/a>\r\n            <\/div>\r\n    <div class=\"element element_1767692457771  excerpt \">\r\n        Dans le cadre de l'ANR VDB (Villes et B\u00e2timents Durables) JASSUR (Jardins Associatifs Urbains), l'UMR Telemme, en partenariat avec Eurom\u00e9diterran\u00e9e, le Mucem, l'IUAR, l'ENSP, Naturparif, l'AUlab, Ville Ouverte, Wagon Landscaping et le CCO Bernard Dubois invite de jeunes chercheurs en lien avec le programme \u00e0 mettre en perspective les r\u00e9sultats            <\/div>\r\n    <\/div>\r\n    <\/div>\n  <\/div><div class=\"item item-1809 skin flat even 34 \">\n        <div class=\"layer-wrapper layout-5815\">\n          <div class=\" element_1624268456791\"\r\n        id=\"\">\r\n        <div class=\"element element_1624268458890  thumb \">\r\n                    <img decoding=\"async\" alt=\"\" src=\"http:\/\/telemme.mmsh.fr\/wp-content\/uploads\/2020\/03\/LogoTELEMMe-horizontal-fond-transparent.png\">\r\n            <\/div>\r\n    <div class=\"element element_1624268460479  title \">\r\n                    <a target=\"_self\"\r\n                href=\"https:\/\/telemme.mmsh.fr\/?evenement=atelier-shs\">Atelier SHS<\/a>\r\n            <\/div>\r\n    <div class=\"element element_1767692457771  excerpt \">\r\n                    <\/div>\r\n    <\/div>\r\n    <\/div>\n  <\/div><div class=\"item item-1819 skin flat odd 35 \">\n        <div class=\"layer-wrapper layout-5815\">\n          <div class=\" element_1624268456791\"\r\n        id=\"\">\r\n        <div class=\"element element_1624268458890  thumb \">\r\n                    <img decoding=\"async\" alt=\"\" src=\"http:\/\/telemme.mmsh.fr\/wp-content\/uploads\/2020\/03\/LogoTELEMMe-horizontal-fond-transparent.png\">\r\n            <\/div>\r\n    <div class=\"element element_1624268460479  title \">\r\n                    <a target=\"_self\"\r\n                href=\"https:\/\/telemme.mmsh.fr\/?evenement=ce-que-la-societe-punitive-nous-fait-elaboration-collective-autour-dun-cours-de-michel-foucault-2e-volet\">Ce que La soci\u00e9t\u00e9 punitive nous fait : \u00e9laboration collective autour d\u2019un cours de Michel Foucault - 2e volet<\/a>\r\n            <\/div>\r\n    <div class=\"element element_1767692457771  excerpt \">\r\n        La soci\u00e9t\u00e9 punitive\u00a0est un des derniers cours de Michel Foucault \u00e0 para\u00eetre. Consid\u00e9r\u00e9 comme pr\u00e9paratoire \u00e0\u00a0Surveiller et punir, l\u2019ouvrage qui le suivra deux ans apr\u00e8s, il est cependant bien plus que cela : une archive. Il donne \u00e0 voir une pens\u00e9e au travail, aborde des pistes qui ne seront pas            <\/div>\r\n    <\/div>\r\n    <\/div>\n  <\/div><div class=\"item item-1829 skin flat even 36 \">\n        <div class=\"layer-wrapper layout-5815\">\n          <div class=\" element_1624268456791\"\r\n        id=\"\">\r\n        <div class=\"element element_1624268458890  thumb \">\r\n                    <img decoding=\"async\" alt=\"\" src=\"http:\/\/telemme.mmsh.fr\/wp-content\/uploads\/2020\/03\/LogoTELEMMe-horizontal-fond-transparent.png\">\r\n            <\/div>\r\n    <div class=\"element element_1624268460479  title \">\r\n                    <a target=\"_self\"\r\n                href=\"https:\/\/telemme.mmsh.fr\/?evenement=histoire-et-sciences-sociales-ce-que-la-societe-punitive-nous-fait-elaboration-collective-autour-dun-cours-de-michel-foucault-volet-1\">Histoire et Sciences Sociales - Ce que 'La soci\u00e9t\u00e9 punitive' nous fait : \u00e9laboration collective autour d'un cours de Michel Foucault (volet 1)<\/a>\r\n            <\/div>\r\n    <div class=\"element element_1767692457771  excerpt \">\r\n        La soci\u00e9t\u00e9 punitive\u00a0est un des derniers cours de Michel Foucault \u00e0 para\u00eetre. Consid\u00e9r\u00e9 comme pr\u00e9paratoire \u00e0\u00a0Surveiller et punir, l\u2019ouvrage qui le suivra deux ans apr\u00e8s, il est cependant bien plus que cela : une archive. Il donne \u00e0 voir une pens\u00e9e au travail, aborde des pistes qui ne seront pas            <\/div>\r\n    <\/div>\r\n    <\/div>\n  <\/div><div class=\"item item-1832 skin flat odd 37 \">\n        <div class=\"layer-wrapper layout-5815\">\n          <div class=\" element_1624268456791\"\r\n        id=\"\">\r\n        <div class=\"element element_1624268458890  thumb \">\r\n                    <img decoding=\"async\" alt=\"\" src=\"http:\/\/telemme.mmsh.fr\/wp-content\/uploads\/2020\/03\/LogoTELEMMe-horizontal-fond-transparent.png\">\r\n            <\/div>\r\n    <div class=\"element element_1624268460479  title \">\r\n                    <a target=\"_self\"\r\n                href=\"https:\/\/telemme.mmsh.fr\/?evenement=conference-chercheur-invite-avec-haim-burstin-u-de-milan-protagonisme-mise-a-lepreuve-dune-notion-xvie-xixe-siecle\">Conf\u00e9rence chercheur invit\u00e9 avec Haim Burstin (U. de Milan) - Protagonisme : mise \u00e0 l'\u00e9preuve d'une notion (XVIe-XIXe si\u00e8cle)<\/a>\r\n            <\/div>\r\n    <div class=\"element element_1767692457771  excerpt \">\r\n        Haim Burstin,professeur d\u2019Histoire moderne \u00e0 l\u2019Universit\u00e9 de Milano-Bicocca, est invit\u00e9 pour le mois de novembre par l'Universit\u00e9 d'Aix-Marseille et par l'UMR TELEMME. Sp\u00e9cialiste mondialement reconnu du\u00a0Paris r\u00e9volutionnaire, il l\u2019aborde avec la volont\u00e9 d\u2019explorer toutes les potentialit\u00e9s d\u2019une approche monographique nourrie par la tradition italienne de la\u00a0micro-storia, ce qui lui permet            <\/div>\r\n    <\/div>\r\n    <\/div>\n  <\/div><div class=\"item item-1633 skin flat even 38 \">\n        <div class=\"layer-wrapper layout-5815\">\n          <div class=\" element_1624268456791\"\r\n        id=\"\">\r\n        <div class=\"element element_1624268458890  thumb \">\r\n                    <img decoding=\"async\" alt=\"\" src=\"http:\/\/telemme.mmsh.fr\/wp-content\/uploads\/2020\/03\/LogoTELEMMe-horizontal-fond-transparent.png\">\r\n            <\/div>\r\n    <div class=\"element element_1624268460479  title \">\r\n                    <a target=\"_self\"\r\n                href=\"https:\/\/telemme.mmsh.fr\/?evenement=histoire-et-memoires-des-migrations-en-mediterranee\">Histoire et m\u00e9moires des migrations en M\u00e9diterran\u00e9e<\/a>\r\n            <\/div>\r\n    <div class=\"element element_1767692457771  excerpt \">\r\n        Par la capacit\u00e9 de mise en r\u00e9seau des lieux et des hommes, les technologies d\u2019information et de communication constituent des outils indispensables aux strat\u00e9gies de valorisation des savoirs sur les migrations, notamment dans la mise en perspectives sociohistorique du ph\u00e9nom\u00e8ne migratoire ainsi que dans l\u2019\u00e9mergence des m\u00e9moires s\u2019y r\u00e9f\u00e9rant. La            <\/div>\r\n    <\/div>\r\n    <\/div>\n  <\/div><div class=\"item item-1845 skin flat odd 39 \">\n        <div class=\"layer-wrapper layout-5815\">\n          <div class=\" element_1624268456791\"\r\n        id=\"\">\r\n        <div class=\"element element_1624268458890  thumb \">\r\n                    <img decoding=\"async\" alt=\"\" src=\"http:\/\/telemme.mmsh.fr\/wp-content\/uploads\/2020\/03\/LogoTELEMMe-horizontal-fond-transparent.png\">\r\n            <\/div>\r\n    <div class=\"element element_1624268460479  title \">\r\n                    <a target=\"_self\"\r\n                href=\"https:\/\/telemme.mmsh.fr\/?evenement=histoire-de-lenvironnement-les-bastides-du-pays-daix\">Histoire de l'Environnement - Les bastides du Pays d'Aix<\/a>\r\n            <\/div>\r\n    <div class=\"element element_1767692457771  excerpt \">\r\n        T\u00e9moins de l\u2019emprise de la soci\u00e9t\u00e9 aixoise sur la campagne sous l\u2019Ancien R\u00e9gime, les domaines bastidaires sont aujourd\u2019hui largement menac\u00e9s par l\u2019expansion urbaine. Leur protection et leur valorisation sont les enjeux de cette \u00e9tude. Mais surtout, il s\u2019agit de mieux conna\u00eetre et analyser la gen\u00e8se de ces ensembles et leur            <\/div>\r\n    <\/div>\r\n    <\/div>\n  <\/div><div class=\"item item-1847 skin flat even 40 \">\n        <div class=\"layer-wrapper layout-5815\">\n          <div class=\" element_1624268456791\"\r\n        id=\"\">\r\n        <div class=\"element element_1624268458890  thumb \">\r\n                    <img decoding=\"async\" alt=\"\" src=\"http:\/\/telemme.mmsh.fr\/wp-content\/uploads\/2020\/03\/LogoTELEMMe-horizontal-fond-transparent.png\">\r\n            <\/div>\r\n    <div class=\"element element_1624268460479  title \">\r\n                    <a target=\"_self\"\r\n                href=\"https:\/\/telemme.mmsh.fr\/?evenement=histoire-et-sciences-sociales-faire-autorite-en-religion\">Histoire et sciences sociales - Faire autorit\u00e9 en religion<\/a>\r\n            <\/div>\r\n    <div class=\"element element_1767692457771  excerpt \">\r\n                    <\/div>\r\n    <\/div>\r\n    <\/div>\n  <\/div><div class=\"item item-1641 skin flat odd 41 \">\n        <div class=\"layer-wrapper layout-5815\">\n          <div class=\" element_1624268456791\"\r\n        id=\"\">\r\n        <div class=\"element element_1624268458890  thumb \">\r\n                    <img decoding=\"async\" alt=\"\" src=\"http:\/\/telemme.mmsh.fr\/wp-content\/uploads\/2020\/03\/LogoTELEMMe-horizontal-fond-transparent.png\">\r\n            <\/div>\r\n    <div class=\"element element_1624268460479  title \">\r\n                    <a target=\"_self\"\r\n                href=\"https:\/\/telemme.mmsh.fr\/?evenement=regenerer-lornement-au-contact-de-la-grece-une-ideologie-a-lepreuve-des-faits-au-siecle-des-lumieres-atelier-atri-du-labexmed\">R\u00e9g\u00e9n\u00e9rer l\u2019ornement au contact de la Gr\u00e8ce : une id\u00e9ologie \u00e0 l\u2019\u00e9preuve des faits au si\u00e8cle des Lumi\u00e8res - Atelier ATRI du LabexMed<\/a>\r\n            <\/div>\r\n    <div class=\"element element_1767692457771  excerpt \">\r\n        Attach\u00e9e \u00e0 une histoire lin\u00e9aire des styles g\u00e9n\u00e9ralis\u00e9e au XIXe si\u00e8cle, l\u2019historiographie de l\u2019art des Lumi\u00e8res distingue spontan\u00e9ment, en les opposant, la sensibilit\u00e9 rocaille et l\u2019\u00e9mergence d\u2019un go\u00fbt \u00ab \u00e0 l\u2019antique \u00bb dans l\u2019Europe du XVIIIe si\u00e8cle. En r\u00e9sultent la normalisation et la partition du si\u00e8cle en deux p\u00e9riodes stylistiques,            <\/div>\r\n    <\/div>\r\n    <\/div>\n  <\/div><div class=\"item item-1886 skin flat even 42 \">\n        <div class=\"layer-wrapper layout-5815\">\n          <div class=\" element_1624268456791\"\r\n        id=\"\">\r\n        <div class=\"element element_1624268458890  thumb \">\r\n                    <img decoding=\"async\" alt=\"\" src=\"http:\/\/telemme.mmsh.fr\/wp-content\/uploads\/2020\/03\/LogoTELEMMe-horizontal-fond-transparent.png\">\r\n            <\/div>\r\n    <div class=\"element element_1624268460479  title \">\r\n                    <a target=\"_self\"\r\n                href=\"https:\/\/telemme.mmsh.fr\/?evenement=les-frontieres-culturelles-en-mediterranee-au-prisme-de-lanthropologie-historique\">Les fronti\u00e8res culturelles en M\u00e9diterran\u00e9e au prisme de l\u2019anthropologie historique<\/a>\r\n            <\/div>\r\n    <div class=\"element element_1767692457771  excerpt \">\r\n        Sp\u00e9cialiste des relations interculturelles en M\u00e9diterran\u00e9e entre le XVIIe et le XIXe si\u00e8cle, Mathieu Grenet inscrit ses travaux dans un champ historiographique en plein renouvellement qui r\u00e9interroge les relations entre Orient et Occident, en cherchant \u00e0 d\u00e9passer les mod\u00e8les interpr\u00e9tatifs dominants qui ont tour \u00e0 tour mis l\u2019accent sur l\u2019antagonisme,            <\/div>\r\n    <\/div>\r\n    <\/div>\n  <\/div><div class=\"item item-1893 skin flat odd 43 \">\n        <div class=\"layer-wrapper layout-5815\">\n          <div class=\" element_1624268456791\"\r\n        id=\"\">\r\n        <div class=\"element element_1624268458890  thumb \">\r\n                    <img decoding=\"async\" alt=\"\" src=\"http:\/\/telemme.mmsh.fr\/wp-content\/uploads\/2020\/03\/LogoTELEMMe-horizontal-fond-transparent.png\">\r\n            <\/div>\r\n    <div class=\"element element_1624268460479  title \">\r\n                    <a target=\"_self\"\r\n                href=\"https:\/\/telemme.mmsh.fr\/?evenement=observer-decrire-comprendre-le-travail-approches-historiennes-approches-ethnographiques\">Observer, d\u00e9crire, comprendre le travail : approches historiennes, approches ethnographiques<\/a>\r\n            <\/div>\r\n    <div class=\"element element_1767692457771  excerpt \">\r\n        Historienne du travail \u00e0 l\u2019\u00e9poque moderne, notamment dans les industries de la laine et du verre, C. Maitte dialoguera avec P. Fournier, sp\u00e9cialiste des enqu\u00eates ethnographiques en milieu industriel. Nous nous interrogerons sur les conditions de possibilit\u00e9 et les apports d\u2019une \u00ab observation \u00bb des pratiques, en histoire et en            <\/div>\r\n    <\/div>\r\n    <\/div>\n  <\/div><div class=\"item item-1917 skin flat even 44 \">\n        <div class=\"layer-wrapper layout-5815\">\n          <div class=\" element_1624268456791\"\r\n        id=\"\">\r\n        <div class=\"element element_1624268458890  thumb \">\r\n                    <img decoding=\"async\" alt=\"\" src=\"http:\/\/telemme.mmsh.fr\/wp-content\/uploads\/2020\/03\/LogoTELEMMe-horizontal-fond-transparent.png\">\r\n            <\/div>\r\n    <div class=\"element element_1624268460479  title \">\r\n                    <a target=\"_self\"\r\n                href=\"https:\/\/telemme.mmsh.fr\/?evenement=etrangers-etude-dune-condition-dincertitude\">\"\u00c9trangers. \u00c9tude d'une condition d'incertitude \u2026\"<\/a>\r\n            <\/div>\r\n    <div class=\"element element_1767692457771  excerpt \">\r\n        Simona Cerutti est historienne, Directrice d\u2019\u00e9tudes \u00e0 l\u2019EHESS ; s\u2019inscrivant dans la filiation de la\u00a0microstoria\u00a0italienne, elle en a renouvel\u00e9 les apports, en dialogue permanent (et discret) avec la sociologie boltanskienne et l\u2019ethnom\u00e9thodologie. Simona Cerutti publie un livre important \u00e0 plusieurs titres : en ce qu\u2019il questionne la construction de cat\u00e9gories            <\/div>\r\n    <\/div>\r\n    <\/div>\n  <\/div><div class=\"item item-1919 skin flat odd 45 \">\n        <div class=\"layer-wrapper layout-5815\">\n          <div class=\" element_1624268456791\"\r\n        id=\"\">\r\n        <div class=\"element element_1624268458890  thumb \">\r\n                    <img decoding=\"async\" alt=\"\" src=\"http:\/\/telemme.mmsh.fr\/wp-content\/uploads\/2020\/03\/LogoTELEMMe-horizontal-fond-transparent.png\">\r\n            <\/div>\r\n    <div class=\"element element_1624268460479  title \">\r\n                    <a target=\"_self\"\r\n                href=\"https:\/\/telemme.mmsh.fr\/?evenement=histoire-et-sciences-sociales-la-constitution-des-collectifs\">Histoire et Sciences Sociales. La constitution des collectifs<\/a>\r\n            <\/div>\r\n    <div class=\"element element_1767692457771  excerpt \">\r\n                    <\/div>\r\n    <\/div>\r\n    <\/div>\n  <\/div><div class=\"item item-1920 skin flat even 46 \">\n        <div class=\"layer-wrapper layout-5815\">\n          <div class=\" element_1624268456791\"\r\n        id=\"\">\r\n        <div class=\"element element_1624268458890  thumb \">\r\n                    <img decoding=\"async\" alt=\"\" src=\"http:\/\/telemme.mmsh.fr\/wp-content\/uploads\/2020\/03\/LogoTELEMMe-horizontal-fond-transparent.png\">\r\n            <\/div>\r\n    <div class=\"element element_1624268460479  title \">\r\n                    <a target=\"_self\"\r\n                href=\"https:\/\/telemme.mmsh.fr\/?evenement=gouverner-la-ville-gouverner-les-hommes-etudes-des-politiques-municipales-envers-des-populations-specifiques\">Gouverner la ville, gouverner les hommes : \u00e9tudes des politiques municipales envers des populations sp\u00e9cifiques<\/a>\r\n            <\/div>\r\n    <div class=\"element element_1767692457771  excerpt \">\r\n        L\u2019image \u00ab cosmopolite \u00bb de Marseille n\u2019est pas neuve, de m\u00eame que sa r\u00e9putation de cit\u00e9 violente : la ville accueille depuis le Moyen \u00c2ge des populations aux origines et aux conditions sociales tr\u00e8s vari\u00e9es, allant des marchands de l\u2019\u00e9poque moderne aux ouvriers des XIXe et XXe si\u00e8cles, etc. Face            <\/div>\r\n    <\/div>\r\n    <\/div>\n  <\/div><div class=\"item item-2451 skin flat odd 47 \">\n        <div class=\"layer-wrapper layout-5815\">\n          <div class=\" element_1624268456791\"\r\n        id=\"\">\r\n        <div class=\"element element_1624268458890  thumb \">\r\n                    <img decoding=\"async\" alt=\"\" src=\"http:\/\/telemme.mmsh.fr\/wp-content\/uploads\/2020\/03\/LogoTELEMMe-horizontal-fond-transparent.png\">\r\n            <\/div>\r\n    <div class=\"element element_1624268460479  title \">\r\n                    <a target=\"_self\"\r\n                href=\"https:\/\/telemme.mmsh.fr\/?evenement=le-mexique-dans-les-migrations-internationales\">Le Mexique dans les migrations internationales<\/a>\r\n            <\/div>\r\n    <div class=\"element element_1767692457771  excerpt \">\r\n        Le colloque est co-organis\u00e9 par le Centre d\u2019Etudes Mexicaines et Centram\u00e9ricaines de Mexico (CEMCA), le Laboratoire d\u2019Economie et de Sociologie du Travail (LEST), l'Institut de Recherche pour le D\u00e9veloppement (IRD), la Maison M\u00e9diterran\u00e9enne des Sciences de l\u2019Homme (MMSH) d'Aix-en-Provence, via le r\u00e9seau MIMED (Lieux et territoires des migrations en M\u00e9diterran\u00e9e            <\/div>\r\n    <\/div>\r\n    <\/div>\n  <\/div><div class=\"item item-2456 skin flat even 48 \">\n        <div class=\"layer-wrapper layout-5815\">\n          <div class=\" element_1624268456791\"\r\n        id=\"\">\r\n        <div class=\"element element_1624268458890  thumb \">\r\n                    <img decoding=\"async\" alt=\"\" src=\"http:\/\/telemme.mmsh.fr\/wp-content\/uploads\/2020\/03\/LogoTELEMMe-horizontal-fond-transparent.png\">\r\n            <\/div>\r\n    <div class=\"element element_1624268460479  title \">\r\n                    <a target=\"_self\"\r\n                href=\"https:\/\/telemme.mmsh.fr\/?evenement=une-histoire-au-present-les-historiens-et-michel-foucault-aujourdhui\">Une histoire au pr\u00e9sent : les historiens et Michel Foucault aujourd\u2019hui<\/a>\r\n            <\/div>\r\n    <div class=\"element element_1767692457771  excerpt \">\r\n        \u00ab A lire Foucault, on se persuade ais\u00e9ment que l\u2019histoire est encore tr\u00e8s jeune \u00bb. Cette r\u00e9flexion de Jacques L\u00e9onard, faite en 1976 dans son compte rendu de Surveiller et punir, doit \u00eatre prise au s\u00e9rieux. Elle vaut pour aujourd\u2019hui. D\u00e8s lors, une histoire au pr\u00e9sent conduit \u00e0 \u00ab mettre            <\/div>\r\n    <\/div>\r\n    <\/div>\n  <\/div><div class=\"item item-2496 skin flat odd 49 \">\n        <div class=\"layer-wrapper layout-5815\">\n          <div class=\" element_1624268456791\"\r\n        id=\"\">\r\n        <div class=\"element element_1624268458890  thumb \">\r\n                    <img decoding=\"async\" alt=\"\" src=\"http:\/\/telemme.mmsh.fr\/wp-content\/uploads\/2020\/03\/LogoTELEMMe-horizontal-fond-transparent.png\">\r\n            <\/div>\r\n    <div class=\"element element_1624268460479  title \">\r\n                    <a target=\"_self\"\r\n                href=\"https:\/\/telemme.mmsh.fr\/?evenement=les-migrations-a-lepreuve-du-sport\">Les migrations \u00e0 l'\u00e9preuve du sport<\/a>\r\n            <\/div>\r\n    <div class=\"element element_1767692457771  excerpt \">\r\n                    <\/div>\r\n    <\/div>\r\n    <\/div>\n  <\/div>    <\/div>\n    <div class=\"pagination\">\n      <div class=\"paginate\">\n    <span aria-current=\"page\" class=\"page-numbers current\">1<\/span>\n<a class=\"page-numbers\" href=\"https:\/\/telemme.mmsh.fr\/index.php?rest_route=%2Fwp%2Fv2%2Fpages%2F5853&#038;paged=2\">2<\/a>\n<a class=\"next page-numbers\" href=\"https:\/\/telemme.mmsh.fr\/index.php?rest_route=%2Fwp%2Fv2%2Fpages%2F5853&#038;paged=2\">Next \u00bb<\/a>  <\/div>\n  <style type=\"text\/css\">\n    #post-grid-5854 .pagination .page-numbers {\n      font-size: 16px;\n      color: #fff;\n      background: #646464;\n    }\n\n    #post-grid-5854 .pagination .page-numbers:hover,\n    #post-grid-5854 .pagination .page-numbers.current {\n      background: #4b4b4b;\n    }\n  <\/style>\n  <\/div>\n        <style type=\"text\/css\">\r\n            .layout-5815 .element_1624268456791 {\r\n                            }\r\n\r\n                    <\/style>\r\n        <style type=\"text\/css\">\r\n        .layout-5815 .element_1624268458890 {\r\n            overflow: hidden;\r\n                    }\r\n\r\n        .layout-5815 .element_1624268458890 img {\r\n            max-width: 100%;\r\n            height: auto;\r\n        }\r\n\r\n        @media only screen and (min-width: 1024px) {\r\n            .layout-5815 .element_1624268458890 {\r\n                            }\r\n        }\r\n\r\n        @media only screen and (min-width: 768px) and (max-width: 1023px) {\r\n            .layout-5815 .element_1624268458890 {\r\n                            }\r\n        }\r\n\r\n        @media only screen and (min-width: 0px) and (max-width: 767px) {\r\n            .layout-5815 .element_1624268458890 {\r\n                            }\r\n        }\r\n    <\/style>\r\n    <style type=\"text\/css\">\r\n        .layout-5815 .element_1624268460479 {\r\n            color: #000000;\r\n            font-size: 20px;\r\n            font-family: Alata;\r\n            margin: 10px 0;\r\n            text-align: left;\r\n            font-weight:bold;        }\r\n\r\n        .layout-5815 .element_1624268460479 a {\r\n            color: #000000;\r\n            font-size: 20px;\r\n            font-family: Alata;\r\n            margin: 10px 0;\r\n            text-align: left;\r\n            font-weight:bold;        }\r\n    <\/style>\r\n    <style type=\"text\/css\">\r\n        .layout-5815 .element_1767692457771 {\r\n            text-align: left;\r\n                    }\r\n\r\n        .layout-5815 .element_1767692457771 a {\r\n                    }\r\n    <\/style>\r\n      <script>\n          <\/script>\n    <style type=\"text\/css\">\n    #post-grid-5854 {\n      padding: 10px;\n          }\n\n    #post-grid-5854 .item {\n      padding: 0px;\n      background: #fff;\n          }\n\n    #post-grid-5854 .item .layer-media {\n      height:auto;    }\n\n    @media only screen and (min-width: 0px) and (max-width: 767px) {\n      #post-grid-5854 .grid-items {\n        text-align: center;\n              }\n\n      #post-grid-5854 .item {\n        width: 90%;\n        margin: 10px;\n        display: inline-block;\n        vertical-align: top;\n        height:auto;      }\n    }\n\n    @media only screen and (min-width: 768px) and (max-width: 1023px) {\n      #post-grid-5854 .grid-items {\n        text-align: center;\n              }\n\n      #post-grid-5854 .item {\n        width: 280px;\n        margin: 10px;\n        display: inline-block;\n        vertical-align: top;\n        max-height:auto;      }\n    }\n\n    @media only screen and (min-width: 1024px) {\n      #post-grid-5854 .grid-items {\n        text-align: center;\n              }\n\n      #post-grid-5854 .item {\n        width: 280px;\n        display: inline-block;\n        margin: 10px;\n        vertical-align: top;\n        height:auto;      }\n    }\n\n      <\/style>\n  <\/div>\n\n","protected":false},"excerpt":{"rendered":"","protected":false},"author":6,"featured_media":0,"parent":2324,"menu_order":5,"comment_status":"closed","ping_status":"closed","template":"","meta":{"neve_meta_sidebar":"full-width","neve_meta_container":"","neve_meta_enable_content_width":"on","neve_meta_content_width":100,"neve_meta_title_alignment":"","neve_meta_author_avatar":"","neve_post_elements_order":"","neve_meta_disable_header":"","neve_meta_disable_footer":"","neve_meta_disable_title":"","footnotes":""},"class_list":["post-5853","page","type-page","status-publish","hentry"],"yoast_head":"<!-- This site is optimized with the Yoast SEO plugin v27.4 - https:\/\/yoast.com\/product\/yoast-seo-wordpress\/ -->\n<title>Ateliers - TELEMMe - Temps, espaces, langages, Europe m\u00e9ridionale, M\u00e9diterran\u00e9e<\/title>\n<meta name=\"robots\" content=\"index, follow, max-snippet:-1, max-image-preview:large, max-video-preview:-1\" \/>\n<link rel=\"canonical\" href=\"https:\/\/telemme.mmsh.fr\/?page_id=5853\" \/>\n<meta property=\"og:locale\" content=\"fr_FR\" \/>\n<meta property=\"og:type\" content=\"article\" \/>\n<meta property=\"og:title\" content=\"Ateliers - TELEMMe - Temps, espaces, langages, Europe m\u00e9ridionale, M\u00e9diterran\u00e9e\" \/>\n<meta property=\"og:url\" content=\"https:\/\/telemme.mmsh.fr\/?page_id=5853\" \/>\n<meta property=\"og:site_name\" content=\"TELEMMe - Temps, espaces, langages, Europe m\u00e9ridionale, M\u00e9diterran\u00e9e\" \/>\n<meta property=\"article:modified_time\" content=\"2021-06-02T14:39:59+00:00\" \/>\n<meta name=\"twitter:card\" content=\"summary_large_image\" \/>\n<meta name=\"twitter:label1\" content=\"Dur\u00e9e de lecture estim\u00e9e\" \/>\n\t<meta name=\"twitter:data1\" content=\"1 minute\" \/>\n<script type=\"application\/ld+json\" class=\"yoast-schema-graph\">{\"@context\":\"https:\\\/\\\/schema.org\",\"@graph\":[{\"@type\":\"WebPage\",\"@id\":\"https:\\\/\\\/telemme.mmsh.fr\\\/?page_id=5853\",\"url\":\"https:\\\/\\\/telemme.mmsh.fr\\\/?page_id=5853\",\"name\":\"Ateliers - TELEMMe - Temps, espaces, langages, Europe m\u00e9ridionale, M\u00e9diterran\u00e9e\",\"isPartOf\":{\"@id\":\"https:\\\/\\\/telemme.mmsh.fr\\\/#website\"},\"datePublished\":\"2021-03-30T14:06:01+00:00\",\"dateModified\":\"2021-06-02T14:39:59+00:00\",\"breadcrumb\":{\"@id\":\"https:\\\/\\\/telemme.mmsh.fr\\\/?page_id=5853#breadcrumb\"},\"inLanguage\":\"fr-FR\",\"potentialAction\":[{\"@type\":\"ReadAction\",\"target\":[\"https:\\\/\\\/telemme.mmsh.fr\\\/?page_id=5853\"]}]},{\"@type\":\"BreadcrumbList\",\"@id\":\"https:\\\/\\\/telemme.mmsh.fr\\\/?page_id=5853#breadcrumb\",\"itemListElement\":[{\"@type\":\"ListItem\",\"position\":1,\"name\":\"Accueil\",\"item\":\"https:\\\/\\\/telemme.mmsh.fr\\\/\"},{\"@type\":\"ListItem\",\"position\":2,\"name\":\"\u00c9v\u00e9nements\",\"item\":\"https:\\\/\\\/telemme.mmsh.fr\\\/?page_id=2324\"},{\"@type\":\"ListItem\",\"position\":3,\"name\":\"Ateliers\"}]},{\"@type\":\"WebSite\",\"@id\":\"https:\\\/\\\/telemme.mmsh.fr\\\/#website\",\"url\":\"https:\\\/\\\/telemme.mmsh.fr\\\/\",\"name\":\"TELEMMe - Temps, espaces, langages, Europe m\u00e9ridionale, M\u00e9diterran\u00e9e\",\"description\":\"\",\"publisher\":{\"@id\":\"https:\\\/\\\/telemme.mmsh.fr\\\/#organization\"},\"potentialAction\":[{\"@type\":\"SearchAction\",\"target\":{\"@type\":\"EntryPoint\",\"urlTemplate\":\"https:\\\/\\\/telemme.mmsh.fr\\\/?s={search_term_string}\"},\"query-input\":{\"@type\":\"PropertyValueSpecification\",\"valueRequired\":true,\"valueName\":\"search_term_string\"}}],\"inLanguage\":\"fr-FR\"},{\"@type\":\"Organization\",\"@id\":\"https:\\\/\\\/telemme.mmsh.fr\\\/#organization\",\"name\":\"TELEMMe\",\"url\":\"https:\\\/\\\/telemme.mmsh.fr\\\/\",\"logo\":{\"@type\":\"ImageObject\",\"inLanguage\":\"fr-FR\",\"@id\":\"https:\\\/\\\/telemme.mmsh.fr\\\/#\\\/schema\\\/logo\\\/image\\\/\",\"url\":\"https:\\\/\\\/telemme.mmsh.fr\\\/wp-content\\\/uploads\\\/2020\\\/03\\\/LogoTELEMMe-horizontal-fond-transparent.png\",\"contentUrl\":\"https:\\\/\\\/telemme.mmsh.fr\\\/wp-content\\\/uploads\\\/2020\\\/03\\\/LogoTELEMMe-horizontal-fond-transparent.png\",\"width\":1500,\"height\":437,\"caption\":\"TELEMMe\"},\"image\":{\"@id\":\"https:\\\/\\\/telemme.mmsh.fr\\\/#\\\/schema\\\/logo\\\/image\\\/\"}}]}<\/script>\n<!-- \/ Yoast SEO plugin. -->","yoast_head_json":{"title":"Ateliers - TELEMMe - Temps, espaces, langages, Europe m\u00e9ridionale, M\u00e9diterran\u00e9e","robots":{"index":"index","follow":"follow","max-snippet":"max-snippet:-1","max-image-preview":"max-image-preview:large","max-video-preview":"max-video-preview:-1"},"canonical":"https:\/\/telemme.mmsh.fr\/?page_id=5853","og_locale":"fr_FR","og_type":"article","og_title":"Ateliers - TELEMMe - Temps, espaces, langages, Europe m\u00e9ridionale, M\u00e9diterran\u00e9e","og_url":"https:\/\/telemme.mmsh.fr\/?page_id=5853","og_site_name":"TELEMMe - Temps, espaces, langages, Europe m\u00e9ridionale, M\u00e9diterran\u00e9e","article_modified_time":"2021-06-02T14:39:59+00:00","twitter_card":"summary_large_image","twitter_misc":{"Dur\u00e9e de lecture estim\u00e9e":"1 minute"},"schema":{"@context":"https:\/\/schema.org","@graph":[{"@type":"WebPage","@id":"https:\/\/telemme.mmsh.fr\/?page_id=5853","url":"https:\/\/telemme.mmsh.fr\/?page_id=5853","name":"Ateliers - TELEMMe - Temps, espaces, langages, Europe m\u00e9ridionale, M\u00e9diterran\u00e9e","isPartOf":{"@id":"https:\/\/telemme.mmsh.fr\/#website"},"datePublished":"2021-03-30T14:06:01+00:00","dateModified":"2021-06-02T14:39:59+00:00","breadcrumb":{"@id":"https:\/\/telemme.mmsh.fr\/?page_id=5853#breadcrumb"},"inLanguage":"fr-FR","potentialAction":[{"@type":"ReadAction","target":["https:\/\/telemme.mmsh.fr\/?page_id=5853"]}]},{"@type":"BreadcrumbList","@id":"https:\/\/telemme.mmsh.fr\/?page_id=5853#breadcrumb","itemListElement":[{"@type":"ListItem","position":1,"name":"Accueil","item":"https:\/\/telemme.mmsh.fr\/"},{"@type":"ListItem","position":2,"name":"\u00c9v\u00e9nements","item":"https:\/\/telemme.mmsh.fr\/?page_id=2324"},{"@type":"ListItem","position":3,"name":"Ateliers"}]},{"@type":"WebSite","@id":"https:\/\/telemme.mmsh.fr\/#website","url":"https:\/\/telemme.mmsh.fr\/","name":"TELEMMe - Temps, espaces, langages, Europe m\u00e9ridionale, M\u00e9diterran\u00e9e","description":"","publisher":{"@id":"https:\/\/telemme.mmsh.fr\/#organization"},"potentialAction":[{"@type":"SearchAction","target":{"@type":"EntryPoint","urlTemplate":"https:\/\/telemme.mmsh.fr\/?s={search_term_string}"},"query-input":{"@type":"PropertyValueSpecification","valueRequired":true,"valueName":"search_term_string"}}],"inLanguage":"fr-FR"},{"@type":"Organization","@id":"https:\/\/telemme.mmsh.fr\/#organization","name":"TELEMMe","url":"https:\/\/telemme.mmsh.fr\/","logo":{"@type":"ImageObject","inLanguage":"fr-FR","@id":"https:\/\/telemme.mmsh.fr\/#\/schema\/logo\/image\/","url":"https:\/\/telemme.mmsh.fr\/wp-content\/uploads\/2020\/03\/LogoTELEMMe-horizontal-fond-transparent.png","contentUrl":"https:\/\/telemme.mmsh.fr\/wp-content\/uploads\/2020\/03\/LogoTELEMMe-horizontal-fond-transparent.png","width":1500,"height":437,"caption":"TELEMMe"},"image":{"@id":"https:\/\/telemme.mmsh.fr\/#\/schema\/logo\/image\/"}}]}},"_links":{"self":[{"href":"https:\/\/telemme.mmsh.fr\/index.php?rest_route=\/wp\/v2\/pages\/5853","targetHints":{"allow":["GET"]}}],"collection":[{"href":"https:\/\/telemme.mmsh.fr\/index.php?rest_route=\/wp\/v2\/pages"}],"about":[{"href":"https:\/\/telemme.mmsh.fr\/index.php?rest_route=\/wp\/v2\/types\/page"}],"author":[{"embeddable":true,"href":"https:\/\/telemme.mmsh.fr\/index.php?rest_route=\/wp\/v2\/users\/6"}],"replies":[{"embeddable":true,"href":"https:\/\/telemme.mmsh.fr\/index.php?rest_route=%2Fwp%2Fv2%2Fcomments&post=5853"}],"version-history":[{"count":1,"href":"https:\/\/telemme.mmsh.fr\/index.php?rest_route=\/wp\/v2\/pages\/5853\/revisions"}],"predecessor-version":[{"id":5855,"href":"https:\/\/telemme.mmsh.fr\/index.php?rest_route=\/wp\/v2\/pages\/5853\/revisions\/5855"}],"up":[{"embeddable":true,"href":"https:\/\/telemme.mmsh.fr\/index.php?rest_route=\/wp\/v2\/pages\/2324"}],"wp:attachment":[{"href":"https:\/\/telemme.mmsh.fr\/index.php?rest_route=%2Fwp%2Fv2%2Fmedia&parent=5853"}],"curies":[{"name":"wp","href":"https:\/\/api.w.org\/{rel}","templated":true}]}}