{"id":5847,"date":"2021-03-30T15:55:06","date_gmt":"2021-03-30T13:55:06","guid":{"rendered":"http:\/\/telemme.mmsh.fr\/?page_id=5847"},"modified":"2021-06-02T16:37:24","modified_gmt":"2021-06-02T14:37:24","slug":"journees-etudes","status":"publish","type":"page","link":"https:\/\/telemme.mmsh.fr\/?page_id=5847","title":{"rendered":"Journ\u00e9es d&rsquo;\u00e9tudes"},"content":{"rendered":"      <div id=\"post-grid-lazy-5848\" class=\"post-grid-lazy\"><img decoding=\"async\" alt=\"\" src=\"\" \/><\/div>\n    <script>\n      jQuery('#post-grid-lazy-5848').ready(function($) {\n        $('#post-grid-lazy-5848').fadeOut();\n        $('#post-grid-5848   ').fadeIn();\n      })\n    <\/script>\n    <style type=\"text\/css\">\n      #post-grid-5848 {\n        display: none;\n      }\n\n      .post-grid-lazy {\n        text-align: center;\n      }\n    <\/style>\n    <div data-options='{&quot;id&quot;:&quot;5848&quot;,&quot;lazy_load&quot;:&quot;yes&quot;,&quot;masonry_enable&quot;:&quot;no&quot;,&quot;view_type&quot;:&quot;grid&quot;}' id=\"post-grid-5848\" class=\"post-grid grid\">\n    \n\n\n    <div class=\"grid-items\">\n      <div class=\"item item-16829 skin flat even 0 \">\n        <div class=\"layer-wrapper layout-5815\">\n          <div class=\" element_1624268456791\"\r\n        id=\"\">\r\n        <div class=\"element element_1624268458890  thumb \">\r\n                    <img decoding=\"async\" alt=\"Georg Daniel Heumann (1691-1759), Bibliotheca B\u00fcloviana Academiae, Georgiae Augustae donata G\u00f6ttingae\" src=\"https:\/\/telemme.mmsh.fr\/wp-content\/uploads\/2024\/07\/bookshop2.jpg\">\r\n            <\/div>\r\n    <div class=\"element element_1624268460479  title \">\r\n                    <a target=\"_self\"\r\n                href=\"https:\/\/telemme.mmsh.fr\/?evenement=la-vie-des-bibliotheques-publiques\">La vie des biblioth\u00e8ques publiques<\/a>\r\n            <\/div>\r\n    <div class=\"element element_1767692457771  excerpt \">\r\n        Journ\u00e9es du programme BipuLum. Ces deux jours seront consacr\u00e9s \u00e0\u00a0La vie des biblioth\u00e8ques publiques.\u00a0Nous nous int\u00e9resserons au fonctionnement d'un \"service public\" \u00e0 l'\u00e9poque des Lumi\u00e8res\u00a0en explorant six th\u00e9matiques            <\/div>\r\n    <\/div>\r\n    <\/div>\n  <\/div><div class=\"item item-16801 skin flat odd 1 \">\n        <div class=\"layer-wrapper layout-5815\">\n          <div class=\" element_1624268456791\"\r\n        id=\"\">\r\n        <div class=\"element element_1624268458890  thumb \">\r\n                    <img decoding=\"async\" alt=\"\" src=\"http:\/\/telemme.mmsh.fr\/wp-content\/uploads\/2020\/03\/LogoTELEMMe-horizontal-fond-transparent.png\">\r\n            <\/div>\r\n    <div class=\"element element_1624268460479  title \">\r\n                    <a target=\"_self\"\r\n                href=\"https:\/\/telemme.mmsh.fr\/?evenement=imaginaires-connectes\">Imaginaires connect\u00e9s. Art, num\u00e9rique et r\u00e9seaux en M\u00e9diterran\u00e9e contemporaine<\/a>\r\n            <\/div>\r\n    <div class=\"element element_1767692457771  excerpt \">\r\n        Cette journ\u00e9e est pens\u00e9e comme une exploration des recherches, pratiques artistiques, initiatives et r\u00e9seaux qui \u00e9mergent autour des relations entre art et num\u00e9rique en M\u00e9diterran\u00e9e.            <\/div>\r\n    <\/div>\r\n    <\/div>\n  <\/div><div class=\"item item-16533 skin flat even 2 \">\n        <div class=\"layer-wrapper layout-5815\">\n          <div class=\" element_1624268456791\"\r\n        id=\"\">\r\n        <div class=\"element element_1624268458890  thumb \">\r\n                    <img decoding=\"async\" alt=\"Marseille, Liminal Water\" src=\"https:\/\/telemme.mmsh.fr\/wp-content\/uploads\/2026\/02\/Liminal_Marseille.jpeg\">\r\n            <\/div>\r\n    <div class=\"element element_1624268460479  title \">\r\n                    <a target=\"_self\"\r\n                href=\"https:\/\/telemme.mmsh.fr\/?evenement=fuites-ou-debordements\">Fuites ou d\u00e9bordements ? Penser la marge par les eaux dans les m\u00e9tropoles m\u00e9diterran\u00e9ennes (Marseille, Ath\u00e8nes)<\/a>\r\n            <\/div>\r\n    <div class=\"element element_1767692457771  excerpt \">\r\n        Cette journ\u00e9e d\u2019\u00e9tudes, con\u00e7ue comme un atelier de recherche-cr\u00e9ation, se tiendra le 13 f\u00e9vrier 2026 \u00e0 partir de 9h30, \u00e0 l\u2019\u00c9cole nationale sup\u00e9rieure d\u2019architecture de Marseille (laboratoire INAMA).            <\/div>\r\n    <\/div>\r\n    <\/div>\n  <\/div><div class=\"item item-16296 skin flat odd 3 \">\n        <div class=\"layer-wrapper layout-5815\">\n          <div class=\" element_1624268456791\"\r\n        id=\"\">\r\n        <div class=\"element element_1624268458890  thumb \">\r\n                    <img decoding=\"async\" alt=\"affiche Se\u0301minaire Ube\u0301risation\" src=\"https:\/\/telemme.mmsh.fr\/wp-content\/uploads\/2025\/12\/Seminaire-Uberisation-12dec25_Page_1-768x1024.jpg\">\r\n            <\/div>\r\n    <div class=\"element element_1624268460479  title \">\r\n                    <a target=\"_self\"\r\n                href=\"https:\/\/telemme.mmsh.fr\/?evenement=ville-uberisee-ville-a-domicile-quels-enjeux-pour-les-territoires\">Ville \"ub\u00e9ris\u00e9e\", ville \"\u00e0 domicile\". Quels enjeux pour les territoires ?<\/a>\r\n            <\/div>\r\n    <div class=\"element element_1767692457771  excerpt \">\r\n        L\u2019ub\u00e9risation invite \u00e0 repenser la ville non seulement comme un espace \u00e0 parcourir, mais aussi comme un \u00e9cosyst\u00e8me de services accessibles \u00e0 port\u00e9e de main ou d\u2019\u00e9cran.            <\/div>\r\n    <\/div>\r\n    <\/div>\n  <\/div><div class=\"item item-16214 skin flat even 4 \">\n        <div class=\"layer-wrapper layout-5815\">\n          <div class=\" element_1624268456791\"\r\n        id=\"\">\r\n        <div class=\"element element_1624268458890  thumb \">\r\n                    <img decoding=\"async\" alt=\"Cr\u00e9dits de l&#039;illustration : Libert\u00e9 ou servitude, affiche de propagande du minist\u00e8re fran\u00e7ais de l&#039;Information, Seconde Guerre mondiale, Archives d\u2019\u00c9tat du Bade-Wurtemberg, fonds 10618, image n\u00b0 3011139,\u00a0http:\/\/www.landesarchiv-bw.de\/plink\/?f=5-851831\u00a0\" src=\"https:\/\/telemme.mmsh.fr\/wp-content\/uploads\/2025\/11\/telechargement-1024x492.png\">\r\n            <\/div>\r\n    <div class=\"element element_1624268460479  title \">\r\n                    <a target=\"_self\"\r\n                href=\"https:\/\/telemme.mmsh.fr\/?evenement=lemi-un-imperatif-democratique-pour-eduquer-a-la-citoyennete-a-lere-de-lia-generative\">L'EMI, un imp\u00e9ratif d\u00e9mocratique pour \u00e9duquer \u00e0 la citoyennet\u00e9 \u00e0 l'\u00e8re de l'IA g\u00e9n\u00e9rative<\/a>\r\n            <\/div>\r\n    <div class=\"element element_1767692457771  excerpt \">\r\n        Cette journ\u00e9e met l'accent sur le caract\u00e8re incontournable de l'EMI face aux d\u00e9fis d\u00e9mocratiques impos\u00e9s par la g\u00e9n\u00e9ralisation des IA et des IA g\u00e9n\u00e9ratives.            <\/div>\r\n    <\/div>\r\n    <\/div>\n  <\/div><div class=\"item item-16129 skin flat odd 5 \">\n        <div class=\"layer-wrapper layout-5815\">\n          <div class=\" element_1624268456791\"\r\n        id=\"\">\r\n        <div class=\"element element_1624268458890  thumb \">\r\n                    <img decoding=\"async\" alt=\"Weblab\" src=\"https:\/\/telemme.mmsh.fr\/wp-content\/uploads\/2025\/04\/Picture.png\">\r\n            <\/div>\r\n    <div class=\"element element_1624268460479  title \">\r\n                    <a target=\"_self\"\r\n                href=\"https:\/\/telemme.mmsh.fr\/?evenement=les-donnees-issues-du-web-ressources-et-utilisations\">Les donn\u00e9es issues du web : ressources et utilisations<\/a>\r\n            <\/div>\r\n    <div class=\"element element_1767692457771  excerpt \">\r\n        Une demi-journ\u00e9e du weblab co-organis\u00e9e avec la Plateforme universitaire de donn\u00e9es d'AMU dans le cadre de la semaine Data SHS 2025.            <\/div>\r\n    <\/div>\r\n    <\/div>\n  <\/div><div class=\"item item-16103 skin flat even 6 \">\n        <div class=\"layer-wrapper layout-5815\">\n          <div class=\" element_1624268456791\"\r\n        id=\"\">\r\n        <div class=\"element element_1624268458890  thumb \">\r\n                    <img decoding=\"async\" alt=\"P\u00eacheur tunisien\" src=\"https:\/\/telemme.mmsh.fr\/wp-content\/uploads\/2025\/11\/Captureff.png\">\r\n            <\/div>\r\n    <div class=\"element element_1624268460479  title \">\r\n                    <a target=\"_self\"\r\n                href=\"https:\/\/telemme.mmsh.fr\/?evenement=colonisations-halieutiques\">Colonisations halieutiques. P\u00eaches, empires, environnements (XVIIe-XXIe si\u00e8cles)<\/a>\r\n            <\/div>\r\n    <div class=\"element element_1767692457771  excerpt \">\r\n        Cette journ\u00e9e d'\u00e9tudes vise \u00e0 croiser les regards et les expertises pour questionner sur la longue dur\u00e9e les processus d\u2019appropriation des territoires et des ressources halieutiques, volet m\u00e9connu de l\u2019histoire des empires coloniaux europ\u00e9ens et enjeu aujourd\u2019hui central des relations internationales et du d\u00e9veloppement durable            <\/div>\r\n    <\/div>\r\n    <\/div>\n  <\/div><div class=\"item item-16060 skin flat odd 7 \">\n        <div class=\"layer-wrapper layout-5815\">\n          <div class=\" element_1624268456791\"\r\n        id=\"\">\r\n        <div class=\"element element_1624268458890  thumb \">\r\n                    <img decoding=\"async\" alt=\"Pariset, Etienne, Mazet, Andr\u00e9, et Lasteyrie, Charles-Philibert de (imprimeur-lithographe), \u201cPortrait d&#039;homme souffrant de la fi\u00e8vre jaune,\u201d, extrait de Observations sur la fi\u00e8vre jaune, faites \u00e0 Cadix, en 1819, 1820, Audot (Paris) , Biblioth\u00e8que nationale de France, d\u00e9partement R\u00e9serve des livres rares, FOL-TD54-74, Gallica, ark:\/12148\/bpt6k1525771z\" src=\"https:\/\/telemme.mmsh.fr\/wp-content\/uploads\/2025\/10\/fievre_jaune.jpg\">\r\n            <\/div>\r\n    <div class=\"element element_1624268460479  title \">\r\n                    <a target=\"_self\"\r\n                href=\"https:\/\/telemme.mmsh.fr\/?evenement=tracer-les-epidemies-dans-lespace-mediterraneen-a-lepoque-pre-bacteriologique-expertise-gouvernement-demographie\">Tracer les \u00e9pid\u00e9mies dans l\u2019espace m\u00e9diterran\u00e9en \u00e0 l\u2019\u00e9poque pr\u00e9-bact\u00e9riologique : expertise, gouvernement, d\u00e9mographie<\/a>\r\n            <\/div>\r\n    <div class=\"element element_1767692457771  excerpt \">\r\n        Cette journ\u00e9e d\u2019\u00e9tude propose de revenir sur les moyens que les soci\u00e9t\u00e9s m\u00e9diterran\u00e9ennes de l\u2019\u00e9poque pr\u00e9-bact\u00e9riologique (XVe \u2013 XIXe si\u00e8cle) ont employ\u00e9s pour tracer les \u00e9pid\u00e9mies qui ont marqu\u00e9 l\u2019espace m\u00e9diterran\u00e9en.            <\/div>\r\n    <\/div>\r\n    <\/div>\n  <\/div><div class=\"item item-16048 skin flat even 8 \">\n        <div class=\"layer-wrapper layout-5815\">\n          <div class=\" element_1624268456791\"\r\n        id=\"\">\r\n        <div class=\"element element_1624268458890  thumb \">\r\n                    <img decoding=\"async\" alt=\"Franco ha muerto : couvertures de presse\" src=\"https:\/\/telemme.mmsh.fr\/wp-content\/uploads\/2025\/10\/FrancoHaMuerto.png\">\r\n            <\/div>\r\n    <div class=\"element element_1624268460479  title \">\r\n                    <a target=\"_self\"\r\n                href=\"https:\/\/telemme.mmsh.fr\/?evenement=usages-memoriels-de-la-mort-de-franco-et-recits-de-la-transition\">Usages m\u00e9moriels de la mort de Franco et r\u00e9cits de la Transition : regards crois\u00e9s entre litt\u00e9rature et histoire (1975-2025)<\/a>\r\n            <\/div>\r\n    <div class=\"element element_1767692457771  excerpt \">\r\n        Cette journ\u00e9e d\u2019\u00e9tude interroge la m\u00e9moire du franquisme et de la Transition \u00e0 travers La ca\u00edda de Madrid de Rafael Chirbes (2000) et les d\u00e9bats suscit\u00e9s par la comm\u00e9moration du cinquantenaire de la mort de Franco en 2025.            <\/div>\r\n    <\/div>\r\n    <\/div>\n  <\/div><div class=\"item item-16003 skin flat odd 9 \">\n        <div class=\"layer-wrapper layout-5815\">\n          <div class=\" element_1624268456791\"\r\n        id=\"\">\r\n        <div class=\"element element_1624268458890  thumb \">\r\n                    <img decoding=\"async\" alt=\"Cr\u00e9dits image : Association des Vignerons de la Sainte-Victoire\" src=\"https:\/\/telemme.mmsh.fr\/wp-content\/uploads\/2019\/12\/vins-sainte-victoire080-light2.jpg\">\r\n            <\/div>\r\n    <div class=\"element element_1624268460479  title \">\r\n                    <a target=\"_self\"\r\n                href=\"https:\/\/telemme.mmsh.fr\/?evenement=les-demarches-agro-environnementales-dans-les-vignobles-mediterraneens-lexemple-de-la-provence\">Les d\u00e9marches agro-environnementales dans les vignobles m\u00e9diterran\u00e9ens : l'exemple de la Provence<\/a>\r\n            <\/div>\r\n    <div class=\"element element_1767692457771  excerpt \">\r\n        Troisi\u00e8me journ\u00e9e organis\u00e9e autour du th\u00e8me \"Viticulture\u00a0 m\u00e9diterran\u00e9enne et environnement\", apr\u00e8s les journ\u00e9es organis\u00e9es en 2019 et 2021 \u00e0 la Maison de la Sainte Victoire, cette \u00e9dition se focalise sur les d\u00e9marches agro-environnementales dans le vignoble entre protection,            <\/div>\r\n    <\/div>\r\n    <\/div>\n  <\/div><div class=\"item item-15902 skin flat even 10 \">\n        <div class=\"layer-wrapper layout-5815\">\n          <div class=\" element_1624268456791\"\r\n        id=\"\">\r\n        <div class=\"element element_1624268458890  thumb \">\r\n                    <img decoding=\"async\" alt=\"Affiche Rencontres France \/ Br\u00e9sil \/ Qu\u00e9bec - EFAQ\" src=\"https:\/\/telemme.mmsh.fr\/wp-content\/uploads\/2025\/09\/Affiche-def-724x1024.jpg\">\r\n            <\/div>\r\n    <div class=\"element element_1624268460479  title \">\r\n                    <a target=\"_self\"\r\n                href=\"https:\/\/telemme.mmsh.fr\/?evenement=rencontres-france-bresil-quebec-ecole-famille-quartier\">Rencontres France \/ Br\u00e9sil \/ Qu\u00e9bec. \u00c9cole-famille-quartier<\/a>\r\n            <\/div>\r\n    <div class=\"element element_1767692457771  excerpt \">\r\n        Rencontres organis\u00e9es par Ariane Richard-Bossez (Mesopolhis) et Christine F\u00e9lix (ADEF) dans le cadre du projet \u00c9cole-Famille-Quartier            <\/div>\r\n    <\/div>\r\n    <\/div>\n  <\/div><div class=\"item item-15898 skin flat odd 11 \">\n        <div class=\"layer-wrapper layout-5815\">\n          <div class=\" element_1624268456791\"\r\n        id=\"\">\r\n        <div class=\"element element_1624268458890  thumb \">\r\n                    <img decoding=\"async\" alt=\"Affiche journ\u00e9e d&#039;\u00e9tudes Habitabilit\u00e9\" src=\"https:\/\/telemme.mmsh.fr\/wp-content\/uploads\/2025\/09\/2025.09.29_JE_Habiltabilite-732x1024.jpg\">\r\n            <\/div>\r\n    <div class=\"element element_1624268460479  title \">\r\n                    <a target=\"_self\"\r\n                href=\"https:\/\/telemme.mmsh.fr\/?evenement=habitabilite-sobriete-intensification\">Habitabilit\u00e9, sobri\u00e9t\u00e9, intensification<\/a>\r\n            <\/div>\r\n    <div class=\"element element_1767692457771  excerpt \">\r\n        Depuis vingt ans, l\u2019encha\u00eenement des crises sociales, \u00e9conomiques, identitaires, technologiques, environnementales et aujourd\u2019hui sanitaires et g\u00e9opolitiques, transforme profond\u00e9ment la mani\u00e8re de fabriquer et de produire de la ville. Les limites de la m\u00e9tropolisation, des gouvernances locales et du capitalisme urbain imposent en ce sens de trouver des alternatives effectives et            <\/div>\r\n    <\/div>\r\n    <\/div>\n  <\/div><div class=\"item item-15794 skin flat even 12 \">\n        <div class=\"layer-wrapper layout-5815\">\n          <div class=\" element_1624268456791\"\r\n        id=\"\">\r\n        <div class=\"element element_1624268458890  thumb \">\r\n                    <img decoding=\"async\" alt=\"e\u0301ducation discrimination abstrait couleurs\" src=\"https:\/\/telemme.mmsh.fr\/wp-content\/uploads\/2025\/07\/education-discrimination-abstrait-couleurs-1024x1024.jpg\">\r\n            <\/div>\r\n    <div class=\"element element_1624268460479  title \">\r\n                    <a target=\"_self\"\r\n                href=\"https:\/\/telemme.mmsh.fr\/?evenement=discrimination-et-education-regards-croises-etats-unis-france\">Discrimination et \u00e9ducation, regards crois\u00e9s \u00c9tats-Unis \/ France<\/a>\r\n            <\/div>\r\n    <div class=\"element element_1767692457771  excerpt \">\r\n        Cette journ\u00e9e a pour ambition d\u2019analyser comment les discriminations scolaires \u00e0 plusieurs \u00e9chelles (syst\u00e9miques, institutionnelles mais aussi interpersonnelles) influencent l\u2019acc\u00e8s \u00e0 l\u2019\u00e9ducation et \u00e0 la r\u00e9ussite scolaire aux \u00c9tats-Unis ou en France. Les perspectives historiques\u00a0permettent de comprendre comment l\u2019\u00e9ducation a \u00e9t\u00e9 fa\u00e7onn\u00e9e par les discriminations et les combats contre celles-ci            <\/div>\r\n    <\/div>\r\n    <\/div>\n  <\/div><div class=\"item item-15779 skin flat odd 13 \">\n        <div class=\"layer-wrapper layout-5815\">\n          <div class=\" element_1624268456791\"\r\n        id=\"\">\r\n        <div class=\"element element_1624268458890  thumb \">\r\n                    <img decoding=\"async\" alt=\"Photo d&#039;Yvonne Knibiehler\" src=\"https:\/\/telemme.mmsh.fr\/wp-content\/uploads\/2025\/07\/Photo_YvonneKnibiehler.jpg\">\r\n            <\/div>\r\n    <div class=\"element element_1624268460479  title \">\r\n                    <a target=\"_self\"\r\n                href=\"https:\/\/telemme.mmsh.fr\/?evenement=autour-dyvonne-hommage-a-yvonne-knibielher\">Journ\u00e9e d'\u00e9tudes autour d'Yvonne Knibiehler<\/a>\r\n            <\/div>\r\n    <div class=\"element element_1767692457771  excerpt \">\r\n                    <\/div>\r\n    <\/div>\r\n    <\/div>\n  <\/div><div class=\"item item-15549 skin flat even 14 \">\n        <div class=\"layer-wrapper layout-5815\">\n          <div class=\" element_1624268456791\"\r\n        id=\"\">\r\n        <div class=\"element element_1624268458890  thumb \">\r\n                    <img decoding=\"async\" alt=\"Georg Daniel Heumann (1691-1759), Bibliotheca B\u00fcloviana Academiae, Georgiae Augustae donata G\u00f6ttingae\" src=\"https:\/\/telemme.mmsh.fr\/wp-content\/uploads\/2024\/07\/bookshop2.jpg\">\r\n            <\/div>\r\n    <div class=\"element element_1624268460479  title \">\r\n                    <a target=\"_self\"\r\n                href=\"https:\/\/telemme.mmsh.fr\/?evenement=fonder-une-bibliotheque-publique\">Fonder une biblioth\u00e8que publique<\/a>\r\n            <\/div>\r\n    <div class=\"element element_1767692457771  excerpt \">\r\n        Premi\u00e8re journ\u00e9e d'\u00e9tudes du projet BiPuLum            <\/div>\r\n    <\/div>\r\n    <\/div>\n  <\/div><div class=\"item item-15459 skin flat odd 15 \">\n        <div class=\"layer-wrapper layout-5815\">\n          <div class=\" element_1624268456791\"\r\n        id=\"\">\r\n        <div class=\"element element_1624268458890  thumb \">\r\n                    <img decoding=\"async\" alt=\"Affiche de la Journ\u00e9e d&#039;\u00e9tude Marseille, 1939-1945 : Le quotidien \u00e0 l&#039;\u00e9preuve de la guerre\" src=\"https:\/\/telemme.mmsh.fr\/wp-content\/uploads\/2025\/04\/EXE_JOURNEE-ETUDE-MARSEILLE-39-45_LIEN-1.jpeg\">\r\n            <\/div>\r\n    <div class=\"element element_1624268460479  title \">\r\n                    <a target=\"_self\"\r\n                href=\"https:\/\/telemme.mmsh.fr\/?evenement=marseille-1939-1945-le-quotidien-a-lepreuve-de-la-guerre\">Marseille, 1939-1945 : le quotidien \u00e0 l'\u00e9preuve de la guerre<\/a>\r\n            <\/div>\r\n    <div class=\"element element_1767692457771  excerpt \">\r\n        Zones de combats, cibles de bombardements, th\u00e9\u00e2tres de drames humains, foyers de r\u00e9sistance ou encore bases logistiques, les villes ont jou\u00e9 un r\u00f4le central au cours de la Seconde Guerre mondiale.            <\/div>\r\n    <\/div>\r\n    <\/div>\n  <\/div><div class=\"item item-15301 skin flat even 16 \">\n        <div class=\"layer-wrapper layout-5815\">\n          <div class=\" element_1624268456791\"\r\n        id=\"\">\r\n        <div class=\"element element_1624268458890  thumb \">\r\n                    <img decoding=\"async\" alt=\"Statues de marins actionnant un cabestan, Helsingborg, Su\u00e8de (Pexels, cl. Jakob Anderson)\" src=\"https:\/\/telemme.mmsh.fr\/wp-content\/uploads\/2025\/02\/marins-1024x568.jpg\">\r\n            <\/div>\r\n    <div class=\"element element_1624268460479  title \">\r\n                    <a target=\"_self\"\r\n                href=\"https:\/\/telemme.mmsh.fr\/?evenement=le-travail-maritime\">Le travail maritime<\/a>\r\n            <\/div>\r\n    <div class=\"element element_1767692457771  excerpt \">\r\n        Apr\u00e8s la rencontre organis\u00e9e \u00e0 Nantes en avril 2024 au CRHIA (Centre de recherche en histoire internationale et atlantique), cette journ\u00e9e d\u2019\u00e9tudes est la seconde manifestation du programme consacr\u00e9 au travail maritime dans la longue dur\u00e9e des \u00e9poques moderne et contemporaine.            <\/div>\r\n    <\/div>\r\n    <\/div>\n  <\/div><div class=\"item item-14897 skin flat odd 17 \">\n        <div class=\"layer-wrapper layout-5815\">\n          <div class=\" element_1624268456791\"\r\n        id=\"\">\r\n        <div class=\"element element_1624268458890  thumb \">\r\n                    <img decoding=\"async\" alt=\"L&#039;usuario, Domenico Induno, Public domain, via Wikimedia Commons\" src=\"https:\/\/telemme.mmsh.fr\/wp-content\/uploads\/2025\/01\/256px-The_moneylender_The_antique_dealer_1853_by_Domenico_Induno.jpeg\">\r\n            <\/div>\r\n    <div class=\"element element_1624268460479  title \">\r\n                    <a target=\"_self\"\r\n                href=\"https:\/\/telemme.mmsh.fr\/?evenement=a-qui-profite-le-credit\">\u00c0 qui profite le cr\u00e9dit\u00a0? Approches sociales de la relation de cr\u00e9dit en Europe (XVIIe-XVIIIe si\u00e8cles)<\/a>\r\n            <\/div>\r\n    <div class=\"element element_1767692457771  excerpt \">\r\n        Cette journ\u00e9e d\u2019\u00e9tudes examine les relations de cr\u00e9dit dans l'Europe d'Ancien R\u00e9gime sous leurs aspects sociaux, culturels et \u00e9conomiques. Elle s'attache \u00e0 comprendre le r\u00f4le du profit et les rapports de pouvoir au c\u0153ur de ces pratiques, en explorant leurs effets sur les relations et structures sociales.            <\/div>\r\n    <\/div>\r\n    <\/div>\n  <\/div><div class=\"item item-14866 skin flat even 18 \">\n        <div class=\"layer-wrapper layout-5815\">\n          <div class=\" element_1624268456791\"\r\n        id=\"\">\r\n        <div class=\"element element_1624268458890  thumb \">\r\n                    <img decoding=\"async\" alt=\"Capture d&#039;\u00e9cran du documentaire Laiss\u00e9s-pour-compte, r\u00e9alis\u00e9 par Christine F\u00e9lix et Agn\u00e8s Maury\" src=\"https:\/\/telemme.mmsh.fr\/wp-content\/uploads\/2025\/01\/Laisses-pou-compte_Illus-1024x528.jpg\">\r\n            <\/div>\r\n    <div class=\"element element_1624268460479  title \">\r\n                    <a target=\"_self\"\r\n                href=\"https:\/\/telemme.mmsh.fr\/?evenement=journee-de-lancement-de-lobservatoire-des-inegalites-scolaires-en-mediterranee\">Journ\u00e9e de lancement de l\u2019Observatoire des in\u00e9galit\u00e9s scolaires en M\u00e9diterran\u00e9e<\/a>\r\n            <\/div>\r\n    <div class=\"element element_1767692457771  excerpt \">\r\n        Le groupe \u00ab \u00c9ducations, jeunesses et territoires \u00bb a le plaisir de vous inviter \u00e0 la journ\u00e9e de lancement de l\u2019Observatoire des in\u00e9galit\u00e9s scolaires en M\u00e9diterran\u00e9e, dont il fait partie.            <\/div>\r\n    <\/div>\r\n    <\/div>\n  <\/div><div class=\"item item-14731 skin flat odd 19 \">\n        <div class=\"layer-wrapper layout-5815\">\n          <div class=\" element_1624268456791\"\r\n        id=\"\">\r\n        <div class=\"element element_1624268458890  thumb \">\r\n                    <img decoding=\"async\" alt=\"Page d&#039;accueil du site &quot;Cornemuses d&#039;Europe et de M\u00e9diterran\u00e9e \u00a9 Mucem \/ Hyptique\" src=\"https:\/\/telemme.mmsh.fr\/wp-content\/uploads\/2024\/12\/visuel_Mucem_virtuel.png\">\r\n            <\/div>\r\n    <div class=\"element element_1624268460479  title \">\r\n                    <a target=\"_self\"\r\n                href=\"https:\/\/telemme.mmsh.fr\/?evenement=virtuel-mucem\">Virtuel Mucem, journ\u00e9e de restitution<\/a>\r\n            <\/div>\r\n    <div class=\"element element_1767692457771  excerpt \">\r\n        Avant l\u2019ouverture de ses portes au public en 2013, le Mucem \u00e9tait d\u00e9j\u00e0 actif. De 2005 \u00e0 2008, le mus\u00e9e a donn\u00e9 acc\u00e8s \u00e0 ses collections et ses enqu\u00eates, physiquement par des expositions de pr\u00e9figuration, et virtuellement par des sites internet th\u00e9matiques. Devenus techniquement obsol\u00e8tes, ces sites ont progressivement \u00e9t\u00e9            <\/div>\r\n    <\/div>\r\n    <\/div>\n  <\/div><div class=\"item item-14680 skin flat even 20 \">\n        <div class=\"layer-wrapper layout-5815\">\n          <div class=\" element_1624268456791\"\r\n        id=\"\">\r\n        <div class=\"element element_1624268458890  thumb \">\r\n                    <img decoding=\"async\" alt=\"Sol orn\u00e9 d\u2019une \u00e9toile de David, quartier du Mandraki, Rhodes \u00a9 P. Sint\u00e8s 2006\" src=\"https:\/\/telemme.mmsh.fr\/wp-content\/uploads\/2024\/11\/rhodes.png\">\r\n            <\/div>\r\n    <div class=\"element element_1624268460479  title \">\r\n                    <a target=\"_self\"\r\n                href=\"https:\/\/telemme.mmsh.fr\/?evenement=les-juifs-de-rhodes\">Les juifs de Rhodes. Histoire et m\u00e9moire d\u2019une communaut\u00e9 de M\u00e9diterran\u00e9e orientale<\/a>\r\n            <\/div>\r\n    <div class=\"element element_1767692457771  excerpt \">\r\n        Organis\u00e9e dans le cadre de l\u2019exposition \u00ab Revenir. Retours migratoires en M\u00e9diterran\u00e9e \u00bb (octobre 2024-juin 2025), cette journ\u00e9e d\u2019\u00e9tudes permettra de pr\u00e9senter, pour la premi\u00e8re fois en France, le destin de cette communaut\u00e9 ainsi que les diff\u00e9rentes activit\u00e9s de m\u00e9moire qui ont \u00e9t\u00e9 men\u00e9es \u00e0 ce sujet par plusieurs institutions            <\/div>\r\n    <\/div>\r\n    <\/div>\n  <\/div><div class=\"item item-14673 skin flat odd 21 \">\n        <div class=\"layer-wrapper layout-5815\">\n          <div class=\" element_1624268456791\"\r\n        id=\"\">\r\n        <div class=\"element element_1624268458890  thumb \">\r\n                    <img decoding=\"async\" alt=\"Affiche de la journ\u00e9e d\u2019\u00e9tudes \u00ab Une autre mani\u00e8re de fabriquer la ville \u00bb , TELEMMe (AMU, CNRS)\" src=\"https:\/\/telemme.mmsh.fr\/wp-content\/uploads\/2024\/11\/2024.12.02_TELEMMe_JE_FabriquerLaVille.png\">\r\n            <\/div>\r\n    <div class=\"element element_1624268460479  title \">\r\n                    <a target=\"_self\"\r\n                href=\"https:\/\/telemme.mmsh.fr\/?evenement=une-autre-maniere-de-fabriquer-la-ville\">Une autre mani\u00e8re de fabriquer la ville<\/a>\r\n            <\/div>\r\n    <div class=\"element element_1767692457771  excerpt \">\r\n        Depuis vingt ans, l\u2019encha\u00eenement des crises sociales, \u00e9conomiques, identitaires, technologiques, environnementales et aujourd\u2019hui sanitaires et g\u00e9opolitiques, transforme profond\u00e9ment la mani\u00e8re de fabriquer et de produire de la ville. (...)            <\/div>\r\n    <\/div>\r\n    <\/div>\n  <\/div><div class=\"item item-14658 skin flat even 22 \">\n        <div class=\"layer-wrapper layout-5815\">\n          <div class=\" element_1624268456791\"\r\n        id=\"\">\r\n        <div class=\"element element_1624268458890  thumb \">\r\n                    <img decoding=\"async\" alt=\"Cr\u00e9dit illustration : g\u00e9n\u00e9r\u00e9 avec l\u2019IA, 12 novembre 2024, Copilot\" src=\"https:\/\/telemme.mmsh.fr\/wp-content\/uploads\/2024\/11\/Illustration.png\">\r\n            <\/div>\r\n    <div class=\"element element_1624268460479  title \">\r\n                    <a target=\"_self\"\r\n                href=\"https:\/\/telemme.mmsh.fr\/?evenement=apprendre-a-sinformer-pour-faire-societe\">Apprendre \u00e0 s\u2019informer pour faire soci\u00e9t\u00e9<\/a>\r\n            <\/div>\r\n    <div class=\"element element_1767692457771  excerpt \">\r\n        Si les IA g\u00e9n\u00e9ratives occupent le devant de la sc\u00e8ne m\u00e9diatique lorsqu\u2019il s\u2019agit de d\u00e9crire les bouleversements induits par la g\u00e9n\u00e9ralisation des outils num\u00e9riques, la lutte contre la d\u00e9sinformation demeure un facteur puissant de motivation dans le renforcement d\u2019une prescription en faveur d\u2019une \u00e9ducation aux m\u00e9dias et \u00e0 l\u2019information, en            <\/div>\r\n    <\/div>\r\n    <\/div>\n  <\/div><div class=\"item item-14639 skin flat odd 23 \">\n        <div class=\"layer-wrapper layout-5815\">\n          <div class=\" element_1624268456791\"\r\n        id=\"\">\r\n        <div class=\"element element_1624268458890  thumb \">\r\n                    <img decoding=\"async\" alt=\"Lagune Bahiret el bibane, par Daniel Faget\" src=\"https:\/\/telemme.mmsh.fr\/wp-content\/uploads\/2024\/11\/Lagune_Faget.png\">\r\n            <\/div>\r\n    <div class=\"element element_1624268460479  title \">\r\n                    <a target=\"_self\"\r\n                href=\"https:\/\/telemme.mmsh.fr\/?evenement=complexes-lagunaires-de-mediterranee-entre-peches-patrimoniales-et-defis-du-changement-global\">Complexes lagunaires de M\u00e9diterran\u00e9e : entre p\u00eaches patrimoniales et d\u00e9fis du changement global<\/a>\r\n            <\/div>\r\n    <div class=\"element element_1767692457771  excerpt \">\r\n        Journ\u00e9e d\u2019\u00e9tudes interdisciplinaire            <\/div>\r\n    <\/div>\r\n    <\/div>\n  <\/div><div class=\"item item-14609 skin flat even 24 \">\n        <div class=\"layer-wrapper layout-5815\">\n          <div class=\" element_1624268456791\"\r\n        id=\"\">\r\n        <div class=\"element element_1624268458890  thumb \">\r\n                    <img decoding=\"async\" alt=\"Montage des d\u00e9cors de l\u2019op\u00e9ra Madama Butterfly de Giacomo Puccini (1858-1924) par les \u00e9quipes technique du festival d\u2019Aix-en-Provence au th\u00e9\u00e2tre de l\u2019Archev\u00each\u00e9 le jeudi 30 mai 2024. Photographies de Vincent Beaume.\" src=\"https:\/\/telemme.mmsh.fr\/wp-content\/uploads\/2024\/10\/MontageButterfly.30mai24.HD_.11-scaled_small.jpg\">\r\n            <\/div>\r\n    <div class=\"element element_1624268460479  title \">\r\n                    <a target=\"_self\"\r\n                href=\"https:\/\/telemme.mmsh.fr\/?evenement=14609\">Journ\u00e9e de lancement d\u2019AixOPERA<\/a>\r\n            <\/div>\r\n    <div class=\"element element_1767692457771  excerpt \">\r\n        Le 4 novembre 2024, AixOPERA organise sa journ\u00e9e de lancement officielle ! Venez retrouver des chercheurs, chercheuses, professionnels de l\u2019op\u00e9ra et du patrimoine culturel pour d\u00e9couvrir les enjeux du programme de recherche.            <\/div>\r\n    <\/div>\r\n    <\/div>\n  <\/div><div class=\"item item-14589 skin flat odd 25 \">\n        <div class=\"layer-wrapper layout-5815\">\n          <div class=\" element_1624268456791\"\r\n        id=\"\">\r\n        <div class=\"element element_1624268458890  thumb \">\r\n                    <img decoding=\"async\" alt=\"Inauguration du parvis de l\u2019\u00e9cole Giono, association Hors Gabarit\" src=\"https:\/\/telemme.mmsh.fr\/wp-content\/uploads\/2024\/10\/hors-gabarit-Image.jpg\">\r\n            <\/div>\r\n    <div class=\"element element_1624268460479  title \">\r\n                    <a target=\"_self\"\r\n                href=\"https:\/\/telemme.mmsh.fr\/?evenement=place-aux-enfants-parvis-decole-et-cours-decole\">Place aux enfants : parvis d\u2019\u00e9cole et cours d\u2019\u00e9cole<\/a>\r\n            <\/div>\r\n    <div class=\"element element_1767692457771  excerpt \">\r\n        Journ\u00e9e du programme Prendre place, en trois temps : trois communications scientifiques le matin sur l'am\u00e9nagement d'espaces fr\u00e9quent\u00e9s par des enfants ; une table-ronde en d\u00e9but d'apr\u00e8s-midi, invitant des acteurs locaux prenant part \u00e0 ces am\u00e9nagements ; une visite de terrain avec l'association Hors-Gabarits sur le parvis d'une \u00e9cole \u00e0            <\/div>\r\n    <\/div>\r\n    <\/div>\n  <\/div><div class=\"item item-14329 skin flat even 26 \">\n        <div class=\"layer-wrapper layout-5815\">\n          <div class=\" element_1624268456791\"\r\n        id=\"\">\r\n        <div class=\"element element_1624268458890  thumb \">\r\n                    <img decoding=\"async\" alt=\"\" src=\"https:\/\/telemme.mmsh.fr\/wp-content\/uploads\/2023\/01\/pieds-Anne-Carol-1024x768.jpg\">\r\n            <\/div>\r\n    <div class=\"element element_1624268460479  title \">\r\n                    <a target=\"_self\"\r\n                href=\"https:\/\/telemme.mmsh.fr\/?evenement=images-et-imaginaires-du-cadavre\">Images et imaginaires du cadavre<\/a>\r\n            <\/div>\r\n    <div class=\"element element_1767692457771  excerpt \">\r\n                    <\/div>\r\n    <\/div>\r\n    <\/div>\n  <\/div><div class=\"item item-14301 skin flat odd 27 \">\n        <div class=\"layer-wrapper layout-5815\">\n          <div class=\" element_1624268456791\"\r\n        id=\"\">\r\n        <div class=\"element element_1624268458890  thumb \">\r\n                    <img decoding=\"async\" alt=\"\" src=\"https:\/\/telemme.mmsh.fr\/wp-content\/uploads\/2024\/05\/flyer-JE-Alge\u0301rie_Page_1-1024x734.jpg\">\r\n            <\/div>\r\n    <div class=\"element element_1624268460479  title \">\r\n                    <a target=\"_self\"\r\n                href=\"https:\/\/telemme.mmsh.fr\/?evenement=hegemonie-memoires-et-identites-subalternes-en-algerie-de-1954-a-nos-jours\">H\u00c9G\u00c9MONIE, M\u00c9MOIRES ET IDENTIT\u00c9S SUBALTERNES EN ALG\u00c9RIE DE 1954 \u00c0 NOS JOURS<\/a>\r\n            <\/div>\r\n    <div class=\"element element_1767692457771  excerpt \">\r\n                    <\/div>\r\n    <\/div>\r\n    <\/div>\n  <\/div><div class=\"item item-14267 skin flat even 28 \">\n        <div class=\"layer-wrapper layout-5815\">\n          <div class=\" element_1624268456791\"\r\n        id=\"\">\r\n        <div class=\"element element_1624268458890  thumb \">\r\n                    <img decoding=\"async\" alt=\": Ville d&#039;Amiens, \u00ab Ma\u00eetrise de l&#039;\u00e9nergie : Amiens innove ! \u00bb, Dossier de presse, 1986, coll. particuli\u00e8re\" src=\"https:\/\/telemme.mmsh.fr\/wp-content\/uploads\/2024\/05\/Visuel-JE-30-mai-TELEMMe-1024x768.jpg\">\r\n            <\/div>\r\n    <div class=\"element element_1624268460479  title \">\r\n                    <a target=\"_self\"\r\n                href=\"https:\/\/telemme.mmsh.fr\/?evenement=green-business-environnement-et-profits-a-lage-industriel\">Green business : environnement et profits \u00e0 l\u2019\u00e2ge industriel<\/a>\r\n            <\/div>\r\n    <div class=\"element element_1767692457771  excerpt \">\r\n                    <\/div>\r\n    <\/div>\r\n    <\/div>\n  <\/div><div class=\"item item-14244 skin flat odd 29 \">\n        <div class=\"layer-wrapper layout-5815\">\n          <div class=\" element_1624268456791\"\r\n        id=\"\">\r\n        <div class=\"element element_1624268458890  thumb \">\r\n                    <img decoding=\"async\" alt=\"Santa Isabel de Portugal, Zurbar\u00e1n, Francisco de, Mus\u00e9e du Prado, Domaine public\" src=\"https:\/\/telemme.mmsh.fr\/wp-content\/uploads\/2024\/04\/Affiche-JE-Visage-31-mai.jpg\">\r\n            <\/div>\r\n    <div class=\"element element_1624268460479  title \">\r\n                    <a target=\"_self\"\r\n                href=\"https:\/\/telemme.mmsh.fr\/?evenement=le-visage-regards-croises-sur-un-objet-sur-un-objet-pluridisciplinaire\">Le visage\u00a0: regards crois\u00e9s sur un objet pluridisciplinaire<\/a>\r\n            <\/div>\r\n    <div class=\"element element_1767692457771  excerpt \">\r\n        Cette journ\u00e9e d\u2019\u00e9tude consacr\u00e9e au visage s\u2019inscrit dans une vis\u00e9e r\u00e9solument pluridisciplinaire. Il s\u2019agit de faire dialoguer diff\u00e9rentes m\u00e9thodologies de recherche autour d\u2019un objet commun : le visage. Cette premi\u00e8re journ\u00e9e d\u2019\u00e9tudes r\u00e9unit des sp\u00e9cialistes de plusieurs disciplines (historiens des mentalit\u00e9s, historiens de la sant\u00e9, sp\u00e9cialistes des arts visuels, m\u00e9decins,            <\/div>\r\n    <\/div>\r\n    <\/div>\n  <\/div><div class=\"item item-14112 skin flat even 30 \">\n        <div class=\"layer-wrapper layout-5815\">\n          <div class=\" element_1624268456791\"\r\n        id=\"\">\r\n        <div class=\"element element_1624268458890  thumb \">\r\n                    <img decoding=\"async\" alt=\"\" src=\"https:\/\/telemme.mmsh.fr\/wp-content\/uploads\/2024\/03\/3-Une-autre-manie\u0300re-de-fabriquer-la-ville-2-724x1024.jpg\">\r\n            <\/div>\r\n    <div class=\"element element_1624268460479  title \">\r\n                    <a target=\"_self\"\r\n                href=\"https:\/\/telemme.mmsh.fr\/?evenement=une-autre-maniere-de-fabriquer-la-ville-4\">Une autre mani\u00e8re de fabriquer la ville #4<\/a>\r\n            <\/div>\r\n    <div class=\"element element_1767692457771  excerpt \">\r\n                    <\/div>\r\n    <\/div>\r\n    <\/div>\n  <\/div><div class=\"item item-14091 skin flat odd 31 \">\n        <div class=\"layer-wrapper layout-5815\">\n          <div class=\" element_1624268456791\"\r\n        id=\"\">\r\n        <div class=\"element element_1624268458890  thumb \">\r\n                    <img decoding=\"async\" alt=\"\" src=\"https:\/\/telemme.mmsh.fr\/wp-content\/uploads\/2024\/03\/travail-maritime.png\">\r\n            <\/div>\r\n    <div class=\"element element_1624268460479  title \">\r\n                    <a target=\"_self\"\r\n                href=\"https:\/\/telemme.mmsh.fr\/?evenement=travail-maritime\">Le Travail Maritime<\/a>\r\n            <\/div>\r\n    <div class=\"element element_1767692457771  excerpt \">\r\n                    <\/div>\r\n    <\/div>\r\n    <\/div>\n  <\/div><div class=\"item item-14083 skin flat even 32 \">\n        <div class=\"layer-wrapper layout-5815\">\n          <div class=\" element_1624268456791\"\r\n        id=\"\">\r\n        <div class=\"element element_1624268458890  thumb \">\r\n                    <img decoding=\"async\" alt=\"\" src=\"https:\/\/telemme.mmsh.fr\/wp-content\/uploads\/2024\/03\/affiche_DEF-683x1024.jpg\">\r\n            <\/div>\r\n    <div class=\"element element_1624268460479  title \">\r\n                    <a target=\"_self\"\r\n                href=\"https:\/\/telemme.mmsh.fr\/?evenement=collections-et-collectionneurs-d-objets-extra-occidentaux-en-mediterranee\">Collections et collectionneurs d' objets extra-occidentaux en M\u00e9diterran\u00e9e<\/a>\r\n            <\/div>\r\n    <div class=\"element element_1767692457771  excerpt \">\r\n                    <\/div>\r\n    <\/div>\r\n    <\/div>\n  <\/div><div class=\"item item-14077 skin flat odd 33 \">\n        <div class=\"layer-wrapper layout-5815\">\n          <div class=\" element_1624268456791\"\r\n        id=\"\">\r\n        <div class=\"element element_1624268458890  thumb \">\r\n                    <img decoding=\"async\" alt=\"S\u00e9bastien Dufeu, Sans titre, tirage photographique, 2020. \u00a9 Mucem\" src=\"https:\/\/telemme.mmsh.fr\/wp-content\/uploads\/2024\/03\/Site_image0-1024x1024.jpg\">\r\n            <\/div>\r\n    <div class=\"element element_1624268460479  title \">\r\n                    <a target=\"_self\"\r\n                href=\"https:\/\/telemme.mmsh.fr\/?evenement=objets-de-desirs-desirs-dobjets-collections-et-philies-xvie-xxie-siecles\">Objets de d\u00e9sirs, d\u00e9sirs d\u2019objets Collections et \u00ab -philies \u00bb (XVIe-XXIe si\u00e8cles)<\/a>\r\n            <\/div>\r\n    <div class=\"element element_1767692457771  excerpt \">\r\n                    <\/div>\r\n    <\/div>\r\n    <\/div>\n  <\/div><div class=\"item item-13863 skin flat even 34 \">\n        <div class=\"layer-wrapper layout-5815\">\n          <div class=\" element_1624268456791\"\r\n        id=\"\">\r\n        <div class=\"element element_1624268458890  thumb \">\r\n                    <img decoding=\"async\" alt=\"\" src=\"http:\/\/telemme.mmsh.fr\/wp-content\/uploads\/2020\/03\/LogoTELEMMe-horizontal-fond-transparent.png\">\r\n            <\/div>\r\n    <div class=\"element element_1624268460479  title \">\r\n                    <a target=\"_self\"\r\n                href=\"https:\/\/telemme.mmsh.fr\/?evenement=collections-et-collectionneurs-dobjets-extra-occidentaux-en-mediterranee\">Collections et collectionneurs d'objets extra-occidentaux en M\u00e9diterran\u00e9e<\/a>\r\n            <\/div>\r\n    <div class=\"element element_1767692457771  excerpt \">\r\n                    <\/div>\r\n    <\/div>\r\n    <\/div>\n  <\/div><div class=\"item item-13903 skin flat odd 35 \">\n        <div class=\"layer-wrapper layout-5815\">\n          <div class=\" element_1624268456791\"\r\n        id=\"\">\r\n        <div class=\"element element_1624268458890  thumb \">\r\n                    <img decoding=\"async\" alt=\"Eug\u00e8ne Delacroix, Massacres de Scio, 1824, 419 \u00d7 354 cm, Mus\u00e9e du Louvre, Domaine public\" src=\"https:\/\/telemme.mmsh.fr\/wp-content\/uploads\/2024\/01\/Delacroix_MassacresDeScio-876x1024.jpg\">\r\n            <\/div>\r\n    <div class=\"element element_1624268460479  title \">\r\n                    <a target=\"_self\"\r\n                href=\"https:\/\/telemme.mmsh.fr\/?evenement=memoire-et-traumatisme\">M\u00e9moire et traumatisme<\/a>\r\n            <\/div>\r\n    <div class=\"element element_1767692457771  excerpt \">\r\n        La journ\u00e9e d\u2019\u00e9tudes M\u00e9moire et traumatisme, co-organis\u00e9e par le groupe \u00ab\u00a0Histoire de la sant\u00e9\u00a0\u00bb et le RTP M\u00e9moire, est destin\u00e9e \u00e0 donner une visibilit\u00e9 aux travaux men\u00e9s au sein du laboratoire sur cette question.            <\/div>\r\n    <\/div>\r\n    <\/div>\n  <\/div><div class=\"item item-13742 skin flat even 36 \">\n        <div class=\"layer-wrapper layout-5815\">\n          <div class=\" element_1624268456791\"\r\n        id=\"\">\r\n        <div class=\"element element_1624268458890  thumb \">\r\n                    <img decoding=\"async\" alt=\"\" src=\"https:\/\/telemme.mmsh.fr\/wp-content\/uploads\/2023\/12\/travaux-portuaires-Le-Petit-Journal-1903.jpg\">\r\n            <\/div>\r\n    <div class=\"element element_1624268460479  title \">\r\n                    <a target=\"_self\"\r\n                href=\"https:\/\/telemme.mmsh.fr\/?evenement=de-vagues-et-de-quais-etudier-le-monde-de-la-mer-au-centro-di-ricerca-fernand-braudel-et-a-lumr-telemme\">De vagues et de quais : \u00e9tudier le monde de la mer au Centro di ricerca Fernand Braudel et \u00e0 l'UMR TELEMMe<\/a>\r\n            <\/div>\r\n    <div class=\"element element_1767692457771  excerpt \">\r\n                    <\/div>\r\n    <\/div>\r\n    <\/div>\n  <\/div><div class=\"item item-13655 skin flat odd 37 \">\n        <div class=\"layer-wrapper layout-5815\">\n          <div class=\" element_1624268456791\"\r\n        id=\"\">\r\n        <div class=\"element element_1624268458890  thumb \">\r\n                    <img decoding=\"async\" alt=\"\" src=\"https:\/\/telemme.mmsh.fr\/wp-content\/uploads\/2023\/12\/3_une_autre_maniere_de_fabriquer_la_ville-724x1024.webp\">\r\n            <\/div>\r\n    <div class=\"element element_1624268460479  title \">\r\n                    <a target=\"_self\"\r\n                href=\"https:\/\/telemme.mmsh.fr\/?evenement=une-autre-maniere-de-fabriquer-la-ville-3\">Une autre mani\u00e8re de fabriquer la ville #3 : Th\u00e9ories et r\u00e9alit\u00e9s<\/a>\r\n            <\/div>\r\n    <div class=\"element element_1767692457771  excerpt \">\r\n                    <\/div>\r\n    <\/div>\r\n    <\/div>\n  <\/div><div class=\"item item-13633 skin flat even 38 \">\n        <div class=\"layer-wrapper layout-5815\">\n          <div class=\" element_1624268456791\"\r\n        id=\"\">\r\n        <div class=\"element element_1624268458890  thumb \">\r\n                    <img decoding=\"async\" alt=\"uteur inconnu. 1990. Fonds Annie-H\u00e9l\u00e8ne Dufour \u2013 Archives MMSH. R\u00e9f.: medihal-00785663\" src=\"https:\/\/telemme.mmsh.fr\/wp-content\/uploads\/2023\/11\/SEANCE-23-NOVEMBRE-2.jpg\">\r\n            <\/div>\r\n    <div class=\"element element_1624268460479  title \">\r\n                    <a target=\"_self\"\r\n                href=\"https:\/\/telemme.mmsh.fr\/?evenement=pratiques-filmiques-et-archives-audiovisuelles-pour-penser-la-place-des-enfants-et-des-adolescent%c2%b7e%c2%b7s\">Pratiques filmiques et archives audiovisuelles pour penser la place des enfants et des adolescent\u00b7e\u00b7s<\/a>\r\n            <\/div>\r\n    <div class=\"element element_1767692457771  excerpt \">\r\n                    <\/div>\r\n    <\/div>\r\n    <\/div>\n  <\/div><div class=\"item item-13397 skin flat odd 39 \">\n        <div class=\"layer-wrapper layout-5815\">\n          <div class=\" element_1624268456791\"\r\n        id=\"\">\r\n        <div class=\"element element_1624268458890  thumb \">\r\n                    <img decoding=\"async\" alt=\"S\u00e9rigraphie, 1968, BNF, Paris, https:\/\/gallica.bnf.fr\/ark:\/12148\/btv1b90183804\" src=\"https:\/\/telemme.mmsh.fr\/wp-content\/uploads\/2023\/10\/Affiche-_ORTF_68.png\">\r\n            <\/div>\r\n    <div class=\"element element_1624268460479  title \">\r\n                    <a target=\"_self\"\r\n                href=\"https:\/\/telemme.mmsh.fr\/?evenement=eduquer-aux-medias-dactualite-en-contexte-de-defiance\">\u00c9duquer aux m\u00e9dias d\u2019actualit\u00e9 en contexte de d\u00e9fiance<\/a>\r\n            <\/div>\r\n    <div class=\"element element_1767692457771  excerpt \">\r\n                    <\/div>\r\n    <\/div>\r\n    <\/div>\n  <\/div><div class=\"item item-13387 skin flat even 40 \">\n        <div class=\"layer-wrapper layout-5815\">\n          <div class=\" element_1624268456791\"\r\n        id=\"\">\r\n        <div class=\"element element_1624268458890  thumb \">\r\n                    <img decoding=\"async\" alt=\"\u00c9quipe de football de Sak\u00e9t\u00e9 (Dahomey) FR ANOM 30 Fi 44\/29\" src=\"https:\/\/telemme.mmsh.fr\/wp-content\/uploads\/2023\/10\/sport-1024x992.jpg\">\r\n            <\/div>\r\n    <div class=\"element element_1624268460479  title \">\r\n                    <a target=\"_self\"\r\n                href=\"https:\/\/telemme.mmsh.fr\/?evenement=archives-et-histoires-de-sports\">Archives et histoires de sports<\/a>\r\n            <\/div>\r\n    <div class=\"element element_1767692457771  excerpt \">\r\n                    <\/div>\r\n    <\/div>\r\n    <\/div>\n  <\/div><div class=\"item item-13328 skin flat odd 41 \">\n        <div class=\"layer-wrapper layout-5815\">\n          <div class=\" element_1624268456791\"\r\n        id=\"\">\r\n        <div class=\"element element_1624268458890  thumb \">\r\n                    <img decoding=\"async\" alt=\"\" src=\"http:\/\/telemme.mmsh.fr\/wp-content\/uploads\/2020\/03\/LogoTELEMMe-horizontal-fond-transparent.png\">\r\n            <\/div>\r\n    <div class=\"element element_1624268460479  title \">\r\n                    <a target=\"_self\"\r\n                href=\"https:\/\/telemme.mmsh.fr\/?evenement=la-resistance-sur-les-bords-de-la-mediterranee-nouvelles-problematiques-de-lhistoriographie-2\">La R\u00e9sistance sur les bords de la M\u00e9diterran\u00e9e -Nouvelles probl\u00e9matiques de l\u2019historiographie<\/a>\r\n            <\/div>\r\n    <div class=\"element element_1767692457771  excerpt \">\r\n                    <\/div>\r\n    <\/div>\r\n    <\/div>\n  <\/div><div class=\"item item-13084 skin flat even 42 \">\n        <div class=\"layer-wrapper layout-5815\">\n          <div class=\" element_1624268456791\"\r\n        id=\"\">\r\n        <div class=\"element element_1624268458890  thumb \">\r\n                    <img decoding=\"async\" alt=\"\" src=\"http:\/\/telemme.mmsh.fr\/wp-content\/uploads\/2020\/03\/LogoTELEMMe-horizontal-fond-transparent.png\">\r\n            <\/div>\r\n    <div class=\"element element_1624268460479  title \">\r\n                    <a target=\"_self\"\r\n                href=\"https:\/\/telemme.mmsh.fr\/?evenement=la-resistance-sur-les-bords-de-la-mediterranee-nouvelles-problematiques-de-lhistoriographie\">La R\u00e9sistance sur les bords de la M\u00e9diterran\u00e9e -Nouvelles probl\u00e9matiques de l'historiographie<\/a>\r\n            <\/div>\r\n    <div class=\"element element_1767692457771  excerpt \">\r\n                    <\/div>\r\n    <\/div>\r\n    <\/div>\n  <\/div><div class=\"item item-12953 skin flat odd 43 \">\n        <div class=\"layer-wrapper layout-5815\">\n          <div class=\" element_1624268456791\"\r\n        id=\"\">\r\n        <div class=\"element element_1624268458890  thumb \">\r\n                    <img decoding=\"async\" alt=\"\" src=\"https:\/\/telemme.mmsh.fr\/wp-content\/uploads\/2022\/10\/logo_PICCH_2-930x250-1.jpg\">\r\n            <\/div>\r\n    <div class=\"element element_1624268460479  title \">\r\n                    <a target=\"_self\"\r\n                href=\"https:\/\/telemme.mmsh.fr\/?evenement=questionner-les-archives-audiovisuelles-et-numeriques-en-contexte-postcolonial-enjeux-methodologiques-historiques-et-educatifs\">Questionner les archives audiovisuelles et num\u00e9riques en contexte postcolonial : enjeux m\u00e9thodologiques, historiques et \u00e9ducatifs<\/a>\r\n            <\/div>\r\n    <div class=\"element element_1767692457771  excerpt \">\r\n        Questionner les archives audiovisuelles et num\u00e9riques en contexte postcolonial : enjeux m\u00e9thodologiques, historiques et \u00e9ducatifs Cette journ\u00e9e d\u2019\u00e9tude propose un temps d\u2019\u00e9change et de discussion \u00e0 partir des travaux r\u00e9alis\u00e9s dans le cadre du projet Polyvocal Interpretation of a Contested Colonial Heritage \u2013 PICCH, en l\u2019ouvrant \u00e0 d\u2019autres projets connexes            <\/div>\r\n    <\/div>\r\n    <\/div>\n  <\/div><div class=\"item item-12949 skin flat even 44 \">\n        <div class=\"layer-wrapper layout-5815\">\n          <div class=\" element_1624268456791\"\r\n        id=\"\">\r\n        <div class=\"element element_1624268458890  thumb \">\r\n                    <img decoding=\"async\" alt=\"Train \u00e0 bandes d\u2019ArcelorMittal \u00e0 Fos-sur-Mer \u00a9 Vincent N\u00e9grerie\/ArcelorMittal, 2023.\" src=\"https:\/\/telemme.mmsh.fr\/wp-content\/uploads\/2023\/06\/Sans-titre-1-1024x682.jpg\">\r\n            <\/div>\r\n    <div class=\"element element_1624268460479  title \">\r\n                    <a target=\"_self\"\r\n                href=\"https:\/\/telemme.mmsh.fr\/?evenement=la-siderurgie-dhier-a-aujourdhui-entre-enjeux-economiques-et-environnementaux\">La sid\u00e9rurgie d\u2019hier \u00e0 aujourd\u2019hui: Entre enjeux \u00e9conomiques et environnementaux<\/a>\r\n            <\/div>\r\n    <div class=\"element element_1767692457771  excerpt \">\r\n        La sid\u00e9rurgie d\u2019hier \u00e0 aujourd\u2019hui Entre enjeux \u00e9conomiques et environnementaux            <\/div>\r\n    <\/div>\r\n    <\/div>\n  <\/div><div class=\"item item-12858 skin flat odd 45 \">\n        <div class=\"layer-wrapper layout-5815\">\n          <div class=\" element_1624268456791\"\r\n        id=\"\">\r\n        <div class=\"element element_1624268458890  thumb \">\r\n                    <img decoding=\"async\" alt=\"\" src=\"https:\/\/telemme.mmsh.fr\/wp-content\/uploads\/2023\/05\/8-juin.jpg\">\r\n            <\/div>\r\n    <div class=\"element element_1624268460479  title \">\r\n                    <a target=\"_self\"\r\n                href=\"https:\/\/telemme.mmsh.fr\/?evenement=beaute-et-terreur-regards-croises-sur-la-colonialite-entre-naples-et-marseille\">Beaut\u00e9 et Terreur: regards crois\u00e9s sur la colonialit\u00e9 entre Naples et Marseille<\/a>\r\n            <\/div>\r\n    <div class=\"element element_1767692457771  excerpt \">\r\n        Cet \u00e9v\u00e8nement souhaite mettre en question, au prisme des recherches artistiques, acad\u00e9miques et p\u00e9dagogiques, la \u00ab fabrique des imaginaires coloniaux \u00bb en M\u00e9diterran\u00e9e \u00e0 partir des contextes italien et fran\u00e7ais, et notamment des deux cas d'\u00e9tudes embl\u00e9matiques que sont Naples et Marseille. Ces deux m\u00e9tropoles m\u00e9diterran\u00e9ennes gardent toujours les traces            <\/div>\r\n    <\/div>\r\n    <\/div>\n  <\/div><div class=\"item item-12603 skin flat even 46 \">\n        <div class=\"layer-wrapper layout-5815\">\n          <div class=\" element_1624268456791\"\r\n        id=\"\">\r\n        <div class=\"element element_1624268458890  thumb \">\r\n                    <img decoding=\"async\" alt=\"\" src=\"https:\/\/telemme.mmsh.fr\/wp-content\/uploads\/2023\/03\/jp-1024x657.jpg\">\r\n            <\/div>\r\n    <div class=\"element element_1624268460479  title \">\r\n                    <a target=\"_self\"\r\n                href=\"https:\/\/telemme.mmsh.fr\/?evenement=le-travail-agricole-au-prisme-des-migrations\">Le travail agricole au prisme des migrations<\/a>\r\n            <\/div>\r\n    <div class=\"element element_1767692457771  excerpt \">\r\n        dans le cadre du projet FINCA &amp; du s\u00e9minaire MigTrav du LEST            <\/div>\r\n    <\/div>\r\n    <\/div>\n  <\/div><div class=\"item item-12550 skin flat odd 47 \">\n        <div class=\"layer-wrapper layout-5815\">\n          <div class=\" element_1624268456791\"\r\n        id=\"\">\r\n        <div class=\"element element_1624268458890  thumb \">\r\n                    <img decoding=\"async\" alt=\"\" src=\"https:\/\/telemme.mmsh.fr\/wp-content\/uploads\/2022\/07\/sOd711TK-1024x747.jpg\">\r\n            <\/div>\r\n    <div class=\"element element_1624268460479  title \">\r\n                    <a target=\"_self\"\r\n                href=\"https:\/\/telemme.mmsh.fr\/?evenement=12550\">Ville, vie quotidienne et presse en Espagne (18e-19e si\u00e8cles). Nouvelles approches m\u00e9thodologiques et humanit\u00e9s num\u00e9riques<\/a>\r\n            <\/div>\r\n    <div class=\"element element_1767692457771  excerpt \">\r\n        Ciudad, vida y prensa en Espa\u00f1a (siglos 18 y 19). Nuevas aproximaciones de estudio desde las Humanidades Digitales Journ\u00e9e organis\u00e9e par Elisabel LARRIBA AMU-CNRS, TELEMMe\u00a0: Groupe 2.2 S\u2019informer et informer en temps de crise en Europe m\u00e9ridionale, de la R\u00e9volution fran\u00e7aise \u00e0 nos jours et \u00c1lvaro MOLINA, Universidad Nacional de            <\/div>\r\n    <\/div>\r\n    <\/div>\n  <\/div><div class=\"item item-12318 skin flat even 48 \">\n        <div class=\"layer-wrapper layout-5815\">\n          <div class=\" element_1624268456791\"\r\n        id=\"\">\r\n        <div class=\"element element_1624268458890  thumb \">\r\n                    <img decoding=\"async\" alt=\"\" src=\"https:\/\/telemme.mmsh.fr\/wp-content\/uploads\/2023\/01\/MMSH-Phono-I238-1024x692.jpg\">\r\n            <\/div>\r\n    <div class=\"element element_1624268460479  title \">\r\n                    <a target=\"_self\"\r\n                href=\"https:\/\/telemme.mmsh.fr\/?evenement=prendre-place-enfances-adolescences-et-transformations-urbaines-en-mediterranee\">Prendre place : enfances, adolescences et transformations urbaines en M\u00e9diterran\u00e9e<\/a>\r\n            <\/div>\r\n    <div class=\"element element_1767692457771  excerpt \">\r\n        Responsables scientifiques Gwena\u00eblle Audren (TELEMME, MMSH, Insp\u00e9- AMU) Nadja Monnet (LAA-LAVUE, d\u00e9l\u00e9gation CNRS, Telemme, ENSAM) Maria-Antonietta Impedovo (ADEF, Insp\u00e9-AMU) Claire Fonticelli (LIEU, LAREP, ENSP, IUT-AMU            <\/div>\r\n    <\/div>\r\n    <\/div>\n  <\/div><div class=\"item item-12201 skin flat odd 49 \">\n        <div class=\"layer-wrapper layout-5815\">\n          <div class=\" element_1624268456791\"\r\n        id=\"\">\r\n        <div class=\"element element_1624268458890  thumb \">\r\n                    <img decoding=\"async\" alt=\"\" src=\"https:\/\/telemme.mmsh.fr\/wp-content\/uploads\/2022\/12\/sur-la-balacoire-1024x724.jpg\">\r\n            <\/div>\r\n    <div class=\"element element_1624268460479  title \">\r\n                    <a target=\"_self\"\r\n                href=\"https:\/\/telemme.mmsh.fr\/?evenement=place-aux-enfants-transformations-des-dispositifs-de-jeux-urbains\">Place aux enfants? Transformations des dispositifs de jeux urbains<\/a>\r\n            <\/div>\r\n    <div class=\"element element_1767692457771  excerpt \">\r\n        Co-organis\u00e9es par Nadja Monnet (LAA-LAVUE, UMR 7218, CNRS, d\u00e9l\u00e9gation CNRS Telemme) et le groupe de recherche Fa\u00e7ons d'\u00eatre: corps, \u00e9motions, r\u00e9cit de soi (Telemme, UMR 7303, Aix-Marseille Universit\u00e9) Un int\u00e9r\u00eat croissant se fait sentir sur la place \u00e0 donner ou le r\u00f4le des enfants dans la fabrique de nos territoires            <\/div>\r\n    <\/div>\r\n    <\/div>\n  <\/div>    <\/div>\n    <div class=\"pagination\">\n      <div class=\"paginate\">\n    <span aria-current=\"page\" class=\"page-numbers current\">1<\/span>\n<a class=\"page-numbers\" href=\"https:\/\/telemme.mmsh.fr\/index.php?rest_route=%2Fwp%2Fv2%2Fpages%2F5847&#038;paged=2\">2<\/a>\n<a class=\"page-numbers\" href=\"https:\/\/telemme.mmsh.fr\/index.php?rest_route=%2Fwp%2Fv2%2Fpages%2F5847&#038;paged=3\">3<\/a>\n<span class=\"page-numbers dots\">\u2026<\/span>\n<a class=\"page-numbers\" href=\"https:\/\/telemme.mmsh.fr\/index.php?rest_route=%2Fwp%2Fv2%2Fpages%2F5847&#038;paged=8\">8<\/a>\n<a class=\"next page-numbers\" href=\"https:\/\/telemme.mmsh.fr\/index.php?rest_route=%2Fwp%2Fv2%2Fpages%2F5847&#038;paged=2\">Next \u00bb<\/a>  <\/div>\n  <style type=\"text\/css\">\n    #post-grid-5848 .pagination .page-numbers {\n      font-size: 16px;\n      color: #fff;\n      background: #646464;\n    }\n\n    #post-grid-5848 .pagination .page-numbers:hover,\n    #post-grid-5848 .pagination .page-numbers.current {\n      background: #4b4b4b;\n    }\n  <\/style>\n  <\/div>\n        <style type=\"text\/css\">\r\n            .layout-5815 .element_1624268456791 {\r\n                            }\r\n\r\n                    <\/style>\r\n        <style type=\"text\/css\">\r\n        .layout-5815 .element_1624268458890 {\r\n            overflow: hidden;\r\n                    }\r\n\r\n        .layout-5815 .element_1624268458890 img {\r\n            max-width: 100%;\r\n            height: auto;\r\n        }\r\n\r\n        @media only screen and (min-width: 1024px) {\r\n            .layout-5815 .element_1624268458890 {\r\n                            }\r\n        }\r\n\r\n        @media only screen and (min-width: 768px) and (max-width: 1023px) {\r\n            .layout-5815 .element_1624268458890 {\r\n                            }\r\n        }\r\n\r\n        @media only screen and (min-width: 0px) and (max-width: 767px) {\r\n            .layout-5815 .element_1624268458890 {\r\n                            }\r\n        }\r\n    <\/style>\r\n    <style type=\"text\/css\">\r\n        .layout-5815 .element_1624268460479 {\r\n            color: #000000;\r\n            font-size: 20px;\r\n            font-family: Alata;\r\n            margin: 10px 0;\r\n            text-align: left;\r\n            font-weight:bold;        }\r\n\r\n        .layout-5815 .element_1624268460479 a {\r\n            color: #000000;\r\n            font-size: 20px;\r\n            font-family: Alata;\r\n            margin: 10px 0;\r\n            text-align: left;\r\n            font-weight:bold;        }\r\n    <\/style>\r\n    <style type=\"text\/css\">\r\n        .layout-5815 .element_1767692457771 {\r\n            text-align: left;\r\n                    }\r\n\r\n        .layout-5815 .element_1767692457771 a {\r\n                    }\r\n    <\/style>\r\n      <script>\n          <\/script>\n    <style type=\"text\/css\">\n    #post-grid-5848 {\n      padding: 10px;\n          }\n\n    #post-grid-5848 .item {\n      padding: 0px;\n      background: #fff;\n          }\n\n    #post-grid-5848 .item .layer-media {\n      height:auto;    }\n\n    @media only screen and (min-width: 0px) and (max-width: 767px) {\n      #post-grid-5848 .grid-items {\n        text-align: center;\n              }\n\n      #post-grid-5848 .item {\n        width: 90%;\n        margin: 10px;\n        display: inline-block;\n        vertical-align: top;\n        height:auto;      }\n    }\n\n    @media only screen and (min-width: 768px) and (max-width: 1023px) {\n      #post-grid-5848 .grid-items {\n        text-align: center;\n              }\n\n      #post-grid-5848 .item {\n        width: 280px;\n        margin: 10px;\n        display: inline-block;\n        vertical-align: top;\n        max-height:auto;      }\n    }\n\n    @media only screen and (min-width: 1024px) {\n      #post-grid-5848 .grid-items {\n        text-align: center;\n              }\n\n      #post-grid-5848 .item {\n        width: 280px;\n        display: inline-block;\n        margin: 10px;\n        vertical-align: top;\n        height:auto;      }\n    }\n\n      <\/style>\n  <\/div>\n\n","protected":false},"excerpt":{"rendered":"","protected":false},"author":6,"featured_media":0,"parent":2324,"menu_order":2,"comment_status":"closed","ping_status":"closed","template":"","meta":{"neve_meta_sidebar":"full-width","neve_meta_container":"","neve_meta_enable_content_width":"on","neve_meta_content_width":100,"neve_meta_title_alignment":"","neve_meta_author_avatar":"","neve_post_elements_order":"","neve_meta_disable_header":"","neve_meta_disable_footer":"","neve_meta_disable_title":"","footnotes":""},"class_list":["post-5847","page","type-page","status-publish","hentry"],"yoast_head":"<!-- This site is optimized with the Yoast SEO plugin v27.4 - https:\/\/yoast.com\/product\/yoast-seo-wordpress\/ -->\n<title>Journ\u00e9es d&#039;\u00e9tudes - TELEMMe - Temps, espaces, langages, Europe m\u00e9ridionale, M\u00e9diterran\u00e9e<\/title>\n<meta name=\"robots\" content=\"index, follow, max-snippet:-1, max-image-preview:large, max-video-preview:-1\" \/>\n<link rel=\"canonical\" href=\"https:\/\/telemme.mmsh.fr\/?page_id=5847\" \/>\n<meta property=\"og:locale\" content=\"fr_FR\" \/>\n<meta property=\"og:type\" content=\"article\" \/>\n<meta property=\"og:title\" content=\"Journ\u00e9es d&#039;\u00e9tudes - TELEMMe - Temps, espaces, langages, Europe m\u00e9ridionale, M\u00e9diterran\u00e9e\" \/>\n<meta property=\"og:url\" content=\"https:\/\/telemme.mmsh.fr\/?page_id=5847\" \/>\n<meta property=\"og:site_name\" content=\"TELEMMe - Temps, espaces, langages, Europe m\u00e9ridionale, M\u00e9diterran\u00e9e\" \/>\n<meta property=\"article:modified_time\" content=\"2021-06-02T14:37:24+00:00\" \/>\n<meta name=\"twitter:card\" content=\"summary_large_image\" \/>\n<meta name=\"twitter:label1\" content=\"Dur\u00e9e de lecture estim\u00e9e\" \/>\n\t<meta name=\"twitter:data1\" content=\"1 minute\" \/>\n<script type=\"application\/ld+json\" class=\"yoast-schema-graph\">{\"@context\":\"https:\\\/\\\/schema.org\",\"@graph\":[{\"@type\":\"WebPage\",\"@id\":\"https:\\\/\\\/telemme.mmsh.fr\\\/?page_id=5847\",\"url\":\"https:\\\/\\\/telemme.mmsh.fr\\\/?page_id=5847\",\"name\":\"Journ\u00e9es d'\u00e9tudes - TELEMMe - Temps, espaces, langages, Europe m\u00e9ridionale, M\u00e9diterran\u00e9e\",\"isPartOf\":{\"@id\":\"https:\\\/\\\/telemme.mmsh.fr\\\/#website\"},\"datePublished\":\"2021-03-30T13:55:06+00:00\",\"dateModified\":\"2021-06-02T14:37:24+00:00\",\"breadcrumb\":{\"@id\":\"https:\\\/\\\/telemme.mmsh.fr\\\/?page_id=5847#breadcrumb\"},\"inLanguage\":\"fr-FR\",\"potentialAction\":[{\"@type\":\"ReadAction\",\"target\":[\"https:\\\/\\\/telemme.mmsh.fr\\\/?page_id=5847\"]}]},{\"@type\":\"BreadcrumbList\",\"@id\":\"https:\\\/\\\/telemme.mmsh.fr\\\/?page_id=5847#breadcrumb\",\"itemListElement\":[{\"@type\":\"ListItem\",\"position\":1,\"name\":\"Accueil\",\"item\":\"https:\\\/\\\/telemme.mmsh.fr\\\/\"},{\"@type\":\"ListItem\",\"position\":2,\"name\":\"\u00c9v\u00e9nements\",\"item\":\"https:\\\/\\\/telemme.mmsh.fr\\\/?page_id=2324\"},{\"@type\":\"ListItem\",\"position\":3,\"name\":\"Journ\u00e9es d&rsquo;\u00e9tudes\"}]},{\"@type\":\"WebSite\",\"@id\":\"https:\\\/\\\/telemme.mmsh.fr\\\/#website\",\"url\":\"https:\\\/\\\/telemme.mmsh.fr\\\/\",\"name\":\"TELEMMe - Temps, espaces, langages, Europe m\u00e9ridionale, M\u00e9diterran\u00e9e\",\"description\":\"\",\"publisher\":{\"@id\":\"https:\\\/\\\/telemme.mmsh.fr\\\/#organization\"},\"potentialAction\":[{\"@type\":\"SearchAction\",\"target\":{\"@type\":\"EntryPoint\",\"urlTemplate\":\"https:\\\/\\\/telemme.mmsh.fr\\\/?s={search_term_string}\"},\"query-input\":{\"@type\":\"PropertyValueSpecification\",\"valueRequired\":true,\"valueName\":\"search_term_string\"}}],\"inLanguage\":\"fr-FR\"},{\"@type\":\"Organization\",\"@id\":\"https:\\\/\\\/telemme.mmsh.fr\\\/#organization\",\"name\":\"TELEMMe\",\"url\":\"https:\\\/\\\/telemme.mmsh.fr\\\/\",\"logo\":{\"@type\":\"ImageObject\",\"inLanguage\":\"fr-FR\",\"@id\":\"https:\\\/\\\/telemme.mmsh.fr\\\/#\\\/schema\\\/logo\\\/image\\\/\",\"url\":\"https:\\\/\\\/telemme.mmsh.fr\\\/wp-content\\\/uploads\\\/2020\\\/03\\\/LogoTELEMMe-horizontal-fond-transparent.png\",\"contentUrl\":\"https:\\\/\\\/telemme.mmsh.fr\\\/wp-content\\\/uploads\\\/2020\\\/03\\\/LogoTELEMMe-horizontal-fond-transparent.png\",\"width\":1500,\"height\":437,\"caption\":\"TELEMMe\"},\"image\":{\"@id\":\"https:\\\/\\\/telemme.mmsh.fr\\\/#\\\/schema\\\/logo\\\/image\\\/\"}}]}<\/script>\n<!-- \/ Yoast SEO plugin. -->","yoast_head_json":{"title":"Journ\u00e9es d'\u00e9tudes - TELEMMe - Temps, espaces, langages, Europe m\u00e9ridionale, M\u00e9diterran\u00e9e","robots":{"index":"index","follow":"follow","max-snippet":"max-snippet:-1","max-image-preview":"max-image-preview:large","max-video-preview":"max-video-preview:-1"},"canonical":"https:\/\/telemme.mmsh.fr\/?page_id=5847","og_locale":"fr_FR","og_type":"article","og_title":"Journ\u00e9es d'\u00e9tudes - TELEMMe - Temps, espaces, langages, Europe m\u00e9ridionale, M\u00e9diterran\u00e9e","og_url":"https:\/\/telemme.mmsh.fr\/?page_id=5847","og_site_name":"TELEMMe - Temps, espaces, langages, Europe m\u00e9ridionale, M\u00e9diterran\u00e9e","article_modified_time":"2021-06-02T14:37:24+00:00","twitter_card":"summary_large_image","twitter_misc":{"Dur\u00e9e de lecture estim\u00e9e":"1 minute"},"schema":{"@context":"https:\/\/schema.org","@graph":[{"@type":"WebPage","@id":"https:\/\/telemme.mmsh.fr\/?page_id=5847","url":"https:\/\/telemme.mmsh.fr\/?page_id=5847","name":"Journ\u00e9es d'\u00e9tudes - TELEMMe - Temps, espaces, langages, Europe m\u00e9ridionale, M\u00e9diterran\u00e9e","isPartOf":{"@id":"https:\/\/telemme.mmsh.fr\/#website"},"datePublished":"2021-03-30T13:55:06+00:00","dateModified":"2021-06-02T14:37:24+00:00","breadcrumb":{"@id":"https:\/\/telemme.mmsh.fr\/?page_id=5847#breadcrumb"},"inLanguage":"fr-FR","potentialAction":[{"@type":"ReadAction","target":["https:\/\/telemme.mmsh.fr\/?page_id=5847"]}]},{"@type":"BreadcrumbList","@id":"https:\/\/telemme.mmsh.fr\/?page_id=5847#breadcrumb","itemListElement":[{"@type":"ListItem","position":1,"name":"Accueil","item":"https:\/\/telemme.mmsh.fr\/"},{"@type":"ListItem","position":2,"name":"\u00c9v\u00e9nements","item":"https:\/\/telemme.mmsh.fr\/?page_id=2324"},{"@type":"ListItem","position":3,"name":"Journ\u00e9es d&rsquo;\u00e9tudes"}]},{"@type":"WebSite","@id":"https:\/\/telemme.mmsh.fr\/#website","url":"https:\/\/telemme.mmsh.fr\/","name":"TELEMMe - Temps, espaces, langages, Europe m\u00e9ridionale, M\u00e9diterran\u00e9e","description":"","publisher":{"@id":"https:\/\/telemme.mmsh.fr\/#organization"},"potentialAction":[{"@type":"SearchAction","target":{"@type":"EntryPoint","urlTemplate":"https:\/\/telemme.mmsh.fr\/?s={search_term_string}"},"query-input":{"@type":"PropertyValueSpecification","valueRequired":true,"valueName":"search_term_string"}}],"inLanguage":"fr-FR"},{"@type":"Organization","@id":"https:\/\/telemme.mmsh.fr\/#organization","name":"TELEMMe","url":"https:\/\/telemme.mmsh.fr\/","logo":{"@type":"ImageObject","inLanguage":"fr-FR","@id":"https:\/\/telemme.mmsh.fr\/#\/schema\/logo\/image\/","url":"https:\/\/telemme.mmsh.fr\/wp-content\/uploads\/2020\/03\/LogoTELEMMe-horizontal-fond-transparent.png","contentUrl":"https:\/\/telemme.mmsh.fr\/wp-content\/uploads\/2020\/03\/LogoTELEMMe-horizontal-fond-transparent.png","width":1500,"height":437,"caption":"TELEMMe"},"image":{"@id":"https:\/\/telemme.mmsh.fr\/#\/schema\/logo\/image\/"}}]}},"_links":{"self":[{"href":"https:\/\/telemme.mmsh.fr\/index.php?rest_route=\/wp\/v2\/pages\/5847","targetHints":{"allow":["GET"]}}],"collection":[{"href":"https:\/\/telemme.mmsh.fr\/index.php?rest_route=\/wp\/v2\/pages"}],"about":[{"href":"https:\/\/telemme.mmsh.fr\/index.php?rest_route=\/wp\/v2\/types\/page"}],"author":[{"embeddable":true,"href":"https:\/\/telemme.mmsh.fr\/index.php?rest_route=\/wp\/v2\/users\/6"}],"replies":[{"embeddable":true,"href":"https:\/\/telemme.mmsh.fr\/index.php?rest_route=%2Fwp%2Fv2%2Fcomments&post=5847"}],"version-history":[{"count":1,"href":"https:\/\/telemme.mmsh.fr\/index.php?rest_route=\/wp\/v2\/pages\/5847\/revisions"}],"predecessor-version":[{"id":5849,"href":"https:\/\/telemme.mmsh.fr\/index.php?rest_route=\/wp\/v2\/pages\/5847\/revisions\/5849"}],"up":[{"embeddable":true,"href":"https:\/\/telemme.mmsh.fr\/index.php?rest_route=\/wp\/v2\/pages\/2324"}],"wp:attachment":[{"href":"https:\/\/telemme.mmsh.fr\/index.php?rest_route=%2Fwp%2Fv2%2Fmedia&parent=5847"}],"curies":[{"name":"wp","href":"https:\/\/api.w.org\/{rel}","templated":true}]}}