{"id":5632,"date":"2021-03-25T15:13:35","date_gmt":"2021-03-25T14:13:35","guid":{"rendered":"http:\/\/telemme.mmsh.fr\/?page_id=5632"},"modified":"2025-01-10T16:20:01","modified_gmt":"2025-01-10T15:20:01","slug":"projets-de-recherche","status":"publish","type":"page","link":"https:\/\/telemme.mmsh.fr\/?page_id=5632","title":{"rendered":"Projets de recherche"},"content":{"rendered":"\n<div class=\"wp-block-buttons is-layout-flex wp-block-buttons-is-layout-flex\" id=\"menu-projets\">\n<div class=\"wp-block-button is-style-default\"><a class=\"wp-block-button__link has-nv-site-bg-color has-nv-c-1-background-color has-text-color has-background wp-element-button\" href=\"#projets-encours\">Projets en cours<\/a><\/div>\n\n\n\n<div class=\"wp-block-button is-style-secondary\"><a class=\"wp-block-button__link has-nv-site-bg-color has-nv-c-1-background-color has-text-color has-background wp-element-button\" href=\"#projets-termines\">Projets termin\u00e9s<\/a><\/div>\n<\/div>\n\n\n\n<p>Vous trouverez sur cette page l&rsquo;ensemble des projets de recherche en cours ou termin\u00e9s dont TELEMMe est membre, que l&rsquo;unit\u00e9 en soit porteuse ou partenaire.<\/p>\n\n\n\n<hr class=\"wp-block-separator has-css-opacity is-style-wide\"\/>\n\n\n\n<h2 class=\"wp-block-heading\" id=\"projets-encours\">Projets en cours<\/h2>\n\n\n\n<div class=\"wp-block-buttons is-layout-flex wp-block-buttons-is-layout-flex\">\n<div class=\"wp-block-button is-style-primary\"><a class=\"wp-block-button__link wp-element-button\" href=\"#anr-encours\">ANR<\/a><\/div>\n\n\n\n<div class=\"wp-block-button is-style-primary\"><a class=\"wp-block-button__link wp-element-button\" href=\"#amidex-encours\">A*Midex<\/a><\/div>\n\n\n\n<div class=\"wp-block-button is-style-primary\"><a class=\"wp-block-button__link wp-element-button\" href=\"#europeh2020-encours\">H2020<\/a><\/div>\n\n\n\n<div class=\"wp-block-button is-style-primary\"><a class=\"wp-block-button__link wp-element-button\" href=\"#autres-financements-encours\">Autres financements<\/a><\/div>\n<\/div>\n\n\n\n<hr class=\"wp-block-separator has-css-opacity is-style-wide\"\/>\n\n\n\n<div class=\"wp-block-columns is-layout-flex wp-container-core-columns-is-layout-9d6595d7 wp-block-columns-is-layout-flex\">\n<div class=\"wp-block-column is-layout-flow wp-block-column-is-layout-flow\" style=\"flex-basis:66.66%\">\n<h2 class=\"wp-block-heading\" id=\"anr-encours\">ANR<\/h2>\n<\/div>\n\n\n\n<div class=\"wp-block-column is-layout-flow wp-block-column-is-layout-flow\" style=\"flex-basis:33.33%\">\n<div class=\"wp-block-buttons is-horizontal is-content-justification-right is-layout-flex wp-container-core-buttons-is-layout-ae2fe186 wp-block-buttons-is-layout-flex\">\n<div class=\"wp-block-button is-style-secondary\"><a class=\"wp-block-button__link wp-element-button\" href=\"#menu-projets\">Haut de page<\/a><\/div>\n<\/div>\n<\/div>\n<\/div>\n\n\n<div id=\"pl-gb5632-69f776e1a6d1c\"  class=\"panel-layout wp-block-siteorigin-panels-layout-block\" ><div id=\"pg-gb5632-69f776e1a6d1c-0\"  class=\"panel-grid panel-no-style\" ><div id=\"pgc-gb5632-69f776e1a6d1c-0-0\"  class=\"panel-grid-cell\" ><div id=\"panel-gb5632-69f776e1a6d1c-0-0-0\" class=\"so-panel widget widget_pods_widget_list pods_widget_list panel-first-child panel-last-child\" data-index=\"0\"><hr>\r\n\t<h4><a href=\"https:\/\/telemme.mmsh.fr\/?post_type=projets&#038;p=15224\">MIP<\/a><\/h4> \r\n\t<div style=\"border-left:5px solid #c20000;\r\nheight:100%;\r\npadding-left: 10px;\r\nline-height: 80%;\"> \r\n\t\t<h5>M\u00e9moires et Imaginaires Plastiques. De la plage \u00e0 l&rsquo;atelier, (r\u00e9)d\u00e9couvrir l&rsquo;oc\u00e9an \u00e0 travers ses d\u00e9chets et d\u00e9bris<\/h5>\r\n\t\t\r\n\t\t<p><strong>Un projet port\u00e9 par TELEMMe<\/strong><\/p>\r\n<p><strong>Coordination \u00e0 TELEMMe&nbsp;:<\/strong> Tribot Anne-Sophie <\/p>\r\n\t\t<p><strong>Dur\u00e9e&nbsp;:<\/strong> 1 janvier 2025-   31 d\u00e9cembre 2028  <\/p>\r\n<\/div><hr>\r\n\t<h4><a href=\"https:\/\/telemme.mmsh.fr\/?post_type=projets&#038;p=14861\">ECOMED<\/a><\/h4> \r\n\t<div style=\"border-left:5px solid #c20000;\r\nheight:100%;\r\npadding-left: 10px;\r\nline-height: 80%;\"> \r\n\t\t<h5>Les \u00e9conomies m\u00e9diterran\u00e9ennes \u00e0 la fin du Moyen \u00c2ge (1350-1500) : crises, reconstructions, restructurations<\/h5>\r\n\t\t\r\n<p><strong>Coordination \u00e0 TELEMMe&nbsp;:<\/strong> Gu\u00e9na Pauline <\/p>\r\n\t\t<p><strong>Dur\u00e9e&nbsp;:<\/strong> 1 avril 2024-   31 mars 2028  <\/p>\r\n<\/div><hr>\r\n\t<h4><a href=\"https:\/\/telemme.mmsh.fr\/?post_type=projets&#038;p=14405\">BIPULUM<\/a><\/h4> \r\n\t<div style=\"border-left:5px solid #c20000;\r\nheight:100%;\r\npadding-left: 10px;\r\nline-height: 80%;\"> \r\n\t\t<h5>Biblioth\u00e8ques publiques dans la France des Lumi\u00e8res<\/h5>\r\n\t\t\r\n\t\t<p><strong>Un projet port\u00e9 par TELEMMe<\/strong><\/p>\r\n<p><strong>Coordination \u00e0 TELEMMe&nbsp;:<\/strong> Chapron Emmanuelle <\/p>\r\n\t\t<p><strong>Dur\u00e9e&nbsp;:<\/strong> 1 mars 2024-   29 f\u00e9vrier 2028  <\/p>\r\n<\/div><hr>\r\n\t<h4><a href=\"https:\/\/telemme.mmsh.fr\/?post_type=projets&#038;p=14890\">LIMINALWATER<\/a><\/h4> \r\n\t<div style=\"border-left:5px solid #c20000;\r\nheight:100%;\r\npadding-left: 10px;\r\nline-height: 80%;\"> \r\n\t\t<h5>Liminal Waterway Countercultures<\/h5>\r\n\t\t\r\n<p><strong>Coordination \u00e0 TELEMMe&nbsp;:<\/strong> Sint\u00e8s Pierre <\/p>\r\n\t\t<p><strong>Dur\u00e9e&nbsp;:<\/strong> 1 avril 2025-   31 mars 2027  <\/p>\r\n<\/div><\/div><\/div><\/div><\/div>\n\n\n<hr class=\"wp-block-separator has-css-opacity is-style-wide\"\/>\n\n\n\n<div class=\"wp-block-columns is-layout-flex wp-container-core-columns-is-layout-9d6595d7 wp-block-columns-is-layout-flex\">\n<div class=\"wp-block-column is-layout-flow wp-block-column-is-layout-flow\" style=\"flex-basis:66.66%\">\n<h2 class=\"wp-block-heading amidex-encours\" id=\"amidex-encours\">A*Midex<\/h2>\n<\/div>\n\n\n\n<div class=\"wp-block-column is-layout-flow wp-block-column-is-layout-flow\" style=\"flex-basis:33.33%\">\n<div class=\"wp-block-buttons is-horizontal is-content-justification-right is-layout-flex wp-container-core-buttons-is-layout-ae2fe186 wp-block-buttons-is-layout-flex\">\n<div class=\"wp-block-button is-style-secondary\"><a class=\"wp-block-button__link wp-element-button\" href=\"#menu-projets\">Haut de page<\/a><\/div>\n<\/div>\n<\/div>\n<\/div>\n\n\n<div id=\"pl-gb5632-69f776e1c148d\"  class=\"panel-layout wp-block-siteorigin-panels-layout-block\" ><div id=\"pg-gb5632-69f776e1c148d-0\"  class=\"panel-grid panel-no-style\" ><div id=\"pgc-gb5632-69f776e1c148d-0-0\"  class=\"panel-grid-cell\" ><div id=\"panel-gb5632-69f776e1c148d-0-0-0\" class=\"so-panel widget widget_pods_widget_list pods_widget_list panel-first-child panel-last-child\" data-index=\"0\"><hr>\r\n\t<h4><a href=\"https:\/\/telemme.mmsh.fr\/?post_type=projets&#038;p=14878\">DAFFIG<\/a><\/h4> \r\n\t<div style=\"border-left:5px solid #c20000;\r\nheight:100%;\r\npadding-left: 10px;\r\nline-height: 80%;\"> \r\n\t\t<h5>New Data For FIscal Geographies: local finances, spatial inequalities and land planning<\/h5>\r\n\t\t\r\n\t\t<p><strong>Un projet port\u00e9 par TELEMMe<\/strong><\/p>\r\n<p><strong>Coordination \u00e0 TELEMMe&nbsp;:<\/strong> Grandcl\u00e9ment Antoine <\/p>\r\n\t\t<p><strong>Dur\u00e9e&nbsp;:<\/strong> 1 janvier 2025-   31 d\u00e9cembre 2028  <\/p>\r\n<\/div><hr>\r\n\t<h4><a href=\"https:\/\/telemme.mmsh.fr\/?post_type=projets&#038;p=14610\">AixOPERA<\/a><\/h4> \r\n\t<div style=\"border-left:5px solid #c20000;\r\nheight:100%;\r\npadding-left: 10px;\r\nline-height: 80%;\"> \r\n\t\t<h5>AixOPERA. 1948-2028 : 80 ans de patrimoine de la sc\u00e8ne lyrique<\/h5>\r\n\t\t\r\n\t\t<p><strong>Un projet port\u00e9 par TELEMMe<\/strong><\/p>\r\n<p><strong>Coordination \u00e0 TELEMMe&nbsp;:<\/strong> Gril-Mariotte Aziza <\/p>\r\n\t\t<p><strong>Dur\u00e9e&nbsp;:<\/strong> 1 septembre 2024-   31 ao\u00fbt 2027  <\/p>\r\n<\/div><\/div><\/div><\/div><\/div>\n\n\n<hr class=\"wp-block-separator has-css-opacity is-style-wide\"\/>\n\n\n\n<div class=\"wp-block-columns is-layout-flex wp-container-core-columns-is-layout-9d6595d7 wp-block-columns-is-layout-flex\">\n<div class=\"wp-block-column is-layout-flow wp-block-column-is-layout-flow\" style=\"flex-basis:66.66%\">\n<h2 class=\"wp-block-heading\" id=\"europeh2020-encours\">Europe &#8211; H2020<\/h2>\n<\/div>\n\n\n\n<div class=\"wp-block-column is-layout-flow wp-block-column-is-layout-flow\" style=\"flex-basis:33.33%\">\n<div class=\"wp-block-buttons is-horizontal is-content-justification-right is-layout-flex wp-container-core-buttons-is-layout-ae2fe186 wp-block-buttons-is-layout-flex\">\n<div class=\"wp-block-button is-style-secondary\"><a class=\"wp-block-button__link wp-element-button\" href=\"#menu-projets\">Haut de page<\/a><\/div>\n<\/div>\n<\/div>\n<\/div>\n\n\n<div id=\"pl-gb5632-69f776e1c93fa\"  class=\"panel-layout wp-block-siteorigin-panels-layout-block\" ><div id=\"pg-gb5632-69f776e1c93fa-0\"  class=\"panel-grid panel-no-style\" ><div id=\"pgc-gb5632-69f776e1c93fa-0-0\"  class=\"panel-grid-cell\" ><div id=\"panel-gb5632-69f776e1c93fa-0-0-0\" class=\"so-panel widget widget_pods_widget_list pods_widget_list panel-first-child panel-last-child\" data-index=\"0\"><\/div><\/div><\/div><\/div>\n\n\n<hr class=\"wp-block-separator has-css-opacity is-style-wide\"\/>\n\n\n\n<div class=\"wp-block-columns is-layout-flex wp-container-core-columns-is-layout-9d6595d7 wp-block-columns-is-layout-flex\">\n<div class=\"wp-block-column is-layout-flow wp-block-column-is-layout-flow\" style=\"flex-basis:66.66%\">\n<h2 class=\"wp-block-heading\" id=\"autres-financements-encours\">Autres financements<\/h2>\n<\/div>\n\n\n\n<div class=\"wp-block-column is-layout-flow wp-block-column-is-layout-flow\" style=\"flex-basis:33.33%\">\n<div class=\"wp-block-buttons is-horizontal is-content-justification-right is-layout-flex wp-container-core-buttons-is-layout-ae2fe186 wp-block-buttons-is-layout-flex\">\n<div class=\"wp-block-button is-style-secondary\"><a class=\"wp-block-button__link wp-element-button\" href=\"#menu-projets\">Haut de page<\/a><\/div>\n<\/div>\n<\/div>\n<\/div>\n\n\n<div id=\"pl-gb5632-69f776e1cbe99\"  class=\"panel-layout wp-block-siteorigin-panels-layout-block\" ><div id=\"pg-gb5632-69f776e1cbe99-0\"  class=\"panel-grid panel-no-style\" ><div id=\"pgc-gb5632-69f776e1cbe99-0-0\"  class=\"panel-grid-cell\" ><div id=\"panel-gb5632-69f776e1cbe99-0-0-0\" class=\"so-panel widget widget_pods_widget_list pods_widget_list panel-first-child panel-last-child\" data-index=\"0\"><hr>\r\n\t<h4><a href=\"https:\/\/telemme.mmsh.fr\/?post_type=projets&#038;p=14883\">B3M<\/a><\/h4> \r\n\t<div style=\"border-left:5px solid #c20000;\r\nheight:100%;\r\npadding-left: 10px;\r\nline-height: 80%;\"> \r\n\t\t<h5>Back to Mediterranean Monachus Monachus<\/h5>\r\n\t<p><strong>Financement&nbsp;:<\/strong> Fondation Sanctuaire Pelagos <\/p>\r\n\t\t\r\n\t\t<p><strong>Un projet port\u00e9 par TELEMMe<\/strong><\/p>\r\n<p><strong>Coordination \u00e0 TELEMMe&nbsp;:<\/strong> Faget Daniel et Vermeren Hugo <\/p>\r\n\t\t<p><strong>Dur\u00e9e&nbsp;:<\/strong> 1 janvier 2025-   31 d\u00e9cembre 2026  <\/p>\r\n<\/div><hr>\r\n\t<h4><a href=\"https:\/\/telemme.mmsh.fr\/?post_type=projets&#038;p=14879\">ECOHISMA<\/a><\/h4> \r\n\t<div style=\"border-left:5px solid #c20000;\r\nheight:100%;\r\npadding-left: 10px;\r\nline-height: 80%;\"> \r\n\t\t<h5>\u00c9co-histoire de la conservation marine au Maghreb : discours, pratiques et savoirs, XIXe-XXIe si\u00e8cle<\/h5>\r\n\t<p><strong>Financement&nbsp;:<\/strong> FMSH &#8211; R\u00e9seaux internationaux en SHS &#8211; Climat et environnement <\/p>\r\n\t\t\r\n\t\t<p><strong>Un projet port\u00e9 par TELEMMe<\/strong><\/p>\r\n<p><strong>Coordination \u00e0 TELEMMe&nbsp;:<\/strong> Vermeren Hugo <\/p>\r\n\t\t<p><strong>Dur\u00e9e&nbsp;:<\/strong> 1 septembre 2024-   31 ao\u00fbt 2026  <\/p>\r\n<\/div><\/div><\/div><\/div><\/div>\n\n\n<hr class=\"wp-block-separator has-css-opacity is-style-wide\"\/>\n\n\n\n<div class=\"wp-block-columns is-layout-flex wp-container-core-columns-is-layout-9d6595d7 wp-block-columns-is-layout-flex\">\n<div class=\"wp-block-column is-layout-flow wp-block-column-is-layout-flow\" style=\"flex-basis:66.66%\">\n<h2 class=\"wp-block-heading\" id=\"projets-termines\">Projets termin\u00e9s<\/h2>\n<\/div>\n\n\n\n<div class=\"wp-block-column is-layout-flow wp-block-column-is-layout-flow\" style=\"flex-basis:33.33%\">\n<div class=\"wp-block-buttons is-horizontal is-content-justification-right is-layout-flex wp-container-core-buttons-is-layout-ae2fe186 wp-block-buttons-is-layout-flex\">\n<div class=\"wp-block-button is-style-secondary\"><a class=\"wp-block-button__link wp-element-button\" href=\"#menu-projets\">Haut de page<\/a><\/div>\n<\/div>\n<\/div>\n<\/div>\n\n\n\n<div class=\"wp-block-buttons is-layout-flex wp-block-buttons-is-layout-flex\">\n<div class=\"wp-block-button is-style-primary\"><a class=\"wp-block-button__link wp-element-button\" href=\"#anr-termines\">ANR<\/a><\/div>\n\n\n\n<div class=\"wp-block-button is-style-primary\"><a class=\"wp-block-button__link wp-element-button\" href=\"#amidex-termines\">A*Midex<\/a><\/div>\n\n\n\n<div class=\"wp-block-button is-style-primary\"><a class=\"wp-block-button__link wp-element-button\" href=\"#autres-financements-termines\">Autres financements<\/a><\/div>\n<\/div>\n\n\n\n<hr class=\"wp-block-separator has-css-opacity is-style-wide\"\/>\n\n\n\n<div class=\"wp-block-columns is-layout-flex wp-container-core-columns-is-layout-9d6595d7 wp-block-columns-is-layout-flex\">\n<div class=\"wp-block-column is-layout-flow wp-block-column-is-layout-flow\" style=\"flex-basis:66.66%\">\n<h2 class=\"wp-block-heading\" id=\"anr-termines\">ANR<\/h2>\n<\/div>\n\n\n\n<div class=\"wp-block-column is-layout-flow wp-block-column-is-layout-flow\" style=\"flex-basis:33.33%\">\n<div class=\"wp-block-buttons is-horizontal is-content-justification-right is-layout-flex wp-container-core-buttons-is-layout-ae2fe186 wp-block-buttons-is-layout-flex\">\n<div class=\"wp-block-button is-style-secondary\"><a class=\"wp-block-button__link wp-element-button\" href=\"#menu-projets\">Haut de page<\/a><\/div>\n<\/div>\n<\/div>\n<\/div>\n\n\n<div id=\"pl-gb5632-69f776e1d88a9\"  class=\"panel-layout wp-block-siteorigin-panels-layout-block\" ><div id=\"pg-gb5632-69f776e1d88a9-0\"  class=\"panel-grid panel-no-style\" ><div id=\"pgc-gb5632-69f776e1d88a9-0-0\"  class=\"panel-grid-cell\" ><div id=\"panel-gb5632-69f776e1d88a9-0-0-0\" class=\"so-panel widget widget_pods_widget_list pods_widget_list panel-first-child panel-last-child\" data-index=\"0\"><hr>\r\n\t<h4><a href=\"https:\/\/telemme.mmsh.fr\/?post_type=projets&#038;p=10237\">COCOLE<\/a><\/h4> \r\n\t<div style=\"border-left:5px solid #c20000;\r\nheight:100%;\r\npadding-left: 10px;\r\nline-height: 80%;\"> \r\n\t\t<h5>Compter en situation coloniale. L&rsquo;Afrique fran\u00e7aise (1830-1962)<\/h5>\r\n\t\t\r\n<p><strong>Coordination \u00e0 TELEMMe&nbsp;:<\/strong> Daumalin Xavier <\/p>\r\n\t\t<p><strong>Dur\u00e9e&nbsp;:<\/strong> 1 octobre 2021-   30 septembre 2025  <\/p>\r\n<\/div><hr>\r\n\t<h4><a href=\"https:\/\/telemme.mmsh.fr\/?post_type=projets&#038;p=10239\">IRETRA<\/a><\/h4> \r\n\t<div style=\"border-left:5px solid #c20000;\r\nheight:100%;\r\npadding-left: 10px;\r\nline-height: 80%;\"> \r\n\t\t<h5>Innovation, r\u00e9industrialisation des territoires et transformation du travail<\/h5>\r\n\t\t\r\n<p><strong>Coordination \u00e0 TELEMMe&nbsp;:<\/strong> Daviet Sylvie et Grondeau Alexandre <\/p>\r\n\t\t<p><strong>Dur\u00e9e&nbsp;:<\/strong> 1 octobre 2021-   30 septembre 2025  <\/p>\r\n<\/div><hr>\r\n\t<h4><a href=\"https:\/\/telemme.mmsh.fr\/?post_type=projets&#038;p=14877\">IssIMars<\/a><\/h4> \r\n\t<div style=\"border-left:5px solid #c20000;\r\nheight:100%;\r\npadding-left: 10px;\r\nline-height: 80%;\"> \r\n\t\t<h5>\u00c9tude sur les Itin\u00e9raireS et Situations de vie en squat \u00e0 Marseille<\/h5>\r\n\t\t\r\n<p><strong>Coordination \u00e0 TELEMMe&nbsp;:<\/strong> M\u00e9sini B\u00e9atrice <\/p>\r\n\t\t<p><strong>Dur\u00e9e&nbsp;:<\/strong> 1 mars 2024-   28 f\u00e9vrier 2025  <\/p>\r\n<\/div><hr>\r\n\t<h4><a href=\"https:\/\/telemme.mmsh.fr\/?post_type=projets&#038;p=8290\">EWG &#8211; CAREWELL_TF<\/a><\/h4> \r\n\t<div style=\"border-left:5px solid #c20000;\r\nheight:100%;\r\npadding-left: 10px;\r\nline-height: 80%;\"> \r\n\t\t<h5>Care, inegality and wellbeing in Transnational Families in Europe : a comparative, intergenerational study in Spain, France, Sweden and UK<\/h5>\r\n\t\t\r\n\t\t<p><strong>Un projet port\u00e9 par TELEMMe<\/strong><\/p>\r\n<p><strong>Coordination \u00e0 TELEMMe&nbsp;:<\/strong> Baby-Collin Virginie <\/p>\r\n\t\t<p><strong>Dur\u00e9e&nbsp;:<\/strong> 1 juin 2021-   30 juin 2024  <\/p>\r\n<\/div><hr>\r\n\t<h4><a href=\"https:\/\/telemme.mmsh.fr\/?post_type=projets&#038;p=9706\">PICCH<\/a><\/h4> \r\n\t<div style=\"border-left:5px solid #c20000;\r\nheight:100%;\r\npadding-left: 10px;\r\nline-height: 80%;\"> \r\n\t\t<h5>Polyvocal Interpretation of Contested Colonial Heritage<\/h5>\r\n\t\t\r\n\t\t<p><strong>Un projet port\u00e9 par TELEMMe<\/strong><\/p>\r\n<p><strong>Coordination \u00e0 TELEMMe&nbsp;:<\/strong> Gebeil Sophie <\/p>\r\n\t\t<p><strong>Dur\u00e9e&nbsp;:<\/strong> 1 septembre 2021-   31 ao\u00fbt 2023  <\/p>\r\n<\/div><hr>\r\n\t<h4><a href=\"https:\/\/telemme.mmsh.fr\/?post_type=projets&#038;p=4981\">INVEST<\/a><\/h4> \r\n\t<div style=\"border-left:5px solid #c20000;\r\nheight:100%;\r\npadding-left: 10px;\r\nline-height: 80%;\"> \r\n\t\t<h5>Investissement public local et syst\u00e8mes territoriaux : d\u00e9veloppent durable, collectivit\u00e9s locales et soutenabilit\u00e9 financi\u00e8re<\/h5>\r\n\t\t\r\n<p><strong>Coordination \u00e0 TELEMMe&nbsp;:<\/strong> Grandcl\u00e9ment Antoine <\/p>\r\n\t\t<p><strong>Dur\u00e9e&nbsp;:<\/strong> 1 octobre 2018-   30 avril 2022  <\/p>\r\n<\/div><hr>\r\n\t<h4><a href=\"https:\/\/telemme.mmsh.fr\/?post_type=projets&#038;p=4557\">PROCIT<\/a><\/h4> \r\n\t<div style=\"border-left:5px solid #c20000;\r\nheight:100%;\r\npadding-left: 10px;\r\nline-height: 80%;\"> \r\n\t\t<h5>PROCIT &#8211; Propri\u00e9t\u00e9 et citoyennet\u00e9<\/h5>\r\n\t\t\r\n<p><strong>Coordination \u00e0 TELEMMe&nbsp;:<\/strong> Glesener Thomas <\/p>\r\n\t\t<p><strong>Dur\u00e9e&nbsp;:<\/strong> 1 octobre 2016-   31 mars 2022  <\/p>\r\n<\/div><hr>\r\n\t<h4><a href=\"https:\/\/telemme.mmsh.fr\/?post_type=projets&#038;p=4982\">TIME US<\/a><\/h4> \r\n\t<div style=\"border-left:5px solid #c20000;\r\nheight:100%;\r\npadding-left: 10px;\r\nline-height: 80%;\"> \r\n\t\t<h5>R\u00e9mun\u00e9rations et budgets-temps dans le textile en France de la fin du XVIIe si\u00e8cle \u00e0 la veille de la premi\u00e8re guerre mondiale<\/h5>\r\n\t\t\r\n<p><strong>Coordination \u00e0 TELEMMe&nbsp;:<\/strong> Montenach Anne <\/p>\r\n\t\t<p><strong>Dur\u00e9e&nbsp;:<\/strong> 1 octobre 2016-   15 d\u00e9cembre 2021  <\/p>\r\n<\/div><hr>\r\n\t<h4><a href=\"https:\/\/telemme.mmsh.fr\/?post_type=projets&#038;p=4555\">POCRAM<\/a><\/h4> \r\n\t<div style=\"border-left:5px solid #c20000;\r\nheight:100%;\r\npadding-left: 10px;\r\nline-height: 80%;\"> \r\n\t\t<h5>POCRAM &#8211; Pouvoir politique et conversion religieuse, Antiquit\u00e9 \u2013 p\u00e9riode moderne<\/h5>\r\n\t\t\r\n<p><strong>Coordination \u00e0 TELEMMe&nbsp;:<\/strong> Foa J\u00e9r\u00e9mie <\/p>\r\n\t\t<p><strong>Dur\u00e9e&nbsp;:<\/strong> 1 janvier 2014-   30 novembre 2017  <\/p>\r\n<\/div><hr>\r\n\t<h4><a href=\"https:\/\/telemme.mmsh.fr\/?post_type=projets&#038;p=4543\">EFFIJIE<\/a><\/h4> \r\n\t<div style=\"border-left:5px solid #c20000;\r\nheight:100%;\r\npadding-left: 10px;\r\nline-height: 80%;\"> \r\n\t\t<h5>EFFIJIE &#8211; Programme Soci\u00e9t\u00e9s, changements climatiques et environnementaux<\/h5>\r\n\t\t\r\n<p><strong>Coordination \u00e0 TELEMMe&nbsp;:<\/strong> Cadoret Anne <\/p>\r\n\t\t<p><strong>Dur\u00e9e&nbsp;:<\/strong> 1 f\u00e9vrier 2014-   31 juillet 2017  <\/p>\r\n<\/div><hr>\r\n\t<h4><a href=\"https:\/\/telemme.mmsh.fr\/?post_type=projets&#038;p=4548\">HISTIN\u00c9RAIRES<\/a><\/h4> \r\n\t<div style=\"border-left:5px solid #c20000;\r\nheight:100%;\r\npadding-left: 10px;\r\nline-height: 80%;\"> \r\n\t\t<h5>HISTIN\u00c9RAIRES &#8211; \u00ab La fabrique de l\u2019histoire telle qu\u2019elle se raconte \u00bb<\/h5>\r\n\t\t\r\n<p><strong>Coordination \u00e0 TELEMMe&nbsp;:<\/strong> Crivello Maryline <\/p>\r\n\t\t<p><strong>Dur\u00e9e&nbsp;:<\/strong> 1 f\u00e9vrier 2014-   31 juillet 2017  <\/p>\r\n<\/div><hr>\r\n\t<h4><a href=\"https:\/\/telemme.mmsh.fr\/?post_type=projets&#038;p=4336\">\u00c9CRIN<\/a><\/h4> \r\n\t<div style=\"border-left:5px solid #c20000;\r\nheight:100%;\r\npadding-left: 10px;\r\nline-height: 80%;\"> \r\n\t\t<h5>\u00c9CRIN &#8211; \u00c9crans et in\u00e9galit\u00e9s. Les \u00ab Arabes \u00bb dans les m\u00e9dias fran\u00e7ais de 1962 \u00e0 nos jours<\/h5>\r\n\t\t\r\n<p><strong>Coordination \u00e0 TELEMMe&nbsp;:<\/strong> Crivello Maryline <\/p>\r\n\t\t<p><strong>Dur\u00e9e&nbsp;:<\/strong> 1 janvier 2013-   31 mars 2016  <\/p>\r\n<\/div><hr>\r\n\t<h4><a href=\"https:\/\/telemme.mmsh.fr\/?post_type=projets&#038;p=4558\">SYSPOE<\/a><\/h4> \r\n\t<div style=\"border-left:5px solid #c20000;\r\nheight:100%;\r\npadding-left: 10px;\r\nline-height: 80%;\"> \r\n\t\t<h5>SYSPOE &#8211; Syst\u00e8mes policiers europ\u00e9ens, 18e-19e si\u00e8cles<\/h5>\r\n\t\t\r\n<p><strong>Coordination \u00e0 TELEMMe&nbsp;:<\/strong> Regnard C\u00e9line et Marin Brigitte <\/p>\r\n\t\t<p><strong>Dur\u00e9e&nbsp;:<\/strong> 1 janvier 2012-   31 d\u00e9cembre 2015  <\/p>\r\n<\/div><hr>\r\n\t<h4><a href=\"https:\/\/telemme.mmsh.fr\/?post_type=projets&#038;p=4545\">GEMMA<\/a><\/h4> \r\n\t<div style=\"border-left:5px solid #c20000;\r\nheight:100%;\r\npadding-left: 10px;\r\nline-height: 80%;\"> \r\n\t\t<h5>GEMMA &#8211; Gen\u00e8se m\u00e9di\u00e9vale d&rsquo;une m\u00e9thode administrative. Formes et pratiques de la comptabilit\u00e9 dans les principaut\u00e9s du sud-est de la France (Dauphin\u00e9, Provence, Savoie, Venaissin &#8211; XIIIe-XVe s.)<\/h5>\r\n\t\t\r\n<p><strong>Coordination \u00e0 TELEMMe&nbsp;:<\/strong> P\u00e9cout Thierry <\/p>\r\n\t\t<p><strong>Dur\u00e9e&nbsp;:<\/strong> 1 d\u00e9cembre 2010-   31 ao\u00fbt 2015  <\/p>\r\n<\/div><hr>\r\n\t<h4><a href=\"https:\/\/telemme.mmsh.fr\/?post_type=projets&#038;p=3923\">PATERMED<\/a><\/h4> \r\n\t<div style=\"border-left:5px solid #c20000;\r\nheight:100%;\r\npadding-left: 10px;\r\nline-height: 80%;\"> \r\n\t\t<h5>PATERMED &#8211; Paysages &#038; terroir m\u00e9diterran\u00e9ens<\/h5>\r\n\t\t\r\n<p><strong>Coordination \u00e0 TELEMMe&nbsp;:<\/strong> Minvielle Paul et Daligaux Jacques <\/p>\r\n\t\t<p><strong>Dur\u00e9e&nbsp;:<\/strong> 1 d\u00e9cembre 2009-   30 novembre 2013  <\/p>\r\n<\/div><hr>\r\n\t<h4><a href=\"https:\/\/telemme.mmsh.fr\/?post_type=projets&#038;p=4547\">GOUVAREN<\/a><\/h4> \r\n\t<div style=\"border-left:5px solid #c20000;\r\nheight:100%;\r\npadding-left: 10px;\r\nline-height: 80%;\"> \r\n\t\t<h5>GOUVAREN &#8211; Gouverner par l\u2019enqu\u00eate au Moyen \u00c2ge<\/h5>\r\n\t\t\r\n<p><strong>Coordination \u00e0 TELEMMe&nbsp;:<\/strong> Verdon Laure <\/p>\r\n\t\t<p><strong>Dur\u00e9e&nbsp;:<\/strong> 1 janvier 2009-   1 f\u00e9vrier 2012  <\/p>\r\n<\/div><hr>\r\n\t<h4><a href=\"https:\/\/telemme.mmsh.fr\/?post_type=projets&#038;p=4552\">IMASUD<\/a><\/h4> \r\n\t<div style=\"border-left:5px solid #c20000;\r\nheight:100%;\r\npadding-left: 10px;\r\nline-height: 80%;\"> \r\n\t\t<h5>IMASUD &#8211; \u00ab Suds \u00bb imaginaires, imaginaires des \u00ab Suds \u00bb. H\u00e9ritages, m\u00e9moires, repr\u00e9sentations en M\u00e9diterran\u00e9e<\/h5>\r\n\t\t\r\n<p><strong>Coordination \u00e0 TELEMMe&nbsp;:<\/strong> Crivello Maryline <\/p>\r\n\t\t<p><strong>Dur\u00e9e&nbsp;:<\/strong> 1 janvier 2008-   31 d\u00e9cembre 2011  <\/p>\r\n<\/div><hr>\r\n\t<h4><a href=\"https:\/\/telemme.mmsh.fr\/?post_type=projets&#038;p=3860\">CREALU<\/a><\/h4> \r\n\t<div style=\"border-left:5px solid #c20000;\r\nheight:100%;\r\npadding-left: 10px;\r\nline-height: 80%;\"> \r\n\t\t<h5>CREALU [ANR], CR\u00c9ation et ALUminium<\/h5>\r\n\t\t\r\n<p><strong>Coordination \u00e0 TELEMMe&nbsp;:<\/strong> Mioche Philippe <\/p>\r\n\t\t<p>  <\/p>\r\n<\/div><hr>\r\n\t<h4><a href=\"https:\/\/telemme.mmsh.fr\/?post_type=projets&#038;p=4544\">EMMA<\/a><\/h4> \r\n\t<div style=\"border-left:5px solid #c20000;\r\nheight:100%;\r\npadding-left: 10px;\r\nline-height: 80%;\"> \r\n\t\t<h5>EMMA &#8211; Les \u00e9motions au Moyen \u00c2ge. Pour une anthropologie historique des \u00e9motions au Moyen Age occidental<\/h5>\r\n\t\t\r\n<p><strong>Coordination \u00e0 TELEMMe&nbsp;:<\/strong> Boquet Damien et Nagy Piroska <\/p>\r\n\t\t<p>  <\/p>\r\n<\/div><hr>\r\n\t<h4><a href=\"https:\/\/telemme.mmsh.fr\/?post_type=projets&#038;p=4550\">ICEM<\/a><\/h4> \r\n\t<div style=\"border-left:5px solid #c20000;\r\nheight:100%;\r\npadding-left: 10px;\r\nline-height: 80%;\"> \r\n\t\t<h5>ICEM &#8211; Identit\u00e9s et cultures en M\u00e9diterran\u00e9e. Les \u00e9lites politiques de la R\u00e9volution fran\u00e7aise \u00e0 la Ve R\u00e9publique<\/h5>\r\n\t\t\r\n<p><strong>Coordination \u00e0 TELEMMe&nbsp;:<\/strong> Guillon Jean-Marie <\/p>\r\n\t\t<p>  <\/p>\r\n<\/div><hr>\r\n\t<h4><a href=\"https:\/\/telemme.mmsh.fr\/?post_type=projets&#038;p=4553\">Le corps mort<\/a><\/h4> \r\n\t<div style=\"border-left:5px solid #c20000;\r\nheight:100%;\r\npadding-left: 10px;\r\nline-height: 80%;\"> \r\n\t\t<h5>Le corps mort &#8211; Le Corps mort : Recherches sur l&rsquo;histoire des Pratiques et du Statut du cadavre dans l&rsquo;Europe m\u00e9ridionale XVIIIe \u2013 milieu XXe si\u00e8cle<\/h5>\r\n\t\t\r\n<p><strong>Coordination \u00e0 TELEMMe&nbsp;:<\/strong> Carol Anne <\/p>\r\n\t\t<p>  <\/p>\r\n<\/div><hr>\r\n\t<h4><a href=\"https:\/\/telemme.mmsh.fr\/?post_type=projets&#038;p=4554\">LIA MediterraPolis<\/a><\/h4> \r\n\t<div style=\"border-left:5px solid #c20000;\r\nheight:100%;\r\npadding-left: 10px;\r\nline-height: 80%;\"> \r\n\t\t<h5>LIA MediterraPolis &#8211; Laboratoire europ\u00e9en associ\u00e9 \u00ab espaces urbains, mobilit\u00e9s, citadinit\u00e9s. Europe m\u00e9ridionales \u2013 M\u00e9diterran\u00e9e. XVI-XXI si\u00e8cles \u00bb<\/h5>\r\n\t\t\r\n<p><strong>Coordination \u00e0 TELEMMe&nbsp;:<\/strong> Canepari Eleonora et Marin Brigitte <\/p>\r\n\t\t<p>  <\/p>\r\n<\/div><\/div><\/div><\/div><\/div>\n\n\n<hr class=\"wp-block-separator has-css-opacity is-style-wide\"\/>\n\n\n\n<div class=\"wp-block-columns is-layout-flex wp-container-core-columns-is-layout-9d6595d7 wp-block-columns-is-layout-flex\">\n<div class=\"wp-block-column is-layout-flow wp-block-column-is-layout-flow\" style=\"flex-basis:66.66%\">\n<h2 class=\"wp-block-heading\" id=\"amidex-termines\">A*Midex<\/h2>\n<\/div>\n\n\n\n<div class=\"wp-block-column is-layout-flow wp-block-column-is-layout-flow\" style=\"flex-basis:33.33%\">\n<div class=\"wp-block-buttons is-horizontal is-content-justification-right is-layout-flex wp-container-core-buttons-is-layout-ae2fe186 wp-block-buttons-is-layout-flex\">\n<div class=\"wp-block-button is-style-secondary\"><a class=\"wp-block-button__link wp-element-button\" href=\"#menu-projets\">Haut de page<\/a><\/div>\n<\/div>\n<\/div>\n<\/div>\n\n\n<div id=\"pl-gb5632-69f776e21d4db\"  class=\"panel-layout wp-block-siteorigin-panels-layout-block\" ><div id=\"pg-gb5632-69f776e21d4db-0\"  class=\"panel-grid panel-no-style\" ><div id=\"pgc-gb5632-69f776e21d4db-0-0\"  class=\"panel-grid-cell\" ><div id=\"panel-gb5632-69f776e21d4db-0-0-0\" class=\"so-panel widget widget_pods_widget_list pods_widget_list panel-first-child panel-last-child\" data-index=\"0\"><hr>\r\n\t<h4><a href=\"https:\/\/telemme.mmsh.fr\/?post_type=projets&#038;p=9832\">Mars-IMPERIUM<\/a><\/h4> \r\n\t<div style=\"border-left:5px solid #c20000;\r\nheight:100%;\r\npadding-left: 10px;\r\nline-height: 80%;\"> \r\n\t\t<h5>Marseille imp\u00e9riale : histoire et m\u00e9moires (post)coloniales XIXe-XXIe si\u00e8cles<\/h5>\r\n\t\t\r\n<p><strong>Coordination \u00e0 TELEMMe&nbsp;:<\/strong> Daumalin Xavier, Jarrin-Yanez Mari\u0301a Jos\u00e9, et Regnard C\u00e9line <\/p>\r\n\t\t<p><strong>Dur\u00e9e&nbsp;:<\/strong> 1 janvier 2022-   31 d\u00e9cembre 2024  <\/p>\r\n<\/div><hr>\r\n\t<h4><a href=\"https:\/\/telemme.mmsh.fr\/?post_type=projets&#038;p=6520\">BIZERTE<\/a><\/h4> \r\n\t<div style=\"border-left:5px solid #c20000;\r\nheight:100%;\r\npadding-left: 10px;\r\nline-height: 80%;\"> \r\n\t\t<h5>BIZERTE<\/h5>\r\n\t\t\r\n\t\t<p><strong>Un projet port\u00e9 par TELEMMe<\/strong><\/p>\r\n<p><strong>Coordination \u00e0 TELEMMe&nbsp;:<\/strong> Daviet Sylvie <\/p>\r\n\t\t<p><strong>Dur\u00e9e&nbsp;:<\/strong> 1 f\u00e9vrier 2020-   31 janvier 2022  <\/p>\r\n<\/div><hr>\r\n\t<h4><a href=\"https:\/\/telemme.mmsh.fr\/?post_type=projets&#038;p=5427\">ArchInBib<\/a><\/h4> \r\n\t<div style=\"border-left:5px solid #c20000;\r\nheight:100%;\r\npadding-left: 10px;\r\nline-height: 80%;\"> \r\n\t\t<h5>Archives en biblioth\u00e8ques<\/h5>\r\n\t\t\r\n\t\t<p><strong>Un projet port\u00e9 par TELEMMe<\/strong><\/p>\r\n<p><strong>Coordination \u00e0 TELEMMe&nbsp;:<\/strong> Chapron Emmanuelle <\/p>\r\n\t\t<p>  <\/p>\r\n<\/div><hr>\r\n\t<h4><a href=\"https:\/\/telemme.mmsh.fr\/?post_type=projets&#038;p=5426\">MONUMED<\/a><\/h4> \r\n\t<div style=\"border-left:5px solid #c20000;\r\nheight:100%;\r\npadding-left: 10px;\r\nline-height: 80%;\"> \r\n\t\t<h5>Monumentalisation et espace urbain dans les Balkans et en M\u00e9diterran\u00e9e<\/h5>\r\n\t\t\r\n\t\t<p><strong>Un projet port\u00e9 par TELEMMe<\/strong><\/p>\r\n<p><strong>Coordination \u00e0 TELEMMe&nbsp;:<\/strong> Sint\u00e8s Pierre <\/p>\r\n\t\t<p>  <\/p>\r\n<\/div><\/div><\/div><\/div><\/div>\n\n\n<hr class=\"wp-block-separator has-css-opacity is-style-wide\"\/>\n\n\n\n<div class=\"wp-block-columns is-layout-flex wp-container-core-columns-is-layout-9d6595d7 wp-block-columns-is-layout-flex\">\n<div class=\"wp-block-column is-layout-flow wp-block-column-is-layout-flow\" style=\"flex-basis:66.66%\">\n<h2 class=\"wp-block-heading\" id=\"autres-financements-termines\">Autres financements<\/h2>\n<\/div>\n\n\n\n<div class=\"wp-block-column is-layout-flow wp-block-column-is-layout-flow\" style=\"flex-basis:33.33%\">\n<div class=\"wp-block-buttons is-horizontal is-content-justification-right is-layout-flex wp-container-core-buttons-is-layout-ae2fe186 wp-block-buttons-is-layout-flex\">\n<div class=\"wp-block-button is-style-secondary\"><a class=\"wp-block-button__link wp-element-button\" href=\"#menu-projets\">Haut de page<\/a><\/div>\n<\/div>\n<\/div>\n<\/div>\n\n\n<div id=\"pl-gb5632-69f776e22a3f9\"  class=\"panel-layout wp-block-siteorigin-panels-layout-block\" ><div id=\"pg-gb5632-69f776e22a3f9-0\"  class=\"panel-grid panel-no-style\" ><div id=\"pgc-gb5632-69f776e22a3f9-0-0\"  class=\"panel-grid-cell\" ><div id=\"panel-gb5632-69f776e22a3f9-0-0-0\" class=\"so-panel widget widget_pods_widget_list pods_widget_list panel-first-child panel-last-child\" data-index=\"0\"><hr>\r\n\t<h4><a href=\"https:\/\/telemme.mmsh.fr\/?post_type=projets&#038;p=14886\">DEBATEU<\/a><\/h4> \r\n\t<div style=\"border-left:5px solid #c20000;\r\nheight:100%;\r\npadding-left: 10px;\r\nline-height: 80%;\"> \r\n\t\t<h5>D\u00e9battre avec les acteurs de la construction europ\u00e9enne \u00e0 l\u2019Universit\u00e9<\/h5>\r\n\t<p><strong>Financement&nbsp;:<\/strong> GIS EUROLAB <\/p>\r\n\t\t\r\n\t\t<p><strong>Un projet port\u00e9 par TELEMMe<\/strong><\/p>\r\n<p><strong>Coordination \u00e0 TELEMMe&nbsp;:<\/strong> Carbonell Mauve <\/p>\r\n\t\t<p><strong>Dur\u00e9e&nbsp;:<\/strong> 1 janvier 2025-   31 d\u00e9cembre 2025  <\/p>\r\n<\/div><hr>\r\n\t<h4><a href=\"https:\/\/telemme.mmsh.fr\/?post_type=projets&#038;p=14874\">Confronting Ethno-Racial Discrimination in Agricultural Work in France<\/a><\/h4> \r\n\t<div style=\"border-left:5px solid #c20000;\r\nheight:100%;\r\npadding-left: 10px;\r\nline-height: 80%;\"> \r\n\t\t<h5>Confronting Ethno-Racial Discrimination in Agricultural Work in France<\/h5>\r\n\t<p><strong>Financement&nbsp;:<\/strong> Face Foundation <\/p>\r\n\t\t\r\n<p><strong>Coordination \u00e0 TELEMMe&nbsp;:<\/strong> M\u00e9sini B\u00e9atrice <\/p>\r\n\t\t<p><strong>Dur\u00e9e&nbsp;:<\/strong> 1 janvier 2023-   31 d\u00e9cembre 2024  <\/p>\r\n<\/div><hr>\r\n\t<h4><a href=\"https:\/\/telemme.mmsh.fr\/?post_type=projets&#038;p=6081\">ALCOVE<\/a><\/h4> \r\n\t<div style=\"border-left:5px solid #c20000;\r\nheight:100%;\r\npadding-left: 10px;\r\nline-height: 80%;\"> \r\n\t\t<h5>Nouvelles pratiques pour une agriculture durable : \u00e9valuation de produits de biocontr\u00f4le et d&rsquo;un biofertilisant dans les syst\u00e8mes viticoles<\/h5>\r\n\t<p><strong>Financement&nbsp;:<\/strong> Institut ITEM <\/p>\r\n\t\t\r\n<p><strong>Coordination \u00e0 TELEMMe&nbsp;:<\/strong> Minvielle Paul <\/p>\r\n\t\t<p><strong>Dur\u00e9e&nbsp;:<\/strong> 1 septembre 2020-   31 ao\u00fbt 2024  <\/p>\r\n<\/div><hr>\r\n\t<h4><a href=\"https:\/\/telemme.mmsh.fr\/?post_type=projets&#038;p=9972\">ENERGON<\/a><\/h4> \r\n\t<div style=\"border-left:5px solid #c20000;\r\nheight:100%;\r\npadding-left: 10px;\r\nline-height: 80%;\"> \r\n\t\t<h5>Transitions \u00e9nerg\u00e9tiques et reconfigurations des socio-\u00e9cosyst\u00e8mes : mobiliser les OHM pour produire une m\u00e9thodologie int\u00e9gr\u00e9e<\/h5>\r\n\t<p><strong>Financement&nbsp;:<\/strong> LabEx DRIIHM <\/p>\r\n\t\t\r\n<p><strong>Coordination \u00e0 TELEMMe&nbsp;:<\/strong> Daviet Sylvie <\/p>\r\n\t\t<p><strong>Dur\u00e9e&nbsp;:<\/strong> 1 septembre 2021-   31 ao\u00fbt 2024  <\/p>\r\n<\/div><hr>\r\n\t<h4><a href=\"https:\/\/telemme.mmsh.fr\/?post_type=projets&#038;p=5424\">DESSERT<\/a><\/h4> \r\n\t<div style=\"border-left:5px solid #c20000;\r\nheight:100%;\r\npadding-left: 10px;\r\nline-height: 80%;\"> \r\n\t\t<h5>DESSERT<\/h5>\r\n\t<p><strong>Financement&nbsp;:<\/strong> Agence de l&rsquo;environnement et de la maitrise de l&rsquo;\u00e9nergie (ADEME) <\/p>\r\n\t\t\r\n<p><strong>Coordination \u00e0 TELEMMe&nbsp;:<\/strong> Consales Jean-No\u00ebl <\/p>\r\n\t\t<p><strong>Dur\u00e9e&nbsp;:<\/strong> 19 octobre 2020-   3 d\u00e9cembre 2023  <\/p>\r\n<\/div><hr>\r\n\t<h4><a href=\"https:\/\/telemme.mmsh.fr\/?post_type=projets&#038;p=5423\">BioReV-Aix<\/a><\/h4> \r\n\t<div style=\"border-left:5px solid #c20000;\r\nheight:100%;\r\npadding-left: 10px;\r\nline-height: 80%;\"> \r\n\t\t<h5>Biodiversit\u00e9 et r\u00e9seau viaire \u00e0 Aix-en-Provence<\/h5>\r\n\t<p><strong>Financement&nbsp;:<\/strong> Biodiversit\u00e9 Am\u00e9nagement urbain morphologie (BAUM) et Plan Urbanisme Construction Architecture (PUCA) <\/p>\r\n\t\t\r\n\t\t<p><strong>Un projet port\u00e9 par TELEMMe<\/strong><\/p>\r\n<p><strong>Coordination \u00e0 TELEMMe&nbsp;:<\/strong> Consales Jean-No\u00ebl <\/p>\r\n\t\t<p><strong>Dur\u00e9e&nbsp;:<\/strong> 13 novembre 2020-   12 septembre 2023  <\/p>\r\n<\/div><hr>\r\n\t<h4><a href=\"https:\/\/telemme.mmsh.fr\/?post_type=projets&#038;p=6082\">La vall\u00e9e de la Roya : de la crise environnementale aux innovations socio-spatiales. Les petites lignes ferroviaires, vers la construction de nouvelles territorialit\u00e9s ?<\/a><\/h4> \r\n\t<div style=\"border-left:5px solid #c20000;\r\nheight:100%;\r\npadding-left: 10px;\r\nline-height: 80%;\"> \r\n\t\t<h5>La vall\u00e9e de la Roya : de la crise environnementale aux innovations socio-spatiales. Les petites lignes ferroviaires, vers la construction de nouvelles territorialit\u00e9s ?<\/h5>\r\n\t<p><strong>Financement&nbsp;:<\/strong> POPSU (minist\u00e8re de la transition \u00e9cologique et solidaire) <\/p>\r\n\t\t\r\n\t\t<p><strong>Un projet port\u00e9 par TELEMMe<\/strong><\/p>\r\n<p><strong>Coordination \u00e0 TELEMMe&nbsp;:<\/strong> Bertoni Angelo <\/p>\r\n\t\t<p><strong>Dur\u00e9e&nbsp;:<\/strong> 1 avril 2021-   31 mars 2023  <\/p>\r\n<\/div><hr>\r\n\t<h4><a href=\"https:\/\/telemme.mmsh.fr\/?post_type=projets&#038;p=5462\">SfaxForward<\/a><\/h4> \r\n\t<div style=\"border-left:5px solid #c20000;\r\nheight:100%;\r\npadding-left: 10px;\r\nline-height: 80%;\"> \r\n\t\t<h5>Cultural heritage in South Tunisia: promoting interdisciplinary and participatory sciences for an inclusive society<\/h5>\r\n\t<p><strong>Financement&nbsp;:<\/strong> H2020 <\/p>\r\n\t\t\r\n<p><strong>Coordination \u00e0 TELEMMe&nbsp;:<\/strong> Daumalin Xavier <\/p>\r\n\t\t<p><strong>Dur\u00e9e&nbsp;:<\/strong> 1 octobre 2019-   31 mars 2023  <\/p>\r\n<\/div><hr>\r\n\t<h4><a href=\"https:\/\/telemme.mmsh.fr\/?post_type=projets&#038;p=6522\">BIODIVAQUART<\/a><\/h4> \r\n\t<div style=\"border-left:5px solid #c20000;\r\nheight:100%;\r\npadding-left: 10px;\r\nline-height: 80%;\"> \r\n\t\t<h5>La biodiversit\u00e9 aquatique dans l&rsquo;Art<\/h5>\r\n\t<p><strong>Financement&nbsp;:<\/strong> IRD; Agence de l&rsquo;eau <\/p>\r\n\t\t\r\n<p><strong>Coordination \u00e0 TELEMMe&nbsp;:<\/strong> Faget Daniel et Tribot Anne-Sophie <\/p>\r\n\t\t<p><strong>Dur\u00e9e&nbsp;:<\/strong> 1 janvier 2021-   31 d\u00e9cembre 2022  <\/p>\r\n<\/div><hr>\r\n\t<h4><a href=\"https:\/\/telemme.mmsh.fr\/?post_type=projets&#038;p=5422\">Les ressources fiscales du bloc communal au risque des dynamiques \u00e9conomiques locales<\/a><\/h4> \r\n\t<div style=\"border-left:5px solid #c20000;\r\nheight:100%;\r\npadding-left: 10px;\r\nline-height: 80%;\"> \r\n\t\t<h5>Les ressources fiscales du bloc communal au risque des dynamiques \u00e9conomiques locales : de la g\u00e9ographie des bases aux leviers fiscaux.<\/h5>\r\n\t<p><strong>Financement&nbsp;:<\/strong> R\u00e9seau finances locales <\/p>\r\n\t\t\r\n\t\t<p><strong>Un projet port\u00e9 par TELEMMe<\/strong><\/p>\r\n<p><strong>Coordination \u00e0 TELEMMe&nbsp;:<\/strong> Grandcl\u00e9ment Antoine <\/p>\r\n\t\t<p><strong>Dur\u00e9e&nbsp;:<\/strong> 1 septembre 2020-   31 mars 2022  <\/p>\r\n<\/div><hr>\r\n\t<h4><a href=\"https:\/\/telemme.mmsh.fr\/?post_type=projets&#038;p=6078\">SUDORAMA<\/a><\/h4> \r\n\t<div style=\"border-left:5px solid #c20000;\r\nheight:100%;\r\npadding-left: 10px;\r\nline-height: 80%;\"> \r\n\t\t<h5>Sudorama, la fresque audiovisuelle r\u00e9gionale<\/h5>\r\n\t<p><strong>Financement&nbsp;:<\/strong> R\u00e9gion Provence Alpes C\u00f4te d&rsquo;Azur <\/p>\r\n\t\t\r\n\t\t<p><strong>Un projet port\u00e9 par TELEMMe<\/strong><\/p>\r\n<p><strong>Coordination \u00e0 TELEMMe&nbsp;:<\/strong> Gebeil Sophie et Mourlane St\u00e9phane <\/p>\r\n\t\t<p><strong>Dur\u00e9e&nbsp;:<\/strong> 1 janvier 2021-   31 mars 2022  <\/p>\r\n<\/div><hr>\r\n\t<h4><a href=\"https:\/\/telemme.mmsh.fr\/?post_type=projets&#038;p=6077\">ZAP<\/a><\/h4> \r\n\t<div style=\"border-left:5px solid #c20000;\r\nheight:100%;\r\npadding-left: 10px;\r\nline-height: 80%;\"> \r\n\t\t<h5>Etat des lieux et analyse des Zones Agricoles Prot\u00e9g\u00e9es (ZAP) en R\u00e9gion Sud-Provence-Alpes-C\u00f4te d\u2019Azur<\/h5>\r\n\t<p><strong>Financement&nbsp;:<\/strong> R\u00e9gion Provence Alpes C\u00f4te d&rsquo;Azur <\/p>\r\n\t\t\r\n\t\t<p><strong>Un projet port\u00e9 par TELEMMe<\/strong><\/p>\r\n<p><strong>Coordination \u00e0 TELEMMe&nbsp;:<\/strong> Consales Jean-No\u00ebl <\/p>\r\n\t\t<p><strong>Dur\u00e9e&nbsp;:<\/strong> 4 janvier 2021-   31 mars 2022  <\/p>\r\n<\/div><hr>\r\n\t<h4><a href=\"https:\/\/telemme.mmsh.fr\/?post_type=projets&#038;p=5428\">RUE D&rsquo;ALGER<\/a><\/h4> \r\n\t<div style=\"border-left:5px solid #c20000;\r\nheight:100%;\r\npadding-left: 10px;\r\nline-height: 80%;\"> \r\n\t\t<h5>Rue d&rsquo;Alger<\/h5>\r\n\t<p><strong>Financement&nbsp;:<\/strong> R\u00e9gion Sud <\/p>\r\n\t\t\r\n\t\t<p><strong>Un projet port\u00e9 par TELEMMe<\/strong><\/p>\r\n<p><strong>Coordination \u00e0 TELEMMe&nbsp;:<\/strong> Gallicchio Alessandro <\/p>\r\n\t\t<p><strong>Dur\u00e9e&nbsp;:<\/strong> 1 juin 2020-   31 d\u00e9cembre 2020  <\/p>\r\n<\/div><hr>\r\n\t<h4><a href=\"https:\/\/telemme.mmsh.fr\/?post_type=projets&#038;p=5425\">MARHA<\/a><\/h4> \r\n\t<div style=\"border-left:5px solid #c20000;\r\nheight:100%;\r\npadding-left: 10px;\r\nline-height: 80%;\"> \r\n\t\t<h5>MARHAGOUV<\/h5>\r\n\t<p><strong>Financement&nbsp;:<\/strong> Agrocampus Ouest <\/p>\r\n\t\t\r\n<p><strong>Coordination \u00e0 TELEMMe&nbsp;:<\/strong>  <\/p>\r\n\t\t<p><strong>Dur\u00e9e&nbsp;:<\/strong> 1 janvier 2019-   31 mars 2020  <\/p>\r\n<\/div><hr>\r\n\t<h4><a href=\"https:\/\/telemme.mmsh.fr\/?post_type=projets&#038;p=6083\">CAMU<\/a><\/h4> \r\n\t<div style=\"border-left:5px solid #c20000;\r\nheight:100%;\r\npadding-left: 10px;\r\nline-height: 80%;\"> \r\n\t\t<h5>Circulation et adaptation des mod\u00e8les d&rsquo;urbanisme en M\u00e9diterran\u00e9e occidentale XX-XXI si\u00e8cles<\/h5>\r\n\t<p><strong>Financement&nbsp;:<\/strong> LabexMed <\/p>\r\n\t\t\r\n\t\t<p><strong>Un projet port\u00e9 par TELEMMe<\/strong><\/p>\r\n<p><strong>Coordination \u00e0 TELEMMe&nbsp;:<\/strong> Bertoni Angelo <\/p>\r\n\t\t<p><strong>Dur\u00e9e&nbsp;:<\/strong> 1 octobre 2017-   30 novembre 2019  <\/p>\r\n<\/div><\/div><\/div><\/div><\/div>","protected":false},"excerpt":{"rendered":"<p>Vous trouverez sur cette page l&rsquo;ensemble des projets de recherche en cours ou termin\u00e9s dont TELEMMe est membre, que l&rsquo;unit\u00e9 en soit porteuse ou partenaire. Projets en cours ANR A*Midex&hellip;&nbsp;<a href=\"https:\/\/telemme.mmsh.fr\/?page_id=5632\" rel=\"bookmark\">Lire la suite &raquo;<span class=\"screen-reader-text\">Projets de recherche<\/span><\/a><\/p>\n","protected":false},"author":6,"featured_media":0,"parent":2398,"menu_order":10,"comment_status":"closed","ping_status":"closed","template":"","meta":{"neve_meta_sidebar":"right","neve_meta_container":"","neve_meta_enable_content_width":"on","neve_meta_content_width":70,"neve_meta_title_alignment":"","neve_meta_author_avatar":"","neve_post_elements_order":"","neve_meta_disable_header":"","neve_meta_disable_footer":"","neve_meta_disable_title":"","footnotes":""},"class_list":["post-5632","page","type-page","status-publish","hentry"],"yoast_head":"<!-- This site is optimized with the Yoast SEO plugin v27.4 - https:\/\/yoast.com\/product\/yoast-seo-wordpress\/ -->\n<title>Projets de recherche - TELEMMe - Temps, espaces, langages, Europe m\u00e9ridionale, M\u00e9diterran\u00e9e<\/title>\n<meta name=\"description\" content=\"L\u2019ensemble des projets de recherche en cours ou termin\u00e9s dont TELEMMe est membre, que l\u2019unit\u00e9 en soit porteuse ou partenaire.\" \/>\n<meta name=\"robots\" content=\"index, follow, max-snippet:-1, max-image-preview:large, max-video-preview:-1\" \/>\n<link rel=\"canonical\" href=\"https:\/\/telemme.mmsh.fr\/?page_id=5632\" \/>\n<meta property=\"og:locale\" content=\"fr_FR\" \/>\n<meta property=\"og:type\" content=\"article\" \/>\n<meta property=\"og:title\" content=\"Projets de recherche - TELEMMe - Temps, espaces, langages, Europe m\u00e9ridionale, M\u00e9diterran\u00e9e\" \/>\n<meta property=\"og:description\" content=\"L\u2019ensemble des projets de recherche en cours ou termin\u00e9s dont TELEMMe est membre, que l\u2019unit\u00e9 en soit porteuse ou partenaire.\" \/>\n<meta property=\"og:url\" content=\"https:\/\/telemme.mmsh.fr\/?page_id=5632\" \/>\n<meta property=\"og:site_name\" content=\"TELEMMe - Temps, espaces, langages, Europe m\u00e9ridionale, M\u00e9diterran\u00e9e\" \/>\n<meta property=\"article:modified_time\" content=\"2025-01-10T15:20:01+00:00\" \/>\n<meta name=\"twitter:card\" content=\"summary_large_image\" \/>\n<meta name=\"twitter:label1\" content=\"Dur\u00e9e de lecture estim\u00e9e\" \/>\n\t<meta name=\"twitter:data1\" content=\"4 minutes\" \/>\n<script type=\"application\/ld+json\" class=\"yoast-schema-graph\">{\"@context\":\"https:\\\/\\\/schema.org\",\"@graph\":[{\"@type\":\"WebPage\",\"@id\":\"https:\\\/\\\/telemme.mmsh.fr\\\/?page_id=5632\",\"url\":\"https:\\\/\\\/telemme.mmsh.fr\\\/?page_id=5632\",\"name\":\"Projets de recherche - TELEMMe - Temps, espaces, langages, Europe m\u00e9ridionale, M\u00e9diterran\u00e9e\",\"isPartOf\":{\"@id\":\"https:\\\/\\\/telemme.mmsh.fr\\\/#website\"},\"datePublished\":\"2021-03-25T14:13:35+00:00\",\"dateModified\":\"2025-01-10T15:20:01+00:00\",\"description\":\"L\u2019ensemble des projets de recherche en cours ou termin\u00e9s dont TELEMMe est membre, que l\u2019unit\u00e9 en soit porteuse ou partenaire.\",\"breadcrumb\":{\"@id\":\"https:\\\/\\\/telemme.mmsh.fr\\\/?page_id=5632#breadcrumb\"},\"inLanguage\":\"fr-FR\",\"potentialAction\":[{\"@type\":\"ReadAction\",\"target\":[\"https:\\\/\\\/telemme.mmsh.fr\\\/?page_id=5632\"]}]},{\"@type\":\"BreadcrumbList\",\"@id\":\"https:\\\/\\\/telemme.mmsh.fr\\\/?page_id=5632#breadcrumb\",\"itemListElement\":[{\"@type\":\"ListItem\",\"position\":1,\"name\":\"Accueil\",\"item\":\"https:\\\/\\\/telemme.mmsh.fr\\\/\"},{\"@type\":\"ListItem\",\"position\":2,\"name\":\"Projets et partenariats\",\"item\":\"https:\\\/\\\/telemme.mmsh.fr\\\/?page_id=2398\"},{\"@type\":\"ListItem\",\"position\":3,\"name\":\"Projets de recherche\"}]},{\"@type\":\"WebSite\",\"@id\":\"https:\\\/\\\/telemme.mmsh.fr\\\/#website\",\"url\":\"https:\\\/\\\/telemme.mmsh.fr\\\/\",\"name\":\"TELEMMe - Temps, espaces, langages, Europe m\u00e9ridionale, M\u00e9diterran\u00e9e\",\"description\":\"\",\"publisher\":{\"@id\":\"https:\\\/\\\/telemme.mmsh.fr\\\/#organization\"},\"potentialAction\":[{\"@type\":\"SearchAction\",\"target\":{\"@type\":\"EntryPoint\",\"urlTemplate\":\"https:\\\/\\\/telemme.mmsh.fr\\\/?s={search_term_string}\"},\"query-input\":{\"@type\":\"PropertyValueSpecification\",\"valueRequired\":true,\"valueName\":\"search_term_string\"}}],\"inLanguage\":\"fr-FR\"},{\"@type\":\"Organization\",\"@id\":\"https:\\\/\\\/telemme.mmsh.fr\\\/#organization\",\"name\":\"TELEMMe\",\"url\":\"https:\\\/\\\/telemme.mmsh.fr\\\/\",\"logo\":{\"@type\":\"ImageObject\",\"inLanguage\":\"fr-FR\",\"@id\":\"https:\\\/\\\/telemme.mmsh.fr\\\/#\\\/schema\\\/logo\\\/image\\\/\",\"url\":\"https:\\\/\\\/telemme.mmsh.fr\\\/wp-content\\\/uploads\\\/2020\\\/03\\\/LogoTELEMMe-horizontal-fond-transparent.png\",\"contentUrl\":\"https:\\\/\\\/telemme.mmsh.fr\\\/wp-content\\\/uploads\\\/2020\\\/03\\\/LogoTELEMMe-horizontal-fond-transparent.png\",\"width\":1500,\"height\":437,\"caption\":\"TELEMMe\"},\"image\":{\"@id\":\"https:\\\/\\\/telemme.mmsh.fr\\\/#\\\/schema\\\/logo\\\/image\\\/\"}}]}<\/script>\n<!-- \/ Yoast SEO plugin. -->","yoast_head_json":{"title":"Projets de recherche - TELEMMe - Temps, espaces, langages, Europe m\u00e9ridionale, M\u00e9diterran\u00e9e","description":"L\u2019ensemble des projets de recherche en cours ou termin\u00e9s dont TELEMMe est membre, que l\u2019unit\u00e9 en soit porteuse ou partenaire.","robots":{"index":"index","follow":"follow","max-snippet":"max-snippet:-1","max-image-preview":"max-image-preview:large","max-video-preview":"max-video-preview:-1"},"canonical":"https:\/\/telemme.mmsh.fr\/?page_id=5632","og_locale":"fr_FR","og_type":"article","og_title":"Projets de recherche - TELEMMe - Temps, espaces, langages, Europe m\u00e9ridionale, M\u00e9diterran\u00e9e","og_description":"L\u2019ensemble des projets de recherche en cours ou termin\u00e9s dont TELEMMe est membre, que l\u2019unit\u00e9 en soit porteuse ou partenaire.","og_url":"https:\/\/telemme.mmsh.fr\/?page_id=5632","og_site_name":"TELEMMe - Temps, espaces, langages, Europe m\u00e9ridionale, M\u00e9diterran\u00e9e","article_modified_time":"2025-01-10T15:20:01+00:00","twitter_card":"summary_large_image","twitter_misc":{"Dur\u00e9e de lecture estim\u00e9e":"4 minutes"},"schema":{"@context":"https:\/\/schema.org","@graph":[{"@type":"WebPage","@id":"https:\/\/telemme.mmsh.fr\/?page_id=5632","url":"https:\/\/telemme.mmsh.fr\/?page_id=5632","name":"Projets de recherche - TELEMMe - Temps, espaces, langages, Europe m\u00e9ridionale, M\u00e9diterran\u00e9e","isPartOf":{"@id":"https:\/\/telemme.mmsh.fr\/#website"},"datePublished":"2021-03-25T14:13:35+00:00","dateModified":"2025-01-10T15:20:01+00:00","description":"L\u2019ensemble des projets de recherche en cours ou termin\u00e9s dont TELEMMe est membre, que l\u2019unit\u00e9 en soit porteuse ou partenaire.","breadcrumb":{"@id":"https:\/\/telemme.mmsh.fr\/?page_id=5632#breadcrumb"},"inLanguage":"fr-FR","potentialAction":[{"@type":"ReadAction","target":["https:\/\/telemme.mmsh.fr\/?page_id=5632"]}]},{"@type":"BreadcrumbList","@id":"https:\/\/telemme.mmsh.fr\/?page_id=5632#breadcrumb","itemListElement":[{"@type":"ListItem","position":1,"name":"Accueil","item":"https:\/\/telemme.mmsh.fr\/"},{"@type":"ListItem","position":2,"name":"Projets et partenariats","item":"https:\/\/telemme.mmsh.fr\/?page_id=2398"},{"@type":"ListItem","position":3,"name":"Projets de recherche"}]},{"@type":"WebSite","@id":"https:\/\/telemme.mmsh.fr\/#website","url":"https:\/\/telemme.mmsh.fr\/","name":"TELEMMe - Temps, espaces, langages, Europe m\u00e9ridionale, M\u00e9diterran\u00e9e","description":"","publisher":{"@id":"https:\/\/telemme.mmsh.fr\/#organization"},"potentialAction":[{"@type":"SearchAction","target":{"@type":"EntryPoint","urlTemplate":"https:\/\/telemme.mmsh.fr\/?s={search_term_string}"},"query-input":{"@type":"PropertyValueSpecification","valueRequired":true,"valueName":"search_term_string"}}],"inLanguage":"fr-FR"},{"@type":"Organization","@id":"https:\/\/telemme.mmsh.fr\/#organization","name":"TELEMMe","url":"https:\/\/telemme.mmsh.fr\/","logo":{"@type":"ImageObject","inLanguage":"fr-FR","@id":"https:\/\/telemme.mmsh.fr\/#\/schema\/logo\/image\/","url":"https:\/\/telemme.mmsh.fr\/wp-content\/uploads\/2020\/03\/LogoTELEMMe-horizontal-fond-transparent.png","contentUrl":"https:\/\/telemme.mmsh.fr\/wp-content\/uploads\/2020\/03\/LogoTELEMMe-horizontal-fond-transparent.png","width":1500,"height":437,"caption":"TELEMMe"},"image":{"@id":"https:\/\/telemme.mmsh.fr\/#\/schema\/logo\/image\/"}}]}},"_links":{"self":[{"href":"https:\/\/telemme.mmsh.fr\/index.php?rest_route=\/wp\/v2\/pages\/5632","targetHints":{"allow":["GET"]}}],"collection":[{"href":"https:\/\/telemme.mmsh.fr\/index.php?rest_route=\/wp\/v2\/pages"}],"about":[{"href":"https:\/\/telemme.mmsh.fr\/index.php?rest_route=\/wp\/v2\/types\/page"}],"author":[{"embeddable":true,"href":"https:\/\/telemme.mmsh.fr\/index.php?rest_route=\/wp\/v2\/users\/6"}],"replies":[{"embeddable":true,"href":"https:\/\/telemme.mmsh.fr\/index.php?rest_route=%2Fwp%2Fv2%2Fcomments&post=5632"}],"version-history":[{"count":41,"href":"https:\/\/telemme.mmsh.fr\/index.php?rest_route=\/wp\/v2\/pages\/5632\/revisions"}],"predecessor-version":[{"id":14889,"href":"https:\/\/telemme.mmsh.fr\/index.php?rest_route=\/wp\/v2\/pages\/5632\/revisions\/14889"}],"up":[{"embeddable":true,"href":"https:\/\/telemme.mmsh.fr\/index.php?rest_route=\/wp\/v2\/pages\/2398"}],"wp:attachment":[{"href":"https:\/\/telemme.mmsh.fr\/index.php?rest_route=%2Fwp%2Fv2%2Fmedia&parent=5632"}],"curies":[{"name":"wp","href":"https:\/\/api.w.org\/{rel}","templated":true}]}}