{"id":4767,"date":"2021-02-02T18:14:24","date_gmt":"2021-02-02T17:14:24","guid":{"rendered":"http:\/\/telemme.mmsh.fr\/?page_id=4767"},"modified":"2025-01-22T15:40:15","modified_gmt":"2025-01-22T14:40:15","slug":"theses-en-cours","status":"publish","type":"page","link":"https:\/\/telemme.mmsh.fr\/?page_id=4767","title":{"rendered":"Th\u00e8ses en cours \u00e0 TELEMMe"},"content":{"rendered":"\n<p>Inscrit\u00b7es aupr\u00e8s de l\u2019<a href=\"https:\/\/ecole-doctorale-355.univ-amu.fr\/\">\u00c9cole doctorale 355 \u00ab Espaces, Cultures, Soci\u00e9t\u00e9s \u00bb<\/a>, les doctorant\u00b7es de TELEMMe rel\u00e8vent de 6 sp\u00e9cialit\u00e9s.<\/p>\n\n\n<div id=\"pl-gb4767-69f766a5ca22a\"  class=\"panel-layout wp-block-siteorigin-panels-layout-block\" ><div id=\"pg-gb4767-69f766a5ca22a-0\"  class=\"panel-grid panel-no-style\" ><div id=\"pgc-gb4767-69f766a5ca22a-0-0\"  class=\"panel-grid-cell\" ><div id=\"panel-gb4767-69f766a5ca22a-0-0-0\" class=\"so-panel widget widget_pods_widget_list pods_widget_list panel-first-child panel-last-child\" data-index=\"0\"><div class=\"panel-widget-style panel-widget-style-for-gb4767-69f766a5ca22a-0-0-0\"><h3 class=\"widget-title\">Histoire<\/h3>\n<ul>\n<p><strong><\/strong> -Sous la direction de  Isabelle Luciani et de Tristan Vigliano (CIELAM)\u00a0:\n<em><a href=\"https:\/\/telemme.mmsh.fr\/?post_type=these&#038;p=9793\">Esculape face \u00e0 Dieu. Ce que la religion fait \u00e0 la m\u00e9decine (dans les \u00e9crits m\u00e9dicaux de langue fran\u00e7aise, 1532-1628)<\/a><\/em> <\/p>\n<\/ul>\n\n<ul>\n<p><strong>Allen Claire<\/strong> -Sous la direction de  Laure Verdon et de Val\u00e9rie Theis\u00a0:\n<em><a href=\"https:\/\/telemme.mmsh.fr\/?post_type=these&#038;p=13576\">R\u00e9sister et n\u00e9gocier : la soci\u00e9t\u00e9 proven\u00e7ale face \u00e0 la justice (1298-1481)<\/a><\/em> <\/p>\n<\/ul>\n\n<ul>\n<p><strong>Arnau Mathilde<\/strong> -Sous la direction de   Damien Boquet et de Vincent Debiais (EHESS)\u00a0:\n<em><a href=\"https:\/\/telemme.mmsh.fr\/?post_type=these&#038;p=16183\">Rencontre des corps f\u00e9minins dans les images m\u00e9di\u00e9vales. Vers une anthropologie visuelle de la tendresse (XIIIe-XVe si\u00e8cle)<\/a><\/em> <\/p>\n<\/ul>\n\n<ul>\n<p><strong>Bally Marine<\/strong> -Sous la direction de  Daniel Faget et de Emilie d&rsquo;Orgeix D.-E. (EPHE-PSL)\u00a0:\n<em><a href=\"https:\/\/telemme.mmsh.fr\/?post_type=these&#038;p=16792\">Vingt-mille brevets sous les mers : les inventions subaquatiques et leurs inventeurs dans le fonds patrimonial de l&rsquo;Institut national de la propri\u00e9t\u00e9 industrielle (1791-1901)<\/a><\/em> <\/p>\n<\/ul>\n\n<ul>\n<p><strong>Barro Vivien<\/strong> -Sous la direction de   Laure Verdon\u00a0:\n<em><a href=\"https:\/\/telemme.mmsh.fr\/?post_type=these&#038;p=5169\">Statuts communaux de la Provence m\u00e9di\u00e9vale XIIIe-XVIIIe si\u00e8cles<\/a><\/em> <\/p>\n<\/ul>\n\n<ul>\n<p><strong>Bernard Maxime<\/strong> -Sous la direction de   Anne Carol\u00a0:\n<em><a href=\"https:\/\/telemme.mmsh.fr\/?post_type=these&#038;p=14968\">Le monde des abattoirs. De la Tuerie publique aux abattoirs priv\u00e9s dans les Bouches-du-Rh\u00f4ne (1791-1965)<\/a><\/em> <\/p>\n<\/ul>\n\n<ul>\n<p><strong>Boero Rocco<\/strong> -Sous la direction de   Isabelle Renaudet\u00a0:\n<em><a href=\"https:\/\/telemme.mmsh.fr\/?post_type=these&#038;p=13582\">La circulation de l&rsquo;information sanitaire et des savoirs administratifs dans l&rsquo;espace m\u00e9diterran\u00e9en. Le cas des bureaux de sant\u00e9 de Marseille, de G\u00eanes et de Livourne (1780-1830).<\/a><\/em> <\/p>\n<\/ul>\n\n<ul>\n<p><strong>Bonhomme Marine<\/strong> -Sous la direction de   Laure Verdon et de Martine CHARAGEAT (Universit\u00e9 Bordeaux Montaigne)\u00a0:\n<em><a href=\"https:\/\/telemme.mmsh.fr\/?post_type=these&#038;p=16190\">Le droit en mouvement : archives du silence, voix f\u00e9minines et recomposition du droit entre deux souverainet\u00e9s (Couronne d\u2019Aragon et comt\u00e9 de Toulouse, XIIIe si\u00e8cle)<\/a><\/em> <\/p>\n<\/ul>\n\n<ul>\n<p><strong>Bournat-Qu\u00e9rat C\u00e9cile<\/strong> -Sous la direction de   Anne Montenach\u00a0:\n<em><a href=\"https:\/\/telemme.mmsh.fr\/?post_type=these&#038;p=9791\">Le Rho\u0302ne et ses rives : observatoire singulier des pratiques e\u0301conomiques illicites entre Lyon et Arles (milieu XVIIe sie\u0300cle-XVIIIe sie\u0300cle)<\/a><\/em> <\/p>\n<\/ul>\n\n<ul>\n<p><strong>Cavallo Vincent<\/strong> -Sous la direction de   Laure Verdon et de Christiane Raynaud\u00a0:\n<em><a href=\"https:\/\/telemme.mmsh.fr\/?post_type=these&#038;p=3214\">Mod\u00e8les antiques et gouvernement des provinces m\u00e9ridionales du milieu du XIVe au milieu du XVe si\u00e8cle<\/a><\/em> <\/p>\n<\/ul>\n\n<ul>\n<p><strong>Damon Anna Anikpara<\/strong> -Sous la direction de   Karima Dir\u00e8che et de Alain Messaoudi, Universit\u00e9 de Nantes\u00a0:\n<em><a href=\"https:\/\/telemme.mmsh.fr\/?post_type=these&#038;p=11964\">Les prisonniers de guerre alg\u00e9riens d\u00e9tenus au fort de l&rsquo;\u00eele Sainte-Marguerite : \u00e9tude d&rsquo;un microcosme colonial en territoire fran\u00e7ais (1841-1884)<\/a><\/em> <\/p>\n<\/ul>\n\n<ul>\n<p><strong>Duteil Emma<\/strong> -Sous la direction de   Thomas Glesener et de Jos\u00e9 Mar\u00eda Imizcoz Beunza (Universit\u00e9 du Pays basque)\u00a0:\n<em><a href=\"https:\/\/telemme.mmsh.fr\/?post_type=these&#038;p=14973\">La \u00ab\u00a0race maudite\u00a0\u00bb. S\u00e9gr\u00e9gation et \u00e9mancipation des cagots en Espagne et en France (1670-1820)<\/a><\/em> <\/p>\n<\/ul>\n\n<ul>\n<p><strong>Fritz Lancelot<\/strong> -Sous la direction de   C\u00e9line Regnard et de Hugo Vermeren\u00a0:\n<em><a href=\"https:\/\/telemme.mmsh.fr\/?post_type=these&#038;p=16224\">Les \u00eeles frontali\u00e8res de l&rsquo;Europe. \u00c9tude comparative sur les migrations et les \u00e9changes culturels sur les \u00eeles de Lesbos et Lampedusa du XIXe si\u00e8cle \u00e0 nos jours<\/a><\/em> <\/p>\n<\/ul>\n\n<ul>\n<p><strong>Garcin Margot<\/strong> -Sous la direction de   Isabelle Renaudet et de Christine Mussard (IREMAM et INSP\u00e9 AMU)\u00a0:\n<em><a href=\"https:\/\/telemme.mmsh.fr\/?post_type=these&#038;p=3226\">Enterrer ses morts en terre alg\u00e9rienne. Des deuils coloniaux \u00e0 la r\u00e9habilitation des cimeti\u00e8res europ\u00e9ens<\/a><\/em> <\/p>\n<\/ul>\n\n<ul>\n<p><strong>Giraud-Legrand Emma<\/strong> -Sous la direction de   J\u00e9r\u00e9mie Foa et de Anne Page (AMU-ED 354, LERMA)\u00a0:\n<em><a href=\"https:\/\/telemme.mmsh.fr\/?post_type=these&#038;p=14977\">La culture mat\u00e9rielle de l&rsquo;exil huguenot (1680-1720)<\/a><\/em> <\/p>\n<\/ul>\n\n<ul>\n<p><strong>Grisal R\u00e9mi<\/strong> -Sous la direction de   Xavier Daumalin et de Gr\u00e9gory Quenet \u00a0:\n<em><a href=\"https:\/\/telemme.mmsh.fr\/?post_type=these&#038;p=14711\">M\u00e9tamorphoses de la campagne marseillaise. Le terroir agricole d\u2019une ville-port (ann\u00e9es 1810-ann\u00e9es 1860)<\/a><\/em> <\/p>\n<\/ul>\n\n<ul>\n<p><strong>Hassaini Moussaoui Louna<\/strong> -Sous la direction de   Karima Dir\u00e8che et de Mohamed Tozy (Sciences Po Aix, Mesopolhis)\u00a0:\n<em><a href=\"https:\/\/telemme.mmsh.fr\/?post_type=these&#038;p=15813\">\u00ab\u00a0Tafsut Taberkant\u00a0\u00bb. Analyse socio-historique du soul\u00e8vement kabyle de 2001<\/a><\/em> <\/p>\n<\/ul>\n\n<ul>\n<p><strong>Hassnaoui Sarah<\/strong> -Sous la direction de   Mauve Carbonell et de Destiny Tch\u00e9houali (UQAM)\u00a0:\n<em><a href=\"https:\/\/telemme.mmsh.fr\/?post_type=these&#038;p=16241\">Projets cr\u00e9atifs num\u00e9riques et formation d\u2019un imaginaire social europ\u00e9en commun en contexte de polycrise<\/a><\/em> <\/p>\n<\/ul>\n\n<ul>\n<p><strong>Hermitte B\u00e9atrice<\/strong> -Sous la direction de   Anne Carol et de Pierre Pinchon\u00a0:\n<em><a href=\"https:\/\/telemme.mmsh.fr\/?post_type=these&#038;p=3232\">Science, art et progr\u00e8s ! Histoire du cabinet du docteur Spitzner : itin\u00e9raire d&rsquo;un mus\u00e9e forain.<\/a><\/em> <\/p>\n<\/ul>\n\n<ul>\n<p><strong>Huet Claire<\/strong> -Sous la direction de   Nicolas Vidoni et de Anne Montenach\u00a0:\n<em><a href=\"https:\/\/telemme.mmsh.fr\/?post_type=these&#038;p=11970\">L&rsquo;argent des femmes : cr\u00e9dit et investissement f\u00e9minins au XVIIIe si\u00e8cle \u00e0 Montpellier et Marseille<\/a><\/em> <\/p>\n<\/ul>\n\n<ul>\n<p><strong>Imbert-Pellissier Florie<\/strong> -Sous la direction de   Brigitte Marin et de Jean Boutier\u00a0:\n<em><a href=\"https:\/\/telemme.mmsh.fr\/?post_type=these&#038;p=3233\">Habiter le terroir marseillais de 1630 \u00e0 1720 : pratiques, construction et repr\u00e9sentations d\u2019un territoire p\u00e9riurbain \u00e0 l\u2019\u00e9poque moderne<\/a><\/em> <\/p>\n<\/ul>\n\n<ul>\n<p><strong>Kablan Kakou<\/strong> -Sous la direction de  C\u00e9line Regnard et de Catherine Atlan (IMAF)\u00a0:\n<em><a href=\"https:\/\/telemme.mmsh.fr\/?post_type=these&#038;p=16790\">Les \u00e9changes entre Marseille et Abidjan (C\u00f4te d\u2019Ivoire) XIXe-XXe si\u00e8cles<\/a><\/em> <\/p>\n<\/ul>\n\n<ul>\n<p><strong>Laval Matip Lou<\/strong> -Sous la direction de   Anne Montenach et de Anne Lafont, EHESS\u00a0:\n<em><a href=\"https:\/\/telemme.mmsh.fr\/?post_type=these&#038;p=16220\">Servir, produire et prendre soin : le travail des femmes esclaves, affranchies et libres de couleur dans la France du XVIIIe si\u00e8cle<\/a><\/em> <\/p>\n<\/ul>\n\n<ul>\n<p><strong>Le Roy Axel<\/strong> -Sous la direction de   Emmanuelle Chapron et de Glenn Roe\u00a0:\n<em><a href=\"https:\/\/telemme.mmsh.fr\/?post_type=these&#038;p=16799\">Construire les savoirs de la nature. Textes, pratiques et objets naturalistes entre la Chine et l\u2019Europe (1680-1830)<\/a><\/em> <\/p>\n<\/ul>\n\n<ul>\n<p><strong>Levesque Marie<\/strong> -Sous la direction de   Isabelle Renaudet\u00a0:\n<em><a href=\"https:\/\/telemme.mmsh.fr\/?post_type=these&#038;p=10922\">L\u2019eau dans la vall\u00e9e du Guadalquivir : approche g\u00e9o-historique d\u2019un fleuve et de ses populations \u00e0 l\u2019\u00e9poque contemporaine (XIXe si\u00e8cle- premier tiers du XXe si\u00e8cle)<\/a><\/em> <\/p>\n<\/ul>\n\n<ul>\n<p><strong>Lombardi R\u00e9mi<\/strong> -Sous la direction de   St\u00e9phane Mourlane\u00a0:\n<em><a href=\"https:\/\/telemme.mmsh.fr\/?post_type=these&#038;p=9794\">La fabrique des territoires du sport a\u0300 Marseille (XIXe-XXIe sie\u0300cles)<\/a><\/em> <\/p>\n<\/ul>\n\n<ul>\n<p><strong>Lutteri Chiara<\/strong> -Sous la direction de   Karima Dir\u00e8che et de Nadia Marzouki (CERI)\u00a0:\n<em><a href=\"https:\/\/telemme.mmsh.fr\/?post_type=these&#038;p=14971\">Le juda\u00efsme dans les mus\u00e9es marocains : d\u00e9politiser, patrimonialiser, contr\u00f4ler. La patrimonialisation contemporaine du juda\u00efsme dans la reconfiguration du r\u00e9gime marocain<\/a><\/em> <\/p>\n<\/ul>\n\n<ul>\n<p><strong>Marinho Fernandes Marcos<\/strong> -Sous la direction de   Guy Le Thiec et de Ellen Widder (Eberhard Karl Universit\u00e4t T\u00fcbingen) et Jos\u00e9 Mart\u00ednez M\u00edllan (Univerdad Aut\u00f3noma de Madrid)\u00a0:\n<em><a href=\"https:\/\/telemme.mmsh.fr\/?post_type=these&#038;p=5168\">\u00ab\u00a0Quod homo conjuxit aut separavit\u00a0\u00bb : politiques matrimoniales des dynasties Trastamare, Aviz, Valois et Habsbourg et stabilisation internationale (1490-1519)<\/a><\/em> <\/p>\n<\/ul>\n\n<ul>\n<p><strong>Maruffi Stanislas<\/strong> -Sous la direction de   St\u00e9phane Mourlane et de Luca Salmieri (Universit\u00e0 di Roma &#8211; \u00ab La Sapienza \u00bb)\u00a0:\n<em><a href=\"https:\/\/telemme.mmsh.fr\/?post_type=these&#038;p=15815\">Ultras marseillais et italiens\u202f: histoire et sociologie d\u2019une culture transnationale (XXe-XXIe si\u00e8cles)<\/a><\/em> <\/p>\n<\/ul>\n\n<ul>\n<p><strong>M\u00e9lina Joyeux<\/strong> -Sous la direction de   Karima Dir\u00e8che et de Pierre Vermeren\u00a0:\n<em><a href=\"https:\/\/telemme.mmsh.fr\/?post_type=these&#038;p=3238\">Femmes \u00e0 l&rsquo;ouvrage : \u00e9ducation m\u00e9nag\u00e8re, formation professionnelle et quotidiens f\u00e9minins en situation coloniale (Alg\u00e9rie et Tunisie, ann\u00e9es 1870 &#8211; ann\u00e9es 1950)<\/a><\/em> <\/p>\n<\/ul>\n\n<ul>\n<p><strong>Mico Monique<\/strong> -Sous la direction de   Isabelle Renaudet\u00a0:\n<em><a href=\"https:\/\/telemme.mmsh.fr\/?post_type=these&#038;p=14981\">De la fabrique des archives \u00e0 la fabrique de la m\u00e9moire\u00a0: analyse socio-historique des porteurs de la m\u00e9moire r\u00e9publicaine \u00e0 Alicante et dans sa r\u00e9gion, XXe-XXIe si\u00e8cle<\/a><\/em> <\/p>\n<\/ul>\n\n<ul>\n<p><strong>Nagai Ami<\/strong> -Sous la direction de   Anne Carol\u00a0:\n<em><a href=\"https:\/\/telemme.mmsh.fr\/?post_type=these&#038;p=9809\">La castration en France au XIXe si\u00e8cle : criminalisation, pratiques, interpr\u00e9tations<\/a><\/em> <\/p>\n<\/ul>\n\n<ul>\n<p><strong>Perez Pablo<\/strong> -Sous la direction de   Brigitte Marin et de Mocarelli Luca\u00a0:\n<em><a href=\"https:\/\/telemme.mmsh.fr\/?post_type=these&#038;p=3253\">La maison Brentano dans la soci\u00e9t\u00e9 bancaire et n\u00e9gociante europ\u00e9enne au XVIII si\u00e8cle<\/a><\/em> <\/p>\n<\/ul>\n\n<ul>\n<p><strong>Pernin Monique<\/strong> -Sous la direction de   Isabelle Renaudet et de Anna Iuso (Universit\u00e0 di Roma-Sapienza)\u00a0:\n<em><a href=\"https:\/\/telemme.mmsh.fr\/?post_type=these&#038;p=5174\">Militantisme anarchiste f\u00e9minin et solidarit\u00e9 antifasciste \u00e0 travers la correspondance d&rsquo;Elena Melli (1918-1946)<\/a><\/em> <\/p>\n<\/ul>\n<\/div><\/div><\/div><div id=\"pgc-gb4767-69f766a5ca22a-0-1\"  class=\"panel-grid-cell\" ><div id=\"panel-gb4767-69f766a5ca22a-0-1-0\" class=\"so-panel widget widget_pods_widget_list pods_widget_list panel-first-child\" data-index=\"1\"><div class=\"panel-widget-style panel-widget-style-for-gb4767-69f766a5ca22a-0-1-0\"><h3 class=\"widget-title\">G\u00e9ographie<\/h3>\n<ul>\n<p><strong>Aparis-Jutard L\u00e9na<\/strong> &#8211; Sous la direction de   Pierre Sint\u00e8s et de Boris Gr\u00e9sillon\u00a0:\n<em><a href=\"https:\/\/telemme.mmsh.fr\/?post_type=these&#038;p=9682\">Quand l\u2019espace nous est con(mp)t\u00e9 De la cr\u00e9ation dans l\u2019espace public \u00e0 la cr\u00e9ation artistique de communs urbains<\/a><\/em> <\/p>\n<\/ul>\n\n<ul>\n<p><strong>Aubert Tiffany<\/strong> &#8211; Sous la direction de   Alexandre Grondeau\u00a0:\n<em><a href=\"https:\/\/telemme.mmsh.fr\/?post_type=these&#038;p=14964\">Le capital social, moteur et\/ou levier d&rsquo;action des projets de transition \u00e9cologique des territoires industriels. L&rsquo;exemple de la r\u00e9gion Sud-PACA<\/a><\/em> <\/p>\n<\/ul>\n\n<ul>\n<p><strong>Blanco Charlotte<\/strong> &#8211; Sous la direction de   Pierre Sint\u00e8s\u00a0:\n<em><a href=\"https:\/\/telemme.mmsh.fr\/?post_type=these&#038;p=3210\">Habiter chez l&rsquo;autre : accueil et ancrage des personnes exil\u00e9es<\/a><\/em> <\/p>\n<\/ul>\n\n<ul>\n<p><strong>Boulpicante Manon<\/strong> &#8211; Sous la direction de   Alexandre Grondeau et de Antoine Grandcl\u00e9ment et de Christophe ALAUX (IMPGT)\u00a0:\n<em><a href=\"https:\/\/telemme.mmsh.fr\/?post_type=these&#038;p=16188\">Sobri\u00e9t\u00e9 fonci\u00e8re et attractivit\u00e9: des injonctions contradictoires pour l&rsquo;action publique locale? Analyse compar\u00e9e de trois m\u00e9tropoles fran\u00e7aises<\/a><\/em> <\/p>\n<\/ul>\n\n<ul>\n<p><strong>Burlat Ma\u00e9<\/strong> &#8211; Sous la direction de   Virginie Baby-Collin et de Fabrice Ripoll\u00a0:\n<em><a href=\"https:\/\/telemme.mmsh.fr\/?post_type=these&#038;p=12924\">La r\u00e9gulation des environnements sonores : enjeux politiques et sociaux li\u00e9s au bruit en ville.<\/a><\/em> <\/p>\n<\/ul>\n\n<ul>\n<p><strong>Dourthe Gwena\u00eblle<\/strong> &#8211; Sous la direction de   Alexandre Grondeau\u00a0:\n<em><a href=\"https:\/\/telemme.mmsh.fr\/?post_type=these&#038;p=12294\">Ub\u00e9risation des territoires et des soci\u00e9t\u00e9s : approches g\u00e9ographiques et m\u00e9diterran\u00e9ennes<\/a><\/em> <\/p>\n<\/ul>\n\n<ul>\n<p><strong>Gervais Aude-Line<\/strong> &#8211; Sous la direction de   Virginie Baby-Collin et de Gwena\u00eblle Audren\u00a0:\n<em><a href=\"https:\/\/telemme.mmsh.fr\/?post_type=these&#038;p=3227\">G\u00e9opolitique de l&rsquo;\u00e9cole \u00e0 Marseille<\/a><\/em> <\/p>\n<\/ul>\n\n<ul>\n<p><strong>Mille Lisa<\/strong> &#8211; Sous la direction de   Alexandre Grondeau\u00a0:\n<em><a href=\"https:\/\/telemme.mmsh.fr\/?post_type=these&#038;p=14975\">Marseille en transitions : innovation sociale, sobri\u00e9t\u00e9, \u00e9cologie et habitabilit\u00e9<\/a><\/em> <\/p>\n<\/ul>\n\n<ul>\n<p><strong>Panaget Julien<\/strong> &#8211; Sous la direction de   Daniel Faget et de Anne Cadoret\u00a0:\n<em><a href=\"https:\/\/telemme.mmsh.fr\/?post_type=these&#038;p=13580\">Des villes aux Aires Marines Prot\u00e9g\u00e9es : lieux multiples des activit\u00e9s de p\u00eaches de loisir. Approches g\u00e9ographiques de pratiques en mutation dans le golfe de Marseille et le golfe de Naples<\/a><\/em> <\/p>\n<\/ul>\n\n<ul>\n<p><strong>Portoleau Iris<\/strong> &#8211; Sous la direction de  Virginie Baby-Collin et de Isabelle Merle, CNRS, AMU, CREDO\u00a0:\n<em><a href=\"https:\/\/telemme.mmsh.fr\/?post_type=these&#038;p=9576\">Enseigner l\u2019histoire et la g\u00e9ographie dans les outre mers fran\u00e7ais depuis 1957 (Nouvelle-Cal\u00e9donie et Polyn\u00e9sie fran\u00e7aise)<\/a><\/em> <\/p>\n<\/ul>\n\n<ul>\n<p><strong>Salomon Marie-Aude<\/strong> &#8211; Sous la direction de   Virginie Baby-Collin et de Thomas Lacroix, CNRS, Maison Fran\u00e7aise d\u2019Oxford\u00a0:\n<em><a href=\"https:\/\/telemme.mmsh.fr\/?post_type=these&#038;p=9577\">Convergences et divergences : les circulation des r\u00e9seaux associatifs et municipaux en mati\u00e8re de migration (Bristol, Marseille, Ath\u00e8nes)<\/a><\/em> <\/p>\n<\/ul>\n\n<ul>\n<p><strong>Vendryes Cl\u00e9mence<\/strong> &#8211; Sous la direction de   Pierre Sint\u00e8s\u00a0:\n<em><a href=\"https:\/\/telemme.mmsh.fr\/?post_type=these&#038;p=15817\">Une g\u00e9ographie de la Palestine par ses cimeti\u00e8res, pratiques fun\u00e9raires, espace v\u00e9cu et construction nationale<\/a><\/em> <\/p>\n<\/ul>\n<\/div><\/div><div id=\"panel-gb4767-69f766a5ca22a-0-1-1\" class=\"so-panel widget widget_pods_widget_list pods_widget_list\" data-index=\"2\"><div class=\"panel-widget-style panel-widget-style-for-gb4767-69f766a5ca22a-0-1-1\"><h3 class=\"widget-title\">Histoire de l&rsquo;art<\/h3>\n<ul>\n<p><strong>Bally Marine<\/strong> &#8211; Sous la direction de  Daniel Faget et de Emilie d&rsquo;Orgeix D.-E. (EPHE-PSL)\u00a0:\n<em><a href=\"https:\/\/telemme.mmsh.fr\/?post_type=these&#038;p=16792\">Vingt-mille brevets sous les mers : les inventions subaquatiques et leurs inventeurs dans le fonds patrimonial de l&rsquo;Institut national de la propri\u00e9t\u00e9 industrielle (1791-1901)<\/a><\/em> <\/p>\n<\/ul>\n\n<ul>\n<p><strong>Macouin Agn\u00e8s<\/strong> &#8211; Sous la direction de   Nathalie Bertrand\u00a0:\n<em><a href=\"https:\/\/telemme.mmsh.fr\/?post_type=these&#038;p=14979\">Les m\u00e9canismes des r\u00e9\u00e9critures\u202f: refaire l\u2019histoire par le prisme d\u00e9colonial dans la production artistique contemporaine transnationale (XXe-XXIe si\u00e8cle)<\/a><\/em> <\/p>\n<\/ul>\n\n<ul>\n<p><strong>Robert Eva<\/strong> &#8211; Sous la direction de   Aziza Gril-Mariotte\u00a0:\n<em><a href=\"https:\/\/telemme.mmsh.fr\/?post_type=these&#038;p=16222\">L&rsquo;or dans les int\u00e9rieurs parisiens (1689 &#8211; 1749) : histoires, techniques, imaginaires<\/a><\/em> <\/p>\n<\/ul>\n<\/div><\/div><div id=\"panel-gb4767-69f766a5ca22a-0-1-2\" class=\"so-panel widget widget_pods_widget_list pods_widget_list\" data-index=\"3\"><div class=\"panel-widget-style panel-widget-style-for-gb4767-69f766a5ca22a-0-1-2\"><h3 class=\"widget-title\">\u00c9tudes romanes<\/h3>\n<ul>\n<p><strong>Bessieux Valentine<\/strong> &#8211; Sous la direction de   Elisabel Larriba et de \u00c1lvaro MOLINA MART\u00edN (UNED)\u00a0:\n<em><a href=\"https:\/\/telemme.mmsh.fr\/?post_type=these&#038;p=16186\">Enjeux, fabrique et circulation des discours sur la mode vestimentaire dans la presse f\u00e9minine (entre Madrid, Cadix et Barcelone) durant le lib\u00e9ralisme (1808-1874)<\/a><\/em> <\/p>\n<\/ul>\n\n<ul>\n<p><strong>Challies Sanchez Ma\u00ebva<\/strong> &#8211; Sous la direction de   Christine Orobitg\u00a0:\n<em><a href=\"https:\/\/telemme.mmsh.fr\/?post_type=these&#038;p=9792\">Portraits du pouvoir : les enjeux politiques de la repr\u00e9sentation du visage dans l\u2019Espagne moderne et contemporaine<\/a><\/em> <\/p>\n<\/ul>\n<\/div><\/div><div id=\"panel-gb4767-69f766a5ca22a-0-1-3\" class=\"so-panel widget widget_pods_widget_list pods_widget_list\" data-index=\"4\"><div class=\"panel-widget-style panel-widget-style-for-gb4767-69f766a5ca22a-0-1-3\"><h3 class=\"widget-title\">Sociologie<\/h3>\n<ul>\n<p><strong>Hassaini Moussaoui Louna<\/strong> &#8211; Sous la direction de   Karima Dir\u00e8che et de Mohamed Tozy (Sciences Po Aix, Mesopolhis)\u00a0:\n<em><a href=\"https:\/\/telemme.mmsh.fr\/?post_type=these&#038;p=15813\">\u00ab\u00a0Tafsut Taberkant\u00a0\u00bb. Analyse socio-historique du soul\u00e8vement kabyle de 2001<\/a><\/em> <\/p>\n<\/ul>\n\n<ul>\n<p><strong>Pasquet Alicia<\/strong> &#8211; Sous la direction de   Anne-Sophie Tribot et de Carole Bath\u00e9l\u00e9my (LPED).\u00a0:\n<em><a href=\"https:\/\/telemme.mmsh.fr\/?post_type=these&#038;p=15140\">Exp\u00e9riences sensibles du milieu marin : nouvelles perspectives interdisciplinaires et artistiques pour la conservation des oc\u00e9ans<\/a><\/em> <\/p>\n<\/ul>\n<\/div><\/div><div id=\"panel-gb4767-69f766a5ca22a-0-1-4\" class=\"so-panel widget widget_pods_widget_list pods_widget_list\" data-index=\"5\"><div class=\"panel-widget-style panel-widget-style-for-gb4767-69f766a5ca22a-0-1-4\"><h3 class=\"widget-title\">Monde arabe, musulman et s\u00e9mitique<\/h3><\/div><\/div><div id=\"panel-gb4767-69f766a5ca22a-0-1-5\" class=\"so-panel widget widget_pods_widget_list pods_widget_list panel-last-child\" data-index=\"6\"><div class=\"panel-widget-style panel-widget-style-for-gb4767-69f766a5ca22a-0-1-5\"><h3 class=\"widget-title\">Urbanisme et am\u00e9nagement du territoire<\/h3><\/div><\/div><\/div><\/div><\/div>","protected":false},"excerpt":{"rendered":"<p>Inscrit\u00b7es aupr\u00e8s de l\u2019\u00c9cole doctorale 355 \u00ab Espaces, Cultures, Soci\u00e9t\u00e9s \u00bb, les doctorant\u00b7es de TELEMMe rel\u00e8vent de 6 sp\u00e9cialit\u00e9s.<\/p>\n","protected":false},"author":6,"featured_media":0,"parent":4749,"menu_order":1,"comment_status":"closed","ping_status":"closed","template":"","meta":{"neve_meta_sidebar":"full-width","neve_meta_container":"","neve_meta_enable_content_width":"on","neve_meta_content_width":90,"neve_meta_title_alignment":"","neve_meta_author_avatar":"","neve_post_elements_order":"","neve_meta_disable_header":"","neve_meta_disable_footer":"","neve_meta_disable_title":"","footnotes":""},"class_list":["post-4767","page","type-page","status-publish","hentry"],"yoast_head":"<!-- This site is optimized with the Yoast SEO plugin v27.4 - https:\/\/yoast.com\/product\/yoast-seo-wordpress\/ -->\n<title>Th\u00e8ses en cours \u00e0 TELEMMe - TELEMMe - Temps, espaces, langages, Europe m\u00e9ridionale, M\u00e9diterran\u00e9e<\/title>\n<meta name=\"description\" content=\"L&#039;ensemble des th\u00e8ses de doctorat en cours \u00e0 TELEMMe : inscrit.es aupr\u00e8s de l\u2019\u00c9cole doctorale 355 \u00ab Espaces, Cultures, Soci\u00e9t\u00e9s \u00bb, les doctorant\u00b7es de TELEMMe rel\u00e8vent de 6 sp\u00e9cialit\u00e9s.\" \/>\n<meta name=\"robots\" content=\"index, follow, max-snippet:-1, max-image-preview:large, max-video-preview:-1\" \/>\n<link rel=\"canonical\" href=\"https:\/\/telemme.mmsh.fr\/?page_id=4767\" \/>\n<meta property=\"og:locale\" content=\"fr_FR\" \/>\n<meta property=\"og:type\" content=\"article\" \/>\n<meta property=\"og:title\" content=\"Th\u00e8ses en cours \u00e0 TELEMMe - TELEMMe - Temps, espaces, langages, Europe m\u00e9ridionale, M\u00e9diterran\u00e9e\" \/>\n<meta property=\"og:description\" content=\"L&#039;ensemble des th\u00e8ses de doctorat en cours \u00e0 TELEMMe : inscrit.es aupr\u00e8s de l\u2019\u00c9cole doctorale 355 \u00ab Espaces, Cultures, Soci\u00e9t\u00e9s \u00bb, les doctorant\u00b7es de TELEMMe rel\u00e8vent de 6 sp\u00e9cialit\u00e9s.\" \/>\n<meta property=\"og:url\" content=\"https:\/\/telemme.mmsh.fr\/?page_id=4767\" \/>\n<meta property=\"og:site_name\" content=\"TELEMMe - Temps, espaces, langages, Europe m\u00e9ridionale, M\u00e9diterran\u00e9e\" \/>\n<meta property=\"article:modified_time\" content=\"2025-01-22T14:40:15+00:00\" \/>\n<meta name=\"twitter:card\" content=\"summary_large_image\" \/>\n<meta name=\"twitter:label1\" content=\"Dur\u00e9e de lecture estim\u00e9e\" \/>\n\t<meta name=\"twitter:data1\" content=\"7 minutes\" \/>\n<script type=\"application\/ld+json\" class=\"yoast-schema-graph\">{\"@context\":\"https:\\\/\\\/schema.org\",\"@graph\":[{\"@type\":\"WebPage\",\"@id\":\"https:\\\/\\\/telemme.mmsh.fr\\\/?page_id=4767\",\"url\":\"https:\\\/\\\/telemme.mmsh.fr\\\/?page_id=4767\",\"name\":\"Th\u00e8ses en cours \u00e0 TELEMMe - TELEMMe - Temps, espaces, langages, Europe m\u00e9ridionale, M\u00e9diterran\u00e9e\",\"isPartOf\":{\"@id\":\"https:\\\/\\\/telemme.mmsh.fr\\\/#website\"},\"datePublished\":\"2021-02-02T17:14:24+00:00\",\"dateModified\":\"2025-01-22T14:40:15+00:00\",\"description\":\"L'ensemble des th\u00e8ses de doctorat en cours \u00e0 TELEMMe : inscrit.es aupr\u00e8s de l\u2019\u00c9cole doctorale 355 \u00ab Espaces, Cultures, Soci\u00e9t\u00e9s \u00bb, les doctorant\u00b7es de TELEMMe rel\u00e8vent de 6 sp\u00e9cialit\u00e9s.\",\"breadcrumb\":{\"@id\":\"https:\\\/\\\/telemme.mmsh.fr\\\/?page_id=4767#breadcrumb\"},\"inLanguage\":\"fr-FR\",\"potentialAction\":[{\"@type\":\"ReadAction\",\"target\":[\"https:\\\/\\\/telemme.mmsh.fr\\\/?page_id=4767\"]}]},{\"@type\":\"BreadcrumbList\",\"@id\":\"https:\\\/\\\/telemme.mmsh.fr\\\/?page_id=4767#breadcrumb\",\"itemListElement\":[{\"@type\":\"ListItem\",\"position\":1,\"name\":\"Accueil\",\"item\":\"https:\\\/\\\/telemme.mmsh.fr\\\/\"},{\"@type\":\"ListItem\",\"position\":2,\"name\":\"Formation doctorale \u00e0 TELEMMe\",\"item\":\"https:\\\/\\\/telemme.mmsh.fr\\\/?page_id=4749\"},{\"@type\":\"ListItem\",\"position\":3,\"name\":\"Th\u00e8ses en cours \u00e0 TELEMMe\"}]},{\"@type\":\"WebSite\",\"@id\":\"https:\\\/\\\/telemme.mmsh.fr\\\/#website\",\"url\":\"https:\\\/\\\/telemme.mmsh.fr\\\/\",\"name\":\"TELEMMe - Temps, espaces, langages, Europe m\u00e9ridionale, M\u00e9diterran\u00e9e\",\"description\":\"\",\"publisher\":{\"@id\":\"https:\\\/\\\/telemme.mmsh.fr\\\/#organization\"},\"potentialAction\":[{\"@type\":\"SearchAction\",\"target\":{\"@type\":\"EntryPoint\",\"urlTemplate\":\"https:\\\/\\\/telemme.mmsh.fr\\\/?s={search_term_string}\"},\"query-input\":{\"@type\":\"PropertyValueSpecification\",\"valueRequired\":true,\"valueName\":\"search_term_string\"}}],\"inLanguage\":\"fr-FR\"},{\"@type\":\"Organization\",\"@id\":\"https:\\\/\\\/telemme.mmsh.fr\\\/#organization\",\"name\":\"TELEMMe\",\"url\":\"https:\\\/\\\/telemme.mmsh.fr\\\/\",\"logo\":{\"@type\":\"ImageObject\",\"inLanguage\":\"fr-FR\",\"@id\":\"https:\\\/\\\/telemme.mmsh.fr\\\/#\\\/schema\\\/logo\\\/image\\\/\",\"url\":\"https:\\\/\\\/telemme.mmsh.fr\\\/wp-content\\\/uploads\\\/2020\\\/03\\\/LogoTELEMMe-horizontal-fond-transparent.png\",\"contentUrl\":\"https:\\\/\\\/telemme.mmsh.fr\\\/wp-content\\\/uploads\\\/2020\\\/03\\\/LogoTELEMMe-horizontal-fond-transparent.png\",\"width\":1500,\"height\":437,\"caption\":\"TELEMMe\"},\"image\":{\"@id\":\"https:\\\/\\\/telemme.mmsh.fr\\\/#\\\/schema\\\/logo\\\/image\\\/\"}}]}<\/script>\n<!-- \/ Yoast SEO plugin. -->","yoast_head_json":{"title":"Th\u00e8ses en cours \u00e0 TELEMMe - TELEMMe - Temps, espaces, langages, Europe m\u00e9ridionale, M\u00e9diterran\u00e9e","description":"L'ensemble des th\u00e8ses de doctorat en cours \u00e0 TELEMMe : inscrit.es aupr\u00e8s de l\u2019\u00c9cole doctorale 355 \u00ab Espaces, Cultures, Soci\u00e9t\u00e9s \u00bb, les doctorant\u00b7es de TELEMMe rel\u00e8vent de 6 sp\u00e9cialit\u00e9s.","robots":{"index":"index","follow":"follow","max-snippet":"max-snippet:-1","max-image-preview":"max-image-preview:large","max-video-preview":"max-video-preview:-1"},"canonical":"https:\/\/telemme.mmsh.fr\/?page_id=4767","og_locale":"fr_FR","og_type":"article","og_title":"Th\u00e8ses en cours \u00e0 TELEMMe - TELEMMe - Temps, espaces, langages, Europe m\u00e9ridionale, M\u00e9diterran\u00e9e","og_description":"L'ensemble des th\u00e8ses de doctorat en cours \u00e0 TELEMMe : inscrit.es aupr\u00e8s de l\u2019\u00c9cole doctorale 355 \u00ab Espaces, Cultures, Soci\u00e9t\u00e9s \u00bb, les doctorant\u00b7es de TELEMMe rel\u00e8vent de 6 sp\u00e9cialit\u00e9s.","og_url":"https:\/\/telemme.mmsh.fr\/?page_id=4767","og_site_name":"TELEMMe - Temps, espaces, langages, Europe m\u00e9ridionale, M\u00e9diterran\u00e9e","article_modified_time":"2025-01-22T14:40:15+00:00","twitter_card":"summary_large_image","twitter_misc":{"Dur\u00e9e de lecture estim\u00e9e":"7 minutes"},"schema":{"@context":"https:\/\/schema.org","@graph":[{"@type":"WebPage","@id":"https:\/\/telemme.mmsh.fr\/?page_id=4767","url":"https:\/\/telemme.mmsh.fr\/?page_id=4767","name":"Th\u00e8ses en cours \u00e0 TELEMMe - TELEMMe - Temps, espaces, langages, Europe m\u00e9ridionale, M\u00e9diterran\u00e9e","isPartOf":{"@id":"https:\/\/telemme.mmsh.fr\/#website"},"datePublished":"2021-02-02T17:14:24+00:00","dateModified":"2025-01-22T14:40:15+00:00","description":"L'ensemble des th\u00e8ses de doctorat en cours \u00e0 TELEMMe : inscrit.es aupr\u00e8s de l\u2019\u00c9cole doctorale 355 \u00ab Espaces, Cultures, Soci\u00e9t\u00e9s \u00bb, les doctorant\u00b7es de TELEMMe rel\u00e8vent de 6 sp\u00e9cialit\u00e9s.","breadcrumb":{"@id":"https:\/\/telemme.mmsh.fr\/?page_id=4767#breadcrumb"},"inLanguage":"fr-FR","potentialAction":[{"@type":"ReadAction","target":["https:\/\/telemme.mmsh.fr\/?page_id=4767"]}]},{"@type":"BreadcrumbList","@id":"https:\/\/telemme.mmsh.fr\/?page_id=4767#breadcrumb","itemListElement":[{"@type":"ListItem","position":1,"name":"Accueil","item":"https:\/\/telemme.mmsh.fr\/"},{"@type":"ListItem","position":2,"name":"Formation doctorale \u00e0 TELEMMe","item":"https:\/\/telemme.mmsh.fr\/?page_id=4749"},{"@type":"ListItem","position":3,"name":"Th\u00e8ses en cours \u00e0 TELEMMe"}]},{"@type":"WebSite","@id":"https:\/\/telemme.mmsh.fr\/#website","url":"https:\/\/telemme.mmsh.fr\/","name":"TELEMMe - Temps, espaces, langages, Europe m\u00e9ridionale, M\u00e9diterran\u00e9e","description":"","publisher":{"@id":"https:\/\/telemme.mmsh.fr\/#organization"},"potentialAction":[{"@type":"SearchAction","target":{"@type":"EntryPoint","urlTemplate":"https:\/\/telemme.mmsh.fr\/?s={search_term_string}"},"query-input":{"@type":"PropertyValueSpecification","valueRequired":true,"valueName":"search_term_string"}}],"inLanguage":"fr-FR"},{"@type":"Organization","@id":"https:\/\/telemme.mmsh.fr\/#organization","name":"TELEMMe","url":"https:\/\/telemme.mmsh.fr\/","logo":{"@type":"ImageObject","inLanguage":"fr-FR","@id":"https:\/\/telemme.mmsh.fr\/#\/schema\/logo\/image\/","url":"https:\/\/telemme.mmsh.fr\/wp-content\/uploads\/2020\/03\/LogoTELEMMe-horizontal-fond-transparent.png","contentUrl":"https:\/\/telemme.mmsh.fr\/wp-content\/uploads\/2020\/03\/LogoTELEMMe-horizontal-fond-transparent.png","width":1500,"height":437,"caption":"TELEMMe"},"image":{"@id":"https:\/\/telemme.mmsh.fr\/#\/schema\/logo\/image\/"}}]}},"_links":{"self":[{"href":"https:\/\/telemme.mmsh.fr\/index.php?rest_route=\/wp\/v2\/pages\/4767","targetHints":{"allow":["GET"]}}],"collection":[{"href":"https:\/\/telemme.mmsh.fr\/index.php?rest_route=\/wp\/v2\/pages"}],"about":[{"href":"https:\/\/telemme.mmsh.fr\/index.php?rest_route=\/wp\/v2\/types\/page"}],"author":[{"embeddable":true,"href":"https:\/\/telemme.mmsh.fr\/index.php?rest_route=\/wp\/v2\/users\/6"}],"replies":[{"embeddable":true,"href":"https:\/\/telemme.mmsh.fr\/index.php?rest_route=%2Fwp%2Fv2%2Fcomments&post=4767"}],"version-history":[{"count":38,"href":"https:\/\/telemme.mmsh.fr\/index.php?rest_route=\/wp\/v2\/pages\/4767\/revisions"}],"predecessor-version":[{"id":15152,"href":"https:\/\/telemme.mmsh.fr\/index.php?rest_route=\/wp\/v2\/pages\/4767\/revisions\/15152"}],"up":[{"embeddable":true,"href":"https:\/\/telemme.mmsh.fr\/index.php?rest_route=\/wp\/v2\/pages\/4749"}],"wp:attachment":[{"href":"https:\/\/telemme.mmsh.fr\/index.php?rest_route=%2Fwp%2Fv2%2Fmedia&parent=4767"}],"curies":[{"name":"wp","href":"https:\/\/api.w.org\/{rel}","templated":true}]}}