{"id":3726,"date":"2021-01-22T17:29:50","date_gmt":"2021-01-22T16:29:50","guid":{"rendered":"http:\/\/telemme.mmsh.fr\/?page_id=3726"},"modified":"2022-02-02T16:56:18","modified_gmt":"2022-02-02T15:56:18","slug":"les-revues","status":"publish","type":"page","link":"https:\/\/telemme.mmsh.fr\/?page_id=3726","title":{"rendered":"Les revues"},"content":{"rendered":"\n<div class=\"wp-block-buttons is-layout-flex wp-block-buttons-is-layout-flex\" id=\"menu-revues\">\n<div class=\"wp-block-button is-style-primary\"><a class=\"wp-block-button__link\" href=\"#rives\">Rives m\u00e9diterran\u00e9ennes<\/a><\/div>\n\n\n\n<div class=\"wp-block-button is-style-primary\"><a class=\"wp-block-button__link\" href=\"#balkanologie\">Balkanologie<\/a><\/div>\n\n\n\n<div class=\"wp-block-button is-style-primary\"><a class=\"wp-block-button__link\" href=\"#el-argonauta-espanol\">El Argonauta Espa\u00f1ol<\/a><\/div>\n\n\n\n<div class=\"wp-block-button is-style-primary\"><a class=\"wp-block-button__link\" href=\"#amnis\">AMNIS<\/a><\/div>\n\n\n\n<div class=\"wp-block-button is-style-primary\"><a class=\"wp-block-button__link\" href=\"#bhce\">BHCE<\/a><\/div>\n\n\n\n<div class=\"wp-block-button is-style-primary\"><a class=\"wp-block-button__link\" href=\"#hms\">Histoire, m\u00e9decine et\u00a0sant\u00e9<\/a><\/div>\n<\/div>\n\n\n\n<hr class=\"wp-block-separator is-style-wide\"\/>\n\n\n\n<h2 class=\"wp-block-heading\" id=\"rives\">Rives m\u00e9diterran\u00e9ennes<\/h2>\n\n\n\n<div class=\"wp-block-group\"><div class=\"wp-block-group__inner-container is-layout-flow wp-block-group-is-layout-flow\">\n<div class=\"wp-block-group\"><div class=\"wp-block-group__inner-container is-layout-flow wp-block-group-is-layout-flow\">\n<p><em>Rives m\u00e9diterran\u00e9ennes <\/em>ouvre sa ligne \u00e9ditoriale \u00e0 des dossiers th\u00e9matiques propos\u00e9s par un.e ou deux chercheur.e.s qui en assurent la coordination. La revue est plus particuli\u00e8rement tourn\u00e9e vers la connaissance historique et g\u00e9ographique du monde m\u00e9diterran\u00e9en. Elle entend encourager le lancement de projets scientifiques nouveaux sur des th\u00e9matiques originales et transversales \u00e0 son aire de sp\u00e9cialisation. La revue d\u00e9finit la M\u00e9diterran\u00e9e comme une aire g\u00e9ographique, une projection de la M\u00e9diterran\u00e9e ailleurs et l\u2019ailleurs en M\u00e9diterran\u00e9e, et l\u2019envisage dans une vision comparatiste. <a href=\"https:\/\/rives.revues.org\/445#tocto2n1\">Le comit\u00e9 de r\u00e9daction<\/a> est compos\u00e9 de 14 personnes repr\u00e9sentatives des champs disciplinaires de l\u2019histoire, la sociologie, la g\u00e9ographie\u2013am\u00e9nagement du territoire, l\u2019histoire de l\u2019art et des lettres. <a href=\"https:\/\/rives.revues.org\/445#tocto2n2\">Le comit\u00e9 scientifique<\/a>, r\u00e9uni une fois par an \u00e0 Aix-en-Provence est compos\u00e9 de 10&nbsp;membres, repr\u00e9sentatifs des m\u00eames domaines que le comit\u00e9 de r\u00e9daction. <em>Rives m\u00e9diterran\u00e9ennes <\/em>est \u00e9dit\u00e9e par les <a href=\"https:\/\/presses-universitaires.univ-amu.fr\/catalogue?f%5B0%5D=field_editeur%3A5&amp;f%5B1%5D=field_revue%3A220\">Presses universitaires de Provence<\/a>. <a href=\"https:\/\/journals.openedition.org\/rives\/445\" target=\"_blank\" rel=\"noreferrer noopener\">En savoir plus&#8230;<\/a><\/p>\n<\/div><\/div>\n<\/div><\/div>\n\n\n\n<div class=\"wp-block-media-text alignwide is-stacked-on-mobile\" style=\"grid-template-columns:39% auto\"><figure class=\"wp-block-media-text__media\"><a href=\"https:\/\/journals.openedition.org\/rives\/\"><img loading=\"lazy\" decoding=\"async\" width=\"519\" height=\"231\" src=\"https:\/\/telemme.mmsh.fr\/wp-content\/uploads\/2021\/04\/logo-rives.png\" alt=\"\" class=\"wp-image-6856 size-full\" srcset=\"https:\/\/telemme.mmsh.fr\/wp-content\/uploads\/2021\/04\/logo-rives.png 519w, https:\/\/telemme.mmsh.fr\/wp-content\/uploads\/2021\/04\/logo-rives-300x134.png 300w\" sizes=\"auto, (max-width: 519px) 100vw, 519px\" \/><\/a><\/figure><div class=\"wp-block-media-text__content\">\n<p><strong>Directrice de la publication<\/strong>&nbsp;: <a href=\"https:\/\/telemme.mmsh.fr\/membres\/laure-verdon\/\">Laure VERDON<\/a><\/p>\n\n\n\n<p><strong>Secr\u00e9taire de r\u00e9daction<\/strong>&nbsp;: <a href=\"https:\/\/telemme.mmsh.fr\/membres-equipe\/laurence-lablache\/\">Laurence LABLACHE<\/a><\/p>\n\n\n\n<p><\/p>\n<\/div><\/div>\n\n\n\n<div style=\"height:20px\" aria-hidden=\"true\" class=\"wp-block-spacer\"><\/div>\n\n\n\n<h3 class=\"wp-block-heading\">Les derniers num\u00e9ros de <em>Rives m\u00e9diterran\u00e9ennes<\/em><\/h3>\n\n\n<ul class=\"wp-block-rss\"><li class='wp-block-rss__item'><div class='wp-block-rss__item-title'><a href='http:\/\/journals.openedition.org\/rives\/11537'>68 | 2025 \u2013 Faire, donner ou prendre place\u202f?<\/a><\/div><\/li><li class='wp-block-rss__item'><div class='wp-block-rss__item-title'><a href='http:\/\/journals.openedition.org\/rives\/10435'>67 | 2025 \u2013 Bauxites et alumines en M\u00e9diterran\u00e9e XIXe-XXIe si\u00e8cles<\/a><\/div><\/li><li class='wp-block-rss__item'><div class='wp-block-rss__item-title'><a href='http:\/\/journals.openedition.org\/rives\/10486'>66 | 2024 \u2013 Scandales et \u00c9glise \u00e0 l\u2019\u00e2ge baroque<\/a><\/div><\/li><li class='wp-block-rss__item'><div class='wp-block-rss__item-title'><a href='http:\/\/journals.openedition.org\/rives\/9810'>65 | 2024 \u2013 \u00c9motions et pouvoir<\/a><\/div><\/li><li class='wp-block-rss__item'><div class='wp-block-rss__item-title'><a href='http:\/\/journals.openedition.org\/rives\/9240'>64 | 2023 \u2013 S\u2019habiller dans la M\u00e9diterran\u00e9e du Moyen \u00c2ge et de la Renaissance<\/a><\/div><\/li><\/ul>\n\n\n<div style=\"height:40px\" aria-hidden=\"true\" class=\"wp-block-spacer\"><\/div>\n\n\n\n<hr class=\"wp-block-separator is-style-wide\"\/>\n\n\n\n<h2 class=\"wp-block-heading\" id=\"balkanologie\">Balkanologie<\/h2>\n\n\n\n<p>Fond\u00e9e en 1997, la revue&nbsp;<em>Balkanologie&nbsp;<\/em>est \u00e9dit\u00e9e par l\u2019<a href=\"https:\/\/afebalk.hypotheses.org\/\">Association fran\u00e7aise d\u2019\u00e9tudes sur les Balkans<\/a>. Elle publie deux fois par an des travaux de recherche en sciences humaines et sociales portant sur l\u2019Europe du Sud-Est, espace entendu au sens large comme s\u2019\u00e9tendant de la Hongrie \u00e0 la Turquie, depuis l\u2019\u00e9poque ottomane jusqu\u2019\u00e0 nos jours. <a href=\"https:\/\/journals.openedition.org\/balkanologie\/307\" target=\"_blank\" rel=\"noreferrer noopener\">En savoir plus&#8230;<\/a><\/p>\n\n\n\n<div class=\"wp-block-media-text alignwide is-stacked-on-mobile\" style=\"grid-template-columns:40% auto\"><figure class=\"wp-block-media-text__media\"><a href=\"https:\/\/journals.openedition.org\/balkanologie\"><img loading=\"lazy\" decoding=\"async\" width=\"460\" height=\"147\" src=\"https:\/\/telemme.mmsh.fr\/wp-content\/uploads\/2021\/04\/logo-balkanologie-vignette.png\" alt=\"\" class=\"wp-image-6918 size-full\" srcset=\"https:\/\/telemme.mmsh.fr\/wp-content\/uploads\/2021\/04\/logo-balkanologie-vignette.png 460w, https:\/\/telemme.mmsh.fr\/wp-content\/uploads\/2021\/04\/logo-balkanologie-vignette-300x96.png 300w\" sizes=\"auto, (max-width: 460px) 100vw, 460px\" \/><\/a><\/figure><div class=\"wp-block-media-text__content\">\n<p><strong>Directeur de la publication<\/strong> :  Pierre SINTES,&nbsp;<a href=\"https:\/\/telemme.mmsh.univ-aix.fr\/\">TELEMME<\/a>, Aix-Marseille-Universit\u00e9, Aix-en-Provence, France<\/p>\n\n\n\n<p><strong>R\u00e9dactrices-en-chef<\/strong> : Anne MADELAIN,&nbsp;<a href=\"http:\/\/www.inalco.fr\/recherche\/cree\">CREE<\/a>, INALCO, Paris, France, et Detelina TOCHEVA,&nbsp;<a href=\"https:\/\/www.gsrl-cnrs.fr\/\">GSRL<\/a>, CNRS, Paris, France<\/p>\n\n\n\n<p><strong>Secr\u00e9taire d&rsquo;\u00e9dition<\/strong> : Sylvaine HEROLD<\/p>\n<\/div><\/div>\n\n\n\n<div style=\"height:20px\" aria-hidden=\"true\" class=\"wp-block-spacer\"><\/div>\n\n\n\n<h3 class=\"wp-block-heading\">Les derniers num\u00e9ros de <em>Balkanologie<\/em><\/h3>\n\n\n<ul class=\"wp-block-rss\"><li class='wp-block-rss__item'><div class='wp-block-rss__item-title'><a href='http:\/\/journals.openedition.org\/balkanologie\/6702'>Vol. 20 n\u00b0 1 | 2025 \u2013 Christianisme orthodoxe de Russie et d\u2019Ukraine en Europe du Sud-Est : transferts, interactions, conflits<\/a><\/div><\/li><li class='wp-block-rss__item'><div class='wp-block-rss__item-title'><a href='http:\/\/journals.openedition.org\/balkanologie\/6191'>Vol. 19 n\u00b0 2 | 2024 \u2013 Le go\u00fbt des Balkans<\/a><\/div><\/li><li class='wp-block-rss__item'><div class='wp-block-rss__item-title'><a href='http:\/\/journals.openedition.org\/balkanologie\/5713'>Vol. 19 n\u00b0 1 | 2024 \u2013 Varia<\/a><\/div><\/li><li class='wp-block-rss__item'><div class='wp-block-rss__item-title'><a href='http:\/\/journals.openedition.org\/balkanologie\/5165'>Vol. 18 n\u00b0 2 | 2023 \u2013 Cr\u00e9er et interpr\u00e9ter en f\u00e9ministes. Femmes et engagement dans les litt\u00e9ratures et les arts des Balkans (xxe et xxie si\u00e8cles)<\/a><\/div><\/li><li class='wp-block-rss__item'><div class='wp-block-rss__item-title'><a href='http:\/\/journals.openedition.org\/balkanologie\/4669'>Vol. 18 n\u00b0 1 | 2023 \u2013 Balkans connect\u00e9s<\/a><\/div><\/li><\/ul>\n\n\n<div style=\"height:40px\" aria-hidden=\"true\" class=\"wp-block-spacer\"><\/div>\n\n\n\n<hr class=\"wp-block-separator is-style-wide\"\/>\n\n\n\n<h2 class=\"wp-block-heading\" id=\"el-argonauta-espanol\">El Argonauta Espa\u00f1ol<\/h2>\n\n\n\n<p>Fond\u00e9e en 2004, dans le cadre de l\u2019UMR Telemme,&nbsp;<em>El Argonauta espa\u00f1ol&nbsp;<\/em>est une revue bilingue, franco-espagnole, d&rsquo;histoire moderne et contemporaine consacr\u00e9e \u00e0 l&rsquo;\u00e9tude de la presse espagnole de ses origines \u00e0 nos jours (XVII<sup>e<\/sup>-XXI<sup>e<\/sup>&nbsp;si\u00e8cles). La revue&nbsp;publie chaque ann\u00e9e un num\u00e9ro comportant deux livraisons (l\u2019une en janvier, l\u2019autre en juin). Depuis 2008, chaque num\u00e9ro comporte une livraison sur un th\u00e8me monographique et une autre de miscellan\u00e9es. Les articles portent sur&nbsp;:<\/p>\n\n\n\n<ul class=\"wp-block-list\"><li>la presse espagnole (sans omettre pour les XVIII<sup>e<\/sup>&nbsp;et XIX<sup>e<\/sup>&nbsp;si\u00e8cles, celle \u00e9dit\u00e9e au sein de l\u2019empire colonial)&nbsp;;<\/li><\/ul>\n\n\n\n<ul class=\"wp-block-list\"><li>l\u2019Espagne dans la presse \u00e9trang\u00e8re et notamment fran\u00e7aise.<\/li><\/ul>\n\n\n\n<p>Renouant avec l\u2019esprit encyclop\u00e9diste des publicistes de l\u2019Espagne des Lumi\u00e8res, partageant leurs espoirs et leurs r\u00eaves un peu fous nous nous sommes embarqu\u00e9s \u00e0 notre tour \u00e0 bord de&nbsp;<em>El Argonauta Espa\u00f1ol<\/em>&nbsp;pour une \u00ab&nbsp;<em>aventura magna<\/em>&nbsp;\u00bb qui permet d\u2019offrir \u00e0 tous ceux qui ont choisi de se consacrer \u00e0 l\u2019\u00e9tude de la presse espagnole un outil et une somme d\u2019informations utiles.<\/p>\n\n\n\n<p><a href=\"https:\/\/journals.openedition.org\/argonauta\/301\" target=\"_blank\" rel=\"noreferrer noopener\">En savoir plus&#8230;.<\/a><\/p>\n\n\n\n<div class=\"wp-block-media-text alignwide is-stacked-on-mobile\" style=\"grid-template-columns:44% auto\"><figure class=\"wp-block-media-text__media\"><a href=\"https:\/\/journals.openedition.org\/argonauta\"><img loading=\"lazy\" decoding=\"async\" width=\"561\" height=\"213\" src=\"https:\/\/telemme.mmsh.fr\/wp-content\/uploads\/2021\/04\/argonauta.png\" alt=\"\" class=\"wp-image-6921 size-full\" srcset=\"https:\/\/telemme.mmsh.fr\/wp-content\/uploads\/2021\/04\/argonauta.png 561w, https:\/\/telemme.mmsh.fr\/wp-content\/uploads\/2021\/04\/argonauta-300x114.png 300w\" sizes=\"auto, (max-width: 561px) 100vw, 561px\" \/><\/a><\/figure><div class=\"wp-block-media-text__content\">\n<p><strong>Directeurs \/ Directores : <\/strong><a href=\"https:\/\/telemme.mmsh.fr\/membres\/elisabel-larriba\/\">Elisabel LARRIBA<\/a>, Aix Marseille Universit\u00e9, CNRS, TELEMME UMR 7303 ; <a href=\"https:\/\/telemme.mmsh.fr\/membres\/gerard-dufour\/\">G\u00e9rard DUFOUR<\/a>, Aix Marseille Universit\u00e9, CNRS, TELEMME UMR 7303 ; <a href=\"https:\/\/telemme.mmsh.fr\/membres\/severiano-rojo-hernandez\/\">Severiano ROJO HERN\u00c1NDEZ<\/a>, Aix Marseille Universit\u00e9, CNRS, TELEMME UMR 7303<\/p>\n\n\n\n<p><strong>Secr\u00e9taire \/ Secretario<\/strong> : <a href=\"https:\/\/telemme.mmsh.fr\/membres\/joan-cavaillon-giomi\/\">Joan CAVAILLON GIOMI<\/a>, Aix Marseille Universit\u00e9, CNRS, TELEMME UMR 7303<\/p>\n\n\n\n<p><strong>Secr\u00e9taire adjointe \/ Secretaria adjunta<\/strong> : Satoko NAKAJIMA, Rikkyo University, Tokyo<\/p>\n<\/div><\/div>\n\n\n\n<div style=\"height:20px\" aria-hidden=\"true\" class=\"wp-block-spacer\"><\/div>\n\n\n\n<h3 class=\"wp-block-heading\">Les derniers num\u00e9ros de <em><em>El Argonauta Espa\u00f1ol<\/em><\/em><\/h3>\n\n\n<ul class=\"wp-block-rss\"><li class='wp-block-rss__item'><div class='wp-block-rss__item-title'><a href='http:\/\/journals.openedition.org\/argonauta\/5839'>19 | 2022 \u2013 Varia<\/a><\/div><\/li><li class='wp-block-rss__item'><div class='wp-block-rss__item-title'><a href='http:\/\/journals.openedition.org\/argonauta\/4994'>18 | 2021 \u2013 Varia<\/a><\/div><\/li><li class='wp-block-rss__item'><div class='wp-block-rss__item-title'><a href='http:\/\/journals.openedition.org\/argonauta\/3926'>17 | 2020 \u2013 Varia<\/a><\/div><\/li><li class='wp-block-rss__item'><div class='wp-block-rss__item-title'><a href='http:\/\/journals.openedition.org\/argonauta\/3262'>16 | 2019 \u2013 Varia<\/a><\/div><\/li><li class='wp-block-rss__item'><div class='wp-block-rss__item-title'><a href='http:\/\/journals.openedition.org\/argonauta\/2716'>15 | 2018 \u2013 Varia<\/a><\/div><\/li><\/ul>\n\n\n<div style=\"height:40px\" aria-hidden=\"true\" class=\"wp-block-spacer\"><\/div>\n\n\n\n<hr class=\"wp-block-separator is-style-wide\"\/>\n\n\n\n<h2 class=\"wp-block-heading\" id=\"amnis\">AMNIS &#8211; Revue d&rsquo;\u00e9tude des soci\u00e9t\u00e9s et cultures contemporaines Europe\/Am\u00e9riques<\/h2>\n\n\n\n<p><em>Amnis <\/em>est une revue fran\u00e7aise \u00e0 comit\u00e9 de lecture international. Son objectif est de mettre \u00e0 la disposition des chercheurs un outil qui contribue \u00e0 une r\u00e9flexion approfondie et diversifi\u00e9e sur le pass\u00e9 r\u00e9cent, le pr\u00e9sent et l\u2019avenir des soci\u00e9t\u00e9s europ\u00e9ennes et am\u00e9ricaines (XIX<sup>e<\/sup>-XXI<sup>e<\/sup> si\u00e8cles). <a href=\"https:\/\/journals.openedition.org\/amnis\/377\" target=\"_blank\" rel=\"noreferrer noopener\">En savoir plus&#8230;<\/a><\/p>\n\n\n\n<div class=\"wp-block-media-text alignwide is-stacked-on-mobile\" style=\"grid-template-columns:39% auto\"><figure class=\"wp-block-media-text__media\"><a href=\"https:\/\/journals.openedition.org\/amnis\"><img loading=\"lazy\" decoding=\"async\" width=\"260\" height=\"108\" src=\"https:\/\/telemme.mmsh.fr\/wp-content\/uploads\/2021\/04\/logoAmnis.png\" alt=\"\" class=\"wp-image-7069 size-full\"\/><\/a><\/figure><div class=\"wp-block-media-text__content\">\n<p><strong>Directeur<\/strong>&nbsp;: <a href=\"https:\/\/telemme.mmsh.fr\/membres\/severiano-rojo-hernandez\/\">Severiano Rojo Hernandez<\/a>, Aix Marseille Universit\u00e9, CNRS TELEMME.<\/p>\n\n\n\n<p><strong>R\u00e9dactrice en chef<\/strong>&nbsp;: Crystel Pin\u00e7onnat, Aix Marseille Universit\u00e9, CIELAM.<\/p>\n\n\n\n<p><strong>Secr\u00e9taire de r\u00e9daction&nbsp;: <\/strong>Carine Trevisan, Universit\u00e9 Paris Diderot (Paris VII), CERILAC.<\/p>\n<\/div><\/div>\n\n\n\n<div style=\"height:20px\" aria-hidden=\"true\" class=\"wp-block-spacer\"><\/div>\n\n\n\n<h3 class=\"wp-block-heading\">Les derniers num\u00e9ros d&rsquo;<em>AMNIS<\/em><\/h3>\n\n\n<ul class=\"wp-block-rss\"><li class='wp-block-rss__item'><div class='wp-block-rss__item-title'><a href='http:\/\/journals.openedition.org\/amnis\/10825'>24 | 2025 \u2013 L\u2019extr\u00eame droite de part et d\u2019autre de l\u2019Atlantique : circulation, influence et r\u00e9seaux au XXIe si\u00e8cle<\/a><\/div><\/li><li class='wp-block-rss__item'><div class='wp-block-rss__item-title'><a href='http:\/\/journals.openedition.org\/amnis\/10258'>5 | 2024 \u2013 La polarisation politique contemporaine : une perspective interculturelle<\/a><\/div><\/li><li class='wp-block-rss__item'><div class='wp-block-rss__item-title'><a href='http:\/\/journals.openedition.org\/amnis\/9470'>23 | 2024 \u2013 Aux origines de la conflictualit\u00e9 sociale : histoire, acteurs, modalit\u00e9s et repr\u00e9sentations  (XIXe-XXIe si\u00e8cles\/continents europ\u00e9en et am\u00e9ricain)<\/a><\/div><\/li><li class='wp-block-rss__item'><div class='wp-block-rss__item-title'><a href='http:\/\/journals.openedition.org\/amnis\/9063'>4 | 2024 \u2013 Les mouvements sociaux au lendemain de la crise de 2008. Nouvelles dynamiques,  nouveaux \u00e9quilibres?<\/a><\/div><\/li><li class='wp-block-rss__item'><div class='wp-block-rss__item-title'><a href='http:\/\/journals.openedition.org\/amnis\/8557'>3 | 2024 \u2013 D\u00e9sob\u00e9issance civile, espaces militants et pratiques collaboratives. Approches crois\u00e9es Europe\/Am\u00e9rique<\/a><\/div><\/li><\/ul>\n\n\n<div style=\"height:40px\" aria-hidden=\"true\" class=\"wp-block-spacer\"><\/div>\n\n\n\n<hr class=\"wp-block-separator is-style-wide\"\/>\n\n\n\n<h2 class=\"wp-block-heading\" id=\"bhce\">Bulletin d\u2019histoire contemporaine de l\u2019Espagne<\/h2>\n\n\n\n<p>Le <em>Bulletin d\u2019histoire contemporaine de l\u2019Espagne<\/em> a pris la suite du <em>Bulletin du D\u00e9partement de recherches hispaniques<\/em> de l\u2019Universit\u00e9 de Pau en 1985. Les objectifs de cette publication sont&nbsp;: proposer une r\u00e9flexion sur un th\u00e8me monographique ouvrant sur de nouvelles perspectives, rendre compte des recherches les plus r\u00e9centes, et fournir des informations aux chercheurs int\u00e9ress\u00e9s par le domaine hispanique. <a href=\"https:\/\/journals.openedition.org\/bhce\/267\" target=\"_blank\" rel=\"noreferrer noopener\">En savoir plus&#8230;<\/a><\/p>\n\n\n\n<div class=\"wp-block-media-text alignwide is-stacked-on-mobile\"><figure class=\"wp-block-media-text__media\"><a href=\"https:\/\/journals.openedition.org\/bhce\"><img loading=\"lazy\" decoding=\"async\" width=\"681\" height=\"147\" src=\"https:\/\/telemme.mmsh.fr\/wp-content\/uploads\/2021\/04\/logo-bhce.png\" alt=\"\" class=\"wp-image-7082 size-full\" srcset=\"https:\/\/telemme.mmsh.fr\/wp-content\/uploads\/2021\/04\/logo-bhce.png 681w, https:\/\/telemme.mmsh.fr\/wp-content\/uploads\/2021\/04\/logo-bhce-300x65.png 300w\" sizes=\"auto, (max-width: 681px) 100vw, 681px\" \/><\/a><\/figure><div class=\"wp-block-media-text__content\">\n<p><strong>R\u00e9daction<\/strong> : <a href=\"https:\/\/telemme.mmsh.fr\/membres\/paul-aubert\/\">Paul Aubert<\/a>, Aix-Marseille Universit\u00e9 ; Jean-Michel Desvois, Universit\u00e9 Michel de Montaigne-Bordeaux ; Jos\u00e9 Luis de la Granja, Universidad del Pa\u00eds Vasco ; Eduardo Gonz\u00e1lez Calleja, Universidad Carlos&nbsp;III, Madrid<\/p>\n\n\n\n<p><strong>Secr\u00e9tariat de r\u00e9daction<\/strong> : <a href=\"https:\/\/telemme.mmsh.fr\/membres\/davide-aliberti\/\">Davide Aliberti<\/a>, Aix-Marseille Universit\u00e9 ; Gaizka Fern\u00e1ndez Soldevilla, Universidad del Pa\u00eds Vasco ; <a href=\"https:\/\/telemme.mmsh.fr\/membres\/eve-fourmont-giustiniani\/\">Eve Fourmont Giustiniani<\/a>, Aix-Marseille Universit\u00e9<\/p>\n<\/div><\/div>\n\n\n\n<div style=\"height:20px\" aria-hidden=\"true\" class=\"wp-block-spacer\"><\/div>\n\n\n\n<h3 class=\"wp-block-heading\">Les derniers num\u00e9ros du <em>Bulletin d\u2019histoire contemporaine de l\u2019Espagne<\/em><\/h3>\n\n\n<ul class=\"wp-block-rss\"><li class='wp-block-rss__item'><div class='wp-block-rss__item-title'><a href='http:\/\/journals.openedition.org\/bhce\/1408'>55 | 2020 \u2013 Re\u0301volution, De\u0301mocratie et Constitution<\/a><\/div><\/li><li class='wp-block-rss__item'><div class='wp-block-rss__item-title'><a href='http:\/\/journals.openedition.org\/bhce\/3468'>53 | 2019 \u2013 Avant-gardes artistiques transnationales (1867-1939)<\/a><\/div><\/li><li class='wp-block-rss__item'><div class='wp-block-rss__item-title'><a href='http:\/\/journals.openedition.org\/bhce\/1187'>54 | 2020 \u2013 Les espaces du politique dans l\u2019Espagne du Trienio liberal (1820-1823)<\/a><\/div><\/li><li class='wp-block-rss__item'><div class='wp-block-rss__item-title'><a href='http:\/\/journals.openedition.org\/bhce\/472'>50 | 2016 \u2013 Les intellectuels en Espagne, de la dictature \u00e0 la d\u00e9mocratie (1939-1986)<\/a><\/div><\/li><li class='wp-block-rss__item'><div class='wp-block-rss__item-title'><a href='http:\/\/journals.openedition.org\/bhce\/627'>51 | 2017 \u2013 Les forces politiques durant la Seconde Re\u0301publique espagnole<\/a><\/div><\/li><\/ul>\n\n\n<hr class=\"wp-block-separator is-style-wide\"\/>\n\n\n\n<h2 class=\"wp-block-heading\" id=\"hms\">Histoire, m\u00e9decine et\u00a0sant\u00e9<\/h2>\n\n\n\n<p><em>Histoire, m\u00e9decine et sant\u00e9<\/em>\u00a0 est une revue semestrielle d\u2019histoire socioculturelle de la m\u00e9decine, de la sant\u00e9 et du corps cr\u00e9\u00e9e en 2012 par le laboratoire Framespa\u00a0(Universit\u00e9 Toulouse Jean-Jaur\u00e8s). Depuis 2018, le <a href=\"http:\/\/koyre.ehess.fr\/\">Centre Alexandre Koyr\u00e9 <\/a>et le <a href=\"https:\/\/temos.cnrs.fr\/\">laboratoire TEMOS<\/a> (Universit\u00e9 d\u2019Angers), ainsi que le laboratoire TELEMMe (Aix-Marseille Universit\u00e9-CNRS) depuis 2021, font partie des unit\u00e9s de recherche partenaires. La revue est \u00e9galement soutenue depuis 2020 par l\u2019Institut des sciences humaines et sociales du CNRS.\u00a0La revue, disponible en \u00e9dition papier et num\u00e9rique en libre acc\u00e8s (\u00e9dition par les <a href=\"https:\/\/pum.univ-tlse2.fr\/\">Presses universitaires du Midi<\/a>), publie en fran\u00e7ais, en anglais et en espagnol des contributions en histoire sociale et culturelle\u00a0: histoire antique, m\u00e9di\u00e9vale, moderne et contemporaine ; toutes aires culturelles. Elle se compose de diff\u00e9rentes rubriques : Dossier th\u00e9matique ; Varia ; Sources et documents ; R\u00e9\u00e9ditions ; Entretiens ; Essais bibliographiques ; Recensions. <a href=\"https:\/\/journals.openedition.org\/hms\/1640\">En savoir plus&#8230;<\/a><\/p>\n\n\n\n<div class=\"wp-block-media-text alignwide is-stacked-on-mobile\" style=\"grid-template-columns:43% auto\"><figure class=\"wp-block-media-text__media\"><a href=\"https:\/\/journals.openedition.org\/hms\/\"><img loading=\"lazy\" decoding=\"async\" width=\"561\" height=\"146\" src=\"https:\/\/telemme.mmsh.fr\/wp-content\/uploads\/2022\/02\/bandeauHMS.png\" alt=\"\" class=\"wp-image-10521 size-full\" srcset=\"https:\/\/telemme.mmsh.fr\/wp-content\/uploads\/2022\/02\/bandeauHMS.png 561w, https:\/\/telemme.mmsh.fr\/wp-content\/uploads\/2022\/02\/bandeauHMS-300x78.png 300w\" sizes=\"auto, (max-width: 561px) 100vw, 561px\" \/><\/a><\/figure><div class=\"wp-block-media-text__content\">\n<p><strong>Direction de la revue\u00a0: <\/strong><a href=\"https:\/\/temos.cnrs.fr\/hanafi-nahema\/\">Nahema Hanafi<\/a>, TEMOS, universit\u00e9 d\u2019Angers \/ FRAMESPA, universit\u00e9 Toulouse \u2013 Jean-Jaur\u00e8s ; <a href=\"http:\/\/koyre.ehess.fr\/index.php?195\">Rafael Mandressi<\/a>, Centre Alexandre-Koyr\u00e9 (UMR\u00a08560)\u00a0<\/p>\n\n\n\n<p><strong>Responsable des varia : <\/strong><a href=\"https:\/\/ict.u-paris.fr\/francois-zanetti\">Fran\u00e7ois Zanetti<\/a>, ICT (EA\u00a03337), Universit\u00e9 de Paris\u00a0<\/p>\n\n\n\n<p><strong>Responsable des recensions : <\/strong><a href=\"http:\/\/koyre.ehess.fr\/index.php?212\">Laurence Talairach<\/a>, Universit\u00e9 Toulouse \u2013 Jean-Jaur\u00e8s \/ Centre Alexandre-Koyr\u00e9 (UMR\u00a08560)\u00a0<\/p>\n\n\n\n<p><strong>Membres de TELEMMe au sein du comit\u00e9 de r\u00e9daction\u00a0:<\/strong> <a href=\"https:\/\/telemme.mmsh.fr\/?membres=isabelle-renaudet\">Isabelle Renaudet,<\/a> TELEMME, Aix-Marseille Universit\u00e9 ; <a href=\"https:\/\/telemme.mmsh.fr\/?membres=anne-carol\">Anne Carol<\/a>, TELEMME, Aix-Marseille Universit\u00e9<\/p>\n<\/div><\/div>\n\n\n\n<h3 class=\"wp-block-heading\">Les derniers num\u00e9ros d&rsquo;<em>Histoire, m\u00e9decine et\u00a0sant\u00e9<\/em><\/h3>\n\n\n<ul class=\"wp-block-rss\"><li class='wp-block-rss__item'><div class='wp-block-rss__item-title'><a href='http:\/\/journals.openedition.org\/hms\/10324'>28 | 2025 \u2013 Faire l&#039;histoire de la sant\u00e9 et de la m\u00e9decine aujourd&#039;hui<\/a><\/div><\/li><li class='wp-block-rss__item'><div class='wp-block-rss__item-title'><a href='http:\/\/journals.openedition.org\/hms\/9538'>27 | 2025 \u2013 Les moulages m\u00e9dico-pathologiques en cire<\/a><\/div><\/li><li class='wp-block-rss__item'><div class='wp-block-rss__item-title'><a href='http:\/\/journals.openedition.org\/hms\/8734'>26 | 2024 \u2013 Drogues<\/a><\/div><\/li><li class='wp-block-rss__item'><div class='wp-block-rss__item-title'><a href='http:\/\/journals.openedition.org\/hms\/7952'>25 | 2024 \u2013 Fabriquer les masculinit\u00e9s<\/a><\/div><\/li><li class='wp-block-rss__item'><div class='wp-block-rss__item-title'><a href='http:\/\/journals.openedition.org\/hms\/7023'>24 | 2023 \u2013 M\u00e9decine des eaux<\/a><\/div><\/li><\/ul>","protected":false},"excerpt":{"rendered":"<p>Rives m\u00e9diterran\u00e9ennes Rives m\u00e9diterran\u00e9ennes ouvre sa ligne \u00e9ditoriale \u00e0 des dossiers th\u00e9matiques propos\u00e9s par un.e ou deux chercheur.e.s qui en assurent la coordination. La revue est plus particuli\u00e8rement tourn\u00e9e vers&hellip;&nbsp;<a href=\"https:\/\/telemme.mmsh.fr\/?page_id=3726\" rel=\"bookmark\">Lire la suite &raquo;<span class=\"screen-reader-text\">Les revues<\/span><\/a><\/p>\n","protected":false},"author":6,"featured_media":0,"parent":3723,"menu_order":2,"comment_status":"closed","ping_status":"closed","template":"","meta":{"neve_meta_sidebar":"default","neve_meta_container":"","neve_meta_enable_content_width":"on","neve_meta_content_width":75,"neve_meta_title_alignment":"","neve_meta_author_avatar":"","neve_post_elements_order":"","neve_meta_disable_header":"","neve_meta_disable_footer":"","neve_meta_disable_title":"","footnotes":""},"class_list":["post-3726","page","type-page","status-publish","hentry"],"yoast_head":"<!-- This site is optimized with the Yoast SEO plugin v27.4 - https:\/\/yoast.com\/product\/yoast-seo-wordpress\/ -->\n<title>Les revues - TELEMMe - Temps, espaces, langages, Europe m\u00e9ridionale, M\u00e9diterran\u00e9e<\/title>\n<meta name=\"robots\" content=\"index, follow, max-snippet:-1, max-image-preview:large, max-video-preview:-1\" \/>\n<link rel=\"canonical\" href=\"https:\/\/telemme.mmsh.fr\/?page_id=3726\" \/>\n<meta property=\"og:locale\" content=\"fr_FR\" \/>\n<meta property=\"og:type\" content=\"article\" \/>\n<meta property=\"og:title\" content=\"Les revues - TELEMMe - Temps, espaces, langages, Europe m\u00e9ridionale, M\u00e9diterran\u00e9e\" \/>\n<meta property=\"og:description\" content=\"Rives m\u00e9diterran\u00e9ennes Rives m\u00e9diterran\u00e9ennes ouvre sa ligne \u00e9ditoriale \u00e0 des dossiers th\u00e9matiques propos\u00e9s par un.e ou deux chercheur.e.s qui en assurent la coordination. La revue est plus particuli\u00e8rement tourn\u00e9e vers&hellip;&nbsp;Lire la suite &raquo;Les revues\" \/>\n<meta property=\"og:url\" content=\"https:\/\/telemme.mmsh.fr\/?page_id=3726\" \/>\n<meta property=\"og:site_name\" content=\"TELEMMe - Temps, espaces, langages, Europe m\u00e9ridionale, M\u00e9diterran\u00e9e\" \/>\n<meta property=\"article:modified_time\" content=\"2022-02-02T15:56:18+00:00\" \/>\n<meta property=\"og:image\" content=\"http:\/\/telemme.mmsh.fr\/wp-content\/uploads\/2021\/04\/logo-rives.png\" \/>\n<meta name=\"twitter:card\" content=\"summary_large_image\" \/>\n<meta name=\"twitter:label1\" content=\"Dur\u00e9e de lecture estim\u00e9e\" \/>\n\t<meta name=\"twitter:data1\" content=\"6 minutes\" \/>\n<script type=\"application\/ld+json\" class=\"yoast-schema-graph\">{\"@context\":\"https:\\\/\\\/schema.org\",\"@graph\":[{\"@type\":\"WebPage\",\"@id\":\"https:\\\/\\\/telemme.mmsh.fr\\\/?page_id=3726\",\"url\":\"https:\\\/\\\/telemme.mmsh.fr\\\/?page_id=3726\",\"name\":\"Les revues - TELEMMe - Temps, espaces, langages, Europe m\u00e9ridionale, M\u00e9diterran\u00e9e\",\"isPartOf\":{\"@id\":\"https:\\\/\\\/telemme.mmsh.fr\\\/#website\"},\"primaryImageOfPage\":{\"@id\":\"https:\\\/\\\/telemme.mmsh.fr\\\/?page_id=3726#primaryimage\"},\"image\":{\"@id\":\"https:\\\/\\\/telemme.mmsh.fr\\\/?page_id=3726#primaryimage\"},\"thumbnailUrl\":\"http:\\\/\\\/telemme.mmsh.fr\\\/wp-content\\\/uploads\\\/2021\\\/04\\\/logo-rives.png\",\"datePublished\":\"2021-01-22T16:29:50+00:00\",\"dateModified\":\"2022-02-02T15:56:18+00:00\",\"breadcrumb\":{\"@id\":\"https:\\\/\\\/telemme.mmsh.fr\\\/?page_id=3726#breadcrumb\"},\"inLanguage\":\"fr-FR\",\"potentialAction\":[{\"@type\":\"ReadAction\",\"target\":[\"https:\\\/\\\/telemme.mmsh.fr\\\/?page_id=3726\"]}]},{\"@type\":\"ImageObject\",\"inLanguage\":\"fr-FR\",\"@id\":\"https:\\\/\\\/telemme.mmsh.fr\\\/?page_id=3726#primaryimage\",\"url\":\"http:\\\/\\\/telemme.mmsh.fr\\\/wp-content\\\/uploads\\\/2021\\\/04\\\/logo-rives.png\",\"contentUrl\":\"http:\\\/\\\/telemme.mmsh.fr\\\/wp-content\\\/uploads\\\/2021\\\/04\\\/logo-rives.png\"},{\"@type\":\"BreadcrumbList\",\"@id\":\"https:\\\/\\\/telemme.mmsh.fr\\\/?page_id=3726#breadcrumb\",\"itemListElement\":[{\"@type\":\"ListItem\",\"position\":1,\"name\":\"Accueil\",\"item\":\"https:\\\/\\\/telemme.mmsh.fr\\\/\"},{\"@type\":\"ListItem\",\"position\":2,\"name\":\"Les publications\",\"item\":\"https:\\\/\\\/telemme.mmsh.fr\\\/?page_id=3723\"},{\"@type\":\"ListItem\",\"position\":3,\"name\":\"Les revues\"}]},{\"@type\":\"WebSite\",\"@id\":\"https:\\\/\\\/telemme.mmsh.fr\\\/#website\",\"url\":\"https:\\\/\\\/telemme.mmsh.fr\\\/\",\"name\":\"TELEMMe - Temps, espaces, langages, Europe m\u00e9ridionale, M\u00e9diterran\u00e9e\",\"description\":\"\",\"publisher\":{\"@id\":\"https:\\\/\\\/telemme.mmsh.fr\\\/#organization\"},\"potentialAction\":[{\"@type\":\"SearchAction\",\"target\":{\"@type\":\"EntryPoint\",\"urlTemplate\":\"https:\\\/\\\/telemme.mmsh.fr\\\/?s={search_term_string}\"},\"query-input\":{\"@type\":\"PropertyValueSpecification\",\"valueRequired\":true,\"valueName\":\"search_term_string\"}}],\"inLanguage\":\"fr-FR\"},{\"@type\":\"Organization\",\"@id\":\"https:\\\/\\\/telemme.mmsh.fr\\\/#organization\",\"name\":\"TELEMMe\",\"url\":\"https:\\\/\\\/telemme.mmsh.fr\\\/\",\"logo\":{\"@type\":\"ImageObject\",\"inLanguage\":\"fr-FR\",\"@id\":\"https:\\\/\\\/telemme.mmsh.fr\\\/#\\\/schema\\\/logo\\\/image\\\/\",\"url\":\"https:\\\/\\\/telemme.mmsh.fr\\\/wp-content\\\/uploads\\\/2020\\\/03\\\/LogoTELEMMe-horizontal-fond-transparent.png\",\"contentUrl\":\"https:\\\/\\\/telemme.mmsh.fr\\\/wp-content\\\/uploads\\\/2020\\\/03\\\/LogoTELEMMe-horizontal-fond-transparent.png\",\"width\":1500,\"height\":437,\"caption\":\"TELEMMe\"},\"image\":{\"@id\":\"https:\\\/\\\/telemme.mmsh.fr\\\/#\\\/schema\\\/logo\\\/image\\\/\"}}]}<\/script>\n<!-- \/ Yoast SEO plugin. -->","yoast_head_json":{"title":"Les revues - TELEMMe - Temps, espaces, langages, Europe m\u00e9ridionale, M\u00e9diterran\u00e9e","robots":{"index":"index","follow":"follow","max-snippet":"max-snippet:-1","max-image-preview":"max-image-preview:large","max-video-preview":"max-video-preview:-1"},"canonical":"https:\/\/telemme.mmsh.fr\/?page_id=3726","og_locale":"fr_FR","og_type":"article","og_title":"Les revues - TELEMMe - Temps, espaces, langages, Europe m\u00e9ridionale, M\u00e9diterran\u00e9e","og_description":"Rives m\u00e9diterran\u00e9ennes Rives m\u00e9diterran\u00e9ennes ouvre sa ligne \u00e9ditoriale \u00e0 des dossiers th\u00e9matiques propos\u00e9s par un.e ou deux chercheur.e.s qui en assurent la coordination. La revue est plus particuli\u00e8rement tourn\u00e9e vers&hellip;&nbsp;Lire la suite &raquo;Les revues","og_url":"https:\/\/telemme.mmsh.fr\/?page_id=3726","og_site_name":"TELEMMe - Temps, espaces, langages, Europe m\u00e9ridionale, M\u00e9diterran\u00e9e","article_modified_time":"2022-02-02T15:56:18+00:00","og_image":[{"url":"http:\/\/telemme.mmsh.fr\/wp-content\/uploads\/2021\/04\/logo-rives.png","type":"","width":"","height":""}],"twitter_card":"summary_large_image","twitter_misc":{"Dur\u00e9e de lecture estim\u00e9e":"6 minutes"},"schema":{"@context":"https:\/\/schema.org","@graph":[{"@type":"WebPage","@id":"https:\/\/telemme.mmsh.fr\/?page_id=3726","url":"https:\/\/telemme.mmsh.fr\/?page_id=3726","name":"Les revues - TELEMMe - Temps, espaces, langages, Europe m\u00e9ridionale, M\u00e9diterran\u00e9e","isPartOf":{"@id":"https:\/\/telemme.mmsh.fr\/#website"},"primaryImageOfPage":{"@id":"https:\/\/telemme.mmsh.fr\/?page_id=3726#primaryimage"},"image":{"@id":"https:\/\/telemme.mmsh.fr\/?page_id=3726#primaryimage"},"thumbnailUrl":"http:\/\/telemme.mmsh.fr\/wp-content\/uploads\/2021\/04\/logo-rives.png","datePublished":"2021-01-22T16:29:50+00:00","dateModified":"2022-02-02T15:56:18+00:00","breadcrumb":{"@id":"https:\/\/telemme.mmsh.fr\/?page_id=3726#breadcrumb"},"inLanguage":"fr-FR","potentialAction":[{"@type":"ReadAction","target":["https:\/\/telemme.mmsh.fr\/?page_id=3726"]}]},{"@type":"ImageObject","inLanguage":"fr-FR","@id":"https:\/\/telemme.mmsh.fr\/?page_id=3726#primaryimage","url":"http:\/\/telemme.mmsh.fr\/wp-content\/uploads\/2021\/04\/logo-rives.png","contentUrl":"http:\/\/telemme.mmsh.fr\/wp-content\/uploads\/2021\/04\/logo-rives.png"},{"@type":"BreadcrumbList","@id":"https:\/\/telemme.mmsh.fr\/?page_id=3726#breadcrumb","itemListElement":[{"@type":"ListItem","position":1,"name":"Accueil","item":"https:\/\/telemme.mmsh.fr\/"},{"@type":"ListItem","position":2,"name":"Les publications","item":"https:\/\/telemme.mmsh.fr\/?page_id=3723"},{"@type":"ListItem","position":3,"name":"Les revues"}]},{"@type":"WebSite","@id":"https:\/\/telemme.mmsh.fr\/#website","url":"https:\/\/telemme.mmsh.fr\/","name":"TELEMMe - Temps, espaces, langages, Europe m\u00e9ridionale, M\u00e9diterran\u00e9e","description":"","publisher":{"@id":"https:\/\/telemme.mmsh.fr\/#organization"},"potentialAction":[{"@type":"SearchAction","target":{"@type":"EntryPoint","urlTemplate":"https:\/\/telemme.mmsh.fr\/?s={search_term_string}"},"query-input":{"@type":"PropertyValueSpecification","valueRequired":true,"valueName":"search_term_string"}}],"inLanguage":"fr-FR"},{"@type":"Organization","@id":"https:\/\/telemme.mmsh.fr\/#organization","name":"TELEMMe","url":"https:\/\/telemme.mmsh.fr\/","logo":{"@type":"ImageObject","inLanguage":"fr-FR","@id":"https:\/\/telemme.mmsh.fr\/#\/schema\/logo\/image\/","url":"https:\/\/telemme.mmsh.fr\/wp-content\/uploads\/2020\/03\/LogoTELEMMe-horizontal-fond-transparent.png","contentUrl":"https:\/\/telemme.mmsh.fr\/wp-content\/uploads\/2020\/03\/LogoTELEMMe-horizontal-fond-transparent.png","width":1500,"height":437,"caption":"TELEMMe"},"image":{"@id":"https:\/\/telemme.mmsh.fr\/#\/schema\/logo\/image\/"}}]}},"_links":{"self":[{"href":"https:\/\/telemme.mmsh.fr\/index.php?rest_route=\/wp\/v2\/pages\/3726","targetHints":{"allow":["GET"]}}],"collection":[{"href":"https:\/\/telemme.mmsh.fr\/index.php?rest_route=\/wp\/v2\/pages"}],"about":[{"href":"https:\/\/telemme.mmsh.fr\/index.php?rest_route=\/wp\/v2\/types\/page"}],"author":[{"embeddable":true,"href":"https:\/\/telemme.mmsh.fr\/index.php?rest_route=\/wp\/v2\/users\/6"}],"replies":[{"embeddable":true,"href":"https:\/\/telemme.mmsh.fr\/index.php?rest_route=%2Fwp%2Fv2%2Fcomments&post=3726"}],"version-history":[{"count":28,"href":"https:\/\/telemme.mmsh.fr\/index.php?rest_route=\/wp\/v2\/pages\/3726\/revisions"}],"predecessor-version":[{"id":10533,"href":"https:\/\/telemme.mmsh.fr\/index.php?rest_route=\/wp\/v2\/pages\/3726\/revisions\/10533"}],"up":[{"embeddable":true,"href":"https:\/\/telemme.mmsh.fr\/index.php?rest_route=\/wp\/v2\/pages\/3723"}],"wp:attachment":[{"href":"https:\/\/telemme.mmsh.fr\/index.php?rest_route=%2Fwp%2Fv2%2Fmedia&parent=3726"}],"curies":[{"name":"wp","href":"https:\/\/api.w.org\/{rel}","templated":true}]}}